{"id":40245,"date":"2025-12-01T21:15:44","date_gmt":"2025-12-01T20:15:44","guid":{"rendered":"https:\/\/bergers-schlagerparadies.de\/?page_id=40245"},"modified":"2026-05-02T12:54:08","modified_gmt":"2026-05-02T10:54:08","slug":"bergers-voes-2026","status":"publish","type":"page","link":"https:\/\/bergers-schlagerparadies.de\/?page_id=40245","title":{"rendered":"Berger\u00b4s V\u00d6`s 2026"},"content":{"rendered":"<p><span style=\"font-size: 12pt;\"><strong><em><span style=\"color: #666699;\">Neuvorstellungen<\/span><\/em><em><span style=\"color: #666699;\"> in dieser Woche: mit V\u00d6: <\/span><span style=\"color: #666699;\"><span style=\"color: #800000;\">20<\/span><\/span><span style=\"color: #666699;\"><span style=\"color: #993366; font-size: 14pt;\">. November 2026 <\/span>&#8211; 47<\/span><span style=\"color: #808080;\">KW<\/span><\/em><\/strong><\/span><\/p>\n<ul>\n<li><strong><span style=\"color: #800000;\"><img loading=\"lazy\" decoding=\"async\" class=\"alignnone wp-image-42764\" src=\"https:\/\/bergers-schlagerparadies.de\/wp-content\/uploads\/2026\/04\/DJ-GerreG-\u2013-Weihnachtszeit-oh-Weihnachtszeit-300x300.jpg\" alt=\"\" width=\"70\" height=\"70\" srcset=\"https:\/\/bergers-schlagerparadies.de\/wp-content\/uploads\/2026\/04\/DJ-GerreG-\u2013-Weihnachtszeit-oh-Weihnachtszeit-300x300.jpg 300w, https:\/\/bergers-schlagerparadies.de\/wp-content\/uploads\/2026\/04\/DJ-GerreG-\u2013-Weihnachtszeit-oh-Weihnachtszeit-150x150.jpg 150w, https:\/\/bergers-schlagerparadies.de\/wp-content\/uploads\/2026\/04\/DJ-GerreG-\u2013-Weihnachtszeit-oh-Weihnachtszeit-768x768.jpg 768w, https:\/\/bergers-schlagerparadies.de\/wp-content\/uploads\/2026\/04\/DJ-GerreG-\u2013-Weihnachtszeit-oh-Weihnachtszeit-100x100.jpg 100w, https:\/\/bergers-schlagerparadies.de\/wp-content\/uploads\/2026\/04\/DJ-GerreG-\u2013-Weihnachtszeit-oh-Weihnachtszeit.jpg 1024w\" sizes=\"auto, (max-width: 70px) 100vw, 70px\" \/>\u00a0 DJ GerreG<\/span> \u2013 Weihnachtszeit, oh Weihnachtszeit ( <span style=\"color: #800000;\">G-MusiQ Records<\/span>\u00a0)<\/strong><\/li>\n<\/ul>\n<p><span style=\"font-size: 12pt;\"><strong><em><span style=\"color: #666699;\">Neuvorstellungen<\/span><\/em><em><span style=\"color: #666699;\"> in dieser Woche: mit V\u00d6: <\/span><span style=\"color: #666699;\"><span style=\"color: #800000;\">19<\/span><\/span><span style=\"color: #666699;\"><span style=\"color: #993366; font-size: 14pt;\">. Juni 2026 <\/span>&#8211; 25<\/span><span style=\"color: #808080;\">KW<\/span><\/em><\/strong><\/span><\/p>\n<ul>\n<li><strong><span style=\"color: #800000;\"><img loading=\"lazy\" decoding=\"async\" class=\"alignnone wp-image-43233\" src=\"https:\/\/bergers-schlagerparadies.de\/wp-content\/uploads\/2026\/04\/DJ-GerreG-\u2013-Sundown-in-Paradise-300x300.jpg\" alt=\"\" width=\"70\" height=\"70\" srcset=\"https:\/\/bergers-schlagerparadies.de\/wp-content\/uploads\/2026\/04\/DJ-GerreG-\u2013-Sundown-in-Paradise-300x300.jpg 300w, https:\/\/bergers-schlagerparadies.de\/wp-content\/uploads\/2026\/04\/DJ-GerreG-\u2013-Sundown-in-Paradise-150x150.jpg 150w, https:\/\/bergers-schlagerparadies.de\/wp-content\/uploads\/2026\/04\/DJ-GerreG-\u2013-Sundown-in-Paradise-768x768.jpg 768w, https:\/\/bergers-schlagerparadies.de\/wp-content\/uploads\/2026\/04\/DJ-GerreG-\u2013-Sundown-in-Paradise-100x100.jpg 100w, https:\/\/bergers-schlagerparadies.de\/wp-content\/uploads\/2026\/04\/DJ-GerreG-\u2013-Sundown-in-Paradise.jpg 1024w\" sizes=\"auto, (max-width: 70px) 100vw, 70px\" \/>\u00a0 DJ GerreG<\/span> \u2013 Sundown in Paradise ( <span style=\"color: #800000;\">G-MusiQ Records<\/span>\u00a0)<\/strong><\/li>\n<\/ul>\n<p><span style=\"font-size: 12pt;\"><strong><em><span style=\"color: #666699;\">Neuvorstellungen<\/span><\/em><em><span style=\"color: #666699;\"> in dieser Woche: mit V\u00d6: <\/span><span style=\"color: #666699;\"><span style=\"color: #800000;\">05<\/span><\/span><span style=\"color: #666699;\"><span style=\"color: #993366; font-size: 14pt;\">. Juni 2026 <\/span>&#8211; 23<\/span><span style=\"color: #808080;\">KW<\/span><\/em><\/strong><\/span><\/p>\n<ul>\n<li><strong><span style=\"color: #800000;\"><img loading=\"lazy\" decoding=\"async\" class=\"alignnone wp-image-43225\" src=\"https:\/\/bergers-schlagerparadies.de\/wp-content\/uploads\/2026\/04\/DJ-GerreG-\u2013-Stumblin-In-Summer-Night-Mix-300x300.jpg\" alt=\"\" width=\"70\" height=\"70\" srcset=\"https:\/\/bergers-schlagerparadies.de\/wp-content\/uploads\/2026\/04\/DJ-GerreG-\u2013-Stumblin-In-Summer-Night-Mix-300x300.jpg 300w, https:\/\/bergers-schlagerparadies.de\/wp-content\/uploads\/2026\/04\/DJ-GerreG-\u2013-Stumblin-In-Summer-Night-Mix-150x150.jpg 150w, https:\/\/bergers-schlagerparadies.de\/wp-content\/uploads\/2026\/04\/DJ-GerreG-\u2013-Stumblin-In-Summer-Night-Mix-768x768.jpg 768w, https:\/\/bergers-schlagerparadies.de\/wp-content\/uploads\/2026\/04\/DJ-GerreG-\u2013-Stumblin-In-Summer-Night-Mix-100x100.jpg 100w, https:\/\/bergers-schlagerparadies.de\/wp-content\/uploads\/2026\/04\/DJ-GerreG-\u2013-Stumblin-In-Summer-Night-Mix.jpg 1024w\" sizes=\"auto, (max-width: 70px) 100vw, 70px\" \/>\u00a0 DJ GerreG<\/span> \u2013 Stumblin\u2019 In (Summer Night Mix) ( <span style=\"color: #800000;\">G-MusiQ Records<\/span>\u00a0)<\/strong><\/li>\n<\/ul>\n<p><span style=\"font-size: 12pt;\"><strong><em><span style=\"color: #666699;\">Neuvorstellungen<\/span><\/em><em><span style=\"color: #666699;\"> in dieser Woche: mit V\u00d6: <\/span><span style=\"color: #666699;\"><span style=\"color: #800000;\">22<\/span><\/span><span style=\"color: #666699;\"><span style=\"color: #993366; font-size: 14pt;\">. Mai 2026 <\/span>&#8211; 21<\/span><span style=\"color: #808080;\">KW<\/span><\/em><\/strong><\/span><\/p>\n<ul>\n<li><strong><span style=\"color: #800000;\"><img loading=\"lazy\" decoding=\"async\" class=\"alignnone wp-image-43123\" src=\"https:\/\/bergers-schlagerparadies.de\/wp-content\/uploads\/2026\/04\/BERNY-Pablo-Grande-Buenos-dias-Argentina-300x300.jpeg\" alt=\"\" width=\"70\" height=\"70\" srcset=\"https:\/\/bergers-schlagerparadies.de\/wp-content\/uploads\/2026\/04\/BERNY-Pablo-Grande-Buenos-dias-Argentina-300x300.jpeg 300w, https:\/\/bergers-schlagerparadies.de\/wp-content\/uploads\/2026\/04\/BERNY-Pablo-Grande-Buenos-dias-Argentina-1024x1024.jpeg 1024w, https:\/\/bergers-schlagerparadies.de\/wp-content\/uploads\/2026\/04\/BERNY-Pablo-Grande-Buenos-dias-Argentina-150x150.jpeg 150w, https:\/\/bergers-schlagerparadies.de\/wp-content\/uploads\/2026\/04\/BERNY-Pablo-Grande-Buenos-dias-Argentina-768x768.jpeg 768w, https:\/\/bergers-schlagerparadies.de\/wp-content\/uploads\/2026\/04\/BERNY-Pablo-Grande-Buenos-dias-Argentina-1188x1188.jpeg 1188w, https:\/\/bergers-schlagerparadies.de\/wp-content\/uploads\/2026\/04\/BERNY-Pablo-Grande-Buenos-dias-Argentina-100x100.jpeg 100w, https:\/\/bergers-schlagerparadies.de\/wp-content\/uploads\/2026\/04\/BERNY-Pablo-Grande-Buenos-dias-Argentina.jpeg 1200w\" sizes=\"auto, (max-width: 70px) 100vw, 70px\" \/>\u00a0 BERNY<\/span> &amp; <span style=\"color: #800000;\">Pablo Grande<\/span> &#8211; Buenos dias Argentina ( <span style=\"color: #800000;\">Stella Musica<\/span>\u00a0)<\/strong><\/li>\n<\/ul>\n<p><span style=\"font-size: 12pt;\"><strong><em><span style=\"color: #666699;\">Neuvorstellungen<\/span><\/em><em><span style=\"color: #666699;\"> in dieser Woche: mit V\u00d6: <\/span><span style=\"color: #666699;\"><span style=\"color: #800000;\">15<\/span><\/span><span style=\"color: #666699;\"><span style=\"color: #993366; font-size: 14pt;\">. Mai 2026 <\/span>&#8211; 20<\/span><span style=\"color: #808080;\">KW<\/span><\/em><\/strong><\/span><\/p>\n<ul>\n<li><strong><span style=\"color: #800000;\"><img loading=\"lazy\" decoding=\"async\" class=\"alignnone wp-image-43229\" src=\"https:\/\/bergers-schlagerparadies.de\/wp-content\/uploads\/2026\/04\/DJ-GerreG-\u2013-Dance-Baby-Dance-Dance-Dance-300x300.jpg\" alt=\"\" width=\"70\" height=\"70\" srcset=\"https:\/\/bergers-schlagerparadies.de\/wp-content\/uploads\/2026\/04\/DJ-GerreG-\u2013-Dance-Baby-Dance-Dance-Dance-300x300.jpg 300w, https:\/\/bergers-schlagerparadies.de\/wp-content\/uploads\/2026\/04\/DJ-GerreG-\u2013-Dance-Baby-Dance-Dance-Dance-1024x1024.jpg 1024w, https:\/\/bergers-schlagerparadies.de\/wp-content\/uploads\/2026\/04\/DJ-GerreG-\u2013-Dance-Baby-Dance-Dance-Dance-150x150.jpg 150w, https:\/\/bergers-schlagerparadies.de\/wp-content\/uploads\/2026\/04\/DJ-GerreG-\u2013-Dance-Baby-Dance-Dance-Dance-768x768.jpg 768w, https:\/\/bergers-schlagerparadies.de\/wp-content\/uploads\/2026\/04\/DJ-GerreG-\u2013-Dance-Baby-Dance-Dance-Dance-1536x1536.jpg 1536w, https:\/\/bergers-schlagerparadies.de\/wp-content\/uploads\/2026\/04\/DJ-GerreG-\u2013-Dance-Baby-Dance-Dance-Dance-1200x1200.jpg 1200w, https:\/\/bergers-schlagerparadies.de\/wp-content\/uploads\/2026\/04\/DJ-GerreG-\u2013-Dance-Baby-Dance-Dance-Dance-1188x1188.jpg 1188w, https:\/\/bergers-schlagerparadies.de\/wp-content\/uploads\/2026\/04\/DJ-GerreG-\u2013-Dance-Baby-Dance-Dance-Dance-100x100.jpg 100w, https:\/\/bergers-schlagerparadies.de\/wp-content\/uploads\/2026\/04\/DJ-GerreG-\u2013-Dance-Baby-Dance-Dance-Dance.jpg 2048w\" sizes=\"auto, (max-width: 70px) 100vw, 70px\" \/>\u00a0 DJ GerreG<\/span> \u2013 Dance, Baby, Dance, Dance, Dance ( <span style=\"color: #800000;\">G-MusiQ Records<\/span>\u00a0)<\/strong><\/li>\n<\/ul>\n<p><span style=\"font-size: 12pt;\"><strong><em><span style=\"color: #666699;\">Neuvorstellungen<\/span><\/em><em><span style=\"color: #666699;\"> in dieser Woche: mit V\u00d6: <\/span><span style=\"color: #666699;\"><span style=\"color: #800000;\">08<\/span><\/span><span style=\"color: #666699;\"><span style=\"color: #993366; font-size: 14pt;\">. Mai 2026 <\/span>&#8211; 19<\/span><span style=\"color: #808080;\">KW<\/span><\/em><\/strong><\/span><\/p>\n<ul>\n<li><strong><span style=\"color: #800000;\"><img loading=\"lazy\" decoding=\"async\" class=\"alignnone wp-image-43221\" src=\"https:\/\/bergers-schlagerparadies.de\/wp-content\/uploads\/2026\/04\/Maite-Kelly-24-7-Album-298x300.jpg\" alt=\"\" width=\"70\" height=\"70\" srcset=\"https:\/\/bergers-schlagerparadies.de\/wp-content\/uploads\/2026\/04\/Maite-Kelly-24-7-Album-298x300.jpg 298w, https:\/\/bergers-schlagerparadies.de\/wp-content\/uploads\/2026\/04\/Maite-Kelly-24-7-Album-150x150.jpg 150w, https:\/\/bergers-schlagerparadies.de\/wp-content\/uploads\/2026\/04\/Maite-Kelly-24-7-Album-100x100.jpg 100w, https:\/\/bergers-schlagerparadies.de\/wp-content\/uploads\/2026\/04\/Maite-Kelly-24-7-Album.jpg 688w\" sizes=\"auto, (max-width: 70px) 100vw, 70px\" \/>\u00a0 Maite Kelly<\/span> &#8211; 24\/7 (Album) ( <span style=\"color: #800000;\">Universal Music Group<\/span>\u00a0)<\/strong><\/li>\n<li><strong><span style=\"color: #800000;\"><img loading=\"lazy\" decoding=\"async\" class=\"alignnone wp-image-42949\" src=\"https:\/\/bergers-schlagerparadies.de\/wp-content\/uploads\/2026\/04\/Susan-Wong-Close-to-You-25th-Anniversary-Remastered-Album-300x300.jpeg\" alt=\"\" width=\"70\" height=\"70\" srcset=\"https:\/\/bergers-schlagerparadies.de\/wp-content\/uploads\/2026\/04\/Susan-Wong-Close-to-You-25th-Anniversary-Remastered-Album-300x300.jpeg 300w, https:\/\/bergers-schlagerparadies.de\/wp-content\/uploads\/2026\/04\/Susan-Wong-Close-to-You-25th-Anniversary-Remastered-Album-1024x1024.jpeg 1024w, https:\/\/bergers-schlagerparadies.de\/wp-content\/uploads\/2026\/04\/Susan-Wong-Close-to-You-25th-Anniversary-Remastered-Album-150x150.jpeg 150w, https:\/\/bergers-schlagerparadies.de\/wp-content\/uploads\/2026\/04\/Susan-Wong-Close-to-You-25th-Anniversary-Remastered-Album-768x768.jpeg 768w, https:\/\/bergers-schlagerparadies.de\/wp-content\/uploads\/2026\/04\/Susan-Wong-Close-to-You-25th-Anniversary-Remastered-Album-1536x1536.jpeg 1536w, https:\/\/bergers-schlagerparadies.de\/wp-content\/uploads\/2026\/04\/Susan-Wong-Close-to-You-25th-Anniversary-Remastered-Album-2048x2048.jpeg 2048w, https:\/\/bergers-schlagerparadies.de\/wp-content\/uploads\/2026\/04\/Susan-Wong-Close-to-You-25th-Anniversary-Remastered-Album-1200x1200.jpeg 1200w, https:\/\/bergers-schlagerparadies.de\/wp-content\/uploads\/2026\/04\/Susan-Wong-Close-to-You-25th-Anniversary-Remastered-Album-1188x1188.jpeg 1188w, https:\/\/bergers-schlagerparadies.de\/wp-content\/uploads\/2026\/04\/Susan-Wong-Close-to-You-25th-Anniversary-Remastered-Album-100x100.jpeg 100w\" sizes=\"auto, (max-width: 70px) 100vw, 70px\" \/>\u00a0 Susan Wong<\/span> &#8211; Close to You (25th Anniversary Remastered) (<span style=\"color: #800000;\">Album<\/span>)( <span style=\"color: #800000;\">evosound<\/span>\u00a0)<\/strong><\/li>\n<li><span style=\"color: #800000;\"><strong>&#8212;&#8212;&#8212;&#8212;&#8212;&#8212;&#8212;&#8212;&#8212;&#8212;&#8212;&#8212;&#8212;&#8212;&#8212;&#8212;&#8212;&#8212;&#8212;&#8212;&#8212;&#8212;&#8212;&#8212;&#8212;&#8212;&#8212;&#8212;&#8212;&#8212;&#8212;&#8212;&#8212;&#8212;&#8212;&#8212;&#8212;&#8212;<\/strong><\/span><\/li>\n<li><strong><img loading=\"lazy\" decoding=\"async\" class=\"alignnone wp-image-43335\" src=\"https:\/\/bergers-schlagerparadies.de\/wp-content\/uploads\/2026\/05\/Alexander-Reichinger-Wir-leben-den-Traum-300x300.jpeg\" alt=\"\" width=\"70\" height=\"70\" srcset=\"https:\/\/bergers-schlagerparadies.de\/wp-content\/uploads\/2026\/05\/Alexander-Reichinger-Wir-leben-den-Traum-300x300.jpeg 300w, https:\/\/bergers-schlagerparadies.de\/wp-content\/uploads\/2026\/05\/Alexander-Reichinger-Wir-leben-den-Traum-1024x1024.jpeg 1024w, https:\/\/bergers-schlagerparadies.de\/wp-content\/uploads\/2026\/05\/Alexander-Reichinger-Wir-leben-den-Traum-150x150.jpeg 150w, https:\/\/bergers-schlagerparadies.de\/wp-content\/uploads\/2026\/05\/Alexander-Reichinger-Wir-leben-den-Traum-768x768.jpeg 768w, https:\/\/bergers-schlagerparadies.de\/wp-content\/uploads\/2026\/05\/Alexander-Reichinger-Wir-leben-den-Traum-1536x1536.jpeg 1536w, https:\/\/bergers-schlagerparadies.de\/wp-content\/uploads\/2026\/05\/Alexander-Reichinger-Wir-leben-den-Traum-2048x2048.jpeg 2048w, https:\/\/bergers-schlagerparadies.de\/wp-content\/uploads\/2026\/05\/Alexander-Reichinger-Wir-leben-den-Traum-1200x1200.jpeg 1200w, https:\/\/bergers-schlagerparadies.de\/wp-content\/uploads\/2026\/05\/Alexander-Reichinger-Wir-leben-den-Traum-1188x1188.jpeg 1188w, https:\/\/bergers-schlagerparadies.de\/wp-content\/uploads\/2026\/05\/Alexander-Reichinger-Wir-leben-den-Traum-100x100.jpeg 100w\" sizes=\"auto, (max-width: 70px) 100vw, 70px\" \/>\u00a0 Alexander Reichinger &#8211; Wir leben den Traum ( <span style=\"color: #800000;\">Herzrausch Musik \/ Fiesta Records<\/span>\u00a0)<\/strong><\/li>\n<li><strong><img loading=\"lazy\" decoding=\"async\" class=\"alignnone wp-image-43135\" src=\"https:\/\/bergers-schlagerparadies.de\/wp-content\/uploads\/2026\/04\/Andreas-Frei-Ikonen-300x300.jpeg\" alt=\"\" width=\"70\" height=\"70\" srcset=\"https:\/\/bergers-schlagerparadies.de\/wp-content\/uploads\/2026\/04\/Andreas-Frei-Ikonen-300x300.jpeg 300w, https:\/\/bergers-schlagerparadies.de\/wp-content\/uploads\/2026\/04\/Andreas-Frei-Ikonen-1024x1024.jpeg 1024w, https:\/\/bergers-schlagerparadies.de\/wp-content\/uploads\/2026\/04\/Andreas-Frei-Ikonen-150x150.jpeg 150w, https:\/\/bergers-schlagerparadies.de\/wp-content\/uploads\/2026\/04\/Andreas-Frei-Ikonen-768x768.jpeg 768w, https:\/\/bergers-schlagerparadies.de\/wp-content\/uploads\/2026\/04\/Andreas-Frei-Ikonen-1536x1536.jpeg 1536w, https:\/\/bergers-schlagerparadies.de\/wp-content\/uploads\/2026\/04\/Andreas-Frei-Ikonen-2048x2048.jpeg 2048w, https:\/\/bergers-schlagerparadies.de\/wp-content\/uploads\/2026\/04\/Andreas-Frei-Ikonen-1200x1200.jpeg 1200w, https:\/\/bergers-schlagerparadies.de\/wp-content\/uploads\/2026\/04\/Andreas-Frei-Ikonen-1188x1188.jpeg 1188w, https:\/\/bergers-schlagerparadies.de\/wp-content\/uploads\/2026\/04\/Andreas-Frei-Ikonen-100x100.jpeg 100w\" sizes=\"auto, (max-width: 70px) 100vw, 70px\" \/>\u00a0 <span style=\"color: #800000;\">Andreas Frei<\/span> &#8211; Ikonen ( <span style=\"color: #800000;\">Fiesta Records<\/span> )<\/strong><\/li>\n<li><strong><img loading=\"lazy\" decoding=\"async\" class=\"alignnone wp-image-43339\" src=\"https:\/\/bergers-schlagerparadies.de\/wp-content\/uploads\/2026\/05\/Andy-Leon-Sandy-My-Love-300x300.jpeg\" alt=\"\" width=\"70\" height=\"70\" srcset=\"https:\/\/bergers-schlagerparadies.de\/wp-content\/uploads\/2026\/05\/Andy-Leon-Sandy-My-Love-300x300.jpeg 300w, https:\/\/bergers-schlagerparadies.de\/wp-content\/uploads\/2026\/05\/Andy-Leon-Sandy-My-Love-1024x1024.jpeg 1024w, https:\/\/bergers-schlagerparadies.de\/wp-content\/uploads\/2026\/05\/Andy-Leon-Sandy-My-Love-150x150.jpeg 150w, https:\/\/bergers-schlagerparadies.de\/wp-content\/uploads\/2026\/05\/Andy-Leon-Sandy-My-Love-768x768.jpeg 768w, https:\/\/bergers-schlagerparadies.de\/wp-content\/uploads\/2026\/05\/Andy-Leon-Sandy-My-Love-1536x1536.jpeg 1536w, https:\/\/bergers-schlagerparadies.de\/wp-content\/uploads\/2026\/05\/Andy-Leon-Sandy-My-Love-2048x2048.jpeg 2048w, https:\/\/bergers-schlagerparadies.de\/wp-content\/uploads\/2026\/05\/Andy-Leon-Sandy-My-Love-1200x1200.jpeg 1200w, https:\/\/bergers-schlagerparadies.de\/wp-content\/uploads\/2026\/05\/Andy-Leon-Sandy-My-Love-1188x1188.jpeg 1188w, https:\/\/bergers-schlagerparadies.de\/wp-content\/uploads\/2026\/05\/Andy-Leon-Sandy-My-Love-100x100.jpeg 100w\" sizes=\"auto, (max-width: 70px) 100vw, 70px\" \/>\u00a0 Andy Leon &#8211; Sandy My Love ( <span style=\"color: #800000;\">Fiesta Records<\/span> )<\/strong><\/li>\n<li><strong><img loading=\"lazy\" decoding=\"async\" class=\"alignnone wp-image-43163\" src=\"https:\/\/bergers-schlagerparadies.de\/wp-content\/uploads\/2026\/04\/Bea-Larson-Ich-werde-hier-sein-Slowmix-300x295.jpeg\" alt=\"\" width=\"70\" height=\"69\" srcset=\"https:\/\/bergers-schlagerparadies.de\/wp-content\/uploads\/2026\/04\/Bea-Larson-Ich-werde-hier-sein-Slowmix-300x295.jpeg 300w, https:\/\/bergers-schlagerparadies.de\/wp-content\/uploads\/2026\/04\/Bea-Larson-Ich-werde-hier-sein-Slowmix-1024x1007.jpeg 1024w, https:\/\/bergers-schlagerparadies.de\/wp-content\/uploads\/2026\/04\/Bea-Larson-Ich-werde-hier-sein-Slowmix-150x150.jpeg 150w, https:\/\/bergers-schlagerparadies.de\/wp-content\/uploads\/2026\/04\/Bea-Larson-Ich-werde-hier-sein-Slowmix-768x756.jpeg 768w, https:\/\/bergers-schlagerparadies.de\/wp-content\/uploads\/2026\/04\/Bea-Larson-Ich-werde-hier-sein-Slowmix-1200x1180.jpeg 1200w, https:\/\/bergers-schlagerparadies.de\/wp-content\/uploads\/2026\/04\/Bea-Larson-Ich-werde-hier-sein-Slowmix-1188x1169.jpeg 1188w, https:\/\/bergers-schlagerparadies.de\/wp-content\/uploads\/2026\/04\/Bea-Larson-Ich-werde-hier-sein-Slowmix-100x100.jpeg 100w, https:\/\/bergers-schlagerparadies.de\/wp-content\/uploads\/2026\/04\/Bea-Larson-Ich-werde-hier-sein-Slowmix.jpeg 1476w\" sizes=\"auto, (max-width: 70px) 100vw, 70px\" \/>\u00a0 <span style=\"color: #800000;\">Bea Larson<\/span> &#8211; Ich werde hier sein (Slowmix) ( <span style=\"color: #800000;\">wpl records<\/span>\u00a0)<\/strong><\/li>\n<li><strong><span style=\"color: #000000;\"><img loading=\"lazy\" decoding=\"async\" class=\"alignnone wp-image-43343\" src=\"https:\/\/bergers-schlagerparadies.de\/wp-content\/uploads\/2026\/05\/Caro-Best-Wir-tanzen-durch-die-Nacht-300x300.jpeg\" alt=\"\" width=\"70\" height=\"70\" srcset=\"https:\/\/bergers-schlagerparadies.de\/wp-content\/uploads\/2026\/05\/Caro-Best-Wir-tanzen-durch-die-Nacht-300x300.jpeg 300w, https:\/\/bergers-schlagerparadies.de\/wp-content\/uploads\/2026\/05\/Caro-Best-Wir-tanzen-durch-die-Nacht-1024x1024.jpeg 1024w, https:\/\/bergers-schlagerparadies.de\/wp-content\/uploads\/2026\/05\/Caro-Best-Wir-tanzen-durch-die-Nacht-150x150.jpeg 150w, https:\/\/bergers-schlagerparadies.de\/wp-content\/uploads\/2026\/05\/Caro-Best-Wir-tanzen-durch-die-Nacht-768x768.jpeg 768w, https:\/\/bergers-schlagerparadies.de\/wp-content\/uploads\/2026\/05\/Caro-Best-Wir-tanzen-durch-die-Nacht-1536x1536.jpeg 1536w, https:\/\/bergers-schlagerparadies.de\/wp-content\/uploads\/2026\/05\/Caro-Best-Wir-tanzen-durch-die-Nacht-2048x2048.jpeg 2048w, https:\/\/bergers-schlagerparadies.de\/wp-content\/uploads\/2026\/05\/Caro-Best-Wir-tanzen-durch-die-Nacht-1200x1200.jpeg 1200w, https:\/\/bergers-schlagerparadies.de\/wp-content\/uploads\/2026\/05\/Caro-Best-Wir-tanzen-durch-die-Nacht-1188x1188.jpeg 1188w, https:\/\/bergers-schlagerparadies.de\/wp-content\/uploads\/2026\/05\/Caro-Best-Wir-tanzen-durch-die-Nacht-100x100.jpeg 100w\" sizes=\"auto, (max-width: 70px) 100vw, 70px\" \/>\u00a0 Caro Best<\/span> &#8211; Wir tanzen durch die Nacht ( <span style=\"color: #800000;\">Fiesta Records<\/span> )<\/strong><\/li>\n<li><strong><img loading=\"lazy\" decoding=\"async\" class=\"alignnone wp-image-43237\" src=\"https:\/\/bergers-schlagerparadies.de\/wp-content\/uploads\/2026\/04\/Cora-Sommer-26-300x300.jpeg\" alt=\"\" width=\"70\" height=\"70\" srcset=\"https:\/\/bergers-schlagerparadies.de\/wp-content\/uploads\/2026\/04\/Cora-Sommer-26-300x300.jpeg 300w, https:\/\/bergers-schlagerparadies.de\/wp-content\/uploads\/2026\/04\/Cora-Sommer-26-1024x1024.jpeg 1024w, https:\/\/bergers-schlagerparadies.de\/wp-content\/uploads\/2026\/04\/Cora-Sommer-26-150x150.jpeg 150w, https:\/\/bergers-schlagerparadies.de\/wp-content\/uploads\/2026\/04\/Cora-Sommer-26-768x768.jpeg 768w, https:\/\/bergers-schlagerparadies.de\/wp-content\/uploads\/2026\/04\/Cora-Sommer-26-1536x1536.jpeg 1536w, https:\/\/bergers-schlagerparadies.de\/wp-content\/uploads\/2026\/04\/Cora-Sommer-26-2048x2048.jpeg 2048w, https:\/\/bergers-schlagerparadies.de\/wp-content\/uploads\/2026\/04\/Cora-Sommer-26-1200x1200.jpeg 1200w, https:\/\/bergers-schlagerparadies.de\/wp-content\/uploads\/2026\/04\/Cora-Sommer-26-1188x1188.jpeg 1188w, https:\/\/bergers-schlagerparadies.de\/wp-content\/uploads\/2026\/04\/Cora-Sommer-26-100x100.jpeg 100w\" sizes=\"auto, (max-width: 70px) 100vw, 70px\" \/>\u00a0<span style=\"color: #800000;\"> Cora<\/span> &#8211; Sommer 26 ( <span style=\"color: #800000;\">BM records<\/span>\u00a0)<\/strong><\/li>\n<li><strong><img loading=\"lazy\" decoding=\"async\" class=\"alignnone wp-image-43347\" src=\"https:\/\/bergers-schlagerparadies.de\/wp-content\/uploads\/2026\/05\/Damiano-Maiolini-Herz-aus-Gold-300x300.jpeg\" alt=\"\" width=\"70\" height=\"70\" srcset=\"https:\/\/bergers-schlagerparadies.de\/wp-content\/uploads\/2026\/05\/Damiano-Maiolini-Herz-aus-Gold-300x300.jpeg 300w, https:\/\/bergers-schlagerparadies.de\/wp-content\/uploads\/2026\/05\/Damiano-Maiolini-Herz-aus-Gold-1024x1024.jpeg 1024w, https:\/\/bergers-schlagerparadies.de\/wp-content\/uploads\/2026\/05\/Damiano-Maiolini-Herz-aus-Gold-150x150.jpeg 150w, https:\/\/bergers-schlagerparadies.de\/wp-content\/uploads\/2026\/05\/Damiano-Maiolini-Herz-aus-Gold-768x768.jpeg 768w, https:\/\/bergers-schlagerparadies.de\/wp-content\/uploads\/2026\/05\/Damiano-Maiolini-Herz-aus-Gold-1536x1536.jpeg 1536w, https:\/\/bergers-schlagerparadies.de\/wp-content\/uploads\/2026\/05\/Damiano-Maiolini-Herz-aus-Gold-2048x2048.jpeg 2048w, https:\/\/bergers-schlagerparadies.de\/wp-content\/uploads\/2026\/05\/Damiano-Maiolini-Herz-aus-Gold-1200x1200.jpeg 1200w, https:\/\/bergers-schlagerparadies.de\/wp-content\/uploads\/2026\/05\/Damiano-Maiolini-Herz-aus-Gold-1188x1188.jpeg 1188w, https:\/\/bergers-schlagerparadies.de\/wp-content\/uploads\/2026\/05\/Damiano-Maiolini-Herz-aus-Gold-100x100.jpeg 100w\" sizes=\"auto, (max-width: 70px) 100vw, 70px\" \/>\u00a0 Damiano Maiolini &#8211; Herz aus Gold ( <span style=\"color: #800000;\">Fiesta Records<\/span> )<\/strong><\/li>\n<li><strong><span style=\"color: #800000;\"><img loading=\"lazy\" decoding=\"async\" class=\"alignnone wp-image-43350\" src=\"https:\/\/bergers-schlagerparadies.de\/wp-content\/uploads\/2026\/05\/Die-JunX-Das-ist-unser-Moment-Glaube-Liebe-Hoffnung-300x300.jpeg\" alt=\"\" width=\"70\" height=\"70\" srcset=\"https:\/\/bergers-schlagerparadies.de\/wp-content\/uploads\/2026\/05\/Die-JunX-Das-ist-unser-Moment-Glaube-Liebe-Hoffnung-300x300.jpeg 300w, https:\/\/bergers-schlagerparadies.de\/wp-content\/uploads\/2026\/05\/Die-JunX-Das-ist-unser-Moment-Glaube-Liebe-Hoffnung-1024x1024.jpeg 1024w, https:\/\/bergers-schlagerparadies.de\/wp-content\/uploads\/2026\/05\/Die-JunX-Das-ist-unser-Moment-Glaube-Liebe-Hoffnung-150x150.jpeg 150w, https:\/\/bergers-schlagerparadies.de\/wp-content\/uploads\/2026\/05\/Die-JunX-Das-ist-unser-Moment-Glaube-Liebe-Hoffnung-768x768.jpeg 768w, https:\/\/bergers-schlagerparadies.de\/wp-content\/uploads\/2026\/05\/Die-JunX-Das-ist-unser-Moment-Glaube-Liebe-Hoffnung-1536x1536.jpeg 1536w, https:\/\/bergers-schlagerparadies.de\/wp-content\/uploads\/2026\/05\/Die-JunX-Das-ist-unser-Moment-Glaube-Liebe-Hoffnung-2048x2048.jpeg 2048w, https:\/\/bergers-schlagerparadies.de\/wp-content\/uploads\/2026\/05\/Die-JunX-Das-ist-unser-Moment-Glaube-Liebe-Hoffnung-1200x1200.jpeg 1200w, https:\/\/bergers-schlagerparadies.de\/wp-content\/uploads\/2026\/05\/Die-JunX-Das-ist-unser-Moment-Glaube-Liebe-Hoffnung-1188x1188.jpeg 1188w, https:\/\/bergers-schlagerparadies.de\/wp-content\/uploads\/2026\/05\/Die-JunX-Das-ist-unser-Moment-Glaube-Liebe-Hoffnung-100x100.jpeg 100w\" sizes=\"auto, (max-width: 70px) 100vw, 70px\" \/>\u00a0 Die JunX<\/span> &#8211; Das ist unser Moment (Glaube, Liebe, Hoffnung) ( <span style=\"color: #800000;\">Hammonia Music<\/span>\u00a0)<\/strong><\/li>\n<li><strong><img loading=\"lazy\" decoding=\"async\" class=\"alignnone wp-image-43241\" src=\"https:\/\/bergers-schlagerparadies.de\/wp-content\/uploads\/2026\/04\/Eyleen-Seller-Wiedersehen-am-Meer-300x300.jpeg\" alt=\"\" width=\"70\" height=\"70\" srcset=\"https:\/\/bergers-schlagerparadies.de\/wp-content\/uploads\/2026\/04\/Eyleen-Seller-Wiedersehen-am-Meer-300x300.jpeg 300w, https:\/\/bergers-schlagerparadies.de\/wp-content\/uploads\/2026\/04\/Eyleen-Seller-Wiedersehen-am-Meer-1024x1024.jpeg 1024w, https:\/\/bergers-schlagerparadies.de\/wp-content\/uploads\/2026\/04\/Eyleen-Seller-Wiedersehen-am-Meer-150x150.jpeg 150w, https:\/\/bergers-schlagerparadies.de\/wp-content\/uploads\/2026\/04\/Eyleen-Seller-Wiedersehen-am-Meer-768x768.jpeg 768w, https:\/\/bergers-schlagerparadies.de\/wp-content\/uploads\/2026\/04\/Eyleen-Seller-Wiedersehen-am-Meer-1200x1200.jpeg 1200w, https:\/\/bergers-schlagerparadies.de\/wp-content\/uploads\/2026\/04\/Eyleen-Seller-Wiedersehen-am-Meer-1188x1188.jpeg 1188w, https:\/\/bergers-schlagerparadies.de\/wp-content\/uploads\/2026\/04\/Eyleen-Seller-Wiedersehen-am-Meer-100x100.jpeg 100w, https:\/\/bergers-schlagerparadies.de\/wp-content\/uploads\/2026\/04\/Eyleen-Seller-Wiedersehen-am-Meer.jpeg 1254w\" sizes=\"auto, (max-width: 70px) 100vw, 70px\" \/>\u00a0 <span style=\"color: #800000;\">Eyleen Seller<\/span> &#8211; Wiedersehen am Meer ( <span style=\"color: #800000;\">COM-ES Musik GmbH<\/span>\u00a0)<\/strong><\/li>\n<li><strong><span style=\"color: #800000;\"><img loading=\"lazy\" decoding=\"async\" class=\"alignnone wp-image-43298\" src=\"https:\/\/bergers-schlagerparadies.de\/wp-content\/uploads\/2026\/04\/Faeaschtbaenkler-Revelle-Highlightmensch-300x300.jpeg\" alt=\"\" width=\"70\" height=\"70\" srcset=\"https:\/\/bergers-schlagerparadies.de\/wp-content\/uploads\/2026\/04\/Faeaschtbaenkler-Revelle-Highlightmensch-300x300.jpeg 300w, https:\/\/bergers-schlagerparadies.de\/wp-content\/uploads\/2026\/04\/Faeaschtbaenkler-Revelle-Highlightmensch-1024x1024.jpeg 1024w, https:\/\/bergers-schlagerparadies.de\/wp-content\/uploads\/2026\/04\/Faeaschtbaenkler-Revelle-Highlightmensch-150x150.jpeg 150w, https:\/\/bergers-schlagerparadies.de\/wp-content\/uploads\/2026\/04\/Faeaschtbaenkler-Revelle-Highlightmensch-768x768.jpeg 768w, https:\/\/bergers-schlagerparadies.de\/wp-content\/uploads\/2026\/04\/Faeaschtbaenkler-Revelle-Highlightmensch-1536x1536.jpeg 1536w, https:\/\/bergers-schlagerparadies.de\/wp-content\/uploads\/2026\/04\/Faeaschtbaenkler-Revelle-Highlightmensch-2048x2048.jpeg 2048w, https:\/\/bergers-schlagerparadies.de\/wp-content\/uploads\/2026\/04\/Faeaschtbaenkler-Revelle-Highlightmensch-1200x1200.jpeg 1200w, https:\/\/bergers-schlagerparadies.de\/wp-content\/uploads\/2026\/04\/Faeaschtbaenkler-Revelle-Highlightmensch-1188x1188.jpeg 1188w, https:\/\/bergers-schlagerparadies.de\/wp-content\/uploads\/2026\/04\/Faeaschtbaenkler-Revelle-Highlightmensch-100x100.jpeg 100w\" sizes=\"auto, (max-width: 70px) 100vw, 70px\" \/>\u00a0 F\u00e4aschtb\u00e4nkler<\/span>, <span style=\"color: #800000;\">Revelle<\/span> &#8211; Highlightmensch ( <span style=\"color: #800000;\">ROSENKLANG<\/span>\u00a0)<\/strong><\/li>\n<li><strong><img loading=\"lazy\" decoding=\"async\" class=\"alignnone wp-image-43127\" src=\"https:\/\/bergers-schlagerparadies.de\/wp-content\/uploads\/2026\/04\/GORDY-Walzertanzen-bei-Nacht-300x300.jpeg\" alt=\"\" width=\"70\" height=\"70\" srcset=\"https:\/\/bergers-schlagerparadies.de\/wp-content\/uploads\/2026\/04\/GORDY-Walzertanzen-bei-Nacht-300x300.jpeg 300w, https:\/\/bergers-schlagerparadies.de\/wp-content\/uploads\/2026\/04\/GORDY-Walzertanzen-bei-Nacht-1024x1024.jpeg 1024w, https:\/\/bergers-schlagerparadies.de\/wp-content\/uploads\/2026\/04\/GORDY-Walzertanzen-bei-Nacht-150x150.jpeg 150w, https:\/\/bergers-schlagerparadies.de\/wp-content\/uploads\/2026\/04\/GORDY-Walzertanzen-bei-Nacht-768x768.jpeg 768w, https:\/\/bergers-schlagerparadies.de\/wp-content\/uploads\/2026\/04\/GORDY-Walzertanzen-bei-Nacht-1536x1536.jpeg 1536w, https:\/\/bergers-schlagerparadies.de\/wp-content\/uploads\/2026\/04\/GORDY-Walzertanzen-bei-Nacht-2048x2048.jpeg 2048w, https:\/\/bergers-schlagerparadies.de\/wp-content\/uploads\/2026\/04\/GORDY-Walzertanzen-bei-Nacht-1200x1200.jpeg 1200w, https:\/\/bergers-schlagerparadies.de\/wp-content\/uploads\/2026\/04\/GORDY-Walzertanzen-bei-Nacht-1188x1188.jpeg 1188w, https:\/\/bergers-schlagerparadies.de\/wp-content\/uploads\/2026\/04\/GORDY-Walzertanzen-bei-Nacht-100x100.jpeg 100w\" sizes=\"auto, (max-width: 70px) 100vw, 70px\" \/>\u00a0 GORDY &#8211; Walzertanzen bei Nacht ( <span style=\"color: #800000;\">WESPO<\/span>\u00a0)<\/strong><\/li>\n<li><strong><span style=\"color: #800000;\"><img loading=\"lazy\" decoding=\"async\" class=\"alignnone wp-image-43366\" src=\"https:\/\/bergers-schlagerparadies.de\/wp-content\/uploads\/2026\/05\/Indiras-Evya-Taya-Hoerst-du-den-Ruf-300x300.jpeg\" alt=\"\" width=\"70\" height=\"70\" srcset=\"https:\/\/bergers-schlagerparadies.de\/wp-content\/uploads\/2026\/05\/Indiras-Evya-Taya-Hoerst-du-den-Ruf-300x300.jpeg 300w, https:\/\/bergers-schlagerparadies.de\/wp-content\/uploads\/2026\/05\/Indiras-Evya-Taya-Hoerst-du-den-Ruf-1024x1024.jpeg 1024w, https:\/\/bergers-schlagerparadies.de\/wp-content\/uploads\/2026\/05\/Indiras-Evya-Taya-Hoerst-du-den-Ruf-150x150.jpeg 150w, https:\/\/bergers-schlagerparadies.de\/wp-content\/uploads\/2026\/05\/Indiras-Evya-Taya-Hoerst-du-den-Ruf-768x768.jpeg 768w, https:\/\/bergers-schlagerparadies.de\/wp-content\/uploads\/2026\/05\/Indiras-Evya-Taya-Hoerst-du-den-Ruf-1188x1188.jpeg 1188w, https:\/\/bergers-schlagerparadies.de\/wp-content\/uploads\/2026\/05\/Indiras-Evya-Taya-Hoerst-du-den-Ruf-100x100.jpeg 100w, https:\/\/bergers-schlagerparadies.de\/wp-content\/uploads\/2026\/05\/Indiras-Evya-Taya-Hoerst-du-den-Ruf.jpeg 1200w\" sizes=\"auto, (max-width: 70px) 100vw, 70px\" \/>\u00a0 Indiras<\/span> &amp; <span style=\"color: #800000;\">Evya Taya<\/span> &#8211; H\u00f6rst du den Ruf ( <span style=\"color: #800000;\">Lumina Records<\/span>\u00a0) <\/strong><\/li>\n<li><strong><span style=\"color: #800000;\"><img loading=\"lazy\" decoding=\"async\" class=\"alignnone wp-image-43131\" src=\"https:\/\/bergers-schlagerparadies.de\/wp-content\/uploads\/2026\/04\/Joe-Im-Winkelried-Wo-das-Glueck-die-Sehnsucht-stillt-300x300.jpeg\" alt=\"\" width=\"70\" height=\"70\" srcset=\"https:\/\/bergers-schlagerparadies.de\/wp-content\/uploads\/2026\/04\/Joe-Im-Winkelried-Wo-das-Glueck-die-Sehnsucht-stillt-300x300.jpeg 300w, https:\/\/bergers-schlagerparadies.de\/wp-content\/uploads\/2026\/04\/Joe-Im-Winkelried-Wo-das-Glueck-die-Sehnsucht-stillt-1024x1024.jpeg 1024w, https:\/\/bergers-schlagerparadies.de\/wp-content\/uploads\/2026\/04\/Joe-Im-Winkelried-Wo-das-Glueck-die-Sehnsucht-stillt-150x150.jpeg 150w, https:\/\/bergers-schlagerparadies.de\/wp-content\/uploads\/2026\/04\/Joe-Im-Winkelried-Wo-das-Glueck-die-Sehnsucht-stillt-768x768.jpeg 768w, https:\/\/bergers-schlagerparadies.de\/wp-content\/uploads\/2026\/04\/Joe-Im-Winkelried-Wo-das-Glueck-die-Sehnsucht-stillt-1188x1188.jpeg 1188w, https:\/\/bergers-schlagerparadies.de\/wp-content\/uploads\/2026\/04\/Joe-Im-Winkelried-Wo-das-Glueck-die-Sehnsucht-stillt-100x100.jpeg 100w, https:\/\/bergers-schlagerparadies.de\/wp-content\/uploads\/2026\/04\/Joe-Im-Winkelried-Wo-das-Glueck-die-Sehnsucht-stillt.jpeg 1200w\" sizes=\"auto, (max-width: 70px) 100vw, 70px\" \/>\u00a0 Joe Im Winkelried<\/span> &#8211; Wo das Gl\u00fcck die Sehnsucht stillt ( <span style=\"color: #800000;\">Stella Musica<\/span>\u00a0)<\/strong><\/li>\n<li><strong><span style=\"color: #800000;\"><img loading=\"lazy\" decoding=\"async\" class=\"alignnone wp-image-43303\" src=\"https:\/\/bergers-schlagerparadies.de\/wp-content\/uploads\/2026\/04\/LEA-x-LINDA-Zuhause-300x300.jpeg\" alt=\"\" width=\"70\" height=\"70\" srcset=\"https:\/\/bergers-schlagerparadies.de\/wp-content\/uploads\/2026\/04\/LEA-x-LINDA-Zuhause-300x300.jpeg 300w, https:\/\/bergers-schlagerparadies.de\/wp-content\/uploads\/2026\/04\/LEA-x-LINDA-Zuhause-1024x1024.jpeg 1024w, https:\/\/bergers-schlagerparadies.de\/wp-content\/uploads\/2026\/04\/LEA-x-LINDA-Zuhause-150x150.jpeg 150w, https:\/\/bergers-schlagerparadies.de\/wp-content\/uploads\/2026\/04\/LEA-x-LINDA-Zuhause-768x768.jpeg 768w, https:\/\/bergers-schlagerparadies.de\/wp-content\/uploads\/2026\/04\/LEA-x-LINDA-Zuhause-1188x1188.jpeg 1188w, https:\/\/bergers-schlagerparadies.de\/wp-content\/uploads\/2026\/04\/LEA-x-LINDA-Zuhause-100x100.jpeg 100w, https:\/\/bergers-schlagerparadies.de\/wp-content\/uploads\/2026\/04\/LEA-x-LINDA-Zuhause.jpeg 1200w\" sizes=\"auto, (max-width: 70px) 100vw, 70px\" \/>\u00a0 LEA x LINDA<\/span> &#8211; Zuhause ( <span style=\"color: #800000;\"> iGroove AG<\/span>\u00a0)<\/strong><\/li>\n<li><strong><img loading=\"lazy\" decoding=\"async\" class=\"alignnone wp-image-43353\" src=\"https:\/\/bergers-schlagerparadies.de\/wp-content\/uploads\/2026\/05\/Marcus-Faber-Die-Liebe-braucht-Traeume-300x300.jpeg\" alt=\"\" width=\"70\" height=\"70\" srcset=\"https:\/\/bergers-schlagerparadies.de\/wp-content\/uploads\/2026\/05\/Marcus-Faber-Die-Liebe-braucht-Traeume-300x300.jpeg 300w, https:\/\/bergers-schlagerparadies.de\/wp-content\/uploads\/2026\/05\/Marcus-Faber-Die-Liebe-braucht-Traeume-1024x1024.jpeg 1024w, https:\/\/bergers-schlagerparadies.de\/wp-content\/uploads\/2026\/05\/Marcus-Faber-Die-Liebe-braucht-Traeume-150x150.jpeg 150w, https:\/\/bergers-schlagerparadies.de\/wp-content\/uploads\/2026\/05\/Marcus-Faber-Die-Liebe-braucht-Traeume-768x768.jpeg 768w, https:\/\/bergers-schlagerparadies.de\/wp-content\/uploads\/2026\/05\/Marcus-Faber-Die-Liebe-braucht-Traeume-1536x1536.jpeg 1536w, https:\/\/bergers-schlagerparadies.de\/wp-content\/uploads\/2026\/05\/Marcus-Faber-Die-Liebe-braucht-Traeume-2048x2048.jpeg 2048w, https:\/\/bergers-schlagerparadies.de\/wp-content\/uploads\/2026\/05\/Marcus-Faber-Die-Liebe-braucht-Traeume-1200x1200.jpeg 1200w, https:\/\/bergers-schlagerparadies.de\/wp-content\/uploads\/2026\/05\/Marcus-Faber-Die-Liebe-braucht-Traeume-1188x1188.jpeg 1188w, https:\/\/bergers-schlagerparadies.de\/wp-content\/uploads\/2026\/05\/Marcus-Faber-Die-Liebe-braucht-Traeume-100x100.jpeg 100w\" sizes=\"auto, (max-width: 70px) 100vw, 70px\" \/>\u00a0 Marcus Faber &#8211; Die Liebe braucht Tr\u00e4ume ( <span style=\"color: #800000;\">Fiesta Records<\/span> )<\/strong><\/li>\n<li><strong><img loading=\"lazy\" decoding=\"async\" class=\"alignnone wp-image-43356\" src=\"https:\/\/bergers-schlagerparadies.de\/wp-content\/uploads\/2026\/05\/Mario-Hofer-Einfach-da-zu-sein-300x300.jpeg\" alt=\"\" width=\"70\" height=\"70\" srcset=\"https:\/\/bergers-schlagerparadies.de\/wp-content\/uploads\/2026\/05\/Mario-Hofer-Einfach-da-zu-sein-300x300.jpeg 300w, https:\/\/bergers-schlagerparadies.de\/wp-content\/uploads\/2026\/05\/Mario-Hofer-Einfach-da-zu-sein-1024x1024.jpeg 1024w, https:\/\/bergers-schlagerparadies.de\/wp-content\/uploads\/2026\/05\/Mario-Hofer-Einfach-da-zu-sein-150x150.jpeg 150w, https:\/\/bergers-schlagerparadies.de\/wp-content\/uploads\/2026\/05\/Mario-Hofer-Einfach-da-zu-sein-768x768.jpeg 768w, https:\/\/bergers-schlagerparadies.de\/wp-content\/uploads\/2026\/05\/Mario-Hofer-Einfach-da-zu-sein-1536x1536.jpeg 1536w, https:\/\/bergers-schlagerparadies.de\/wp-content\/uploads\/2026\/05\/Mario-Hofer-Einfach-da-zu-sein-2048x2048.jpeg 2048w, https:\/\/bergers-schlagerparadies.de\/wp-content\/uploads\/2026\/05\/Mario-Hofer-Einfach-da-zu-sein-1200x1200.jpeg 1200w, https:\/\/bergers-schlagerparadies.de\/wp-content\/uploads\/2026\/05\/Mario-Hofer-Einfach-da-zu-sein-1188x1188.jpeg 1188w, https:\/\/bergers-schlagerparadies.de\/wp-content\/uploads\/2026\/05\/Mario-Hofer-Einfach-da-zu-sein-100x100.jpeg 100w\" sizes=\"auto, (max-width: 70px) 100vw, 70px\" \/>\u00a0 Mario Hofer &#8211; Einfach da zu sein ( <span style=\"color: #800000;\">Fiesta Records<\/span> )<\/strong><\/li>\n<li><strong><img loading=\"lazy\" decoding=\"async\" class=\"alignnone wp-image-43359\" src=\"https:\/\/bergers-schlagerparadies.de\/wp-content\/uploads\/2026\/05\/Mark-Lorenz-Strasse-meiner-Lieder-300x300.jpeg\" alt=\"\" width=\"70\" height=\"70\" srcset=\"https:\/\/bergers-schlagerparadies.de\/wp-content\/uploads\/2026\/05\/Mark-Lorenz-Strasse-meiner-Lieder-300x300.jpeg 300w, https:\/\/bergers-schlagerparadies.de\/wp-content\/uploads\/2026\/05\/Mark-Lorenz-Strasse-meiner-Lieder-1024x1024.jpeg 1024w, https:\/\/bergers-schlagerparadies.de\/wp-content\/uploads\/2026\/05\/Mark-Lorenz-Strasse-meiner-Lieder-150x150.jpeg 150w, https:\/\/bergers-schlagerparadies.de\/wp-content\/uploads\/2026\/05\/Mark-Lorenz-Strasse-meiner-Lieder-768x768.jpeg 768w, https:\/\/bergers-schlagerparadies.de\/wp-content\/uploads\/2026\/05\/Mark-Lorenz-Strasse-meiner-Lieder-1536x1536.jpeg 1536w, https:\/\/bergers-schlagerparadies.de\/wp-content\/uploads\/2026\/05\/Mark-Lorenz-Strasse-meiner-Lieder-2048x2048.jpeg 2048w, https:\/\/bergers-schlagerparadies.de\/wp-content\/uploads\/2026\/05\/Mark-Lorenz-Strasse-meiner-Lieder-1200x1200.jpeg 1200w, https:\/\/bergers-schlagerparadies.de\/wp-content\/uploads\/2026\/05\/Mark-Lorenz-Strasse-meiner-Lieder-1188x1188.jpeg 1188w, https:\/\/bergers-schlagerparadies.de\/wp-content\/uploads\/2026\/05\/Mark-Lorenz-Strasse-meiner-Lieder-100x100.jpeg 100w\" sizes=\"auto, (max-width: 70px) 100vw, 70px\" \/>\u00a0 Mark Lorenz &#8211; Stra\u00dfe meiner Lieder ( <span style=\"color: #800000;\">Fiesta Records<\/span> )<\/strong><\/li>\n<li><strong><span style=\"color: #800000;\"><img loading=\"lazy\" decoding=\"async\" class=\"alignnone wp-image-43370\" src=\"https:\/\/bergers-schlagerparadies.de\/wp-content\/uploads\/2026\/05\/Markus-Nowak-Einmal-Hoelle-und-zurueck-300x300.jpeg\" alt=\"\" width=\"70\" height=\"70\" srcset=\"https:\/\/bergers-schlagerparadies.de\/wp-content\/uploads\/2026\/05\/Markus-Nowak-Einmal-Hoelle-und-zurueck-300x300.jpeg 300w, https:\/\/bergers-schlagerparadies.de\/wp-content\/uploads\/2026\/05\/Markus-Nowak-Einmal-Hoelle-und-zurueck-1024x1024.jpeg 1024w, https:\/\/bergers-schlagerparadies.de\/wp-content\/uploads\/2026\/05\/Markus-Nowak-Einmal-Hoelle-und-zurueck-150x150.jpeg 150w, https:\/\/bergers-schlagerparadies.de\/wp-content\/uploads\/2026\/05\/Markus-Nowak-Einmal-Hoelle-und-zurueck-768x768.jpeg 768w, https:\/\/bergers-schlagerparadies.de\/wp-content\/uploads\/2026\/05\/Markus-Nowak-Einmal-Hoelle-und-zurueck-1536x1536.jpeg 1536w, https:\/\/bergers-schlagerparadies.de\/wp-content\/uploads\/2026\/05\/Markus-Nowak-Einmal-Hoelle-und-zurueck-2048x2048.jpeg 2048w, https:\/\/bergers-schlagerparadies.de\/wp-content\/uploads\/2026\/05\/Markus-Nowak-Einmal-Hoelle-und-zurueck-1200x1200.jpeg 1200w, https:\/\/bergers-schlagerparadies.de\/wp-content\/uploads\/2026\/05\/Markus-Nowak-Einmal-Hoelle-und-zurueck-1188x1188.jpeg 1188w, https:\/\/bergers-schlagerparadies.de\/wp-content\/uploads\/2026\/05\/Markus-Nowak-Einmal-Hoelle-und-zurueck-100x100.jpeg 100w\" sizes=\"auto, (max-width: 70px) 100vw, 70px\" \/>\u00a0 Markus Nowak<\/span> &#8211; Einmal H\u00f6lle und zur\u00fcck ( <span style=\"color: #800000;\">Fiesta Records<\/span> )<\/strong><\/li>\n<li><strong><span style=\"color: #800000;\"><img loading=\"lazy\" decoding=\"async\" class=\"alignnone wp-image-43374\" src=\"https:\/\/bergers-schlagerparadies.de\/wp-content\/uploads\/2026\/05\/MELODY-FREUNDE-40-schoene-Jahre-300x300.jpeg\" alt=\"\" width=\"70\" height=\"70\" srcset=\"https:\/\/bergers-schlagerparadies.de\/wp-content\/uploads\/2026\/05\/MELODY-FREUNDE-40-schoene-Jahre-300x300.jpeg 300w, https:\/\/bergers-schlagerparadies.de\/wp-content\/uploads\/2026\/05\/MELODY-FREUNDE-40-schoene-Jahre-1024x1024.jpeg 1024w, https:\/\/bergers-schlagerparadies.de\/wp-content\/uploads\/2026\/05\/MELODY-FREUNDE-40-schoene-Jahre-150x150.jpeg 150w, https:\/\/bergers-schlagerparadies.de\/wp-content\/uploads\/2026\/05\/MELODY-FREUNDE-40-schoene-Jahre-768x768.jpeg 768w, https:\/\/bergers-schlagerparadies.de\/wp-content\/uploads\/2026\/05\/MELODY-FREUNDE-40-schoene-Jahre-1188x1188.jpeg 1188w, https:\/\/bergers-schlagerparadies.de\/wp-content\/uploads\/2026\/05\/MELODY-FREUNDE-40-schoene-Jahre-100x100.jpeg 100w, https:\/\/bergers-schlagerparadies.de\/wp-content\/uploads\/2026\/05\/MELODY-FREUNDE-40-schoene-Jahre.jpeg 1200w\" sizes=\"auto, (max-width: 70px) 100vw, 70px\" \/>\u00a0 MELODY &amp; FREUNDE<\/span> &#8211; 40 sch\u00f6ne Jahre ( <span style=\"color: #800000;\">Tyrolis<\/span>\u00a0)<\/strong><\/li>\n<li><strong><span style=\"color: #800000;\"><img loading=\"lazy\" decoding=\"async\" class=\"alignnone wp-image-43378\" src=\"https:\/\/bergers-schlagerparadies.de\/wp-content\/uploads\/2026\/05\/Monika-Martin-Das-tut-man-so-300x300.jpeg\" alt=\"\" width=\"70\" height=\"70\" srcset=\"https:\/\/bergers-schlagerparadies.de\/wp-content\/uploads\/2026\/05\/Monika-Martin-Das-tut-man-so-300x300.jpeg 300w, https:\/\/bergers-schlagerparadies.de\/wp-content\/uploads\/2026\/05\/Monika-Martin-Das-tut-man-so-1024x1024.jpeg 1024w, https:\/\/bergers-schlagerparadies.de\/wp-content\/uploads\/2026\/05\/Monika-Martin-Das-tut-man-so-150x150.jpeg 150w, https:\/\/bergers-schlagerparadies.de\/wp-content\/uploads\/2026\/05\/Monika-Martin-Das-tut-man-so-768x768.jpeg 768w, https:\/\/bergers-schlagerparadies.de\/wp-content\/uploads\/2026\/05\/Monika-Martin-Das-tut-man-so-1200x1200.jpeg 1200w, https:\/\/bergers-schlagerparadies.de\/wp-content\/uploads\/2026\/05\/Monika-Martin-Das-tut-man-so-1188x1188.jpeg 1188w, https:\/\/bergers-schlagerparadies.de\/wp-content\/uploads\/2026\/05\/Monika-Martin-Das-tut-man-so-100x100.jpeg 100w, https:\/\/bergers-schlagerparadies.de\/wp-content\/uploads\/2026\/05\/Monika-Martin-Das-tut-man-so.jpeg 1500w\" sizes=\"auto, (max-width: 70px) 100vw, 70px\" \/>\u00a0 Monika Martin<\/span> &#8211; Das tut man so ( <span style=\"color: #800000;\">Mouth Media<\/span>\u00a0)<\/strong><\/li>\n<li><strong><span style=\"color: #800000;\"><img loading=\"lazy\" decoding=\"async\" class=\"alignnone wp-image-43245\" src=\"https:\/\/bergers-schlagerparadies.de\/wp-content\/uploads\/2026\/04\/Olaf-Berger-Alles-oder-Dich-300x300.jpeg\" alt=\"\" width=\"70\" height=\"70\" srcset=\"https:\/\/bergers-schlagerparadies.de\/wp-content\/uploads\/2026\/04\/Olaf-Berger-Alles-oder-Dich-300x300.jpeg 300w, https:\/\/bergers-schlagerparadies.de\/wp-content\/uploads\/2026\/04\/Olaf-Berger-Alles-oder-Dich-1024x1024.jpeg 1024w, https:\/\/bergers-schlagerparadies.de\/wp-content\/uploads\/2026\/04\/Olaf-Berger-Alles-oder-Dich-150x150.jpeg 150w, https:\/\/bergers-schlagerparadies.de\/wp-content\/uploads\/2026\/04\/Olaf-Berger-Alles-oder-Dich-768x768.jpeg 768w, https:\/\/bergers-schlagerparadies.de\/wp-content\/uploads\/2026\/04\/Olaf-Berger-Alles-oder-Dich-1536x1536.jpeg 1536w, https:\/\/bergers-schlagerparadies.de\/wp-content\/uploads\/2026\/04\/Olaf-Berger-Alles-oder-Dich-2048x2048.jpeg 2048w, https:\/\/bergers-schlagerparadies.de\/wp-content\/uploads\/2026\/04\/Olaf-Berger-Alles-oder-Dich-1200x1200.jpeg 1200w, https:\/\/bergers-schlagerparadies.de\/wp-content\/uploads\/2026\/04\/Olaf-Berger-Alles-oder-Dich-1188x1188.jpeg 1188w, https:\/\/bergers-schlagerparadies.de\/wp-content\/uploads\/2026\/04\/Olaf-Berger-Alles-oder-Dich-100x100.jpeg 100w\" sizes=\"auto, (max-width: 70px) 100vw, 70px\" \/>\u00a0 Olaf Berger<\/span> &#8211; Alles oder Dich ( <span style=\"color: #800000;\">Bergerstark<\/span>\u00a0)<\/strong><\/li>\n<li><strong><img loading=\"lazy\" decoding=\"async\" class=\"alignnone wp-image-43155\" src=\"https:\/\/bergers-schlagerparadies.de\/wp-content\/uploads\/2026\/04\/Pierre-Andre-Der-Sommer-bleibt-fuer-immer-300x300.jpeg\" alt=\"\" width=\"70\" height=\"70\" srcset=\"https:\/\/bergers-schlagerparadies.de\/wp-content\/uploads\/2026\/04\/Pierre-Andre-Der-Sommer-bleibt-fuer-immer-300x300.jpeg 300w, https:\/\/bergers-schlagerparadies.de\/wp-content\/uploads\/2026\/04\/Pierre-Andre-Der-Sommer-bleibt-fuer-immer-1024x1024.jpeg 1024w, https:\/\/bergers-schlagerparadies.de\/wp-content\/uploads\/2026\/04\/Pierre-Andre-Der-Sommer-bleibt-fuer-immer-150x150.jpeg 150w, https:\/\/bergers-schlagerparadies.de\/wp-content\/uploads\/2026\/04\/Pierre-Andre-Der-Sommer-bleibt-fuer-immer-768x768.jpeg 768w, https:\/\/bergers-schlagerparadies.de\/wp-content\/uploads\/2026\/04\/Pierre-Andre-Der-Sommer-bleibt-fuer-immer-1536x1536.jpeg 1536w, https:\/\/bergers-schlagerparadies.de\/wp-content\/uploads\/2026\/04\/Pierre-Andre-Der-Sommer-bleibt-fuer-immer-2048x2048.jpeg 2048w, https:\/\/bergers-schlagerparadies.de\/wp-content\/uploads\/2026\/04\/Pierre-Andre-Der-Sommer-bleibt-fuer-immer-1200x1200.jpeg 1200w, https:\/\/bergers-schlagerparadies.de\/wp-content\/uploads\/2026\/04\/Pierre-Andre-Der-Sommer-bleibt-fuer-immer-1188x1188.jpeg 1188w, https:\/\/bergers-schlagerparadies.de\/wp-content\/uploads\/2026\/04\/Pierre-Andre-Der-Sommer-bleibt-fuer-immer-100x100.jpeg 100w\" sizes=\"auto, (max-width: 70px) 100vw, 70px\" \/>\u00a0 <span style=\"color: #800000;\">Pierr\u00e9 Andr\u00e9<\/span> &#8211; Der Sommer, bleibt f\u00fcr immer ( <span style=\"color: #800000;\">Fiesta Records<\/span> )<\/strong><\/li>\n<li><strong><img loading=\"lazy\" decoding=\"async\" class=\"alignnone wp-image-43255\" src=\"https:\/\/bergers-schlagerparadies.de\/wp-content\/uploads\/2026\/04\/Phoenix-Trio-Sag-mir-nicht-300x300.jpeg\" alt=\"\" width=\"70\" height=\"70\" srcset=\"https:\/\/bergers-schlagerparadies.de\/wp-content\/uploads\/2026\/04\/Phoenix-Trio-Sag-mir-nicht-300x300.jpeg 300w, https:\/\/bergers-schlagerparadies.de\/wp-content\/uploads\/2026\/04\/Phoenix-Trio-Sag-mir-nicht-1024x1024.jpeg 1024w, https:\/\/bergers-schlagerparadies.de\/wp-content\/uploads\/2026\/04\/Phoenix-Trio-Sag-mir-nicht-150x150.jpeg 150w, https:\/\/bergers-schlagerparadies.de\/wp-content\/uploads\/2026\/04\/Phoenix-Trio-Sag-mir-nicht-768x768.jpeg 768w, https:\/\/bergers-schlagerparadies.de\/wp-content\/uploads\/2026\/04\/Phoenix-Trio-Sag-mir-nicht-1188x1188.jpeg 1188w, https:\/\/bergers-schlagerparadies.de\/wp-content\/uploads\/2026\/04\/Phoenix-Trio-Sag-mir-nicht-100x100.jpeg 100w, https:\/\/bergers-schlagerparadies.de\/wp-content\/uploads\/2026\/04\/Phoenix-Trio-Sag-mir-nicht.jpeg 1200w\" sizes=\"auto, (max-width: 70px) 100vw, 70px\" \/>\u00a0 <span style=\"color: #800000;\">Phoenix Trio<\/span> &#8211; Sag mir nicht ( <span style=\"color: #800000;\">Melody Records<\/span>\u00a0)<\/strong><\/li>\n<li><strong><span style=\"color: #800000;\"><img loading=\"lazy\" decoding=\"async\" class=\"alignnone wp-image-43307\" src=\"https:\/\/bergers-schlagerparadies.de\/wp-content\/uploads\/2026\/04\/Stefan-Weger-Das-Beste-300x300.jpeg\" alt=\"\" width=\"70\" height=\"70\" srcset=\"https:\/\/bergers-schlagerparadies.de\/wp-content\/uploads\/2026\/04\/Stefan-Weger-Das-Beste-300x300.jpeg 300w, https:\/\/bergers-schlagerparadies.de\/wp-content\/uploads\/2026\/04\/Stefan-Weger-Das-Beste-1024x1024.jpeg 1024w, https:\/\/bergers-schlagerparadies.de\/wp-content\/uploads\/2026\/04\/Stefan-Weger-Das-Beste-150x150.jpeg 150w, https:\/\/bergers-schlagerparadies.de\/wp-content\/uploads\/2026\/04\/Stefan-Weger-Das-Beste-768x768.jpeg 768w, https:\/\/bergers-schlagerparadies.de\/wp-content\/uploads\/2026\/04\/Stefan-Weger-Das-Beste-1536x1536.jpeg 1536w, https:\/\/bergers-schlagerparadies.de\/wp-content\/uploads\/2026\/04\/Stefan-Weger-Das-Beste-1200x1200.jpeg 1200w, https:\/\/bergers-schlagerparadies.de\/wp-content\/uploads\/2026\/04\/Stefan-Weger-Das-Beste-1188x1188.jpeg 1188w, https:\/\/bergers-schlagerparadies.de\/wp-content\/uploads\/2026\/04\/Stefan-Weger-Das-Beste-100x100.jpeg 100w, https:\/\/bergers-schlagerparadies.de\/wp-content\/uploads\/2026\/04\/Stefan-Weger-Das-Beste.jpeg 1600w\" sizes=\"auto, (max-width: 70px) 100vw, 70px\" \/>\u00a0 Stefan Weger<\/span> &#8211; Das Beste ( <span style=\"color: #800000;\">ISM Music<\/span>\u00a0)<\/strong><\/li>\n<li><strong><span style=\"color: #800000;\"><img loading=\"lazy\" decoding=\"async\" class=\"alignnone wp-image-43382\" src=\"https:\/\/bergers-schlagerparadies.de\/wp-content\/uploads\/2026\/05\/Tokio-Hotel-Na-und-300x300.jpeg\" alt=\"\" width=\"70\" height=\"70\" srcset=\"https:\/\/bergers-schlagerparadies.de\/wp-content\/uploads\/2026\/05\/Tokio-Hotel-Na-und-300x300.jpeg 300w, https:\/\/bergers-schlagerparadies.de\/wp-content\/uploads\/2026\/05\/Tokio-Hotel-Na-und-1024x1024.jpeg 1024w, https:\/\/bergers-schlagerparadies.de\/wp-content\/uploads\/2026\/05\/Tokio-Hotel-Na-und-150x150.jpeg 150w, https:\/\/bergers-schlagerparadies.de\/wp-content\/uploads\/2026\/05\/Tokio-Hotel-Na-und-768x768.jpeg 768w, https:\/\/bergers-schlagerparadies.de\/wp-content\/uploads\/2026\/05\/Tokio-Hotel-Na-und-1188x1188.jpeg 1188w, https:\/\/bergers-schlagerparadies.de\/wp-content\/uploads\/2026\/05\/Tokio-Hotel-Na-und-100x100.jpeg 100w, https:\/\/bergers-schlagerparadies.de\/wp-content\/uploads\/2026\/05\/Tokio-Hotel-Na-und.jpeg 1200w\" sizes=\"auto, (max-width: 70px) 100vw, 70px\" \/>\u00a0 Tokio Hotel<\/span> &#8211; Na und ?! (<span style=\"color: #800000;\">Warner Music Central Europe<\/span>)<\/strong><\/li>\n<li><strong><img loading=\"lazy\" decoding=\"async\" class=\"alignnone wp-image-43362\" src=\"https:\/\/bergers-schlagerparadies.de\/wp-content\/uploads\/2026\/05\/Wolfgang-Lippert-Niemals-was-bereut-300x300.jpeg\" alt=\"\" width=\"70\" height=\"70\" srcset=\"https:\/\/bergers-schlagerparadies.de\/wp-content\/uploads\/2026\/05\/Wolfgang-Lippert-Niemals-was-bereut-300x300.jpeg 300w, https:\/\/bergers-schlagerparadies.de\/wp-content\/uploads\/2026\/05\/Wolfgang-Lippert-Niemals-was-bereut-1024x1024.jpeg 1024w, https:\/\/bergers-schlagerparadies.de\/wp-content\/uploads\/2026\/05\/Wolfgang-Lippert-Niemals-was-bereut-150x150.jpeg 150w, https:\/\/bergers-schlagerparadies.de\/wp-content\/uploads\/2026\/05\/Wolfgang-Lippert-Niemals-was-bereut-768x768.jpeg 768w, https:\/\/bergers-schlagerparadies.de\/wp-content\/uploads\/2026\/05\/Wolfgang-Lippert-Niemals-was-bereut-1536x1536.jpeg 1536w, https:\/\/bergers-schlagerparadies.de\/wp-content\/uploads\/2026\/05\/Wolfgang-Lippert-Niemals-was-bereut-1200x1200.jpeg 1200w, https:\/\/bergers-schlagerparadies.de\/wp-content\/uploads\/2026\/05\/Wolfgang-Lippert-Niemals-was-bereut-1188x1188.jpeg 1188w, https:\/\/bergers-schlagerparadies.de\/wp-content\/uploads\/2026\/05\/Wolfgang-Lippert-Niemals-was-bereut-100x100.jpeg 100w, https:\/\/bergers-schlagerparadies.de\/wp-content\/uploads\/2026\/05\/Wolfgang-Lippert-Niemals-was-bereut.jpeg 1600w\" sizes=\"auto, (max-width: 70px) 100vw, 70px\" \/>\u00a0 Wolfgang Lippert &#8211; Niemals was bereut ( <span style=\"color: #800000;\">Herz7<\/span>\u00a0) <\/strong><\/li>\n<\/ul>\n<p><span style=\"font-size: 12pt;\"><strong><em><span style=\"color: #666699;\">Neuvorstellungen<\/span><\/em><em><span style=\"color: #666699;\"> in dieser Woche: mit V\u00d6: <\/span><span style=\"color: #666699;\"><span style=\"color: #800000;\">01<\/span><\/span><span style=\"color: #666699;\"><span style=\"color: #993366; font-size: 14pt;\">. Mai 2026 <\/span>&#8211; 18<\/span><span style=\"color: #808080;\">KW<\/span><\/em><\/strong><\/span><\/p>\n<ul>\n<li><strong><span style=\"color: #800000;\"><img loading=\"lazy\" decoding=\"async\" class=\"alignnone wp-image-43328\" src=\"https:\/\/bergers-schlagerparadies.de\/wp-content\/uploads\/2026\/05\/Calimeros-Portofino-Album-300x300.jpeg\" alt=\"\" width=\"70\" height=\"70\" srcset=\"https:\/\/bergers-schlagerparadies.de\/wp-content\/uploads\/2026\/05\/Calimeros-Portofino-Album-300x300.jpeg 300w, https:\/\/bergers-schlagerparadies.de\/wp-content\/uploads\/2026\/05\/Calimeros-Portofino-Album-1024x1024.jpeg 1024w, https:\/\/bergers-schlagerparadies.de\/wp-content\/uploads\/2026\/05\/Calimeros-Portofino-Album-150x150.jpeg 150w, https:\/\/bergers-schlagerparadies.de\/wp-content\/uploads\/2026\/05\/Calimeros-Portofino-Album-768x768.jpeg 768w, https:\/\/bergers-schlagerparadies.de\/wp-content\/uploads\/2026\/05\/Calimeros-Portofino-Album-1200x1200.jpeg 1200w, https:\/\/bergers-schlagerparadies.de\/wp-content\/uploads\/2026\/05\/Calimeros-Portofino-Album-1188x1188.jpeg 1188w, https:\/\/bergers-schlagerparadies.de\/wp-content\/uploads\/2026\/05\/Calimeros-Portofino-Album-100x100.jpeg 100w, https:\/\/bergers-schlagerparadies.de\/wp-content\/uploads\/2026\/05\/Calimeros-Portofino-Album.jpeg 1500w\" sizes=\"auto, (max-width: 70px) 100vw, 70px\" \/>\u00a0 Calimeros<\/span> &#8211; Portofino (<span style=\"color: #800000;\">Album<\/span>) ( <span style=\"color: #800000;\">Telamo<\/span> )<\/strong><\/li>\n<li><strong><img loading=\"lazy\" decoding=\"async\" class=\"alignnone wp-image-43143\" src=\"https:\/\/bergers-schlagerparadies.de\/wp-content\/uploads\/2026\/04\/Die-Capris-Heartbreak-Lady-300x300.jpeg\" alt=\"\" width=\"70\" height=\"70\" srcset=\"https:\/\/bergers-schlagerparadies.de\/wp-content\/uploads\/2026\/04\/Die-Capris-Heartbreak-Lady-300x300.jpeg 300w, https:\/\/bergers-schlagerparadies.de\/wp-content\/uploads\/2026\/04\/Die-Capris-Heartbreak-Lady-1024x1024.jpeg 1024w, https:\/\/bergers-schlagerparadies.de\/wp-content\/uploads\/2026\/04\/Die-Capris-Heartbreak-Lady-150x150.jpeg 150w, https:\/\/bergers-schlagerparadies.de\/wp-content\/uploads\/2026\/04\/Die-Capris-Heartbreak-Lady-768x768.jpeg 768w, https:\/\/bergers-schlagerparadies.de\/wp-content\/uploads\/2026\/04\/Die-Capris-Heartbreak-Lady-1536x1536.jpeg 1536w, https:\/\/bergers-schlagerparadies.de\/wp-content\/uploads\/2026\/04\/Die-Capris-Heartbreak-Lady-2048x2048.jpeg 2048w, https:\/\/bergers-schlagerparadies.de\/wp-content\/uploads\/2026\/04\/Die-Capris-Heartbreak-Lady-1200x1200.jpeg 1200w, https:\/\/bergers-schlagerparadies.de\/wp-content\/uploads\/2026\/04\/Die-Capris-Heartbreak-Lady-1188x1188.jpeg 1188w, https:\/\/bergers-schlagerparadies.de\/wp-content\/uploads\/2026\/04\/Die-Capris-Heartbreak-Lady-100x100.jpeg 100w\" sizes=\"auto, (max-width: 70px) 100vw, 70px\" \/>\u00a0 <span style=\"color: #800000;\">Die Capri&#8217;s<\/span> &#8211; Heartbreak Lady (EP) ( <span style=\"color: #800000;\">Fiesta Records<\/span> )<\/strong><\/li>\n<li><strong><span style=\"color: #800000;\"><img loading=\"lazy\" decoding=\"async\" class=\"alignnone wp-image-43293\" src=\"https:\/\/bergers-schlagerparadies.de\/wp-content\/uploads\/2026\/04\/Tommy-Steiner-Vol.8-Meine-Lieder-mein-Leben-Ich-will-Freunde-300x300.jpg\" alt=\"\" width=\"70\" height=\"70\" srcset=\"https:\/\/bergers-schlagerparadies.de\/wp-content\/uploads\/2026\/04\/Tommy-Steiner-Vol.8-Meine-Lieder-mein-Leben-Ich-will-Freunde-300x300.jpg 300w, https:\/\/bergers-schlagerparadies.de\/wp-content\/uploads\/2026\/04\/Tommy-Steiner-Vol.8-Meine-Lieder-mein-Leben-Ich-will-Freunde-1024x1024.jpg 1024w, https:\/\/bergers-schlagerparadies.de\/wp-content\/uploads\/2026\/04\/Tommy-Steiner-Vol.8-Meine-Lieder-mein-Leben-Ich-will-Freunde-150x150.jpg 150w, https:\/\/bergers-schlagerparadies.de\/wp-content\/uploads\/2026\/04\/Tommy-Steiner-Vol.8-Meine-Lieder-mein-Leben-Ich-will-Freunde-768x768.jpg 768w, https:\/\/bergers-schlagerparadies.de\/wp-content\/uploads\/2026\/04\/Tommy-Steiner-Vol.8-Meine-Lieder-mein-Leben-Ich-will-Freunde-1536x1536.jpg 1536w, https:\/\/bergers-schlagerparadies.de\/wp-content\/uploads\/2026\/04\/Tommy-Steiner-Vol.8-Meine-Lieder-mein-Leben-Ich-will-Freunde-2048x2048.jpg 2048w, https:\/\/bergers-schlagerparadies.de\/wp-content\/uploads\/2026\/04\/Tommy-Steiner-Vol.8-Meine-Lieder-mein-Leben-Ich-will-Freunde-1200x1200.jpg 1200w, https:\/\/bergers-schlagerparadies.de\/wp-content\/uploads\/2026\/04\/Tommy-Steiner-Vol.8-Meine-Lieder-mein-Leben-Ich-will-Freunde-1188x1188.jpg 1188w, https:\/\/bergers-schlagerparadies.de\/wp-content\/uploads\/2026\/04\/Tommy-Steiner-Vol.8-Meine-Lieder-mein-Leben-Ich-will-Freunde-100x100.jpg 100w\" sizes=\"auto, (max-width: 70px) 100vw, 70px\" \/>\u00a0 Tommy Steiner<\/span> &#8211; Vol.8 &#8211; Meine Lieder, mein Leben &#8211; Ich will Freunde (<span style=\"color: #800000;\">Album<\/span>) ( <span style=\"color: #800000;\">KLONDIKE Records &amp; Songs<\/span>\u00a0)<\/strong><\/li>\n<li><span style=\"color: #800000;\"><strong>&#8212;&#8212;&#8212;&#8212;&#8212;&#8212;&#8212;&#8212;&#8212;&#8212;&#8212;&#8212;&#8212;&#8212;&#8212;&#8212;&#8212;&#8212;&#8212;&#8212;&#8212;&#8212;&#8212;&#8212;&#8212;&#8212;&#8212;&#8212;-<\/strong><\/span><\/li>\n<li><strong><span style=\"color: #800000;\"><img loading=\"lazy\" decoding=\"async\" class=\"alignnone wp-image-43250\" src=\"https:\/\/bergers-schlagerparadies.de\/wp-content\/uploads\/2026\/04\/Aileen-Sager-Rosarote-Wolken-300x300.jpeg\" alt=\"\" width=\"70\" height=\"70\" srcset=\"https:\/\/bergers-schlagerparadies.de\/wp-content\/uploads\/2026\/04\/Aileen-Sager-Rosarote-Wolken-300x300.jpeg 300w, https:\/\/bergers-schlagerparadies.de\/wp-content\/uploads\/2026\/04\/Aileen-Sager-Rosarote-Wolken-1024x1024.jpeg 1024w, https:\/\/bergers-schlagerparadies.de\/wp-content\/uploads\/2026\/04\/Aileen-Sager-Rosarote-Wolken-150x150.jpeg 150w, https:\/\/bergers-schlagerparadies.de\/wp-content\/uploads\/2026\/04\/Aileen-Sager-Rosarote-Wolken-768x768.jpeg 768w, https:\/\/bergers-schlagerparadies.de\/wp-content\/uploads\/2026\/04\/Aileen-Sager-Rosarote-Wolken-1536x1536.jpeg 1536w, https:\/\/bergers-schlagerparadies.de\/wp-content\/uploads\/2026\/04\/Aileen-Sager-Rosarote-Wolken-2048x2048.jpeg 2048w, https:\/\/bergers-schlagerparadies.de\/wp-content\/uploads\/2026\/04\/Aileen-Sager-Rosarote-Wolken-1200x1200.jpeg 1200w, https:\/\/bergers-schlagerparadies.de\/wp-content\/uploads\/2026\/04\/Aileen-Sager-Rosarote-Wolken-1188x1188.jpeg 1188w, https:\/\/bergers-schlagerparadies.de\/wp-content\/uploads\/2026\/04\/Aileen-Sager-Rosarote-Wolken-100x100.jpeg 100w\" sizes=\"auto, (max-width: 70px) 100vw, 70px\" \/>\u00a0 Aileen Sager<\/span> &#8211; Rosarote Wolken ( <span style=\"color: #800000;\">Hitmix Music<\/span>\u00a0)<\/strong><\/li>\n<li><strong><span style=\"color: #800000;\"><img loading=\"lazy\" decoding=\"async\" class=\"alignnone wp-image-43280\" src=\"https:\/\/bergers-schlagerparadies.de\/wp-content\/uploads\/2026\/04\/Alessia-Spring-Ocean-Eyes-300x300.jpg\" alt=\"\" width=\"70\" height=\"70\" srcset=\"https:\/\/bergers-schlagerparadies.de\/wp-content\/uploads\/2026\/04\/Alessia-Spring-Ocean-Eyes-300x300.jpg 300w, https:\/\/bergers-schlagerparadies.de\/wp-content\/uploads\/2026\/04\/Alessia-Spring-Ocean-Eyes-1024x1024.jpg 1024w, https:\/\/bergers-schlagerparadies.de\/wp-content\/uploads\/2026\/04\/Alessia-Spring-Ocean-Eyes-150x150.jpg 150w, https:\/\/bergers-schlagerparadies.de\/wp-content\/uploads\/2026\/04\/Alessia-Spring-Ocean-Eyes-768x768.jpg 768w, https:\/\/bergers-schlagerparadies.de\/wp-content\/uploads\/2026\/04\/Alessia-Spring-Ocean-Eyes-1536x1536.jpg 1536w, https:\/\/bergers-schlagerparadies.de\/wp-content\/uploads\/2026\/04\/Alessia-Spring-Ocean-Eyes-2048x2048.jpg 2048w, https:\/\/bergers-schlagerparadies.de\/wp-content\/uploads\/2026\/04\/Alessia-Spring-Ocean-Eyes-1200x1200.jpg 1200w, https:\/\/bergers-schlagerparadies.de\/wp-content\/uploads\/2026\/04\/Alessia-Spring-Ocean-Eyes-1188x1188.jpg 1188w, https:\/\/bergers-schlagerparadies.de\/wp-content\/uploads\/2026\/04\/Alessia-Spring-Ocean-Eyes-100x100.jpg 100w\" sizes=\"auto, (max-width: 70px) 100vw, 70px\" \/>\u00a0 Alessia Spring<\/span> &#8211; Ocean Eyes ( <span style=\"color: #800000;\">Fiesta Records<\/span> )<\/strong><\/li>\n<li><strong><span style=\"color: #800000;\"><img loading=\"lazy\" decoding=\"async\" class=\"alignnone wp-image-43323\" src=\"https:\/\/bergers-schlagerparadies.de\/wp-content\/uploads\/2026\/05\/Bella-Vista-Das-geht-mir-wirklich-auf-die-Nerven-300x300.jpeg\" alt=\"\" width=\"70\" height=\"70\" srcset=\"https:\/\/bergers-schlagerparadies.de\/wp-content\/uploads\/2026\/05\/Bella-Vista-Das-geht-mir-wirklich-auf-die-Nerven-300x300.jpeg 300w, https:\/\/bergers-schlagerparadies.de\/wp-content\/uploads\/2026\/05\/Bella-Vista-Das-geht-mir-wirklich-auf-die-Nerven-1024x1024.jpeg 1024w, https:\/\/bergers-schlagerparadies.de\/wp-content\/uploads\/2026\/05\/Bella-Vista-Das-geht-mir-wirklich-auf-die-Nerven-150x150.jpeg 150w, https:\/\/bergers-schlagerparadies.de\/wp-content\/uploads\/2026\/05\/Bella-Vista-Das-geht-mir-wirklich-auf-die-Nerven-768x768.jpeg 768w, https:\/\/bergers-schlagerparadies.de\/wp-content\/uploads\/2026\/05\/Bella-Vista-Das-geht-mir-wirklich-auf-die-Nerven-1188x1188.jpeg 1188w, https:\/\/bergers-schlagerparadies.de\/wp-content\/uploads\/2026\/05\/Bella-Vista-Das-geht-mir-wirklich-auf-die-Nerven-100x100.jpeg 100w, https:\/\/bergers-schlagerparadies.de\/wp-content\/uploads\/2026\/05\/Bella-Vista-Das-geht-mir-wirklich-auf-die-Nerven.jpeg 1200w\" sizes=\"auto, (max-width: 70px) 100vw, 70px\" \/>\u00a0 Bella Vista<\/span> &#8211; Das geht mir wirklich auf die Nerven ( <span style=\"color: #800000;\">Artists &amp; Acts<\/span>\u00a0)<\/strong><\/li>\n<li><strong><span style=\"color: #800000;\"><img loading=\"lazy\" decoding=\"async\" class=\"alignnone wp-image-43268\" src=\"https:\/\/bergers-schlagerparadies.de\/wp-content\/uploads\/2026\/04\/Charley-Woolf-Ich-bin-Ich-300x300.jpeg\" alt=\"\" width=\"70\" height=\"70\" srcset=\"https:\/\/bergers-schlagerparadies.de\/wp-content\/uploads\/2026\/04\/Charley-Woolf-Ich-bin-Ich-300x300.jpeg 300w, https:\/\/bergers-schlagerparadies.de\/wp-content\/uploads\/2026\/04\/Charley-Woolf-Ich-bin-Ich-1024x1024.jpeg 1024w, https:\/\/bergers-schlagerparadies.de\/wp-content\/uploads\/2026\/04\/Charley-Woolf-Ich-bin-Ich-150x150.jpeg 150w, https:\/\/bergers-schlagerparadies.de\/wp-content\/uploads\/2026\/04\/Charley-Woolf-Ich-bin-Ich-768x768.jpeg 768w, https:\/\/bergers-schlagerparadies.de\/wp-content\/uploads\/2026\/04\/Charley-Woolf-Ich-bin-Ich-1188x1188.jpeg 1188w, https:\/\/bergers-schlagerparadies.de\/wp-content\/uploads\/2026\/04\/Charley-Woolf-Ich-bin-Ich-100x100.jpeg 100w, https:\/\/bergers-schlagerparadies.de\/wp-content\/uploads\/2026\/04\/Charley-Woolf-Ich-bin-Ich.jpeg 1200w\" sizes=\"auto, (max-width: 70px) 100vw, 70px\" \/>\u00a0 Charley Woolf<\/span> &#8211; Ich bin Ich ( <span style=\"color: #800000;\">migri music<\/span>\u00a0)<\/strong><\/li>\n<li><strong><span style=\"color: #800000;\"><img loading=\"lazy\" decoding=\"async\" class=\"alignnone wp-image-42396\" src=\"https:\/\/bergers-schlagerparadies.de\/wp-content\/uploads\/2026\/03\/DJ-GerreG-\u2013-Wie-schoen-dass-es-euch-gibt-300x300.jpg\" alt=\"\" width=\"70\" height=\"70\" srcset=\"https:\/\/bergers-schlagerparadies.de\/wp-content\/uploads\/2026\/03\/DJ-GerreG-\u2013-Wie-schoen-dass-es-euch-gibt-300x300.jpg 300w, https:\/\/bergers-schlagerparadies.de\/wp-content\/uploads\/2026\/03\/DJ-GerreG-\u2013-Wie-schoen-dass-es-euch-gibt-150x150.jpg 150w, https:\/\/bergers-schlagerparadies.de\/wp-content\/uploads\/2026\/03\/DJ-GerreG-\u2013-Wie-schoen-dass-es-euch-gibt-768x768.jpg 768w, https:\/\/bergers-schlagerparadies.de\/wp-content\/uploads\/2026\/03\/DJ-GerreG-\u2013-Wie-schoen-dass-es-euch-gibt-100x100.jpg 100w, https:\/\/bergers-schlagerparadies.de\/wp-content\/uploads\/2026\/03\/DJ-GerreG-\u2013-Wie-schoen-dass-es-euch-gibt.jpg 1024w\" sizes=\"auto, (max-width: 70px) 100vw, 70px\" \/>\u00a0 DJ GerreG<\/span> \u2013 Wie sch\u00f6n, dass es euch gibt ( <span style=\"color: #800000;\">G-MusiQ Records<\/span>\u00a0)<\/strong><\/li>\n<li><strong><span style=\"color: #800000;\"><img loading=\"lazy\" decoding=\"async\" class=\"alignnone wp-image-43259\" src=\"https:\/\/bergers-schlagerparadies.de\/wp-content\/uploads\/2026\/04\/Juergen-Eberlein-Sophie-Claudine-Nimm-mich-mit-in-deine-Traeume-300x300.jpeg\" alt=\"\" width=\"70\" height=\"70\" srcset=\"https:\/\/bergers-schlagerparadies.de\/wp-content\/uploads\/2026\/04\/Juergen-Eberlein-Sophie-Claudine-Nimm-mich-mit-in-deine-Traeume-300x300.jpeg 300w, https:\/\/bergers-schlagerparadies.de\/wp-content\/uploads\/2026\/04\/Juergen-Eberlein-Sophie-Claudine-Nimm-mich-mit-in-deine-Traeume-1024x1024.jpeg 1024w, https:\/\/bergers-schlagerparadies.de\/wp-content\/uploads\/2026\/04\/Juergen-Eberlein-Sophie-Claudine-Nimm-mich-mit-in-deine-Traeume-150x150.jpeg 150w, https:\/\/bergers-schlagerparadies.de\/wp-content\/uploads\/2026\/04\/Juergen-Eberlein-Sophie-Claudine-Nimm-mich-mit-in-deine-Traeume-768x768.jpeg 768w, https:\/\/bergers-schlagerparadies.de\/wp-content\/uploads\/2026\/04\/Juergen-Eberlein-Sophie-Claudine-Nimm-mich-mit-in-deine-Traeume-1188x1188.jpeg 1188w, https:\/\/bergers-schlagerparadies.de\/wp-content\/uploads\/2026\/04\/Juergen-Eberlein-Sophie-Claudine-Nimm-mich-mit-in-deine-Traeume-100x100.jpeg 100w, https:\/\/bergers-schlagerparadies.de\/wp-content\/uploads\/2026\/04\/Juergen-Eberlein-Sophie-Claudine-Nimm-mich-mit-in-deine-Traeume.jpeg 1200w\" sizes=\"auto, (max-width: 70px) 100vw, 70px\" \/>\u00a0 J\u00fcrgen Eberlein<\/span>, <span style=\"color: #800000;\">Sophie-Claudine<\/span> &#8211; Nimm mich mit in deine Tr\u00e4ume ( <span style=\"color: #800000;\">EBE RECORDS<\/span>\u00a0)<\/strong><\/li>\n<li><strong><span style=\"color: #800000;\"><img loading=\"lazy\" decoding=\"async\" class=\"alignnone wp-image-43263\" src=\"https:\/\/bergers-schlagerparadies.de\/wp-content\/uploads\/2026\/04\/Klinghaus-feat.-Ray-Gordon-Wildflowers-After-Rain-300x300.jpeg\" alt=\"\" width=\"70\" height=\"70\" srcset=\"https:\/\/bergers-schlagerparadies.de\/wp-content\/uploads\/2026\/04\/Klinghaus-feat.-Ray-Gordon-Wildflowers-After-Rain-300x300.jpeg 300w, https:\/\/bergers-schlagerparadies.de\/wp-content\/uploads\/2026\/04\/Klinghaus-feat.-Ray-Gordon-Wildflowers-After-Rain-1024x1024.jpeg 1024w, https:\/\/bergers-schlagerparadies.de\/wp-content\/uploads\/2026\/04\/Klinghaus-feat.-Ray-Gordon-Wildflowers-After-Rain-150x150.jpeg 150w, https:\/\/bergers-schlagerparadies.de\/wp-content\/uploads\/2026\/04\/Klinghaus-feat.-Ray-Gordon-Wildflowers-After-Rain-768x768.jpeg 768w, https:\/\/bergers-schlagerparadies.de\/wp-content\/uploads\/2026\/04\/Klinghaus-feat.-Ray-Gordon-Wildflowers-After-Rain-1188x1188.jpeg 1188w, https:\/\/bergers-schlagerparadies.de\/wp-content\/uploads\/2026\/04\/Klinghaus-feat.-Ray-Gordon-Wildflowers-After-Rain-100x100.jpeg 100w, https:\/\/bergers-schlagerparadies.de\/wp-content\/uploads\/2026\/04\/Klinghaus-feat.-Ray-Gordon-Wildflowers-After-Rain.jpeg 1200w\" sizes=\"auto, (max-width: 70px) 100vw, 70px\" \/>\u00a0 Klinghaus<\/span> feat. <span style=\"color: #800000;\">Ray Gordon<\/span> &#8211; Wildflowers After Rain ( <span style=\"color: #800000;\">Ton Sur Ton Production<\/span>\u00a0)<\/strong><\/li>\n<li><strong><span style=\"color: #800000;\"><img loading=\"lazy\" decoding=\"async\" class=\"alignnone wp-image-43276\" src=\"https:\/\/bergers-schlagerparadies.de\/wp-content\/uploads\/2026\/04\/Maria-Ryka-\u2013-Buenas-Noches-Senor-300x300.jpg\" alt=\"\" width=\"70\" height=\"70\" srcset=\"https:\/\/bergers-schlagerparadies.de\/wp-content\/uploads\/2026\/04\/Maria-Ryka-\u2013-Buenas-Noches-Senor-300x300.jpg 300w, https:\/\/bergers-schlagerparadies.de\/wp-content\/uploads\/2026\/04\/Maria-Ryka-\u2013-Buenas-Noches-Senor-1024x1024.jpg 1024w, https:\/\/bergers-schlagerparadies.de\/wp-content\/uploads\/2026\/04\/Maria-Ryka-\u2013-Buenas-Noches-Senor-150x150.jpg 150w, https:\/\/bergers-schlagerparadies.de\/wp-content\/uploads\/2026\/04\/Maria-Ryka-\u2013-Buenas-Noches-Senor-768x768.jpg 768w, https:\/\/bergers-schlagerparadies.de\/wp-content\/uploads\/2026\/04\/Maria-Ryka-\u2013-Buenas-Noches-Senor-1536x1536.jpg 1536w, https:\/\/bergers-schlagerparadies.de\/wp-content\/uploads\/2026\/04\/Maria-Ryka-\u2013-Buenas-Noches-Senor-2048x2048.jpg 2048w, https:\/\/bergers-schlagerparadies.de\/wp-content\/uploads\/2026\/04\/Maria-Ryka-\u2013-Buenas-Noches-Senor-1200x1200.jpg 1200w, https:\/\/bergers-schlagerparadies.de\/wp-content\/uploads\/2026\/04\/Maria-Ryka-\u2013-Buenas-Noches-Senor-1188x1188.jpg 1188w, https:\/\/bergers-schlagerparadies.de\/wp-content\/uploads\/2026\/04\/Maria-Ryka-\u2013-Buenas-Noches-Senor-100x100.jpg 100w\" sizes=\"auto, (max-width: 70px) 100vw, 70px\" \/>\u00a0 Maria Ryka<\/span> &#8211; Buenas Noches Senor ( <span style=\"color: #800000;\">Fiesta Records<\/span> )<\/strong><\/li>\n<li><strong><span style=\"color: #800000;\"><img loading=\"lazy\" decoding=\"async\" class=\"alignnone wp-image-43285\" src=\"https:\/\/bergers-schlagerparadies.de\/wp-content\/uploads\/2026\/04\/Martin-Jones-RADIO-ON-300x300.jpg\" alt=\"\" width=\"70\" height=\"70\" srcset=\"https:\/\/bergers-schlagerparadies.de\/wp-content\/uploads\/2026\/04\/Martin-Jones-RADIO-ON-300x300.jpg 300w, https:\/\/bergers-schlagerparadies.de\/wp-content\/uploads\/2026\/04\/Martin-Jones-RADIO-ON-1024x1024.jpg 1024w, https:\/\/bergers-schlagerparadies.de\/wp-content\/uploads\/2026\/04\/Martin-Jones-RADIO-ON-150x150.jpg 150w, https:\/\/bergers-schlagerparadies.de\/wp-content\/uploads\/2026\/04\/Martin-Jones-RADIO-ON-768x768.jpg 768w, https:\/\/bergers-schlagerparadies.de\/wp-content\/uploads\/2026\/04\/Martin-Jones-RADIO-ON-1188x1188.jpg 1188w, https:\/\/bergers-schlagerparadies.de\/wp-content\/uploads\/2026\/04\/Martin-Jones-RADIO-ON-100x100.jpg 100w, https:\/\/bergers-schlagerparadies.de\/wp-content\/uploads\/2026\/04\/Martin-Jones-RADIO-ON.jpg 1200w\" sizes=\"auto, (max-width: 70px) 100vw, 70px\" \/>\u00a0 Martin Jones<\/span> &#8211; RADIO ON ( <span style=\"color: #800000;\">JAY KAY Event &amp; Music<\/span>\u00a0)<\/strong><\/li>\n<li><strong><span style=\"color: #800000;\"><img loading=\"lazy\" decoding=\"async\" class=\"alignnone wp-image-43311\" src=\"https:\/\/bergers-schlagerparadies.de\/wp-content\/uploads\/2026\/04\/NEON-Mon-Amour-300x300.jpeg\" alt=\"\" width=\"70\" height=\"70\" srcset=\"https:\/\/bergers-schlagerparadies.de\/wp-content\/uploads\/2026\/04\/NEON-Mon-Amour-300x300.jpeg 300w, https:\/\/bergers-schlagerparadies.de\/wp-content\/uploads\/2026\/04\/NEON-Mon-Amour-1024x1024.jpeg 1024w, https:\/\/bergers-schlagerparadies.de\/wp-content\/uploads\/2026\/04\/NEON-Mon-Amour-150x150.jpeg 150w, https:\/\/bergers-schlagerparadies.de\/wp-content\/uploads\/2026\/04\/NEON-Mon-Amour-768x768.jpeg 768w, https:\/\/bergers-schlagerparadies.de\/wp-content\/uploads\/2026\/04\/NEON-Mon-Amour-1188x1188.jpeg 1188w, https:\/\/bergers-schlagerparadies.de\/wp-content\/uploads\/2026\/04\/NEON-Mon-Amour-100x100.jpeg 100w, https:\/\/bergers-schlagerparadies.de\/wp-content\/uploads\/2026\/04\/NEON-Mon-Amour.jpeg 1200w\" sizes=\"auto, (max-width: 70px) 100vw, 70px\" \/>\u00a0 NEON<\/span> &#8211; Mon Amour ( <span style=\"color: #800000;\">VIA Music Germany<\/span>\u00a0)<\/strong><\/li>\n<li><strong><img loading=\"lazy\" decoding=\"async\" class=\"alignnone wp-image-43159\" src=\"https:\/\/bergers-schlagerparadies.de\/wp-content\/uploads\/2026\/04\/Rene-Ulbrich-Josephine-300x300.jpeg\" alt=\"\" width=\"70\" height=\"70\" srcset=\"https:\/\/bergers-schlagerparadies.de\/wp-content\/uploads\/2026\/04\/Rene-Ulbrich-Josephine-300x300.jpeg 300w, https:\/\/bergers-schlagerparadies.de\/wp-content\/uploads\/2026\/04\/Rene-Ulbrich-Josephine-1024x1024.jpeg 1024w, https:\/\/bergers-schlagerparadies.de\/wp-content\/uploads\/2026\/04\/Rene-Ulbrich-Josephine-150x150.jpeg 150w, https:\/\/bergers-schlagerparadies.de\/wp-content\/uploads\/2026\/04\/Rene-Ulbrich-Josephine-768x768.jpeg 768w, https:\/\/bergers-schlagerparadies.de\/wp-content\/uploads\/2026\/04\/Rene-Ulbrich-Josephine-1536x1536.jpeg 1536w, https:\/\/bergers-schlagerparadies.de\/wp-content\/uploads\/2026\/04\/Rene-Ulbrich-Josephine-2048x2048.jpeg 2048w, https:\/\/bergers-schlagerparadies.de\/wp-content\/uploads\/2026\/04\/Rene-Ulbrich-Josephine-1200x1200.jpeg 1200w, https:\/\/bergers-schlagerparadies.de\/wp-content\/uploads\/2026\/04\/Rene-Ulbrich-Josephine-1188x1188.jpeg 1188w, https:\/\/bergers-schlagerparadies.de\/wp-content\/uploads\/2026\/04\/Rene-Ulbrich-Josephine-100x100.jpeg 100w\" sizes=\"auto, (max-width: 70px) 100vw, 70px\" \/>\u00a0 <span style=\"color: #800000;\">Ren\u00e9 Ulbrich<\/span> &#8211; Josephine ( <span style=\"color: #800000;\">Fiesta Records<\/span> )<\/strong><\/li>\n<li><strong><span style=\"color: #800000;\"><img loading=\"lazy\" decoding=\"async\" class=\"alignnone wp-image-43272\" src=\"https:\/\/bergers-schlagerparadies.de\/wp-content\/uploads\/2026\/04\/REKARDO-OZEAN-AUS-TRAeNEN-300x300.jpeg\" alt=\"\" width=\"70\" height=\"70\" srcset=\"https:\/\/bergers-schlagerparadies.de\/wp-content\/uploads\/2026\/04\/REKARDO-OZEAN-AUS-TRAeNEN-300x300.jpeg 300w, https:\/\/bergers-schlagerparadies.de\/wp-content\/uploads\/2026\/04\/REKARDO-OZEAN-AUS-TRAeNEN-1024x1024.jpeg 1024w, https:\/\/bergers-schlagerparadies.de\/wp-content\/uploads\/2026\/04\/REKARDO-OZEAN-AUS-TRAeNEN-150x150.jpeg 150w, https:\/\/bergers-schlagerparadies.de\/wp-content\/uploads\/2026\/04\/REKARDO-OZEAN-AUS-TRAeNEN-768x768.jpeg 768w, https:\/\/bergers-schlagerparadies.de\/wp-content\/uploads\/2026\/04\/REKARDO-OZEAN-AUS-TRAeNEN-1188x1188.jpeg 1188w, https:\/\/bergers-schlagerparadies.de\/wp-content\/uploads\/2026\/04\/REKARDO-OZEAN-AUS-TRAeNEN-100x100.jpeg 100w, https:\/\/bergers-schlagerparadies.de\/wp-content\/uploads\/2026\/04\/REKARDO-OZEAN-AUS-TRAeNEN.jpeg 1200w\" sizes=\"auto, (max-width: 70px) 100vw, 70px\" \/>\u00a0 REKARDO<\/span> &#8211; OZEAN AUS TR\u00c4NEN ( <span style=\"color: #800000;\">STAR-FILM<\/span>\u00a0)<\/strong><\/li>\n<li><strong><span style=\"color: #800000;\"><img loading=\"lazy\" decoding=\"async\" class=\"alignnone wp-image-43315\" src=\"https:\/\/bergers-schlagerparadies.de\/wp-content\/uploads\/2026\/04\/Robin-Marc-Tinte-300x300.jpeg\" alt=\"\" width=\"70\" height=\"70\" srcset=\"https:\/\/bergers-schlagerparadies.de\/wp-content\/uploads\/2026\/04\/Robin-Marc-Tinte-300x300.jpeg 300w, https:\/\/bergers-schlagerparadies.de\/wp-content\/uploads\/2026\/04\/Robin-Marc-Tinte-1024x1024.jpeg 1024w, https:\/\/bergers-schlagerparadies.de\/wp-content\/uploads\/2026\/04\/Robin-Marc-Tinte-150x150.jpeg 150w, https:\/\/bergers-schlagerparadies.de\/wp-content\/uploads\/2026\/04\/Robin-Marc-Tinte-768x768.jpeg 768w, https:\/\/bergers-schlagerparadies.de\/wp-content\/uploads\/2026\/04\/Robin-Marc-Tinte-1200x1200.jpeg 1200w, https:\/\/bergers-schlagerparadies.de\/wp-content\/uploads\/2026\/04\/Robin-Marc-Tinte-1188x1188.jpeg 1188w, https:\/\/bergers-schlagerparadies.de\/wp-content\/uploads\/2026\/04\/Robin-Marc-Tinte-100x100.jpeg 100w, https:\/\/bergers-schlagerparadies.de\/wp-content\/uploads\/2026\/04\/Robin-Marc-Tinte.jpeg 1500w\" sizes=\"auto, (max-width: 70px) 100vw, 70px\" \/>\u00a0 Robin Marc<\/span> &#8211; Tinte ( <span style=\"color: #800000;\">LC 24625<\/span>\u00a0)<\/strong><\/li>\n<li><strong><span style=\"color: #800000;\"><img loading=\"lazy\" decoding=\"async\" class=\"alignnone wp-image-43319\" src=\"https:\/\/bergers-schlagerparadies.de\/wp-content\/uploads\/2026\/04\/Stephan-Herzog-Engel-oder-Teufel-300x300.jpeg\" alt=\"\" width=\"70\" height=\"70\" srcset=\"https:\/\/bergers-schlagerparadies.de\/wp-content\/uploads\/2026\/04\/Stephan-Herzog-Engel-oder-Teufel-300x300.jpeg 300w, https:\/\/bergers-schlagerparadies.de\/wp-content\/uploads\/2026\/04\/Stephan-Herzog-Engel-oder-Teufel-1024x1024.jpeg 1024w, https:\/\/bergers-schlagerparadies.de\/wp-content\/uploads\/2026\/04\/Stephan-Herzog-Engel-oder-Teufel-150x150.jpeg 150w, https:\/\/bergers-schlagerparadies.de\/wp-content\/uploads\/2026\/04\/Stephan-Herzog-Engel-oder-Teufel-768x768.jpeg 768w, https:\/\/bergers-schlagerparadies.de\/wp-content\/uploads\/2026\/04\/Stephan-Herzog-Engel-oder-Teufel-1536x1536.jpeg 1536w, https:\/\/bergers-schlagerparadies.de\/wp-content\/uploads\/2026\/04\/Stephan-Herzog-Engel-oder-Teufel-2048x2048.jpeg 2048w, https:\/\/bergers-schlagerparadies.de\/wp-content\/uploads\/2026\/04\/Stephan-Herzog-Engel-oder-Teufel-1200x1200.jpeg 1200w, https:\/\/bergers-schlagerparadies.de\/wp-content\/uploads\/2026\/04\/Stephan-Herzog-Engel-oder-Teufel-1188x1188.jpeg 1188w, https:\/\/bergers-schlagerparadies.de\/wp-content\/uploads\/2026\/04\/Stephan-Herzog-Engel-oder-Teufel-100x100.jpeg 100w\" sizes=\"auto, (max-width: 70px) 100vw, 70px\" \/>\u00a0 Stephan Herzog<\/span> &#8211; Engel oder Teufel ( <span style=\"color: #800000;\">TTO MUSIK &#8211; LC 96804<\/span>\u00a0)<\/strong><\/li>\n<li><strong><span style=\"color: #800000;\"><img loading=\"lazy\" decoding=\"async\" class=\"alignnone wp-image-43289\" src=\"https:\/\/bergers-schlagerparadies.de\/wp-content\/uploads\/2026\/04\/Solarkreis-Irgendwann-300x300.jpg\" alt=\"\" width=\"70\" height=\"70\" srcset=\"https:\/\/bergers-schlagerparadies.de\/wp-content\/uploads\/2026\/04\/Solarkreis-Irgendwann-300x300.jpg 300w, https:\/\/bergers-schlagerparadies.de\/wp-content\/uploads\/2026\/04\/Solarkreis-Irgendwann-1024x1024.jpg 1024w, https:\/\/bergers-schlagerparadies.de\/wp-content\/uploads\/2026\/04\/Solarkreis-Irgendwann-150x150.jpg 150w, https:\/\/bergers-schlagerparadies.de\/wp-content\/uploads\/2026\/04\/Solarkreis-Irgendwann-768x768.jpg 768w, https:\/\/bergers-schlagerparadies.de\/wp-content\/uploads\/2026\/04\/Solarkreis-Irgendwann-1188x1188.jpg 1188w, https:\/\/bergers-schlagerparadies.de\/wp-content\/uploads\/2026\/04\/Solarkreis-Irgendwann-100x100.jpg 100w, https:\/\/bergers-schlagerparadies.de\/wp-content\/uploads\/2026\/04\/Solarkreis-Irgendwann.jpg 1200w\" sizes=\"auto, (max-width: 70px) 100vw, 70px\" \/>\u00a0 Solarkreis<\/span> &#8211; Irgendwann ( <span style=\"color: #800000;\">superlifepromo<\/span>\u00a0)<\/strong><\/li>\n<li><strong><span style=\"color: #800000;\"><img loading=\"lazy\" decoding=\"async\" class=\"alignnone wp-image-43119\" src=\"https:\/\/bergers-schlagerparadies.de\/wp-content\/uploads\/2026\/04\/Tom-Wills-x-Sholz-Y-LAID-300x300.jpeg\" alt=\"\" width=\"70\" height=\"70\" srcset=\"https:\/\/bergers-schlagerparadies.de\/wp-content\/uploads\/2026\/04\/Tom-Wills-x-Sholz-Y-LAID-300x300.jpeg 300w, https:\/\/bergers-schlagerparadies.de\/wp-content\/uploads\/2026\/04\/Tom-Wills-x-Sholz-Y-LAID-1024x1024.jpeg 1024w, https:\/\/bergers-schlagerparadies.de\/wp-content\/uploads\/2026\/04\/Tom-Wills-x-Sholz-Y-LAID-150x150.jpeg 150w, https:\/\/bergers-schlagerparadies.de\/wp-content\/uploads\/2026\/04\/Tom-Wills-x-Sholz-Y-LAID-768x768.jpeg 768w, https:\/\/bergers-schlagerparadies.de\/wp-content\/uploads\/2026\/04\/Tom-Wills-x-Sholz-Y-LAID-1536x1536.jpeg 1536w, https:\/\/bergers-schlagerparadies.de\/wp-content\/uploads\/2026\/04\/Tom-Wills-x-Sholz-Y-LAID-2048x2048.jpeg 2048w, https:\/\/bergers-schlagerparadies.de\/wp-content\/uploads\/2026\/04\/Tom-Wills-x-Sholz-Y-LAID-1200x1200.jpeg 1200w, https:\/\/bergers-schlagerparadies.de\/wp-content\/uploads\/2026\/04\/Tom-Wills-x-Sholz-Y-LAID-1188x1188.jpeg 1188w, https:\/\/bergers-schlagerparadies.de\/wp-content\/uploads\/2026\/04\/Tom-Wills-x-Sholz-Y-LAID-100x100.jpeg 100w\" sizes=\"auto, (max-width: 70px) 100vw, 70px\" \/>\u00a0 Tom Wills<\/span> x <span style=\"color: #800000;\">Sholz-Y<\/span> &#8211; LAID ( <span style=\"color: #800000;\">The Dance Division<\/span>\u00a0)<\/strong><\/li>\n<li><strong><span style=\"color: #800000;\"><img loading=\"lazy\" decoding=\"async\" class=\"alignnone wp-image-43083\" src=\"https:\/\/bergers-schlagerparadies.de\/wp-content\/uploads\/2026\/04\/Vanessa-Dollinger-Hey-Hey-300x300.jpeg\" alt=\"\" width=\"70\" height=\"70\" srcset=\"https:\/\/bergers-schlagerparadies.de\/wp-content\/uploads\/2026\/04\/Vanessa-Dollinger-Hey-Hey-300x300.jpeg 300w, https:\/\/bergers-schlagerparadies.de\/wp-content\/uploads\/2026\/04\/Vanessa-Dollinger-Hey-Hey-1024x1024.jpeg 1024w, https:\/\/bergers-schlagerparadies.de\/wp-content\/uploads\/2026\/04\/Vanessa-Dollinger-Hey-Hey-150x150.jpeg 150w, https:\/\/bergers-schlagerparadies.de\/wp-content\/uploads\/2026\/04\/Vanessa-Dollinger-Hey-Hey-768x768.jpeg 768w, https:\/\/bergers-schlagerparadies.de\/wp-content\/uploads\/2026\/04\/Vanessa-Dollinger-Hey-Hey-1536x1536.jpeg 1536w, https:\/\/bergers-schlagerparadies.de\/wp-content\/uploads\/2026\/04\/Vanessa-Dollinger-Hey-Hey-2048x2048.jpeg 2048w, https:\/\/bergers-schlagerparadies.de\/wp-content\/uploads\/2026\/04\/Vanessa-Dollinger-Hey-Hey-1200x1200.jpeg 1200w, https:\/\/bergers-schlagerparadies.de\/wp-content\/uploads\/2026\/04\/Vanessa-Dollinger-Hey-Hey-1188x1188.jpeg 1188w, https:\/\/bergers-schlagerparadies.de\/wp-content\/uploads\/2026\/04\/Vanessa-Dollinger-Hey-Hey-100x100.jpeg 100w\" sizes=\"auto, (max-width: 70px) 100vw, 70px\" \/>\u00a0 Vanessa Dollinger<\/span> &#8211; Hey! Hey! ( <span style=\"color: #800000;\">Rabelarte Records<\/span>\u00a0)<\/strong><\/li>\n<\/ul>\n<p><span style=\"font-size: 12pt;\"><strong><em><span style=\"color: #666699;\">Neuvorstellungen<\/span><\/em><em><span style=\"color: #666699;\"> in dieser Woche: mit V\u00d6: <\/span><span style=\"color: #666699;\"><span style=\"color: #800000;\">24<\/span><\/span><span style=\"color: #666699;\"><span style=\"color: #993366; font-size: 14pt;\">. April 2026 <\/span>&#8211; 17<\/span><span style=\"color: #808080;\">KW<\/span><\/em><\/strong><\/span><\/p>\n<ul>\n<li><strong><span style=\"color: #800000;\"><img loading=\"lazy\" decoding=\"async\" class=\"alignnone wp-image-43168\" src=\"https:\/\/bergers-schlagerparadies.de\/wp-content\/uploads\/2026\/04\/Beatrice-Egli-Hoer-nie-auf-damit-2.0-Album-300x300.jpeg\" alt=\"\" width=\"70\" height=\"70\" srcset=\"https:\/\/bergers-schlagerparadies.de\/wp-content\/uploads\/2026\/04\/Beatrice-Egli-Hoer-nie-auf-damit-2.0-Album-300x300.jpeg 300w, https:\/\/bergers-schlagerparadies.de\/wp-content\/uploads\/2026\/04\/Beatrice-Egli-Hoer-nie-auf-damit-2.0-Album-1024x1024.jpeg 1024w, https:\/\/bergers-schlagerparadies.de\/wp-content\/uploads\/2026\/04\/Beatrice-Egli-Hoer-nie-auf-damit-2.0-Album-150x150.jpeg 150w, https:\/\/bergers-schlagerparadies.de\/wp-content\/uploads\/2026\/04\/Beatrice-Egli-Hoer-nie-auf-damit-2.0-Album-768x768.jpeg 768w, https:\/\/bergers-schlagerparadies.de\/wp-content\/uploads\/2026\/04\/Beatrice-Egli-Hoer-nie-auf-damit-2.0-Album-1188x1188.jpeg 1188w, https:\/\/bergers-schlagerparadies.de\/wp-content\/uploads\/2026\/04\/Beatrice-Egli-Hoer-nie-auf-damit-2.0-Album-100x100.jpeg 100w, https:\/\/bergers-schlagerparadies.de\/wp-content\/uploads\/2026\/04\/Beatrice-Egli-Hoer-nie-auf-damit-2.0-Album.jpeg 1200w\" sizes=\"auto, (max-width: 70px) 100vw, 70px\" \/>\u00a0 Beatrice Egli<\/span> &#8211; H\u00f6r nie auf damit 2.0 (Album) (<span style=\"color: #800000;\"> SMA\/ Ariola <\/span>) <\/strong><\/li>\n<li><strong><span style=\"color: #800000;\"><img loading=\"lazy\" decoding=\"async\" class=\"alignnone wp-image-42830\" src=\"https:\/\/bergers-schlagerparadies.de\/wp-content\/uploads\/2026\/04\/Chris-Doerk-Schenk-jedem-Tag-ein-Lachen-Album-300x300.jpeg\" alt=\"\" width=\"70\" height=\"70\" srcset=\"https:\/\/bergers-schlagerparadies.de\/wp-content\/uploads\/2026\/04\/Chris-Doerk-Schenk-jedem-Tag-ein-Lachen-Album-300x300.jpeg 300w, https:\/\/bergers-schlagerparadies.de\/wp-content\/uploads\/2026\/04\/Chris-Doerk-Schenk-jedem-Tag-ein-Lachen-Album-1024x1024.jpeg 1024w, https:\/\/bergers-schlagerparadies.de\/wp-content\/uploads\/2026\/04\/Chris-Doerk-Schenk-jedem-Tag-ein-Lachen-Album-150x150.jpeg 150w, https:\/\/bergers-schlagerparadies.de\/wp-content\/uploads\/2026\/04\/Chris-Doerk-Schenk-jedem-Tag-ein-Lachen-Album-768x768.jpeg 768w, https:\/\/bergers-schlagerparadies.de\/wp-content\/uploads\/2026\/04\/Chris-Doerk-Schenk-jedem-Tag-ein-Lachen-Album-1188x1188.jpeg 1188w, https:\/\/bergers-schlagerparadies.de\/wp-content\/uploads\/2026\/04\/Chris-Doerk-Schenk-jedem-Tag-ein-Lachen-Album-100x100.jpeg 100w, https:\/\/bergers-schlagerparadies.de\/wp-content\/uploads\/2026\/04\/Chris-Doerk-Schenk-jedem-Tag-ein-Lachen-Album.jpeg 1200w\" sizes=\"auto, (max-width: 70px) 100vw, 70px\" \/>\u00a0 Chris Doerk<\/span> &#8211; Schenk jedem Tag ein Lachen (<span style=\"color: #800000;\">Album<\/span>) ( <span style=\"color: #800000; font-size: 10pt;\">StonelandEMOTION<\/span>\u00a0)<\/strong><\/li>\n<li><strong><span style=\"color: #800000;\"><img loading=\"lazy\" decoding=\"async\" class=\"alignnone wp-image-43172\" src=\"https:\/\/bergers-schlagerparadies.de\/wp-content\/uploads\/2026\/04\/DJ-Oetzi-OeHA-Album-300x300.jpeg\" alt=\"\" width=\"71\" height=\"71\" srcset=\"https:\/\/bergers-schlagerparadies.de\/wp-content\/uploads\/2026\/04\/DJ-Oetzi-OeHA-Album-300x300.jpeg 300w, https:\/\/bergers-schlagerparadies.de\/wp-content\/uploads\/2026\/04\/DJ-Oetzi-OeHA-Album-1024x1024.jpeg 1024w, https:\/\/bergers-schlagerparadies.de\/wp-content\/uploads\/2026\/04\/DJ-Oetzi-OeHA-Album-150x150.jpeg 150w, https:\/\/bergers-schlagerparadies.de\/wp-content\/uploads\/2026\/04\/DJ-Oetzi-OeHA-Album-768x768.jpeg 768w, https:\/\/bergers-schlagerparadies.de\/wp-content\/uploads\/2026\/04\/DJ-Oetzi-OeHA-Album-1536x1536.jpeg 1536w, https:\/\/bergers-schlagerparadies.de\/wp-content\/uploads\/2026\/04\/DJ-Oetzi-OeHA-Album-2048x2048.jpeg 2048w, https:\/\/bergers-schlagerparadies.de\/wp-content\/uploads\/2026\/04\/DJ-Oetzi-OeHA-Album-1200x1200.jpeg 1200w, https:\/\/bergers-schlagerparadies.de\/wp-content\/uploads\/2026\/04\/DJ-Oetzi-OeHA-Album-1188x1188.jpeg 1188w, https:\/\/bergers-schlagerparadies.de\/wp-content\/uploads\/2026\/04\/DJ-Oetzi-OeHA-Album-100x100.jpeg 100w\" sizes=\"auto, (max-width: 71px) 100vw, 71px\" \/>\u00a0 DJ \u00d6tzi<\/span> &#8211; \u00d6HA (<span style=\"color: #800000;\">Album<\/span>) (<span style=\"color: #800000;\"> Madizin Music\/Believe <\/span>)<\/strong><\/li>\n<li><strong><span style=\"color: #800000;\"><img loading=\"lazy\" decoding=\"async\" class=\"alignnone wp-image-43177\" src=\"https:\/\/bergers-schlagerparadies.de\/wp-content\/uploads\/2026\/04\/Fresh-and-Fun-Zur-Feier-des-Tages-300x300.jpeg\" alt=\"\" width=\"70\" height=\"70\" srcset=\"https:\/\/bergers-schlagerparadies.de\/wp-content\/uploads\/2026\/04\/Fresh-and-Fun-Zur-Feier-des-Tages-300x300.jpeg 300w, https:\/\/bergers-schlagerparadies.de\/wp-content\/uploads\/2026\/04\/Fresh-and-Fun-Zur-Feier-des-Tages-1024x1024.jpeg 1024w, https:\/\/bergers-schlagerparadies.de\/wp-content\/uploads\/2026\/04\/Fresh-and-Fun-Zur-Feier-des-Tages-150x150.jpeg 150w, https:\/\/bergers-schlagerparadies.de\/wp-content\/uploads\/2026\/04\/Fresh-and-Fun-Zur-Feier-des-Tages-768x768.jpeg 768w, https:\/\/bergers-schlagerparadies.de\/wp-content\/uploads\/2026\/04\/Fresh-and-Fun-Zur-Feier-des-Tages-1536x1536.jpeg 1536w, https:\/\/bergers-schlagerparadies.de\/wp-content\/uploads\/2026\/04\/Fresh-and-Fun-Zur-Feier-des-Tages-2048x2048.jpeg 2048w, https:\/\/bergers-schlagerparadies.de\/wp-content\/uploads\/2026\/04\/Fresh-and-Fun-Zur-Feier-des-Tages-1200x1200.jpeg 1200w, https:\/\/bergers-schlagerparadies.de\/wp-content\/uploads\/2026\/04\/Fresh-and-Fun-Zur-Feier-des-Tages-1188x1188.jpeg 1188w, https:\/\/bergers-schlagerparadies.de\/wp-content\/uploads\/2026\/04\/Fresh-and-Fun-Zur-Feier-des-Tages-100x100.jpeg 100w\" sizes=\"auto, (max-width: 70px) 100vw, 70px\" \/>\u00a0 Fresh and Fun<\/span> &#8211; Zur Feier des Tages (<span style=\"color: #800000;\"> NIGHTPULSE RECORDS <\/span>)<\/strong><\/li>\n<li><strong><span style=\"color: #800000;\"><img loading=\"lazy\" decoding=\"async\" class=\"alignnone wp-image-43079\" src=\"https:\/\/bergers-schlagerparadies.de\/wp-content\/uploads\/2026\/04\/Leo-Aberer-Nachspielzeit-Album-300x300.jpeg\" alt=\"\" width=\"70\" height=\"70\" srcset=\"https:\/\/bergers-schlagerparadies.de\/wp-content\/uploads\/2026\/04\/Leo-Aberer-Nachspielzeit-Album-300x300.jpeg 300w, https:\/\/bergers-schlagerparadies.de\/wp-content\/uploads\/2026\/04\/Leo-Aberer-Nachspielzeit-Album-1024x1024.jpeg 1024w, https:\/\/bergers-schlagerparadies.de\/wp-content\/uploads\/2026\/04\/Leo-Aberer-Nachspielzeit-Album-150x150.jpeg 150w, https:\/\/bergers-schlagerparadies.de\/wp-content\/uploads\/2026\/04\/Leo-Aberer-Nachspielzeit-Album-768x768.jpeg 768w, https:\/\/bergers-schlagerparadies.de\/wp-content\/uploads\/2026\/04\/Leo-Aberer-Nachspielzeit-Album-1188x1188.jpeg 1188w, https:\/\/bergers-schlagerparadies.de\/wp-content\/uploads\/2026\/04\/Leo-Aberer-Nachspielzeit-Album-100x100.jpeg 100w, https:\/\/bergers-schlagerparadies.de\/wp-content\/uploads\/2026\/04\/Leo-Aberer-Nachspielzeit-Album.jpeg 1200w\" sizes=\"auto, (max-width: 70px) 100vw, 70px\" \/>\u00a0 Leo Aberer<\/span> &#8211; Nachspielzeit (<span style=\"color: #800000;\">Album<\/span>) (<span style=\"color: #800000;\"> Black Barracuda <\/span>)<\/strong><\/li>\n<li><strong><span style=\"color: #800000;\"><img loading=\"lazy\" decoding=\"async\" class=\"alignnone wp-image-43072\" src=\"https:\/\/bergers-schlagerparadies.de\/wp-content\/uploads\/2026\/04\/Mode-One-Stay-With-me-The-Fourth-Album-Album-300x300.jpeg\" alt=\"\" width=\"70\" height=\"70\" srcset=\"https:\/\/bergers-schlagerparadies.de\/wp-content\/uploads\/2026\/04\/Mode-One-Stay-With-me-The-Fourth-Album-Album-300x300.jpeg 300w, https:\/\/bergers-schlagerparadies.de\/wp-content\/uploads\/2026\/04\/Mode-One-Stay-With-me-The-Fourth-Album-Album-1024x1024.jpeg 1024w, https:\/\/bergers-schlagerparadies.de\/wp-content\/uploads\/2026\/04\/Mode-One-Stay-With-me-The-Fourth-Album-Album-150x150.jpeg 150w, https:\/\/bergers-schlagerparadies.de\/wp-content\/uploads\/2026\/04\/Mode-One-Stay-With-me-The-Fourth-Album-Album-768x768.jpeg 768w, https:\/\/bergers-schlagerparadies.de\/wp-content\/uploads\/2026\/04\/Mode-One-Stay-With-me-The-Fourth-Album-Album-1188x1188.jpeg 1188w, https:\/\/bergers-schlagerparadies.de\/wp-content\/uploads\/2026\/04\/Mode-One-Stay-With-me-The-Fourth-Album-Album-100x100.jpeg 100w, https:\/\/bergers-schlagerparadies.de\/wp-content\/uploads\/2026\/04\/Mode-One-Stay-With-me-The-Fourth-Album-Album.jpeg 1200w\" sizes=\"auto, (max-width: 70px) 100vw, 70px\" \/>\u00a0 Mode-One<\/span> &#8211; Stay With me (The Fourth Album) (<span style=\"color: #800000;\">Album<\/span>) (<span style=\"color: #800000; font-size: 10pt;\"> Team 33 Music S.L.<\/span>)<\/strong><\/li>\n<li><strong><span style=\"color: #800000;\"><img loading=\"lazy\" decoding=\"async\" class=\"alignnone wp-image-43115\" src=\"https:\/\/bergers-schlagerparadies.de\/wp-content\/uploads\/2026\/04\/Rainhard-Fendrich-45-Jahre-Live-Album-300x298.jpeg\" alt=\"\" width=\"70\" height=\"70\" srcset=\"https:\/\/bergers-schlagerparadies.de\/wp-content\/uploads\/2026\/04\/Rainhard-Fendrich-45-Jahre-Live-Album-300x298.jpeg 300w, https:\/\/bergers-schlagerparadies.de\/wp-content\/uploads\/2026\/04\/Rainhard-Fendrich-45-Jahre-Live-Album-1024x1015.jpeg 1024w, https:\/\/bergers-schlagerparadies.de\/wp-content\/uploads\/2026\/04\/Rainhard-Fendrich-45-Jahre-Live-Album-150x150.jpeg 150w, https:\/\/bergers-schlagerparadies.de\/wp-content\/uploads\/2026\/04\/Rainhard-Fendrich-45-Jahre-Live-Album-768x762.jpeg 768w, https:\/\/bergers-schlagerparadies.de\/wp-content\/uploads\/2026\/04\/Rainhard-Fendrich-45-Jahre-Live-Album-1188x1178.jpeg 1188w, https:\/\/bergers-schlagerparadies.de\/wp-content\/uploads\/2026\/04\/Rainhard-Fendrich-45-Jahre-Live-Album-100x100.jpeg 100w, https:\/\/bergers-schlagerparadies.de\/wp-content\/uploads\/2026\/04\/Rainhard-Fendrich-45-Jahre-Live-Album.jpeg 1200w\" sizes=\"auto, (max-width: 70px) 100vw, 70px\" \/>\u00a0 Rainhard Fendrich<\/span> &#8211; 45 Jahre (Live) (<span style=\"color: #800000;\">Album<\/span>) ( <span style=\"color: #800000;\">RJF Musik<\/span>\u00a0)<\/strong><\/li>\n<li><span style=\"color: #800000;\"><strong>&#8212;&#8212;&#8212;&#8212;&#8212;&#8212;&#8212;&#8212;&#8212;&#8212;&#8212;&#8212;&#8212;&#8212;&#8212;&#8212;&#8212;&#8212;&#8212;&#8212;&#8212;&#8212;&#8212;&#8212;&#8212;&#8212;&#8212;&#8212;&#8212;&#8212;&#8212;<\/strong><\/span><\/li>\n<li><strong><span style=\"color: #800000;\"><img loading=\"lazy\" decoding=\"async\" class=\"alignnone wp-image-43065\" src=\"https:\/\/bergers-schlagerparadies.de\/wp-content\/uploads\/2026\/04\/Agatha-Singer-Herz-gesucht-300x300.jpeg\" alt=\"\" width=\"70\" height=\"70\" srcset=\"https:\/\/bergers-schlagerparadies.de\/wp-content\/uploads\/2026\/04\/Agatha-Singer-Herz-gesucht-300x300.jpeg 300w, https:\/\/bergers-schlagerparadies.de\/wp-content\/uploads\/2026\/04\/Agatha-Singer-Herz-gesucht-1024x1024.jpeg 1024w, https:\/\/bergers-schlagerparadies.de\/wp-content\/uploads\/2026\/04\/Agatha-Singer-Herz-gesucht-150x150.jpeg 150w, https:\/\/bergers-schlagerparadies.de\/wp-content\/uploads\/2026\/04\/Agatha-Singer-Herz-gesucht-768x768.jpeg 768w, https:\/\/bergers-schlagerparadies.de\/wp-content\/uploads\/2026\/04\/Agatha-Singer-Herz-gesucht-1536x1536.jpeg 1536w, https:\/\/bergers-schlagerparadies.de\/wp-content\/uploads\/2026\/04\/Agatha-Singer-Herz-gesucht-2048x2048.jpeg 2048w, https:\/\/bergers-schlagerparadies.de\/wp-content\/uploads\/2026\/04\/Agatha-Singer-Herz-gesucht-1200x1200.jpeg 1200w, https:\/\/bergers-schlagerparadies.de\/wp-content\/uploads\/2026\/04\/Agatha-Singer-Herz-gesucht-1188x1188.jpeg 1188w, https:\/\/bergers-schlagerparadies.de\/wp-content\/uploads\/2026\/04\/Agatha-Singer-Herz-gesucht-100x100.jpeg 100w\" sizes=\"auto, (max-width: 70px) 100vw, 70px\" \/>\u00a0 Agatha Singer<\/span> &#8211; Herz gesucht (<span style=\"color: #800000;\"> JUNIRECORDS\u00a0<\/span>)<\/strong><\/li>\n<li><strong><span style=\"color: #800000;\"><img loading=\"lazy\" decoding=\"async\" class=\"alignnone wp-image-42658\" src=\"https:\/\/bergers-schlagerparadies.de\/wp-content\/uploads\/2026\/03\/Brian-Berger-25.-Hochzeitstag-300x300.jpg\" alt=\"\" width=\"70\" height=\"70\" srcset=\"https:\/\/bergers-schlagerparadies.de\/wp-content\/uploads\/2026\/03\/Brian-Berger-25.-Hochzeitstag-300x300.jpg 300w, https:\/\/bergers-schlagerparadies.de\/wp-content\/uploads\/2026\/03\/Brian-Berger-25.-Hochzeitstag-150x150.jpg 150w, https:\/\/bergers-schlagerparadies.de\/wp-content\/uploads\/2026\/03\/Brian-Berger-25.-Hochzeitstag-100x100.jpg 100w, https:\/\/bergers-schlagerparadies.de\/wp-content\/uploads\/2026\/03\/Brian-Berger-25.-Hochzeitstag.jpg 500w\" sizes=\"auto, (max-width: 70px) 100vw, 70px\" \/>\u00a0 Brian Berger<\/span> &#8211; 25. Hochzeitstag von Claudia und Frank ( <span style=\"color: #800000;\">Bergers\u00a0Records<\/span>\u00a0)<\/strong><\/li>\n<li><strong><span style=\"color: #800000;\"><img loading=\"lazy\" decoding=\"async\" class=\"alignnone wp-image-43139\" src=\"https:\/\/bergers-schlagerparadies.de\/wp-content\/uploads\/2026\/04\/Chriss-Martin-Himmel-Hoelle-300x300.jpeg\" alt=\"\" width=\"70\" height=\"70\" srcset=\"https:\/\/bergers-schlagerparadies.de\/wp-content\/uploads\/2026\/04\/Chriss-Martin-Himmel-Hoelle-300x300.jpeg 300w, https:\/\/bergers-schlagerparadies.de\/wp-content\/uploads\/2026\/04\/Chriss-Martin-Himmel-Hoelle-1024x1024.jpeg 1024w, https:\/\/bergers-schlagerparadies.de\/wp-content\/uploads\/2026\/04\/Chriss-Martin-Himmel-Hoelle-150x150.jpeg 150w, https:\/\/bergers-schlagerparadies.de\/wp-content\/uploads\/2026\/04\/Chriss-Martin-Himmel-Hoelle-768x768.jpeg 768w, https:\/\/bergers-schlagerparadies.de\/wp-content\/uploads\/2026\/04\/Chriss-Martin-Himmel-Hoelle-1188x1188.jpeg 1188w, https:\/\/bergers-schlagerparadies.de\/wp-content\/uploads\/2026\/04\/Chriss-Martin-Himmel-Hoelle-100x100.jpeg 100w, https:\/\/bergers-schlagerparadies.de\/wp-content\/uploads\/2026\/04\/Chriss-Martin-Himmel-Hoelle.jpeg 1200w\" sizes=\"auto, (max-width: 70px) 100vw, 70px\" \/>\u00a0 Chriss Martin<\/span> &#8211; Himmel &amp; H\u00f6lle ( <span style=\"color: #800000;\">Beatdesigner<\/span>\u00a0)<\/strong><\/li>\n<li><strong><span style=\"color: #800000;\"><img loading=\"lazy\" decoding=\"async\" class=\"alignnone wp-image-43075\" src=\"https:\/\/bergers-schlagerparadies.de\/wp-content\/uploads\/2026\/04\/DJ-Beatboy-Con-Fuego-300x300.jpeg\" alt=\"\" width=\"70\" height=\"70\" srcset=\"https:\/\/bergers-schlagerparadies.de\/wp-content\/uploads\/2026\/04\/DJ-Beatboy-Con-Fuego-300x300.jpeg 300w, https:\/\/bergers-schlagerparadies.de\/wp-content\/uploads\/2026\/04\/DJ-Beatboy-Con-Fuego-1024x1024.jpeg 1024w, https:\/\/bergers-schlagerparadies.de\/wp-content\/uploads\/2026\/04\/DJ-Beatboy-Con-Fuego-150x150.jpeg 150w, https:\/\/bergers-schlagerparadies.de\/wp-content\/uploads\/2026\/04\/DJ-Beatboy-Con-Fuego-768x768.jpeg 768w, https:\/\/bergers-schlagerparadies.de\/wp-content\/uploads\/2026\/04\/DJ-Beatboy-Con-Fuego-1188x1188.jpeg 1188w, https:\/\/bergers-schlagerparadies.de\/wp-content\/uploads\/2026\/04\/DJ-Beatboy-Con-Fuego-100x100.jpeg 100w, https:\/\/bergers-schlagerparadies.de\/wp-content\/uploads\/2026\/04\/DJ-Beatboy-Con-Fuego.jpeg 1200w\" sizes=\"auto, (max-width: 70px) 100vw, 70px\" \/>\u00a0 DJ Beatboy<\/span> &#8211; Con Fuego ( <span style=\"color: #800000;\">Beatboy Records<\/span>\u00a0)<\/strong><\/li>\n<li><strong><span style=\"color: #800000;\"><img loading=\"lazy\" decoding=\"async\" class=\"alignnone wp-image-42391\" src=\"https:\/\/bergers-schlagerparadies.de\/wp-content\/uploads\/2026\/04\/DJ-GerreG-\u2013-Miau-Miau-Party-300x300.jpg\" alt=\"\" width=\"70\" height=\"70\" srcset=\"https:\/\/bergers-schlagerparadies.de\/wp-content\/uploads\/2026\/04\/DJ-GerreG-\u2013-Miau-Miau-Party-300x300.jpg 300w, https:\/\/bergers-schlagerparadies.de\/wp-content\/uploads\/2026\/04\/DJ-GerreG-\u2013-Miau-Miau-Party-150x150.jpg 150w, https:\/\/bergers-schlagerparadies.de\/wp-content\/uploads\/2026\/04\/DJ-GerreG-\u2013-Miau-Miau-Party-768x768.jpg 768w, https:\/\/bergers-schlagerparadies.de\/wp-content\/uploads\/2026\/04\/DJ-GerreG-\u2013-Miau-Miau-Party-100x100.jpg 100w, https:\/\/bergers-schlagerparadies.de\/wp-content\/uploads\/2026\/04\/DJ-GerreG-\u2013-Miau-Miau-Party.jpg 1024w\" sizes=\"auto, (max-width: 70px) 100vw, 70px\" \/>\u00a0 DJ GerreG<\/span> \u2013 Miau Miau Party ( <span style=\"color: #800000;\">G-MusiQ Records<\/span>\u00a0)<\/strong><\/li>\n<li><strong><img loading=\"lazy\" decoding=\"async\" class=\"alignnone wp-image-43069\" src=\"https:\/\/bergers-schlagerparadies.de\/wp-content\/uploads\/2026\/04\/Elizabeth-Powerlady-Ich-werd-mein-Herz-dir-schenken-300x300.jpeg\" alt=\"\" width=\"70\" height=\"70\" srcset=\"https:\/\/bergers-schlagerparadies.de\/wp-content\/uploads\/2026\/04\/Elizabeth-Powerlady-Ich-werd-mein-Herz-dir-schenken-300x300.jpeg 300w, https:\/\/bergers-schlagerparadies.de\/wp-content\/uploads\/2026\/04\/Elizabeth-Powerlady-Ich-werd-mein-Herz-dir-schenken-1024x1024.jpeg 1024w, https:\/\/bergers-schlagerparadies.de\/wp-content\/uploads\/2026\/04\/Elizabeth-Powerlady-Ich-werd-mein-Herz-dir-schenken-150x150.jpeg 150w, https:\/\/bergers-schlagerparadies.de\/wp-content\/uploads\/2026\/04\/Elizabeth-Powerlady-Ich-werd-mein-Herz-dir-schenken-768x768.jpeg 768w, https:\/\/bergers-schlagerparadies.de\/wp-content\/uploads\/2026\/04\/Elizabeth-Powerlady-Ich-werd-mein-Herz-dir-schenken-1536x1536.jpeg 1536w, https:\/\/bergers-schlagerparadies.de\/wp-content\/uploads\/2026\/04\/Elizabeth-Powerlady-Ich-werd-mein-Herz-dir-schenken-2048x2048.jpeg 2048w, https:\/\/bergers-schlagerparadies.de\/wp-content\/uploads\/2026\/04\/Elizabeth-Powerlady-Ich-werd-mein-Herz-dir-schenken-1200x1200.jpeg 1200w, https:\/\/bergers-schlagerparadies.de\/wp-content\/uploads\/2026\/04\/Elizabeth-Powerlady-Ich-werd-mein-Herz-dir-schenken-1188x1188.jpeg 1188w, https:\/\/bergers-schlagerparadies.de\/wp-content\/uploads\/2026\/04\/Elizabeth-Powerlady-Ich-werd-mein-Herz-dir-schenken-100x100.jpeg 100w\" sizes=\"auto, (max-width: 70px) 100vw, 70px\" \/>\u00a0 <span style=\"color: #800000;\">Elizabeth Powerlady<\/span> &#8211; Ich werd mein Herz dir schenken ( <span style=\"color: #800000;\">HEDIPHON records<\/span>\u00a0)<\/strong><\/li>\n<li><strong><span style=\"color: #800000;\"><img loading=\"lazy\" decoding=\"async\" class=\"alignnone wp-image-43052\" src=\"https:\/\/bergers-schlagerparadies.de\/wp-content\/uploads\/2026\/04\/Geri-der-Klostertaler-Fuer-immer-bleibst-du-in-mei-Herz-300x300.jpeg\" alt=\"\" width=\"70\" height=\"70\" srcset=\"https:\/\/bergers-schlagerparadies.de\/wp-content\/uploads\/2026\/04\/Geri-der-Klostertaler-Fuer-immer-bleibst-du-in-mei-Herz-300x300.jpeg 300w, https:\/\/bergers-schlagerparadies.de\/wp-content\/uploads\/2026\/04\/Geri-der-Klostertaler-Fuer-immer-bleibst-du-in-mei-Herz-1024x1024.jpeg 1024w, https:\/\/bergers-schlagerparadies.de\/wp-content\/uploads\/2026\/04\/Geri-der-Klostertaler-Fuer-immer-bleibst-du-in-mei-Herz-150x150.jpeg 150w, https:\/\/bergers-schlagerparadies.de\/wp-content\/uploads\/2026\/04\/Geri-der-Klostertaler-Fuer-immer-bleibst-du-in-mei-Herz-768x768.jpeg 768w, https:\/\/bergers-schlagerparadies.de\/wp-content\/uploads\/2026\/04\/Geri-der-Klostertaler-Fuer-immer-bleibst-du-in-mei-Herz-1188x1188.jpeg 1188w, https:\/\/bergers-schlagerparadies.de\/wp-content\/uploads\/2026\/04\/Geri-der-Klostertaler-Fuer-immer-bleibst-du-in-mei-Herz-100x100.jpeg 100w, https:\/\/bergers-schlagerparadies.de\/wp-content\/uploads\/2026\/04\/Geri-der-Klostertaler-Fuer-immer-bleibst-du-in-mei-Herz.jpeg 1200w\" sizes=\"auto, (max-width: 70px) 100vw, 70px\" \/>\u00a0 Geri der Klostertaler<\/span> &#8211; F\u00fcr immer (bleibst du in mei Herz) ( <span style=\"color: #800000;\">G\/T Records<\/span>\u00a0)<\/strong><\/li>\n<li><strong><img loading=\"lazy\" decoding=\"async\" class=\"alignnone wp-image-42986\" src=\"https:\/\/bergers-schlagerparadies.de\/wp-content\/uploads\/2026\/04\/Glockenbach-x-Sam-Harper-Lost-300x300.jpeg\" alt=\"\" width=\"70\" height=\"70\" srcset=\"https:\/\/bergers-schlagerparadies.de\/wp-content\/uploads\/2026\/04\/Glockenbach-x-Sam-Harper-Lost-300x300.jpeg 300w, https:\/\/bergers-schlagerparadies.de\/wp-content\/uploads\/2026\/04\/Glockenbach-x-Sam-Harper-Lost-1024x1024.jpeg 1024w, https:\/\/bergers-schlagerparadies.de\/wp-content\/uploads\/2026\/04\/Glockenbach-x-Sam-Harper-Lost-150x150.jpeg 150w, https:\/\/bergers-schlagerparadies.de\/wp-content\/uploads\/2026\/04\/Glockenbach-x-Sam-Harper-Lost-768x768.jpeg 768w, https:\/\/bergers-schlagerparadies.de\/wp-content\/uploads\/2026\/04\/Glockenbach-x-Sam-Harper-Lost-1188x1188.jpeg 1188w, https:\/\/bergers-schlagerparadies.de\/wp-content\/uploads\/2026\/04\/Glockenbach-x-Sam-Harper-Lost-100x100.jpeg 100w, https:\/\/bergers-schlagerparadies.de\/wp-content\/uploads\/2026\/04\/Glockenbach-x-Sam-Harper-Lost.jpeg 1200w\" sizes=\"auto, (max-width: 70px) 100vw, 70px\" \/>\u00a0 Glockenbach x Sam Harper &#8211; Lost ( <span style=\"color: #800000;\"> Wefor GmbH<\/span>\u00a0)<\/strong><\/li>\n<li><strong><img loading=\"lazy\" decoding=\"async\" class=\"alignnone wp-image-42990\" src=\"https:\/\/bergers-schlagerparadies.de\/wp-content\/uploads\/2026\/04\/Herz.2-Die-Schlageragenten-Marie-300x300.jpeg\" alt=\"\" width=\"70\" height=\"70\" srcset=\"https:\/\/bergers-schlagerparadies.de\/wp-content\/uploads\/2026\/04\/Herz.2-Die-Schlageragenten-Marie-300x300.jpeg 300w, https:\/\/bergers-schlagerparadies.de\/wp-content\/uploads\/2026\/04\/Herz.2-Die-Schlageragenten-Marie-1024x1024.jpeg 1024w, https:\/\/bergers-schlagerparadies.de\/wp-content\/uploads\/2026\/04\/Herz.2-Die-Schlageragenten-Marie-150x150.jpeg 150w, https:\/\/bergers-schlagerparadies.de\/wp-content\/uploads\/2026\/04\/Herz.2-Die-Schlageragenten-Marie-768x768.jpeg 768w, https:\/\/bergers-schlagerparadies.de\/wp-content\/uploads\/2026\/04\/Herz.2-Die-Schlageragenten-Marie-1536x1536.jpeg 1536w, https:\/\/bergers-schlagerparadies.de\/wp-content\/uploads\/2026\/04\/Herz.2-Die-Schlageragenten-Marie-2048x2048.jpeg 2048w, https:\/\/bergers-schlagerparadies.de\/wp-content\/uploads\/2026\/04\/Herz.2-Die-Schlageragenten-Marie-1200x1200.jpeg 1200w, https:\/\/bergers-schlagerparadies.de\/wp-content\/uploads\/2026\/04\/Herz.2-Die-Schlageragenten-Marie-1188x1188.jpeg 1188w, https:\/\/bergers-schlagerparadies.de\/wp-content\/uploads\/2026\/04\/Herz.2-Die-Schlageragenten-Marie-100x100.jpeg 100w\" sizes=\"auto, (max-width: 70px) 100vw, 70px\" \/>\u00a0 <span style=\"color: #800000;\">Herz.2<\/span> &#8211; <span style=\"color: #800000;\">Die Schlageragenten<\/span> &#8211; Marie ( <span style=\"color: #800000;\">GREJO Records<\/span>\u00a0)<\/strong><\/li>\n<li><strong><span style=\"color: #800000;\"><img loading=\"lazy\" decoding=\"async\" class=\"alignnone wp-image-42526\" src=\"https:\/\/bergers-schlagerparadies.de\/wp-content\/uploads\/2026\/03\/Jasmin-Gaensehaut-300x300.jpeg\" alt=\"\" width=\"70\" height=\"70\" srcset=\"https:\/\/bergers-schlagerparadies.de\/wp-content\/uploads\/2026\/03\/Jasmin-Gaensehaut-300x300.jpeg 300w, https:\/\/bergers-schlagerparadies.de\/wp-content\/uploads\/2026\/03\/Jasmin-Gaensehaut-1024x1024.jpeg 1024w, https:\/\/bergers-schlagerparadies.de\/wp-content\/uploads\/2026\/03\/Jasmin-Gaensehaut-150x150.jpeg 150w, https:\/\/bergers-schlagerparadies.de\/wp-content\/uploads\/2026\/03\/Jasmin-Gaensehaut-768x768.jpeg 768w, https:\/\/bergers-schlagerparadies.de\/wp-content\/uploads\/2026\/03\/Jasmin-Gaensehaut-1536x1536.jpeg 1536w, https:\/\/bergers-schlagerparadies.de\/wp-content\/uploads\/2026\/03\/Jasmin-Gaensehaut-2048x2048.jpeg 2048w, https:\/\/bergers-schlagerparadies.de\/wp-content\/uploads\/2026\/03\/Jasmin-Gaensehaut-1200x1200.jpeg 1200w, https:\/\/bergers-schlagerparadies.de\/wp-content\/uploads\/2026\/03\/Jasmin-Gaensehaut-1188x1188.jpeg 1188w, https:\/\/bergers-schlagerparadies.de\/wp-content\/uploads\/2026\/03\/Jasmin-Gaensehaut-100x100.jpeg 100w\" sizes=\"auto, (max-width: 70px) 100vw, 70px\" \/>\u00a0 Jasmin<\/span> &#8211; G\u00e4nsehaut ( <span style=\"color: #800000;\">Raubkatzi Records<\/span>\u00a0)<\/strong><\/li>\n<li><strong><img loading=\"lazy\" decoding=\"async\" class=\"alignnone wp-image-43087\" src=\"https:\/\/bergers-schlagerparadies.de\/wp-content\/uploads\/2026\/04\/Julian-David-Anders-als-man-liebt-300x300.jpeg\" alt=\"\" width=\"70\" height=\"70\" srcset=\"https:\/\/bergers-schlagerparadies.de\/wp-content\/uploads\/2026\/04\/Julian-David-Anders-als-man-liebt-300x300.jpeg 300w, https:\/\/bergers-schlagerparadies.de\/wp-content\/uploads\/2026\/04\/Julian-David-Anders-als-man-liebt-1024x1024.jpeg 1024w, https:\/\/bergers-schlagerparadies.de\/wp-content\/uploads\/2026\/04\/Julian-David-Anders-als-man-liebt-150x150.jpeg 150w, https:\/\/bergers-schlagerparadies.de\/wp-content\/uploads\/2026\/04\/Julian-David-Anders-als-man-liebt-768x768.jpeg 768w, https:\/\/bergers-schlagerparadies.de\/wp-content\/uploads\/2026\/04\/Julian-David-Anders-als-man-liebt-1188x1188.jpeg 1188w, https:\/\/bergers-schlagerparadies.de\/wp-content\/uploads\/2026\/04\/Julian-David-Anders-als-man-liebt-100x100.jpeg 100w, https:\/\/bergers-schlagerparadies.de\/wp-content\/uploads\/2026\/04\/Julian-David-Anders-als-man-liebt.jpeg 1200w\" sizes=\"auto, (max-width: 70px) 100vw, 70px\" \/>\u00a0 <span style=\"color: #800000;\">Julian David<\/span> &#8211; Anders als man liebt ( <span style=\"color: #800000;\">VIA Music Germany<\/span>\u00a0)<\/strong><\/li>\n<li><strong><span style=\"color: #800000;\"><img loading=\"lazy\" decoding=\"async\" class=\"alignnone wp-image-42654\" src=\"https:\/\/bergers-schlagerparadies.de\/wp-content\/uploads\/2026\/03\/Joachim-Bischof-Herzschlag-300x300.jpeg\" alt=\"\" width=\"70\" height=\"70\" srcset=\"https:\/\/bergers-schlagerparadies.de\/wp-content\/uploads\/2026\/03\/Joachim-Bischof-Herzschlag-300x300.jpeg 300w, https:\/\/bergers-schlagerparadies.de\/wp-content\/uploads\/2026\/03\/Joachim-Bischof-Herzschlag-1024x1024.jpeg 1024w, https:\/\/bergers-schlagerparadies.de\/wp-content\/uploads\/2026\/03\/Joachim-Bischof-Herzschlag-150x150.jpeg 150w, https:\/\/bergers-schlagerparadies.de\/wp-content\/uploads\/2026\/03\/Joachim-Bischof-Herzschlag-768x768.jpeg 768w, https:\/\/bergers-schlagerparadies.de\/wp-content\/uploads\/2026\/03\/Joachim-Bischof-Herzschlag-1200x1200.jpeg 1200w, https:\/\/bergers-schlagerparadies.de\/wp-content\/uploads\/2026\/03\/Joachim-Bischof-Herzschlag-1188x1188.jpeg 1188w, https:\/\/bergers-schlagerparadies.de\/wp-content\/uploads\/2026\/03\/Joachim-Bischof-Herzschlag-100x100.jpeg 100w, https:\/\/bergers-schlagerparadies.de\/wp-content\/uploads\/2026\/03\/Joachim-Bischof-Herzschlag.jpeg 1500w\" sizes=\"auto, (max-width: 70px) 100vw, 70px\" \/> \u00a0<\/span>Joachim Bischof &#8211; Herzschlag ( <span style=\"color: #800000;\">OIS-RECORDS<\/span>\u00a0)<\/strong><\/li>\n<li><strong><span style=\"color: #800000;\"><img loading=\"lazy\" decoding=\"async\" class=\"alignnone wp-image-43181\" src=\"https:\/\/bergers-schlagerparadies.de\/wp-content\/uploads\/2026\/04\/Jonni-Hamburg-Ich-wuenscht-ich-waer-ein-Supermann-300x300.jpeg\" alt=\"\" width=\"70\" height=\"70\" srcset=\"https:\/\/bergers-schlagerparadies.de\/wp-content\/uploads\/2026\/04\/Jonni-Hamburg-Ich-wuenscht-ich-waer-ein-Supermann-300x300.jpeg 300w, https:\/\/bergers-schlagerparadies.de\/wp-content\/uploads\/2026\/04\/Jonni-Hamburg-Ich-wuenscht-ich-waer-ein-Supermann-1024x1024.jpeg 1024w, https:\/\/bergers-schlagerparadies.de\/wp-content\/uploads\/2026\/04\/Jonni-Hamburg-Ich-wuenscht-ich-waer-ein-Supermann-150x150.jpeg 150w, https:\/\/bergers-schlagerparadies.de\/wp-content\/uploads\/2026\/04\/Jonni-Hamburg-Ich-wuenscht-ich-waer-ein-Supermann-768x768.jpeg 768w, https:\/\/bergers-schlagerparadies.de\/wp-content\/uploads\/2026\/04\/Jonni-Hamburg-Ich-wuenscht-ich-waer-ein-Supermann-1536x1536.jpeg 1536w, https:\/\/bergers-schlagerparadies.de\/wp-content\/uploads\/2026\/04\/Jonni-Hamburg-Ich-wuenscht-ich-waer-ein-Supermann-2048x2048.jpeg 2048w, https:\/\/bergers-schlagerparadies.de\/wp-content\/uploads\/2026\/04\/Jonni-Hamburg-Ich-wuenscht-ich-waer-ein-Supermann-1200x1200.jpeg 1200w, https:\/\/bergers-schlagerparadies.de\/wp-content\/uploads\/2026\/04\/Jonni-Hamburg-Ich-wuenscht-ich-waer-ein-Supermann-1188x1188.jpeg 1188w, https:\/\/bergers-schlagerparadies.de\/wp-content\/uploads\/2026\/04\/Jonni-Hamburg-Ich-wuenscht-ich-waer-ein-Supermann-100x100.jpeg 100w\" sizes=\"auto, (max-width: 70px) 100vw, 70px\" \/>\u00a0 Jonni Hamburg<\/span> &#8211; Ich w\u00fcnscht ich w\u00e4r ein Supermann ( <span style=\"color: #800000;\">Fiesta Records<\/span> )<\/strong><\/li>\n<li><strong><span style=\"color: #800000;\"><img loading=\"lazy\" decoding=\"async\" class=\"alignnone wp-image-43185\" src=\"https:\/\/bergers-schlagerparadies.de\/wp-content\/uploads\/2026\/04\/KAVILA-Auf-Wolke-7-300x300.jpeg\" alt=\"\" width=\"70\" height=\"70\" srcset=\"https:\/\/bergers-schlagerparadies.de\/wp-content\/uploads\/2026\/04\/KAVILA-Auf-Wolke-7-300x300.jpeg 300w, https:\/\/bergers-schlagerparadies.de\/wp-content\/uploads\/2026\/04\/KAVILA-Auf-Wolke-7-1024x1024.jpeg 1024w, https:\/\/bergers-schlagerparadies.de\/wp-content\/uploads\/2026\/04\/KAVILA-Auf-Wolke-7-150x150.jpeg 150w, https:\/\/bergers-schlagerparadies.de\/wp-content\/uploads\/2026\/04\/KAVILA-Auf-Wolke-7-768x768.jpeg 768w, https:\/\/bergers-schlagerparadies.de\/wp-content\/uploads\/2026\/04\/KAVILA-Auf-Wolke-7-1536x1536.jpeg 1536w, https:\/\/bergers-schlagerparadies.de\/wp-content\/uploads\/2026\/04\/KAVILA-Auf-Wolke-7-2048x2048.jpeg 2048w, https:\/\/bergers-schlagerparadies.de\/wp-content\/uploads\/2026\/04\/KAVILA-Auf-Wolke-7-1200x1200.jpeg 1200w, https:\/\/bergers-schlagerparadies.de\/wp-content\/uploads\/2026\/04\/KAVILA-Auf-Wolke-7-1188x1188.jpeg 1188w, https:\/\/bergers-schlagerparadies.de\/wp-content\/uploads\/2026\/04\/KAVILA-Auf-Wolke-7-100x100.jpeg 100w\" sizes=\"auto, (max-width: 70px) 100vw, 70px\" \/>\u00a0 KAVILA<\/span> &#8211; Auf Wolke 7 ( <span style=\"color: #800000;\">Fiesta Records<\/span> )<\/strong><\/li>\n<li><strong><img loading=\"lazy\" decoding=\"async\" class=\"alignnone wp-image-42912\" src=\"https:\/\/bergers-schlagerparadies.de\/wp-content\/uploads\/2026\/04\/Luca-Koch-Ich-geh-meinen-Weg-300x300.jpeg\" alt=\"\" width=\"70\" height=\"70\" srcset=\"https:\/\/bergers-schlagerparadies.de\/wp-content\/uploads\/2026\/04\/Luca-Koch-Ich-geh-meinen-Weg-300x300.jpeg 300w, https:\/\/bergers-schlagerparadies.de\/wp-content\/uploads\/2026\/04\/Luca-Koch-Ich-geh-meinen-Weg-1024x1024.jpeg 1024w, https:\/\/bergers-schlagerparadies.de\/wp-content\/uploads\/2026\/04\/Luca-Koch-Ich-geh-meinen-Weg-150x150.jpeg 150w, https:\/\/bergers-schlagerparadies.de\/wp-content\/uploads\/2026\/04\/Luca-Koch-Ich-geh-meinen-Weg-768x768.jpeg 768w, https:\/\/bergers-schlagerparadies.de\/wp-content\/uploads\/2026\/04\/Luca-Koch-Ich-geh-meinen-Weg-1536x1536.jpeg 1536w, https:\/\/bergers-schlagerparadies.de\/wp-content\/uploads\/2026\/04\/Luca-Koch-Ich-geh-meinen-Weg-2048x2048.jpeg 2048w, https:\/\/bergers-schlagerparadies.de\/wp-content\/uploads\/2026\/04\/Luca-Koch-Ich-geh-meinen-Weg-1200x1200.jpeg 1200w, https:\/\/bergers-schlagerparadies.de\/wp-content\/uploads\/2026\/04\/Luca-Koch-Ich-geh-meinen-Weg-1188x1188.jpeg 1188w, https:\/\/bergers-schlagerparadies.de\/wp-content\/uploads\/2026\/04\/Luca-Koch-Ich-geh-meinen-Weg-100x100.jpeg 100w\" sizes=\"auto, (max-width: 70px) 100vw, 70px\" \/>\u00a0 <span style=\"color: #800000;\">Luca Koch<\/span> &#8211; Ich geh meinen Weg ( <span style=\"color: #800000;\">GC Records<\/span>\u00a0)<\/strong><\/li>\n<li><strong><span style=\"color: #800000;\"><img loading=\"lazy\" decoding=\"async\" class=\"alignnone wp-image-43104\" src=\"https:\/\/bergers-schlagerparadies.de\/wp-content\/uploads\/2026\/04\/Maik-Baker-Dieser-Sommer-bleibt-fuer-immer-300x300.jpeg\" alt=\"\" width=\"70\" height=\"70\" srcset=\"https:\/\/bergers-schlagerparadies.de\/wp-content\/uploads\/2026\/04\/Maik-Baker-Dieser-Sommer-bleibt-fuer-immer-300x300.jpeg 300w, https:\/\/bergers-schlagerparadies.de\/wp-content\/uploads\/2026\/04\/Maik-Baker-Dieser-Sommer-bleibt-fuer-immer-1024x1024.jpeg 1024w, https:\/\/bergers-schlagerparadies.de\/wp-content\/uploads\/2026\/04\/Maik-Baker-Dieser-Sommer-bleibt-fuer-immer-150x150.jpeg 150w, https:\/\/bergers-schlagerparadies.de\/wp-content\/uploads\/2026\/04\/Maik-Baker-Dieser-Sommer-bleibt-fuer-immer-768x768.jpeg 768w, https:\/\/bergers-schlagerparadies.de\/wp-content\/uploads\/2026\/04\/Maik-Baker-Dieser-Sommer-bleibt-fuer-immer-1536x1536.jpeg 1536w, https:\/\/bergers-schlagerparadies.de\/wp-content\/uploads\/2026\/04\/Maik-Baker-Dieser-Sommer-bleibt-fuer-immer-2048x2048.jpeg 2048w, https:\/\/bergers-schlagerparadies.de\/wp-content\/uploads\/2026\/04\/Maik-Baker-Dieser-Sommer-bleibt-fuer-immer-1200x1200.jpeg 1200w, https:\/\/bergers-schlagerparadies.de\/wp-content\/uploads\/2026\/04\/Maik-Baker-Dieser-Sommer-bleibt-fuer-immer-1188x1188.jpeg 1188w, https:\/\/bergers-schlagerparadies.de\/wp-content\/uploads\/2026\/04\/Maik-Baker-Dieser-Sommer-bleibt-fuer-immer-100x100.jpeg 100w\" sizes=\"auto, (max-width: 70px) 100vw, 70px\" \/>\u00a0 Maik Baker<\/span> &#8211; Dieser Sommer bleibt f\u00fcr immer ( <span style=\"color: #800000;\">Stimmungszeit Musik &amp; Media<\/span>\u00a0)<\/strong><\/li>\n<li><strong><span style=\"color: #800000;\"><img loading=\"lazy\" decoding=\"async\" class=\"alignnone wp-image-43091\" src=\"https:\/\/bergers-schlagerparadies.de\/wp-content\/uploads\/2026\/04\/Mario-Marschall-Der-alle-Frauen-kriegt-300x300.jpeg\" alt=\"\" width=\"70\" height=\"70\" srcset=\"https:\/\/bergers-schlagerparadies.de\/wp-content\/uploads\/2026\/04\/Mario-Marschall-Der-alle-Frauen-kriegt-300x300.jpeg 300w, https:\/\/bergers-schlagerparadies.de\/wp-content\/uploads\/2026\/04\/Mario-Marschall-Der-alle-Frauen-kriegt-1024x1024.jpeg 1024w, https:\/\/bergers-schlagerparadies.de\/wp-content\/uploads\/2026\/04\/Mario-Marschall-Der-alle-Frauen-kriegt-150x150.jpeg 150w, https:\/\/bergers-schlagerparadies.de\/wp-content\/uploads\/2026\/04\/Mario-Marschall-Der-alle-Frauen-kriegt-768x768.jpeg 768w, https:\/\/bergers-schlagerparadies.de\/wp-content\/uploads\/2026\/04\/Mario-Marschall-Der-alle-Frauen-kriegt-1536x1536.jpeg 1536w, https:\/\/bergers-schlagerparadies.de\/wp-content\/uploads\/2026\/04\/Mario-Marschall-Der-alle-Frauen-kriegt-2048x2048.jpeg 2048w, https:\/\/bergers-schlagerparadies.de\/wp-content\/uploads\/2026\/04\/Mario-Marschall-Der-alle-Frauen-kriegt-1200x1200.jpeg 1200w, https:\/\/bergers-schlagerparadies.de\/wp-content\/uploads\/2026\/04\/Mario-Marschall-Der-alle-Frauen-kriegt-1188x1188.jpeg 1188w, https:\/\/bergers-schlagerparadies.de\/wp-content\/uploads\/2026\/04\/Mario-Marschall-Der-alle-Frauen-kriegt-100x100.jpeg 100w\" sizes=\"auto, (max-width: 70px) 100vw, 70px\" \/>\u00a0 Mario Marschall<\/span> &#8211; Der alle Frauen kriegt ( <span style=\"color: #800000;\">Schlagerhimmel<\/span>\u00a0)<\/strong><\/li>\n<li><strong><img loading=\"lazy\" decoding=\"async\" class=\"alignnone wp-image-43151\" src=\"https:\/\/bergers-schlagerparadies.de\/wp-content\/uploads\/2026\/04\/Martina-Bist-du-deppert-300x300.jpeg\" alt=\"\" width=\"70\" height=\"70\" srcset=\"https:\/\/bergers-schlagerparadies.de\/wp-content\/uploads\/2026\/04\/Martina-Bist-du-deppert-300x300.jpeg 300w, https:\/\/bergers-schlagerparadies.de\/wp-content\/uploads\/2026\/04\/Martina-Bist-du-deppert-1024x1024.jpeg 1024w, https:\/\/bergers-schlagerparadies.de\/wp-content\/uploads\/2026\/04\/Martina-Bist-du-deppert-150x150.jpeg 150w, https:\/\/bergers-schlagerparadies.de\/wp-content\/uploads\/2026\/04\/Martina-Bist-du-deppert-768x768.jpeg 768w, https:\/\/bergers-schlagerparadies.de\/wp-content\/uploads\/2026\/04\/Martina-Bist-du-deppert-1536x1536.jpeg 1536w, https:\/\/bergers-schlagerparadies.de\/wp-content\/uploads\/2026\/04\/Martina-Bist-du-deppert-2048x2048.jpeg 2048w, https:\/\/bergers-schlagerparadies.de\/wp-content\/uploads\/2026\/04\/Martina-Bist-du-deppert-1200x1200.jpeg 1200w, https:\/\/bergers-schlagerparadies.de\/wp-content\/uploads\/2026\/04\/Martina-Bist-du-deppert-1188x1188.jpeg 1188w, https:\/\/bergers-schlagerparadies.de\/wp-content\/uploads\/2026\/04\/Martina-Bist-du-deppert-100x100.jpeg 100w\" sizes=\"auto, (max-width: 70px) 100vw, 70px\" \/>\u00a0 <span style=\"color: #800000;\">Martina<\/span> &#8211; Bist du deppert ( <span style=\"color: #800000;\">Herz7<\/span>\u00a0)<\/strong><\/li>\n<li><strong><span style=\"color: #800000;\"><img loading=\"lazy\" decoding=\"async\" class=\"alignnone wp-image-43189\" src=\"https:\/\/bergers-schlagerparadies.de\/wp-content\/uploads\/2026\/04\/Matthias-Reim-feat.-Mia-Julia-Keine-Freunde-bleiben-300x300.jpeg\" alt=\"\" width=\"70\" height=\"70\" srcset=\"https:\/\/bergers-schlagerparadies.de\/wp-content\/uploads\/2026\/04\/Matthias-Reim-feat.-Mia-Julia-Keine-Freunde-bleiben-300x300.jpeg 300w, https:\/\/bergers-schlagerparadies.de\/wp-content\/uploads\/2026\/04\/Matthias-Reim-feat.-Mia-Julia-Keine-Freunde-bleiben-1024x1024.jpeg 1024w, https:\/\/bergers-schlagerparadies.de\/wp-content\/uploads\/2026\/04\/Matthias-Reim-feat.-Mia-Julia-Keine-Freunde-bleiben-150x150.jpeg 150w, https:\/\/bergers-schlagerparadies.de\/wp-content\/uploads\/2026\/04\/Matthias-Reim-feat.-Mia-Julia-Keine-Freunde-bleiben-768x768.jpeg 768w, https:\/\/bergers-schlagerparadies.de\/wp-content\/uploads\/2026\/04\/Matthias-Reim-feat.-Mia-Julia-Keine-Freunde-bleiben-1188x1188.jpeg 1188w, https:\/\/bergers-schlagerparadies.de\/wp-content\/uploads\/2026\/04\/Matthias-Reim-feat.-Mia-Julia-Keine-Freunde-bleiben-100x100.jpeg 100w, https:\/\/bergers-schlagerparadies.de\/wp-content\/uploads\/2026\/04\/Matthias-Reim-feat.-Mia-Julia-Keine-Freunde-bleiben.jpeg 1200w\" sizes=\"auto, (max-width: 70px) 100vw, 70px\" \/>\u00a0 Matthias Reim<\/span> feat. <span style=\"color: #800000;\">Mia Julia<\/span> &#8211; Keine Freunde bleiben ( <span style=\"color: #800000;\">SMD\/ HANSA \/ GIG RECORDS<\/span>\u00a0)<\/strong><\/li>\n<li><strong><span style=\"color: #800000;\"><img loading=\"lazy\" decoding=\"async\" class=\"alignnone wp-image-43194\" src=\"https:\/\/bergers-schlagerparadies.de\/wp-content\/uploads\/2026\/04\/Michael-Jackson-Human-Nature-Michael-Songs-From-the-Motion-Picture-300x300.jpeg\" alt=\"\" width=\"70\" height=\"70\" srcset=\"https:\/\/bergers-schlagerparadies.de\/wp-content\/uploads\/2026\/04\/Michael-Jackson-Human-Nature-Michael-Songs-From-the-Motion-Picture-300x300.jpeg 300w, https:\/\/bergers-schlagerparadies.de\/wp-content\/uploads\/2026\/04\/Michael-Jackson-Human-Nature-Michael-Songs-From-the-Motion-Picture-1024x1024.jpeg 1024w, https:\/\/bergers-schlagerparadies.de\/wp-content\/uploads\/2026\/04\/Michael-Jackson-Human-Nature-Michael-Songs-From-the-Motion-Picture-150x150.jpeg 150w, https:\/\/bergers-schlagerparadies.de\/wp-content\/uploads\/2026\/04\/Michael-Jackson-Human-Nature-Michael-Songs-From-the-Motion-Picture-768x768.jpeg 768w, https:\/\/bergers-schlagerparadies.de\/wp-content\/uploads\/2026\/04\/Michael-Jackson-Human-Nature-Michael-Songs-From-the-Motion-Picture-1536x1536.jpeg 1536w, https:\/\/bergers-schlagerparadies.de\/wp-content\/uploads\/2026\/04\/Michael-Jackson-Human-Nature-Michael-Songs-From-the-Motion-Picture-2048x2048.jpeg 2048w, https:\/\/bergers-schlagerparadies.de\/wp-content\/uploads\/2026\/04\/Michael-Jackson-Human-Nature-Michael-Songs-From-the-Motion-Picture-1200x1200.jpeg 1200w, https:\/\/bergers-schlagerparadies.de\/wp-content\/uploads\/2026\/04\/Michael-Jackson-Human-Nature-Michael-Songs-From-the-Motion-Picture-1188x1188.jpeg 1188w, https:\/\/bergers-schlagerparadies.de\/wp-content\/uploads\/2026\/04\/Michael-Jackson-Human-Nature-Michael-Songs-From-the-Motion-Picture-100x100.jpeg 100w\" sizes=\"auto, (max-width: 70px) 100vw, 70px\" \/>\u00a0 Michael Jackson<\/span> &#8211; Human Nature [Michael: Songs From the Motion Picture] ( <span style=\"color: #800000;\">Epic \/ Sony Music Catalog<\/span>\u00a0)<\/strong><\/li>\n<li><strong><span style=\"color: #800000;\"><img loading=\"lazy\" decoding=\"async\" class=\"alignnone wp-image-43198\" src=\"https:\/\/bergers-schlagerparadies.de\/wp-content\/uploads\/2026\/04\/MICHAELA-BIRKA-Komm-geh-mit-mir-den-Weg-der-Zaertlichkeit-300x300.jpeg\" alt=\"\" width=\"70\" height=\"70\" srcset=\"https:\/\/bergers-schlagerparadies.de\/wp-content\/uploads\/2026\/04\/MICHAELA-BIRKA-Komm-geh-mit-mir-den-Weg-der-Zaertlichkeit-300x300.jpeg 300w, https:\/\/bergers-schlagerparadies.de\/wp-content\/uploads\/2026\/04\/MICHAELA-BIRKA-Komm-geh-mit-mir-den-Weg-der-Zaertlichkeit-1024x1024.jpeg 1024w, https:\/\/bergers-schlagerparadies.de\/wp-content\/uploads\/2026\/04\/MICHAELA-BIRKA-Komm-geh-mit-mir-den-Weg-der-Zaertlichkeit-150x150.jpeg 150w, https:\/\/bergers-schlagerparadies.de\/wp-content\/uploads\/2026\/04\/MICHAELA-BIRKA-Komm-geh-mit-mir-den-Weg-der-Zaertlichkeit-768x768.jpeg 768w, https:\/\/bergers-schlagerparadies.de\/wp-content\/uploads\/2026\/04\/MICHAELA-BIRKA-Komm-geh-mit-mir-den-Weg-der-Zaertlichkeit-1188x1188.jpeg 1188w, https:\/\/bergers-schlagerparadies.de\/wp-content\/uploads\/2026\/04\/MICHAELA-BIRKA-Komm-geh-mit-mir-den-Weg-der-Zaertlichkeit-100x100.jpeg 100w, https:\/\/bergers-schlagerparadies.de\/wp-content\/uploads\/2026\/04\/MICHAELA-BIRKA-Komm-geh-mit-mir-den-Weg-der-Zaertlichkeit.jpeg 1200w\" sizes=\"auto, (max-width: 70px) 100vw, 70px\" \/>\u00a0 MICHAELA BIRKA<\/span> &#8211; Komm, geh mit mir den Weg der Z\u00e4rtlichkeit ( <span style=\"color: #800000;\">Lieblingsschlager<\/span>\u00a0)<\/strong><\/li>\n<li><strong><img loading=\"lazy\" decoding=\"async\" class=\"alignnone wp-image-42998\" src=\"https:\/\/bergers-schlagerparadies.de\/wp-content\/uploads\/2026\/04\/Mirjana-Freunde-fuers-Leben-300x300.jpeg\" alt=\"\" width=\"70\" height=\"70\" srcset=\"https:\/\/bergers-schlagerparadies.de\/wp-content\/uploads\/2026\/04\/Mirjana-Freunde-fuers-Leben-300x300.jpeg 300w, https:\/\/bergers-schlagerparadies.de\/wp-content\/uploads\/2026\/04\/Mirjana-Freunde-fuers-Leben-1024x1024.jpeg 1024w, https:\/\/bergers-schlagerparadies.de\/wp-content\/uploads\/2026\/04\/Mirjana-Freunde-fuers-Leben-150x150.jpeg 150w, https:\/\/bergers-schlagerparadies.de\/wp-content\/uploads\/2026\/04\/Mirjana-Freunde-fuers-Leben-768x768.jpeg 768w, https:\/\/bergers-schlagerparadies.de\/wp-content\/uploads\/2026\/04\/Mirjana-Freunde-fuers-Leben-1536x1536.jpeg 1536w, https:\/\/bergers-schlagerparadies.de\/wp-content\/uploads\/2026\/04\/Mirjana-Freunde-fuers-Leben-2048x2048.jpeg 2048w, https:\/\/bergers-schlagerparadies.de\/wp-content\/uploads\/2026\/04\/Mirjana-Freunde-fuers-Leben-1200x1200.jpeg 1200w, https:\/\/bergers-schlagerparadies.de\/wp-content\/uploads\/2026\/04\/Mirjana-Freunde-fuers-Leben-1188x1188.jpeg 1188w, https:\/\/bergers-schlagerparadies.de\/wp-content\/uploads\/2026\/04\/Mirjana-Freunde-fuers-Leben-100x100.jpeg 100w\" sizes=\"auto, (max-width: 70px) 100vw, 70px\" \/>\u00a0 Mirjana &#8211; Freunde f\u00fcrs Leben ( <span style=\"color: #800000;\">Herz7<\/span>\u00a0)<\/strong><\/li>\n<li><strong><img loading=\"lazy\" decoding=\"async\" class=\"alignnone wp-image-43002\" src=\"https:\/\/bergers-schlagerparadies.de\/wp-content\/uploads\/2026\/04\/Oliver-Bernd-Nur-mit-dir-300x300.jpeg\" alt=\"\" width=\"70\" height=\"70\" srcset=\"https:\/\/bergers-schlagerparadies.de\/wp-content\/uploads\/2026\/04\/Oliver-Bernd-Nur-mit-dir-300x300.jpeg 300w, https:\/\/bergers-schlagerparadies.de\/wp-content\/uploads\/2026\/04\/Oliver-Bernd-Nur-mit-dir-1024x1024.jpeg 1024w, https:\/\/bergers-schlagerparadies.de\/wp-content\/uploads\/2026\/04\/Oliver-Bernd-Nur-mit-dir-150x150.jpeg 150w, https:\/\/bergers-schlagerparadies.de\/wp-content\/uploads\/2026\/04\/Oliver-Bernd-Nur-mit-dir-768x768.jpeg 768w, https:\/\/bergers-schlagerparadies.de\/wp-content\/uploads\/2026\/04\/Oliver-Bernd-Nur-mit-dir-1188x1188.jpeg 1188w, https:\/\/bergers-schlagerparadies.de\/wp-content\/uploads\/2026\/04\/Oliver-Bernd-Nur-mit-dir-100x100.jpeg 100w, https:\/\/bergers-schlagerparadies.de\/wp-content\/uploads\/2026\/04\/Oliver-Bernd-Nur-mit-dir.jpeg 1200w\" sizes=\"auto, (max-width: 70px) 100vw, 70px\" \/>\u00a0 <span style=\"color: #800000;\">Oliver Bernd<\/span> &#8211; Nur mit dir ( <span style=\"color: #800000;\">DO Musik<\/span>\u00a0)<\/strong><\/li>\n<li><strong><span style=\"color: #800000;\"><img loading=\"lazy\" decoding=\"async\" class=\"alignnone wp-image-43202\" src=\"https:\/\/bergers-schlagerparadies.de\/wp-content\/uploads\/2026\/04\/Rene-Bisang-Der-Steg-am-See-300x300.jpeg\" alt=\"\" width=\"70\" height=\"70\" srcset=\"https:\/\/bergers-schlagerparadies.de\/wp-content\/uploads\/2026\/04\/Rene-Bisang-Der-Steg-am-See-300x300.jpeg 300w, https:\/\/bergers-schlagerparadies.de\/wp-content\/uploads\/2026\/04\/Rene-Bisang-Der-Steg-am-See-1024x1024.jpeg 1024w, https:\/\/bergers-schlagerparadies.de\/wp-content\/uploads\/2026\/04\/Rene-Bisang-Der-Steg-am-See-150x150.jpeg 150w, https:\/\/bergers-schlagerparadies.de\/wp-content\/uploads\/2026\/04\/Rene-Bisang-Der-Steg-am-See-768x768.jpeg 768w, https:\/\/bergers-schlagerparadies.de\/wp-content\/uploads\/2026\/04\/Rene-Bisang-Der-Steg-am-See-1536x1536.jpeg 1536w, https:\/\/bergers-schlagerparadies.de\/wp-content\/uploads\/2026\/04\/Rene-Bisang-Der-Steg-am-See-2048x2048.jpeg 2048w, https:\/\/bergers-schlagerparadies.de\/wp-content\/uploads\/2026\/04\/Rene-Bisang-Der-Steg-am-See-1200x1200.jpeg 1200w, https:\/\/bergers-schlagerparadies.de\/wp-content\/uploads\/2026\/04\/Rene-Bisang-Der-Steg-am-See-1188x1188.jpeg 1188w, https:\/\/bergers-schlagerparadies.de\/wp-content\/uploads\/2026\/04\/Rene-Bisang-Der-Steg-am-See-100x100.jpeg 100w\" sizes=\"auto, (max-width: 70px) 100vw, 70px\" \/>\u00a0 Ren\u00e9 Bisang<\/span> &#8211; Der Steg am See ( <span style=\"color: #800000;\">DO Musik<\/span>\u00a0)<\/strong><\/li>\n<li><strong><span style=\"color: #800000;\"><img loading=\"lazy\" decoding=\"async\" class=\"alignnone wp-image-43205\" src=\"https:\/\/bergers-schlagerparadies.de\/wp-content\/uploads\/2026\/04\/SABINE-ELARA-SARAH-ELAINE-Wir-lachen-uns-einfach-die-Sonne-herbei-300x300.jpeg\" alt=\"\" width=\"70\" height=\"70\" srcset=\"https:\/\/bergers-schlagerparadies.de\/wp-content\/uploads\/2026\/04\/SABINE-ELARA-SARAH-ELAINE-Wir-lachen-uns-einfach-die-Sonne-herbei-300x300.jpeg 300w, https:\/\/bergers-schlagerparadies.de\/wp-content\/uploads\/2026\/04\/SABINE-ELARA-SARAH-ELAINE-Wir-lachen-uns-einfach-die-Sonne-herbei-1024x1024.jpeg 1024w, https:\/\/bergers-schlagerparadies.de\/wp-content\/uploads\/2026\/04\/SABINE-ELARA-SARAH-ELAINE-Wir-lachen-uns-einfach-die-Sonne-herbei-150x150.jpeg 150w, https:\/\/bergers-schlagerparadies.de\/wp-content\/uploads\/2026\/04\/SABINE-ELARA-SARAH-ELAINE-Wir-lachen-uns-einfach-die-Sonne-herbei-768x768.jpeg 768w, https:\/\/bergers-schlagerparadies.de\/wp-content\/uploads\/2026\/04\/SABINE-ELARA-SARAH-ELAINE-Wir-lachen-uns-einfach-die-Sonne-herbei-1188x1188.jpeg 1188w, https:\/\/bergers-schlagerparadies.de\/wp-content\/uploads\/2026\/04\/SABINE-ELARA-SARAH-ELAINE-Wir-lachen-uns-einfach-die-Sonne-herbei-100x100.jpeg 100w, https:\/\/bergers-schlagerparadies.de\/wp-content\/uploads\/2026\/04\/SABINE-ELARA-SARAH-ELAINE-Wir-lachen-uns-einfach-die-Sonne-herbei.jpeg 1200w\" sizes=\"auto, (max-width: 70px) 100vw, 70px\" \/>\u00a0 SABINE ELARA<\/span> &amp; <span style=\"color: #800000;\">SARAH ELAINE<\/span> &#8211; Wir lachen uns einfach die Sonne herbei ( <span style=\"color: #800000;\">Lieblingsschlager<\/span>\u00a0)<\/strong><\/li>\n<li><strong><span style=\"color: #800000;\"><img loading=\"lazy\" decoding=\"async\" class=\"alignnone wp-image-43060\" src=\"https:\/\/bergers-schlagerparadies.de\/wp-content\/uploads\/2026\/04\/SCHUeRZENJAeGER-AUF-OAMAL-IS-SOMMER-300x300.jpeg\" alt=\"\" width=\"70\" height=\"70\" srcset=\"https:\/\/bergers-schlagerparadies.de\/wp-content\/uploads\/2026\/04\/SCHUeRZENJAeGER-AUF-OAMAL-IS-SOMMER-300x300.jpeg 300w, https:\/\/bergers-schlagerparadies.de\/wp-content\/uploads\/2026\/04\/SCHUeRZENJAeGER-AUF-OAMAL-IS-SOMMER-1024x1024.jpeg 1024w, https:\/\/bergers-schlagerparadies.de\/wp-content\/uploads\/2026\/04\/SCHUeRZENJAeGER-AUF-OAMAL-IS-SOMMER-150x150.jpeg 150w, https:\/\/bergers-schlagerparadies.de\/wp-content\/uploads\/2026\/04\/SCHUeRZENJAeGER-AUF-OAMAL-IS-SOMMER-768x768.jpeg 768w, https:\/\/bergers-schlagerparadies.de\/wp-content\/uploads\/2026\/04\/SCHUeRZENJAeGER-AUF-OAMAL-IS-SOMMER-1200x1200.jpeg 1200w, https:\/\/bergers-schlagerparadies.de\/wp-content\/uploads\/2026\/04\/SCHUeRZENJAeGER-AUF-OAMAL-IS-SOMMER-1188x1188.jpeg 1188w, https:\/\/bergers-schlagerparadies.de\/wp-content\/uploads\/2026\/04\/SCHUeRZENJAeGER-AUF-OAMAL-IS-SOMMER-100x100.jpeg 100w, https:\/\/bergers-schlagerparadies.de\/wp-content\/uploads\/2026\/04\/SCHUeRZENJAeGER-AUF-OAMAL-IS-SOMMER.jpeg 1500w\" sizes=\"auto, (max-width: 70px) 100vw, 70px\" \/>\u00a0 SCH\u00dcRZENJ\u00c4GER<\/span> &#8211; AUF OAMAL IS SOMMER ( <span style=\"color: #800000;\">one4you music e.K.<\/span>\u00a0)<\/strong><\/li>\n<li><strong><span style=\"color: #800000;\"><img loading=\"lazy\" decoding=\"async\" class=\"alignnone wp-image-43209\" src=\"https:\/\/bergers-schlagerparadies.de\/wp-content\/uploads\/2026\/04\/Severino-Mein-Leben-lang-300x300.jpeg\" alt=\"\" width=\"70\" height=\"70\" srcset=\"https:\/\/bergers-schlagerparadies.de\/wp-content\/uploads\/2026\/04\/Severino-Mein-Leben-lang-300x300.jpeg 300w, https:\/\/bergers-schlagerparadies.de\/wp-content\/uploads\/2026\/04\/Severino-Mein-Leben-lang-1024x1024.jpeg 1024w, https:\/\/bergers-schlagerparadies.de\/wp-content\/uploads\/2026\/04\/Severino-Mein-Leben-lang-150x150.jpeg 150w, https:\/\/bergers-schlagerparadies.de\/wp-content\/uploads\/2026\/04\/Severino-Mein-Leben-lang-768x768.jpeg 768w, https:\/\/bergers-schlagerparadies.de\/wp-content\/uploads\/2026\/04\/Severino-Mein-Leben-lang-1536x1536.jpeg 1536w, https:\/\/bergers-schlagerparadies.de\/wp-content\/uploads\/2026\/04\/Severino-Mein-Leben-lang-2048x2048.jpeg 2048w, https:\/\/bergers-schlagerparadies.de\/wp-content\/uploads\/2026\/04\/Severino-Mein-Leben-lang-1200x1200.jpeg 1200w, https:\/\/bergers-schlagerparadies.de\/wp-content\/uploads\/2026\/04\/Severino-Mein-Leben-lang-1188x1188.jpeg 1188w, https:\/\/bergers-schlagerparadies.de\/wp-content\/uploads\/2026\/04\/Severino-Mein-Leben-lang-100x100.jpeg 100w\" sizes=\"auto, (max-width: 70px) 100vw, 70px\" \/>\u00a0 Severino<\/span> &#8211; Mein Leben lang ( <span style=\"color: #800000;\">Fiesta Records<\/span> )<\/strong><\/li>\n<li><strong><span style=\"color: #800000;\"><img loading=\"lazy\" decoding=\"async\" class=\"alignnone wp-image-43056\" src=\"https:\/\/bergers-schlagerparadies.de\/wp-content\/uploads\/2026\/04\/Sonia-Liebing-Schon-laengst-verliebt-296x300.jpg\" alt=\"\" width=\"70\" height=\"71\" srcset=\"https:\/\/bergers-schlagerparadies.de\/wp-content\/uploads\/2026\/04\/Sonia-Liebing-Schon-laengst-verliebt-296x300.jpg 296w, https:\/\/bergers-schlagerparadies.de\/wp-content\/uploads\/2026\/04\/Sonia-Liebing-Schon-laengst-verliebt-150x150.jpg 150w, https:\/\/bergers-schlagerparadies.de\/wp-content\/uploads\/2026\/04\/Sonia-Liebing-Schon-laengst-verliebt-100x100.jpg 100w, https:\/\/bergers-schlagerparadies.de\/wp-content\/uploads\/2026\/04\/Sonia-Liebing-Schon-laengst-verliebt.jpg 710w\" sizes=\"auto, (max-width: 70px) 100vw, 70px\" \/>\u00a0 Sonia Liebing<\/span> &#8211; Schon l\u00e4ngst verliebt ( <span style=\"color: #800000;\">Universal Music GmbH<\/span>\u00a0)<\/strong><\/li>\n<li><strong><span style=\"color: #800000;\"><img loading=\"lazy\" decoding=\"async\" class=\"alignnone wp-image-43213\" src=\"https:\/\/bergers-schlagerparadies.de\/wp-content\/uploads\/2026\/04\/Stereoact-Lena-Marie-Engel-Wir-feiern-300x300.jpeg\" alt=\"\" width=\"69\" height=\"69\" srcset=\"https:\/\/bergers-schlagerparadies.de\/wp-content\/uploads\/2026\/04\/Stereoact-Lena-Marie-Engel-Wir-feiern-300x300.jpeg 300w, https:\/\/bergers-schlagerparadies.de\/wp-content\/uploads\/2026\/04\/Stereoact-Lena-Marie-Engel-Wir-feiern-1024x1024.jpeg 1024w, https:\/\/bergers-schlagerparadies.de\/wp-content\/uploads\/2026\/04\/Stereoact-Lena-Marie-Engel-Wir-feiern-150x150.jpeg 150w, https:\/\/bergers-schlagerparadies.de\/wp-content\/uploads\/2026\/04\/Stereoact-Lena-Marie-Engel-Wir-feiern-768x768.jpeg 768w, https:\/\/bergers-schlagerparadies.de\/wp-content\/uploads\/2026\/04\/Stereoact-Lena-Marie-Engel-Wir-feiern-1536x1536.jpeg 1536w, https:\/\/bergers-schlagerparadies.de\/wp-content\/uploads\/2026\/04\/Stereoact-Lena-Marie-Engel-Wir-feiern-2048x2048.jpeg 2048w, https:\/\/bergers-schlagerparadies.de\/wp-content\/uploads\/2026\/04\/Stereoact-Lena-Marie-Engel-Wir-feiern-1200x1200.jpeg 1200w, https:\/\/bergers-schlagerparadies.de\/wp-content\/uploads\/2026\/04\/Stereoact-Lena-Marie-Engel-Wir-feiern-1188x1188.jpeg 1188w, https:\/\/bergers-schlagerparadies.de\/wp-content\/uploads\/2026\/04\/Stereoact-Lena-Marie-Engel-Wir-feiern-100x100.jpeg 100w\" sizes=\"auto, (max-width: 69px) 100vw, 69px\" \/>\u00a0 Stereoact<\/span> &amp; <span style=\"color: #800000;\">Lena<\/span> &#8211; Marie Engel Wir feiern ( <span style=\"color: #800000;\">Madizin Music\/Believe<\/span>\u00a0)<\/strong><\/li>\n<li><strong><span style=\"color: #800000;\"><img loading=\"lazy\" decoding=\"async\" class=\"alignnone wp-image-43108\" src=\"https:\/\/bergers-schlagerparadies.de\/wp-content\/uploads\/2026\/04\/Steven-Loyd-Hey-Hey-Sophia-300x300.jpeg\" alt=\"\" width=\"70\" height=\"70\" srcset=\"https:\/\/bergers-schlagerparadies.de\/wp-content\/uploads\/2026\/04\/Steven-Loyd-Hey-Hey-Sophia-300x300.jpeg 300w, https:\/\/bergers-schlagerparadies.de\/wp-content\/uploads\/2026\/04\/Steven-Loyd-Hey-Hey-Sophia-1024x1024.jpeg 1024w, https:\/\/bergers-schlagerparadies.de\/wp-content\/uploads\/2026\/04\/Steven-Loyd-Hey-Hey-Sophia-150x150.jpeg 150w, https:\/\/bergers-schlagerparadies.de\/wp-content\/uploads\/2026\/04\/Steven-Loyd-Hey-Hey-Sophia-768x768.jpeg 768w, https:\/\/bergers-schlagerparadies.de\/wp-content\/uploads\/2026\/04\/Steven-Loyd-Hey-Hey-Sophia-1536x1536.jpeg 1536w, https:\/\/bergers-schlagerparadies.de\/wp-content\/uploads\/2026\/04\/Steven-Loyd-Hey-Hey-Sophia-2048x2048.jpeg 2048w, https:\/\/bergers-schlagerparadies.de\/wp-content\/uploads\/2026\/04\/Steven-Loyd-Hey-Hey-Sophia-1200x1200.jpeg 1200w, https:\/\/bergers-schlagerparadies.de\/wp-content\/uploads\/2026\/04\/Steven-Loyd-Hey-Hey-Sophia-1188x1188.jpeg 1188w, https:\/\/bergers-schlagerparadies.de\/wp-content\/uploads\/2026\/04\/Steven-Loyd-Hey-Hey-Sophia-100x100.jpeg 100w\" sizes=\"auto, (max-width: 70px) 100vw, 70px\" \/>\u00a0 Steven Loyd<\/span> &#8211; Hey Hey Sophia ( <span style=\"color: #800000;\">Hitmix Music<\/span>\u00a0)<\/strong><\/li>\n<li><strong><span style=\"color: #800000;\"><img loading=\"lazy\" decoding=\"async\" class=\"alignnone wp-image-43100\" src=\"https:\/\/bergers-schlagerparadies.de\/wp-content\/uploads\/2026\/04\/ToBi-die-Partyrakete-Walter-300x300.jpg\" alt=\"\" width=\"70\" height=\"70\" srcset=\"https:\/\/bergers-schlagerparadies.de\/wp-content\/uploads\/2026\/04\/ToBi-die-Partyrakete-Walter-300x300.jpg 300w, https:\/\/bergers-schlagerparadies.de\/wp-content\/uploads\/2026\/04\/ToBi-die-Partyrakete-Walter-150x150.jpg 150w, https:\/\/bergers-schlagerparadies.de\/wp-content\/uploads\/2026\/04\/ToBi-die-Partyrakete-Walter-768x768.jpg 768w, https:\/\/bergers-schlagerparadies.de\/wp-content\/uploads\/2026\/04\/ToBi-die-Partyrakete-Walter-100x100.jpg 100w, https:\/\/bergers-schlagerparadies.de\/wp-content\/uploads\/2026\/04\/ToBi-die-Partyrakete-Walter.jpg 794w\" sizes=\"auto, (max-width: 70px) 100vw, 70px\" \/>\u00a0 ToBi die Partyrakete<\/span> &#8211; Walter ( <span style=\"color: #800000;\">STEINI records<\/span>\u00a0)<\/strong><\/li>\n<li><strong><span style=\"color: #800000;\"><img loading=\"lazy\" decoding=\"async\" class=\"alignnone wp-image-43217\" src=\"https:\/\/bergers-schlagerparadies.de\/wp-content\/uploads\/2026\/04\/Vanessa-Mai-Rohdiamant-300x300.jpeg\" alt=\"\" width=\"70\" height=\"70\" srcset=\"https:\/\/bergers-schlagerparadies.de\/wp-content\/uploads\/2026\/04\/Vanessa-Mai-Rohdiamant-300x300.jpeg 300w, https:\/\/bergers-schlagerparadies.de\/wp-content\/uploads\/2026\/04\/Vanessa-Mai-Rohdiamant-1024x1024.jpeg 1024w, https:\/\/bergers-schlagerparadies.de\/wp-content\/uploads\/2026\/04\/Vanessa-Mai-Rohdiamant-150x150.jpeg 150w, https:\/\/bergers-schlagerparadies.de\/wp-content\/uploads\/2026\/04\/Vanessa-Mai-Rohdiamant-768x768.jpeg 768w, https:\/\/bergers-schlagerparadies.de\/wp-content\/uploads\/2026\/04\/Vanessa-Mai-Rohdiamant-1536x1536.jpeg 1536w, https:\/\/bergers-schlagerparadies.de\/wp-content\/uploads\/2026\/04\/Vanessa-Mai-Rohdiamant-2048x2048.jpeg 2048w, https:\/\/bergers-schlagerparadies.de\/wp-content\/uploads\/2026\/04\/Vanessa-Mai-Rohdiamant-1200x1200.jpeg 1200w, https:\/\/bergers-schlagerparadies.de\/wp-content\/uploads\/2026\/04\/Vanessa-Mai-Rohdiamant-1188x1188.jpeg 1188w, https:\/\/bergers-schlagerparadies.de\/wp-content\/uploads\/2026\/04\/Vanessa-Mai-Rohdiamant-100x100.jpeg 100w\" sizes=\"auto, (max-width: 70px) 100vw, 70px\" \/>\u00a0 Vanessa Mai<\/span> &#8211; Rohdiamant ( <span style=\"color: #800000;\">MaiMusic<\/span>\u00a0)<\/strong><\/li>\n<li><strong><img loading=\"lazy\" decoding=\"async\" class=\"alignnone wp-image-43006\" src=\"https:\/\/bergers-schlagerparadies.de\/wp-content\/uploads\/2026\/04\/Verena-Rose-Du-und-Ich-300x300.jpeg\" alt=\"\" width=\"70\" height=\"70\" srcset=\"https:\/\/bergers-schlagerparadies.de\/wp-content\/uploads\/2026\/04\/Verena-Rose-Du-und-Ich-300x300.jpeg 300w, https:\/\/bergers-schlagerparadies.de\/wp-content\/uploads\/2026\/04\/Verena-Rose-Du-und-Ich-1024x1024.jpeg 1024w, https:\/\/bergers-schlagerparadies.de\/wp-content\/uploads\/2026\/04\/Verena-Rose-Du-und-Ich-150x150.jpeg 150w, https:\/\/bergers-schlagerparadies.de\/wp-content\/uploads\/2026\/04\/Verena-Rose-Du-und-Ich-768x768.jpeg 768w, https:\/\/bergers-schlagerparadies.de\/wp-content\/uploads\/2026\/04\/Verena-Rose-Du-und-Ich-1536x1536.jpeg 1536w, https:\/\/bergers-schlagerparadies.de\/wp-content\/uploads\/2026\/04\/Verena-Rose-Du-und-Ich-2048x2048.jpeg 2048w, https:\/\/bergers-schlagerparadies.de\/wp-content\/uploads\/2026\/04\/Verena-Rose-Du-und-Ich-1200x1200.jpeg 1200w, https:\/\/bergers-schlagerparadies.de\/wp-content\/uploads\/2026\/04\/Verena-Rose-Du-und-Ich-1188x1188.jpeg 1188w, https:\/\/bergers-schlagerparadies.de\/wp-content\/uploads\/2026\/04\/Verena-Rose-Du-und-Ich-100x100.jpeg 100w\" sizes=\"auto, (max-width: 70px) 100vw, 70px\" \/>\u00a0 <span style=\"color: #800000;\">Verena Rose<\/span> &#8211; Du und Ich ( <span style=\"color: #800000;\">Fiesta Records<\/span> )<\/strong><\/li>\n<\/ul>\n<p><span style=\"font-size: 12pt;\"><strong><em><span style=\"color: #666699;\">Neuvorstellungen<\/span><\/em><em><span style=\"color: #666699;\"> in dieser Woche: mit V\u00d6: <\/span><span style=\"color: #666699;\"><span style=\"color: #800000;\">17<\/span><\/span><span style=\"color: #666699;\"><span style=\"color: #993366; font-size: 14pt;\">. April 2026 <\/span>&#8211; 16<\/span><span style=\"color: #808080;\">KW<\/span><\/em><\/strong><\/span><\/p>\n<ul>\n<li><strong><span style=\"color: #800000;\"><img loading=\"lazy\" decoding=\"async\" class=\"alignnone wp-image-42958\" src=\"https:\/\/bergers-schlagerparadies.de\/wp-content\/uploads\/2026\/04\/Mark-Lorenz-\u2013-Strasse-meiner-Lieder-Album-300x300.jpg\" alt=\"\" width=\"70\" height=\"70\" srcset=\"https:\/\/bergers-schlagerparadies.de\/wp-content\/uploads\/2026\/04\/Mark-Lorenz-\u2013-Strasse-meiner-Lieder-Album-300x300.jpg 300w, https:\/\/bergers-schlagerparadies.de\/wp-content\/uploads\/2026\/04\/Mark-Lorenz-\u2013-Strasse-meiner-Lieder-Album-1024x1024.jpg 1024w, https:\/\/bergers-schlagerparadies.de\/wp-content\/uploads\/2026\/04\/Mark-Lorenz-\u2013-Strasse-meiner-Lieder-Album-150x150.jpg 150w, https:\/\/bergers-schlagerparadies.de\/wp-content\/uploads\/2026\/04\/Mark-Lorenz-\u2013-Strasse-meiner-Lieder-Album-768x768.jpg 768w, https:\/\/bergers-schlagerparadies.de\/wp-content\/uploads\/2026\/04\/Mark-Lorenz-\u2013-Strasse-meiner-Lieder-Album-1536x1536.jpg 1536w, https:\/\/bergers-schlagerparadies.de\/wp-content\/uploads\/2026\/04\/Mark-Lorenz-\u2013-Strasse-meiner-Lieder-Album-2048x2048.jpg 2048w, https:\/\/bergers-schlagerparadies.de\/wp-content\/uploads\/2026\/04\/Mark-Lorenz-\u2013-Strasse-meiner-Lieder-Album-1200x1200.jpg 1200w, https:\/\/bergers-schlagerparadies.de\/wp-content\/uploads\/2026\/04\/Mark-Lorenz-\u2013-Strasse-meiner-Lieder-Album-1188x1188.jpg 1188w, https:\/\/bergers-schlagerparadies.de\/wp-content\/uploads\/2026\/04\/Mark-Lorenz-\u2013-Strasse-meiner-Lieder-Album-100x100.jpg 100w\" sizes=\"auto, (max-width: 70px) 100vw, 70px\" \/>\u00a0 Mark Lorenz<\/span> \u2013 Stra\u00dfe meiner Lieder (<span style=\"color: #800000;\">Album<\/span>) ( <span style=\"color: #800000;\">Fiesta Records<\/span> )<\/strong><\/li>\n<li><strong><span style=\"color: #800000;\"><img loading=\"lazy\" decoding=\"async\" class=\"alignnone wp-image-42574\" src=\"https:\/\/bergers-schlagerparadies.de\/wp-content\/uploads\/2026\/03\/SAFER-SIX-12-Points-CD--300x300.jpeg\" alt=\"\" width=\"71\" height=\"71\" srcset=\"https:\/\/bergers-schlagerparadies.de\/wp-content\/uploads\/2026\/03\/SAFER-SIX-12-Points-CD--300x300.jpeg 300w, https:\/\/bergers-schlagerparadies.de\/wp-content\/uploads\/2026\/03\/SAFER-SIX-12-Points-CD--1024x1024.jpeg 1024w, https:\/\/bergers-schlagerparadies.de\/wp-content\/uploads\/2026\/03\/SAFER-SIX-12-Points-CD--150x150.jpeg 150w, https:\/\/bergers-schlagerparadies.de\/wp-content\/uploads\/2026\/03\/SAFER-SIX-12-Points-CD--768x768.jpeg 768w, https:\/\/bergers-schlagerparadies.de\/wp-content\/uploads\/2026\/03\/SAFER-SIX-12-Points-CD--1188x1188.jpeg 1188w, https:\/\/bergers-schlagerparadies.de\/wp-content\/uploads\/2026\/03\/SAFER-SIX-12-Points-CD--100x100.jpeg 100w, https:\/\/bergers-schlagerparadies.de\/wp-content\/uploads\/2026\/03\/SAFER-SIX-12-Points-CD-.jpeg 1200w\" sizes=\"auto, (max-width: 71px) 100vw, 71px\" \/>\u00a0 SAFER SIX<\/span> &#8211; 12 Points! ( <span style=\"color: #800000;\">CD<\/span> ) ( <span style=\"color: #800000;\">Stella musica<\/span>\u00a0)<\/strong><\/li>\n<li><strong><img loading=\"lazy\" decoding=\"async\" class=\"alignnone wp-image-42374\" src=\"https:\/\/bergers-schlagerparadies.de\/wp-content\/uploads\/2026\/03\/Thomas-Kleeblatt-Melancholie-Album-300x300.jpeg\" alt=\"\" width=\"70\" height=\"70\" srcset=\"https:\/\/bergers-schlagerparadies.de\/wp-content\/uploads\/2026\/03\/Thomas-Kleeblatt-Melancholie-Album-300x300.jpeg 300w, https:\/\/bergers-schlagerparadies.de\/wp-content\/uploads\/2026\/03\/Thomas-Kleeblatt-Melancholie-Album-1024x1024.jpeg 1024w, https:\/\/bergers-schlagerparadies.de\/wp-content\/uploads\/2026\/03\/Thomas-Kleeblatt-Melancholie-Album-150x150.jpeg 150w, https:\/\/bergers-schlagerparadies.de\/wp-content\/uploads\/2026\/03\/Thomas-Kleeblatt-Melancholie-Album-768x768.jpeg 768w, https:\/\/bergers-schlagerparadies.de\/wp-content\/uploads\/2026\/03\/Thomas-Kleeblatt-Melancholie-Album-1536x1536.jpeg 1536w, https:\/\/bergers-schlagerparadies.de\/wp-content\/uploads\/2026\/03\/Thomas-Kleeblatt-Melancholie-Album-2048x2048.jpeg 2048w, https:\/\/bergers-schlagerparadies.de\/wp-content\/uploads\/2026\/03\/Thomas-Kleeblatt-Melancholie-Album-1200x1200.jpeg 1200w, https:\/\/bergers-schlagerparadies.de\/wp-content\/uploads\/2026\/03\/Thomas-Kleeblatt-Melancholie-Album-1188x1188.jpeg 1188w, https:\/\/bergers-schlagerparadies.de\/wp-content\/uploads\/2026\/03\/Thomas-Kleeblatt-Melancholie-Album-100x100.jpeg 100w\" sizes=\"auto, (max-width: 70px) 100vw, 70px\" \/>\u00a0 <span style=\"color: #800000;\">Thomas Kleeblatt<\/span> &#8211; Melancholie (<span style=\"color: #800000;\">Album<\/span>) ( <span style=\"color: #800000;\">Kleeblatt-Music<\/span> )<\/strong><\/li>\n<li><span style=\"color: #800000;\"><strong>&#8212;&#8212;&#8212;&#8212;&#8212;&#8212;&#8212;&#8212;&#8212;&#8212;&#8212;&#8212;&#8212;&#8212;&#8212;&#8212;&#8212;&#8212;&#8212;&#8212;&#8212;&#8212;&#8212;&#8212;&#8212;&#8212;&#8212;&#8212;&#8212;&#8212;&#8212;-<\/strong><\/span><\/li>\n<li><strong><span style=\"color: #800000;\"><img loading=\"lazy\" decoding=\"async\" class=\"alignnone wp-image-43010\" src=\"https:\/\/bergers-schlagerparadies.de\/wp-content\/uploads\/2026\/04\/Alexander-Pahlke-Hautnah-300x300.jpeg\" alt=\"\" width=\"71\" height=\"71\" srcset=\"https:\/\/bergers-schlagerparadies.de\/wp-content\/uploads\/2026\/04\/Alexander-Pahlke-Hautnah-300x300.jpeg 300w, https:\/\/bergers-schlagerparadies.de\/wp-content\/uploads\/2026\/04\/Alexander-Pahlke-Hautnah-1024x1024.jpeg 1024w, https:\/\/bergers-schlagerparadies.de\/wp-content\/uploads\/2026\/04\/Alexander-Pahlke-Hautnah-150x150.jpeg 150w, https:\/\/bergers-schlagerparadies.de\/wp-content\/uploads\/2026\/04\/Alexander-Pahlke-Hautnah-768x768.jpeg 768w, https:\/\/bergers-schlagerparadies.de\/wp-content\/uploads\/2026\/04\/Alexander-Pahlke-Hautnah-1536x1536.jpeg 1536w, https:\/\/bergers-schlagerparadies.de\/wp-content\/uploads\/2026\/04\/Alexander-Pahlke-Hautnah-2048x2048.jpeg 2048w, https:\/\/bergers-schlagerparadies.de\/wp-content\/uploads\/2026\/04\/Alexander-Pahlke-Hautnah-1200x1200.jpeg 1200w, https:\/\/bergers-schlagerparadies.de\/wp-content\/uploads\/2026\/04\/Alexander-Pahlke-Hautnah-1188x1188.jpeg 1188w, https:\/\/bergers-schlagerparadies.de\/wp-content\/uploads\/2026\/04\/Alexander-Pahlke-Hautnah-100x100.jpeg 100w\" sizes=\"auto, (max-width: 71px) 100vw, 71px\" \/>\u00a0 Alexander Pahlke<\/span> &#8211; Hautnah ( <span style=\"color: #800000;\">Polyrola<\/span>\u00a0)<\/strong><\/li>\n<li><strong><span style=\"color: #800000;\"><img loading=\"lazy\" decoding=\"async\" class=\"alignnone wp-image-43015\" src=\"https:\/\/bergers-schlagerparadies.de\/wp-content\/uploads\/2026\/04\/Alina-TABI-Tanz-dich-frei-300x300.jpeg\" alt=\"\" width=\"70\" height=\"70\" srcset=\"https:\/\/bergers-schlagerparadies.de\/wp-content\/uploads\/2026\/04\/Alina-TABI-Tanz-dich-frei-300x300.jpeg 300w, https:\/\/bergers-schlagerparadies.de\/wp-content\/uploads\/2026\/04\/Alina-TABI-Tanz-dich-frei-1024x1024.jpeg 1024w, https:\/\/bergers-schlagerparadies.de\/wp-content\/uploads\/2026\/04\/Alina-TABI-Tanz-dich-frei-150x150.jpeg 150w, https:\/\/bergers-schlagerparadies.de\/wp-content\/uploads\/2026\/04\/Alina-TABI-Tanz-dich-frei-768x768.jpeg 768w, https:\/\/bergers-schlagerparadies.de\/wp-content\/uploads\/2026\/04\/Alina-TABI-Tanz-dich-frei-1536x1536.jpeg 1536w, https:\/\/bergers-schlagerparadies.de\/wp-content\/uploads\/2026\/04\/Alina-TABI-Tanz-dich-frei-2048x2048.jpeg 2048w, https:\/\/bergers-schlagerparadies.de\/wp-content\/uploads\/2026\/04\/Alina-TABI-Tanz-dich-frei-1200x1200.jpeg 1200w, https:\/\/bergers-schlagerparadies.de\/wp-content\/uploads\/2026\/04\/Alina-TABI-Tanz-dich-frei-1188x1188.jpeg 1188w, https:\/\/bergers-schlagerparadies.de\/wp-content\/uploads\/2026\/04\/Alina-TABI-Tanz-dich-frei-100x100.jpeg 100w\" sizes=\"auto, (max-width: 70px) 100vw, 70px\" \/>\u00a0 Alina &amp; TABI<\/span> &#8211; Tanz dich frei ( <span style=\"color: #800000;\">recordJet<\/span>\u00a0)<\/strong><\/li>\n<li><strong><span style=\"color: #800000;\"><img loading=\"lazy\" decoding=\"async\" class=\"alignnone wp-image-43021\" src=\"https:\/\/bergers-schlagerparadies.de\/wp-content\/uploads\/2026\/04\/Amigos-Matador-300x300.jpeg\" alt=\"\" width=\"70\" height=\"70\" srcset=\"https:\/\/bergers-schlagerparadies.de\/wp-content\/uploads\/2026\/04\/Amigos-Matador-300x300.jpeg 300w, https:\/\/bergers-schlagerparadies.de\/wp-content\/uploads\/2026\/04\/Amigos-Matador-1024x1024.jpeg 1024w, https:\/\/bergers-schlagerparadies.de\/wp-content\/uploads\/2026\/04\/Amigos-Matador-150x150.jpeg 150w, https:\/\/bergers-schlagerparadies.de\/wp-content\/uploads\/2026\/04\/Amigos-Matador-768x768.jpeg 768w, https:\/\/bergers-schlagerparadies.de\/wp-content\/uploads\/2026\/04\/Amigos-Matador-1200x1200.jpeg 1200w, https:\/\/bergers-schlagerparadies.de\/wp-content\/uploads\/2026\/04\/Amigos-Matador-1188x1188.jpeg 1188w, https:\/\/bergers-schlagerparadies.de\/wp-content\/uploads\/2026\/04\/Amigos-Matador-100x100.jpeg 100w, https:\/\/bergers-schlagerparadies.de\/wp-content\/uploads\/2026\/04\/Amigos-Matador.jpeg 1400w\" sizes=\"auto, (max-width: 70px) 100vw, 70px\" \/>\u00a0 Amigos<\/span> &#8211; Matador ( <span style=\"color: #800000;\">Telamo <\/span>)<\/strong><\/li>\n<li><strong><span style=\"color: #800000;\"><img loading=\"lazy\" decoding=\"async\" class=\"alignnone wp-image-42932\" src=\"https:\/\/bergers-schlagerparadies.de\/wp-content\/uploads\/2026\/04\/Anja-Nova-Nur-nicht-verlieben-300x300.png\" alt=\"\" width=\"70\" height=\"70\" srcset=\"https:\/\/bergers-schlagerparadies.de\/wp-content\/uploads\/2026\/04\/Anja-Nova-Nur-nicht-verlieben-300x300.png 300w, https:\/\/bergers-schlagerparadies.de\/wp-content\/uploads\/2026\/04\/Anja-Nova-Nur-nicht-verlieben-150x150.png 150w, https:\/\/bergers-schlagerparadies.de\/wp-content\/uploads\/2026\/04\/Anja-Nova-Nur-nicht-verlieben-768x768.png 768w, https:\/\/bergers-schlagerparadies.de\/wp-content\/uploads\/2026\/04\/Anja-Nova-Nur-nicht-verlieben-100x100.png 100w, https:\/\/bergers-schlagerparadies.de\/wp-content\/uploads\/2026\/04\/Anja-Nova-Nur-nicht-verlieben.png 1024w\" sizes=\"auto, (max-width: 70px) 100vw, 70px\" \/>\u00a0 Anja Nova<\/span> &#8211; Nur nicht verlieben ( <span style=\"color: #800000;\">Atara Music<\/span>\u00a0)<\/strong><\/li>\n<li><strong><span style=\"color: #800000;\"><img loading=\"lazy\" decoding=\"async\" class=\"alignnone wp-image-42968\" src=\"https:\/\/bergers-schlagerparadies.de\/wp-content\/uploads\/2026\/04\/Anja-Chris-Das-ist-die-alte-Geschichte-vom-Clown-300x300.jpg\" alt=\"\" width=\"70\" height=\"70\" srcset=\"https:\/\/bergers-schlagerparadies.de\/wp-content\/uploads\/2026\/04\/Anja-Chris-Das-ist-die-alte-Geschichte-vom-Clown-300x300.jpg 300w, https:\/\/bergers-schlagerparadies.de\/wp-content\/uploads\/2026\/04\/Anja-Chris-Das-ist-die-alte-Geschichte-vom-Clown-1024x1024.jpg 1024w, https:\/\/bergers-schlagerparadies.de\/wp-content\/uploads\/2026\/04\/Anja-Chris-Das-ist-die-alte-Geschichte-vom-Clown-150x150.jpg 150w, https:\/\/bergers-schlagerparadies.de\/wp-content\/uploads\/2026\/04\/Anja-Chris-Das-ist-die-alte-Geschichte-vom-Clown-768x768.jpg 768w, https:\/\/bergers-schlagerparadies.de\/wp-content\/uploads\/2026\/04\/Anja-Chris-Das-ist-die-alte-Geschichte-vom-Clown-1536x1536.jpg 1536w, https:\/\/bergers-schlagerparadies.de\/wp-content\/uploads\/2026\/04\/Anja-Chris-Das-ist-die-alte-Geschichte-vom-Clown-2048x2048.jpg 2048w, https:\/\/bergers-schlagerparadies.de\/wp-content\/uploads\/2026\/04\/Anja-Chris-Das-ist-die-alte-Geschichte-vom-Clown-1200x1200.jpg 1200w, https:\/\/bergers-schlagerparadies.de\/wp-content\/uploads\/2026\/04\/Anja-Chris-Das-ist-die-alte-Geschichte-vom-Clown-1188x1188.jpg 1188w, https:\/\/bergers-schlagerparadies.de\/wp-content\/uploads\/2026\/04\/Anja-Chris-Das-ist-die-alte-Geschichte-vom-Clown-100x100.jpg 100w\" sizes=\"auto, (max-width: 70px) 100vw, 70px\" \/>\u00a0 ANJA &amp; CHRIS<\/span> &#8211; Das ist die alte Geschichte vom Clown ( <span style=\"color: #800000;\">W\u00f6rle-Musicland GbR\u00a0\u00a0<\/span>)<\/strong><\/li>\n<li><strong><span style=\"color: #800000;\"><img loading=\"lazy\" decoding=\"async\" class=\"alignnone wp-image-42977\" src=\"https:\/\/bergers-schlagerparadies.de\/wp-content\/uploads\/2026\/04\/Astrid-Andresen-Du-bist-der-Mann-300x300.jpg\" alt=\"\" width=\"70\" height=\"70\" srcset=\"https:\/\/bergers-schlagerparadies.de\/wp-content\/uploads\/2026\/04\/Astrid-Andresen-Du-bist-der-Mann-300x300.jpg 300w, https:\/\/bergers-schlagerparadies.de\/wp-content\/uploads\/2026\/04\/Astrid-Andresen-Du-bist-der-Mann-1024x1024.jpg 1024w, https:\/\/bergers-schlagerparadies.de\/wp-content\/uploads\/2026\/04\/Astrid-Andresen-Du-bist-der-Mann-150x150.jpg 150w, https:\/\/bergers-schlagerparadies.de\/wp-content\/uploads\/2026\/04\/Astrid-Andresen-Du-bist-der-Mann-768x768.jpg 768w, https:\/\/bergers-schlagerparadies.de\/wp-content\/uploads\/2026\/04\/Astrid-Andresen-Du-bist-der-Mann-1536x1536.jpg 1536w, https:\/\/bergers-schlagerparadies.de\/wp-content\/uploads\/2026\/04\/Astrid-Andresen-Du-bist-der-Mann-2048x2048.jpg 2048w, https:\/\/bergers-schlagerparadies.de\/wp-content\/uploads\/2026\/04\/Astrid-Andresen-Du-bist-der-Mann-1200x1200.jpg 1200w, https:\/\/bergers-schlagerparadies.de\/wp-content\/uploads\/2026\/04\/Astrid-Andresen-Du-bist-der-Mann-1188x1188.jpg 1188w, https:\/\/bergers-schlagerparadies.de\/wp-content\/uploads\/2026\/04\/Astrid-Andresen-Du-bist-der-Mann-100x100.jpg 100w\" sizes=\"auto, (max-width: 70px) 100vw, 70px\" \/>\u00a0 Astrid Andresen<\/span> &#8211; Du bist der Mann ( <span style=\"color: #800000;\">Fiesta Records<\/span> )<\/strong><\/li>\n<li><strong><span style=\"color: #800000;\"><img loading=\"lazy\" decoding=\"async\" class=\"alignnone wp-image-43026\" src=\"https:\/\/bergers-schlagerparadies.de\/wp-content\/uploads\/2026\/04\/Bernhard-Brink-Caipirinha-Remix-26-300x300.jpeg\" alt=\"\" width=\"70\" height=\"70\" srcset=\"https:\/\/bergers-schlagerparadies.de\/wp-content\/uploads\/2026\/04\/Bernhard-Brink-Caipirinha-Remix-26-300x300.jpeg 300w, https:\/\/bergers-schlagerparadies.de\/wp-content\/uploads\/2026\/04\/Bernhard-Brink-Caipirinha-Remix-26-1024x1024.jpeg 1024w, https:\/\/bergers-schlagerparadies.de\/wp-content\/uploads\/2026\/04\/Bernhard-Brink-Caipirinha-Remix-26-150x150.jpeg 150w, https:\/\/bergers-schlagerparadies.de\/wp-content\/uploads\/2026\/04\/Bernhard-Brink-Caipirinha-Remix-26-768x768.jpeg 768w, https:\/\/bergers-schlagerparadies.de\/wp-content\/uploads\/2026\/04\/Bernhard-Brink-Caipirinha-Remix-26-1536x1536.jpeg 1536w, https:\/\/bergers-schlagerparadies.de\/wp-content\/uploads\/2026\/04\/Bernhard-Brink-Caipirinha-Remix-26-2048x2048.jpeg 2048w, https:\/\/bergers-schlagerparadies.de\/wp-content\/uploads\/2026\/04\/Bernhard-Brink-Caipirinha-Remix-26-1200x1200.jpeg 1200w, https:\/\/bergers-schlagerparadies.de\/wp-content\/uploads\/2026\/04\/Bernhard-Brink-Caipirinha-Remix-26-1188x1188.jpeg 1188w, https:\/\/bergers-schlagerparadies.de\/wp-content\/uploads\/2026\/04\/Bernhard-Brink-Caipirinha-Remix-26-100x100.jpeg 100w\" sizes=\"auto, (max-width: 70px) 100vw, 70px\" \/>\u00a0 Bernhard Brink<\/span> &#8211; Caipirinha (Remix 26) ( <span style=\"color: #800000;\">Madizin Music\/Believe<\/span>\u00a0)<\/strong><\/li>\n<li><strong><img loading=\"lazy\" decoding=\"async\" class=\"alignnone wp-image-42834\" src=\"https:\/\/bergers-schlagerparadies.de\/wp-content\/uploads\/2026\/04\/Bianca-Holzmann-Liebe-im-dunkeln-300x300.jpeg\" alt=\"\" width=\"70\" height=\"70\" srcset=\"https:\/\/bergers-schlagerparadies.de\/wp-content\/uploads\/2026\/04\/Bianca-Holzmann-Liebe-im-dunkeln-300x300.jpeg 300w, https:\/\/bergers-schlagerparadies.de\/wp-content\/uploads\/2026\/04\/Bianca-Holzmann-Liebe-im-dunkeln-1024x1024.jpeg 1024w, https:\/\/bergers-schlagerparadies.de\/wp-content\/uploads\/2026\/04\/Bianca-Holzmann-Liebe-im-dunkeln-150x150.jpeg 150w, https:\/\/bergers-schlagerparadies.de\/wp-content\/uploads\/2026\/04\/Bianca-Holzmann-Liebe-im-dunkeln-768x768.jpeg 768w, https:\/\/bergers-schlagerparadies.de\/wp-content\/uploads\/2026\/04\/Bianca-Holzmann-Liebe-im-dunkeln-1536x1536.jpeg 1536w, https:\/\/bergers-schlagerparadies.de\/wp-content\/uploads\/2026\/04\/Bianca-Holzmann-Liebe-im-dunkeln-2048x2048.jpeg 2048w, https:\/\/bergers-schlagerparadies.de\/wp-content\/uploads\/2026\/04\/Bianca-Holzmann-Liebe-im-dunkeln-1200x1200.jpeg 1200w, https:\/\/bergers-schlagerparadies.de\/wp-content\/uploads\/2026\/04\/Bianca-Holzmann-Liebe-im-dunkeln-1188x1188.jpeg 1188w, https:\/\/bergers-schlagerparadies.de\/wp-content\/uploads\/2026\/04\/Bianca-Holzmann-Liebe-im-dunkeln-100x100.jpeg 100w\" sizes=\"auto, (max-width: 70px) 100vw, 70px\" \/>\u00a0 <span style=\"color: #800000;\">Bianca Holzmann<\/span> &#8211; Liebe im dunkeln ( <span style=\"color: #800000;\">Fiesta Records<\/span> )<\/strong><\/li>\n<li><strong><span style=\"color: #800000;\"><img loading=\"lazy\" decoding=\"async\" class=\"alignnone wp-image-42838\" src=\"https:\/\/bergers-schlagerparadies.de\/wp-content\/uploads\/2026\/04\/Christian-Deussen-Jetzt-erst-recht-300x300.jpeg\" alt=\"\" width=\"70\" height=\"70\" srcset=\"https:\/\/bergers-schlagerparadies.de\/wp-content\/uploads\/2026\/04\/Christian-Deussen-Jetzt-erst-recht-300x300.jpeg 300w, https:\/\/bergers-schlagerparadies.de\/wp-content\/uploads\/2026\/04\/Christian-Deussen-Jetzt-erst-recht-1024x1024.jpeg 1024w, https:\/\/bergers-schlagerparadies.de\/wp-content\/uploads\/2026\/04\/Christian-Deussen-Jetzt-erst-recht-150x150.jpeg 150w, https:\/\/bergers-schlagerparadies.de\/wp-content\/uploads\/2026\/04\/Christian-Deussen-Jetzt-erst-recht-768x768.jpeg 768w, https:\/\/bergers-schlagerparadies.de\/wp-content\/uploads\/2026\/04\/Christian-Deussen-Jetzt-erst-recht-1200x1200.jpeg 1200w, https:\/\/bergers-schlagerparadies.de\/wp-content\/uploads\/2026\/04\/Christian-Deussen-Jetzt-erst-recht-1188x1188.jpeg 1188w, https:\/\/bergers-schlagerparadies.de\/wp-content\/uploads\/2026\/04\/Christian-Deussen-Jetzt-erst-recht-100x100.jpeg 100w, https:\/\/bergers-schlagerparadies.de\/wp-content\/uploads\/2026\/04\/Christian-Deussen-Jetzt-erst-recht.jpeg 1400w\" sizes=\"auto, (max-width: 70px) 100vw, 70px\" \/>\u00a0 Christian Deussen<\/span> &#8211; Jetzt erst recht! ( <span style=\"color: #800000;\">Calygram<\/span>\u00a0)<\/strong><\/li>\n<li><strong><span style=\"color: #800000;\"><img loading=\"lazy\" decoding=\"async\" class=\"alignnone wp-image-42940\" src=\"https:\/\/bergers-schlagerparadies.de\/wp-content\/uploads\/2026\/04\/CHRISTIAN-SCHNEIDER-Das-Wunder-einer-Samstagnacht-300x300.jpeg\" alt=\"\" width=\"70\" height=\"70\" srcset=\"https:\/\/bergers-schlagerparadies.de\/wp-content\/uploads\/2026\/04\/CHRISTIAN-SCHNEIDER-Das-Wunder-einer-Samstagnacht-300x300.jpeg 300w, https:\/\/bergers-schlagerparadies.de\/wp-content\/uploads\/2026\/04\/CHRISTIAN-SCHNEIDER-Das-Wunder-einer-Samstagnacht-1024x1024.jpeg 1024w, https:\/\/bergers-schlagerparadies.de\/wp-content\/uploads\/2026\/04\/CHRISTIAN-SCHNEIDER-Das-Wunder-einer-Samstagnacht-150x150.jpeg 150w, https:\/\/bergers-schlagerparadies.de\/wp-content\/uploads\/2026\/04\/CHRISTIAN-SCHNEIDER-Das-Wunder-einer-Samstagnacht-768x768.jpeg 768w, https:\/\/bergers-schlagerparadies.de\/wp-content\/uploads\/2026\/04\/CHRISTIAN-SCHNEIDER-Das-Wunder-einer-Samstagnacht-1188x1188.jpeg 1188w, https:\/\/bergers-schlagerparadies.de\/wp-content\/uploads\/2026\/04\/CHRISTIAN-SCHNEIDER-Das-Wunder-einer-Samstagnacht-100x100.jpeg 100w, https:\/\/bergers-schlagerparadies.de\/wp-content\/uploads\/2026\/04\/CHRISTIAN-SCHNEIDER-Das-Wunder-einer-Samstagnacht.jpeg 1200w\" sizes=\"auto, (max-width: 70px) 100vw, 70px\" \/>\u00a0 CHRISTIAN SCHNEIDER<\/span> &#8211; Das Wunder einer Samstagnacht ( <span style=\"color: #800000;\">W\u00f6rle Musicland<\/span>\u00a0)<\/strong><\/li>\n<li><strong><span style=\"color: #800000;\"><img loading=\"lazy\" decoding=\"async\" class=\"alignnone wp-image-43030\" src=\"https:\/\/bergers-schlagerparadies.de\/wp-content\/uploads\/2026\/04\/Celine-Dion-Dansons-300x300.jpeg\" alt=\"\" width=\"70\" height=\"70\" srcset=\"https:\/\/bergers-schlagerparadies.de\/wp-content\/uploads\/2026\/04\/Celine-Dion-Dansons-300x300.jpeg 300w, https:\/\/bergers-schlagerparadies.de\/wp-content\/uploads\/2026\/04\/Celine-Dion-Dansons-1024x1024.jpeg 1024w, https:\/\/bergers-schlagerparadies.de\/wp-content\/uploads\/2026\/04\/Celine-Dion-Dansons-150x150.jpeg 150w, https:\/\/bergers-schlagerparadies.de\/wp-content\/uploads\/2026\/04\/Celine-Dion-Dansons-768x768.jpeg 768w, https:\/\/bergers-schlagerparadies.de\/wp-content\/uploads\/2026\/04\/Celine-Dion-Dansons-1188x1188.jpeg 1188w, https:\/\/bergers-schlagerparadies.de\/wp-content\/uploads\/2026\/04\/Celine-Dion-Dansons-100x100.jpeg 100w, https:\/\/bergers-schlagerparadies.de\/wp-content\/uploads\/2026\/04\/Celine-Dion-Dansons.jpeg 1200w\" sizes=\"auto, (max-width: 70px) 100vw, 70px\" \/>\u00a0 C\u00e9line Dion<\/span> &#8211; Dansons ( <span style=\"color: #800000;\">SMI\/ Sony Music Canada<\/span>\u00a0)<\/strong><\/li>\n<li><strong><img loading=\"lazy\" decoding=\"async\" class=\"alignnone wp-image-42675\" src=\"https:\/\/bergers-schlagerparadies.de\/wp-content\/uploads\/2026\/03\/Cornelia-Posch-Ahodaidae-300x300.jpeg\" alt=\"\" width=\"70\" height=\"70\" srcset=\"https:\/\/bergers-schlagerparadies.de\/wp-content\/uploads\/2026\/03\/Cornelia-Posch-Ahodaidae-300x300.jpeg 300w, https:\/\/bergers-schlagerparadies.de\/wp-content\/uploads\/2026\/03\/Cornelia-Posch-Ahodaidae-1024x1024.jpeg 1024w, https:\/\/bergers-schlagerparadies.de\/wp-content\/uploads\/2026\/03\/Cornelia-Posch-Ahodaidae-150x150.jpeg 150w, https:\/\/bergers-schlagerparadies.de\/wp-content\/uploads\/2026\/03\/Cornelia-Posch-Ahodaidae-768x768.jpeg 768w, https:\/\/bergers-schlagerparadies.de\/wp-content\/uploads\/2026\/03\/Cornelia-Posch-Ahodaidae-1188x1188.jpeg 1188w, https:\/\/bergers-schlagerparadies.de\/wp-content\/uploads\/2026\/03\/Cornelia-Posch-Ahodaidae-100x100.jpeg 100w, https:\/\/bergers-schlagerparadies.de\/wp-content\/uploads\/2026\/03\/Cornelia-Posch-Ahodaidae.jpeg 1200w\" sizes=\"auto, (max-width: 70px) 100vw, 70px\" \/>\u00a0<span style=\"color: #800000;\"> Cornelia Posch<\/span> &#8211; Ahodaidae ( <span style=\"color: #800000;\">Stella Musica<\/span>\u00a0)<\/strong><\/li>\n<li><strong><span style=\"color: #800000;\"><img loading=\"lazy\" decoding=\"async\" class=\"alignnone wp-image-42349\" src=\"https:\/\/bergers-schlagerparadies.de\/wp-content\/uploads\/2026\/03\/DJ-GerreG-\u2013-Reggae-Party-300x300.jpg\" alt=\"\" width=\"70\" height=\"70\" srcset=\"https:\/\/bergers-schlagerparadies.de\/wp-content\/uploads\/2026\/03\/DJ-GerreG-\u2013-Reggae-Party-300x300.jpg 300w, https:\/\/bergers-schlagerparadies.de\/wp-content\/uploads\/2026\/03\/DJ-GerreG-\u2013-Reggae-Party-150x150.jpg 150w, https:\/\/bergers-schlagerparadies.de\/wp-content\/uploads\/2026\/03\/DJ-GerreG-\u2013-Reggae-Party-768x768.jpg 768w, https:\/\/bergers-schlagerparadies.de\/wp-content\/uploads\/2026\/03\/DJ-GerreG-\u2013-Reggae-Party-100x100.jpg 100w, https:\/\/bergers-schlagerparadies.de\/wp-content\/uploads\/2026\/03\/DJ-GerreG-\u2013-Reggae-Party.jpg 1024w\" sizes=\"auto, (max-width: 70px) 100vw, 70px\" \/>\u00a0 DJ GerreG<\/span> \u2013 Reggae Party ( <span style=\"color: #800000;\">G-MusiQ Records<\/span>\u00a0)<\/strong><\/li>\n<li><strong><span style=\"color: #800000;\"><img loading=\"lazy\" decoding=\"async\" class=\"alignnone wp-image-42982\" src=\"https:\/\/bergers-schlagerparadies.de\/wp-content\/uploads\/2026\/04\/DJ-Ostkurve-feat-Pia-Vanelly-Du-bist-du-300x300.jpeg\" alt=\"\" width=\"70\" height=\"70\" srcset=\"https:\/\/bergers-schlagerparadies.de\/wp-content\/uploads\/2026\/04\/DJ-Ostkurve-feat-Pia-Vanelly-Du-bist-du-300x300.jpeg 300w, https:\/\/bergers-schlagerparadies.de\/wp-content\/uploads\/2026\/04\/DJ-Ostkurve-feat-Pia-Vanelly-Du-bist-du-1024x1024.jpeg 1024w, https:\/\/bergers-schlagerparadies.de\/wp-content\/uploads\/2026\/04\/DJ-Ostkurve-feat-Pia-Vanelly-Du-bist-du-150x150.jpeg 150w, https:\/\/bergers-schlagerparadies.de\/wp-content\/uploads\/2026\/04\/DJ-Ostkurve-feat-Pia-Vanelly-Du-bist-du-768x768.jpeg 768w, https:\/\/bergers-schlagerparadies.de\/wp-content\/uploads\/2026\/04\/DJ-Ostkurve-feat-Pia-Vanelly-Du-bist-du-1536x1536.jpeg 1536w, https:\/\/bergers-schlagerparadies.de\/wp-content\/uploads\/2026\/04\/DJ-Ostkurve-feat-Pia-Vanelly-Du-bist-du-2048x2048.jpeg 2048w, https:\/\/bergers-schlagerparadies.de\/wp-content\/uploads\/2026\/04\/DJ-Ostkurve-feat-Pia-Vanelly-Du-bist-du-1200x1200.jpeg 1200w, https:\/\/bergers-schlagerparadies.de\/wp-content\/uploads\/2026\/04\/DJ-Ostkurve-feat-Pia-Vanelly-Du-bist-du-1188x1188.jpeg 1188w, https:\/\/bergers-schlagerparadies.de\/wp-content\/uploads\/2026\/04\/DJ-Ostkurve-feat-Pia-Vanelly-Du-bist-du-100x100.jpeg 100w\" sizes=\"auto, (max-width: 70px) 100vw, 70px\" \/>\u00a0 DJ Ostkurve<\/span> feat <span style=\"color: #800000;\">Pia Vanelly<\/span> &#8211; Du bist du ( <span style=\"color: #800000;\">B46 Records<\/span>\u00a0)<\/strong><\/li>\n<li><strong><span style=\"color: #800000;\"><img loading=\"lazy\" decoding=\"async\" class=\"alignnone wp-image-42944\" src=\"https:\/\/bergers-schlagerparadies.de\/wp-content\/uploads\/2026\/04\/Hartl-Records-feat-Deejay-Giovanni-Solo-Tu-Amore-per-sempre-Van-Veen-Extended-Fox-RMX-300x300.jpg\" alt=\"\" width=\"70\" height=\"70\" srcset=\"https:\/\/bergers-schlagerparadies.de\/wp-content\/uploads\/2026\/04\/Hartl-Records-feat-Deejay-Giovanni-Solo-Tu-Amore-per-sempre-Van-Veen-Extended-Fox-RMX-300x300.jpg 300w, https:\/\/bergers-schlagerparadies.de\/wp-content\/uploads\/2026\/04\/Hartl-Records-feat-Deejay-Giovanni-Solo-Tu-Amore-per-sempre-Van-Veen-Extended-Fox-RMX-1024x1024.jpg 1024w, https:\/\/bergers-schlagerparadies.de\/wp-content\/uploads\/2026\/04\/Hartl-Records-feat-Deejay-Giovanni-Solo-Tu-Amore-per-sempre-Van-Veen-Extended-Fox-RMX-150x150.jpg 150w, https:\/\/bergers-schlagerparadies.de\/wp-content\/uploads\/2026\/04\/Hartl-Records-feat-Deejay-Giovanni-Solo-Tu-Amore-per-sempre-Van-Veen-Extended-Fox-RMX-768x768.jpg 768w, https:\/\/bergers-schlagerparadies.de\/wp-content\/uploads\/2026\/04\/Hartl-Records-feat-Deejay-Giovanni-Solo-Tu-Amore-per-sempre-Van-Veen-Extended-Fox-RMX-1536x1536.jpg 1536w, https:\/\/bergers-schlagerparadies.de\/wp-content\/uploads\/2026\/04\/Hartl-Records-feat-Deejay-Giovanni-Solo-Tu-Amore-per-sempre-Van-Veen-Extended-Fox-RMX-2048x2048.jpg 2048w, https:\/\/bergers-schlagerparadies.de\/wp-content\/uploads\/2026\/04\/Hartl-Records-feat-Deejay-Giovanni-Solo-Tu-Amore-per-sempre-Van-Veen-Extended-Fox-RMX-1200x1200.jpg 1200w, https:\/\/bergers-schlagerparadies.de\/wp-content\/uploads\/2026\/04\/Hartl-Records-feat-Deejay-Giovanni-Solo-Tu-Amore-per-sempre-Van-Veen-Extended-Fox-RMX-1188x1188.jpg 1188w, https:\/\/bergers-schlagerparadies.de\/wp-content\/uploads\/2026\/04\/Hartl-Records-feat-Deejay-Giovanni-Solo-Tu-Amore-per-sempre-Van-Veen-Extended-Fox-RMX-100x100.jpg 100w\" sizes=\"auto, (max-width: 70px) 100vw, 70px\" \/>\u00a0 Hartl Records<\/span> feat <span style=\"color: #800000;\">Deejay Giovanni<\/span> &#8211; Solo Tu (Amore per sempre) (Van Veen Extended Fox RMX) ( <span style=\"color: #800000;\">Hartl Records<\/span>)<\/strong><\/li>\n<li><strong><span style=\"color: #800000;\"><img loading=\"lazy\" decoding=\"async\" class=\"alignnone wp-image-43035\" src=\"https:\/\/bergers-schlagerparadies.de\/wp-content\/uploads\/2026\/04\/Herzschatten-Warum-nicht-One-Track-Single-300x300.jpeg\" alt=\"\" width=\"70\" height=\"70\" srcset=\"https:\/\/bergers-schlagerparadies.de\/wp-content\/uploads\/2026\/04\/Herzschatten-Warum-nicht-One-Track-Single-300x300.jpeg 300w, https:\/\/bergers-schlagerparadies.de\/wp-content\/uploads\/2026\/04\/Herzschatten-Warum-nicht-One-Track-Single-1024x1024.jpeg 1024w, https:\/\/bergers-schlagerparadies.de\/wp-content\/uploads\/2026\/04\/Herzschatten-Warum-nicht-One-Track-Single-150x150.jpeg 150w, https:\/\/bergers-schlagerparadies.de\/wp-content\/uploads\/2026\/04\/Herzschatten-Warum-nicht-One-Track-Single-768x768.jpeg 768w, https:\/\/bergers-schlagerparadies.de\/wp-content\/uploads\/2026\/04\/Herzschatten-Warum-nicht-One-Track-Single-1188x1188.jpeg 1188w, https:\/\/bergers-schlagerparadies.de\/wp-content\/uploads\/2026\/04\/Herzschatten-Warum-nicht-One-Track-Single-100x100.jpeg 100w, https:\/\/bergers-schlagerparadies.de\/wp-content\/uploads\/2026\/04\/Herzschatten-Warum-nicht-One-Track-Single.jpeg 1200w\" sizes=\"auto, (max-width: 70px) 100vw, 70px\" \/>\u00a0 Herzschatten<\/span> &#8211; Warum nicht [One-Track-Single] ( <span style=\"color: #800000;\">Bellaphon<\/span>\u00a0)<\/strong><\/li>\n<li><strong><img loading=\"lazy\" decoding=\"async\" class=\"alignnone wp-image-42924\" src=\"https:\/\/bergers-schlagerparadies.de\/wp-content\/uploads\/2026\/04\/Ingo-Roberts-Wir-kaufen-uns-ein-kleines-Haus-300x300.jpeg\" alt=\"\" width=\"70\" height=\"70\" srcset=\"https:\/\/bergers-schlagerparadies.de\/wp-content\/uploads\/2026\/04\/Ingo-Roberts-Wir-kaufen-uns-ein-kleines-Haus-300x300.jpeg 300w, https:\/\/bergers-schlagerparadies.de\/wp-content\/uploads\/2026\/04\/Ingo-Roberts-Wir-kaufen-uns-ein-kleines-Haus-1024x1024.jpeg 1024w, https:\/\/bergers-schlagerparadies.de\/wp-content\/uploads\/2026\/04\/Ingo-Roberts-Wir-kaufen-uns-ein-kleines-Haus-150x150.jpeg 150w, https:\/\/bergers-schlagerparadies.de\/wp-content\/uploads\/2026\/04\/Ingo-Roberts-Wir-kaufen-uns-ein-kleines-Haus-768x768.jpeg 768w, https:\/\/bergers-schlagerparadies.de\/wp-content\/uploads\/2026\/04\/Ingo-Roberts-Wir-kaufen-uns-ein-kleines-Haus-1200x1200.jpeg 1200w, https:\/\/bergers-schlagerparadies.de\/wp-content\/uploads\/2026\/04\/Ingo-Roberts-Wir-kaufen-uns-ein-kleines-Haus-1188x1188.jpeg 1188w, https:\/\/bergers-schlagerparadies.de\/wp-content\/uploads\/2026\/04\/Ingo-Roberts-Wir-kaufen-uns-ein-kleines-Haus-100x100.jpeg 100w, https:\/\/bergers-schlagerparadies.de\/wp-content\/uploads\/2026\/04\/Ingo-Roberts-Wir-kaufen-uns-ein-kleines-Haus.jpeg 1417w\" sizes=\"auto, (max-width: 70px) 100vw, 70px\" \/>\u00a0 <span style=\"color: #800000;\">Ingo Roberts<\/span> &#8211; Wir kaufen uns ein kleines Haus ( <span style=\"color: #800000;\">Elwa Musik<\/span>\u00a0)<\/strong><\/li>\n<li><strong><img loading=\"lazy\" decoding=\"async\" class=\"alignnone wp-image-42917\" src=\"https:\/\/bergers-schlagerparadies.de\/wp-content\/uploads\/2026\/04\/Jay-Khan-Boomerang-300x300.jpeg\" alt=\"\" width=\"70\" height=\"70\" srcset=\"https:\/\/bergers-schlagerparadies.de\/wp-content\/uploads\/2026\/04\/Jay-Khan-Boomerang-300x300.jpeg 300w, https:\/\/bergers-schlagerparadies.de\/wp-content\/uploads\/2026\/04\/Jay-Khan-Boomerang-1024x1024.jpeg 1024w, https:\/\/bergers-schlagerparadies.de\/wp-content\/uploads\/2026\/04\/Jay-Khan-Boomerang-150x150.jpeg 150w, https:\/\/bergers-schlagerparadies.de\/wp-content\/uploads\/2026\/04\/Jay-Khan-Boomerang-768x768.jpeg 768w, https:\/\/bergers-schlagerparadies.de\/wp-content\/uploads\/2026\/04\/Jay-Khan-Boomerang-1200x1200.jpeg 1200w, https:\/\/bergers-schlagerparadies.de\/wp-content\/uploads\/2026\/04\/Jay-Khan-Boomerang-1188x1188.jpeg 1188w, https:\/\/bergers-schlagerparadies.de\/wp-content\/uploads\/2026\/04\/Jay-Khan-Boomerang-100x100.jpeg 100w, https:\/\/bergers-schlagerparadies.de\/wp-content\/uploads\/2026\/04\/Jay-Khan-Boomerang.jpeg 1400w\" sizes=\"auto, (max-width: 70px) 100vw, 70px\" \/>\u00a0 <span style=\"color: #800000;\">Jay Khan<\/span> &#8211; Boomerang ( <span style=\"color: #800000;\">Telamo<\/span>\u00a0)<\/strong><\/li>\n<li><strong><img loading=\"lazy\" decoding=\"async\" class=\"alignnone wp-image-42994\" src=\"https:\/\/bergers-schlagerparadies.de\/wp-content\/uploads\/2026\/04\/Joey-Heindle-Schwer-zu-erklaeren-Words-300x300.jpeg\" alt=\"\" width=\"70\" height=\"70\" srcset=\"https:\/\/bergers-schlagerparadies.de\/wp-content\/uploads\/2026\/04\/Joey-Heindle-Schwer-zu-erklaeren-Words-300x300.jpeg 300w, https:\/\/bergers-schlagerparadies.de\/wp-content\/uploads\/2026\/04\/Joey-Heindle-Schwer-zu-erklaeren-Words-1024x1024.jpeg 1024w, https:\/\/bergers-schlagerparadies.de\/wp-content\/uploads\/2026\/04\/Joey-Heindle-Schwer-zu-erklaeren-Words-150x150.jpeg 150w, https:\/\/bergers-schlagerparadies.de\/wp-content\/uploads\/2026\/04\/Joey-Heindle-Schwer-zu-erklaeren-Words-768x768.jpeg 768w, https:\/\/bergers-schlagerparadies.de\/wp-content\/uploads\/2026\/04\/Joey-Heindle-Schwer-zu-erklaeren-Words-1536x1536.jpeg 1536w, https:\/\/bergers-schlagerparadies.de\/wp-content\/uploads\/2026\/04\/Joey-Heindle-Schwer-zu-erklaeren-Words-2048x2048.jpeg 2048w, https:\/\/bergers-schlagerparadies.de\/wp-content\/uploads\/2026\/04\/Joey-Heindle-Schwer-zu-erklaeren-Words-1200x1200.jpeg 1200w, https:\/\/bergers-schlagerparadies.de\/wp-content\/uploads\/2026\/04\/Joey-Heindle-Schwer-zu-erklaeren-Words-1188x1188.jpeg 1188w, https:\/\/bergers-schlagerparadies.de\/wp-content\/uploads\/2026\/04\/Joey-Heindle-Schwer-zu-erklaeren-Words-100x100.jpeg 100w\" sizes=\"auto, (max-width: 70px) 100vw, 70px\" \/>\u00a0 <span style=\"color: #800000;\">Joey Heindle<\/span> &#8211; Schwer zu erkl\u00e4ren (Words) ( <span style=\"color: #800000;\">Heart of Berlin<\/span>\u00a0)<\/strong><\/li>\n<li><strong><span style=\"color: #800000;\"><img loading=\"lazy\" decoding=\"async\" class=\"alignnone wp-image-43044\" src=\"https:\/\/bergers-schlagerparadies.de\/wp-content\/uploads\/2026\/04\/Kerstin-Ott-Rosalinde-300x300.jpg\" alt=\"\" width=\"70\" height=\"70\" srcset=\"https:\/\/bergers-schlagerparadies.de\/wp-content\/uploads\/2026\/04\/Kerstin-Ott-Rosalinde-300x300.jpg 300w, https:\/\/bergers-schlagerparadies.de\/wp-content\/uploads\/2026\/04\/Kerstin-Ott-Rosalinde-1024x1024.jpg 1024w, https:\/\/bergers-schlagerparadies.de\/wp-content\/uploads\/2026\/04\/Kerstin-Ott-Rosalinde-150x150.jpg 150w, https:\/\/bergers-schlagerparadies.de\/wp-content\/uploads\/2026\/04\/Kerstin-Ott-Rosalinde-768x768.jpg 768w, https:\/\/bergers-schlagerparadies.de\/wp-content\/uploads\/2026\/04\/Kerstin-Ott-Rosalinde-100x100.jpg 100w, https:\/\/bergers-schlagerparadies.de\/wp-content\/uploads\/2026\/04\/Kerstin-Ott-Rosalinde.jpg 1100w\" sizes=\"auto, (max-width: 70px) 100vw, 70px\" \/>\u00a0 Kerstin Ott<\/span> &#8211; Rosalinde ( <span style=\"color: #800000;\">Polydor<\/span>\u00a0)<\/strong><\/li>\n<li><strong><img loading=\"lazy\" decoding=\"async\" class=\"alignnone wp-image-42847\" src=\"https:\/\/bergers-schlagerparadies.de\/wp-content\/uploads\/2026\/04\/Leslie-Alles-deutet-darauf-hin-300x300.jpeg\" alt=\"\" width=\"70\" height=\"70\" srcset=\"https:\/\/bergers-schlagerparadies.de\/wp-content\/uploads\/2026\/04\/Leslie-Alles-deutet-darauf-hin-300x300.jpeg 300w, https:\/\/bergers-schlagerparadies.de\/wp-content\/uploads\/2026\/04\/Leslie-Alles-deutet-darauf-hin-1024x1024.jpeg 1024w, https:\/\/bergers-schlagerparadies.de\/wp-content\/uploads\/2026\/04\/Leslie-Alles-deutet-darauf-hin-150x150.jpeg 150w, https:\/\/bergers-schlagerparadies.de\/wp-content\/uploads\/2026\/04\/Leslie-Alles-deutet-darauf-hin-768x768.jpeg 768w, https:\/\/bergers-schlagerparadies.de\/wp-content\/uploads\/2026\/04\/Leslie-Alles-deutet-darauf-hin-1536x1536.jpeg 1536w, https:\/\/bergers-schlagerparadies.de\/wp-content\/uploads\/2026\/04\/Leslie-Alles-deutet-darauf-hin-2048x2048.jpeg 2048w, https:\/\/bergers-schlagerparadies.de\/wp-content\/uploads\/2026\/04\/Leslie-Alles-deutet-darauf-hin-1200x1200.jpeg 1200w, https:\/\/bergers-schlagerparadies.de\/wp-content\/uploads\/2026\/04\/Leslie-Alles-deutet-darauf-hin-1188x1188.jpeg 1188w, https:\/\/bergers-schlagerparadies.de\/wp-content\/uploads\/2026\/04\/Leslie-Alles-deutet-darauf-hin-100x100.jpeg 100w\" sizes=\"auto, (max-width: 70px) 100vw, 70px\" \/>\u00a0 <span style=\"color: #800000;\">Leslie<\/span> &#8211; Alles deutet darauf hin ( <span style=\"color: #800000;\">Fiesta Records<\/span> )<\/strong><\/li>\n<li><strong><img loading=\"lazy\" decoding=\"async\" class=\"alignnone wp-image-42851\" src=\"https:\/\/bergers-schlagerparadies.de\/wp-content\/uploads\/2026\/04\/Linda-Jung-Liebesbriefe-300x300.jpeg\" alt=\"\" width=\"70\" height=\"70\" srcset=\"https:\/\/bergers-schlagerparadies.de\/wp-content\/uploads\/2026\/04\/Linda-Jung-Liebesbriefe-300x300.jpeg 300w, https:\/\/bergers-schlagerparadies.de\/wp-content\/uploads\/2026\/04\/Linda-Jung-Liebesbriefe-1024x1024.jpeg 1024w, https:\/\/bergers-schlagerparadies.de\/wp-content\/uploads\/2026\/04\/Linda-Jung-Liebesbriefe-150x150.jpeg 150w, https:\/\/bergers-schlagerparadies.de\/wp-content\/uploads\/2026\/04\/Linda-Jung-Liebesbriefe-768x768.jpeg 768w, https:\/\/bergers-schlagerparadies.de\/wp-content\/uploads\/2026\/04\/Linda-Jung-Liebesbriefe-1536x1536.jpeg 1536w, https:\/\/bergers-schlagerparadies.de\/wp-content\/uploads\/2026\/04\/Linda-Jung-Liebesbriefe-2048x2048.jpeg 2048w, https:\/\/bergers-schlagerparadies.de\/wp-content\/uploads\/2026\/04\/Linda-Jung-Liebesbriefe-1200x1200.jpeg 1200w, https:\/\/bergers-schlagerparadies.de\/wp-content\/uploads\/2026\/04\/Linda-Jung-Liebesbriefe-1188x1188.jpeg 1188w, https:\/\/bergers-schlagerparadies.de\/wp-content\/uploads\/2026\/04\/Linda-Jung-Liebesbriefe-100x100.jpeg 100w\" sizes=\"auto, (max-width: 70px) 100vw, 70px\" \/>\u00a0 <span style=\"color: #800000;\">Linda Jung<\/span> &#8211; Liebesbriefe ( <span style=\"color: #800000;\">Fiesta Records<\/span> )<\/strong><\/li>\n<li><strong><span style=\"color: #800000;\"><img loading=\"lazy\" decoding=\"async\" class=\"alignnone wp-image-42954\" src=\"https:\/\/bergers-schlagerparadies.de\/wp-content\/uploads\/2026\/04\/Lyane-Hegemann-Gluecksritter-300x300.jpg\" alt=\"\" width=\"70\" height=\"70\" srcset=\"https:\/\/bergers-schlagerparadies.de\/wp-content\/uploads\/2026\/04\/Lyane-Hegemann-Gluecksritter-300x300.jpg 300w, https:\/\/bergers-schlagerparadies.de\/wp-content\/uploads\/2026\/04\/Lyane-Hegemann-Gluecksritter-1024x1024.jpg 1024w, https:\/\/bergers-schlagerparadies.de\/wp-content\/uploads\/2026\/04\/Lyane-Hegemann-Gluecksritter-150x150.jpg 150w, https:\/\/bergers-schlagerparadies.de\/wp-content\/uploads\/2026\/04\/Lyane-Hegemann-Gluecksritter-768x768.jpg 768w, https:\/\/bergers-schlagerparadies.de\/wp-content\/uploads\/2026\/04\/Lyane-Hegemann-Gluecksritter-1188x1188.jpg 1188w, https:\/\/bergers-schlagerparadies.de\/wp-content\/uploads\/2026\/04\/Lyane-Hegemann-Gluecksritter-100x100.jpg 100w, https:\/\/bergers-schlagerparadies.de\/wp-content\/uploads\/2026\/04\/Lyane-Hegemann-Gluecksritter.jpg 1200w\" sizes=\"auto, (max-width: 70px) 100vw, 70px\" \/>\u00a0 Lyane Hegemann<\/span> &#8211; Gl\u00fccksritter ( <span style=\"color: #800000;\">3H Records<\/span>\u00a0)<\/strong><\/li>\n<li><strong><span style=\"color: #800000;\"><img loading=\"lazy\" decoding=\"async\" class=\"alignnone wp-image-43039\" src=\"https:\/\/bergers-schlagerparadies.de\/wp-content\/uploads\/2026\/04\/Nicole-Conring-Der-Fluch-der-Nofretete-300x300.jpeg\" alt=\"\" width=\"70\" height=\"70\" srcset=\"https:\/\/bergers-schlagerparadies.de\/wp-content\/uploads\/2026\/04\/Nicole-Conring-Der-Fluch-der-Nofretete-300x300.jpeg 300w, https:\/\/bergers-schlagerparadies.de\/wp-content\/uploads\/2026\/04\/Nicole-Conring-Der-Fluch-der-Nofretete-1024x1024.jpeg 1024w, https:\/\/bergers-schlagerparadies.de\/wp-content\/uploads\/2026\/04\/Nicole-Conring-Der-Fluch-der-Nofretete-150x150.jpeg 150w, https:\/\/bergers-schlagerparadies.de\/wp-content\/uploads\/2026\/04\/Nicole-Conring-Der-Fluch-der-Nofretete-768x768.jpeg 768w, https:\/\/bergers-schlagerparadies.de\/wp-content\/uploads\/2026\/04\/Nicole-Conring-Der-Fluch-der-Nofretete-1188x1188.jpeg 1188w, https:\/\/bergers-schlagerparadies.de\/wp-content\/uploads\/2026\/04\/Nicole-Conring-Der-Fluch-der-Nofretete-100x100.jpeg 100w, https:\/\/bergers-schlagerparadies.de\/wp-content\/uploads\/2026\/04\/Nicole-Conring-Der-Fluch-der-Nofretete.jpeg 1200w\" sizes=\"auto, (max-width: 70px) 100vw, 70px\" \/>\u00a0 Nicole Conring<\/span> &#8211; Der Fluch der Nofretete ( <span style=\"color: #800000;\">Lasso-Music \/ Vertrieb: Kontor New Media<\/span>\u00a0)<\/strong><\/li>\n<li><strong><img loading=\"lazy\" decoding=\"async\" class=\"alignnone wp-image-42936\" src=\"https:\/\/bergers-schlagerparadies.de\/wp-content\/uploads\/2026\/04\/Peggy-March-Es-gibt-nicht-nur-das-was-man-sieht-300x300.jpeg\" alt=\"\" width=\"70\" height=\"70\" srcset=\"https:\/\/bergers-schlagerparadies.de\/wp-content\/uploads\/2026\/04\/Peggy-March-Es-gibt-nicht-nur-das-was-man-sieht-300x300.jpeg 300w, https:\/\/bergers-schlagerparadies.de\/wp-content\/uploads\/2026\/04\/Peggy-March-Es-gibt-nicht-nur-das-was-man-sieht-1024x1024.jpeg 1024w, https:\/\/bergers-schlagerparadies.de\/wp-content\/uploads\/2026\/04\/Peggy-March-Es-gibt-nicht-nur-das-was-man-sieht-150x150.jpeg 150w, https:\/\/bergers-schlagerparadies.de\/wp-content\/uploads\/2026\/04\/Peggy-March-Es-gibt-nicht-nur-das-was-man-sieht-768x768.jpeg 768w, https:\/\/bergers-schlagerparadies.de\/wp-content\/uploads\/2026\/04\/Peggy-March-Es-gibt-nicht-nur-das-was-man-sieht-1536x1536.jpeg 1536w, https:\/\/bergers-schlagerparadies.de\/wp-content\/uploads\/2026\/04\/Peggy-March-Es-gibt-nicht-nur-das-was-man-sieht-2048x2048.jpeg 2048w, https:\/\/bergers-schlagerparadies.de\/wp-content\/uploads\/2026\/04\/Peggy-March-Es-gibt-nicht-nur-das-was-man-sieht-1200x1200.jpeg 1200w, https:\/\/bergers-schlagerparadies.de\/wp-content\/uploads\/2026\/04\/Peggy-March-Es-gibt-nicht-nur-das-was-man-sieht-1188x1188.jpeg 1188w, https:\/\/bergers-schlagerparadies.de\/wp-content\/uploads\/2026\/04\/Peggy-March-Es-gibt-nicht-nur-das-was-man-sieht-100x100.jpeg 100w\" sizes=\"auto, (max-width: 70px) 100vw, 70px\" \/>\u00a0 <span style=\"color: #800000;\">Peggy March<\/span> &#8211; Es gibt nicht nur das was man sieht ( <span style=\"color: #800000;\">Siebenpunkt Verlag<\/span>\u00a0)<\/strong><\/li>\n<li><strong><span style=\"color: #800000;\"><img loading=\"lazy\" decoding=\"async\" class=\"alignnone wp-image-42962\" src=\"https:\/\/bergers-schlagerparadies.de\/wp-content\/uploads\/2026\/04\/Peter-Maren-Hey-Du-300x300.jpg\" alt=\"\" width=\"70\" height=\"70\" srcset=\"https:\/\/bergers-schlagerparadies.de\/wp-content\/uploads\/2026\/04\/Peter-Maren-Hey-Du-300x300.jpg 300w, https:\/\/bergers-schlagerparadies.de\/wp-content\/uploads\/2026\/04\/Peter-Maren-Hey-Du-1024x1024.jpg 1024w, https:\/\/bergers-schlagerparadies.de\/wp-content\/uploads\/2026\/04\/Peter-Maren-Hey-Du-150x150.jpg 150w, https:\/\/bergers-schlagerparadies.de\/wp-content\/uploads\/2026\/04\/Peter-Maren-Hey-Du-768x768.jpg 768w, https:\/\/bergers-schlagerparadies.de\/wp-content\/uploads\/2026\/04\/Peter-Maren-Hey-Du-1536x1536.jpg 1536w, https:\/\/bergers-schlagerparadies.de\/wp-content\/uploads\/2026\/04\/Peter-Maren-Hey-Du-2048x2048.jpg 2048w, https:\/\/bergers-schlagerparadies.de\/wp-content\/uploads\/2026\/04\/Peter-Maren-Hey-Du-1200x1200.jpg 1200w, https:\/\/bergers-schlagerparadies.de\/wp-content\/uploads\/2026\/04\/Peter-Maren-Hey-Du-1188x1188.jpg 1188w, https:\/\/bergers-schlagerparadies.de\/wp-content\/uploads\/2026\/04\/Peter-Maren-Hey-Du-100x100.jpg 100w\" sizes=\"auto, (max-width: 70px) 100vw, 70px\" \/>\u00a0 Peter Maren<\/span> &#8211; Hey Du ( <span style=\"color: #800000;\">Fiesta Records<\/span> )<\/strong><\/li>\n<li><strong><span style=\"color: #800000;\"><img loading=\"lazy\" decoding=\"async\" class=\"alignnone wp-image-42973\" src=\"https:\/\/bergers-schlagerparadies.de\/wp-content\/uploads\/2026\/04\/Projekt-Dorfliebe-Music-Traum-bleibt-Fantasie-300x300.jpg\" alt=\"\" width=\"70\" height=\"70\" srcset=\"https:\/\/bergers-schlagerparadies.de\/wp-content\/uploads\/2026\/04\/Projekt-Dorfliebe-Music-Traum-bleibt-Fantasie-300x300.jpg 300w, https:\/\/bergers-schlagerparadies.de\/wp-content\/uploads\/2026\/04\/Projekt-Dorfliebe-Music-Traum-bleibt-Fantasie-1024x1024.jpg 1024w, https:\/\/bergers-schlagerparadies.de\/wp-content\/uploads\/2026\/04\/Projekt-Dorfliebe-Music-Traum-bleibt-Fantasie-150x150.jpg 150w, https:\/\/bergers-schlagerparadies.de\/wp-content\/uploads\/2026\/04\/Projekt-Dorfliebe-Music-Traum-bleibt-Fantasie-768x768.jpg 768w, https:\/\/bergers-schlagerparadies.de\/wp-content\/uploads\/2026\/04\/Projekt-Dorfliebe-Music-Traum-bleibt-Fantasie-1536x1536.jpg 1536w, https:\/\/bergers-schlagerparadies.de\/wp-content\/uploads\/2026\/04\/Projekt-Dorfliebe-Music-Traum-bleibt-Fantasie-2048x2048.jpg 2048w, https:\/\/bergers-schlagerparadies.de\/wp-content\/uploads\/2026\/04\/Projekt-Dorfliebe-Music-Traum-bleibt-Fantasie-1200x1200.jpg 1200w, https:\/\/bergers-schlagerparadies.de\/wp-content\/uploads\/2026\/04\/Projekt-Dorfliebe-Music-Traum-bleibt-Fantasie-1188x1188.jpg 1188w, https:\/\/bergers-schlagerparadies.de\/wp-content\/uploads\/2026\/04\/Projekt-Dorfliebe-Music-Traum-bleibt-Fantasie-100x100.jpg 100w\" sizes=\"auto, (max-width: 70px) 100vw, 70px\" \/>\u00a0 Projekt Dorfliebe Music<\/span> &#8211; Traum bleibt Fantasie ( <span style=\"color: #800000;\">Fiesta Records<\/span> )<\/strong><\/li>\n<li><strong><span style=\"color: #800000;\"><img loading=\"lazy\" decoding=\"async\" class=\"alignnone wp-image-42743\" src=\"https:\/\/bergers-schlagerparadies.de\/wp-content\/uploads\/2026\/04\/Rene-Unfer-Wild-jung-frei-300x300.jpeg\" alt=\"\" width=\"70\" height=\"70\" srcset=\"https:\/\/bergers-schlagerparadies.de\/wp-content\/uploads\/2026\/04\/Rene-Unfer-Wild-jung-frei-300x300.jpeg 300w, https:\/\/bergers-schlagerparadies.de\/wp-content\/uploads\/2026\/04\/Rene-Unfer-Wild-jung-frei-1024x1024.jpeg 1024w, https:\/\/bergers-schlagerparadies.de\/wp-content\/uploads\/2026\/04\/Rene-Unfer-Wild-jung-frei-150x150.jpeg 150w, https:\/\/bergers-schlagerparadies.de\/wp-content\/uploads\/2026\/04\/Rene-Unfer-Wild-jung-frei-768x768.jpeg 768w, https:\/\/bergers-schlagerparadies.de\/wp-content\/uploads\/2026\/04\/Rene-Unfer-Wild-jung-frei-1536x1536.jpeg 1536w, https:\/\/bergers-schlagerparadies.de\/wp-content\/uploads\/2026\/04\/Rene-Unfer-Wild-jung-frei-2048x2048.jpeg 2048w, https:\/\/bergers-schlagerparadies.de\/wp-content\/uploads\/2026\/04\/Rene-Unfer-Wild-jung-frei-1200x1200.jpeg 1200w, https:\/\/bergers-schlagerparadies.de\/wp-content\/uploads\/2026\/04\/Rene-Unfer-Wild-jung-frei-1188x1188.jpeg 1188w, https:\/\/bergers-schlagerparadies.de\/wp-content\/uploads\/2026\/04\/Rene-Unfer-Wild-jung-frei-100x100.jpeg 100w\" sizes=\"auto, (max-width: 70px) 100vw, 70px\" \/>\u00a0 Rene Unfer<\/span> &#8211; Wild, jung &amp; frei ( <span style=\"color: #800000;\">Schlagerhimmel<\/span>\u00a0)<\/strong><\/li>\n<\/ul>\n<p><span style=\"font-size: 12pt;\"><strong><em><span style=\"color: #666699;\">Neuvorstellungen<\/span><\/em><em><span style=\"color: #666699;\"> in dieser Woche: mit V\u00d6: <\/span><span style=\"color: #666699;\"><span style=\"color: #800000;\">10<\/span><\/span><span style=\"color: #666699;\"><span style=\"color: #993366; font-size: 14pt;\">. April 2026 <\/span>&#8211; 15<\/span><span style=\"color: #808080;\">KW<\/span><\/em><\/strong><\/span><\/p>\n<ul>\n<li><strong><img loading=\"lazy\" decoding=\"async\" class=\"alignnone wp-image-42731\" src=\"https:\/\/bergers-schlagerparadies.de\/wp-content\/uploads\/2026\/04\/Fantasy-Bube-Dame-Koenig-Album-300x300.jpeg\" alt=\"\" width=\"70\" height=\"70\" srcset=\"https:\/\/bergers-schlagerparadies.de\/wp-content\/uploads\/2026\/04\/Fantasy-Bube-Dame-Koenig-Album-300x300.jpeg 300w, https:\/\/bergers-schlagerparadies.de\/wp-content\/uploads\/2026\/04\/Fantasy-Bube-Dame-Koenig-Album-1024x1024.jpeg 1024w, https:\/\/bergers-schlagerparadies.de\/wp-content\/uploads\/2026\/04\/Fantasy-Bube-Dame-Koenig-Album-150x150.jpeg 150w, https:\/\/bergers-schlagerparadies.de\/wp-content\/uploads\/2026\/04\/Fantasy-Bube-Dame-Koenig-Album-768x768.jpeg 768w, https:\/\/bergers-schlagerparadies.de\/wp-content\/uploads\/2026\/04\/Fantasy-Bube-Dame-Koenig-Album-1200x1200.jpeg 1200w, https:\/\/bergers-schlagerparadies.de\/wp-content\/uploads\/2026\/04\/Fantasy-Bube-Dame-Koenig-Album-1188x1188.jpeg 1188w, https:\/\/bergers-schlagerparadies.de\/wp-content\/uploads\/2026\/04\/Fantasy-Bube-Dame-Koenig-Album-100x100.jpeg 100w, https:\/\/bergers-schlagerparadies.de\/wp-content\/uploads\/2026\/04\/Fantasy-Bube-Dame-Koenig-Album.jpeg 1500w\" sizes=\"auto, (max-width: 70px) 100vw, 70px\" \/>\u00a0 <span style=\"color: #800000;\">Fantasy<\/span> &#8211; Bube Dame K\u00f6nig (<span style=\"color: #800000;\">Album<\/span>) ( <span style=\"color: #800000;\">Telamo<\/span>\u00a0)<\/strong><\/li>\n<li><strong><span style=\"color: #800000;\"><img loading=\"lazy\" decoding=\"async\" class=\"alignnone wp-image-42871\" src=\"https:\/\/bergers-schlagerparadies.de\/wp-content\/uploads\/2026\/04\/Josh.-Wer-singt-dann-Lieder-fuer-dich-Album-300x300.jpeg\" alt=\"\" width=\"71\" height=\"71\" srcset=\"https:\/\/bergers-schlagerparadies.de\/wp-content\/uploads\/2026\/04\/Josh.-Wer-singt-dann-Lieder-fuer-dich-Album-300x300.jpeg 300w, https:\/\/bergers-schlagerparadies.de\/wp-content\/uploads\/2026\/04\/Josh.-Wer-singt-dann-Lieder-fuer-dich-Album-1024x1024.jpeg 1024w, https:\/\/bergers-schlagerparadies.de\/wp-content\/uploads\/2026\/04\/Josh.-Wer-singt-dann-Lieder-fuer-dich-Album-150x150.jpeg 150w, https:\/\/bergers-schlagerparadies.de\/wp-content\/uploads\/2026\/04\/Josh.-Wer-singt-dann-Lieder-fuer-dich-Album-768x768.jpeg 768w, https:\/\/bergers-schlagerparadies.de\/wp-content\/uploads\/2026\/04\/Josh.-Wer-singt-dann-Lieder-fuer-dich-Album-1188x1188.jpeg 1188w, https:\/\/bergers-schlagerparadies.de\/wp-content\/uploads\/2026\/04\/Josh.-Wer-singt-dann-Lieder-fuer-dich-Album-100x100.jpeg 100w, https:\/\/bergers-schlagerparadies.de\/wp-content\/uploads\/2026\/04\/Josh.-Wer-singt-dann-Lieder-fuer-dich-Album.jpeg 1200w\" sizes=\"auto, (max-width: 71px) 100vw, 71px\" \/>\u00a0 Josh.<\/span> &#8211; Wer singt dann Lieder f\u00fcr dich (Album) ( <span style=\"color: #800000;\">Warner Music International<\/span>\u00a0)<\/strong><\/li>\n<li><strong><span style=\"color: #800000;\"><img loading=\"lazy\" decoding=\"async\" class=\"alignnone wp-image-42826\" src=\"https:\/\/bergers-schlagerparadies.de\/wp-content\/uploads\/2026\/04\/Teddy-Karo-\u2013-Hey-Album-300x300.jpg\" alt=\"\" width=\"70\" height=\"70\" srcset=\"https:\/\/bergers-schlagerparadies.de\/wp-content\/uploads\/2026\/04\/Teddy-Karo-\u2013-Hey-Album-300x300.jpg 300w, https:\/\/bergers-schlagerparadies.de\/wp-content\/uploads\/2026\/04\/Teddy-Karo-\u2013-Hey-Album-1024x1024.jpg 1024w, https:\/\/bergers-schlagerparadies.de\/wp-content\/uploads\/2026\/04\/Teddy-Karo-\u2013-Hey-Album-150x150.jpg 150w, https:\/\/bergers-schlagerparadies.de\/wp-content\/uploads\/2026\/04\/Teddy-Karo-\u2013-Hey-Album-768x768.jpg 768w, https:\/\/bergers-schlagerparadies.de\/wp-content\/uploads\/2026\/04\/Teddy-Karo-\u2013-Hey-Album-1536x1536.jpg 1536w, https:\/\/bergers-schlagerparadies.de\/wp-content\/uploads\/2026\/04\/Teddy-Karo-\u2013-Hey-Album-2048x2048.jpg 2048w, https:\/\/bergers-schlagerparadies.de\/wp-content\/uploads\/2026\/04\/Teddy-Karo-\u2013-Hey-Album-1200x1200.jpg 1200w, https:\/\/bergers-schlagerparadies.de\/wp-content\/uploads\/2026\/04\/Teddy-Karo-\u2013-Hey-Album-1188x1188.jpg 1188w, https:\/\/bergers-schlagerparadies.de\/wp-content\/uploads\/2026\/04\/Teddy-Karo-\u2013-Hey-Album-100x100.jpg 100w\" sizes=\"auto, (max-width: 70px) 100vw, 70px\" \/>\u00a0 Teddy Karo<\/span> \u2013 Hey! (<span style=\"color: #800000;\">Album<\/span>) ( <span style=\"color: #800000;\">Fiesta Records<\/span> )<\/strong><\/li>\n<li><span style=\"color: #800000;\"><strong>&#8212;&#8212;&#8212;&#8212;&#8212;&#8212;&#8212;&#8212;&#8212;&#8212;&#8212;&#8212;&#8212;&#8212;&#8212;&#8212;&#8212;&#8212;&#8212;&#8212;&#8212;&#8212;&#8212;&#8212;&#8212;&#8212;&#8212;&#8212;&#8212;&#8212;&#8212;&#8212;&#8212;&#8212;-<\/strong><\/span><\/li>\n<li><strong><span style=\"color: #800000;\"><img loading=\"lazy\" decoding=\"async\" class=\"alignnone wp-image-42855\" src=\"https:\/\/bergers-schlagerparadies.de\/wp-content\/uploads\/2026\/04\/Allessa-20.000-Meilen-Once-Twice-Remix-300x300.jpeg\" alt=\"\" width=\"70\" height=\"70\" srcset=\"https:\/\/bergers-schlagerparadies.de\/wp-content\/uploads\/2026\/04\/Allessa-20.000-Meilen-Once-Twice-Remix-300x300.jpeg 300w, https:\/\/bergers-schlagerparadies.de\/wp-content\/uploads\/2026\/04\/Allessa-20.000-Meilen-Once-Twice-Remix-1024x1024.jpeg 1024w, https:\/\/bergers-schlagerparadies.de\/wp-content\/uploads\/2026\/04\/Allessa-20.000-Meilen-Once-Twice-Remix-150x150.jpeg 150w, https:\/\/bergers-schlagerparadies.de\/wp-content\/uploads\/2026\/04\/Allessa-20.000-Meilen-Once-Twice-Remix-768x768.jpeg 768w, https:\/\/bergers-schlagerparadies.de\/wp-content\/uploads\/2026\/04\/Allessa-20.000-Meilen-Once-Twice-Remix-1188x1188.jpeg 1188w, https:\/\/bergers-schlagerparadies.de\/wp-content\/uploads\/2026\/04\/Allessa-20.000-Meilen-Once-Twice-Remix-100x100.jpeg 100w, https:\/\/bergers-schlagerparadies.de\/wp-content\/uploads\/2026\/04\/Allessa-20.000-Meilen-Once-Twice-Remix.jpeg 1200w\" sizes=\"auto, (max-width: 70px) 100vw, 70px\" \/>\u00a0 Allessa<\/span> &#8211; 20.000 Meilen (Once &amp; Twice! Remix) ( <span style=\"color: #800000;\">Lasso-Music \/ Vertrieb: Kontor New Media<\/span>\u00a0)<\/strong><\/li>\n<li><strong><span style=\"color: #800000;\"><img loading=\"lazy\" decoding=\"async\" class=\"alignnone wp-image-42781\" src=\"https:\/\/bergers-schlagerparadies.de\/wp-content\/uploads\/2026\/04\/Angela-Nebauer-\u2013-Spiel-der-Liebe-OnceTwice-Remix-300x300.jpg\" alt=\"\" width=\"70\" height=\"70\" srcset=\"https:\/\/bergers-schlagerparadies.de\/wp-content\/uploads\/2026\/04\/Angela-Nebauer-\u2013-Spiel-der-Liebe-OnceTwice-Remix-300x300.jpg 300w, https:\/\/bergers-schlagerparadies.de\/wp-content\/uploads\/2026\/04\/Angela-Nebauer-\u2013-Spiel-der-Liebe-OnceTwice-Remix-1024x1024.jpg 1024w, https:\/\/bergers-schlagerparadies.de\/wp-content\/uploads\/2026\/04\/Angela-Nebauer-\u2013-Spiel-der-Liebe-OnceTwice-Remix-150x150.jpg 150w, https:\/\/bergers-schlagerparadies.de\/wp-content\/uploads\/2026\/04\/Angela-Nebauer-\u2013-Spiel-der-Liebe-OnceTwice-Remix-768x768.jpg 768w, https:\/\/bergers-schlagerparadies.de\/wp-content\/uploads\/2026\/04\/Angela-Nebauer-\u2013-Spiel-der-Liebe-OnceTwice-Remix-1536x1536.jpg 1536w, https:\/\/bergers-schlagerparadies.de\/wp-content\/uploads\/2026\/04\/Angela-Nebauer-\u2013-Spiel-der-Liebe-OnceTwice-Remix-2048x2048.jpg 2048w, https:\/\/bergers-schlagerparadies.de\/wp-content\/uploads\/2026\/04\/Angela-Nebauer-\u2013-Spiel-der-Liebe-OnceTwice-Remix-1200x1200.jpg 1200w, https:\/\/bergers-schlagerparadies.de\/wp-content\/uploads\/2026\/04\/Angela-Nebauer-\u2013-Spiel-der-Liebe-OnceTwice-Remix-1188x1188.jpg 1188w, https:\/\/bergers-schlagerparadies.de\/wp-content\/uploads\/2026\/04\/Angela-Nebauer-\u2013-Spiel-der-Liebe-OnceTwice-Remix-100x100.jpg 100w\" sizes=\"auto, (max-width: 70px) 100vw, 70px\" \/>\u00a0 Angela Nebauer<\/span> \u2013 Spiel der Liebe (Once&amp;Twice! Remix) ( <span style=\"color: #800000;\">Fiesta Records<\/span> )<\/strong><\/li>\n<li><strong><span style=\"color: #800000;\"><img loading=\"lazy\" decoding=\"async\" class=\"alignnone wp-image-42903\" src=\"https:\/\/bergers-schlagerparadies.de\/wp-content\/uploads\/2026\/04\/Benno-Morawitzky-Ich-hab-mich-in-dich-verliebt-300x300.jpg\" alt=\"\" width=\"70\" height=\"70\" srcset=\"https:\/\/bergers-schlagerparadies.de\/wp-content\/uploads\/2026\/04\/Benno-Morawitzky-Ich-hab-mich-in-dich-verliebt-300x300.jpg 300w, https:\/\/bergers-schlagerparadies.de\/wp-content\/uploads\/2026\/04\/Benno-Morawitzky-Ich-hab-mich-in-dich-verliebt-1024x1024.jpg 1024w, https:\/\/bergers-schlagerparadies.de\/wp-content\/uploads\/2026\/04\/Benno-Morawitzky-Ich-hab-mich-in-dich-verliebt-150x150.jpg 150w, https:\/\/bergers-schlagerparadies.de\/wp-content\/uploads\/2026\/04\/Benno-Morawitzky-Ich-hab-mich-in-dich-verliebt-768x768.jpg 768w, https:\/\/bergers-schlagerparadies.de\/wp-content\/uploads\/2026\/04\/Benno-Morawitzky-Ich-hab-mich-in-dich-verliebt-1536x1536.jpg 1536w, https:\/\/bergers-schlagerparadies.de\/wp-content\/uploads\/2026\/04\/Benno-Morawitzky-Ich-hab-mich-in-dich-verliebt-2048x2048.jpg 2048w, https:\/\/bergers-schlagerparadies.de\/wp-content\/uploads\/2026\/04\/Benno-Morawitzky-Ich-hab-mich-in-dich-verliebt-1200x1200.jpg 1200w, https:\/\/bergers-schlagerparadies.de\/wp-content\/uploads\/2026\/04\/Benno-Morawitzky-Ich-hab-mich-in-dich-verliebt-1188x1188.jpg 1188w, https:\/\/bergers-schlagerparadies.de\/wp-content\/uploads\/2026\/04\/Benno-Morawitzky-Ich-hab-mich-in-dich-verliebt-100x100.jpg 100w\" sizes=\"auto, (max-width: 70px) 100vw, 70px\" \/>\u00a0 Benno Morawitzky<\/span> &#8211; Ich hab mich in dich verliebt ( <span style=\"color: #800000;\">Fiesta Records<\/span> )<\/strong><\/li>\n<li><strong><span style=\"color: #800000;\"><img loading=\"lazy\" decoding=\"async\" class=\"alignnone wp-image-42801\" src=\"https:\/\/bergers-schlagerparadies.de\/wp-content\/uploads\/2026\/04\/Bruno-Ferrara-Tausend-Naechte-300x300.jpg\" alt=\"\" width=\"70\" height=\"70\" srcset=\"https:\/\/bergers-schlagerparadies.de\/wp-content\/uploads\/2026\/04\/Bruno-Ferrara-Tausend-Naechte-300x300.jpg 300w, https:\/\/bergers-schlagerparadies.de\/wp-content\/uploads\/2026\/04\/Bruno-Ferrara-Tausend-Naechte-1024x1024.jpg 1024w, https:\/\/bergers-schlagerparadies.de\/wp-content\/uploads\/2026\/04\/Bruno-Ferrara-Tausend-Naechte-150x150.jpg 150w, https:\/\/bergers-schlagerparadies.de\/wp-content\/uploads\/2026\/04\/Bruno-Ferrara-Tausend-Naechte-768x768.jpg 768w, https:\/\/bergers-schlagerparadies.de\/wp-content\/uploads\/2026\/04\/Bruno-Ferrara-Tausend-Naechte-1536x1536.jpg 1536w, https:\/\/bergers-schlagerparadies.de\/wp-content\/uploads\/2026\/04\/Bruno-Ferrara-Tausend-Naechte-2048x2048.jpg 2048w, https:\/\/bergers-schlagerparadies.de\/wp-content\/uploads\/2026\/04\/Bruno-Ferrara-Tausend-Naechte-1200x1200.jpg 1200w, https:\/\/bergers-schlagerparadies.de\/wp-content\/uploads\/2026\/04\/Bruno-Ferrara-Tausend-Naechte-1188x1188.jpg 1188w, https:\/\/bergers-schlagerparadies.de\/wp-content\/uploads\/2026\/04\/Bruno-Ferrara-Tausend-Naechte-100x100.jpg 100w\" sizes=\"auto, (max-width: 70px) 100vw, 70px\" \/>\u00a0 Bruno Ferrara<\/span> &#8211; Tausend N\u00e4chte ( <span style=\"color: #800000;\">KLONDIKE Records &amp; Songs\u00a0<\/span>\u00a0)<\/strong><\/li>\n<li><strong><span style=\"color: #800000;\"><img loading=\"lazy\" decoding=\"async\" class=\"alignnone wp-image-42814\" src=\"https:\/\/bergers-schlagerparadies.de\/wp-content\/uploads\/2026\/04\/Diana-Tanz-noch-einmal-mit-mir-300x300.jpeg\" alt=\"\" width=\"70\" height=\"70\" srcset=\"https:\/\/bergers-schlagerparadies.de\/wp-content\/uploads\/2026\/04\/Diana-Tanz-noch-einmal-mit-mir-300x300.jpeg 300w, https:\/\/bergers-schlagerparadies.de\/wp-content\/uploads\/2026\/04\/Diana-Tanz-noch-einmal-mit-mir-1024x1024.jpeg 1024w, https:\/\/bergers-schlagerparadies.de\/wp-content\/uploads\/2026\/04\/Diana-Tanz-noch-einmal-mit-mir-150x150.jpeg 150w, https:\/\/bergers-schlagerparadies.de\/wp-content\/uploads\/2026\/04\/Diana-Tanz-noch-einmal-mit-mir-768x768.jpeg 768w, https:\/\/bergers-schlagerparadies.de\/wp-content\/uploads\/2026\/04\/Diana-Tanz-noch-einmal-mit-mir-1188x1188.jpeg 1188w, https:\/\/bergers-schlagerparadies.de\/wp-content\/uploads\/2026\/04\/Diana-Tanz-noch-einmal-mit-mir-100x100.jpeg 100w, https:\/\/bergers-schlagerparadies.de\/wp-content\/uploads\/2026\/04\/Diana-Tanz-noch-einmal-mit-mir.jpeg 1200w\" sizes=\"auto, (max-width: 70px) 100vw, 70px\" \/>\u00a0 Diana<\/span> &#8211; Tanz noch einmal mit mir ( <span style=\"color: #800000;\">4me records<\/span>\u00a0)<\/strong><\/li>\n<li><strong><span style=\"color: #800000;\"><img loading=\"lazy\" decoding=\"async\" class=\"alignnone wp-image-42859\" src=\"https:\/\/bergers-schlagerparadies.de\/wp-content\/uploads\/2026\/04\/DJ-Antoine-Paolo-Ortelli-Jay-C-Gloria-300x300.jpeg\" alt=\"\" width=\"70\" height=\"70\" srcset=\"https:\/\/bergers-schlagerparadies.de\/wp-content\/uploads\/2026\/04\/DJ-Antoine-Paolo-Ortelli-Jay-C-Gloria-300x300.jpeg 300w, https:\/\/bergers-schlagerparadies.de\/wp-content\/uploads\/2026\/04\/DJ-Antoine-Paolo-Ortelli-Jay-C-Gloria-1024x1024.jpeg 1024w, https:\/\/bergers-schlagerparadies.de\/wp-content\/uploads\/2026\/04\/DJ-Antoine-Paolo-Ortelli-Jay-C-Gloria-150x150.jpeg 150w, https:\/\/bergers-schlagerparadies.de\/wp-content\/uploads\/2026\/04\/DJ-Antoine-Paolo-Ortelli-Jay-C-Gloria-768x768.jpeg 768w, https:\/\/bergers-schlagerparadies.de\/wp-content\/uploads\/2026\/04\/DJ-Antoine-Paolo-Ortelli-Jay-C-Gloria-1536x1536.jpeg 1536w, https:\/\/bergers-schlagerparadies.de\/wp-content\/uploads\/2026\/04\/DJ-Antoine-Paolo-Ortelli-Jay-C-Gloria-2048x2048.jpeg 2048w, https:\/\/bergers-schlagerparadies.de\/wp-content\/uploads\/2026\/04\/DJ-Antoine-Paolo-Ortelli-Jay-C-Gloria-1200x1200.jpeg 1200w, https:\/\/bergers-schlagerparadies.de\/wp-content\/uploads\/2026\/04\/DJ-Antoine-Paolo-Ortelli-Jay-C-Gloria-1188x1188.jpeg 1188w, https:\/\/bergers-schlagerparadies.de\/wp-content\/uploads\/2026\/04\/DJ-Antoine-Paolo-Ortelli-Jay-C-Gloria-100x100.jpeg 100w\" sizes=\"auto, (max-width: 70px) 100vw, 70px\" \/>\u00a0 DJ Antoine<\/span>, <span style=\"color: #800000;\">Paolo Ortelli<\/span> &amp; <span style=\"color: #800000;\">Jay C<\/span> &#8211; Gloria ( <span style=\"color: #800000;\">Kontor Records GmbH<\/span>\u00a0)<\/strong><\/li>\n<li><strong><span style=\"color: #800000;\"><img loading=\"lazy\" decoding=\"async\" class=\"alignnone wp-image-42305\" src=\"https:\/\/bergers-schlagerparadies.de\/wp-content\/uploads\/2026\/03\/DJ-GerreG-\u2013-Dance-Dance-Dance-300x300.jpg\" alt=\"\" width=\"70\" height=\"70\" srcset=\"https:\/\/bergers-schlagerparadies.de\/wp-content\/uploads\/2026\/03\/DJ-GerreG-\u2013-Dance-Dance-Dance-300x300.jpg 300w, https:\/\/bergers-schlagerparadies.de\/wp-content\/uploads\/2026\/03\/DJ-GerreG-\u2013-Dance-Dance-Dance-1024x1024.jpg 1024w, https:\/\/bergers-schlagerparadies.de\/wp-content\/uploads\/2026\/03\/DJ-GerreG-\u2013-Dance-Dance-Dance-150x150.jpg 150w, https:\/\/bergers-schlagerparadies.de\/wp-content\/uploads\/2026\/03\/DJ-GerreG-\u2013-Dance-Dance-Dance-768x768.jpg 768w, https:\/\/bergers-schlagerparadies.de\/wp-content\/uploads\/2026\/03\/DJ-GerreG-\u2013-Dance-Dance-Dance-1536x1536.jpg 1536w, https:\/\/bergers-schlagerparadies.de\/wp-content\/uploads\/2026\/03\/DJ-GerreG-\u2013-Dance-Dance-Dance-1200x1200.jpg 1200w, https:\/\/bergers-schlagerparadies.de\/wp-content\/uploads\/2026\/03\/DJ-GerreG-\u2013-Dance-Dance-Dance-1188x1188.jpg 1188w, https:\/\/bergers-schlagerparadies.de\/wp-content\/uploads\/2026\/03\/DJ-GerreG-\u2013-Dance-Dance-Dance-100x100.jpg 100w, https:\/\/bergers-schlagerparadies.de\/wp-content\/uploads\/2026\/03\/DJ-GerreG-\u2013-Dance-Dance-Dance.jpg 2048w\" sizes=\"auto, (max-width: 70px) 100vw, 70px\" \/>\u00a0 DJ GerreG<\/span> \u2013 Dance, Dance, Dance ( <span style=\"color: #800000;\">G-MusiQ Records<\/span>\u00a0)<\/strong><\/li>\n<li><strong><span style=\"color: #800000;\"><img loading=\"lazy\" decoding=\"async\" class=\"alignnone wp-image-42807\" src=\"https:\/\/bergers-schlagerparadies.de\/wp-content\/uploads\/2026\/04\/Dj-Nic-1000-Luegen-Alles-Nur-Show-298x300.jpg\" alt=\"\" width=\"70\" height=\"70\" srcset=\"https:\/\/bergers-schlagerparadies.de\/wp-content\/uploads\/2026\/04\/Dj-Nic-1000-Luegen-Alles-Nur-Show-298x300.jpg 298w, https:\/\/bergers-schlagerparadies.de\/wp-content\/uploads\/2026\/04\/Dj-Nic-1000-Luegen-Alles-Nur-Show-150x150.jpg 150w, https:\/\/bergers-schlagerparadies.de\/wp-content\/uploads\/2026\/04\/Dj-Nic-1000-Luegen-Alles-Nur-Show-100x100.jpg 100w, https:\/\/bergers-schlagerparadies.de\/wp-content\/uploads\/2026\/04\/Dj-Nic-1000-Luegen-Alles-Nur-Show.jpg 717w\" sizes=\"auto, (max-width: 70px) 100vw, 70px\" \/>\u00a0 Dj Nic<\/span> &#8211; 1000 L\u00fcgen (Alles Nur Show) ( <span style=\"color: #800000;\">Dani-tn4op<\/span>\u00a0)<\/strong><\/li>\n<li><strong><span style=\"color: #800000;\"><img loading=\"lazy\" decoding=\"async\" class=\"alignnone wp-image-42818\" src=\"https:\/\/bergers-schlagerparadies.de\/wp-content\/uploads\/2026\/04\/DJ-Oetzi-Verdammt-300x300.jpeg\" alt=\"\" width=\"70\" height=\"70\" srcset=\"https:\/\/bergers-schlagerparadies.de\/wp-content\/uploads\/2026\/04\/DJ-Oetzi-Verdammt-300x300.jpeg 300w, https:\/\/bergers-schlagerparadies.de\/wp-content\/uploads\/2026\/04\/DJ-Oetzi-Verdammt-1024x1024.jpeg 1024w, https:\/\/bergers-schlagerparadies.de\/wp-content\/uploads\/2026\/04\/DJ-Oetzi-Verdammt-150x150.jpeg 150w, https:\/\/bergers-schlagerparadies.de\/wp-content\/uploads\/2026\/04\/DJ-Oetzi-Verdammt-768x768.jpeg 768w, https:\/\/bergers-schlagerparadies.de\/wp-content\/uploads\/2026\/04\/DJ-Oetzi-Verdammt-1536x1536.jpeg 1536w, https:\/\/bergers-schlagerparadies.de\/wp-content\/uploads\/2026\/04\/DJ-Oetzi-Verdammt-2048x2048.jpeg 2048w, https:\/\/bergers-schlagerparadies.de\/wp-content\/uploads\/2026\/04\/DJ-Oetzi-Verdammt-1200x1200.jpeg 1200w, https:\/\/bergers-schlagerparadies.de\/wp-content\/uploads\/2026\/04\/DJ-Oetzi-Verdammt-1188x1188.jpeg 1188w, https:\/\/bergers-schlagerparadies.de\/wp-content\/uploads\/2026\/04\/DJ-Oetzi-Verdammt-100x100.jpeg 100w\" sizes=\"auto, (max-width: 70px) 100vw, 70px\" \/>\u00a0 DJ \u00d6tzi<\/span> &#8211; Verdammt ( <span style=\"color: #800000;\">Madizin Music\/Believe<\/span>\u00a0)<\/strong><\/li>\n<li><strong><img loading=\"lazy\" decoding=\"async\" class=\"alignnone wp-image-42842\" src=\"https:\/\/bergers-schlagerparadies.de\/wp-content\/uploads\/2026\/04\/Dr.-Maibach-Wunder-gescheh\u00b4n-300x300.jpeg\" alt=\"\" width=\"70\" height=\"70\" srcset=\"https:\/\/bergers-schlagerparadies.de\/wp-content\/uploads\/2026\/04\/Dr.-Maibach-Wunder-gescheh\u00b4n-300x300.jpeg 300w, https:\/\/bergers-schlagerparadies.de\/wp-content\/uploads\/2026\/04\/Dr.-Maibach-Wunder-gescheh\u00b4n-1024x1024.jpeg 1024w, https:\/\/bergers-schlagerparadies.de\/wp-content\/uploads\/2026\/04\/Dr.-Maibach-Wunder-gescheh\u00b4n-150x150.jpeg 150w, https:\/\/bergers-schlagerparadies.de\/wp-content\/uploads\/2026\/04\/Dr.-Maibach-Wunder-gescheh\u00b4n-768x768.jpeg 768w, https:\/\/bergers-schlagerparadies.de\/wp-content\/uploads\/2026\/04\/Dr.-Maibach-Wunder-gescheh\u00b4n-1536x1536.jpeg 1536w, https:\/\/bergers-schlagerparadies.de\/wp-content\/uploads\/2026\/04\/Dr.-Maibach-Wunder-gescheh\u00b4n-2048x2048.jpeg 2048w, https:\/\/bergers-schlagerparadies.de\/wp-content\/uploads\/2026\/04\/Dr.-Maibach-Wunder-gescheh\u00b4n-1200x1200.jpeg 1200w, https:\/\/bergers-schlagerparadies.de\/wp-content\/uploads\/2026\/04\/Dr.-Maibach-Wunder-gescheh\u00b4n-1188x1188.jpeg 1188w, https:\/\/bergers-schlagerparadies.de\/wp-content\/uploads\/2026\/04\/Dr.-Maibach-Wunder-gescheh\u00b4n-100x100.jpeg 100w\" sizes=\"auto, (max-width: 70px) 100vw, 70px\" \/>\u00a0 <span style=\"color: #800000;\">Dr. Maibach<\/span> &#8211; Wunder gescheh\u00b4n ( <span style=\"color: #800000;\">Herz7<\/span>\u00a0)<\/strong><\/li>\n<li><strong><span style=\"color: #800000;\"><img loading=\"lazy\" decoding=\"async\" class=\"alignnone wp-image-42789\" src=\"https:\/\/bergers-schlagerparadies.de\/wp-content\/uploads\/2026\/04\/Clou-Simon-Maennlich-300x300.jpeg\" alt=\"\" width=\"70\" height=\"70\" srcset=\"https:\/\/bergers-schlagerparadies.de\/wp-content\/uploads\/2026\/04\/Clou-Simon-Maennlich-300x300.jpeg 300w, https:\/\/bergers-schlagerparadies.de\/wp-content\/uploads\/2026\/04\/Clou-Simon-Maennlich-1024x1024.jpeg 1024w, https:\/\/bergers-schlagerparadies.de\/wp-content\/uploads\/2026\/04\/Clou-Simon-Maennlich-150x150.jpeg 150w, https:\/\/bergers-schlagerparadies.de\/wp-content\/uploads\/2026\/04\/Clou-Simon-Maennlich-768x768.jpeg 768w, https:\/\/bergers-schlagerparadies.de\/wp-content\/uploads\/2026\/04\/Clou-Simon-Maennlich-1188x1188.jpeg 1188w, https:\/\/bergers-schlagerparadies.de\/wp-content\/uploads\/2026\/04\/Clou-Simon-Maennlich-100x100.jpeg 100w, https:\/\/bergers-schlagerparadies.de\/wp-content\/uploads\/2026\/04\/Clou-Simon-Maennlich.jpeg 1200w\" sizes=\"auto, (max-width: 70px) 100vw, 70px\" \/>\u00a0 Clou Simon<\/span> &#8211; M\u00e4nnlich ( <span style=\"color: #800000;\">Schlagert\u00e4nzer<\/span>\u00a0)<\/strong><\/li>\n<li><strong><img loading=\"lazy\" decoding=\"async\" class=\"alignnone wp-image-42712\" src=\"https:\/\/bergers-schlagerparadies.de\/wp-content\/uploads\/2026\/04\/Elvira-Fischer-Tu-es-einfach-nochmal-300x300.jpeg\" alt=\"\" width=\"70\" height=\"70\" srcset=\"https:\/\/bergers-schlagerparadies.de\/wp-content\/uploads\/2026\/04\/Elvira-Fischer-Tu-es-einfach-nochmal-300x300.jpeg 300w, https:\/\/bergers-schlagerparadies.de\/wp-content\/uploads\/2026\/04\/Elvira-Fischer-Tu-es-einfach-nochmal-1024x1024.jpeg 1024w, https:\/\/bergers-schlagerparadies.de\/wp-content\/uploads\/2026\/04\/Elvira-Fischer-Tu-es-einfach-nochmal-150x150.jpeg 150w, https:\/\/bergers-schlagerparadies.de\/wp-content\/uploads\/2026\/04\/Elvira-Fischer-Tu-es-einfach-nochmal-768x768.jpeg 768w, https:\/\/bergers-schlagerparadies.de\/wp-content\/uploads\/2026\/04\/Elvira-Fischer-Tu-es-einfach-nochmal-1536x1536.jpeg 1536w, https:\/\/bergers-schlagerparadies.de\/wp-content\/uploads\/2026\/04\/Elvira-Fischer-Tu-es-einfach-nochmal-2048x2048.jpeg 2048w, https:\/\/bergers-schlagerparadies.de\/wp-content\/uploads\/2026\/04\/Elvira-Fischer-Tu-es-einfach-nochmal-1200x1200.jpeg 1200w, https:\/\/bergers-schlagerparadies.de\/wp-content\/uploads\/2026\/04\/Elvira-Fischer-Tu-es-einfach-nochmal-1188x1188.jpeg 1188w, https:\/\/bergers-schlagerparadies.de\/wp-content\/uploads\/2026\/04\/Elvira-Fischer-Tu-es-einfach-nochmal-100x100.jpeg 100w\" sizes=\"auto, (max-width: 70px) 100vw, 70px\" \/>\u00a0 <span style=\"color: #800000;\">Elvira Fischer<\/span> &#8211; Tu es einfach nochmal ( <span style=\"color: #800000;\">Fiesta Records<\/span> )<\/strong><\/li>\n<li><strong><span style=\"color: #800000;\"><img loading=\"lazy\" decoding=\"async\" class=\"alignnone wp-image-42863\" src=\"https:\/\/bergers-schlagerparadies.de\/wp-content\/uploads\/2026\/04\/Francine-Jordi-Mutmacher-Song-viele-waeren-gern-wie-du-300x300.jpeg\" alt=\"\" width=\"70\" height=\"70\" srcset=\"https:\/\/bergers-schlagerparadies.de\/wp-content\/uploads\/2026\/04\/Francine-Jordi-Mutmacher-Song-viele-waeren-gern-wie-du-300x300.jpeg 300w, https:\/\/bergers-schlagerparadies.de\/wp-content\/uploads\/2026\/04\/Francine-Jordi-Mutmacher-Song-viele-waeren-gern-wie-du-1024x1024.jpeg 1024w, https:\/\/bergers-schlagerparadies.de\/wp-content\/uploads\/2026\/04\/Francine-Jordi-Mutmacher-Song-viele-waeren-gern-wie-du-150x150.jpeg 150w, https:\/\/bergers-schlagerparadies.de\/wp-content\/uploads\/2026\/04\/Francine-Jordi-Mutmacher-Song-viele-waeren-gern-wie-du-768x768.jpeg 768w, https:\/\/bergers-schlagerparadies.de\/wp-content\/uploads\/2026\/04\/Francine-Jordi-Mutmacher-Song-viele-waeren-gern-wie-du-1536x1536.jpeg 1536w, https:\/\/bergers-schlagerparadies.de\/wp-content\/uploads\/2026\/04\/Francine-Jordi-Mutmacher-Song-viele-waeren-gern-wie-du-2048x2048.jpeg 2048w, https:\/\/bergers-schlagerparadies.de\/wp-content\/uploads\/2026\/04\/Francine-Jordi-Mutmacher-Song-viele-waeren-gern-wie-du-1200x1200.jpeg 1200w, https:\/\/bergers-schlagerparadies.de\/wp-content\/uploads\/2026\/04\/Francine-Jordi-Mutmacher-Song-viele-waeren-gern-wie-du-1188x1188.jpeg 1188w, https:\/\/bergers-schlagerparadies.de\/wp-content\/uploads\/2026\/04\/Francine-Jordi-Mutmacher-Song-viele-waeren-gern-wie-du-100x100.jpeg 100w\" sizes=\"auto, (max-width: 70px) 100vw, 70px\" \/>\u00a0 Francine Jordi<\/span> &#8211; Mutmacher Song (viele w\u00e4ren gern wie du) ( <span style=\"color: #800000;\">Heart of Berlin<\/span>\u00a0)<\/strong><\/li>\n<li><strong><span style=\"color: #800000;\"><img loading=\"lazy\" decoding=\"async\" class=\"alignnone wp-image-42822\" src=\"https:\/\/bergers-schlagerparadies.de\/wp-content\/uploads\/2026\/04\/Hektor-Himmelbett-auf-Ibiza-300x300.jpg\" alt=\"\" width=\"70\" height=\"70\" srcset=\"https:\/\/bergers-schlagerparadies.de\/wp-content\/uploads\/2026\/04\/Hektor-Himmelbett-auf-Ibiza-300x300.jpg 300w, https:\/\/bergers-schlagerparadies.de\/wp-content\/uploads\/2026\/04\/Hektor-Himmelbett-auf-Ibiza-1024x1024.jpg 1024w, https:\/\/bergers-schlagerparadies.de\/wp-content\/uploads\/2026\/04\/Hektor-Himmelbett-auf-Ibiza-150x150.jpg 150w, https:\/\/bergers-schlagerparadies.de\/wp-content\/uploads\/2026\/04\/Hektor-Himmelbett-auf-Ibiza-768x768.jpg 768w, https:\/\/bergers-schlagerparadies.de\/wp-content\/uploads\/2026\/04\/Hektor-Himmelbett-auf-Ibiza-1536x1536.jpg 1536w, https:\/\/bergers-schlagerparadies.de\/wp-content\/uploads\/2026\/04\/Hektor-Himmelbett-auf-Ibiza-1200x1200.jpg 1200w, https:\/\/bergers-schlagerparadies.de\/wp-content\/uploads\/2026\/04\/Hektor-Himmelbett-auf-Ibiza-1188x1188.jpg 1188w, https:\/\/bergers-schlagerparadies.de\/wp-content\/uploads\/2026\/04\/Hektor-Himmelbett-auf-Ibiza-100x100.jpg 100w, https:\/\/bergers-schlagerparadies.de\/wp-content\/uploads\/2026\/04\/Hektor-Himmelbett-auf-Ibiza.jpg 2048w\" sizes=\"auto, (max-width: 70px) 100vw, 70px\" \/>\u00a0 Hektor<\/span> &#8211; Himmelbett auf Ibiza ( <span style=\"color: #800000;\">Monster Tapes<\/span>\u00a0)<\/strong><\/li>\n<li><strong><span style=\"color: #800000;\"><img loading=\"lazy\" decoding=\"async\" class=\"alignnone wp-image-42867\" src=\"https:\/\/bergers-schlagerparadies.de\/wp-content\/uploads\/2026\/04\/Johanna-Giese-Die-Lichter-der-Stadt-300x300.jpeg\" alt=\"\" width=\"70\" height=\"70\" srcset=\"https:\/\/bergers-schlagerparadies.de\/wp-content\/uploads\/2026\/04\/Johanna-Giese-Die-Lichter-der-Stadt-300x300.jpeg 300w, https:\/\/bergers-schlagerparadies.de\/wp-content\/uploads\/2026\/04\/Johanna-Giese-Die-Lichter-der-Stadt-1024x1024.jpeg 1024w, https:\/\/bergers-schlagerparadies.de\/wp-content\/uploads\/2026\/04\/Johanna-Giese-Die-Lichter-der-Stadt-150x150.jpeg 150w, https:\/\/bergers-schlagerparadies.de\/wp-content\/uploads\/2026\/04\/Johanna-Giese-Die-Lichter-der-Stadt-768x768.jpeg 768w, https:\/\/bergers-schlagerparadies.de\/wp-content\/uploads\/2026\/04\/Johanna-Giese-Die-Lichter-der-Stadt-1188x1188.jpeg 1188w, https:\/\/bergers-schlagerparadies.de\/wp-content\/uploads\/2026\/04\/Johanna-Giese-Die-Lichter-der-Stadt-100x100.jpeg 100w, https:\/\/bergers-schlagerparadies.de\/wp-content\/uploads\/2026\/04\/Johanna-Giese-Die-Lichter-der-Stadt.jpeg 1200w\" sizes=\"auto, (max-width: 70px) 100vw, 70px\" \/>\u00a0 Johanna Giese<\/span> &#8211; Die Lichter der Stadt ( <span style=\"color: #800000;\">Lumina Records<\/span>\u00a0)<\/strong><\/li>\n<li><strong><span style=\"color: #800000;\"><img loading=\"lazy\" decoding=\"async\" class=\"alignnone wp-image-42899\" src=\"https:\/\/bergers-schlagerparadies.de\/wp-content\/uploads\/2026\/04\/Mando-Project-\u2013-Wal-H-O-P-E-Song-300x300.jpg\" alt=\"\" width=\"70\" height=\"70\" srcset=\"https:\/\/bergers-schlagerparadies.de\/wp-content\/uploads\/2026\/04\/Mando-Project-\u2013-Wal-H-O-P-E-Song-300x300.jpg 300w, https:\/\/bergers-schlagerparadies.de\/wp-content\/uploads\/2026\/04\/Mando-Project-\u2013-Wal-H-O-P-E-Song-1024x1024.jpg 1024w, https:\/\/bergers-schlagerparadies.de\/wp-content\/uploads\/2026\/04\/Mando-Project-\u2013-Wal-H-O-P-E-Song-150x150.jpg 150w, https:\/\/bergers-schlagerparadies.de\/wp-content\/uploads\/2026\/04\/Mando-Project-\u2013-Wal-H-O-P-E-Song-768x768.jpg 768w, https:\/\/bergers-schlagerparadies.de\/wp-content\/uploads\/2026\/04\/Mando-Project-\u2013-Wal-H-O-P-E-Song-1536x1536.jpg 1536w, https:\/\/bergers-schlagerparadies.de\/wp-content\/uploads\/2026\/04\/Mando-Project-\u2013-Wal-H-O-P-E-Song-2048x2048.jpg 2048w, https:\/\/bergers-schlagerparadies.de\/wp-content\/uploads\/2026\/04\/Mando-Project-\u2013-Wal-H-O-P-E-Song-1200x1200.jpg 1200w, https:\/\/bergers-schlagerparadies.de\/wp-content\/uploads\/2026\/04\/Mando-Project-\u2013-Wal-H-O-P-E-Song-1188x1188.jpg 1188w, https:\/\/bergers-schlagerparadies.de\/wp-content\/uploads\/2026\/04\/Mando-Project-\u2013-Wal-H-O-P-E-Song-100x100.jpg 100w\" sizes=\"auto, (max-width: 70px) 100vw, 70px\" \/>\u00a0 Mando Project<\/span> \u2013 Wal H-O-P-E Song ( <span style=\"color: #800000;\">Fiesta Records<\/span> )<\/strong><\/li>\n<li><strong><img loading=\"lazy\" decoding=\"async\" class=\"alignnone wp-image-42716\" src=\"https:\/\/bergers-schlagerparadies.de\/wp-content\/uploads\/2026\/04\/Martina-Westermann-Superweib-300x300.jpeg\" alt=\"\" width=\"70\" height=\"70\" srcset=\"https:\/\/bergers-schlagerparadies.de\/wp-content\/uploads\/2026\/04\/Martina-Westermann-Superweib-300x300.jpeg 300w, https:\/\/bergers-schlagerparadies.de\/wp-content\/uploads\/2026\/04\/Martina-Westermann-Superweib-1024x1024.jpeg 1024w, https:\/\/bergers-schlagerparadies.de\/wp-content\/uploads\/2026\/04\/Martina-Westermann-Superweib-150x150.jpeg 150w, https:\/\/bergers-schlagerparadies.de\/wp-content\/uploads\/2026\/04\/Martina-Westermann-Superweib-768x768.jpeg 768w, https:\/\/bergers-schlagerparadies.de\/wp-content\/uploads\/2026\/04\/Martina-Westermann-Superweib-1536x1536.jpeg 1536w, https:\/\/bergers-schlagerparadies.de\/wp-content\/uploads\/2026\/04\/Martina-Westermann-Superweib-2048x2048.jpeg 2048w, https:\/\/bergers-schlagerparadies.de\/wp-content\/uploads\/2026\/04\/Martina-Westermann-Superweib-1200x1200.jpeg 1200w, https:\/\/bergers-schlagerparadies.de\/wp-content\/uploads\/2026\/04\/Martina-Westermann-Superweib-1188x1188.jpeg 1188w, https:\/\/bergers-schlagerparadies.de\/wp-content\/uploads\/2026\/04\/Martina-Westermann-Superweib-100x100.jpeg 100w\" sizes=\"auto, (max-width: 70px) 100vw, 70px\" \/>\u00a0 <span style=\"color: #800000;\">Martina Westermann<\/span> &#8211; Superweib ( <span style=\"color: #800000;\">Fiesta Records<\/span> )<\/strong><\/li>\n<li><strong><img loading=\"lazy\" decoding=\"async\" class=\"alignnone wp-image-42720\" src=\"https:\/\/bergers-schlagerparadies.de\/wp-content\/uploads\/2026\/04\/Pat-Wenn-die-Liebe-dich-packt-300x300.jpeg\" alt=\"\" width=\"70\" height=\"70\" srcset=\"https:\/\/bergers-schlagerparadies.de\/wp-content\/uploads\/2026\/04\/Pat-Wenn-die-Liebe-dich-packt-300x300.jpeg 300w, https:\/\/bergers-schlagerparadies.de\/wp-content\/uploads\/2026\/04\/Pat-Wenn-die-Liebe-dich-packt-1024x1024.jpeg 1024w, https:\/\/bergers-schlagerparadies.de\/wp-content\/uploads\/2026\/04\/Pat-Wenn-die-Liebe-dich-packt-150x150.jpeg 150w, https:\/\/bergers-schlagerparadies.de\/wp-content\/uploads\/2026\/04\/Pat-Wenn-die-Liebe-dich-packt-768x768.jpeg 768w, https:\/\/bergers-schlagerparadies.de\/wp-content\/uploads\/2026\/04\/Pat-Wenn-die-Liebe-dich-packt-1536x1536.jpeg 1536w, https:\/\/bergers-schlagerparadies.de\/wp-content\/uploads\/2026\/04\/Pat-Wenn-die-Liebe-dich-packt-2048x2048.jpeg 2048w, https:\/\/bergers-schlagerparadies.de\/wp-content\/uploads\/2026\/04\/Pat-Wenn-die-Liebe-dich-packt-1200x1200.jpeg 1200w, https:\/\/bergers-schlagerparadies.de\/wp-content\/uploads\/2026\/04\/Pat-Wenn-die-Liebe-dich-packt-1188x1188.jpeg 1188w, https:\/\/bergers-schlagerparadies.de\/wp-content\/uploads\/2026\/04\/Pat-Wenn-die-Liebe-dich-packt-100x100.jpeg 100w\" sizes=\"auto, (max-width: 70px) 100vw, 70px\" \/>\u00a0 <span style=\"color: #800000;\">Pat<\/span> &#8211; Wenn die Liebe dich packt ( <span style=\"color: #800000;\">Fiesta Records<\/span> )<\/strong><\/li>\n<li><strong><span style=\"color: #800000;\"><img loading=\"lazy\" decoding=\"async\" class=\"alignnone wp-image-42875\" src=\"https:\/\/bergers-schlagerparadies.de\/wp-content\/uploads\/2026\/04\/Peter-Sebastian-Glueck-ist-ein-Teil-von-dir-300x300.jpeg\" alt=\"\" width=\"70\" height=\"70\" srcset=\"https:\/\/bergers-schlagerparadies.de\/wp-content\/uploads\/2026\/04\/Peter-Sebastian-Glueck-ist-ein-Teil-von-dir-300x300.jpeg 300w, https:\/\/bergers-schlagerparadies.de\/wp-content\/uploads\/2026\/04\/Peter-Sebastian-Glueck-ist-ein-Teil-von-dir-1024x1024.jpeg 1024w, https:\/\/bergers-schlagerparadies.de\/wp-content\/uploads\/2026\/04\/Peter-Sebastian-Glueck-ist-ein-Teil-von-dir-150x150.jpeg 150w, https:\/\/bergers-schlagerparadies.de\/wp-content\/uploads\/2026\/04\/Peter-Sebastian-Glueck-ist-ein-Teil-von-dir-768x768.jpeg 768w, https:\/\/bergers-schlagerparadies.de\/wp-content\/uploads\/2026\/04\/Peter-Sebastian-Glueck-ist-ein-Teil-von-dir-1200x1200.jpeg 1200w, https:\/\/bergers-schlagerparadies.de\/wp-content\/uploads\/2026\/04\/Peter-Sebastian-Glueck-ist-ein-Teil-von-dir-1188x1188.jpeg 1188w, https:\/\/bergers-schlagerparadies.de\/wp-content\/uploads\/2026\/04\/Peter-Sebastian-Glueck-ist-ein-Teil-von-dir-100x100.jpeg 100w, https:\/\/bergers-schlagerparadies.de\/wp-content\/uploads\/2026\/04\/Peter-Sebastian-Glueck-ist-ein-Teil-von-dir.jpeg 1440w\" sizes=\"auto, (max-width: 70px) 100vw, 70px\" \/>\u00a0 Peter Sebastian<\/span> &#8211; Gl\u00fcck ist ein Teil von dir ( <span style=\"color: #800000;\">TOI TOI TOI-RECORDS<\/span>)<\/strong><\/li>\n<li><strong><span style=\"color: #800000;\"><img loading=\"lazy\" decoding=\"async\" class=\"alignnone wp-image-42920\" src=\"https:\/\/bergers-schlagerparadies.de\/wp-content\/uploads\/2026\/04\/Philip-Cole-Der-Wind-weht-weiter-300x300.jpeg\" alt=\"\" width=\"70\" height=\"70\" srcset=\"https:\/\/bergers-schlagerparadies.de\/wp-content\/uploads\/2026\/04\/Philip-Cole-Der-Wind-weht-weiter-300x300.jpeg 300w, https:\/\/bergers-schlagerparadies.de\/wp-content\/uploads\/2026\/04\/Philip-Cole-Der-Wind-weht-weiter-1024x1024.jpeg 1024w, https:\/\/bergers-schlagerparadies.de\/wp-content\/uploads\/2026\/04\/Philip-Cole-Der-Wind-weht-weiter-150x150.jpeg 150w, https:\/\/bergers-schlagerparadies.de\/wp-content\/uploads\/2026\/04\/Philip-Cole-Der-Wind-weht-weiter-768x768.jpeg 768w, https:\/\/bergers-schlagerparadies.de\/wp-content\/uploads\/2026\/04\/Philip-Cole-Der-Wind-weht-weiter-1200x1200.jpeg 1200w, https:\/\/bergers-schlagerparadies.de\/wp-content\/uploads\/2026\/04\/Philip-Cole-Der-Wind-weht-weiter-1188x1188.jpeg 1188w, https:\/\/bergers-schlagerparadies.de\/wp-content\/uploads\/2026\/04\/Philip-Cole-Der-Wind-weht-weiter-100x100.jpeg 100w, https:\/\/bergers-schlagerparadies.de\/wp-content\/uploads\/2026\/04\/Philip-Cole-Der-Wind-weht-weiter.jpeg 1500w\" sizes=\"auto, (max-width: 70px) 100vw, 70px\" \/>\u00a0 Philip Cole<\/span> &#8211; Der Wind weht weiter ( <span style=\"color: #800000;\">Cole Music<\/span>\u00a0)<\/strong><\/li>\n<li><strong><span style=\"color: #800000;\"><img loading=\"lazy\" decoding=\"async\" class=\"alignnone wp-image-42748\" src=\"https:\/\/bergers-schlagerparadies.de\/wp-content\/uploads\/2026\/04\/Rudi-Bartolini-Himmelhoch-jauchzend-300x300.jpeg\" alt=\"\" width=\"70\" height=\"70\" srcset=\"https:\/\/bergers-schlagerparadies.de\/wp-content\/uploads\/2026\/04\/Rudi-Bartolini-Himmelhoch-jauchzend-300x300.jpeg 300w, https:\/\/bergers-schlagerparadies.de\/wp-content\/uploads\/2026\/04\/Rudi-Bartolini-Himmelhoch-jauchzend-1024x1024.jpeg 1024w, https:\/\/bergers-schlagerparadies.de\/wp-content\/uploads\/2026\/04\/Rudi-Bartolini-Himmelhoch-jauchzend-150x150.jpeg 150w, https:\/\/bergers-schlagerparadies.de\/wp-content\/uploads\/2026\/04\/Rudi-Bartolini-Himmelhoch-jauchzend-768x768.jpeg 768w, https:\/\/bergers-schlagerparadies.de\/wp-content\/uploads\/2026\/04\/Rudi-Bartolini-Himmelhoch-jauchzend-1536x1536.jpeg 1536w, https:\/\/bergers-schlagerparadies.de\/wp-content\/uploads\/2026\/04\/Rudi-Bartolini-Himmelhoch-jauchzend-2048x2048.jpeg 2048w, https:\/\/bergers-schlagerparadies.de\/wp-content\/uploads\/2026\/04\/Rudi-Bartolini-Himmelhoch-jauchzend-1200x1200.jpeg 1200w, https:\/\/bergers-schlagerparadies.de\/wp-content\/uploads\/2026\/04\/Rudi-Bartolini-Himmelhoch-jauchzend-1188x1188.jpeg 1188w, https:\/\/bergers-schlagerparadies.de\/wp-content\/uploads\/2026\/04\/Rudi-Bartolini-Himmelhoch-jauchzend-100x100.jpeg 100w\" sizes=\"auto, (max-width: 70px) 100vw, 70px\" \/>\u00a0 Rudi Bartolini<\/span> &#8211; Himmelhoch jauchzend ( <span style=\"color: #800000;\">YOYO<\/span>\u00a0)<\/strong><\/li>\n<li><strong><span style=\"color: #800000;\"><img loading=\"lazy\" decoding=\"async\" class=\"alignnone wp-image-42879\" src=\"https:\/\/bergers-schlagerparadies.de\/wp-content\/uploads\/2026\/04\/Rockstroh-Das-bist-Du-300x300.jpeg\" alt=\"\" width=\"70\" height=\"70\" srcset=\"https:\/\/bergers-schlagerparadies.de\/wp-content\/uploads\/2026\/04\/Rockstroh-Das-bist-Du-300x300.jpeg 300w, https:\/\/bergers-schlagerparadies.de\/wp-content\/uploads\/2026\/04\/Rockstroh-Das-bist-Du-1024x1024.jpeg 1024w, https:\/\/bergers-schlagerparadies.de\/wp-content\/uploads\/2026\/04\/Rockstroh-Das-bist-Du-150x150.jpeg 150w, https:\/\/bergers-schlagerparadies.de\/wp-content\/uploads\/2026\/04\/Rockstroh-Das-bist-Du-768x768.jpeg 768w, https:\/\/bergers-schlagerparadies.de\/wp-content\/uploads\/2026\/04\/Rockstroh-Das-bist-Du-1188x1188.jpeg 1188w, https:\/\/bergers-schlagerparadies.de\/wp-content\/uploads\/2026\/04\/Rockstroh-Das-bist-Du-100x100.jpeg 100w, https:\/\/bergers-schlagerparadies.de\/wp-content\/uploads\/2026\/04\/Rockstroh-Das-bist-Du.jpeg 1200w\" sizes=\"auto, (max-width: 70px) 100vw, 70px\" \/>\u00a0 Rockstroh<\/span> &#8211; Das bist Du ( <span style=\"color: #800000;\">Rockstroh Records<\/span>\u00a0)<\/strong><\/li>\n<li><strong><span style=\"color: #800000;\"><img loading=\"lazy\" decoding=\"async\" class=\"alignnone wp-image-42882\" src=\"https:\/\/bergers-schlagerparadies.de\/wp-content\/uploads\/2026\/04\/Rosa-Weiss-Naeher-zu-mir-300x300.jpeg\" alt=\"\" width=\"70\" height=\"70\" srcset=\"https:\/\/bergers-schlagerparadies.de\/wp-content\/uploads\/2026\/04\/Rosa-Weiss-Naeher-zu-mir-300x300.jpeg 300w, https:\/\/bergers-schlagerparadies.de\/wp-content\/uploads\/2026\/04\/Rosa-Weiss-Naeher-zu-mir-1024x1024.jpeg 1024w, https:\/\/bergers-schlagerparadies.de\/wp-content\/uploads\/2026\/04\/Rosa-Weiss-Naeher-zu-mir-150x150.jpeg 150w, https:\/\/bergers-schlagerparadies.de\/wp-content\/uploads\/2026\/04\/Rosa-Weiss-Naeher-zu-mir-768x768.jpeg 768w, https:\/\/bergers-schlagerparadies.de\/wp-content\/uploads\/2026\/04\/Rosa-Weiss-Naeher-zu-mir-1536x1536.jpeg 1536w, https:\/\/bergers-schlagerparadies.de\/wp-content\/uploads\/2026\/04\/Rosa-Weiss-Naeher-zu-mir-2048x2048.jpeg 2048w, https:\/\/bergers-schlagerparadies.de\/wp-content\/uploads\/2026\/04\/Rosa-Weiss-Naeher-zu-mir-1200x1200.jpeg 1200w, https:\/\/bergers-schlagerparadies.de\/wp-content\/uploads\/2026\/04\/Rosa-Weiss-Naeher-zu-mir-1188x1188.jpeg 1188w, https:\/\/bergers-schlagerparadies.de\/wp-content\/uploads\/2026\/04\/Rosa-Weiss-Naeher-zu-mir-100x100.jpeg 100w\" sizes=\"auto, (max-width: 70px) 100vw, 70px\" \/>\u00a0 Rosa Weiss<\/span> &#8211; N\u00e4her zu mir ( <span style=\"color: #800000;\">Rosa Weiss<\/span>\u00a0) <\/strong><\/li>\n<li><strong><span style=\"color: #800000;\"><img loading=\"lazy\" decoding=\"async\" class=\"alignnone wp-image-41939\" src=\"https:\/\/bergers-schlagerparadies.de\/wp-content\/uploads\/2026\/02\/Sandro-Hoffmann-Das-Maedchen-aus-Berlin-300x300.jpeg\" alt=\"\" width=\"70\" height=\"70\" srcset=\"https:\/\/bergers-schlagerparadies.de\/wp-content\/uploads\/2026\/02\/Sandro-Hoffmann-Das-Maedchen-aus-Berlin-300x300.jpeg 300w, https:\/\/bergers-schlagerparadies.de\/wp-content\/uploads\/2026\/02\/Sandro-Hoffmann-Das-Maedchen-aus-Berlin-1024x1024.jpeg 1024w, https:\/\/bergers-schlagerparadies.de\/wp-content\/uploads\/2026\/02\/Sandro-Hoffmann-Das-Maedchen-aus-Berlin-150x150.jpeg 150w, https:\/\/bergers-schlagerparadies.de\/wp-content\/uploads\/2026\/02\/Sandro-Hoffmann-Das-Maedchen-aus-Berlin-768x768.jpeg 768w, https:\/\/bergers-schlagerparadies.de\/wp-content\/uploads\/2026\/02\/Sandro-Hoffmann-Das-Maedchen-aus-Berlin-1536x1536.jpeg 1536w, https:\/\/bergers-schlagerparadies.de\/wp-content\/uploads\/2026\/02\/Sandro-Hoffmann-Das-Maedchen-aus-Berlin-1200x1200.jpeg 1200w, https:\/\/bergers-schlagerparadies.de\/wp-content\/uploads\/2026\/02\/Sandro-Hoffmann-Das-Maedchen-aus-Berlin-1188x1188.jpeg 1188w, https:\/\/bergers-schlagerparadies.de\/wp-content\/uploads\/2026\/02\/Sandro-Hoffmann-Das-Maedchen-aus-Berlin-100x100.jpeg 100w, https:\/\/bergers-schlagerparadies.de\/wp-content\/uploads\/2026\/02\/Sandro-Hoffmann-Das-Maedchen-aus-Berlin.jpeg 1600w\" sizes=\"auto, (max-width: 70px) 100vw, 70px\" \/>\u00a0 Sandro Hoffmann<\/span> &#8211; Das M\u00e4dchen aus Berlin ( <span style=\"color: #800000;\">KING MUSIC<\/span>\u00a0)<\/strong><\/li>\n<li><strong><img loading=\"lazy\" decoding=\"async\" class=\"alignnone wp-image-42777\" src=\"https:\/\/bergers-schlagerparadies.de\/wp-content\/uploads\/2026\/04\/Simone-Charly-Brunner-Aus-einem-Guss-Single-Version-2026-300x300.jpeg\" alt=\"\" width=\"70\" height=\"70\" srcset=\"https:\/\/bergers-schlagerparadies.de\/wp-content\/uploads\/2026\/04\/Simone-Charly-Brunner-Aus-einem-Guss-Single-Version-2026-300x300.jpeg 300w, https:\/\/bergers-schlagerparadies.de\/wp-content\/uploads\/2026\/04\/Simone-Charly-Brunner-Aus-einem-Guss-Single-Version-2026-1024x1024.jpeg 1024w, https:\/\/bergers-schlagerparadies.de\/wp-content\/uploads\/2026\/04\/Simone-Charly-Brunner-Aus-einem-Guss-Single-Version-2026-150x150.jpeg 150w, https:\/\/bergers-schlagerparadies.de\/wp-content\/uploads\/2026\/04\/Simone-Charly-Brunner-Aus-einem-Guss-Single-Version-2026-768x768.jpeg 768w, https:\/\/bergers-schlagerparadies.de\/wp-content\/uploads\/2026\/04\/Simone-Charly-Brunner-Aus-einem-Guss-Single-Version-2026-1200x1200.jpeg 1200w, https:\/\/bergers-schlagerparadies.de\/wp-content\/uploads\/2026\/04\/Simone-Charly-Brunner-Aus-einem-Guss-Single-Version-2026-1188x1188.jpeg 1188w, https:\/\/bergers-schlagerparadies.de\/wp-content\/uploads\/2026\/04\/Simone-Charly-Brunner-Aus-einem-Guss-Single-Version-2026-100x100.jpeg 100w, https:\/\/bergers-schlagerparadies.de\/wp-content\/uploads\/2026\/04\/Simone-Charly-Brunner-Aus-einem-Guss-Single-Version-2026.jpeg 1500w\" sizes=\"auto, (max-width: 70px) 100vw, 70px\" \/>\u00a0 <span style=\"color: #800000;\">Simone<\/span> &amp; <span style=\"color: #800000;\">Charly Brunner<\/span> &#8211; Aus einem Guss (Single-Version 2026)<span style=\"color: #800000;\"> ! <\/span>( <span style=\"color: #800000;\">Telamo<\/span>\u00a0)<\/strong><\/li>\n<li><strong><span style=\"color: #800000;\"><img loading=\"lazy\" decoding=\"async\" class=\"alignnone wp-image-42885\" src=\"https:\/\/bergers-schlagerparadies.de\/wp-content\/uploads\/2026\/04\/Stefanie-Hertel-Hoer-auf-dein-Herz-300x300.jpeg\" alt=\"\" width=\"70\" height=\"70\" srcset=\"https:\/\/bergers-schlagerparadies.de\/wp-content\/uploads\/2026\/04\/Stefanie-Hertel-Hoer-auf-dein-Herz-300x300.jpeg 300w, https:\/\/bergers-schlagerparadies.de\/wp-content\/uploads\/2026\/04\/Stefanie-Hertel-Hoer-auf-dein-Herz-1024x1024.jpeg 1024w, https:\/\/bergers-schlagerparadies.de\/wp-content\/uploads\/2026\/04\/Stefanie-Hertel-Hoer-auf-dein-Herz-150x150.jpeg 150w, https:\/\/bergers-schlagerparadies.de\/wp-content\/uploads\/2026\/04\/Stefanie-Hertel-Hoer-auf-dein-Herz-768x768.jpeg 768w, https:\/\/bergers-schlagerparadies.de\/wp-content\/uploads\/2026\/04\/Stefanie-Hertel-Hoer-auf-dein-Herz-1188x1188.jpeg 1188w, https:\/\/bergers-schlagerparadies.de\/wp-content\/uploads\/2026\/04\/Stefanie-Hertel-Hoer-auf-dein-Herz-100x100.jpeg 100w, https:\/\/bergers-schlagerparadies.de\/wp-content\/uploads\/2026\/04\/Stefanie-Hertel-Hoer-auf-dein-Herz.jpeg 1200w\" sizes=\"auto, (max-width: 70px) 100vw, 70px\" \/>\u00a0 Stefanie Hertel<\/span> &#8211; H\u00f6r auf dein Herz ( <span style=\"color: #800000;\">VIA Music Germany<\/span>\u00a0)<\/strong><\/li>\n<li><strong><img loading=\"lazy\" decoding=\"async\" class=\"alignnone wp-image-42724\" src=\"https:\/\/bergers-schlagerparadies.de\/wp-content\/uploads\/2026\/04\/Sunrise-Loreen-300x300.jpeg\" alt=\"\" width=\"70\" height=\"70\" srcset=\"https:\/\/bergers-schlagerparadies.de\/wp-content\/uploads\/2026\/04\/Sunrise-Loreen-300x300.jpeg 300w, https:\/\/bergers-schlagerparadies.de\/wp-content\/uploads\/2026\/04\/Sunrise-Loreen-1024x1024.jpeg 1024w, https:\/\/bergers-schlagerparadies.de\/wp-content\/uploads\/2026\/04\/Sunrise-Loreen-150x150.jpeg 150w, https:\/\/bergers-schlagerparadies.de\/wp-content\/uploads\/2026\/04\/Sunrise-Loreen-768x768.jpeg 768w, https:\/\/bergers-schlagerparadies.de\/wp-content\/uploads\/2026\/04\/Sunrise-Loreen-1536x1536.jpeg 1536w, https:\/\/bergers-schlagerparadies.de\/wp-content\/uploads\/2026\/04\/Sunrise-Loreen-2048x2048.jpeg 2048w, https:\/\/bergers-schlagerparadies.de\/wp-content\/uploads\/2026\/04\/Sunrise-Loreen-1200x1200.jpeg 1200w, https:\/\/bergers-schlagerparadies.de\/wp-content\/uploads\/2026\/04\/Sunrise-Loreen-1188x1188.jpeg 1188w, https:\/\/bergers-schlagerparadies.de\/wp-content\/uploads\/2026\/04\/Sunrise-Loreen-100x100.jpeg 100w\" sizes=\"auto, (max-width: 70px) 100vw, 70px\" \/>\u00a0<span style=\"color: #800000;\"> Sunrise<span style=\"color: #000000;\"> &#8211; Loreen<\/span><\/span> ( <span style=\"color: #800000;\">Fiesta Records<\/span> )<\/strong><\/li>\n<li><strong><img loading=\"lazy\" decoding=\"async\" class=\"alignnone wp-image-42275\" src=\"https:\/\/bergers-schlagerparadies.de\/wp-content\/uploads\/2026\/03\/Ulli-Bastian-Ich-kuesse-dich-in-New-York-300x300.jpg\" alt=\"\" width=\"70\" height=\"70\" srcset=\"https:\/\/bergers-schlagerparadies.de\/wp-content\/uploads\/2026\/03\/Ulli-Bastian-Ich-kuesse-dich-in-New-York-300x300.jpg 300w, https:\/\/bergers-schlagerparadies.de\/wp-content\/uploads\/2026\/03\/Ulli-Bastian-Ich-kuesse-dich-in-New-York-150x150.jpg 150w, https:\/\/bergers-schlagerparadies.de\/wp-content\/uploads\/2026\/03\/Ulli-Bastian-Ich-kuesse-dich-in-New-York-100x100.jpg 100w, https:\/\/bergers-schlagerparadies.de\/wp-content\/uploads\/2026\/03\/Ulli-Bastian-Ich-kuesse-dich-in-New-York.jpg 526w\" sizes=\"auto, (max-width: 70px) 100vw, 70px\" \/>\u00a0 <span style=\"color: #800000;\">Ulli Bastian<\/span> &#8211; Ich k\u00fcsse dich in New York ( <span style=\"color: #800000;\">Fiesta Records<\/span> )<\/strong><\/li>\n<li><strong><span style=\"color: #800000;\"><img loading=\"lazy\" decoding=\"async\" class=\"alignnone wp-image-42890\" src=\"https:\/\/bergers-schlagerparadies.de\/wp-content\/uploads\/2026\/04\/Ute-Freudenberg-Christian-Lais-Spuren-von-uns-Reload-300x300.jpeg\" alt=\"\" width=\"70\" height=\"70\" srcset=\"https:\/\/bergers-schlagerparadies.de\/wp-content\/uploads\/2026\/04\/Ute-Freudenberg-Christian-Lais-Spuren-von-uns-Reload-300x300.jpeg 300w, https:\/\/bergers-schlagerparadies.de\/wp-content\/uploads\/2026\/04\/Ute-Freudenberg-Christian-Lais-Spuren-von-uns-Reload-1024x1024.jpeg 1024w, https:\/\/bergers-schlagerparadies.de\/wp-content\/uploads\/2026\/04\/Ute-Freudenberg-Christian-Lais-Spuren-von-uns-Reload-150x150.jpeg 150w, https:\/\/bergers-schlagerparadies.de\/wp-content\/uploads\/2026\/04\/Ute-Freudenberg-Christian-Lais-Spuren-von-uns-Reload-768x768.jpeg 768w, https:\/\/bergers-schlagerparadies.de\/wp-content\/uploads\/2026\/04\/Ute-Freudenberg-Christian-Lais-Spuren-von-uns-Reload-1536x1536.jpeg 1536w, https:\/\/bergers-schlagerparadies.de\/wp-content\/uploads\/2026\/04\/Ute-Freudenberg-Christian-Lais-Spuren-von-uns-Reload-2048x2048.jpeg 2048w, https:\/\/bergers-schlagerparadies.de\/wp-content\/uploads\/2026\/04\/Ute-Freudenberg-Christian-Lais-Spuren-von-uns-Reload-1200x1200.jpeg 1200w, https:\/\/bergers-schlagerparadies.de\/wp-content\/uploads\/2026\/04\/Ute-Freudenberg-Christian-Lais-Spuren-von-uns-Reload-1188x1188.jpeg 1188w, https:\/\/bergers-schlagerparadies.de\/wp-content\/uploads\/2026\/04\/Ute-Freudenberg-Christian-Lais-Spuren-von-uns-Reload-100x100.jpeg 100w\" sizes=\"auto, (max-width: 70px) 100vw, 70px\" \/>\u00a0 Ute Freudenberg<\/span> &amp; <span style=\"color: #800000;\">Christian Lais<\/span> &#8211; Spuren von uns (Reload) ( <span style=\"color: #800000;\">Bros Music<\/span>\u00a0)<\/strong><\/li>\n<\/ul>\n<p><span style=\"font-size: 12pt;\"><strong><em><span style=\"color: #666699;\">Neuvorstellungen<\/span><\/em><em><span style=\"color: #666699;\"> in dieser Woche: mit V\u00d6: <\/span><span style=\"color: #666699;\"><span style=\"color: #800000;\">03<\/span><\/span><span style=\"color: #666699;\"><span style=\"color: #993366; font-size: 14pt;\">. April 2026 <\/span>&#8211; 14<\/span><span style=\"color: #808080;\">KW<\/span><\/em><\/strong><\/span><\/p>\n<ul>\n<li><strong><img loading=\"lazy\" decoding=\"async\" class=\"alignnone wp-image-42593\" src=\"https:\/\/bergers-schlagerparadies.de\/wp-content\/uploads\/2026\/03\/Zwei-Herzen-Schlagerfieber-300x300.jpeg\" alt=\"\" width=\"70\" height=\"70\" srcset=\"https:\/\/bergers-schlagerparadies.de\/wp-content\/uploads\/2026\/03\/Zwei-Herzen-Schlagerfieber-300x300.jpeg 300w, https:\/\/bergers-schlagerparadies.de\/wp-content\/uploads\/2026\/03\/Zwei-Herzen-Schlagerfieber-1024x1024.jpeg 1024w, https:\/\/bergers-schlagerparadies.de\/wp-content\/uploads\/2026\/03\/Zwei-Herzen-Schlagerfieber-150x150.jpeg 150w, https:\/\/bergers-schlagerparadies.de\/wp-content\/uploads\/2026\/03\/Zwei-Herzen-Schlagerfieber-768x768.jpeg 768w, https:\/\/bergers-schlagerparadies.de\/wp-content\/uploads\/2026\/03\/Zwei-Herzen-Schlagerfieber-1536x1536.jpeg 1536w, https:\/\/bergers-schlagerparadies.de\/wp-content\/uploads\/2026\/03\/Zwei-Herzen-Schlagerfieber-2048x2048.jpeg 2048w, https:\/\/bergers-schlagerparadies.de\/wp-content\/uploads\/2026\/03\/Zwei-Herzen-Schlagerfieber-1200x1200.jpeg 1200w, https:\/\/bergers-schlagerparadies.de\/wp-content\/uploads\/2026\/03\/Zwei-Herzen-Schlagerfieber-1188x1188.jpeg 1188w, https:\/\/bergers-schlagerparadies.de\/wp-content\/uploads\/2026\/03\/Zwei-Herzen-Schlagerfieber-100x100.jpeg 100w\" sizes=\"auto, (max-width: 70px) 100vw, 70px\" \/>\u00a0 <span style=\"color: #800000;\">Zwei Herzen<\/span> &#8211; Schlagerfieber (<span style=\"color: #800000;\">Album<\/span>) ( <span style=\"color: #800000;\">Fiesta Records<\/span> )<\/strong><\/li>\n<li><span style=\"color: #800000;\"><strong>&#8212;&#8212;&#8212;&#8212;&#8212;&#8212;&#8212;&#8212;&#8212;&#8212;&#8212;&#8212;&#8212;&#8212;&#8212;&#8212;&#8212;&#8212;&#8212;&#8212;&#8212;&#8212;&#8212;&#8212;&#8212;&#8212;&#8212;&#8212;&#8212;&#8211;<\/strong><\/span><\/li>\n<li><strong><span style=\"color: #800000;\"><img loading=\"lazy\" decoding=\"async\" class=\"alignnone wp-image-42679\" src=\"https:\/\/bergers-schlagerparadies.de\/wp-content\/uploads\/2026\/03\/Alisha-Leider-nein-300x300.jpeg\" alt=\"\" width=\"70\" height=\"70\" srcset=\"https:\/\/bergers-schlagerparadies.de\/wp-content\/uploads\/2026\/03\/Alisha-Leider-nein-300x300.jpeg 300w, https:\/\/bergers-schlagerparadies.de\/wp-content\/uploads\/2026\/03\/Alisha-Leider-nein-1024x1024.jpeg 1024w, https:\/\/bergers-schlagerparadies.de\/wp-content\/uploads\/2026\/03\/Alisha-Leider-nein-150x150.jpeg 150w, https:\/\/bergers-schlagerparadies.de\/wp-content\/uploads\/2026\/03\/Alisha-Leider-nein-768x768.jpeg 768w, https:\/\/bergers-schlagerparadies.de\/wp-content\/uploads\/2026\/03\/Alisha-Leider-nein-1188x1188.jpeg 1188w, https:\/\/bergers-schlagerparadies.de\/wp-content\/uploads\/2026\/03\/Alisha-Leider-nein-100x100.jpeg 100w, https:\/\/bergers-schlagerparadies.de\/wp-content\/uploads\/2026\/03\/Alisha-Leider-nein.jpeg 1200w\" sizes=\"auto, (max-width: 70px) 100vw, 70px\" \/>\u00a0 Alisha<\/span> &#8211; Leider nein ( <span style=\"color: #800000;\">Schlagerextase<\/span>\u00a0)<\/strong><\/li>\n<li><strong><img loading=\"lazy\" decoding=\"async\" class=\"alignnone wp-image-42739\" src=\"https:\/\/bergers-schlagerparadies.de\/wp-content\/uploads\/2026\/04\/Andre-Gold-In-meinem-Kopf-300x300.jpg\" alt=\"\" width=\"70\" height=\"70\" srcset=\"https:\/\/bergers-schlagerparadies.de\/wp-content\/uploads\/2026\/04\/Andre-Gold-In-meinem-Kopf-300x300.jpg 300w, https:\/\/bergers-schlagerparadies.de\/wp-content\/uploads\/2026\/04\/Andre-Gold-In-meinem-Kopf-1024x1024.jpg 1024w, https:\/\/bergers-schlagerparadies.de\/wp-content\/uploads\/2026\/04\/Andre-Gold-In-meinem-Kopf-150x150.jpg 150w, https:\/\/bergers-schlagerparadies.de\/wp-content\/uploads\/2026\/04\/Andre-Gold-In-meinem-Kopf-768x768.jpg 768w, https:\/\/bergers-schlagerparadies.de\/wp-content\/uploads\/2026\/04\/Andre-Gold-In-meinem-Kopf-1536x1536.jpg 1536w, https:\/\/bergers-schlagerparadies.de\/wp-content\/uploads\/2026\/04\/Andre-Gold-In-meinem-Kopf-2048x2048.jpg 2048w, https:\/\/bergers-schlagerparadies.de\/wp-content\/uploads\/2026\/04\/Andre-Gold-In-meinem-Kopf-1200x1200.jpg 1200w, https:\/\/bergers-schlagerparadies.de\/wp-content\/uploads\/2026\/04\/Andre-Gold-In-meinem-Kopf-1188x1188.jpg 1188w, https:\/\/bergers-schlagerparadies.de\/wp-content\/uploads\/2026\/04\/Andre-Gold-In-meinem-Kopf-100x100.jpg 100w\" sizes=\"auto, (max-width: 70px) 100vw, 70px\" \/>\u00a0 <span style=\"color: #800000;\">Andre Gold<\/span> &#8211; In meinem Kopf ( <span style=\"color: #800000;\">Fiesta Records<\/span> )<\/strong><\/li>\n<li><strong><span style=\"color: #800000;\"><img loading=\"lazy\" decoding=\"async\" class=\"alignnone wp-image-42666\" src=\"https:\/\/bergers-schlagerparadies.de\/wp-content\/uploads\/2026\/03\/Bianca-App-Neuanfang-300x300.jpeg\" alt=\"\" width=\"70\" height=\"70\" srcset=\"https:\/\/bergers-schlagerparadies.de\/wp-content\/uploads\/2026\/03\/Bianca-App-Neuanfang-300x300.jpeg 300w, https:\/\/bergers-schlagerparadies.de\/wp-content\/uploads\/2026\/03\/Bianca-App-Neuanfang-1024x1024.jpeg 1024w, https:\/\/bergers-schlagerparadies.de\/wp-content\/uploads\/2026\/03\/Bianca-App-Neuanfang-150x150.jpeg 150w, https:\/\/bergers-schlagerparadies.de\/wp-content\/uploads\/2026\/03\/Bianca-App-Neuanfang-768x768.jpeg 768w, https:\/\/bergers-schlagerparadies.de\/wp-content\/uploads\/2026\/03\/Bianca-App-Neuanfang-1200x1200.jpeg 1200w, https:\/\/bergers-schlagerparadies.de\/wp-content\/uploads\/2026\/03\/Bianca-App-Neuanfang-1188x1188.jpeg 1188w, https:\/\/bergers-schlagerparadies.de\/wp-content\/uploads\/2026\/03\/Bianca-App-Neuanfang-100x100.jpeg 100w, https:\/\/bergers-schlagerparadies.de\/wp-content\/uploads\/2026\/03\/Bianca-App-Neuanfang.jpeg 1400w\" sizes=\"auto, (max-width: 70px) 100vw, 70px\" \/>\u00a0 Bianca App<\/span> &#8211; Neuanfang ( <span style=\"color: #800000;\">halligalli records<\/span>\u00a0)<\/strong><\/li>\n<li><strong><img loading=\"lazy\" decoding=\"async\" class=\"alignnone wp-image-42581\" src=\"https:\/\/bergers-schlagerparadies.de\/wp-content\/uploads\/2026\/03\/Damiano-Maiolini-Gewinner-sein-300x300.jpeg\" alt=\"\" width=\"70\" height=\"70\" srcset=\"https:\/\/bergers-schlagerparadies.de\/wp-content\/uploads\/2026\/03\/Damiano-Maiolini-Gewinner-sein-300x300.jpeg 300w, https:\/\/bergers-schlagerparadies.de\/wp-content\/uploads\/2026\/03\/Damiano-Maiolini-Gewinner-sein-1024x1024.jpeg 1024w, https:\/\/bergers-schlagerparadies.de\/wp-content\/uploads\/2026\/03\/Damiano-Maiolini-Gewinner-sein-150x150.jpeg 150w, https:\/\/bergers-schlagerparadies.de\/wp-content\/uploads\/2026\/03\/Damiano-Maiolini-Gewinner-sein-768x768.jpeg 768w, https:\/\/bergers-schlagerparadies.de\/wp-content\/uploads\/2026\/03\/Damiano-Maiolini-Gewinner-sein-1536x1536.jpeg 1536w, https:\/\/bergers-schlagerparadies.de\/wp-content\/uploads\/2026\/03\/Damiano-Maiolini-Gewinner-sein-2048x2048.jpeg 2048w, https:\/\/bergers-schlagerparadies.de\/wp-content\/uploads\/2026\/03\/Damiano-Maiolini-Gewinner-sein-1200x1200.jpeg 1200w, https:\/\/bergers-schlagerparadies.de\/wp-content\/uploads\/2026\/03\/Damiano-Maiolini-Gewinner-sein-1188x1188.jpeg 1188w, https:\/\/bergers-schlagerparadies.de\/wp-content\/uploads\/2026\/03\/Damiano-Maiolini-Gewinner-sein-100x100.jpeg 100w\" sizes=\"auto, (max-width: 70px) 100vw, 70px\" \/>\u00a0 <span style=\"color: #800000;\">Damiano Maiolini<\/span> &#8211; Gewinner sein ( <span style=\"color: #800000;\">Fiesta Records<\/span> )<\/strong><\/li>\n<li><strong><span style=\"color: #800000;\"><img loading=\"lazy\" decoding=\"async\" class=\"alignnone wp-image-42300\" src=\"https:\/\/bergers-schlagerparadies.de\/wp-content\/uploads\/2026\/03\/Dj-Gerreg-Du-bist-die-Nummer-1-300x300.jpg\" alt=\"\" width=\"70\" height=\"70\" srcset=\"https:\/\/bergers-schlagerparadies.de\/wp-content\/uploads\/2026\/03\/Dj-Gerreg-Du-bist-die-Nummer-1-300x300.jpg 300w, https:\/\/bergers-schlagerparadies.de\/wp-content\/uploads\/2026\/03\/Dj-Gerreg-Du-bist-die-Nummer-1-150x150.jpg 150w, https:\/\/bergers-schlagerparadies.de\/wp-content\/uploads\/2026\/03\/Dj-Gerreg-Du-bist-die-Nummer-1-768x768.jpg 768w, https:\/\/bergers-schlagerparadies.de\/wp-content\/uploads\/2026\/03\/Dj-Gerreg-Du-bist-die-Nummer-1-100x100.jpg 100w, https:\/\/bergers-schlagerparadies.de\/wp-content\/uploads\/2026\/03\/Dj-Gerreg-Du-bist-die-Nummer-1.jpg 1024w\" sizes=\"auto, (max-width: 70px) 100vw, 70px\" \/>\u00a0 DJ GerreG<\/span> \u2013 Du bist die Nummer 1 ( <span style=\"color: #800000;\">G-MusiQ Records<\/span>\u00a0)<\/strong><\/li>\n<li><strong><span style=\"color: #800000;\"><img loading=\"lazy\" decoding=\"async\" class=\"alignnone wp-image-42530\" src=\"https:\/\/bergers-schlagerparadies.de\/wp-content\/uploads\/2026\/03\/Elisa-Falk-Alle-wollen-feiern-300x300.jpeg\" alt=\"\" width=\"70\" height=\"70\" srcset=\"https:\/\/bergers-schlagerparadies.de\/wp-content\/uploads\/2026\/03\/Elisa-Falk-Alle-wollen-feiern-300x300.jpeg 300w, https:\/\/bergers-schlagerparadies.de\/wp-content\/uploads\/2026\/03\/Elisa-Falk-Alle-wollen-feiern-1024x1024.jpeg 1024w, https:\/\/bergers-schlagerparadies.de\/wp-content\/uploads\/2026\/03\/Elisa-Falk-Alle-wollen-feiern-150x150.jpeg 150w, https:\/\/bergers-schlagerparadies.de\/wp-content\/uploads\/2026\/03\/Elisa-Falk-Alle-wollen-feiern-768x768.jpeg 768w, https:\/\/bergers-schlagerparadies.de\/wp-content\/uploads\/2026\/03\/Elisa-Falk-Alle-wollen-feiern-1188x1188.jpeg 1188w, https:\/\/bergers-schlagerparadies.de\/wp-content\/uploads\/2026\/03\/Elisa-Falk-Alle-wollen-feiern-100x100.jpeg 100w, https:\/\/bergers-schlagerparadies.de\/wp-content\/uploads\/2026\/03\/Elisa-Falk-Alle-wollen-feiern.jpeg 1200w\" sizes=\"auto, (max-width: 70px) 100vw, 70px\" \/>\u00a0 Elisa Falk<\/span> &#8211; Alle wollen feiern ( <span style=\"color: #800000;\">Schlagerland Records<\/span>\u00a0)<\/strong><\/li>\n<li><strong><span style=\"color: #800000;\"><img loading=\"lazy\" decoding=\"async\" class=\"alignnone wp-image-42752\" src=\"https:\/\/bergers-schlagerparadies.de\/wp-content\/uploads\/2026\/04\/HELMUT-HUSSLER-Mach-das-nochmal-mit-mir-300x300.jpeg\" alt=\"\" width=\"70\" height=\"70\" srcset=\"https:\/\/bergers-schlagerparadies.de\/wp-content\/uploads\/2026\/04\/HELMUT-HUSSLER-Mach-das-nochmal-mit-mir-300x300.jpeg 300w, https:\/\/bergers-schlagerparadies.de\/wp-content\/uploads\/2026\/04\/HELMUT-HUSSLER-Mach-das-nochmal-mit-mir-1024x1024.jpeg 1024w, https:\/\/bergers-schlagerparadies.de\/wp-content\/uploads\/2026\/04\/HELMUT-HUSSLER-Mach-das-nochmal-mit-mir-150x150.jpeg 150w, https:\/\/bergers-schlagerparadies.de\/wp-content\/uploads\/2026\/04\/HELMUT-HUSSLER-Mach-das-nochmal-mit-mir-768x768.jpeg 768w, https:\/\/bergers-schlagerparadies.de\/wp-content\/uploads\/2026\/04\/HELMUT-HUSSLER-Mach-das-nochmal-mit-mir-1188x1188.jpeg 1188w, https:\/\/bergers-schlagerparadies.de\/wp-content\/uploads\/2026\/04\/HELMUT-HUSSLER-Mach-das-nochmal-mit-mir-100x100.jpeg 100w, https:\/\/bergers-schlagerparadies.de\/wp-content\/uploads\/2026\/04\/HELMUT-HUSSLER-Mach-das-nochmal-mit-mir.jpeg 1200w\" sizes=\"auto, (max-width: 70px) 100vw, 70px\" \/>\u00a0 HELMUT HUSSLER<\/span> &#8211; Mach das nochmal mit mir ( <span style=\"color: #800000;\">Tyrolis<\/span>\u00a0)<\/strong><\/li>\n<li><strong><span style=\"color: #800000;\"><img loading=\"lazy\" decoding=\"async\" class=\"alignnone wp-image-42692\" src=\"https:\/\/bergers-schlagerparadies.de\/wp-content\/uploads\/2026\/03\/JP-Music-Project-feat.-Patrizia-Ploetzlich-warst-du-da-300x300.jpeg\" alt=\"\" width=\"70\" height=\"70\" srcset=\"https:\/\/bergers-schlagerparadies.de\/wp-content\/uploads\/2026\/03\/JP-Music-Project-feat.-Patrizia-Ploetzlich-warst-du-da-300x300.jpeg 300w, https:\/\/bergers-schlagerparadies.de\/wp-content\/uploads\/2026\/03\/JP-Music-Project-feat.-Patrizia-Ploetzlich-warst-du-da-1024x1024.jpeg 1024w, https:\/\/bergers-schlagerparadies.de\/wp-content\/uploads\/2026\/03\/JP-Music-Project-feat.-Patrizia-Ploetzlich-warst-du-da-150x150.jpeg 150w, https:\/\/bergers-schlagerparadies.de\/wp-content\/uploads\/2026\/03\/JP-Music-Project-feat.-Patrizia-Ploetzlich-warst-du-da-768x768.jpeg 768w, https:\/\/bergers-schlagerparadies.de\/wp-content\/uploads\/2026\/03\/JP-Music-Project-feat.-Patrizia-Ploetzlich-warst-du-da-1188x1188.jpeg 1188w, https:\/\/bergers-schlagerparadies.de\/wp-content\/uploads\/2026\/03\/JP-Music-Project-feat.-Patrizia-Ploetzlich-warst-du-da-100x100.jpeg 100w, https:\/\/bergers-schlagerparadies.de\/wp-content\/uploads\/2026\/03\/JP-Music-Project-feat.-Patrizia-Ploetzlich-warst-du-da.jpeg 1200w\" sizes=\"auto, (max-width: 70px) 100vw, 70px\" \/>\u00a0 JP Music Project<\/span> feat. <span style=\"color: #800000;\">Patrizia<\/span> &#8211; Pl\u00f6tzlich warst du da ( <span style=\"color: #800000;\">JP Music Records<\/span>\u00a0)<\/strong><\/li>\n<li><strong><span style=\"color: #800000;\"><img loading=\"lazy\" decoding=\"async\" class=\"alignnone wp-image-42735\" src=\"https:\/\/bergers-schlagerparadies.de\/wp-content\/uploads\/2026\/04\/Kristina-Boehm-Lass-uns-Himmel-und-Erde-sein-300x300.jpg\" alt=\"\" width=\"70\" height=\"70\" srcset=\"https:\/\/bergers-schlagerparadies.de\/wp-content\/uploads\/2026\/04\/Kristina-Boehm-Lass-uns-Himmel-und-Erde-sein-300x300.jpg 300w, https:\/\/bergers-schlagerparadies.de\/wp-content\/uploads\/2026\/04\/Kristina-Boehm-Lass-uns-Himmel-und-Erde-sein-1024x1024.jpg 1024w, https:\/\/bergers-schlagerparadies.de\/wp-content\/uploads\/2026\/04\/Kristina-Boehm-Lass-uns-Himmel-und-Erde-sein-150x150.jpg 150w, https:\/\/bergers-schlagerparadies.de\/wp-content\/uploads\/2026\/04\/Kristina-Boehm-Lass-uns-Himmel-und-Erde-sein-768x768.jpg 768w, https:\/\/bergers-schlagerparadies.de\/wp-content\/uploads\/2026\/04\/Kristina-Boehm-Lass-uns-Himmel-und-Erde-sein-1536x1536.jpg 1536w, https:\/\/bergers-schlagerparadies.de\/wp-content\/uploads\/2026\/04\/Kristina-Boehm-Lass-uns-Himmel-und-Erde-sein-2048x2048.jpg 2048w, https:\/\/bergers-schlagerparadies.de\/wp-content\/uploads\/2026\/04\/Kristina-Boehm-Lass-uns-Himmel-und-Erde-sein-1200x1200.jpg 1200w, https:\/\/bergers-schlagerparadies.de\/wp-content\/uploads\/2026\/04\/Kristina-Boehm-Lass-uns-Himmel-und-Erde-sein-1188x1188.jpg 1188w, https:\/\/bergers-schlagerparadies.de\/wp-content\/uploads\/2026\/04\/Kristina-Boehm-Lass-uns-Himmel-und-Erde-sein-100x100.jpg 100w\" sizes=\"auto, (max-width: 70px) 100vw, 70px\" \/>\u00a0 Kristina B\u00f6hm<\/span> &#8211; Lass uns Himmel und Erde sein ( <span style=\"color: #800000;\">Fiesta Records<\/span> )<\/strong><\/li>\n<li><strong><span style=\"color: #800000;\"><img loading=\"lazy\" decoding=\"async\" class=\"alignnone wp-image-41789\" src=\"https:\/\/bergers-schlagerparadies.de\/wp-content\/uploads\/2026\/02\/Marco-Fruechtl-I-Could-Never-Live-Without-You-300x300.jpeg\" alt=\"\" width=\"70\" height=\"70\" srcset=\"https:\/\/bergers-schlagerparadies.de\/wp-content\/uploads\/2026\/02\/Marco-Fruechtl-I-Could-Never-Live-Without-You-300x300.jpeg 300w, https:\/\/bergers-schlagerparadies.de\/wp-content\/uploads\/2026\/02\/Marco-Fruechtl-I-Could-Never-Live-Without-You-1024x1024.jpeg 1024w, https:\/\/bergers-schlagerparadies.de\/wp-content\/uploads\/2026\/02\/Marco-Fruechtl-I-Could-Never-Live-Without-You-150x150.jpeg 150w, https:\/\/bergers-schlagerparadies.de\/wp-content\/uploads\/2026\/02\/Marco-Fruechtl-I-Could-Never-Live-Without-You-768x768.jpeg 768w, https:\/\/bergers-schlagerparadies.de\/wp-content\/uploads\/2026\/02\/Marco-Fruechtl-I-Could-Never-Live-Without-You-1536x1536.jpeg 1536w, https:\/\/bergers-schlagerparadies.de\/wp-content\/uploads\/2026\/02\/Marco-Fruechtl-I-Could-Never-Live-Without-You-2048x2048.jpeg 2048w, https:\/\/bergers-schlagerparadies.de\/wp-content\/uploads\/2026\/02\/Marco-Fruechtl-I-Could-Never-Live-Without-You-1200x1200.jpeg 1200w, https:\/\/bergers-schlagerparadies.de\/wp-content\/uploads\/2026\/02\/Marco-Fruechtl-I-Could-Never-Live-Without-You-1188x1188.jpeg 1188w, https:\/\/bergers-schlagerparadies.de\/wp-content\/uploads\/2026\/02\/Marco-Fruechtl-I-Could-Never-Live-Without-You-100x100.jpeg 100w\" sizes=\"auto, (max-width: 70px) 100vw, 70px\" \/>\u00a0 Marco Fr\u00fcchtl<\/span> &#8211; I Could Never Live Without You ( <span style=\"color: #800000;\">MF MUSIC Productions<\/span>\u00a0)<\/strong><\/li>\n<li><strong><span style=\"color: #800000;\"><img loading=\"lazy\" decoding=\"async\" class=\"alignnone wp-image-42553\" src=\"https:\/\/bergers-schlagerparadies.de\/wp-content\/uploads\/2026\/03\/MARTINA-Affaere-300x300.jpeg\" alt=\"\" width=\"70\" height=\"70\" srcset=\"https:\/\/bergers-schlagerparadies.de\/wp-content\/uploads\/2026\/03\/MARTINA-Affaere-300x300.jpeg 300w, https:\/\/bergers-schlagerparadies.de\/wp-content\/uploads\/2026\/03\/MARTINA-Affaere-1024x1024.jpeg 1024w, https:\/\/bergers-schlagerparadies.de\/wp-content\/uploads\/2026\/03\/MARTINA-Affaere-150x150.jpeg 150w, https:\/\/bergers-schlagerparadies.de\/wp-content\/uploads\/2026\/03\/MARTINA-Affaere-768x768.jpeg 768w, https:\/\/bergers-schlagerparadies.de\/wp-content\/uploads\/2026\/03\/MARTINA-Affaere-1188x1188.jpeg 1188w, https:\/\/bergers-schlagerparadies.de\/wp-content\/uploads\/2026\/03\/MARTINA-Affaere-100x100.jpeg 100w, https:\/\/bergers-schlagerparadies.de\/wp-content\/uploads\/2026\/03\/MARTINA-Affaere.jpeg 1200w\" sizes=\"auto, (max-width: 70px) 100vw, 70px\" \/>\u00a0 MARTINA<\/span> &#8211; Aff\u00e4re ( <span style=\"color: #800000;\">Martina Musik<\/span>\u00a0)<\/strong><\/li>\n<li><strong><span style=\"color: #800000;\"><img loading=\"lazy\" decoding=\"async\" class=\"alignnone wp-image-42756\" src=\"https:\/\/bergers-schlagerparadies.de\/wp-content\/uploads\/2026\/04\/Melissa-Naschenweng-Hoamat-in-mir-300x300.jpeg\" alt=\"\" width=\"70\" height=\"70\" srcset=\"https:\/\/bergers-schlagerparadies.de\/wp-content\/uploads\/2026\/04\/Melissa-Naschenweng-Hoamat-in-mir-300x300.jpeg 300w, https:\/\/bergers-schlagerparadies.de\/wp-content\/uploads\/2026\/04\/Melissa-Naschenweng-Hoamat-in-mir-1024x1024.jpeg 1024w, https:\/\/bergers-schlagerparadies.de\/wp-content\/uploads\/2026\/04\/Melissa-Naschenweng-Hoamat-in-mir-150x150.jpeg 150w, https:\/\/bergers-schlagerparadies.de\/wp-content\/uploads\/2026\/04\/Melissa-Naschenweng-Hoamat-in-mir-768x768.jpeg 768w, https:\/\/bergers-schlagerparadies.de\/wp-content\/uploads\/2026\/04\/Melissa-Naschenweng-Hoamat-in-mir-1188x1188.jpeg 1188w, https:\/\/bergers-schlagerparadies.de\/wp-content\/uploads\/2026\/04\/Melissa-Naschenweng-Hoamat-in-mir-100x100.jpeg 100w, https:\/\/bergers-schlagerparadies.de\/wp-content\/uploads\/2026\/04\/Melissa-Naschenweng-Hoamat-in-mir.jpeg 1200w\" sizes=\"auto, (max-width: 70px) 100vw, 70px\" \/>\u00a0 Melissa Naschenweng<\/span> &#8211; Hoamat in mir ( <span style=\"color: #800000;\">SMA\/ Ariola<\/span>\u00a0)<\/strong><\/li>\n<li><strong><img loading=\"lazy\" decoding=\"async\" class=\"alignnone wp-image-42401\" src=\"https:\/\/bergers-schlagerparadies.de\/wp-content\/uploads\/2026\/03\/Monika-Martin-x-Dope030-Lieblingsoma-300x300.jpeg\" alt=\"\" width=\"70\" height=\"70\" srcset=\"https:\/\/bergers-schlagerparadies.de\/wp-content\/uploads\/2026\/03\/Monika-Martin-x-Dope030-Lieblingsoma-300x300.jpeg 300w, https:\/\/bergers-schlagerparadies.de\/wp-content\/uploads\/2026\/03\/Monika-Martin-x-Dope030-Lieblingsoma-1024x1024.jpeg 1024w, https:\/\/bergers-schlagerparadies.de\/wp-content\/uploads\/2026\/03\/Monika-Martin-x-Dope030-Lieblingsoma-150x150.jpeg 150w, https:\/\/bergers-schlagerparadies.de\/wp-content\/uploads\/2026\/03\/Monika-Martin-x-Dope030-Lieblingsoma-768x768.jpeg 768w, https:\/\/bergers-schlagerparadies.de\/wp-content\/uploads\/2026\/03\/Monika-Martin-x-Dope030-Lieblingsoma-1200x1200.jpeg 1200w, https:\/\/bergers-schlagerparadies.de\/wp-content\/uploads\/2026\/03\/Monika-Martin-x-Dope030-Lieblingsoma-1188x1188.jpeg 1188w, https:\/\/bergers-schlagerparadies.de\/wp-content\/uploads\/2026\/03\/Monika-Martin-x-Dope030-Lieblingsoma-100x100.jpeg 100w, https:\/\/bergers-schlagerparadies.de\/wp-content\/uploads\/2026\/03\/Monika-Martin-x-Dope030-Lieblingsoma.jpeg 1440w\" sizes=\"auto, (max-width: 70px) 100vw, 70px\" \/>\u00a0 <span style=\"color: #800000;\">Monika Martin<\/span> x <span style=\"color: #800000;\">Dope030<\/span> &#8211; Lieblingsoma ( <span style=\"color: #800000;\">Telamo<\/span>\u00a0)<\/strong><\/li>\n<li><strong><span style=\"color: #800000;\"><img loading=\"lazy\" decoding=\"async\" class=\"alignnone wp-image-42706\" src=\"https:\/\/bergers-schlagerparadies.de\/wp-content\/uploads\/2026\/04\/Nadine-Beiergroesslein-\u2013-Hey-du-mein-Stern-300x300.jpg\" alt=\"\" width=\"70\" height=\"70\" srcset=\"https:\/\/bergers-schlagerparadies.de\/wp-content\/uploads\/2026\/04\/Nadine-Beiergroesslein-\u2013-Hey-du-mein-Stern-300x300.jpg 300w, https:\/\/bergers-schlagerparadies.de\/wp-content\/uploads\/2026\/04\/Nadine-Beiergroesslein-\u2013-Hey-du-mein-Stern-1024x1024.jpg 1024w, https:\/\/bergers-schlagerparadies.de\/wp-content\/uploads\/2026\/04\/Nadine-Beiergroesslein-\u2013-Hey-du-mein-Stern-150x150.jpg 150w, https:\/\/bergers-schlagerparadies.de\/wp-content\/uploads\/2026\/04\/Nadine-Beiergroesslein-\u2013-Hey-du-mein-Stern-768x768.jpg 768w, https:\/\/bergers-schlagerparadies.de\/wp-content\/uploads\/2026\/04\/Nadine-Beiergroesslein-\u2013-Hey-du-mein-Stern-1536x1536.jpg 1536w, https:\/\/bergers-schlagerparadies.de\/wp-content\/uploads\/2026\/04\/Nadine-Beiergroesslein-\u2013-Hey-du-mein-Stern-2048x2048.jpg 2048w, https:\/\/bergers-schlagerparadies.de\/wp-content\/uploads\/2026\/04\/Nadine-Beiergroesslein-\u2013-Hey-du-mein-Stern-1200x1200.jpg 1200w, https:\/\/bergers-schlagerparadies.de\/wp-content\/uploads\/2026\/04\/Nadine-Beiergroesslein-\u2013-Hey-du-mein-Stern-1188x1188.jpg 1188w, https:\/\/bergers-schlagerparadies.de\/wp-content\/uploads\/2026\/04\/Nadine-Beiergroesslein-\u2013-Hey-du-mein-Stern-100x100.jpg 100w\" sizes=\"auto, (max-width: 70px) 100vw, 70px\" \/>\u00a0 Nadine Beiergr\u00f6\u00dflein<\/span> \u2013 Hey du mein Stern ( <span style=\"color: #800000;\">Fiesta Records<\/span> )<\/strong><\/li>\n<li><strong><img loading=\"lazy\" decoding=\"async\" class=\"alignnone wp-image-42760\" src=\"https:\/\/bergers-schlagerparadies.de\/wp-content\/uploads\/2026\/04\/Nadine-Beiergroesslein-Oh-Du-mein-Stern-300x300.jpeg\" alt=\"\" width=\"70\" height=\"70\" srcset=\"https:\/\/bergers-schlagerparadies.de\/wp-content\/uploads\/2026\/04\/Nadine-Beiergroesslein-Oh-Du-mein-Stern-300x300.jpeg 300w, https:\/\/bergers-schlagerparadies.de\/wp-content\/uploads\/2026\/04\/Nadine-Beiergroesslein-Oh-Du-mein-Stern-1024x1024.jpeg 1024w, https:\/\/bergers-schlagerparadies.de\/wp-content\/uploads\/2026\/04\/Nadine-Beiergroesslein-Oh-Du-mein-Stern-150x150.jpeg 150w, https:\/\/bergers-schlagerparadies.de\/wp-content\/uploads\/2026\/04\/Nadine-Beiergroesslein-Oh-Du-mein-Stern-768x768.jpeg 768w, https:\/\/bergers-schlagerparadies.de\/wp-content\/uploads\/2026\/04\/Nadine-Beiergroesslein-Oh-Du-mein-Stern-1188x1188.jpeg 1188w, https:\/\/bergers-schlagerparadies.de\/wp-content\/uploads\/2026\/04\/Nadine-Beiergroesslein-Oh-Du-mein-Stern-100x100.jpeg 100w, https:\/\/bergers-schlagerparadies.de\/wp-content\/uploads\/2026\/04\/Nadine-Beiergroesslein-Oh-Du-mein-Stern.jpeg 1200w\" sizes=\"auto, (max-width: 70px) 100vw, 70px\" \/>\u00a0 Nadine Beiergr\u00f6\u00dflein &#8211; Oh Du mein Stern ( <span style=\"color: #800000;\">Bellaphon<\/span>\u00a0)<\/strong><\/li>\n<li><strong><span style=\"color: #800000;\"><img loading=\"lazy\" decoding=\"async\" class=\"alignnone wp-image-42670\" src=\"https:\/\/bergers-schlagerparadies.de\/wp-content\/uploads\/2026\/03\/NIC-Wenn-andere-nachts-schlafen-Radio-Edit-300x300.jpg\" alt=\"\" width=\"70\" height=\"70\" srcset=\"https:\/\/bergers-schlagerparadies.de\/wp-content\/uploads\/2026\/03\/NIC-Wenn-andere-nachts-schlafen-Radio-Edit-300x300.jpg 300w, https:\/\/bergers-schlagerparadies.de\/wp-content\/uploads\/2026\/03\/NIC-Wenn-andere-nachts-schlafen-Radio-Edit-1024x1024.jpg 1024w, https:\/\/bergers-schlagerparadies.de\/wp-content\/uploads\/2026\/03\/NIC-Wenn-andere-nachts-schlafen-Radio-Edit-150x150.jpg 150w, https:\/\/bergers-schlagerparadies.de\/wp-content\/uploads\/2026\/03\/NIC-Wenn-andere-nachts-schlafen-Radio-Edit-768x768.jpg 768w, https:\/\/bergers-schlagerparadies.de\/wp-content\/uploads\/2026\/03\/NIC-Wenn-andere-nachts-schlafen-Radio-Edit-1536x1536.jpg 1536w, https:\/\/bergers-schlagerparadies.de\/wp-content\/uploads\/2026\/03\/NIC-Wenn-andere-nachts-schlafen-Radio-Edit-2048x2048.jpg 2048w, https:\/\/bergers-schlagerparadies.de\/wp-content\/uploads\/2026\/03\/NIC-Wenn-andere-nachts-schlafen-Radio-Edit-1200x1200.jpg 1200w, https:\/\/bergers-schlagerparadies.de\/wp-content\/uploads\/2026\/03\/NIC-Wenn-andere-nachts-schlafen-Radio-Edit-1188x1188.jpg 1188w, https:\/\/bergers-schlagerparadies.de\/wp-content\/uploads\/2026\/03\/NIC-Wenn-andere-nachts-schlafen-Radio-Edit-100x100.jpg 100w\" sizes=\"auto, (max-width: 70px) 100vw, 70px\" \/>\u00a0 NIC<\/span> &#8211; Wenn andere nachts schlafen (Radio Edit) ( <span style=\"color: #800000;\">Fiesta Records<\/span> )<\/strong><\/li>\n<li><strong><img loading=\"lazy\" decoding=\"async\" class=\"alignnone wp-image-42585\" src=\"https:\/\/bergers-schlagerparadies.de\/wp-content\/uploads\/2026\/03\/NIC-feat.-Franco-F.-Wenn-andere-nachts-schlafen-Duett-Radio-Version-300x300.jpeg\" alt=\"\" width=\"70\" height=\"70\" srcset=\"https:\/\/bergers-schlagerparadies.de\/wp-content\/uploads\/2026\/03\/NIC-feat.-Franco-F.-Wenn-andere-nachts-schlafen-Duett-Radio-Version-300x300.jpeg 300w, https:\/\/bergers-schlagerparadies.de\/wp-content\/uploads\/2026\/03\/NIC-feat.-Franco-F.-Wenn-andere-nachts-schlafen-Duett-Radio-Version-1024x1024.jpeg 1024w, https:\/\/bergers-schlagerparadies.de\/wp-content\/uploads\/2026\/03\/NIC-feat.-Franco-F.-Wenn-andere-nachts-schlafen-Duett-Radio-Version-150x150.jpeg 150w, https:\/\/bergers-schlagerparadies.de\/wp-content\/uploads\/2026\/03\/NIC-feat.-Franco-F.-Wenn-andere-nachts-schlafen-Duett-Radio-Version-768x768.jpeg 768w, https:\/\/bergers-schlagerparadies.de\/wp-content\/uploads\/2026\/03\/NIC-feat.-Franco-F.-Wenn-andere-nachts-schlafen-Duett-Radio-Version-1536x1536.jpeg 1536w, https:\/\/bergers-schlagerparadies.de\/wp-content\/uploads\/2026\/03\/NIC-feat.-Franco-F.-Wenn-andere-nachts-schlafen-Duett-Radio-Version-2048x2048.jpeg 2048w, https:\/\/bergers-schlagerparadies.de\/wp-content\/uploads\/2026\/03\/NIC-feat.-Franco-F.-Wenn-andere-nachts-schlafen-Duett-Radio-Version-1200x1200.jpeg 1200w, https:\/\/bergers-schlagerparadies.de\/wp-content\/uploads\/2026\/03\/NIC-feat.-Franco-F.-Wenn-andere-nachts-schlafen-Duett-Radio-Version-1188x1188.jpeg 1188w, https:\/\/bergers-schlagerparadies.de\/wp-content\/uploads\/2026\/03\/NIC-feat.-Franco-F.-Wenn-andere-nachts-schlafen-Duett-Radio-Version-100x100.jpeg 100w\" sizes=\"auto, (max-width: 70px) 100vw, 70px\" \/>\u00a0 <span style=\"color: #800000;\">NIC<\/span> feat. <span style=\"color: #800000;\">Franco F.<\/span> Wenn andere nachts schlafen (Duett Radio Version) ( <span style=\"color: #800000;\">Fiesta Records<\/span> )<\/strong><\/li>\n<li><strong><span style=\"color: #800000;\"><img loading=\"lazy\" decoding=\"async\" class=\"alignnone wp-image-42683\" src=\"https:\/\/bergers-schlagerparadies.de\/wp-content\/uploads\/2026\/03\/Oliver-Fischer-Was-ist-mit-meinem-Herz-jetzt-los-300x300.jpeg\" alt=\"\" width=\"70\" height=\"70\" srcset=\"https:\/\/bergers-schlagerparadies.de\/wp-content\/uploads\/2026\/03\/Oliver-Fischer-Was-ist-mit-meinem-Herz-jetzt-los-300x300.jpeg 300w, https:\/\/bergers-schlagerparadies.de\/wp-content\/uploads\/2026\/03\/Oliver-Fischer-Was-ist-mit-meinem-Herz-jetzt-los-1024x1024.jpeg 1024w, https:\/\/bergers-schlagerparadies.de\/wp-content\/uploads\/2026\/03\/Oliver-Fischer-Was-ist-mit-meinem-Herz-jetzt-los-150x150.jpeg 150w, https:\/\/bergers-schlagerparadies.de\/wp-content\/uploads\/2026\/03\/Oliver-Fischer-Was-ist-mit-meinem-Herz-jetzt-los-768x768.jpeg 768w, https:\/\/bergers-schlagerparadies.de\/wp-content\/uploads\/2026\/03\/Oliver-Fischer-Was-ist-mit-meinem-Herz-jetzt-los-1536x1536.jpeg 1536w, https:\/\/bergers-schlagerparadies.de\/wp-content\/uploads\/2026\/03\/Oliver-Fischer-Was-ist-mit-meinem-Herz-jetzt-los-2048x2048.jpeg 2048w, https:\/\/bergers-schlagerparadies.de\/wp-content\/uploads\/2026\/03\/Oliver-Fischer-Was-ist-mit-meinem-Herz-jetzt-los-1200x1200.jpeg 1200w, https:\/\/bergers-schlagerparadies.de\/wp-content\/uploads\/2026\/03\/Oliver-Fischer-Was-ist-mit-meinem-Herz-jetzt-los-1188x1188.jpeg 1188w, https:\/\/bergers-schlagerparadies.de\/wp-content\/uploads\/2026\/03\/Oliver-Fischer-Was-ist-mit-meinem-Herz-jetzt-los-100x100.jpeg 100w\" sizes=\"auto, (max-width: 70px) 100vw, 70px\" \/>\u00a0 Oliver Fischer<\/span> &#8211; Was ist mit meinem Herz jetzt los<\/strong><\/li>\n<li><strong><img loading=\"lazy\" decoding=\"async\" class=\"alignnone wp-image-42589\" src=\"https:\/\/bergers-schlagerparadies.de\/wp-content\/uploads\/2026\/03\/Patrick-Heidenreich-Das-mit-Dir-300x300.jpeg\" alt=\"\" width=\"70\" height=\"70\" srcset=\"https:\/\/bergers-schlagerparadies.de\/wp-content\/uploads\/2026\/03\/Patrick-Heidenreich-Das-mit-Dir-300x300.jpeg 300w, https:\/\/bergers-schlagerparadies.de\/wp-content\/uploads\/2026\/03\/Patrick-Heidenreich-Das-mit-Dir-1024x1024.jpeg 1024w, https:\/\/bergers-schlagerparadies.de\/wp-content\/uploads\/2026\/03\/Patrick-Heidenreich-Das-mit-Dir-150x150.jpeg 150w, https:\/\/bergers-schlagerparadies.de\/wp-content\/uploads\/2026\/03\/Patrick-Heidenreich-Das-mit-Dir-768x768.jpeg 768w, https:\/\/bergers-schlagerparadies.de\/wp-content\/uploads\/2026\/03\/Patrick-Heidenreich-Das-mit-Dir-1536x1536.jpeg 1536w, https:\/\/bergers-schlagerparadies.de\/wp-content\/uploads\/2026\/03\/Patrick-Heidenreich-Das-mit-Dir-2048x2048.jpeg 2048w, https:\/\/bergers-schlagerparadies.de\/wp-content\/uploads\/2026\/03\/Patrick-Heidenreich-Das-mit-Dir-1200x1200.jpeg 1200w, https:\/\/bergers-schlagerparadies.de\/wp-content\/uploads\/2026\/03\/Patrick-Heidenreich-Das-mit-Dir-1188x1188.jpeg 1188w, https:\/\/bergers-schlagerparadies.de\/wp-content\/uploads\/2026\/03\/Patrick-Heidenreich-Das-mit-Dir-100x100.jpeg 100w\" sizes=\"auto, (max-width: 70px) 100vw, 70px\" \/>\u00a0 <span style=\"color: #800000;\">Patrick Heidenreich<\/span> &#8211; Das mit Dir ( <span style=\"color: #800000;\">Fiesta Records<\/span> )<\/strong><\/li>\n<li><strong><img loading=\"lazy\" decoding=\"async\" class=\"alignnone wp-image-42661\" src=\"https:\/\/bergers-schlagerparadies.de\/wp-content\/uploads\/2026\/03\/Sandra-Maas-1000-Flieger-300x300.jpeg\" alt=\"\" width=\"70\" height=\"70\" srcset=\"https:\/\/bergers-schlagerparadies.de\/wp-content\/uploads\/2026\/03\/Sandra-Maas-1000-Flieger-300x300.jpeg 300w, https:\/\/bergers-schlagerparadies.de\/wp-content\/uploads\/2026\/03\/Sandra-Maas-1000-Flieger-1024x1024.jpeg 1024w, https:\/\/bergers-schlagerparadies.de\/wp-content\/uploads\/2026\/03\/Sandra-Maas-1000-Flieger-150x150.jpeg 150w, https:\/\/bergers-schlagerparadies.de\/wp-content\/uploads\/2026\/03\/Sandra-Maas-1000-Flieger-768x768.jpeg 768w, https:\/\/bergers-schlagerparadies.de\/wp-content\/uploads\/2026\/03\/Sandra-Maas-1000-Flieger-1188x1188.jpeg 1188w, https:\/\/bergers-schlagerparadies.de\/wp-content\/uploads\/2026\/03\/Sandra-Maas-1000-Flieger-100x100.jpeg 100w, https:\/\/bergers-schlagerparadies.de\/wp-content\/uploads\/2026\/03\/Sandra-Maas-1000-Flieger.jpeg 1200w\" sizes=\"auto, (max-width: 70px) 100vw, 70px\" \/>\u00a0 <span style=\"color: #800000;\">Sandra Maas<\/span> &#8211; 1000 Flieger ( <span style=\"color: #800000;\">Fiesta Records<\/span> )<\/strong><\/li>\n<li><strong><span style=\"color: #800000;\"><img loading=\"lazy\" decoding=\"async\" class=\"alignnone wp-image-42700\" src=\"https:\/\/bergers-schlagerparadies.de\/wp-content\/uploads\/2026\/04\/SchlagerNOW-Frutti-del-Mare-300x300.jpg\" alt=\"\" width=\"70\" height=\"70\" srcset=\"https:\/\/bergers-schlagerparadies.de\/wp-content\/uploads\/2026\/04\/SchlagerNOW-Frutti-del-Mare-300x300.jpg 300w, https:\/\/bergers-schlagerparadies.de\/wp-content\/uploads\/2026\/04\/SchlagerNOW-Frutti-del-Mare-150x150.jpg 150w, https:\/\/bergers-schlagerparadies.de\/wp-content\/uploads\/2026\/04\/SchlagerNOW-Frutti-del-Mare-768x768.jpg 768w, https:\/\/bergers-schlagerparadies.de\/wp-content\/uploads\/2026\/04\/SchlagerNOW-Frutti-del-Mare-100x100.jpg 100w, https:\/\/bergers-schlagerparadies.de\/wp-content\/uploads\/2026\/04\/SchlagerNOW-Frutti-del-Mare.jpg 1024w\" sizes=\"auto, (max-width: 70px) 100vw, 70px\" \/>\u00a0 SchlagerNOW<\/span> &#8211; Frutti del Mare ( <span style=\"color: #800000;\">SchlagerNOW<\/span>\u00a0)<\/strong><\/li>\n<li><strong><span style=\"color: #800000;\"><img loading=\"lazy\" decoding=\"async\" class=\"alignnone wp-image-42687\" src=\"https:\/\/bergers-schlagerparadies.de\/wp-content\/uploads\/2026\/03\/Stefan-Laier-Ich-kuess-dich-im-Traum-300x300.jpeg\" alt=\"\" width=\"70\" height=\"70\" srcset=\"https:\/\/bergers-schlagerparadies.de\/wp-content\/uploads\/2026\/03\/Stefan-Laier-Ich-kuess-dich-im-Traum-300x300.jpeg 300w, https:\/\/bergers-schlagerparadies.de\/wp-content\/uploads\/2026\/03\/Stefan-Laier-Ich-kuess-dich-im-Traum-1024x1024.jpeg 1024w, https:\/\/bergers-schlagerparadies.de\/wp-content\/uploads\/2026\/03\/Stefan-Laier-Ich-kuess-dich-im-Traum-150x150.jpeg 150w, https:\/\/bergers-schlagerparadies.de\/wp-content\/uploads\/2026\/03\/Stefan-Laier-Ich-kuess-dich-im-Traum-768x768.jpeg 768w, https:\/\/bergers-schlagerparadies.de\/wp-content\/uploads\/2026\/03\/Stefan-Laier-Ich-kuess-dich-im-Traum-1536x1536.jpeg 1536w, https:\/\/bergers-schlagerparadies.de\/wp-content\/uploads\/2026\/03\/Stefan-Laier-Ich-kuess-dich-im-Traum-2048x2048.jpeg 2048w, https:\/\/bergers-schlagerparadies.de\/wp-content\/uploads\/2026\/03\/Stefan-Laier-Ich-kuess-dich-im-Traum-1200x1200.jpeg 1200w, https:\/\/bergers-schlagerparadies.de\/wp-content\/uploads\/2026\/03\/Stefan-Laier-Ich-kuess-dich-im-Traum-1188x1188.jpeg 1188w, https:\/\/bergers-schlagerparadies.de\/wp-content\/uploads\/2026\/03\/Stefan-Laier-Ich-kuess-dich-im-Traum-100x100.jpeg 100w\" sizes=\"auto, (max-width: 70px) 100vw, 70px\" \/>\u00a0 Stefan Laier<\/span> &#8211; Ich k\u00fcss dich im Traum ( <span style=\"color: #800000;\">slbl-records<\/span>\u00a0)<\/strong><\/li>\n<li><strong><span style=\"color: #800000;\"><img loading=\"lazy\" decoding=\"async\" class=\"alignnone wp-image-42767\" src=\"https:\/\/bergers-schlagerparadies.de\/wp-content\/uploads\/2026\/04\/Tom-Stern-Jenny-300x300.jpg\" alt=\"\" width=\"70\" height=\"70\" srcset=\"https:\/\/bergers-schlagerparadies.de\/wp-content\/uploads\/2026\/04\/Tom-Stern-Jenny-300x300.jpg 300w, https:\/\/bergers-schlagerparadies.de\/wp-content\/uploads\/2026\/04\/Tom-Stern-Jenny-1024x1024.jpg 1024w, https:\/\/bergers-schlagerparadies.de\/wp-content\/uploads\/2026\/04\/Tom-Stern-Jenny-150x150.jpg 150w, https:\/\/bergers-schlagerparadies.de\/wp-content\/uploads\/2026\/04\/Tom-Stern-Jenny-768x768.jpg 768w, https:\/\/bergers-schlagerparadies.de\/wp-content\/uploads\/2026\/04\/Tom-Stern-Jenny-1536x1536.jpg 1536w, https:\/\/bergers-schlagerparadies.de\/wp-content\/uploads\/2026\/04\/Tom-Stern-Jenny-2048x2048.jpg 2048w, https:\/\/bergers-schlagerparadies.de\/wp-content\/uploads\/2026\/04\/Tom-Stern-Jenny-1200x1200.jpg 1200w, https:\/\/bergers-schlagerparadies.de\/wp-content\/uploads\/2026\/04\/Tom-Stern-Jenny-1188x1188.jpg 1188w, https:\/\/bergers-schlagerparadies.de\/wp-content\/uploads\/2026\/04\/Tom-Stern-Jenny-100x100.jpg 100w\" sizes=\"auto, (max-width: 70px) 100vw, 70px\" \/>\u00a0 Tom Stern<\/span> &#8211; Jenny ( <span style=\"color: #800000;\">Schlagerhimmel<\/span>\u00a0)<\/strong><\/li>\n<\/ul>\n<p><span style=\"font-size: 12pt;\"><strong><em><span style=\"color: #666699;\">Neuvorstellungen<\/span><\/em><em><span style=\"color: #666699;\"> in dieser Woche: mit V\u00d6: <\/span><span style=\"color: #666699;\"><span style=\"color: #800000;\">27<\/span><\/span><span style=\"color: #666699;\"><span style=\"color: #993366; font-size: 14pt;\">. M\u00e4rz 2026 <\/span>&#8211; 13<\/span><span style=\"color: #808080;\">KW<\/span><\/em><\/strong><\/span><\/p>\n<ul>\n<li><strong><span style=\"color: #800000;\"><img loading=\"lazy\" decoding=\"async\" class=\"alignnone wp-image-42521\" src=\"https:\/\/bergers-schlagerparadies.de\/wp-content\/uploads\/2026\/03\/Andreas-Zaron-WECK-MICH-ANFANG-MAI-1-300x300.jpg\" alt=\"\" width=\"70\" height=\"70\" srcset=\"https:\/\/bergers-schlagerparadies.de\/wp-content\/uploads\/2026\/03\/Andreas-Zaron-WECK-MICH-ANFANG-MAI-1-300x300.jpg 300w, https:\/\/bergers-schlagerparadies.de\/wp-content\/uploads\/2026\/03\/Andreas-Zaron-WECK-MICH-ANFANG-MAI-1-1024x1024.jpg 1024w, https:\/\/bergers-schlagerparadies.de\/wp-content\/uploads\/2026\/03\/Andreas-Zaron-WECK-MICH-ANFANG-MAI-1-150x150.jpg 150w, https:\/\/bergers-schlagerparadies.de\/wp-content\/uploads\/2026\/03\/Andreas-Zaron-WECK-MICH-ANFANG-MAI-1-768x768.jpg 768w, https:\/\/bergers-schlagerparadies.de\/wp-content\/uploads\/2026\/03\/Andreas-Zaron-WECK-MICH-ANFANG-MAI-1-1536x1536.jpg 1536w, https:\/\/bergers-schlagerparadies.de\/wp-content\/uploads\/2026\/03\/Andreas-Zaron-WECK-MICH-ANFANG-MAI-1-2048x2048.jpg 2048w, https:\/\/bergers-schlagerparadies.de\/wp-content\/uploads\/2026\/03\/Andreas-Zaron-WECK-MICH-ANFANG-MAI-1-1200x1200.jpg 1200w, https:\/\/bergers-schlagerparadies.de\/wp-content\/uploads\/2026\/03\/Andreas-Zaron-WECK-MICH-ANFANG-MAI-1-1188x1188.jpg 1188w, https:\/\/bergers-schlagerparadies.de\/wp-content\/uploads\/2026\/03\/Andreas-Zaron-WECK-MICH-ANFANG-MAI-1-100x100.jpg 100w\" sizes=\"auto, (max-width: 70px) 100vw, 70px\" \/>\u00a0 Andreas Zaron<\/span>&#8211; F\u00fcr immer Schubidu (<span style=\"color: #800000;\">Album<\/span>) ( <span style=\"color: #800000;\">KLONDIKE Records &amp; Songs<\/span> \u00a0)<\/strong><\/li>\n<li><strong><span style=\"color: #800000;\"><img loading=\"lazy\" decoding=\"async\" class=\"alignnone wp-image-42612\" src=\"https:\/\/bergers-schlagerparadies.de\/wp-content\/uploads\/2026\/03\/Johannes-Oerding-Hotel-Album-300x300.jpeg\" alt=\"\" width=\"70\" height=\"70\" srcset=\"https:\/\/bergers-schlagerparadies.de\/wp-content\/uploads\/2026\/03\/Johannes-Oerding-Hotel-Album-300x300.jpeg 300w, https:\/\/bergers-schlagerparadies.de\/wp-content\/uploads\/2026\/03\/Johannes-Oerding-Hotel-Album-1024x1024.jpeg 1024w, https:\/\/bergers-schlagerparadies.de\/wp-content\/uploads\/2026\/03\/Johannes-Oerding-Hotel-Album-150x150.jpeg 150w, https:\/\/bergers-schlagerparadies.de\/wp-content\/uploads\/2026\/03\/Johannes-Oerding-Hotel-Album-768x768.jpeg 768w, https:\/\/bergers-schlagerparadies.de\/wp-content\/uploads\/2026\/03\/Johannes-Oerding-Hotel-Album-1188x1188.jpeg 1188w, https:\/\/bergers-schlagerparadies.de\/wp-content\/uploads\/2026\/03\/Johannes-Oerding-Hotel-Album-100x100.jpeg 100w, https:\/\/bergers-schlagerparadies.de\/wp-content\/uploads\/2026\/03\/Johannes-Oerding-Hotel-Album.jpeg 1200w\" sizes=\"auto, (max-width: 70px) 100vw, 70px\" \/>\u00a0 Johannes Oerding<\/span> &#8211; Hotel (Album) ( <span style=\"color: #800000;\">SMD\/ Columbia<\/span>\u00a0 )<\/strong><\/li>\n<li><strong><span style=\"color: #800000;\"><img loading=\"lazy\" decoding=\"async\" class=\"alignnone wp-image-42614\" src=\"https:\/\/bergers-schlagerparadies.de\/wp-content\/uploads\/2026\/03\/Michael-Wendler-Unzerstoerbar-300x300.jpg\" alt=\"\" width=\"70\" height=\"70\" srcset=\"https:\/\/bergers-schlagerparadies.de\/wp-content\/uploads\/2026\/03\/Michael-Wendler-Unzerstoerbar-300x300.jpg 300w, https:\/\/bergers-schlagerparadies.de\/wp-content\/uploads\/2026\/03\/Michael-Wendler-Unzerstoerbar-150x150.jpg 150w, https:\/\/bergers-schlagerparadies.de\/wp-content\/uploads\/2026\/03\/Michael-Wendler-Unzerstoerbar-100x100.jpg 100w, https:\/\/bergers-schlagerparadies.de\/wp-content\/uploads\/2026\/03\/Michael-Wendler-Unzerstoerbar.jpg 717w\" sizes=\"auto, (max-width: 70px) 100vw, 70px\" \/>\u00a0 Michael Wendler<\/span> &#8211; Unzerst\u00f6rbar (<span style=\"color: #800000;\">Album<\/span>) ( <span style=\"color: #800000;\">AP Music<\/span>\u00a0 )<\/strong><\/li>\n<li><strong><span style=\"color: #800000;\">&#8212;&#8212;&#8212;&#8212;&#8212;&#8212;&#8212;&#8212;&#8212;&#8212;&#8212;&#8212;&#8212;&#8212;&#8212;&#8212;&#8212;&#8212;&#8212;&#8212;&#8212;&#8212;&#8212;&#8212;&#8212;&#8212;&#8212;&#8212;&#8212;<\/span><\/strong><\/li>\n<li><strong><img loading=\"lazy\" decoding=\"async\" class=\"alignnone wp-image-42286\" src=\"https:\/\/bergers-schlagerparadies.de\/wp-content\/uploads\/2026\/03\/Andreas-Sommer-Blonde-Versuchung-300x300.jpeg\" alt=\"\" width=\"70\" height=\"70\" srcset=\"https:\/\/bergers-schlagerparadies.de\/wp-content\/uploads\/2026\/03\/Andreas-Sommer-Blonde-Versuchung-300x300.jpeg 300w, https:\/\/bergers-schlagerparadies.de\/wp-content\/uploads\/2026\/03\/Andreas-Sommer-Blonde-Versuchung-1024x1024.jpeg 1024w, https:\/\/bergers-schlagerparadies.de\/wp-content\/uploads\/2026\/03\/Andreas-Sommer-Blonde-Versuchung-150x150.jpeg 150w, https:\/\/bergers-schlagerparadies.de\/wp-content\/uploads\/2026\/03\/Andreas-Sommer-Blonde-Versuchung-768x768.jpeg 768w, https:\/\/bergers-schlagerparadies.de\/wp-content\/uploads\/2026\/03\/Andreas-Sommer-Blonde-Versuchung-1536x1536.jpeg 1536w, https:\/\/bergers-schlagerparadies.de\/wp-content\/uploads\/2026\/03\/Andreas-Sommer-Blonde-Versuchung-1200x1200.jpeg 1200w, https:\/\/bergers-schlagerparadies.de\/wp-content\/uploads\/2026\/03\/Andreas-Sommer-Blonde-Versuchung-1188x1188.jpeg 1188w, https:\/\/bergers-schlagerparadies.de\/wp-content\/uploads\/2026\/03\/Andreas-Sommer-Blonde-Versuchung-100x100.jpeg 100w, https:\/\/bergers-schlagerparadies.de\/wp-content\/uploads\/2026\/03\/Andreas-Sommer-Blonde-Versuchung.jpeg 2048w\" sizes=\"auto, (max-width: 70px) 100vw, 70px\" \/>\u00a0 Andreas Sommer &#8211; Blonde Versuchung ( <span style=\"color: #800000;\">CeeM Records<\/span>\u00a0)<\/strong><\/li>\n<li><strong><span style=\"color: #800000;\"><img loading=\"lazy\" decoding=\"async\" class=\"alignnone wp-image-42597\" src=\"https:\/\/bergers-schlagerparadies.de\/wp-content\/uploads\/2026\/03\/Andreas-Watzinger-Gluecksprinzip-300x300.jpeg\" alt=\"\" width=\"70\" height=\"70\" srcset=\"https:\/\/bergers-schlagerparadies.de\/wp-content\/uploads\/2026\/03\/Andreas-Watzinger-Gluecksprinzip-300x300.jpeg 300w, https:\/\/bergers-schlagerparadies.de\/wp-content\/uploads\/2026\/03\/Andreas-Watzinger-Gluecksprinzip-1024x1024.jpeg 1024w, https:\/\/bergers-schlagerparadies.de\/wp-content\/uploads\/2026\/03\/Andreas-Watzinger-Gluecksprinzip-150x150.jpeg 150w, https:\/\/bergers-schlagerparadies.de\/wp-content\/uploads\/2026\/03\/Andreas-Watzinger-Gluecksprinzip-768x768.jpeg 768w, https:\/\/bergers-schlagerparadies.de\/wp-content\/uploads\/2026\/03\/Andreas-Watzinger-Gluecksprinzip-1536x1536.jpeg 1536w, https:\/\/bergers-schlagerparadies.de\/wp-content\/uploads\/2026\/03\/Andreas-Watzinger-Gluecksprinzip-2048x2048.jpeg 2048w, https:\/\/bergers-schlagerparadies.de\/wp-content\/uploads\/2026\/03\/Andreas-Watzinger-Gluecksprinzip-1200x1200.jpeg 1200w, https:\/\/bergers-schlagerparadies.de\/wp-content\/uploads\/2026\/03\/Andreas-Watzinger-Gluecksprinzip-1188x1188.jpeg 1188w, https:\/\/bergers-schlagerparadies.de\/wp-content\/uploads\/2026\/03\/Andreas-Watzinger-Gluecksprinzip-100x100.jpeg 100w\" sizes=\"auto, (max-width: 70px) 100vw, 70px\" \/>\u00a0 Andreas Watzinger<\/span> &#8211; Gl\u00fccksprinzip ( <span style=\"color: #800000;\">Schlager<\/span>\u00a0)<\/strong><\/li>\n<li><strong><img loading=\"lazy\" decoding=\"async\" class=\"alignnone wp-image-42477\" src=\"https:\/\/bergers-schlagerparadies.de\/wp-content\/uploads\/2026\/03\/Anna-Maria-Zivkov-Mehr-geliebt-300x300.jpeg\" alt=\"\" width=\"70\" height=\"70\" srcset=\"https:\/\/bergers-schlagerparadies.de\/wp-content\/uploads\/2026\/03\/Anna-Maria-Zivkov-Mehr-geliebt-300x300.jpeg 300w, https:\/\/bergers-schlagerparadies.de\/wp-content\/uploads\/2026\/03\/Anna-Maria-Zivkov-Mehr-geliebt-1024x1024.jpeg 1024w, https:\/\/bergers-schlagerparadies.de\/wp-content\/uploads\/2026\/03\/Anna-Maria-Zivkov-Mehr-geliebt-150x150.jpeg 150w, https:\/\/bergers-schlagerparadies.de\/wp-content\/uploads\/2026\/03\/Anna-Maria-Zivkov-Mehr-geliebt-768x768.jpeg 768w, https:\/\/bergers-schlagerparadies.de\/wp-content\/uploads\/2026\/03\/Anna-Maria-Zivkov-Mehr-geliebt-1188x1188.jpeg 1188w, https:\/\/bergers-schlagerparadies.de\/wp-content\/uploads\/2026\/03\/Anna-Maria-Zivkov-Mehr-geliebt-100x100.jpeg 100w, https:\/\/bergers-schlagerparadies.de\/wp-content\/uploads\/2026\/03\/Anna-Maria-Zivkov-Mehr-geliebt.jpeg 1200w\" sizes=\"auto, (max-width: 70px) 100vw, 70px\" \/>\u00a0 Anna-Maria Zivkov &#8211; Mehr geliebt ( <span style=\"color: #800000;\">NovaSlay<\/span>\u00a0)<\/strong><\/li>\n<li><strong><span style=\"color: #800000;\"><img loading=\"lazy\" decoding=\"async\" class=\"alignnone wp-image-42542\" src=\"https:\/\/bergers-schlagerparadies.de\/wp-content\/uploads\/2026\/03\/BaseAge-Wenn-die-Liebe-dich-vergisst-300x300.jpeg\" alt=\"\" width=\"70\" height=\"70\" srcset=\"https:\/\/bergers-schlagerparadies.de\/wp-content\/uploads\/2026\/03\/BaseAge-Wenn-die-Liebe-dich-vergisst-300x300.jpeg 300w, https:\/\/bergers-schlagerparadies.de\/wp-content\/uploads\/2026\/03\/BaseAge-Wenn-die-Liebe-dich-vergisst-1024x1024.jpeg 1024w, https:\/\/bergers-schlagerparadies.de\/wp-content\/uploads\/2026\/03\/BaseAge-Wenn-die-Liebe-dich-vergisst-150x150.jpeg 150w, https:\/\/bergers-schlagerparadies.de\/wp-content\/uploads\/2026\/03\/BaseAge-Wenn-die-Liebe-dich-vergisst-768x768.jpeg 768w, https:\/\/bergers-schlagerparadies.de\/wp-content\/uploads\/2026\/03\/BaseAge-Wenn-die-Liebe-dich-vergisst-1188x1188.jpeg 1188w, https:\/\/bergers-schlagerparadies.de\/wp-content\/uploads\/2026\/03\/BaseAge-Wenn-die-Liebe-dich-vergisst-100x100.jpeg 100w, https:\/\/bergers-schlagerparadies.de\/wp-content\/uploads\/2026\/03\/BaseAge-Wenn-die-Liebe-dich-vergisst.jpeg 1200w\" sizes=\"auto, (max-width: 70px) 100vw, 70px\" \/>\u00a0 BaseAge<\/span> &#8211; Wenn die Liebe dich vergisst ( <span style=\"color: #800000;\">CD Baby<\/span>\u00a0)<\/strong><\/li>\n<li><strong><img loading=\"lazy\" decoding=\"async\" class=\"alignnone wp-image-42406\" src=\"https:\/\/bergers-schlagerparadies.de\/wp-content\/uploads\/2026\/03\/Conny-Felber-Party-Palmen-Meer-300x300.jpeg\" alt=\"\" width=\"70\" height=\"70\" srcset=\"https:\/\/bergers-schlagerparadies.de\/wp-content\/uploads\/2026\/03\/Conny-Felber-Party-Palmen-Meer-300x300.jpeg 300w, https:\/\/bergers-schlagerparadies.de\/wp-content\/uploads\/2026\/03\/Conny-Felber-Party-Palmen-Meer-1024x1024.jpeg 1024w, https:\/\/bergers-schlagerparadies.de\/wp-content\/uploads\/2026\/03\/Conny-Felber-Party-Palmen-Meer-150x150.jpeg 150w, https:\/\/bergers-schlagerparadies.de\/wp-content\/uploads\/2026\/03\/Conny-Felber-Party-Palmen-Meer-768x768.jpeg 768w, https:\/\/bergers-schlagerparadies.de\/wp-content\/uploads\/2026\/03\/Conny-Felber-Party-Palmen-Meer-1536x1536.jpeg 1536w, https:\/\/bergers-schlagerparadies.de\/wp-content\/uploads\/2026\/03\/Conny-Felber-Party-Palmen-Meer-2048x2048.jpeg 2048w, https:\/\/bergers-schlagerparadies.de\/wp-content\/uploads\/2026\/03\/Conny-Felber-Party-Palmen-Meer-1200x1200.jpeg 1200w, https:\/\/bergers-schlagerparadies.de\/wp-content\/uploads\/2026\/03\/Conny-Felber-Party-Palmen-Meer-1188x1188.jpeg 1188w, https:\/\/bergers-schlagerparadies.de\/wp-content\/uploads\/2026\/03\/Conny-Felber-Party-Palmen-Meer-100x100.jpeg 100w\" sizes=\"auto, (max-width: 70px) 100vw, 70px\" \/>\u00a0 <span style=\"color: #800000;\">Conny Felber<\/span> &#8211; Party Palmen &amp; Meer ( <span style=\"color: #800000;\">Fiesta Records<\/span> )<\/strong><\/li>\n<li><strong><img loading=\"lazy\" decoding=\"async\" class=\"alignnone wp-image-42410\" src=\"https:\/\/bergers-schlagerparadies.de\/wp-content\/uploads\/2026\/03\/Constance-Heller-Please-Remember-Me-300x300.jpeg\" alt=\"\" width=\"70\" height=\"70\" srcset=\"https:\/\/bergers-schlagerparadies.de\/wp-content\/uploads\/2026\/03\/Constance-Heller-Please-Remember-Me-300x300.jpeg 300w, https:\/\/bergers-schlagerparadies.de\/wp-content\/uploads\/2026\/03\/Constance-Heller-Please-Remember-Me-1024x1024.jpeg 1024w, https:\/\/bergers-schlagerparadies.de\/wp-content\/uploads\/2026\/03\/Constance-Heller-Please-Remember-Me-150x150.jpeg 150w, https:\/\/bergers-schlagerparadies.de\/wp-content\/uploads\/2026\/03\/Constance-Heller-Please-Remember-Me-768x768.jpeg 768w, https:\/\/bergers-schlagerparadies.de\/wp-content\/uploads\/2026\/03\/Constance-Heller-Please-Remember-Me-1200x1200.jpeg 1200w, https:\/\/bergers-schlagerparadies.de\/wp-content\/uploads\/2026\/03\/Constance-Heller-Please-Remember-Me-1188x1188.jpeg 1188w, https:\/\/bergers-schlagerparadies.de\/wp-content\/uploads\/2026\/03\/Constance-Heller-Please-Remember-Me-100x100.jpeg 100w, https:\/\/bergers-schlagerparadies.de\/wp-content\/uploads\/2026\/03\/Constance-Heller-Please-Remember-Me.jpeg 1500w\" sizes=\"auto, (max-width: 70px) 100vw, 70px\" \/>\u00a0 Constance Heller &#8211; Please Remember Me ( <span style=\"color: #800000;\">7music<\/span>\u00a0)<\/strong><\/li>\n<li><strong><span style=\"color: #800000;\"><img loading=\"lazy\" decoding=\"async\" class=\"alignnone wp-image-42601\" src=\"https:\/\/bergers-schlagerparadies.de\/wp-content\/uploads\/2026\/03\/dee-jay-RUFUS-feat.-Jazz-Aughton-Never-gonna-give-you-up-300x300.jpeg\" alt=\"\" width=\"70\" height=\"70\" srcset=\"https:\/\/bergers-schlagerparadies.de\/wp-content\/uploads\/2026\/03\/dee-jay-RUFUS-feat.-Jazz-Aughton-Never-gonna-give-you-up-300x300.jpeg 300w, https:\/\/bergers-schlagerparadies.de\/wp-content\/uploads\/2026\/03\/dee-jay-RUFUS-feat.-Jazz-Aughton-Never-gonna-give-you-up-1024x1024.jpeg 1024w, https:\/\/bergers-schlagerparadies.de\/wp-content\/uploads\/2026\/03\/dee-jay-RUFUS-feat.-Jazz-Aughton-Never-gonna-give-you-up-150x150.jpeg 150w, https:\/\/bergers-schlagerparadies.de\/wp-content\/uploads\/2026\/03\/dee-jay-RUFUS-feat.-Jazz-Aughton-Never-gonna-give-you-up-768x768.jpeg 768w, https:\/\/bergers-schlagerparadies.de\/wp-content\/uploads\/2026\/03\/dee-jay-RUFUS-feat.-Jazz-Aughton-Never-gonna-give-you-up-1188x1188.jpeg 1188w, https:\/\/bergers-schlagerparadies.de\/wp-content\/uploads\/2026\/03\/dee-jay-RUFUS-feat.-Jazz-Aughton-Never-gonna-give-you-up-100x100.jpeg 100w, https:\/\/bergers-schlagerparadies.de\/wp-content\/uploads\/2026\/03\/dee-jay-RUFUS-feat.-Jazz-Aughton-Never-gonna-give-you-up.jpeg 1200w\" sizes=\"auto, (max-width: 70px) 100vw, 70px\" \/>\u00a0 dee jay RUFUS<\/span> feat. <span style=\"color: #800000;\">Jazz Aughton<\/span> &#8211; Never gonna give you up ( <span style=\"color: #800000;\">XENIA Records<\/span>\u00a0)<\/strong><\/li>\n<li><strong><span style=\"color: #800000;\"><img loading=\"lazy\" decoding=\"async\" class=\"alignnone wp-image-42605\" src=\"https:\/\/bergers-schlagerparadies.de\/wp-content\/uploads\/2026\/03\/Die-Ruinen-Fahrende-Musikanten-300x300.jpeg\" alt=\"\" width=\"70\" height=\"70\" srcset=\"https:\/\/bergers-schlagerparadies.de\/wp-content\/uploads\/2026\/03\/Die-Ruinen-Fahrende-Musikanten-300x300.jpeg 300w, https:\/\/bergers-schlagerparadies.de\/wp-content\/uploads\/2026\/03\/Die-Ruinen-Fahrende-Musikanten-1024x1024.jpeg 1024w, https:\/\/bergers-schlagerparadies.de\/wp-content\/uploads\/2026\/03\/Die-Ruinen-Fahrende-Musikanten-150x150.jpeg 150w, https:\/\/bergers-schlagerparadies.de\/wp-content\/uploads\/2026\/03\/Die-Ruinen-Fahrende-Musikanten-768x768.jpeg 768w, https:\/\/bergers-schlagerparadies.de\/wp-content\/uploads\/2026\/03\/Die-Ruinen-Fahrende-Musikanten-1536x1536.jpeg 1536w, https:\/\/bergers-schlagerparadies.de\/wp-content\/uploads\/2026\/03\/Die-Ruinen-Fahrende-Musikanten-2048x2048.jpeg 2048w, https:\/\/bergers-schlagerparadies.de\/wp-content\/uploads\/2026\/03\/Die-Ruinen-Fahrende-Musikanten-1200x1200.jpeg 1200w, https:\/\/bergers-schlagerparadies.de\/wp-content\/uploads\/2026\/03\/Die-Ruinen-Fahrende-Musikanten-1188x1188.jpeg 1188w, https:\/\/bergers-schlagerparadies.de\/wp-content\/uploads\/2026\/03\/Die-Ruinen-Fahrende-Musikanten-100x100.jpeg 100w\" sizes=\"auto, (max-width: 70px) 100vw, 70px\" \/>\u00a0 Die Ruinen<\/span> &#8211; Fahrende Musikanten ( <span style=\"color: #800000;\">RUBIN Records<\/span>\u00a0)<\/strong><\/li>\n<li><strong><span style=\"color: #800000;\"><img loading=\"lazy\" decoding=\"async\" class=\"alignnone wp-image-42546\" src=\"https:\/\/bergers-schlagerparadies.de\/wp-content\/uploads\/2026\/03\/DJ-GerreG-\u2013-Wie-schoen-dass-es-dich-gibt-300x300.jpg\" alt=\"\" width=\"70\" height=\"70\" srcset=\"https:\/\/bergers-schlagerparadies.de\/wp-content\/uploads\/2026\/03\/DJ-GerreG-\u2013-Wie-schoen-dass-es-dich-gibt-300x300.jpg 300w, https:\/\/bergers-schlagerparadies.de\/wp-content\/uploads\/2026\/03\/DJ-GerreG-\u2013-Wie-schoen-dass-es-dich-gibt-150x150.jpg 150w, https:\/\/bergers-schlagerparadies.de\/wp-content\/uploads\/2026\/03\/DJ-GerreG-\u2013-Wie-schoen-dass-es-dich-gibt-768x768.jpg 768w, https:\/\/bergers-schlagerparadies.de\/wp-content\/uploads\/2026\/03\/DJ-GerreG-\u2013-Wie-schoen-dass-es-dich-gibt-100x100.jpg 100w, https:\/\/bergers-schlagerparadies.de\/wp-content\/uploads\/2026\/03\/DJ-GerreG-\u2013-Wie-schoen-dass-es-dich-gibt.jpg 1024w\" sizes=\"auto, (max-width: 70px) 100vw, 70px\" \/>\u00a0 DJ GerreG<\/span> \u2013 Wie sch\u00f6n, dass es dich gibt ( <span style=\"color: #800000;\">G-MusiQ Records<\/span>\u00a0)<\/strong><\/li>\n<li><strong><img loading=\"lazy\" decoding=\"async\" class=\"alignnone wp-image-42538\" src=\"https:\/\/bergers-schlagerparadies.de\/wp-content\/uploads\/2026\/03\/Dennis-Wilms-Ist-das-Liebe-300x300.jpeg\" alt=\"\" width=\"70\" height=\"70\" srcset=\"https:\/\/bergers-schlagerparadies.de\/wp-content\/uploads\/2026\/03\/Dennis-Wilms-Ist-das-Liebe-300x300.jpeg 300w, https:\/\/bergers-schlagerparadies.de\/wp-content\/uploads\/2026\/03\/Dennis-Wilms-Ist-das-Liebe-1024x1024.jpeg 1024w, https:\/\/bergers-schlagerparadies.de\/wp-content\/uploads\/2026\/03\/Dennis-Wilms-Ist-das-Liebe-150x150.jpeg 150w, https:\/\/bergers-schlagerparadies.de\/wp-content\/uploads\/2026\/03\/Dennis-Wilms-Ist-das-Liebe-768x768.jpeg 768w, https:\/\/bergers-schlagerparadies.de\/wp-content\/uploads\/2026\/03\/Dennis-Wilms-Ist-das-Liebe-1188x1188.jpeg 1188w, https:\/\/bergers-schlagerparadies.de\/wp-content\/uploads\/2026\/03\/Dennis-Wilms-Ist-das-Liebe-100x100.jpeg 100w, https:\/\/bergers-schlagerparadies.de\/wp-content\/uploads\/2026\/03\/Dennis-Wilms-Ist-das-Liebe.jpeg 1200w\" sizes=\"auto, (max-width: 70px) 100vw, 70px\" \/>\u00a0 <span style=\"color: #800000;\">Dennis Wilms<\/span> &#8211; Ist das Liebe ( <span style=\"color: #800000;\">MORE Music &amp; Media distr. by Telamo GmbH | A BMG Company<\/span>\u00a0)<\/strong><\/li>\n<li><strong><span style=\"color: #800000;\"><img loading=\"lazy\" decoding=\"async\" class=\"alignnone wp-image-42481\" src=\"https:\/\/bergers-schlagerparadies.de\/wp-content\/uploads\/2026\/03\/Der-Wolf-Gina-Ballerina-300x300.jpeg\" alt=\"\" width=\"70\" height=\"70\" srcset=\"https:\/\/bergers-schlagerparadies.de\/wp-content\/uploads\/2026\/03\/Der-Wolf-Gina-Ballerina-300x300.jpeg 300w, https:\/\/bergers-schlagerparadies.de\/wp-content\/uploads\/2026\/03\/Der-Wolf-Gina-Ballerina-1024x1024.jpeg 1024w, https:\/\/bergers-schlagerparadies.de\/wp-content\/uploads\/2026\/03\/Der-Wolf-Gina-Ballerina-150x150.jpeg 150w, https:\/\/bergers-schlagerparadies.de\/wp-content\/uploads\/2026\/03\/Der-Wolf-Gina-Ballerina-768x768.jpeg 768w, https:\/\/bergers-schlagerparadies.de\/wp-content\/uploads\/2026\/03\/Der-Wolf-Gina-Ballerina-1536x1536.jpeg 1536w, https:\/\/bergers-schlagerparadies.de\/wp-content\/uploads\/2026\/03\/Der-Wolf-Gina-Ballerina-2048x2048.jpeg 2048w, https:\/\/bergers-schlagerparadies.de\/wp-content\/uploads\/2026\/03\/Der-Wolf-Gina-Ballerina-1200x1200.jpeg 1200w, https:\/\/bergers-schlagerparadies.de\/wp-content\/uploads\/2026\/03\/Der-Wolf-Gina-Ballerina-1188x1188.jpeg 1188w, https:\/\/bergers-schlagerparadies.de\/wp-content\/uploads\/2026\/03\/Der-Wolf-Gina-Ballerina-100x100.jpeg 100w\" sizes=\"auto, (max-width: 70px) 100vw, 70px\" \/>\u00a0 Der Wolf<\/span> &#8211; Gina Ballerina ( <span style=\"color: #800000;\">MYSTERY<\/span>\u00a0)<\/strong><\/li>\n<li><strong><span style=\"color: #800000;\"><img loading=\"lazy\" decoding=\"async\" class=\"alignnone wp-image-42324\" src=\"https:\/\/bergers-schlagerparadies.de\/wp-content\/uploads\/2026\/03\/Gisella-Stella-Zwischen-zwei-Welten-300x300.jpg\" alt=\"\" width=\"70\" height=\"70\" srcset=\"https:\/\/bergers-schlagerparadies.de\/wp-content\/uploads\/2026\/03\/Gisella-Stella-Zwischen-zwei-Welten-300x300.jpg 300w, https:\/\/bergers-schlagerparadies.de\/wp-content\/uploads\/2026\/03\/Gisella-Stella-Zwischen-zwei-Welten-1024x1024.jpg 1024w, https:\/\/bergers-schlagerparadies.de\/wp-content\/uploads\/2026\/03\/Gisella-Stella-Zwischen-zwei-Welten-150x150.jpg 150w, https:\/\/bergers-schlagerparadies.de\/wp-content\/uploads\/2026\/03\/Gisella-Stella-Zwischen-zwei-Welten-768x768.jpg 768w, https:\/\/bergers-schlagerparadies.de\/wp-content\/uploads\/2026\/03\/Gisella-Stella-Zwischen-zwei-Welten-1536x1536.jpg 1536w, https:\/\/bergers-schlagerparadies.de\/wp-content\/uploads\/2026\/03\/Gisella-Stella-Zwischen-zwei-Welten-2048x2048.jpg 2048w, https:\/\/bergers-schlagerparadies.de\/wp-content\/uploads\/2026\/03\/Gisella-Stella-Zwischen-zwei-Welten-1200x1200.jpg 1200w, https:\/\/bergers-schlagerparadies.de\/wp-content\/uploads\/2026\/03\/Gisella-Stella-Zwischen-zwei-Welten-1188x1188.jpg 1188w, https:\/\/bergers-schlagerparadies.de\/wp-content\/uploads\/2026\/03\/Gisella-Stella-Zwischen-zwei-Welten-100x100.jpg 100w\" sizes=\"auto, (max-width: 70px) 100vw, 70px\" \/>\u00a0 Gisella Stella<\/span> &#8211; Zwischen zwei Welten ( <span style=\"color: #800000;\">Hotten-Records<\/span>\u00a0)<\/strong><\/li>\n<li><strong><span style=\"color: #800000;\"><img loading=\"lazy\" decoding=\"async\" class=\"alignnone wp-image-42517\" src=\"https:\/\/bergers-schlagerparadies.de\/wp-content\/uploads\/2026\/03\/Hartl-Records-Weisser-Engel-Van-Veen-Extended-Fox-RMX-300x300.jpg\" alt=\"\" width=\"71\" height=\"71\" srcset=\"https:\/\/bergers-schlagerparadies.de\/wp-content\/uploads\/2026\/03\/Hartl-Records-Weisser-Engel-Van-Veen-Extended-Fox-RMX-300x300.jpg 300w, https:\/\/bergers-schlagerparadies.de\/wp-content\/uploads\/2026\/03\/Hartl-Records-Weisser-Engel-Van-Veen-Extended-Fox-RMX-1024x1024.jpg 1024w, https:\/\/bergers-schlagerparadies.de\/wp-content\/uploads\/2026\/03\/Hartl-Records-Weisser-Engel-Van-Veen-Extended-Fox-RMX-150x150.jpg 150w, https:\/\/bergers-schlagerparadies.de\/wp-content\/uploads\/2026\/03\/Hartl-Records-Weisser-Engel-Van-Veen-Extended-Fox-RMX-768x768.jpg 768w, https:\/\/bergers-schlagerparadies.de\/wp-content\/uploads\/2026\/03\/Hartl-Records-Weisser-Engel-Van-Veen-Extended-Fox-RMX-1536x1536.jpg 1536w, https:\/\/bergers-schlagerparadies.de\/wp-content\/uploads\/2026\/03\/Hartl-Records-Weisser-Engel-Van-Veen-Extended-Fox-RMX-2048x2048.jpg 2048w, https:\/\/bergers-schlagerparadies.de\/wp-content\/uploads\/2026\/03\/Hartl-Records-Weisser-Engel-Van-Veen-Extended-Fox-RMX-1200x1200.jpg 1200w, https:\/\/bergers-schlagerparadies.de\/wp-content\/uploads\/2026\/03\/Hartl-Records-Weisser-Engel-Van-Veen-Extended-Fox-RMX-1188x1188.jpg 1188w, https:\/\/bergers-schlagerparadies.de\/wp-content\/uploads\/2026\/03\/Hartl-Records-Weisser-Engel-Van-Veen-Extended-Fox-RMX-100x100.jpg 100w\" sizes=\"auto, (max-width: 71px) 100vw, 71px\" \/>\u00a0 Hartl Records<\/span> &#8211; Wei\u00dfer Engel (Van Veen Extended Fox RMX) ( <span style=\"color: #800000;\">Hartl Records<span style=\"color: #000000;\"> )<\/span><\/span><\/strong><\/li>\n<li><strong><img loading=\"lazy\" decoding=\"async\" class=\"alignnone wp-image-42414\" src=\"https:\/\/bergers-schlagerparadies.de\/wp-content\/uploads\/2026\/03\/Ina-Irgendwo-Liebe-ohne-Luegen-300x300.jpeg\" alt=\"\" width=\"70\" height=\"70\" srcset=\"https:\/\/bergers-schlagerparadies.de\/wp-content\/uploads\/2026\/03\/Ina-Irgendwo-Liebe-ohne-Luegen-300x300.jpeg 300w, https:\/\/bergers-schlagerparadies.de\/wp-content\/uploads\/2026\/03\/Ina-Irgendwo-Liebe-ohne-Luegen-1024x1024.jpeg 1024w, https:\/\/bergers-schlagerparadies.de\/wp-content\/uploads\/2026\/03\/Ina-Irgendwo-Liebe-ohne-Luegen-150x150.jpeg 150w, https:\/\/bergers-schlagerparadies.de\/wp-content\/uploads\/2026\/03\/Ina-Irgendwo-Liebe-ohne-Luegen-768x768.jpeg 768w, https:\/\/bergers-schlagerparadies.de\/wp-content\/uploads\/2026\/03\/Ina-Irgendwo-Liebe-ohne-Luegen-1536x1536.jpeg 1536w, https:\/\/bergers-schlagerparadies.de\/wp-content\/uploads\/2026\/03\/Ina-Irgendwo-Liebe-ohne-Luegen-2048x2048.jpeg 2048w, https:\/\/bergers-schlagerparadies.de\/wp-content\/uploads\/2026\/03\/Ina-Irgendwo-Liebe-ohne-Luegen-1200x1200.jpeg 1200w, https:\/\/bergers-schlagerparadies.de\/wp-content\/uploads\/2026\/03\/Ina-Irgendwo-Liebe-ohne-Luegen-1188x1188.jpeg 1188w, https:\/\/bergers-schlagerparadies.de\/wp-content\/uploads\/2026\/03\/Ina-Irgendwo-Liebe-ohne-Luegen-100x100.jpeg 100w\" sizes=\"auto, (max-width: 70px) 100vw, 70px\" \/>\u00a0 <span style=\"color: #800000;\">Ina Irgendwo<\/span> &#8211; Liebe ohne L\u00fcgen ( <span style=\"color: #800000;\">Fiesta Records<\/span> )<\/strong><\/li>\n<li><strong><img loading=\"lazy\" decoding=\"async\" class=\"alignnone wp-image-42276\" src=\"https:\/\/bergers-schlagerparadies.de\/wp-content\/uploads\/2026\/03\/Jan-Simon-Flammen-der-Liebe-300x298.jpg\" alt=\"\" width=\"70\" height=\"70\" srcset=\"https:\/\/bergers-schlagerparadies.de\/wp-content\/uploads\/2026\/03\/Jan-Simon-Flammen-der-Liebe-300x298.jpg 300w, https:\/\/bergers-schlagerparadies.de\/wp-content\/uploads\/2026\/03\/Jan-Simon-Flammen-der-Liebe-150x150.jpg 150w, https:\/\/bergers-schlagerparadies.de\/wp-content\/uploads\/2026\/03\/Jan-Simon-Flammen-der-Liebe-100x100.jpg 100w, https:\/\/bergers-schlagerparadies.de\/wp-content\/uploads\/2026\/03\/Jan-Simon-Flammen-der-Liebe.jpg 526w\" sizes=\"auto, (max-width: 70px) 100vw, 70px\" \/>\u00a0 <span style=\"color: #800000;\">Jan Simon<\/span> &#8211; Flammen der Liebe ( <span style=\"color: #800000;\">Fiesta Records<\/span> )<\/strong><\/li>\n<li><strong><span style=\"color: #800000;\"><img loading=\"lazy\" decoding=\"async\" class=\"alignnone wp-image-42609\" src=\"https:\/\/bergers-schlagerparadies.de\/wp-content\/uploads\/2026\/03\/Janine-Frei-Das-ist-deine-Nacht-300x300.jpeg\" alt=\"\" width=\"70\" height=\"70\" srcset=\"https:\/\/bergers-schlagerparadies.de\/wp-content\/uploads\/2026\/03\/Janine-Frei-Das-ist-deine-Nacht-300x300.jpeg 300w, https:\/\/bergers-schlagerparadies.de\/wp-content\/uploads\/2026\/03\/Janine-Frei-Das-ist-deine-Nacht-1024x1024.jpeg 1024w, https:\/\/bergers-schlagerparadies.de\/wp-content\/uploads\/2026\/03\/Janine-Frei-Das-ist-deine-Nacht-150x150.jpeg 150w, https:\/\/bergers-schlagerparadies.de\/wp-content\/uploads\/2026\/03\/Janine-Frei-Das-ist-deine-Nacht-768x768.jpeg 768w, https:\/\/bergers-schlagerparadies.de\/wp-content\/uploads\/2026\/03\/Janine-Frei-Das-ist-deine-Nacht-1188x1188.jpeg 1188w, https:\/\/bergers-schlagerparadies.de\/wp-content\/uploads\/2026\/03\/Janine-Frei-Das-ist-deine-Nacht-100x100.jpeg 100w, https:\/\/bergers-schlagerparadies.de\/wp-content\/uploads\/2026\/03\/Janine-Frei-Das-ist-deine-Nacht.jpeg 1200w\" sizes=\"auto, (max-width: 70px) 100vw, 70px\" \/>\u00a0 Janine Frei<\/span> &#8211; Das ist deine Nacht ( <span style=\"color: #800000;\">Lumina Records<\/span>\u00a0)<\/strong><\/li>\n<li><strong><span style=\"color: #800000;\"><img loading=\"lazy\" decoding=\"async\" class=\"alignnone wp-image-42534\" src=\"https:\/\/bergers-schlagerparadies.de\/wp-content\/uploads\/2026\/03\/Julia-Raich-Glitzer-und-Beton-300x300.jpeg\" alt=\"\" width=\"70\" height=\"70\" srcset=\"https:\/\/bergers-schlagerparadies.de\/wp-content\/uploads\/2026\/03\/Julia-Raich-Glitzer-und-Beton-300x300.jpeg 300w, https:\/\/bergers-schlagerparadies.de\/wp-content\/uploads\/2026\/03\/Julia-Raich-Glitzer-und-Beton-1024x1024.jpeg 1024w, https:\/\/bergers-schlagerparadies.de\/wp-content\/uploads\/2026\/03\/Julia-Raich-Glitzer-und-Beton-150x150.jpeg 150w, https:\/\/bergers-schlagerparadies.de\/wp-content\/uploads\/2026\/03\/Julia-Raich-Glitzer-und-Beton-768x768.jpeg 768w, https:\/\/bergers-schlagerparadies.de\/wp-content\/uploads\/2026\/03\/Julia-Raich-Glitzer-und-Beton-1536x1536.jpeg 1536w, https:\/\/bergers-schlagerparadies.de\/wp-content\/uploads\/2026\/03\/Julia-Raich-Glitzer-und-Beton-2048x2048.jpeg 2048w, https:\/\/bergers-schlagerparadies.de\/wp-content\/uploads\/2026\/03\/Julia-Raich-Glitzer-und-Beton-1200x1200.jpeg 1200w, https:\/\/bergers-schlagerparadies.de\/wp-content\/uploads\/2026\/03\/Julia-Raich-Glitzer-und-Beton-1188x1188.jpeg 1188w, https:\/\/bergers-schlagerparadies.de\/wp-content\/uploads\/2026\/03\/Julia-Raich-Glitzer-und-Beton-100x100.jpeg 100w\" sizes=\"auto, (max-width: 70px) 100vw, 70px\" \/>\u00a0 Julia Raich<\/span> &#8211; Glitzer und Beton ( <span style=\"color: #800000;\">hermann niesig<\/span>\u00a0)<\/strong><\/li>\n<li><strong><span style=\"color: #800000;\"><img loading=\"lazy\" decoding=\"async\" class=\"alignnone wp-image-42569\" src=\"https:\/\/bergers-schlagerparadies.de\/wp-content\/uploads\/2026\/03\/Juergen-Passiepen-Du-willst-ihn-vergessen-300x300.jpg\" alt=\"\" width=\"70\" height=\"70\" srcset=\"https:\/\/bergers-schlagerparadies.de\/wp-content\/uploads\/2026\/03\/Juergen-Passiepen-Du-willst-ihn-vergessen-300x300.jpg 300w, https:\/\/bergers-schlagerparadies.de\/wp-content\/uploads\/2026\/03\/Juergen-Passiepen-Du-willst-ihn-vergessen-1024x1024.jpg 1024w, https:\/\/bergers-schlagerparadies.de\/wp-content\/uploads\/2026\/03\/Juergen-Passiepen-Du-willst-ihn-vergessen-150x150.jpg 150w, https:\/\/bergers-schlagerparadies.de\/wp-content\/uploads\/2026\/03\/Juergen-Passiepen-Du-willst-ihn-vergessen-768x768.jpg 768w, https:\/\/bergers-schlagerparadies.de\/wp-content\/uploads\/2026\/03\/Juergen-Passiepen-Du-willst-ihn-vergessen-1536x1536.jpg 1536w, https:\/\/bergers-schlagerparadies.de\/wp-content\/uploads\/2026\/03\/Juergen-Passiepen-Du-willst-ihn-vergessen-2048x2048.jpg 2048w, https:\/\/bergers-schlagerparadies.de\/wp-content\/uploads\/2026\/03\/Juergen-Passiepen-Du-willst-ihn-vergessen-1200x1200.jpg 1200w, https:\/\/bergers-schlagerparadies.de\/wp-content\/uploads\/2026\/03\/Juergen-Passiepen-Du-willst-ihn-vergessen-1188x1188.jpg 1188w, https:\/\/bergers-schlagerparadies.de\/wp-content\/uploads\/2026\/03\/Juergen-Passiepen-Du-willst-ihn-vergessen-100x100.jpg 100w\" sizes=\"auto, (max-width: 70px) 100vw, 70px\" \/>\u00a0 J\u00fcrgen Passiepen<\/span> -Du willst ihn vergessen ( <span style=\"color: #800000;\">Fiesta Records<\/span> )<\/strong><\/li>\n<li><strong><img loading=\"lazy\" decoding=\"async\" class=\"alignnone wp-image-42418\" src=\"https:\/\/bergers-schlagerparadies.de\/wp-content\/uploads\/2026\/03\/Karina-Klueber-Boom-Boom-Boom-300x300.jpeg\" alt=\"\" width=\"70\" height=\"70\" srcset=\"https:\/\/bergers-schlagerparadies.de\/wp-content\/uploads\/2026\/03\/Karina-Klueber-Boom-Boom-Boom-300x300.jpeg 300w, https:\/\/bergers-schlagerparadies.de\/wp-content\/uploads\/2026\/03\/Karina-Klueber-Boom-Boom-Boom-1024x1024.jpeg 1024w, https:\/\/bergers-schlagerparadies.de\/wp-content\/uploads\/2026\/03\/Karina-Klueber-Boom-Boom-Boom-150x150.jpeg 150w, https:\/\/bergers-schlagerparadies.de\/wp-content\/uploads\/2026\/03\/Karina-Klueber-Boom-Boom-Boom-768x768.jpeg 768w, https:\/\/bergers-schlagerparadies.de\/wp-content\/uploads\/2026\/03\/Karina-Klueber-Boom-Boom-Boom-1536x1536.jpeg 1536w, https:\/\/bergers-schlagerparadies.de\/wp-content\/uploads\/2026\/03\/Karina-Klueber-Boom-Boom-Boom-2048x2048.jpeg 2048w, https:\/\/bergers-schlagerparadies.de\/wp-content\/uploads\/2026\/03\/Karina-Klueber-Boom-Boom-Boom-1200x1200.jpeg 1200w, https:\/\/bergers-schlagerparadies.de\/wp-content\/uploads\/2026\/03\/Karina-Klueber-Boom-Boom-Boom-1188x1188.jpeg 1188w, https:\/\/bergers-schlagerparadies.de\/wp-content\/uploads\/2026\/03\/Karina-Klueber-Boom-Boom-Boom-100x100.jpeg 100w\" sizes=\"auto, (max-width: 70px) 100vw, 70px\" \/>\u00a0 <span style=\"color: #800000;\">Karina Kl\u00fcber<\/span> &#8211; Boom Boom Boom ( <span style=\"color: #800000;\">Fiesta Records<\/span> )<\/strong><\/li>\n<li><strong><img loading=\"lazy\" decoding=\"async\" class=\"alignnone wp-image-42422\" src=\"https:\/\/bergers-schlagerparadies.de\/wp-content\/uploads\/2026\/03\/Manni-Britz-Es-wird-nie-eine-Antwort-geben-300x300.jpeg\" alt=\"\" width=\"70\" height=\"70\" srcset=\"https:\/\/bergers-schlagerparadies.de\/wp-content\/uploads\/2026\/03\/Manni-Britz-Es-wird-nie-eine-Antwort-geben-300x300.jpeg 300w, https:\/\/bergers-schlagerparadies.de\/wp-content\/uploads\/2026\/03\/Manni-Britz-Es-wird-nie-eine-Antwort-geben-1024x1024.jpeg 1024w, https:\/\/bergers-schlagerparadies.de\/wp-content\/uploads\/2026\/03\/Manni-Britz-Es-wird-nie-eine-Antwort-geben-150x150.jpeg 150w, https:\/\/bergers-schlagerparadies.de\/wp-content\/uploads\/2026\/03\/Manni-Britz-Es-wird-nie-eine-Antwort-geben-768x768.jpeg 768w, https:\/\/bergers-schlagerparadies.de\/wp-content\/uploads\/2026\/03\/Manni-Britz-Es-wird-nie-eine-Antwort-geben-1536x1536.jpeg 1536w, https:\/\/bergers-schlagerparadies.de\/wp-content\/uploads\/2026\/03\/Manni-Britz-Es-wird-nie-eine-Antwort-geben-2048x2048.jpeg 2048w, https:\/\/bergers-schlagerparadies.de\/wp-content\/uploads\/2026\/03\/Manni-Britz-Es-wird-nie-eine-Antwort-geben-1200x1200.jpeg 1200w, https:\/\/bergers-schlagerparadies.de\/wp-content\/uploads\/2026\/03\/Manni-Britz-Es-wird-nie-eine-Antwort-geben-1188x1188.jpeg 1188w, https:\/\/bergers-schlagerparadies.de\/wp-content\/uploads\/2026\/03\/Manni-Britz-Es-wird-nie-eine-Antwort-geben-100x100.jpeg 100w\" sizes=\"auto, (max-width: 70px) 100vw, 70px\" \/>\u00a0 <span style=\"color: #800000;\">Manni Britz<\/span> &#8211; Es wird nie eine Antwort geben ( <span style=\"color: #800000;\">Fiesta Records<\/span> )<\/strong><\/li>\n<li><strong><img loading=\"lazy\" decoding=\"async\" class=\"alignnone wp-image-42426\" src=\"https:\/\/bergers-schlagerparadies.de\/wp-content\/uploads\/2026\/03\/Marie-Vell-Die-Lieder-einer-Frau-300x300.jpeg\" alt=\"\" width=\"70\" height=\"70\" srcset=\"https:\/\/bergers-schlagerparadies.de\/wp-content\/uploads\/2026\/03\/Marie-Vell-Die-Lieder-einer-Frau-300x300.jpeg 300w, https:\/\/bergers-schlagerparadies.de\/wp-content\/uploads\/2026\/03\/Marie-Vell-Die-Lieder-einer-Frau-1024x1024.jpeg 1024w, https:\/\/bergers-schlagerparadies.de\/wp-content\/uploads\/2026\/03\/Marie-Vell-Die-Lieder-einer-Frau-150x150.jpeg 150w, https:\/\/bergers-schlagerparadies.de\/wp-content\/uploads\/2026\/03\/Marie-Vell-Die-Lieder-einer-Frau-768x768.jpeg 768w, https:\/\/bergers-schlagerparadies.de\/wp-content\/uploads\/2026\/03\/Marie-Vell-Die-Lieder-einer-Frau-1536x1536.jpeg 1536w, https:\/\/bergers-schlagerparadies.de\/wp-content\/uploads\/2026\/03\/Marie-Vell-Die-Lieder-einer-Frau-2048x2048.jpeg 2048w, https:\/\/bergers-schlagerparadies.de\/wp-content\/uploads\/2026\/03\/Marie-Vell-Die-Lieder-einer-Frau-1200x1200.jpeg 1200w, https:\/\/bergers-schlagerparadies.de\/wp-content\/uploads\/2026\/03\/Marie-Vell-Die-Lieder-einer-Frau-1188x1188.jpeg 1188w, https:\/\/bergers-schlagerparadies.de\/wp-content\/uploads\/2026\/03\/Marie-Vell-Die-Lieder-einer-Frau-100x100.jpeg 100w\" sizes=\"auto, (max-width: 70px) 100vw, 70px\" \/>\u00a0 Marie Vell &#8211; Die Lieder einer Frau ( <span style=\"color: #800000;\">Herz7<\/span>\u00a0)<\/strong><\/li>\n<li><strong><span style=\"color: #800000;\"><img loading=\"lazy\" decoding=\"async\" class=\"alignnone wp-image-42639\" src=\"https:\/\/bergers-schlagerparadies.de\/wp-content\/uploads\/2026\/03\/Marcel-de-Van-Anna-Jones-Dancing-like-Angels-Moonlight-Versions-300x300.jpg\" alt=\"\" width=\"70\" height=\"70\" srcset=\"https:\/\/bergers-schlagerparadies.de\/wp-content\/uploads\/2026\/03\/Marcel-de-Van-Anna-Jones-Dancing-like-Angels-Moonlight-Versions-300x300.jpg 300w, https:\/\/bergers-schlagerparadies.de\/wp-content\/uploads\/2026\/03\/Marcel-de-Van-Anna-Jones-Dancing-like-Angels-Moonlight-Versions-150x150.jpg 150w, https:\/\/bergers-schlagerparadies.de\/wp-content\/uploads\/2026\/03\/Marcel-de-Van-Anna-Jones-Dancing-like-Angels-Moonlight-Versions-768x768.jpg 768w, https:\/\/bergers-schlagerparadies.de\/wp-content\/uploads\/2026\/03\/Marcel-de-Van-Anna-Jones-Dancing-like-Angels-Moonlight-Versions-100x100.jpg 100w, https:\/\/bergers-schlagerparadies.de\/wp-content\/uploads\/2026\/03\/Marcel-de-Van-Anna-Jones-Dancing-like-Angels-Moonlight-Versions.jpg 800w\" sizes=\"auto, (max-width: 70px) 100vw, 70px\" \/>\u00a0 Marcel de Van<\/span> &amp; <span style=\"color: #800000;\">Anna Jones<\/span> &#8211; Dancing like Angels (Moonlight Versions) ( <span style=\"color: #800000;\"><span style=\"font-size: 12pt; font-family: georgia, palatino, serif;\">Foxdog Music<\/span><\/span>\u00a0)<\/strong><\/li>\n<li><strong><span style=\"color: #800000;\"><img loading=\"lazy\" decoding=\"async\" class=\"alignnone wp-image-42621\" src=\"https:\/\/bergers-schlagerparadies.de\/wp-content\/uploads\/2026\/03\/Marco-Du-bist-meine-Traumfrau-300x300.jpeg\" alt=\"\" width=\"70\" height=\"70\" srcset=\"https:\/\/bergers-schlagerparadies.de\/wp-content\/uploads\/2026\/03\/Marco-Du-bist-meine-Traumfrau-300x300.jpeg 300w, https:\/\/bergers-schlagerparadies.de\/wp-content\/uploads\/2026\/03\/Marco-Du-bist-meine-Traumfrau-1024x1024.jpeg 1024w, https:\/\/bergers-schlagerparadies.de\/wp-content\/uploads\/2026\/03\/Marco-Du-bist-meine-Traumfrau-150x150.jpeg 150w, https:\/\/bergers-schlagerparadies.de\/wp-content\/uploads\/2026\/03\/Marco-Du-bist-meine-Traumfrau-768x768.jpeg 768w, https:\/\/bergers-schlagerparadies.de\/wp-content\/uploads\/2026\/03\/Marco-Du-bist-meine-Traumfrau-1188x1188.jpeg 1188w, https:\/\/bergers-schlagerparadies.de\/wp-content\/uploads\/2026\/03\/Marco-Du-bist-meine-Traumfrau-100x100.jpeg 100w, https:\/\/bergers-schlagerparadies.de\/wp-content\/uploads\/2026\/03\/Marco-Du-bist-meine-Traumfrau.jpeg 1200w\" sizes=\"auto, (max-width: 70px) 100vw, 70px\" \/>\u00a0 Marco<\/span> &#8211; Du bist meine Traumfrau ( <span style=\"color: #800000;\">Poseidon records<\/span>\u00a0)<\/strong><\/li>\n<li><strong><span style=\"color: #800000;\"><img loading=\"lazy\" decoding=\"async\" class=\"alignnone wp-image-42511\" src=\"https:\/\/bergers-schlagerparadies.de\/wp-content\/uploads\/2026\/03\/Marleen-Chaoten-wie-wir-300x300.jpeg\" alt=\"\" width=\"70\" height=\"70\" srcset=\"https:\/\/bergers-schlagerparadies.de\/wp-content\/uploads\/2026\/03\/Marleen-Chaoten-wie-wir-300x300.jpeg 300w, https:\/\/bergers-schlagerparadies.de\/wp-content\/uploads\/2026\/03\/Marleen-Chaoten-wie-wir-1024x1024.jpeg 1024w, https:\/\/bergers-schlagerparadies.de\/wp-content\/uploads\/2026\/03\/Marleen-Chaoten-wie-wir-150x150.jpeg 150w, https:\/\/bergers-schlagerparadies.de\/wp-content\/uploads\/2026\/03\/Marleen-Chaoten-wie-wir-768x768.jpeg 768w, https:\/\/bergers-schlagerparadies.de\/wp-content\/uploads\/2026\/03\/Marleen-Chaoten-wie-wir-1536x1536.jpeg 1536w, https:\/\/bergers-schlagerparadies.de\/wp-content\/uploads\/2026\/03\/Marleen-Chaoten-wie-wir-2048x2048.jpeg 2048w, https:\/\/bergers-schlagerparadies.de\/wp-content\/uploads\/2026\/03\/Marleen-Chaoten-wie-wir-1200x1200.jpeg 1200w, https:\/\/bergers-schlagerparadies.de\/wp-content\/uploads\/2026\/03\/Marleen-Chaoten-wie-wir-1188x1188.jpeg 1188w, https:\/\/bergers-schlagerparadies.de\/wp-content\/uploads\/2026\/03\/Marleen-Chaoten-wie-wir-100x100.jpeg 100w\" sizes=\"auto, (max-width: 70px) 100vw, 70px\" \/>\u00a0 Marleen<\/span> &#8211; Chaoten wie wir ( <span style=\"color: #800000;\">YOYO<\/span>\u00a0)<\/strong><\/li>\n<li><strong><img loading=\"lazy\" decoding=\"async\" class=\"alignnone wp-image-42430\" src=\"https:\/\/bergers-schlagerparadies.de\/wp-content\/uploads\/2026\/03\/Nia-Lane-Spotlight-300x300.jpeg\" alt=\"\" width=\"70\" height=\"70\" srcset=\"https:\/\/bergers-schlagerparadies.de\/wp-content\/uploads\/2026\/03\/Nia-Lane-Spotlight-300x300.jpeg 300w, https:\/\/bergers-schlagerparadies.de\/wp-content\/uploads\/2026\/03\/Nia-Lane-Spotlight-1024x1024.jpeg 1024w, https:\/\/bergers-schlagerparadies.de\/wp-content\/uploads\/2026\/03\/Nia-Lane-Spotlight-150x150.jpeg 150w, https:\/\/bergers-schlagerparadies.de\/wp-content\/uploads\/2026\/03\/Nia-Lane-Spotlight-768x768.jpeg 768w, https:\/\/bergers-schlagerparadies.de\/wp-content\/uploads\/2026\/03\/Nia-Lane-Spotlight-1536x1536.jpeg 1536w, https:\/\/bergers-schlagerparadies.de\/wp-content\/uploads\/2026\/03\/Nia-Lane-Spotlight-2048x2048.jpeg 2048w, https:\/\/bergers-schlagerparadies.de\/wp-content\/uploads\/2026\/03\/Nia-Lane-Spotlight-1200x1200.jpeg 1200w, https:\/\/bergers-schlagerparadies.de\/wp-content\/uploads\/2026\/03\/Nia-Lane-Spotlight-1188x1188.jpeg 1188w, https:\/\/bergers-schlagerparadies.de\/wp-content\/uploads\/2026\/03\/Nia-Lane-Spotlight-100x100.jpeg 100w\" sizes=\"auto, (max-width: 70px) 100vw, 70px\" \/>\u00a0 <span style=\"color: #800000;\">Nia Lane<\/span> &#8211; Spotlight ( <span style=\"color: #800000;\">Fiesta Records<\/span> )<\/strong><\/li>\n<li><strong><span style=\"color: #800000;\"><img loading=\"lazy\" decoding=\"async\" class=\"alignnone wp-image-42624\" src=\"https:\/\/bergers-schlagerparadies.de\/wp-content\/uploads\/2026\/03\/Nicci-Schubert-Das-Leben-spielt-mit-mir-300x300.jpeg\" alt=\"\" width=\"70\" height=\"70\" srcset=\"https:\/\/bergers-schlagerparadies.de\/wp-content\/uploads\/2026\/03\/Nicci-Schubert-Das-Leben-spielt-mit-mir-300x300.jpeg 300w, https:\/\/bergers-schlagerparadies.de\/wp-content\/uploads\/2026\/03\/Nicci-Schubert-Das-Leben-spielt-mit-mir-1024x1024.jpeg 1024w, https:\/\/bergers-schlagerparadies.de\/wp-content\/uploads\/2026\/03\/Nicci-Schubert-Das-Leben-spielt-mit-mir-150x150.jpeg 150w, https:\/\/bergers-schlagerparadies.de\/wp-content\/uploads\/2026\/03\/Nicci-Schubert-Das-Leben-spielt-mit-mir-768x768.jpeg 768w, https:\/\/bergers-schlagerparadies.de\/wp-content\/uploads\/2026\/03\/Nicci-Schubert-Das-Leben-spielt-mit-mir-1536x1536.jpeg 1536w, https:\/\/bergers-schlagerparadies.de\/wp-content\/uploads\/2026\/03\/Nicci-Schubert-Das-Leben-spielt-mit-mir-1200x1200.jpeg 1200w, https:\/\/bergers-schlagerparadies.de\/wp-content\/uploads\/2026\/03\/Nicci-Schubert-Das-Leben-spielt-mit-mir-1188x1188.jpeg 1188w, https:\/\/bergers-schlagerparadies.de\/wp-content\/uploads\/2026\/03\/Nicci-Schubert-Das-Leben-spielt-mit-mir-100x100.jpeg 100w, https:\/\/bergers-schlagerparadies.de\/wp-content\/uploads\/2026\/03\/Nicci-Schubert-Das-Leben-spielt-mit-mir.jpeg 2000w\" sizes=\"auto, (max-width: 70px) 100vw, 70px\" \/>\u00a0 Nicci Schubert<\/span> &#8211; Das Leben spielt mit mir<span style=\"color: #800000;\"><span style=\"color: #000000;\"> (<span style=\"color: #800000;\"> foxdog music<\/span>\u00a0\u00a0)<\/span><\/span><\/strong><\/li>\n<li><strong><span style=\"color: #800000;\"><img loading=\"lazy\" decoding=\"async\" class=\"alignnone wp-image-42507\" src=\"https:\/\/bergers-schlagerparadies.de\/wp-content\/uploads\/2026\/03\/Olaf-Henning-Liebe-auf-Mallorca-300x300.jpeg\" alt=\"\" width=\"70\" height=\"88\" \/>\u00a0 Olaf Henning<\/span> &#8211; Liebe auf Mallorca<span style=\"color: #800000;\"><span style=\"color: #000000;\"> ( <span style=\"color: #800000;\">Hitmix Music\u00a0<\/span>\u00a0)<\/span><\/span><\/strong><\/li>\n<li><strong><span style=\"color: #800000;\"><img loading=\"lazy\" decoding=\"async\" class=\"alignnone wp-image-42634\" src=\"https:\/\/bergers-schlagerparadies.de\/wp-content\/uploads\/2026\/03\/Paolo-P.-Ich-blockier-Dich-300x300.jpg\" alt=\"\" width=\"70\" height=\"70\" srcset=\"https:\/\/bergers-schlagerparadies.de\/wp-content\/uploads\/2026\/03\/Paolo-P.-Ich-blockier-Dich-300x300.jpg 300w, https:\/\/bergers-schlagerparadies.de\/wp-content\/uploads\/2026\/03\/Paolo-P.-Ich-blockier-Dich-1024x1024.jpg 1024w, https:\/\/bergers-schlagerparadies.de\/wp-content\/uploads\/2026\/03\/Paolo-P.-Ich-blockier-Dich-150x150.jpg 150w, https:\/\/bergers-schlagerparadies.de\/wp-content\/uploads\/2026\/03\/Paolo-P.-Ich-blockier-Dich-768x768.jpg 768w, https:\/\/bergers-schlagerparadies.de\/wp-content\/uploads\/2026\/03\/Paolo-P.-Ich-blockier-Dich-1536x1536.jpg 1536w, https:\/\/bergers-schlagerparadies.de\/wp-content\/uploads\/2026\/03\/Paolo-P.-Ich-blockier-Dich-1200x1200.jpg 1200w, https:\/\/bergers-schlagerparadies.de\/wp-content\/uploads\/2026\/03\/Paolo-P.-Ich-blockier-Dich-1188x1188.jpg 1188w, https:\/\/bergers-schlagerparadies.de\/wp-content\/uploads\/2026\/03\/Paolo-P.-Ich-blockier-Dich-100x100.jpg 100w, https:\/\/bergers-schlagerparadies.de\/wp-content\/uploads\/2026\/03\/Paolo-P.-Ich-blockier-Dich.jpg 2048w\" sizes=\"auto, (max-width: 70px) 100vw, 70px\" \/>\u00a0 Paolo P.<\/span> &#8211; Ich blockier Dich<span style=\"color: #800000;\"><span style=\"color: #000000;\"> ( <span style=\"color: #800000;\">2Base Records\u00a0<\/span>\u00a0)<\/span><\/span><\/strong><\/li>\n<li><span style=\"color: #800000;\"><strong><img loading=\"lazy\" decoding=\"async\" class=\"alignnone wp-image-42497\" src=\"https:\/\/bergers-schlagerparadies.de\/wp-content\/uploads\/2026\/03\/Pascal-Vogt-Danke-300x300.jpg\" alt=\"\" width=\"70\" height=\"70\" srcset=\"https:\/\/bergers-schlagerparadies.de\/wp-content\/uploads\/2026\/03\/Pascal-Vogt-Danke-300x300.jpg 300w, https:\/\/bergers-schlagerparadies.de\/wp-content\/uploads\/2026\/03\/Pascal-Vogt-Danke-1024x1024.jpg 1024w, https:\/\/bergers-schlagerparadies.de\/wp-content\/uploads\/2026\/03\/Pascal-Vogt-Danke-150x150.jpg 150w, https:\/\/bergers-schlagerparadies.de\/wp-content\/uploads\/2026\/03\/Pascal-Vogt-Danke-768x768.jpg 768w, https:\/\/bergers-schlagerparadies.de\/wp-content\/uploads\/2026\/03\/Pascal-Vogt-Danke-1536x1536.jpg 1536w, https:\/\/bergers-schlagerparadies.de\/wp-content\/uploads\/2026\/03\/Pascal-Vogt-Danke-2048x2048.jpg 2048w, https:\/\/bergers-schlagerparadies.de\/wp-content\/uploads\/2026\/03\/Pascal-Vogt-Danke-1200x1200.jpg 1200w, https:\/\/bergers-schlagerparadies.de\/wp-content\/uploads\/2026\/03\/Pascal-Vogt-Danke-1188x1188.jpg 1188w, https:\/\/bergers-schlagerparadies.de\/wp-content\/uploads\/2026\/03\/Pascal-Vogt-Danke-100x100.jpg 100w\" sizes=\"auto, (max-width: 70px) 100vw, 70px\" \/>\u00a0 Pascal Vogt<span style=\"color: #000000;\"> &#8211; Danke ( <span style=\"color: #800000;\">Vogt Records\u00a0<\/span>\u00a0)<\/span><\/strong><\/span><\/li>\n<li><strong><img loading=\"lazy\" decoding=\"async\" class=\"alignnone wp-image-42434\" src=\"https:\/\/bergers-schlagerparadies.de\/wp-content\/uploads\/2026\/03\/Petra-Susann-Alles-wird-gut-300x300.jpeg\" alt=\"\" width=\"70\" height=\"70\" srcset=\"https:\/\/bergers-schlagerparadies.de\/wp-content\/uploads\/2026\/03\/Petra-Susann-Alles-wird-gut-300x300.jpeg 300w, https:\/\/bergers-schlagerparadies.de\/wp-content\/uploads\/2026\/03\/Petra-Susann-Alles-wird-gut-1024x1024.jpeg 1024w, https:\/\/bergers-schlagerparadies.de\/wp-content\/uploads\/2026\/03\/Petra-Susann-Alles-wird-gut-150x150.jpeg 150w, https:\/\/bergers-schlagerparadies.de\/wp-content\/uploads\/2026\/03\/Petra-Susann-Alles-wird-gut-768x768.jpeg 768w, https:\/\/bergers-schlagerparadies.de\/wp-content\/uploads\/2026\/03\/Petra-Susann-Alles-wird-gut-1536x1536.jpeg 1536w, https:\/\/bergers-schlagerparadies.de\/wp-content\/uploads\/2026\/03\/Petra-Susann-Alles-wird-gut-2048x2048.jpeg 2048w, https:\/\/bergers-schlagerparadies.de\/wp-content\/uploads\/2026\/03\/Petra-Susann-Alles-wird-gut-1200x1200.jpeg 1200w, https:\/\/bergers-schlagerparadies.de\/wp-content\/uploads\/2026\/03\/Petra-Susann-Alles-wird-gut-1188x1188.jpeg 1188w, https:\/\/bergers-schlagerparadies.de\/wp-content\/uploads\/2026\/03\/Petra-Susann-Alles-wird-gut-100x100.jpeg 100w\" sizes=\"auto, (max-width: 70px) 100vw, 70px\" \/>\u00a0 <span style=\"color: #800000;\">Petra Susann<\/span> &#8211; Alles wird gut ( <span style=\"color: #800000;\">Fiesta Records<\/span> )<\/strong><\/li>\n<li><strong><span style=\"color: #800000;\"><img loading=\"lazy\" decoding=\"async\" class=\"alignnone wp-image-42627\" src=\"https:\/\/bergers-schlagerparadies.de\/wp-content\/uploads\/2026\/03\/Pietro-Basile-Amore-Mio-Vino-e-Musica-300x300.jpeg\" alt=\"\" width=\"70\" height=\"70\" srcset=\"https:\/\/bergers-schlagerparadies.de\/wp-content\/uploads\/2026\/03\/Pietro-Basile-Amore-Mio-Vino-e-Musica-300x300.jpeg 300w, https:\/\/bergers-schlagerparadies.de\/wp-content\/uploads\/2026\/03\/Pietro-Basile-Amore-Mio-Vino-e-Musica-1024x1024.jpeg 1024w, https:\/\/bergers-schlagerparadies.de\/wp-content\/uploads\/2026\/03\/Pietro-Basile-Amore-Mio-Vino-e-Musica-150x150.jpeg 150w, https:\/\/bergers-schlagerparadies.de\/wp-content\/uploads\/2026\/03\/Pietro-Basile-Amore-Mio-Vino-e-Musica-768x768.jpeg 768w, https:\/\/bergers-schlagerparadies.de\/wp-content\/uploads\/2026\/03\/Pietro-Basile-Amore-Mio-Vino-e-Musica-1188x1188.jpeg 1188w, https:\/\/bergers-schlagerparadies.de\/wp-content\/uploads\/2026\/03\/Pietro-Basile-Amore-Mio-Vino-e-Musica-100x100.jpeg 100w, https:\/\/bergers-schlagerparadies.de\/wp-content\/uploads\/2026\/03\/Pietro-Basile-Amore-Mio-Vino-e-Musica.jpeg 1200w\" sizes=\"auto, (max-width: 70px) 100vw, 70px\" \/>\u00a0 Pietro Basile<\/span> &#8211; Amore Mio (Vino e Musica)<\/strong><\/li>\n<li><strong><span style=\"color: #800000;\"><img loading=\"lazy\" decoding=\"async\" class=\"alignnone wp-image-42485\" src=\"https:\/\/bergers-schlagerparadies.de\/wp-content\/uploads\/2026\/03\/Ramona-Martiness-Erzaehl-mir-schoene-Luegen-300x300.jpeg\" alt=\"\" width=\"70\" height=\"70\" srcset=\"https:\/\/bergers-schlagerparadies.de\/wp-content\/uploads\/2026\/03\/Ramona-Martiness-Erzaehl-mir-schoene-Luegen-300x300.jpeg 300w, https:\/\/bergers-schlagerparadies.de\/wp-content\/uploads\/2026\/03\/Ramona-Martiness-Erzaehl-mir-schoene-Luegen-1024x1024.jpeg 1024w, https:\/\/bergers-schlagerparadies.de\/wp-content\/uploads\/2026\/03\/Ramona-Martiness-Erzaehl-mir-schoene-Luegen-150x150.jpeg 150w, https:\/\/bergers-schlagerparadies.de\/wp-content\/uploads\/2026\/03\/Ramona-Martiness-Erzaehl-mir-schoene-Luegen-768x768.jpeg 768w, https:\/\/bergers-schlagerparadies.de\/wp-content\/uploads\/2026\/03\/Ramona-Martiness-Erzaehl-mir-schoene-Luegen-1200x1200.jpeg 1200w, https:\/\/bergers-schlagerparadies.de\/wp-content\/uploads\/2026\/03\/Ramona-Martiness-Erzaehl-mir-schoene-Luegen-1188x1188.jpeg 1188w, https:\/\/bergers-schlagerparadies.de\/wp-content\/uploads\/2026\/03\/Ramona-Martiness-Erzaehl-mir-schoene-Luegen-100x100.jpeg 100w, https:\/\/bergers-schlagerparadies.de\/wp-content\/uploads\/2026\/03\/Ramona-Martiness-Erzaehl-mir-schoene-Luegen.jpeg 1417w\" sizes=\"auto, (max-width: 70px) 100vw, 70px\" \/>\u00a0 Ramona Martiness<\/span> &#8211; Erz\u00e4hl mir sch\u00f6ne L\u00fcgen ( <span style=\"color: #800000;\">PH\u00c4NOMENAL<\/span> )<\/strong><\/li>\n<li><strong><img loading=\"lazy\" decoding=\"async\" class=\"alignnone wp-image-42438\" src=\"https:\/\/bergers-schlagerparadies.de\/wp-content\/uploads\/2026\/03\/Rhinestones-feat.-Mike-Das-Gute-Laune-Radio-300x300.jpeg\" alt=\"\" width=\"70\" height=\"70\" srcset=\"https:\/\/bergers-schlagerparadies.de\/wp-content\/uploads\/2026\/03\/Rhinestones-feat.-Mike-Das-Gute-Laune-Radio-300x300.jpeg 300w, https:\/\/bergers-schlagerparadies.de\/wp-content\/uploads\/2026\/03\/Rhinestones-feat.-Mike-Das-Gute-Laune-Radio-1024x1024.jpeg 1024w, https:\/\/bergers-schlagerparadies.de\/wp-content\/uploads\/2026\/03\/Rhinestones-feat.-Mike-Das-Gute-Laune-Radio-150x150.jpeg 150w, https:\/\/bergers-schlagerparadies.de\/wp-content\/uploads\/2026\/03\/Rhinestones-feat.-Mike-Das-Gute-Laune-Radio-768x768.jpeg 768w, https:\/\/bergers-schlagerparadies.de\/wp-content\/uploads\/2026\/03\/Rhinestones-feat.-Mike-Das-Gute-Laune-Radio-1536x1536.jpeg 1536w, https:\/\/bergers-schlagerparadies.de\/wp-content\/uploads\/2026\/03\/Rhinestones-feat.-Mike-Das-Gute-Laune-Radio-2048x2048.jpeg 2048w, https:\/\/bergers-schlagerparadies.de\/wp-content\/uploads\/2026\/03\/Rhinestones-feat.-Mike-Das-Gute-Laune-Radio-1200x1200.jpeg 1200w, https:\/\/bergers-schlagerparadies.de\/wp-content\/uploads\/2026\/03\/Rhinestones-feat.-Mike-Das-Gute-Laune-Radio-1188x1188.jpeg 1188w, https:\/\/bergers-schlagerparadies.de\/wp-content\/uploads\/2026\/03\/Rhinestones-feat.-Mike-Das-Gute-Laune-Radio-100x100.jpeg 100w\" sizes=\"auto, (max-width: 70px) 100vw, 70px\" \/>\u00a0 <span style=\"color: #800000;\">Rhinestones<\/span> feat. <span style=\"color: #800000;\">Mike<\/span> &#8211; Das Gute-Laune-Radio ( <span style=\"color: #800000;\">Fiesta Records<\/span> )<\/strong><\/li>\n<li><strong><img loading=\"lazy\" decoding=\"async\" class=\"alignnone wp-image-42489\" src=\"https:\/\/bergers-schlagerparadies.de\/wp-content\/uploads\/2026\/03\/Robin-Leon-Mona-Lisa-300x300.jpeg\" alt=\"\" width=\"70\" height=\"70\" srcset=\"https:\/\/bergers-schlagerparadies.de\/wp-content\/uploads\/2026\/03\/Robin-Leon-Mona-Lisa-300x300.jpeg 300w, https:\/\/bergers-schlagerparadies.de\/wp-content\/uploads\/2026\/03\/Robin-Leon-Mona-Lisa-1024x1024.jpeg 1024w, https:\/\/bergers-schlagerparadies.de\/wp-content\/uploads\/2026\/03\/Robin-Leon-Mona-Lisa-150x150.jpeg 150w, https:\/\/bergers-schlagerparadies.de\/wp-content\/uploads\/2026\/03\/Robin-Leon-Mona-Lisa-768x768.jpeg 768w, https:\/\/bergers-schlagerparadies.de\/wp-content\/uploads\/2026\/03\/Robin-Leon-Mona-Lisa-1200x1200.jpeg 1200w, https:\/\/bergers-schlagerparadies.de\/wp-content\/uploads\/2026\/03\/Robin-Leon-Mona-Lisa-1188x1188.jpeg 1188w, https:\/\/bergers-schlagerparadies.de\/wp-content\/uploads\/2026\/03\/Robin-Leon-Mona-Lisa-100x100.jpeg 100w, https:\/\/bergers-schlagerparadies.de\/wp-content\/uploads\/2026\/03\/Robin-Leon-Mona-Lisa.jpeg 1400w\" sizes=\"auto, (max-width: 70px) 100vw, 70px\" \/>\u00a0 <span style=\"color: #800000;\">Robin Leon<\/span> &#8211; Mona Lisa ( <span style=\"color: #800000;\">Telamo<\/span> )<\/strong><\/li>\n<li><strong><img loading=\"lazy\" decoding=\"async\" class=\"alignnone wp-image-42442\" src=\"https:\/\/bergers-schlagerparadies.de\/wp-content\/uploads\/2026\/03\/Rosanna-Rocci-Ich-fuehl-Dich-300x300.jpeg\" alt=\"\" width=\"70\" height=\"70\" srcset=\"https:\/\/bergers-schlagerparadies.de\/wp-content\/uploads\/2026\/03\/Rosanna-Rocci-Ich-fuehl-Dich-300x300.jpeg 300w, https:\/\/bergers-schlagerparadies.de\/wp-content\/uploads\/2026\/03\/Rosanna-Rocci-Ich-fuehl-Dich-1024x1024.jpeg 1024w, https:\/\/bergers-schlagerparadies.de\/wp-content\/uploads\/2026\/03\/Rosanna-Rocci-Ich-fuehl-Dich-150x150.jpeg 150w, https:\/\/bergers-schlagerparadies.de\/wp-content\/uploads\/2026\/03\/Rosanna-Rocci-Ich-fuehl-Dich-768x768.jpeg 768w, https:\/\/bergers-schlagerparadies.de\/wp-content\/uploads\/2026\/03\/Rosanna-Rocci-Ich-fuehl-Dich-1536x1536.jpeg 1536w, https:\/\/bergers-schlagerparadies.de\/wp-content\/uploads\/2026\/03\/Rosanna-Rocci-Ich-fuehl-Dich-2048x2048.jpeg 2048w, https:\/\/bergers-schlagerparadies.de\/wp-content\/uploads\/2026\/03\/Rosanna-Rocci-Ich-fuehl-Dich-1200x1200.jpeg 1200w, https:\/\/bergers-schlagerparadies.de\/wp-content\/uploads\/2026\/03\/Rosanna-Rocci-Ich-fuehl-Dich-1188x1188.jpeg 1188w, https:\/\/bergers-schlagerparadies.de\/wp-content\/uploads\/2026\/03\/Rosanna-Rocci-Ich-fuehl-Dich-100x100.jpeg 100w\" sizes=\"auto, (max-width: 70px) 100vw, 70px\" \/>\u00a0 <span style=\"color: #800000;\">Rosanna Rocci<\/span> &#8211; Ich f\u00fchl Dich ( <span style=\"color: #800000;\">Fiesta Records<\/span> )<\/strong><\/li>\n<li><strong><span style=\"color: #800000;\"><img loading=\"lazy\" decoding=\"async\" class=\"alignnone wp-image-42291\" src=\"https:\/\/bergers-schlagerparadies.de\/wp-content\/uploads\/2026\/03\/Silienne-Blaikz-Erwachsen-sein-300x300.jpeg\" alt=\"\" width=\"70\" height=\"70\" srcset=\"https:\/\/bergers-schlagerparadies.de\/wp-content\/uploads\/2026\/03\/Silienne-Blaikz-Erwachsen-sein-300x300.jpeg 300w, https:\/\/bergers-schlagerparadies.de\/wp-content\/uploads\/2026\/03\/Silienne-Blaikz-Erwachsen-sein-1024x1024.jpeg 1024w, https:\/\/bergers-schlagerparadies.de\/wp-content\/uploads\/2026\/03\/Silienne-Blaikz-Erwachsen-sein-150x150.jpeg 150w, https:\/\/bergers-schlagerparadies.de\/wp-content\/uploads\/2026\/03\/Silienne-Blaikz-Erwachsen-sein-768x768.jpeg 768w, https:\/\/bergers-schlagerparadies.de\/wp-content\/uploads\/2026\/03\/Silienne-Blaikz-Erwachsen-sein-1536x1536.jpeg 1536w, https:\/\/bergers-schlagerparadies.de\/wp-content\/uploads\/2026\/03\/Silienne-Blaikz-Erwachsen-sein-2048x2048.jpeg 2048w, https:\/\/bergers-schlagerparadies.de\/wp-content\/uploads\/2026\/03\/Silienne-Blaikz-Erwachsen-sein-1200x1200.jpeg 1200w, https:\/\/bergers-schlagerparadies.de\/wp-content\/uploads\/2026\/03\/Silienne-Blaikz-Erwachsen-sein-1188x1188.jpeg 1188w, https:\/\/bergers-schlagerparadies.de\/wp-content\/uploads\/2026\/03\/Silienne-Blaikz-Erwachsen-sein-100x100.jpeg 100w\" sizes=\"auto, (max-width: 70px) 100vw, 70px\" \/>\u00a0 Silienne<\/span> &amp; <span style=\"color: #800000;\">Blaikz<\/span> &#8211; Erwachsen sein ( <span style=\"color: #800000;\">Viventas Music<\/span>\u00a0)<\/strong><\/li>\n<li><strong><span style=\"color: #800000;\"><img loading=\"lazy\" decoding=\"async\" class=\"alignnone wp-image-42560\" src=\"https:\/\/bergers-schlagerparadies.de\/wp-content\/uploads\/2026\/03\/STEFF-Nachts-in-den-Strassen-300x300.jpg\" alt=\"\" width=\"70\" height=\"70\" srcset=\"https:\/\/bergers-schlagerparadies.de\/wp-content\/uploads\/2026\/03\/STEFF-Nachts-in-den-Strassen-300x300.jpg 300w, https:\/\/bergers-schlagerparadies.de\/wp-content\/uploads\/2026\/03\/STEFF-Nachts-in-den-Strassen-1024x1024.jpg 1024w, https:\/\/bergers-schlagerparadies.de\/wp-content\/uploads\/2026\/03\/STEFF-Nachts-in-den-Strassen-150x150.jpg 150w, https:\/\/bergers-schlagerparadies.de\/wp-content\/uploads\/2026\/03\/STEFF-Nachts-in-den-Strassen-768x768.jpg 768w, https:\/\/bergers-schlagerparadies.de\/wp-content\/uploads\/2026\/03\/STEFF-Nachts-in-den-Strassen-1536x1536.jpg 1536w, https:\/\/bergers-schlagerparadies.de\/wp-content\/uploads\/2026\/03\/STEFF-Nachts-in-den-Strassen-2048x2048.jpg 2048w, https:\/\/bergers-schlagerparadies.de\/wp-content\/uploads\/2026\/03\/STEFF-Nachts-in-den-Strassen-1200x1200.jpg 1200w, https:\/\/bergers-schlagerparadies.de\/wp-content\/uploads\/2026\/03\/STEFF-Nachts-in-den-Strassen-1188x1188.jpg 1188w, https:\/\/bergers-schlagerparadies.de\/wp-content\/uploads\/2026\/03\/STEFF-Nachts-in-den-Strassen-100x100.jpg 100w\" sizes=\"auto, (max-width: 70px) 100vw, 70px\" \/>\u00a0 STEFF<\/span> &#8211; Nachts in den Stra\u00dfen ( <span style=\"color: #800000;\">Fiesta Records<\/span> )<\/strong><\/li>\n<li><strong><img loading=\"lazy\" decoding=\"async\" class=\"alignnone wp-image-42493\" src=\"https:\/\/bergers-schlagerparadies.de\/wp-content\/uploads\/2026\/03\/Tim-Fabian-Wer-wenn-nicht-wir-300x300.jpeg\" alt=\"\" width=\"70\" height=\"70\" srcset=\"https:\/\/bergers-schlagerparadies.de\/wp-content\/uploads\/2026\/03\/Tim-Fabian-Wer-wenn-nicht-wir-300x300.jpeg 300w, https:\/\/bergers-schlagerparadies.de\/wp-content\/uploads\/2026\/03\/Tim-Fabian-Wer-wenn-nicht-wir-1024x1024.jpeg 1024w, https:\/\/bergers-schlagerparadies.de\/wp-content\/uploads\/2026\/03\/Tim-Fabian-Wer-wenn-nicht-wir-150x150.jpeg 150w, https:\/\/bergers-schlagerparadies.de\/wp-content\/uploads\/2026\/03\/Tim-Fabian-Wer-wenn-nicht-wir-768x768.jpeg 768w, https:\/\/bergers-schlagerparadies.de\/wp-content\/uploads\/2026\/03\/Tim-Fabian-Wer-wenn-nicht-wir-1536x1536.jpeg 1536w, https:\/\/bergers-schlagerparadies.de\/wp-content\/uploads\/2026\/03\/Tim-Fabian-Wer-wenn-nicht-wir-2048x2048.jpeg 2048w, https:\/\/bergers-schlagerparadies.de\/wp-content\/uploads\/2026\/03\/Tim-Fabian-Wer-wenn-nicht-wir-1200x1200.jpeg 1200w, https:\/\/bergers-schlagerparadies.de\/wp-content\/uploads\/2026\/03\/Tim-Fabian-Wer-wenn-nicht-wir-1188x1188.jpeg 1188w, https:\/\/bergers-schlagerparadies.de\/wp-content\/uploads\/2026\/03\/Tim-Fabian-Wer-wenn-nicht-wir-100x100.jpeg 100w\" sizes=\"auto, (max-width: 70px) 100vw, 70px\" \/>\u00a0 Tim Fabian &#8211; Wer, wenn nicht wir ( <span style=\"color: #800000;\">1982 Music Entertainment<\/span>\u00a0)<\/strong><\/li>\n<li><strong><span style=\"color: #800000;\"><img loading=\"lazy\" decoding=\"async\" class=\"alignnone wp-image-42630\" src=\"https:\/\/bergers-schlagerparadies.de\/wp-content\/uploads\/2026\/03\/Tom-Enzy-Pull-Me-Away-300x300.jpeg\" alt=\"\" width=\"70\" height=\"70\" srcset=\"https:\/\/bergers-schlagerparadies.de\/wp-content\/uploads\/2026\/03\/Tom-Enzy-Pull-Me-Away-300x300.jpeg 300w, https:\/\/bergers-schlagerparadies.de\/wp-content\/uploads\/2026\/03\/Tom-Enzy-Pull-Me-Away-1024x1024.jpeg 1024w, https:\/\/bergers-schlagerparadies.de\/wp-content\/uploads\/2026\/03\/Tom-Enzy-Pull-Me-Away-150x150.jpeg 150w, https:\/\/bergers-schlagerparadies.de\/wp-content\/uploads\/2026\/03\/Tom-Enzy-Pull-Me-Away-768x768.jpeg 768w, https:\/\/bergers-schlagerparadies.de\/wp-content\/uploads\/2026\/03\/Tom-Enzy-Pull-Me-Away-1188x1188.jpeg 1188w, https:\/\/bergers-schlagerparadies.de\/wp-content\/uploads\/2026\/03\/Tom-Enzy-Pull-Me-Away-100x100.jpeg 100w, https:\/\/bergers-schlagerparadies.de\/wp-content\/uploads\/2026\/03\/Tom-Enzy-Pull-Me-Away.jpeg 1200w\" sizes=\"auto, (max-width: 70px) 100vw, 70px\" \/>\u00a0 Tom Enzy<\/span> &#8211; Pull Me Away ( <span style=\"color: #800000;\">Warner Music International<\/span>\u00a0)<\/strong><\/li>\n<li><strong><span style=\"color: #800000;\"><img loading=\"lazy\" decoding=\"async\" class=\"alignnone wp-image-42643\" src=\"https:\/\/bergers-schlagerparadies.de\/wp-content\/uploads\/2026\/03\/Torsten-Matschke-Das-hoechste-der-Gefuehle-300x300.jpg\" alt=\"\" width=\"70\" height=\"70\" srcset=\"https:\/\/bergers-schlagerparadies.de\/wp-content\/uploads\/2026\/03\/Torsten-Matschke-Das-hoechste-der-Gefuehle-300x300.jpg 300w, https:\/\/bergers-schlagerparadies.de\/wp-content\/uploads\/2026\/03\/Torsten-Matschke-Das-hoechste-der-Gefuehle-1024x1024.jpg 1024w, https:\/\/bergers-schlagerparadies.de\/wp-content\/uploads\/2026\/03\/Torsten-Matschke-Das-hoechste-der-Gefuehle-150x150.jpg 150w, https:\/\/bergers-schlagerparadies.de\/wp-content\/uploads\/2026\/03\/Torsten-Matschke-Das-hoechste-der-Gefuehle-768x768.jpg 768w, https:\/\/bergers-schlagerparadies.de\/wp-content\/uploads\/2026\/03\/Torsten-Matschke-Das-hoechste-der-Gefuehle-1536x1536.jpg 1536w, https:\/\/bergers-schlagerparadies.de\/wp-content\/uploads\/2026\/03\/Torsten-Matschke-Das-hoechste-der-Gefuehle-2048x2048.jpg 2048w, https:\/\/bergers-schlagerparadies.de\/wp-content\/uploads\/2026\/03\/Torsten-Matschke-Das-hoechste-der-Gefuehle-1200x1200.jpg 1200w, https:\/\/bergers-schlagerparadies.de\/wp-content\/uploads\/2026\/03\/Torsten-Matschke-Das-hoechste-der-Gefuehle-1188x1188.jpg 1188w, https:\/\/bergers-schlagerparadies.de\/wp-content\/uploads\/2026\/03\/Torsten-Matschke-Das-hoechste-der-Gefuehle-100x100.jpg 100w\" sizes=\"auto, (max-width: 70px) 100vw, 70px\" \/>\u00a0 Torsten Matschke<\/span> &#8211; Das h\u00f6chste der Gef\u00fchle ( <span style=\"color: #800000;\">Fiesta Records<\/span> )<\/strong><\/li>\n<li><strong><img loading=\"lazy\" decoding=\"async\" class=\"alignnone wp-image-42550\" src=\"https:\/\/bergers-schlagerparadies.de\/wp-content\/uploads\/2026\/03\/ZENO-Melanie-300x300.jpg\" alt=\"\" width=\"70\" height=\"70\" srcset=\"https:\/\/bergers-schlagerparadies.de\/wp-content\/uploads\/2026\/03\/ZENO-Melanie-300x300.jpg 300w, https:\/\/bergers-schlagerparadies.de\/wp-content\/uploads\/2026\/03\/ZENO-Melanie-1024x1024.jpg 1024w, https:\/\/bergers-schlagerparadies.de\/wp-content\/uploads\/2026\/03\/ZENO-Melanie-150x150.jpg 150w, https:\/\/bergers-schlagerparadies.de\/wp-content\/uploads\/2026\/03\/ZENO-Melanie-768x768.jpg 768w, https:\/\/bergers-schlagerparadies.de\/wp-content\/uploads\/2026\/03\/ZENO-Melanie-1188x1188.jpg 1188w, https:\/\/bergers-schlagerparadies.de\/wp-content\/uploads\/2026\/03\/ZENO-Melanie-100x100.jpg 100w, https:\/\/bergers-schlagerparadies.de\/wp-content\/uploads\/2026\/03\/ZENO-Melanie.jpg 1200w\" sizes=\"auto, (max-width: 70px) 100vw, 70px\" \/>\u00a0 <span style=\"color: #800000;\">ZENO<\/span> &#8211; Melanie<\/strong><\/li>\n<\/ul>\n<p><span style=\"font-size: 12pt;\"><strong><em><span style=\"color: #666699;\">Neuvorstellungen<\/span><\/em><em><span style=\"color: #666699;\"> in dieser Woche: mit V\u00d6: <\/span><span style=\"color: #666699;\"><span style=\"color: #800000;\">20<\/span><\/span><span style=\"color: #666699;\"><span style=\"color: #993366; font-size: 14pt;\">. M\u00e4rz 2026 <\/span>&#8211; 12<\/span><span style=\"color: #808080;\">KW<\/span><\/em><\/strong><\/span><\/p>\n<ul>\n<li><strong><span style=\"color: #800000;\"><img loading=\"lazy\" decoding=\"async\" class=\"alignnone wp-image-42446\" src=\"https:\/\/bergers-schlagerparadies.de\/wp-content\/uploads\/2026\/03\/Die-Flippers-Wenn-es-Fruehling-wird-in-Amsterdam-Album-300x300.jpeg\" alt=\"\" width=\"70\" height=\"70\" srcset=\"https:\/\/bergers-schlagerparadies.de\/wp-content\/uploads\/2026\/03\/Die-Flippers-Wenn-es-Fruehling-wird-in-Amsterdam-Album-300x300.jpeg 300w, https:\/\/bergers-schlagerparadies.de\/wp-content\/uploads\/2026\/03\/Die-Flippers-Wenn-es-Fruehling-wird-in-Amsterdam-Album-1024x1024.jpeg 1024w, https:\/\/bergers-schlagerparadies.de\/wp-content\/uploads\/2026\/03\/Die-Flippers-Wenn-es-Fruehling-wird-in-Amsterdam-Album-150x150.jpeg 150w, https:\/\/bergers-schlagerparadies.de\/wp-content\/uploads\/2026\/03\/Die-Flippers-Wenn-es-Fruehling-wird-in-Amsterdam-Album-768x768.jpeg 768w, https:\/\/bergers-schlagerparadies.de\/wp-content\/uploads\/2026\/03\/Die-Flippers-Wenn-es-Fruehling-wird-in-Amsterdam-Album-1188x1188.jpeg 1188w, https:\/\/bergers-schlagerparadies.de\/wp-content\/uploads\/2026\/03\/Die-Flippers-Wenn-es-Fruehling-wird-in-Amsterdam-Album-100x100.jpeg 100w, https:\/\/bergers-schlagerparadies.de\/wp-content\/uploads\/2026\/03\/Die-Flippers-Wenn-es-Fruehling-wird-in-Amsterdam-Album.jpeg 1200w\" sizes=\"auto, (max-width: 70px) 100vw, 70px\" \/>\u00a0 Die Flippers<\/span> &#8211; Wenn es Fr\u00fchling wird in Amsterdam (<span style=\"color: #800000;\">Album<\/span>)<\/strong><\/li>\n<li><strong><img loading=\"lazy\" decoding=\"async\" class=\"alignnone wp-image-42037\" src=\"https:\/\/bergers-schlagerparadies.de\/wp-content\/uploads\/2026\/03\/Marko-Abend-Einzelkaempfer-300x300.jpg\" alt=\"\" width=\"70\" height=\"70\" srcset=\"https:\/\/bergers-schlagerparadies.de\/wp-content\/uploads\/2026\/03\/Marko-Abend-Einzelkaempfer-300x300.jpg 300w, https:\/\/bergers-schlagerparadies.de\/wp-content\/uploads\/2026\/03\/Marko-Abend-Einzelkaempfer-1024x1024.jpg 1024w, https:\/\/bergers-schlagerparadies.de\/wp-content\/uploads\/2026\/03\/Marko-Abend-Einzelkaempfer-150x150.jpg 150w, https:\/\/bergers-schlagerparadies.de\/wp-content\/uploads\/2026\/03\/Marko-Abend-Einzelkaempfer-768x768.jpg 768w, https:\/\/bergers-schlagerparadies.de\/wp-content\/uploads\/2026\/03\/Marko-Abend-Einzelkaempfer-1536x1536.jpg 1536w, https:\/\/bergers-schlagerparadies.de\/wp-content\/uploads\/2026\/03\/Marko-Abend-Einzelkaempfer-1200x1200.jpg 1200w, https:\/\/bergers-schlagerparadies.de\/wp-content\/uploads\/2026\/03\/Marko-Abend-Einzelkaempfer-1188x1188.jpg 1188w, https:\/\/bergers-schlagerparadies.de\/wp-content\/uploads\/2026\/03\/Marko-Abend-Einzelkaempfer-100x100.jpg 100w, https:\/\/bergers-schlagerparadies.de\/wp-content\/uploads\/2026\/03\/Marko-Abend-Einzelkaempfer.jpg 1600w\" sizes=\"auto, (max-width: 70px) 100vw, 70px\" \/>\u00a0 Marko Abend &#8211; Einzelk\u00e4mpfer (Album) ( <span style=\"color: #800000;\">ONE4YOU RECORDS<\/span> )<\/strong><\/li>\n<li><strong><span style=\"color: #800000;\"><img loading=\"lazy\" decoding=\"async\" class=\"alignnone wp-image-42345\" src=\"https:\/\/bergers-schlagerparadies.de\/wp-content\/uploads\/2026\/03\/Monsano-Miracolo-Jetzt-oder-nie-Album-300x300.jpg\" alt=\"\" width=\"70\" height=\"70\" srcset=\"https:\/\/bergers-schlagerparadies.de\/wp-content\/uploads\/2026\/03\/Monsano-Miracolo-Jetzt-oder-nie-Album-300x300.jpg 300w, https:\/\/bergers-schlagerparadies.de\/wp-content\/uploads\/2026\/03\/Monsano-Miracolo-Jetzt-oder-nie-Album-1024x1024.jpg 1024w, https:\/\/bergers-schlagerparadies.de\/wp-content\/uploads\/2026\/03\/Monsano-Miracolo-Jetzt-oder-nie-Album-150x150.jpg 150w, https:\/\/bergers-schlagerparadies.de\/wp-content\/uploads\/2026\/03\/Monsano-Miracolo-Jetzt-oder-nie-Album-768x768.jpg 768w, https:\/\/bergers-schlagerparadies.de\/wp-content\/uploads\/2026\/03\/Monsano-Miracolo-Jetzt-oder-nie-Album-1536x1536.jpg 1536w, https:\/\/bergers-schlagerparadies.de\/wp-content\/uploads\/2026\/03\/Monsano-Miracolo-Jetzt-oder-nie-Album-2048x2048.jpg 2048w, https:\/\/bergers-schlagerparadies.de\/wp-content\/uploads\/2026\/03\/Monsano-Miracolo-Jetzt-oder-nie-Album-1200x1200.jpg 1200w, https:\/\/bergers-schlagerparadies.de\/wp-content\/uploads\/2026\/03\/Monsano-Miracolo-Jetzt-oder-nie-Album-1188x1188.jpg 1188w, https:\/\/bergers-schlagerparadies.de\/wp-content\/uploads\/2026\/03\/Monsano-Miracolo-Jetzt-oder-nie-Album-100x100.jpg 100w\" sizes=\"auto, (max-width: 70px) 100vw, 70px\" \/>\u00a0 Monsano Miracolo<\/span> &#8211; Jetzt oder nie! (<span style=\"color: #800000;\">Album<\/span>)<\/strong><\/li>\n<li><span style=\"color: #800000;\"><strong>&#8212;&#8212;&#8212;&#8212;&#8212;&#8212;&#8212;&#8212;&#8212;&#8212;&#8212;&#8212;&#8212;&#8212;&#8212;&#8212;&#8212;&#8212;&#8212;&#8212;&#8212;&#8212;&#8212;&#8212;&#8212;&#8212;&#8212;&#8212;&#8212;&#8212;&#8212;&#8212;&#8212;<\/strong><\/span><\/li>\n<li><strong><img loading=\"lazy\" decoding=\"async\" class=\"alignnone wp-image-42203\" src=\"https:\/\/bergers-schlagerparadies.de\/wp-content\/uploads\/2026\/03\/ADIAMA-Sag-mir-wie-300x300.jpeg\" alt=\"\" width=\"70\" height=\"70\" srcset=\"https:\/\/bergers-schlagerparadies.de\/wp-content\/uploads\/2026\/03\/ADIAMA-Sag-mir-wie-300x300.jpeg 300w, https:\/\/bergers-schlagerparadies.de\/wp-content\/uploads\/2026\/03\/ADIAMA-Sag-mir-wie-1024x1024.jpeg 1024w, https:\/\/bergers-schlagerparadies.de\/wp-content\/uploads\/2026\/03\/ADIAMA-Sag-mir-wie-150x150.jpeg 150w, https:\/\/bergers-schlagerparadies.de\/wp-content\/uploads\/2026\/03\/ADIAMA-Sag-mir-wie-768x768.jpeg 768w, https:\/\/bergers-schlagerparadies.de\/wp-content\/uploads\/2026\/03\/ADIAMA-Sag-mir-wie-1536x1536.jpeg 1536w, https:\/\/bergers-schlagerparadies.de\/wp-content\/uploads\/2026\/03\/ADIAMA-Sag-mir-wie-2048x2048.jpeg 2048w, https:\/\/bergers-schlagerparadies.de\/wp-content\/uploads\/2026\/03\/ADIAMA-Sag-mir-wie-1200x1200.jpeg 1200w, https:\/\/bergers-schlagerparadies.de\/wp-content\/uploads\/2026\/03\/ADIAMA-Sag-mir-wie-1188x1188.jpeg 1188w, https:\/\/bergers-schlagerparadies.de\/wp-content\/uploads\/2026\/03\/ADIAMA-Sag-mir-wie-100x100.jpeg 100w\" sizes=\"auto, (max-width: 70px) 100vw, 70px\" \/>\u00a0 <span style=\"color: #800000;\">ADIAMA<\/span> &#8211; Sag mir wie! ( <span style=\"color: #800000;\">Fiesta Records<\/span> )<\/strong><\/li>\n<li><strong><span style=\"color: #800000;\"><img loading=\"lazy\" decoding=\"async\" class=\"alignnone wp-image-42472\" src=\"https:\/\/bergers-schlagerparadies.de\/wp-content\/uploads\/2026\/03\/Adrian-Burri-Pfeif-drauf-scaled.jpg\" alt=\"\" width=\"70\" height=\"70\" \/>\u00a0 Adrian Burri<\/span> &#8211; Pfeif drauf ( <span style=\"color: #800000;\">VIA Music<\/span>\u00a0)<\/strong><strong>\u00a0 <\/strong><\/li>\n<li><strong><img loading=\"lazy\" decoding=\"async\" class=\"alignnone wp-image-41991\" src=\"https:\/\/bergers-schlagerparadies.de\/wp-content\/uploads\/2026\/03\/Allessa-20.000-Meilen-Nur-So-Remix-300x300.jpeg\" alt=\"\" width=\"70\" height=\"70\" srcset=\"https:\/\/bergers-schlagerparadies.de\/wp-content\/uploads\/2026\/03\/Allessa-20.000-Meilen-Nur-So-Remix-300x300.jpeg 300w, https:\/\/bergers-schlagerparadies.de\/wp-content\/uploads\/2026\/03\/Allessa-20.000-Meilen-Nur-So-Remix-1024x1024.jpeg 1024w, https:\/\/bergers-schlagerparadies.de\/wp-content\/uploads\/2026\/03\/Allessa-20.000-Meilen-Nur-So-Remix-150x150.jpeg 150w, https:\/\/bergers-schlagerparadies.de\/wp-content\/uploads\/2026\/03\/Allessa-20.000-Meilen-Nur-So-Remix-768x768.jpeg 768w, https:\/\/bergers-schlagerparadies.de\/wp-content\/uploads\/2026\/03\/Allessa-20.000-Meilen-Nur-So-Remix-1188x1188.jpeg 1188w, https:\/\/bergers-schlagerparadies.de\/wp-content\/uploads\/2026\/03\/Allessa-20.000-Meilen-Nur-So-Remix-100x100.jpeg 100w, https:\/\/bergers-schlagerparadies.de\/wp-content\/uploads\/2026\/03\/Allessa-20.000-Meilen-Nur-So-Remix.jpeg 1200w\" sizes=\"auto, (max-width: 70px) 100vw, 70px\" \/> <span style=\"color: #800000;\">Allessa<\/span> &#8211; 20.000 Meilen (Nur So! Remix) ( <span style=\"color: #800000;\">Lasso-Music<\/span> \/ Vertrieb: <span style=\"color: #800000;\">Kontor New Media<\/span>\u00a0)<\/strong><\/li>\n<li><strong><img loading=\"lazy\" decoding=\"async\" class=\"alignnone wp-image-42207\" src=\"https:\/\/bergers-schlagerparadies.de\/wp-content\/uploads\/2026\/03\/Alexander-Lachner-and-Friends-Ich-bin-so-wie-ich-bin-300x300.jpeg\" alt=\"\" width=\"70\" height=\"70\" srcset=\"https:\/\/bergers-schlagerparadies.de\/wp-content\/uploads\/2026\/03\/Alexander-Lachner-and-Friends-Ich-bin-so-wie-ich-bin-300x300.jpeg 300w, https:\/\/bergers-schlagerparadies.de\/wp-content\/uploads\/2026\/03\/Alexander-Lachner-and-Friends-Ich-bin-so-wie-ich-bin-1024x1024.jpeg 1024w, https:\/\/bergers-schlagerparadies.de\/wp-content\/uploads\/2026\/03\/Alexander-Lachner-and-Friends-Ich-bin-so-wie-ich-bin-150x150.jpeg 150w, https:\/\/bergers-schlagerparadies.de\/wp-content\/uploads\/2026\/03\/Alexander-Lachner-and-Friends-Ich-bin-so-wie-ich-bin-768x768.jpeg 768w, https:\/\/bergers-schlagerparadies.de\/wp-content\/uploads\/2026\/03\/Alexander-Lachner-and-Friends-Ich-bin-so-wie-ich-bin-1536x1536.jpeg 1536w, https:\/\/bergers-schlagerparadies.de\/wp-content\/uploads\/2026\/03\/Alexander-Lachner-and-Friends-Ich-bin-so-wie-ich-bin-2048x2048.jpeg 2048w, https:\/\/bergers-schlagerparadies.de\/wp-content\/uploads\/2026\/03\/Alexander-Lachner-and-Friends-Ich-bin-so-wie-ich-bin-1200x1200.jpeg 1200w, https:\/\/bergers-schlagerparadies.de\/wp-content\/uploads\/2026\/03\/Alexander-Lachner-and-Friends-Ich-bin-so-wie-ich-bin-1188x1188.jpeg 1188w, https:\/\/bergers-schlagerparadies.de\/wp-content\/uploads\/2026\/03\/Alexander-Lachner-and-Friends-Ich-bin-so-wie-ich-bin-100x100.jpeg 100w\" sizes=\"auto, (max-width: 70px) 100vw, 70px\" \/>\u00a0 <span style=\"color: #800000;\">Alexander Lachner and Friends<\/span> &#8211; Ich bin so wie ich bin ( <span style=\"color: #800000;\">Herz7<\/span>\u00a0)<\/strong><\/li>\n<li><strong><img loading=\"lazy\" decoding=\"async\" class=\"alignnone wp-image-42211\" src=\"https:\/\/bergers-schlagerparadies.de\/wp-content\/uploads\/2026\/03\/Anni-Marie-Wieder-und-wieder-300x300.jpeg\" alt=\"\" width=\"70\" height=\"70\" srcset=\"https:\/\/bergers-schlagerparadies.de\/wp-content\/uploads\/2026\/03\/Anni-Marie-Wieder-und-wieder-300x300.jpeg 300w, https:\/\/bergers-schlagerparadies.de\/wp-content\/uploads\/2026\/03\/Anni-Marie-Wieder-und-wieder-1024x1024.jpeg 1024w, https:\/\/bergers-schlagerparadies.de\/wp-content\/uploads\/2026\/03\/Anni-Marie-Wieder-und-wieder-150x150.jpeg 150w, https:\/\/bergers-schlagerparadies.de\/wp-content\/uploads\/2026\/03\/Anni-Marie-Wieder-und-wieder-768x768.jpeg 768w, https:\/\/bergers-schlagerparadies.de\/wp-content\/uploads\/2026\/03\/Anni-Marie-Wieder-und-wieder-1536x1536.jpeg 1536w, https:\/\/bergers-schlagerparadies.de\/wp-content\/uploads\/2026\/03\/Anni-Marie-Wieder-und-wieder-2048x2048.jpeg 2048w, https:\/\/bergers-schlagerparadies.de\/wp-content\/uploads\/2026\/03\/Anni-Marie-Wieder-und-wieder-1200x1200.jpeg 1200w, https:\/\/bergers-schlagerparadies.de\/wp-content\/uploads\/2026\/03\/Anni-Marie-Wieder-und-wieder-1188x1188.jpeg 1188w, https:\/\/bergers-schlagerparadies.de\/wp-content\/uploads\/2026\/03\/Anni-Marie-Wieder-und-wieder-100x100.jpeg 100w\" sizes=\"auto, (max-width: 70px) 100vw, 70px\" \/>\u00a0 <span style=\"color: #800000;\">Anni Marie<\/span> &#8211; Wieder und wieder ( <span style=\"color: #800000;\">Fiesta Records<\/span> )<\/strong><\/li>\n<li><strong><span style=\"color: #800000;\"><img loading=\"lazy\" decoding=\"async\" class=\"alignnone wp-image-42386\" src=\"https:\/\/bergers-schlagerparadies.de\/wp-content\/uploads\/2026\/03\/Beatrice-Egli-Heimweh-So-schoen-cha-sLaebe-si-Fokustrack-bleibt-Alibi-300x300.jpeg\" alt=\"\" width=\"70\" height=\"70\" srcset=\"https:\/\/bergers-schlagerparadies.de\/wp-content\/uploads\/2026\/03\/Beatrice-Egli-Heimweh-So-schoen-cha-sLaebe-si-Fokustrack-bleibt-Alibi-300x300.jpeg 300w, https:\/\/bergers-schlagerparadies.de\/wp-content\/uploads\/2026\/03\/Beatrice-Egli-Heimweh-So-schoen-cha-sLaebe-si-Fokustrack-bleibt-Alibi-1024x1024.jpeg 1024w, https:\/\/bergers-schlagerparadies.de\/wp-content\/uploads\/2026\/03\/Beatrice-Egli-Heimweh-So-schoen-cha-sLaebe-si-Fokustrack-bleibt-Alibi-150x150.jpeg 150w, https:\/\/bergers-schlagerparadies.de\/wp-content\/uploads\/2026\/03\/Beatrice-Egli-Heimweh-So-schoen-cha-sLaebe-si-Fokustrack-bleibt-Alibi-768x768.jpeg 768w, https:\/\/bergers-schlagerparadies.de\/wp-content\/uploads\/2026\/03\/Beatrice-Egli-Heimweh-So-schoen-cha-sLaebe-si-Fokustrack-bleibt-Alibi-1188x1188.jpeg 1188w, https:\/\/bergers-schlagerparadies.de\/wp-content\/uploads\/2026\/03\/Beatrice-Egli-Heimweh-So-schoen-cha-sLaebe-si-Fokustrack-bleibt-Alibi-100x100.jpeg 100w, https:\/\/bergers-schlagerparadies.de\/wp-content\/uploads\/2026\/03\/Beatrice-Egli-Heimweh-So-schoen-cha-sLaebe-si-Fokustrack-bleibt-Alibi.jpeg 1200w\" sizes=\"auto, (max-width: 70px) 100vw, 70px\" \/>\u00a0 Beatrice Egli<\/span> &amp; <span style=\"color: #800000;\">Heimweh<\/span> &#8211; So sch\u00f6n cha s&#8217;L\u00e4be si (Fokustrack bleibt Alibi) ( <span style=\"color: #800000;\">SMA\/ Ariola<\/span>\u00a0)<\/strong><\/li>\n<li><strong><img loading=\"lazy\" decoding=\"async\" class=\"alignnone wp-image-42295\" src=\"https:\/\/bergers-schlagerparadies.de\/wp-content\/uploads\/2026\/03\/Bianca-Erbe-Jetzt-erst-recht-300x300.jpeg\" alt=\"\" width=\"70\" height=\"70\" srcset=\"https:\/\/bergers-schlagerparadies.de\/wp-content\/uploads\/2026\/03\/Bianca-Erbe-Jetzt-erst-recht-300x300.jpeg 300w, https:\/\/bergers-schlagerparadies.de\/wp-content\/uploads\/2026\/03\/Bianca-Erbe-Jetzt-erst-recht-1024x1024.jpeg 1024w, https:\/\/bergers-schlagerparadies.de\/wp-content\/uploads\/2026\/03\/Bianca-Erbe-Jetzt-erst-recht-150x150.jpeg 150w, https:\/\/bergers-schlagerparadies.de\/wp-content\/uploads\/2026\/03\/Bianca-Erbe-Jetzt-erst-recht-768x768.jpeg 768w, https:\/\/bergers-schlagerparadies.de\/wp-content\/uploads\/2026\/03\/Bianca-Erbe-Jetzt-erst-recht-1188x1188.jpeg 1188w, https:\/\/bergers-schlagerparadies.de\/wp-content\/uploads\/2026\/03\/Bianca-Erbe-Jetzt-erst-recht-100x100.jpeg 100w, https:\/\/bergers-schlagerparadies.de\/wp-content\/uploads\/2026\/03\/Bianca-Erbe-Jetzt-erst-recht.jpeg 1200w\" sizes=\"auto, (max-width: 70px) 100vw, 70px\" \/>\u00a0 Bianca Erbe &#8211; Jetzt erst recht ( <span style=\"color: #800000;\">Schlagerrepublik<\/span>\u00a0)<\/strong><\/li>\n<li><strong><img loading=\"lazy\" decoding=\"async\" class=\"alignnone wp-image-42215\" src=\"https:\/\/bergers-schlagerparadies.de\/wp-content\/uploads\/2026\/03\/Dana-Pelizaeus-Ganz-duennes-Eis-300x300.jpeg\" alt=\"\" width=\"70\" height=\"70\" srcset=\"https:\/\/bergers-schlagerparadies.de\/wp-content\/uploads\/2026\/03\/Dana-Pelizaeus-Ganz-duennes-Eis-300x300.jpeg 300w, https:\/\/bergers-schlagerparadies.de\/wp-content\/uploads\/2026\/03\/Dana-Pelizaeus-Ganz-duennes-Eis-1024x1024.jpeg 1024w, https:\/\/bergers-schlagerparadies.de\/wp-content\/uploads\/2026\/03\/Dana-Pelizaeus-Ganz-duennes-Eis-150x150.jpeg 150w, https:\/\/bergers-schlagerparadies.de\/wp-content\/uploads\/2026\/03\/Dana-Pelizaeus-Ganz-duennes-Eis-768x768.jpeg 768w, https:\/\/bergers-schlagerparadies.de\/wp-content\/uploads\/2026\/03\/Dana-Pelizaeus-Ganz-duennes-Eis-1536x1536.jpeg 1536w, https:\/\/bergers-schlagerparadies.de\/wp-content\/uploads\/2026\/03\/Dana-Pelizaeus-Ganz-duennes-Eis-2048x2048.jpeg 2048w, https:\/\/bergers-schlagerparadies.de\/wp-content\/uploads\/2026\/03\/Dana-Pelizaeus-Ganz-duennes-Eis-1200x1200.jpeg 1200w, https:\/\/bergers-schlagerparadies.de\/wp-content\/uploads\/2026\/03\/Dana-Pelizaeus-Ganz-duennes-Eis-1188x1188.jpeg 1188w, https:\/\/bergers-schlagerparadies.de\/wp-content\/uploads\/2026\/03\/Dana-Pelizaeus-Ganz-duennes-Eis-100x100.jpeg 100w\" sizes=\"auto, (max-width: 70px) 100vw, 70px\" \/>\u00a0 <span style=\"color: #800000;\">Dana Pelizaeus<\/span> &#8211; Ganz d\u00fcnnes Eis ( <span style=\"color: #800000;\">Fiesta Records<\/span> )<\/strong><\/li>\n<li><strong><span style=\"color: #800000;\"><img loading=\"lazy\" decoding=\"async\" class=\"alignnone wp-image-42309\" src=\"https:\/\/bergers-schlagerparadies.de\/wp-content\/uploads\/2026\/03\/DJ-GerreG-\u2013-Future-300x300.jpg\" alt=\"\" width=\"70\" height=\"70\" srcset=\"https:\/\/bergers-schlagerparadies.de\/wp-content\/uploads\/2026\/03\/DJ-GerreG-\u2013-Future-300x300.jpg 300w, https:\/\/bergers-schlagerparadies.de\/wp-content\/uploads\/2026\/03\/DJ-GerreG-\u2013-Future-150x150.jpg 150w, https:\/\/bergers-schlagerparadies.de\/wp-content\/uploads\/2026\/03\/DJ-GerreG-\u2013-Future-768x768.jpg 768w, https:\/\/bergers-schlagerparadies.de\/wp-content\/uploads\/2026\/03\/DJ-GerreG-\u2013-Future-100x100.jpg 100w, https:\/\/bergers-schlagerparadies.de\/wp-content\/uploads\/2026\/03\/DJ-GerreG-\u2013-Future.jpg 1024w\" sizes=\"auto, (max-width: 70px) 100vw, 70px\" \/>\u00a0 DJ GerreG<\/span> \u2013 Future ( <span style=\"color: #800000;\">G-MusiQ Records<\/span>\u00a0)<\/strong><\/li>\n<li><strong><span style=\"color: #800000;\"><img loading=\"lazy\" decoding=\"async\" class=\"alignnone wp-image-42313\" src=\"https:\/\/bergers-schlagerparadies.de\/wp-content\/uploads\/2026\/03\/DJ-GerreG-\u2013-Samstag-Nacht-an-der-Nordseekueste-300x300.jpg\" alt=\"\" width=\"70\" height=\"70\" srcset=\"https:\/\/bergers-schlagerparadies.de\/wp-content\/uploads\/2026\/03\/DJ-GerreG-\u2013-Samstag-Nacht-an-der-Nordseekueste-300x300.jpg 300w, https:\/\/bergers-schlagerparadies.de\/wp-content\/uploads\/2026\/03\/DJ-GerreG-\u2013-Samstag-Nacht-an-der-Nordseekueste-150x150.jpg 150w, https:\/\/bergers-schlagerparadies.de\/wp-content\/uploads\/2026\/03\/DJ-GerreG-\u2013-Samstag-Nacht-an-der-Nordseekueste-768x768.jpg 768w, https:\/\/bergers-schlagerparadies.de\/wp-content\/uploads\/2026\/03\/DJ-GerreG-\u2013-Samstag-Nacht-an-der-Nordseekueste-100x100.jpg 100w, https:\/\/bergers-schlagerparadies.de\/wp-content\/uploads\/2026\/03\/DJ-GerreG-\u2013-Samstag-Nacht-an-der-Nordseekueste.jpg 1024w\" sizes=\"auto, (max-width: 70px) 100vw, 70px\" \/>\u00a0 DJ GerreG<\/span> \u2013 Samstag Nacht an der Nordseek\u00fcste ( <span style=\"color: #800000;\">G-MusiQ Records<\/span>\u00a0)<\/strong><\/li>\n<li><strong><img loading=\"lazy\" decoding=\"async\" class=\"alignnone wp-image-42079\" src=\"https:\/\/bergers-schlagerparadies.de\/wp-content\/uploads\/2026\/03\/ela.-Lauf-der-Dinge-300x300.jpeg\" alt=\"\" width=\"70\" height=\"70\" srcset=\"https:\/\/bergers-schlagerparadies.de\/wp-content\/uploads\/2026\/03\/ela.-Lauf-der-Dinge-300x300.jpeg 300w, https:\/\/bergers-schlagerparadies.de\/wp-content\/uploads\/2026\/03\/ela.-Lauf-der-Dinge-1024x1024.jpeg 1024w, https:\/\/bergers-schlagerparadies.de\/wp-content\/uploads\/2026\/03\/ela.-Lauf-der-Dinge-150x150.jpeg 150w, https:\/\/bergers-schlagerparadies.de\/wp-content\/uploads\/2026\/03\/ela.-Lauf-der-Dinge-768x768.jpeg 768w, https:\/\/bergers-schlagerparadies.de\/wp-content\/uploads\/2026\/03\/ela.-Lauf-der-Dinge-1188x1188.jpeg 1188w, https:\/\/bergers-schlagerparadies.de\/wp-content\/uploads\/2026\/03\/ela.-Lauf-der-Dinge-100x100.jpeg 100w, https:\/\/bergers-schlagerparadies.de\/wp-content\/uploads\/2026\/03\/ela.-Lauf-der-Dinge.jpeg 1200w\" sizes=\"auto, (max-width: 70px) 100vw, 70px\" \/>\u00a0 <span style=\"color: #800000;\">ela.<\/span> &#8211; Lauf der Dinge ( <span style=\"color: #800000;\">ela.n Records<\/span>)<\/strong><\/li>\n<li><strong><span style=\"color: #800000;\"><img loading=\"lazy\" decoding=\"async\" class=\"alignnone wp-image-42462\" src=\"https:\/\/bergers-schlagerparadies.de\/wp-content\/uploads\/2026\/03\/Fantasy-Wo-schlaefst-du-heut-Nacht-300x300.jpg\" alt=\"\" width=\"70\" height=\"70\" srcset=\"https:\/\/bergers-schlagerparadies.de\/wp-content\/uploads\/2026\/03\/Fantasy-Wo-schlaefst-du-heut-Nacht-300x300.jpg 300w, https:\/\/bergers-schlagerparadies.de\/wp-content\/uploads\/2026\/03\/Fantasy-Wo-schlaefst-du-heut-Nacht-1024x1024.jpg 1024w, https:\/\/bergers-schlagerparadies.de\/wp-content\/uploads\/2026\/03\/Fantasy-Wo-schlaefst-du-heut-Nacht-150x150.jpg 150w, https:\/\/bergers-schlagerparadies.de\/wp-content\/uploads\/2026\/03\/Fantasy-Wo-schlaefst-du-heut-Nacht-768x768.jpg 768w, https:\/\/bergers-schlagerparadies.de\/wp-content\/uploads\/2026\/03\/Fantasy-Wo-schlaefst-du-heut-Nacht-1536x1536.jpg 1536w, https:\/\/bergers-schlagerparadies.de\/wp-content\/uploads\/2026\/03\/Fantasy-Wo-schlaefst-du-heut-Nacht-2048x2048.jpg 2048w, https:\/\/bergers-schlagerparadies.de\/wp-content\/uploads\/2026\/03\/Fantasy-Wo-schlaefst-du-heut-Nacht-1200x1200.jpg 1200w, https:\/\/bergers-schlagerparadies.de\/wp-content\/uploads\/2026\/03\/Fantasy-Wo-schlaefst-du-heut-Nacht-1188x1188.jpg 1188w, https:\/\/bergers-schlagerparadies.de\/wp-content\/uploads\/2026\/03\/Fantasy-Wo-schlaefst-du-heut-Nacht-100x100.jpg 100w\" sizes=\"auto, (max-width: 70px) 100vw, 70px\" \/>\u00a0 Fantasy<\/span> &#8211; Wo schl\u00e4fst du heut Nacht ( <span style=\"color: #800000;\">Telamo<\/span>)<\/strong><\/li>\n<li><strong><span style=\"color: #800000;\"><img loading=\"lazy\" decoding=\"async\" class=\"alignnone wp-image-42449\" src=\"https:\/\/bergers-schlagerparadies.de\/wp-content\/uploads\/2026\/03\/Juliana-Wencke-Teleskop-300x300.jpeg\" alt=\"\" width=\"70\" height=\"70\" srcset=\"https:\/\/bergers-schlagerparadies.de\/wp-content\/uploads\/2026\/03\/Juliana-Wencke-Teleskop-300x300.jpeg 300w, https:\/\/bergers-schlagerparadies.de\/wp-content\/uploads\/2026\/03\/Juliana-Wencke-Teleskop-1024x1024.jpeg 1024w, https:\/\/bergers-schlagerparadies.de\/wp-content\/uploads\/2026\/03\/Juliana-Wencke-Teleskop-150x150.jpeg 150w, https:\/\/bergers-schlagerparadies.de\/wp-content\/uploads\/2026\/03\/Juliana-Wencke-Teleskop-768x768.jpeg 768w, https:\/\/bergers-schlagerparadies.de\/wp-content\/uploads\/2026\/03\/Juliana-Wencke-Teleskop-1536x1536.jpeg 1536w, https:\/\/bergers-schlagerparadies.de\/wp-content\/uploads\/2026\/03\/Juliana-Wencke-Teleskop-2048x2048.jpeg 2048w, https:\/\/bergers-schlagerparadies.de\/wp-content\/uploads\/2026\/03\/Juliana-Wencke-Teleskop-1200x1200.jpeg 1200w, https:\/\/bergers-schlagerparadies.de\/wp-content\/uploads\/2026\/03\/Juliana-Wencke-Teleskop-1188x1188.jpeg 1188w, https:\/\/bergers-schlagerparadies.de\/wp-content\/uploads\/2026\/03\/Juliana-Wencke-Teleskop-100x100.jpeg 100w\" sizes=\"auto, (max-width: 70px) 100vw, 70px\" \/>\u00a0 Juliana Wencke<\/span> &#8211; Teleskop ( <span style=\"color: #800000;\">2Base Records<\/span>\u00a0)<\/strong><\/li>\n<li><strong><span style=\"color: #800000;\"><img loading=\"lazy\" decoding=\"async\" class=\"alignnone wp-image-42353\" src=\"https:\/\/bergers-schlagerparadies.de\/wp-content\/uploads\/2026\/03\/Joel-Spinello-Tus-heute-Nacht-300x300.jpeg\" alt=\"\" width=\"70\" height=\"70\" srcset=\"https:\/\/bergers-schlagerparadies.de\/wp-content\/uploads\/2026\/03\/Joel-Spinello-Tus-heute-Nacht-300x300.jpeg 300w, https:\/\/bergers-schlagerparadies.de\/wp-content\/uploads\/2026\/03\/Joel-Spinello-Tus-heute-Nacht-1024x1024.jpeg 1024w, https:\/\/bergers-schlagerparadies.de\/wp-content\/uploads\/2026\/03\/Joel-Spinello-Tus-heute-Nacht-150x150.jpeg 150w, https:\/\/bergers-schlagerparadies.de\/wp-content\/uploads\/2026\/03\/Joel-Spinello-Tus-heute-Nacht-768x768.jpeg 768w, https:\/\/bergers-schlagerparadies.de\/wp-content\/uploads\/2026\/03\/Joel-Spinello-Tus-heute-Nacht-1536x1536.jpeg 1536w, https:\/\/bergers-schlagerparadies.de\/wp-content\/uploads\/2026\/03\/Joel-Spinello-Tus-heute-Nacht-2048x2048.jpeg 2048w, https:\/\/bergers-schlagerparadies.de\/wp-content\/uploads\/2026\/03\/Joel-Spinello-Tus-heute-Nacht-1200x1200.jpeg 1200w, https:\/\/bergers-schlagerparadies.de\/wp-content\/uploads\/2026\/03\/Joel-Spinello-Tus-heute-Nacht-1188x1188.jpeg 1188w, https:\/\/bergers-schlagerparadies.de\/wp-content\/uploads\/2026\/03\/Joel-Spinello-Tus-heute-Nacht-100x100.jpeg 100w\" sizes=\"auto, (max-width: 70px) 100vw, 70px\" \/>\u00a0 Joel Spinello<\/span> &#8211; Tu&#8217;s heute Nacht ( <span style=\"color: #800000;\">K&#8217;ENT Records<\/span>\u00a0)<\/strong><\/li>\n<li><strong><span style=\"color: #800000;\"><img loading=\"lazy\" decoding=\"async\" class=\"alignnone wp-image-42359\" src=\"https:\/\/bergers-schlagerparadies.de\/wp-content\/uploads\/2026\/03\/Joe-Santo-feat.-Hans-Kessler-Die-Verwandten-San-wieder-do-\u2013-Joe-Santo-Hans-Kessler-Humor-Volksmusik-300x300.jpeg\" alt=\"\" width=\"70\" height=\"70\" srcset=\"https:\/\/bergers-schlagerparadies.de\/wp-content\/uploads\/2026\/03\/Joe-Santo-feat.-Hans-Kessler-Die-Verwandten-San-wieder-do-\u2013-Joe-Santo-Hans-Kessler-Humor-Volksmusik-300x300.jpeg 300w, https:\/\/bergers-schlagerparadies.de\/wp-content\/uploads\/2026\/03\/Joe-Santo-feat.-Hans-Kessler-Die-Verwandten-San-wieder-do-\u2013-Joe-Santo-Hans-Kessler-Humor-Volksmusik-1024x1024.jpeg 1024w, https:\/\/bergers-schlagerparadies.de\/wp-content\/uploads\/2026\/03\/Joe-Santo-feat.-Hans-Kessler-Die-Verwandten-San-wieder-do-\u2013-Joe-Santo-Hans-Kessler-Humor-Volksmusik-150x150.jpeg 150w, https:\/\/bergers-schlagerparadies.de\/wp-content\/uploads\/2026\/03\/Joe-Santo-feat.-Hans-Kessler-Die-Verwandten-San-wieder-do-\u2013-Joe-Santo-Hans-Kessler-Humor-Volksmusik-768x768.jpeg 768w, https:\/\/bergers-schlagerparadies.de\/wp-content\/uploads\/2026\/03\/Joe-Santo-feat.-Hans-Kessler-Die-Verwandten-San-wieder-do-\u2013-Joe-Santo-Hans-Kessler-Humor-Volksmusik-1188x1188.jpeg 1188w, https:\/\/bergers-schlagerparadies.de\/wp-content\/uploads\/2026\/03\/Joe-Santo-feat.-Hans-Kessler-Die-Verwandten-San-wieder-do-\u2013-Joe-Santo-Hans-Kessler-Humor-Volksmusik-100x100.jpeg 100w, https:\/\/bergers-schlagerparadies.de\/wp-content\/uploads\/2026\/03\/Joe-Santo-feat.-Hans-Kessler-Die-Verwandten-San-wieder-do-\u2013-Joe-Santo-Hans-Kessler-Humor-Volksmusik.jpeg 1200w\" sizes=\"auto, (max-width: 70px) 100vw, 70px\" \/>\u00a0 Joe Santo<\/span> feat. <span style=\"color: #800000;\">Hans Kessler<\/span> &#8211; Die Verwandten San wieder do ( <span style=\"color: #800000;\">RAISACH-RECORDS<\/span>\u00a0)<\/strong><\/li>\n<li><strong><img loading=\"lazy\" decoding=\"async\" class=\"alignnone wp-image-42219\" src=\"https:\/\/bergers-schlagerparadies.de\/wp-content\/uploads\/2026\/03\/Linda-Feller-1000-Smileys-300x300.jpeg\" alt=\"\" width=\"70\" height=\"70\" srcset=\"https:\/\/bergers-schlagerparadies.de\/wp-content\/uploads\/2026\/03\/Linda-Feller-1000-Smileys-300x300.jpeg 300w, https:\/\/bergers-schlagerparadies.de\/wp-content\/uploads\/2026\/03\/Linda-Feller-1000-Smileys-1024x1024.jpeg 1024w, https:\/\/bergers-schlagerparadies.de\/wp-content\/uploads\/2026\/03\/Linda-Feller-1000-Smileys-150x150.jpeg 150w, https:\/\/bergers-schlagerparadies.de\/wp-content\/uploads\/2026\/03\/Linda-Feller-1000-Smileys-768x768.jpeg 768w, https:\/\/bergers-schlagerparadies.de\/wp-content\/uploads\/2026\/03\/Linda-Feller-1000-Smileys-1536x1536.jpeg 1536w, https:\/\/bergers-schlagerparadies.de\/wp-content\/uploads\/2026\/03\/Linda-Feller-1000-Smileys-2048x2048.jpeg 2048w, https:\/\/bergers-schlagerparadies.de\/wp-content\/uploads\/2026\/03\/Linda-Feller-1000-Smileys-1200x1200.jpeg 1200w, https:\/\/bergers-schlagerparadies.de\/wp-content\/uploads\/2026\/03\/Linda-Feller-1000-Smileys-1188x1188.jpeg 1188w, https:\/\/bergers-schlagerparadies.de\/wp-content\/uploads\/2026\/03\/Linda-Feller-1000-Smileys-100x100.jpeg 100w\" sizes=\"auto, (max-width: 70px) 100vw, 70px\" \/>\u00a0 <span style=\"color: #800000;\">Linda Feller<\/span> &#8211; 1000 Smileys ( <span style=\"color: #800000;\">Fiesta Records<\/span> )<\/strong><\/li>\n<li><strong><img loading=\"lazy\" decoding=\"async\" class=\"alignnone wp-image-42223\" src=\"https:\/\/bergers-schlagerparadies.de\/wp-content\/uploads\/2026\/03\/Madeline-Willers-Und-dann-geht-es-los-300x300.jpeg\" alt=\"\" width=\"70\" height=\"70\" srcset=\"https:\/\/bergers-schlagerparadies.de\/wp-content\/uploads\/2026\/03\/Madeline-Willers-Und-dann-geht-es-los-300x300.jpeg 300w, https:\/\/bergers-schlagerparadies.de\/wp-content\/uploads\/2026\/03\/Madeline-Willers-Und-dann-geht-es-los-1024x1024.jpeg 1024w, https:\/\/bergers-schlagerparadies.de\/wp-content\/uploads\/2026\/03\/Madeline-Willers-Und-dann-geht-es-los-150x150.jpeg 150w, https:\/\/bergers-schlagerparadies.de\/wp-content\/uploads\/2026\/03\/Madeline-Willers-Und-dann-geht-es-los-768x768.jpeg 768w, https:\/\/bergers-schlagerparadies.de\/wp-content\/uploads\/2026\/03\/Madeline-Willers-Und-dann-geht-es-los-1188x1188.jpeg 1188w, https:\/\/bergers-schlagerparadies.de\/wp-content\/uploads\/2026\/03\/Madeline-Willers-Und-dann-geht-es-los-100x100.jpeg 100w, https:\/\/bergers-schlagerparadies.de\/wp-content\/uploads\/2026\/03\/Madeline-Willers-Und-dann-geht-es-los.jpeg 1200w\" sizes=\"auto, (max-width: 70px) 100vw, 70px\" \/>\u00a0 <span style=\"color: #800000;\">Madeline Willers<\/span> &#8211; Und dann geht es los ( <span style=\"color: #800000;\">Willers Records<\/span>\u00a0)<\/strong><\/li>\n<li><strong><span style=\"color: #800000;\"><img loading=\"lazy\" decoding=\"async\" class=\"alignnone wp-image-42452\" src=\"https:\/\/bergers-schlagerparadies.de\/wp-content\/uploads\/2026\/03\/Mela-Rose-Manuel-Goodbye-300x300.jpeg\" alt=\"\" width=\"70\" height=\"70\" srcset=\"https:\/\/bergers-schlagerparadies.de\/wp-content\/uploads\/2026\/03\/Mela-Rose-Manuel-Goodbye-300x300.jpeg 300w, https:\/\/bergers-schlagerparadies.de\/wp-content\/uploads\/2026\/03\/Mela-Rose-Manuel-Goodbye-1024x1024.jpeg 1024w, https:\/\/bergers-schlagerparadies.de\/wp-content\/uploads\/2026\/03\/Mela-Rose-Manuel-Goodbye-150x150.jpeg 150w, https:\/\/bergers-schlagerparadies.de\/wp-content\/uploads\/2026\/03\/Mela-Rose-Manuel-Goodbye-768x768.jpeg 768w, https:\/\/bergers-schlagerparadies.de\/wp-content\/uploads\/2026\/03\/Mela-Rose-Manuel-Goodbye-1188x1188.jpeg 1188w, https:\/\/bergers-schlagerparadies.de\/wp-content\/uploads\/2026\/03\/Mela-Rose-Manuel-Goodbye-100x100.jpeg 100w, https:\/\/bergers-schlagerparadies.de\/wp-content\/uploads\/2026\/03\/Mela-Rose-Manuel-Goodbye.jpeg 1200w\" sizes=\"auto, (max-width: 70px) 100vw, 70px\" \/>\u00a0 Mela Rose<\/span> &#8211; Manuel Goodbye ( <span style=\"color: #800000;\">Melma Records<\/span>\u00a0)<\/strong><\/li>\n<li><strong><img loading=\"lazy\" decoding=\"async\" class=\"alignnone wp-image-42455\" src=\"https:\/\/bergers-schlagerparadies.de\/wp-content\/uploads\/2026\/03\/Melia-Bist-Du-dabei-300x300.jpeg\" alt=\"\" width=\"70\" height=\"70\" srcset=\"https:\/\/bergers-schlagerparadies.de\/wp-content\/uploads\/2026\/03\/Melia-Bist-Du-dabei-300x300.jpeg 300w, https:\/\/bergers-schlagerparadies.de\/wp-content\/uploads\/2026\/03\/Melia-Bist-Du-dabei-1024x1024.jpeg 1024w, https:\/\/bergers-schlagerparadies.de\/wp-content\/uploads\/2026\/03\/Melia-Bist-Du-dabei-150x150.jpeg 150w, https:\/\/bergers-schlagerparadies.de\/wp-content\/uploads\/2026\/03\/Melia-Bist-Du-dabei-768x768.jpeg 768w, https:\/\/bergers-schlagerparadies.de\/wp-content\/uploads\/2026\/03\/Melia-Bist-Du-dabei-1536x1536.jpeg 1536w, https:\/\/bergers-schlagerparadies.de\/wp-content\/uploads\/2026\/03\/Melia-Bist-Du-dabei-2048x2048.jpeg 2048w, https:\/\/bergers-schlagerparadies.de\/wp-content\/uploads\/2026\/03\/Melia-Bist-Du-dabei-1200x1200.jpeg 1200w, https:\/\/bergers-schlagerparadies.de\/wp-content\/uploads\/2026\/03\/Melia-Bist-Du-dabei-1188x1188.jpeg 1188w, https:\/\/bergers-schlagerparadies.de\/wp-content\/uploads\/2026\/03\/Melia-Bist-Du-dabei-100x100.jpeg 100w\" sizes=\"auto, (max-width: 70px) 100vw, 70px\" \/>\u00a0 <span style=\"color: #800000;\">Melia<\/span> &#8211; Bist Du dabei? ( <span style=\"color: #800000;\">ARTISTS &amp; ACTS<\/span>\u00a0)<\/strong><\/li>\n<li><strong><span style=\"color: #800000;\"><img loading=\"lazy\" decoding=\"async\" class=\"alignnone wp-image-42381\" src=\"https:\/\/bergers-schlagerparadies.de\/wp-content\/uploads\/2026\/03\/Michael-Fischer-Du-bist-meine-Playlist-300x300.jpeg\" alt=\"\" width=\"70\" height=\"70\" srcset=\"https:\/\/bergers-schlagerparadies.de\/wp-content\/uploads\/2026\/03\/Michael-Fischer-Du-bist-meine-Playlist-300x300.jpeg 300w, https:\/\/bergers-schlagerparadies.de\/wp-content\/uploads\/2026\/03\/Michael-Fischer-Du-bist-meine-Playlist-1024x1024.jpeg 1024w, https:\/\/bergers-schlagerparadies.de\/wp-content\/uploads\/2026\/03\/Michael-Fischer-Du-bist-meine-Playlist-150x150.jpeg 150w, https:\/\/bergers-schlagerparadies.de\/wp-content\/uploads\/2026\/03\/Michael-Fischer-Du-bist-meine-Playlist-768x768.jpeg 768w, https:\/\/bergers-schlagerparadies.de\/wp-content\/uploads\/2026\/03\/Michael-Fischer-Du-bist-meine-Playlist-1536x1536.jpeg 1536w, https:\/\/bergers-schlagerparadies.de\/wp-content\/uploads\/2026\/03\/Michael-Fischer-Du-bist-meine-Playlist-2048x2048.jpeg 2048w, https:\/\/bergers-schlagerparadies.de\/wp-content\/uploads\/2026\/03\/Michael-Fischer-Du-bist-meine-Playlist-1200x1200.jpeg 1200w, https:\/\/bergers-schlagerparadies.de\/wp-content\/uploads\/2026\/03\/Michael-Fischer-Du-bist-meine-Playlist-1188x1188.jpeg 1188w, https:\/\/bergers-schlagerparadies.de\/wp-content\/uploads\/2026\/03\/Michael-Fischer-Du-bist-meine-Playlist-100x100.jpeg 100w\" sizes=\"auto, (max-width: 70px) 100vw, 70px\" \/>\u00a0 Michael Fischer<\/span> &#8211; Du bist meine Playlist ( <span style=\"color: #800000;\">Hitmix Music<\/span>\u00a0)<\/strong><\/li>\n<li><strong><span style=\"color: #800000;\"><img loading=\"lazy\" decoding=\"async\" class=\"alignnone wp-image-42466\" src=\"https:\/\/bergers-schlagerparadies.de\/wp-content\/uploads\/2026\/03\/Mike-Van-Hyke-Rebellenherz-300x300.jpg\" alt=\"\" width=\"70\" height=\"70\" srcset=\"https:\/\/bergers-schlagerparadies.de\/wp-content\/uploads\/2026\/03\/Mike-Van-Hyke-Rebellenherz-300x300.jpg 300w, https:\/\/bergers-schlagerparadies.de\/wp-content\/uploads\/2026\/03\/Mike-Van-Hyke-Rebellenherz-1024x1024.jpg 1024w, https:\/\/bergers-schlagerparadies.de\/wp-content\/uploads\/2026\/03\/Mike-Van-Hyke-Rebellenherz-150x150.jpg 150w, https:\/\/bergers-schlagerparadies.de\/wp-content\/uploads\/2026\/03\/Mike-Van-Hyke-Rebellenherz-768x768.jpg 768w, https:\/\/bergers-schlagerparadies.de\/wp-content\/uploads\/2026\/03\/Mike-Van-Hyke-Rebellenherz-1536x1536.jpg 1536w, https:\/\/bergers-schlagerparadies.de\/wp-content\/uploads\/2026\/03\/Mike-Van-Hyke-Rebellenherz-1200x1200.jpg 1200w, https:\/\/bergers-schlagerparadies.de\/wp-content\/uploads\/2026\/03\/Mike-Van-Hyke-Rebellenherz-1188x1188.jpg 1188w, https:\/\/bergers-schlagerparadies.de\/wp-content\/uploads\/2026\/03\/Mike-Van-Hyke-Rebellenherz-100x100.jpg 100w, https:\/\/bergers-schlagerparadies.de\/wp-content\/uploads\/2026\/03\/Mike-Van-Hyke-Rebellenherz.jpg 2048w\" sizes=\"auto, (max-width: 70px) 100vw, 70px\" \/>\u00a0 Mike Van Hyke<\/span> &#8211; Rebellenherz ( <span style=\"color: #800000;\">Telamo Musik &amp; Unterhaltung GmbH | A BMG Company<\/span>\u00a0)<\/strong><\/li>\n<li><strong><span style=\"color: #800000;\"><img loading=\"lazy\" decoding=\"async\" class=\"alignnone wp-image-42318\" src=\"https:\/\/bergers-schlagerparadies.de\/wp-content\/uploads\/2026\/03\/Nick-Vescovo-Chaos-mit-so-viel-Stil-300x300.jpg\" alt=\"\" width=\"70\" height=\"70\" srcset=\"https:\/\/bergers-schlagerparadies.de\/wp-content\/uploads\/2026\/03\/Nick-Vescovo-Chaos-mit-so-viel-Stil-300x300.jpg 300w, https:\/\/bergers-schlagerparadies.de\/wp-content\/uploads\/2026\/03\/Nick-Vescovo-Chaos-mit-so-viel-Stil-1024x1024.jpg 1024w, https:\/\/bergers-schlagerparadies.de\/wp-content\/uploads\/2026\/03\/Nick-Vescovo-Chaos-mit-so-viel-Stil-150x150.jpg 150w, https:\/\/bergers-schlagerparadies.de\/wp-content\/uploads\/2026\/03\/Nick-Vescovo-Chaos-mit-so-viel-Stil-768x768.jpg 768w, https:\/\/bergers-schlagerparadies.de\/wp-content\/uploads\/2026\/03\/Nick-Vescovo-Chaos-mit-so-viel-Stil-1536x1536.jpg 1536w, https:\/\/bergers-schlagerparadies.de\/wp-content\/uploads\/2026\/03\/Nick-Vescovo-Chaos-mit-so-viel-Stil-2048x2048.jpg 2048w, https:\/\/bergers-schlagerparadies.de\/wp-content\/uploads\/2026\/03\/Nick-Vescovo-Chaos-mit-so-viel-Stil-1200x1200.jpg 1200w, https:\/\/bergers-schlagerparadies.de\/wp-content\/uploads\/2026\/03\/Nick-Vescovo-Chaos-mit-so-viel-Stil-1188x1188.jpg 1188w, https:\/\/bergers-schlagerparadies.de\/wp-content\/uploads\/2026\/03\/Nick-Vescovo-Chaos-mit-so-viel-Stil-100x100.jpg 100w\" sizes=\"auto, (max-width: 70px) 100vw, 70px\" \/>\u00a0 Nick Vescovo<\/span> &#8211; Chaos mit so viel Stil ( <span style=\"color: #800000;\">Fiesta Records<\/span> )<\/strong><\/li>\n<li><strong><img loading=\"lazy\" decoding=\"async\" class=\"alignnone wp-image-42095\" src=\"https:\/\/bergers-schlagerparadies.de\/wp-content\/uploads\/2026\/03\/Nina-Monschein-Blumen-im-Haar-300x300.jpeg\" alt=\"\" width=\"70\" height=\"70\" srcset=\"https:\/\/bergers-schlagerparadies.de\/wp-content\/uploads\/2026\/03\/Nina-Monschein-Blumen-im-Haar-300x300.jpeg 300w, https:\/\/bergers-schlagerparadies.de\/wp-content\/uploads\/2026\/03\/Nina-Monschein-Blumen-im-Haar-1024x1024.jpeg 1024w, https:\/\/bergers-schlagerparadies.de\/wp-content\/uploads\/2026\/03\/Nina-Monschein-Blumen-im-Haar-150x150.jpeg 150w, https:\/\/bergers-schlagerparadies.de\/wp-content\/uploads\/2026\/03\/Nina-Monschein-Blumen-im-Haar-768x768.jpeg 768w, https:\/\/bergers-schlagerparadies.de\/wp-content\/uploads\/2026\/03\/Nina-Monschein-Blumen-im-Haar-1536x1536.jpeg 1536w, https:\/\/bergers-schlagerparadies.de\/wp-content\/uploads\/2026\/03\/Nina-Monschein-Blumen-im-Haar-2048x2048.jpeg 2048w, https:\/\/bergers-schlagerparadies.de\/wp-content\/uploads\/2026\/03\/Nina-Monschein-Blumen-im-Haar-1200x1200.jpeg 1200w, https:\/\/bergers-schlagerparadies.de\/wp-content\/uploads\/2026\/03\/Nina-Monschein-Blumen-im-Haar-1188x1188.jpeg 1188w, https:\/\/bergers-schlagerparadies.de\/wp-content\/uploads\/2026\/03\/Nina-Monschein-Blumen-im-Haar-100x100.jpeg 100w\" sizes=\"auto, (max-width: 70px) 100vw, 70px\" \/>\u00a0 Nina Monschein &#8211; Blumen im Haar ( <span style=\"color: #800000;\">ARTISTS &amp; ACTS<\/span>\u00a0)<\/strong><\/li>\n<li><strong><span style=\"color: #800000;\"><img loading=\"lazy\" decoding=\"async\" class=\"alignnone wp-image-42337\" src=\"https:\/\/bergers-schlagerparadies.de\/wp-content\/uploads\/2026\/03\/Olaf-Bleck-Engel-der-Nacht-300x300.jpg\" alt=\"\" width=\"70\" height=\"70\" srcset=\"https:\/\/bergers-schlagerparadies.de\/wp-content\/uploads\/2026\/03\/Olaf-Bleck-Engel-der-Nacht-300x300.jpg 300w, https:\/\/bergers-schlagerparadies.de\/wp-content\/uploads\/2026\/03\/Olaf-Bleck-Engel-der-Nacht-1024x1024.jpg 1024w, https:\/\/bergers-schlagerparadies.de\/wp-content\/uploads\/2026\/03\/Olaf-Bleck-Engel-der-Nacht-150x150.jpg 150w, https:\/\/bergers-schlagerparadies.de\/wp-content\/uploads\/2026\/03\/Olaf-Bleck-Engel-der-Nacht-768x768.jpg 768w, https:\/\/bergers-schlagerparadies.de\/wp-content\/uploads\/2026\/03\/Olaf-Bleck-Engel-der-Nacht-1536x1536.jpg 1536w, https:\/\/bergers-schlagerparadies.de\/wp-content\/uploads\/2026\/03\/Olaf-Bleck-Engel-der-Nacht-2048x2048.jpg 2048w, https:\/\/bergers-schlagerparadies.de\/wp-content\/uploads\/2026\/03\/Olaf-Bleck-Engel-der-Nacht-1200x1200.jpg 1200w, https:\/\/bergers-schlagerparadies.de\/wp-content\/uploads\/2026\/03\/Olaf-Bleck-Engel-der-Nacht-1188x1188.jpg 1188w, https:\/\/bergers-schlagerparadies.de\/wp-content\/uploads\/2026\/03\/Olaf-Bleck-Engel-der-Nacht-100x100.jpg 100w\" sizes=\"auto, (max-width: 70px) 100vw, 70px\" \/>\u00a0 Olaf Bleck<\/span> &#8211; Engel der Nacht ( <span style=\"color: #800000;\">Poly Music Group\u00a0<\/span>\u00a0)<\/strong><\/li>\n<li><strong><span style=\"color: #800000;\"><img loading=\"lazy\" decoding=\"async\" class=\"alignnone wp-image-42370\" src=\"https:\/\/bergers-schlagerparadies.de\/wp-content\/uploads\/2026\/03\/Sascha-Alexander-Sie-liebt-noch-immer-diesen-DJ-300x300.jpg\" alt=\"\" width=\"70\" height=\"70\" srcset=\"https:\/\/bergers-schlagerparadies.de\/wp-content\/uploads\/2026\/03\/Sascha-Alexander-Sie-liebt-noch-immer-diesen-DJ-300x300.jpg 300w, https:\/\/bergers-schlagerparadies.de\/wp-content\/uploads\/2026\/03\/Sascha-Alexander-Sie-liebt-noch-immer-diesen-DJ-1024x1024.jpg 1024w, https:\/\/bergers-schlagerparadies.de\/wp-content\/uploads\/2026\/03\/Sascha-Alexander-Sie-liebt-noch-immer-diesen-DJ-150x150.jpg 150w, https:\/\/bergers-schlagerparadies.de\/wp-content\/uploads\/2026\/03\/Sascha-Alexander-Sie-liebt-noch-immer-diesen-DJ-768x768.jpg 768w, https:\/\/bergers-schlagerparadies.de\/wp-content\/uploads\/2026\/03\/Sascha-Alexander-Sie-liebt-noch-immer-diesen-DJ-1536x1536.jpg 1536w, https:\/\/bergers-schlagerparadies.de\/wp-content\/uploads\/2026\/03\/Sascha-Alexander-Sie-liebt-noch-immer-diesen-DJ-2048x2048.jpg 2048w, https:\/\/bergers-schlagerparadies.de\/wp-content\/uploads\/2026\/03\/Sascha-Alexander-Sie-liebt-noch-immer-diesen-DJ-1200x1200.jpg 1200w, https:\/\/bergers-schlagerparadies.de\/wp-content\/uploads\/2026\/03\/Sascha-Alexander-Sie-liebt-noch-immer-diesen-DJ-1188x1188.jpg 1188w, https:\/\/bergers-schlagerparadies.de\/wp-content\/uploads\/2026\/03\/Sascha-Alexander-Sie-liebt-noch-immer-diesen-DJ-100x100.jpg 100w\" sizes=\"auto, (max-width: 70px) 100vw, 70px\" \/>\u00a0 Sascha Alexander<\/span> &#8211; Sie liebt noch immer diesen DJ ( <span style=\"color: #800000;\">W\u00f6rle Musicland<\/span>\u00a0)<\/strong><\/li>\n<li><strong><span style=\"color: #800000;\"><img loading=\"lazy\" decoding=\"async\" class=\"alignnone wp-image-42333\" src=\"https:\/\/bergers-schlagerparadies.de\/wp-content\/uploads\/2026\/03\/Tom-Civic-Hyperdrive-Freak-Out-300x300.jpg\" alt=\"\" width=\"70\" height=\"70\" srcset=\"https:\/\/bergers-schlagerparadies.de\/wp-content\/uploads\/2026\/03\/Tom-Civic-Hyperdrive-Freak-Out-300x300.jpg 300w, https:\/\/bergers-schlagerparadies.de\/wp-content\/uploads\/2026\/03\/Tom-Civic-Hyperdrive-Freak-Out-150x150.jpg 150w, https:\/\/bergers-schlagerparadies.de\/wp-content\/uploads\/2026\/03\/Tom-Civic-Hyperdrive-Freak-Out-768x768.jpg 768w, https:\/\/bergers-schlagerparadies.de\/wp-content\/uploads\/2026\/03\/Tom-Civic-Hyperdrive-Freak-Out-100x100.jpg 100w, https:\/\/bergers-schlagerparadies.de\/wp-content\/uploads\/2026\/03\/Tom-Civic-Hyperdrive-Freak-Out.jpg 800w\" sizes=\"auto, (max-width: 70px) 100vw, 70px\" \/>\u00a0 Tom Civic<\/span> &#8211; Hyperdrive Freak Out ( <span style=\"color: #800000;\">Catania Music<\/span>\u00a0)<\/strong><\/li>\n<li><strong><span style=\"color: #800000;\"><img loading=\"lazy\" decoding=\"async\" class=\"alignnone wp-image-42341\" src=\"https:\/\/bergers-schlagerparadies.de\/wp-content\/uploads\/2026\/03\/Tommy-Steiner-Weil-du-alles-bist-300x300.jpg\" alt=\"\" width=\"70\" height=\"70\" srcset=\"https:\/\/bergers-schlagerparadies.de\/wp-content\/uploads\/2026\/03\/Tommy-Steiner-Weil-du-alles-bist-300x300.jpg 300w, https:\/\/bergers-schlagerparadies.de\/wp-content\/uploads\/2026\/03\/Tommy-Steiner-Weil-du-alles-bist-1024x1024.jpg 1024w, https:\/\/bergers-schlagerparadies.de\/wp-content\/uploads\/2026\/03\/Tommy-Steiner-Weil-du-alles-bist-150x150.jpg 150w, https:\/\/bergers-schlagerparadies.de\/wp-content\/uploads\/2026\/03\/Tommy-Steiner-Weil-du-alles-bist-768x768.jpg 768w, https:\/\/bergers-schlagerparadies.de\/wp-content\/uploads\/2026\/03\/Tommy-Steiner-Weil-du-alles-bist-1536x1536.jpg 1536w, https:\/\/bergers-schlagerparadies.de\/wp-content\/uploads\/2026\/03\/Tommy-Steiner-Weil-du-alles-bist-2048x2048.jpg 2048w, https:\/\/bergers-schlagerparadies.de\/wp-content\/uploads\/2026\/03\/Tommy-Steiner-Weil-du-alles-bist-1200x1200.jpg 1200w, https:\/\/bergers-schlagerparadies.de\/wp-content\/uploads\/2026\/03\/Tommy-Steiner-Weil-du-alles-bist-1188x1188.jpg 1188w, https:\/\/bergers-schlagerparadies.de\/wp-content\/uploads\/2026\/03\/Tommy-Steiner-Weil-du-alles-bist-100x100.jpg 100w\" sizes=\"auto, (max-width: 70px) 100vw, 70px\" \/>\u00a0 Tommy Steiner<\/span> &#8211; Weil du alles bist ( <span style=\"color: #800000;\">KLONDIKE Records &amp; Songs <span style=\"color: #000000;\">)<\/span><\/span><\/strong><\/li>\n<li><strong><span style=\"color: #800000;\"><img loading=\"lazy\" decoding=\"async\" class=\"alignnone wp-image-42459\" src=\"https:\/\/bergers-schlagerparadies.de\/wp-content\/uploads\/2026\/03\/Uwe-Adams-Das-hoer-ich-heut-zum-ersten-Mal-300x300.jpeg\" alt=\"\" width=\"70\" height=\"70\" srcset=\"https:\/\/bergers-schlagerparadies.de\/wp-content\/uploads\/2026\/03\/Uwe-Adams-Das-hoer-ich-heut-zum-ersten-Mal-300x300.jpeg 300w, https:\/\/bergers-schlagerparadies.de\/wp-content\/uploads\/2026\/03\/Uwe-Adams-Das-hoer-ich-heut-zum-ersten-Mal-1024x1024.jpeg 1024w, https:\/\/bergers-schlagerparadies.de\/wp-content\/uploads\/2026\/03\/Uwe-Adams-Das-hoer-ich-heut-zum-ersten-Mal-150x150.jpeg 150w, https:\/\/bergers-schlagerparadies.de\/wp-content\/uploads\/2026\/03\/Uwe-Adams-Das-hoer-ich-heut-zum-ersten-Mal-768x768.jpeg 768w, https:\/\/bergers-schlagerparadies.de\/wp-content\/uploads\/2026\/03\/Uwe-Adams-Das-hoer-ich-heut-zum-ersten-Mal-1536x1536.jpeg 1536w, https:\/\/bergers-schlagerparadies.de\/wp-content\/uploads\/2026\/03\/Uwe-Adams-Das-hoer-ich-heut-zum-ersten-Mal-2048x2048.jpeg 2048w, https:\/\/bergers-schlagerparadies.de\/wp-content\/uploads\/2026\/03\/Uwe-Adams-Das-hoer-ich-heut-zum-ersten-Mal-1200x1200.jpeg 1200w, https:\/\/bergers-schlagerparadies.de\/wp-content\/uploads\/2026\/03\/Uwe-Adams-Das-hoer-ich-heut-zum-ersten-Mal-1188x1188.jpeg 1188w, https:\/\/bergers-schlagerparadies.de\/wp-content\/uploads\/2026\/03\/Uwe-Adams-Das-hoer-ich-heut-zum-ersten-Mal-100x100.jpeg 100w\" sizes=\"auto, (max-width: 70px) 100vw, 70px\" \/>\u00a0 Uwe Adams<\/span> &#8211; Das h\u00f6r&#8216; ich heut&#8216; zum ersten Mal ( <span style=\"color: #800000;\">ARTISTS &amp; ACTS<\/span>\u00a0)<\/strong><\/li>\n<li><strong><img loading=\"lazy\" decoding=\"async\" class=\"alignnone wp-image-42228\" src=\"https:\/\/bergers-schlagerparadies.de\/wp-content\/uploads\/2026\/03\/Yve-Marwan-Heut-geh-ma-net-Hoam-300x300.jpeg\" alt=\"\" width=\"70\" height=\"70\" srcset=\"https:\/\/bergers-schlagerparadies.de\/wp-content\/uploads\/2026\/03\/Yve-Marwan-Heut-geh-ma-net-Hoam-300x300.jpeg 300w, https:\/\/bergers-schlagerparadies.de\/wp-content\/uploads\/2026\/03\/Yve-Marwan-Heut-geh-ma-net-Hoam-1024x1024.jpeg 1024w, https:\/\/bergers-schlagerparadies.de\/wp-content\/uploads\/2026\/03\/Yve-Marwan-Heut-geh-ma-net-Hoam-150x150.jpeg 150w, https:\/\/bergers-schlagerparadies.de\/wp-content\/uploads\/2026\/03\/Yve-Marwan-Heut-geh-ma-net-Hoam-768x768.jpeg 768w, https:\/\/bergers-schlagerparadies.de\/wp-content\/uploads\/2026\/03\/Yve-Marwan-Heut-geh-ma-net-Hoam-1536x1536.jpeg 1536w, https:\/\/bergers-schlagerparadies.de\/wp-content\/uploads\/2026\/03\/Yve-Marwan-Heut-geh-ma-net-Hoam-2048x2048.jpeg 2048w, https:\/\/bergers-schlagerparadies.de\/wp-content\/uploads\/2026\/03\/Yve-Marwan-Heut-geh-ma-net-Hoam-1200x1200.jpeg 1200w, https:\/\/bergers-schlagerparadies.de\/wp-content\/uploads\/2026\/03\/Yve-Marwan-Heut-geh-ma-net-Hoam-1188x1188.jpeg 1188w, https:\/\/bergers-schlagerparadies.de\/wp-content\/uploads\/2026\/03\/Yve-Marwan-Heut-geh-ma-net-Hoam-100x100.jpeg 100w\" sizes=\"auto, (max-width: 70px) 100vw, 70px\" \/>\u00a0 Yve Marwan &#8211; Heut geh ma net Hoam ( <span style=\"color: #800000;\">Fiesta Records<\/span> )<\/strong><\/li>\n<\/ul>\n<p><span style=\"font-size: 12pt;\"><strong><em><span style=\"color: #666699;\">Neuvorstellungen<\/span><\/em><em><span style=\"color: #666699;\"> in dieser Woche: mit V\u00d6: <\/span><span style=\"color: #666699;\"><span style=\"color: #800000;\">13<\/span><\/span><span style=\"color: #666699;\"><span style=\"color: #993366; font-size: 14pt;\">. M\u00e4rz 2026 <\/span>&#8211; 11<\/span><span style=\"color: #808080;\">KW<\/span><\/em><\/strong><\/span><\/p>\n<ul>\n<li><strong><img loading=\"lazy\" decoding=\"async\" class=\"alignnone wp-image-42131\" src=\"https:\/\/bergers-schlagerparadies.de\/wp-content\/uploads\/2026\/03\/Chris-Norman-Lifelines-Album-300x300.jpeg\" alt=\"\" width=\"71\" height=\"71\" srcset=\"https:\/\/bergers-schlagerparadies.de\/wp-content\/uploads\/2026\/03\/Chris-Norman-Lifelines-Album-300x300.jpeg 300w, https:\/\/bergers-schlagerparadies.de\/wp-content\/uploads\/2026\/03\/Chris-Norman-Lifelines-Album-1024x1024.jpeg 1024w, https:\/\/bergers-schlagerparadies.de\/wp-content\/uploads\/2026\/03\/Chris-Norman-Lifelines-Album-150x150.jpeg 150w, https:\/\/bergers-schlagerparadies.de\/wp-content\/uploads\/2026\/03\/Chris-Norman-Lifelines-Album-768x768.jpeg 768w, https:\/\/bergers-schlagerparadies.de\/wp-content\/uploads\/2026\/03\/Chris-Norman-Lifelines-Album-1188x1188.jpeg 1188w, https:\/\/bergers-schlagerparadies.de\/wp-content\/uploads\/2026\/03\/Chris-Norman-Lifelines-Album-100x100.jpeg 100w, https:\/\/bergers-schlagerparadies.de\/wp-content\/uploads\/2026\/03\/Chris-Norman-Lifelines-Album.jpeg 1200w\" sizes=\"auto, (max-width: 71px) 100vw, 71px\" \/>\u00a0 <span style=\"color: #800000;\">Chris Norman<\/span> &#8211; Lifelines (<span style=\"color: #000000;\">Album<\/span>) ( <span style=\"color: #800000;\">Stars by Edel<\/span>\u00a0)<\/strong><\/li>\n<li><strong><span style=\"color: #800000;\"><img loading=\"lazy\" decoding=\"async\" class=\"alignnone wp-image-42244\" src=\"https:\/\/bergers-schlagerparadies.de\/wp-content\/uploads\/2026\/03\/Frank-Schoebel-Spiel-des-Lebens-Album-300x300.jpeg\" alt=\"\" width=\"69\" height=\"69\" srcset=\"https:\/\/bergers-schlagerparadies.de\/wp-content\/uploads\/2026\/03\/Frank-Schoebel-Spiel-des-Lebens-Album-300x300.jpeg 300w, https:\/\/bergers-schlagerparadies.de\/wp-content\/uploads\/2026\/03\/Frank-Schoebel-Spiel-des-Lebens-Album-1024x1024.jpeg 1024w, https:\/\/bergers-schlagerparadies.de\/wp-content\/uploads\/2026\/03\/Frank-Schoebel-Spiel-des-Lebens-Album-150x150.jpeg 150w, https:\/\/bergers-schlagerparadies.de\/wp-content\/uploads\/2026\/03\/Frank-Schoebel-Spiel-des-Lebens-Album-768x768.jpeg 768w, https:\/\/bergers-schlagerparadies.de\/wp-content\/uploads\/2026\/03\/Frank-Schoebel-Spiel-des-Lebens-Album-1536x1536.jpeg 1536w, https:\/\/bergers-schlagerparadies.de\/wp-content\/uploads\/2026\/03\/Frank-Schoebel-Spiel-des-Lebens-Album-2048x2048.jpeg 2048w, https:\/\/bergers-schlagerparadies.de\/wp-content\/uploads\/2026\/03\/Frank-Schoebel-Spiel-des-Lebens-Album-1200x1200.jpeg 1200w, https:\/\/bergers-schlagerparadies.de\/wp-content\/uploads\/2026\/03\/Frank-Schoebel-Spiel-des-Lebens-Album-1188x1188.jpeg 1188w, https:\/\/bergers-schlagerparadies.de\/wp-content\/uploads\/2026\/03\/Frank-Schoebel-Spiel-des-Lebens-Album-100x100.jpeg 100w\" sizes=\"auto, (max-width: 69px) 100vw, 69px\" \/>\u00a0 Frank Sch\u00f6bel<\/span> &#8211; Spiel des Lebens (Album) ( <span style=\"color: #800000;\">Monopol Records<\/span>\u00a0)<\/strong><\/li>\n<li><strong><span style=\"color: #800000;\"><img loading=\"lazy\" decoding=\"async\" class=\"alignnone wp-image-42279\" src=\"https:\/\/bergers-schlagerparadies.de\/wp-content\/uploads\/2026\/03\/Unheilig-Liebe-Glaube-Monster-Deluxe-Edition-Album-300x300.jpg\" alt=\"\" width=\"70\" height=\"70\" srcset=\"https:\/\/bergers-schlagerparadies.de\/wp-content\/uploads\/2026\/03\/Unheilig-Liebe-Glaube-Monster-Deluxe-Edition-Album-300x300.jpg 300w, https:\/\/bergers-schlagerparadies.de\/wp-content\/uploads\/2026\/03\/Unheilig-Liebe-Glaube-Monster-Deluxe-Edition-Album-150x150.jpg 150w, https:\/\/bergers-schlagerparadies.de\/wp-content\/uploads\/2026\/03\/Unheilig-Liebe-Glaube-Monster-Deluxe-Edition-Album-100x100.jpg 100w, https:\/\/bergers-schlagerparadies.de\/wp-content\/uploads\/2026\/03\/Unheilig-Liebe-Glaube-Monster-Deluxe-Edition-Album.jpg 640w\" sizes=\"auto, (max-width: 70px) 100vw, 70px\" \/>\u00a0 Unheilig<\/span> &#8211; Liebe Glaube Monster (Deluxe Edition) (<span style=\"color: #800000;\">Album<\/span>) ( <span style=\"color: #800000;\">Universal Music<\/span>\u00a0)<\/strong><\/li>\n<li><span style=\"color: #800000;\"><strong>&#8212;&#8212;&#8212;&#8212;&#8212;&#8212;&#8212;&#8212;&#8212;&#8212;&#8212;&#8212;&#8212;&#8212;&#8212;&#8212;&#8212;&#8212;&#8212;&#8212;&#8212;&#8212;&#8212;&#8212;&#8212;&#8212;&#8212;&#8212;&#8212;&#8212;&#8212;&#8212;&#8211;<\/strong><\/span><\/li>\n<li><strong><img loading=\"lazy\" decoding=\"async\" class=\"alignnone wp-image-42018\" src=\"https:\/\/bergers-schlagerparadies.de\/wp-content\/uploads\/2026\/03\/Alexander-Martin-Gib-Gas-300x300.jpeg\" alt=\"\" width=\"70\" height=\"70\" srcset=\"https:\/\/bergers-schlagerparadies.de\/wp-content\/uploads\/2026\/03\/Alexander-Martin-Gib-Gas-300x300.jpeg 300w, https:\/\/bergers-schlagerparadies.de\/wp-content\/uploads\/2026\/03\/Alexander-Martin-Gib-Gas-1024x1024.jpeg 1024w, https:\/\/bergers-schlagerparadies.de\/wp-content\/uploads\/2026\/03\/Alexander-Martin-Gib-Gas-150x150.jpeg 150w, https:\/\/bergers-schlagerparadies.de\/wp-content\/uploads\/2026\/03\/Alexander-Martin-Gib-Gas-768x768.jpeg 768w, https:\/\/bergers-schlagerparadies.de\/wp-content\/uploads\/2026\/03\/Alexander-Martin-Gib-Gas-1200x1200.jpeg 1200w, https:\/\/bergers-schlagerparadies.de\/wp-content\/uploads\/2026\/03\/Alexander-Martin-Gib-Gas-1188x1188.jpeg 1188w, https:\/\/bergers-schlagerparadies.de\/wp-content\/uploads\/2026\/03\/Alexander-Martin-Gib-Gas-100x100.jpeg 100w, https:\/\/bergers-schlagerparadies.de\/wp-content\/uploads\/2026\/03\/Alexander-Martin-Gib-Gas.jpeg 1440w\" sizes=\"auto, (max-width: 70px) 100vw, 70px\" \/>\u00a0 <span style=\"color: #800000;\">Alexander Martin<\/span> &#8211; Gib Gas! ( <span style=\"color: #800000;\">Osnaton Records<\/span>\u00a0)<\/strong><\/li>\n<li><strong><span style=\"color: #800000;\"><img loading=\"lazy\" decoding=\"async\" class=\"alignnone wp-image-42232\" src=\"https:\/\/bergers-schlagerparadies.de\/wp-content\/uploads\/2026\/03\/Anna-Maria-Zimmermann-Schiess-dich-zum-Mond-300x300.jpeg\" alt=\"\" width=\"70\" height=\"70\" srcset=\"https:\/\/bergers-schlagerparadies.de\/wp-content\/uploads\/2026\/03\/Anna-Maria-Zimmermann-Schiess-dich-zum-Mond-300x300.jpeg 300w, https:\/\/bergers-schlagerparadies.de\/wp-content\/uploads\/2026\/03\/Anna-Maria-Zimmermann-Schiess-dich-zum-Mond-1024x1024.jpeg 1024w, https:\/\/bergers-schlagerparadies.de\/wp-content\/uploads\/2026\/03\/Anna-Maria-Zimmermann-Schiess-dich-zum-Mond-150x150.jpeg 150w, https:\/\/bergers-schlagerparadies.de\/wp-content\/uploads\/2026\/03\/Anna-Maria-Zimmermann-Schiess-dich-zum-Mond-768x768.jpeg 768w, https:\/\/bergers-schlagerparadies.de\/wp-content\/uploads\/2026\/03\/Anna-Maria-Zimmermann-Schiess-dich-zum-Mond-1536x1536.jpeg 1536w, https:\/\/bergers-schlagerparadies.de\/wp-content\/uploads\/2026\/03\/Anna-Maria-Zimmermann-Schiess-dich-zum-Mond-2048x2048.jpeg 2048w, https:\/\/bergers-schlagerparadies.de\/wp-content\/uploads\/2026\/03\/Anna-Maria-Zimmermann-Schiess-dich-zum-Mond-1200x1200.jpeg 1200w, https:\/\/bergers-schlagerparadies.de\/wp-content\/uploads\/2026\/03\/Anna-Maria-Zimmermann-Schiess-dich-zum-Mond-1188x1188.jpeg 1188w, https:\/\/bergers-schlagerparadies.de\/wp-content\/uploads\/2026\/03\/Anna-Maria-Zimmermann-Schiess-dich-zum-Mond-100x100.jpeg 100w\" sizes=\"auto, (max-width: 70px) 100vw, 70px\" \/>\u00a0 Anna-Maria Zimmermann<\/span> &#8211; Schiess dich zum Mond ( <span style=\"color: #800000;\">Madizin Music\/Believe<\/span>\u00a0)<\/strong><\/li>\n<li><strong><img loading=\"lazy\" decoding=\"async\" class=\"alignnone wp-image-42152\" src=\"https:\/\/bergers-schlagerparadies.de\/wp-content\/uploads\/2026\/03\/Andreas-Kuhne-Wunder-300x300.jpeg\" alt=\"\" width=\"70\" height=\"70\" srcset=\"https:\/\/bergers-schlagerparadies.de\/wp-content\/uploads\/2026\/03\/Andreas-Kuhne-Wunder-300x300.jpeg 300w, https:\/\/bergers-schlagerparadies.de\/wp-content\/uploads\/2026\/03\/Andreas-Kuhne-Wunder-1024x1024.jpeg 1024w, https:\/\/bergers-schlagerparadies.de\/wp-content\/uploads\/2026\/03\/Andreas-Kuhne-Wunder-150x150.jpeg 150w, https:\/\/bergers-schlagerparadies.de\/wp-content\/uploads\/2026\/03\/Andreas-Kuhne-Wunder-768x768.jpeg 768w, https:\/\/bergers-schlagerparadies.de\/wp-content\/uploads\/2026\/03\/Andreas-Kuhne-Wunder-1188x1188.jpeg 1188w, https:\/\/bergers-schlagerparadies.de\/wp-content\/uploads\/2026\/03\/Andreas-Kuhne-Wunder-100x100.jpeg 100w, https:\/\/bergers-schlagerparadies.de\/wp-content\/uploads\/2026\/03\/Andreas-Kuhne-Wunder.jpeg 1200w\" sizes=\"auto, (max-width: 70px) 100vw, 70px\" \/>\u00a0 <span style=\"color: #800000;\">Andreas Kuhne<\/span> &#8211; Wunder ( <span style=\"color: #800000;\">DO Musik<\/span>\u00a0)<\/strong><\/li>\n<li><strong><span style=\"color: #800000;\"><img loading=\"lazy\" decoding=\"async\" class=\"alignnone wp-image-42236\" src=\"https:\/\/bergers-schlagerparadies.de\/wp-content\/uploads\/2026\/03\/Ben-Mueller-Unbesiegbar-300x300.jpeg\" alt=\"\" width=\"70\" height=\"70\" srcset=\"https:\/\/bergers-schlagerparadies.de\/wp-content\/uploads\/2026\/03\/Ben-Mueller-Unbesiegbar-300x300.jpeg 300w, https:\/\/bergers-schlagerparadies.de\/wp-content\/uploads\/2026\/03\/Ben-Mueller-Unbesiegbar-1024x1024.jpeg 1024w, https:\/\/bergers-schlagerparadies.de\/wp-content\/uploads\/2026\/03\/Ben-Mueller-Unbesiegbar-150x150.jpeg 150w, https:\/\/bergers-schlagerparadies.de\/wp-content\/uploads\/2026\/03\/Ben-Mueller-Unbesiegbar-768x768.jpeg 768w, https:\/\/bergers-schlagerparadies.de\/wp-content\/uploads\/2026\/03\/Ben-Mueller-Unbesiegbar-1536x1536.jpeg 1536w, https:\/\/bergers-schlagerparadies.de\/wp-content\/uploads\/2026\/03\/Ben-Mueller-Unbesiegbar-2048x2048.jpeg 2048w, https:\/\/bergers-schlagerparadies.de\/wp-content\/uploads\/2026\/03\/Ben-Mueller-Unbesiegbar-1200x1200.jpeg 1200w, https:\/\/bergers-schlagerparadies.de\/wp-content\/uploads\/2026\/03\/Ben-Mueller-Unbesiegbar-1188x1188.jpeg 1188w, https:\/\/bergers-schlagerparadies.de\/wp-content\/uploads\/2026\/03\/Ben-Mueller-Unbesiegbar-100x100.jpeg 100w\" sizes=\"auto, (max-width: 70px) 100vw, 70px\" \/>\u00a0 Ben M\u00fcller<\/span> &#8211; Unbesiegbar ( <span style=\"color: #800000;\">CSI MUSIC<\/span>\u00a0)<\/strong><\/li>\n<li><strong><span style=\"color: #800000;\"><img loading=\"lazy\" decoding=\"async\" class=\"alignnone wp-image-41890\" src=\"https:\/\/bergers-schlagerparadies.de\/wp-content\/uploads\/2026\/02\/Christina-Betz-Woher-kommt-die-Angst-300x300.jpeg\" alt=\"\" width=\"70\" height=\"70\" srcset=\"https:\/\/bergers-schlagerparadies.de\/wp-content\/uploads\/2026\/02\/Christina-Betz-Woher-kommt-die-Angst-300x300.jpeg 300w, https:\/\/bergers-schlagerparadies.de\/wp-content\/uploads\/2026\/02\/Christina-Betz-Woher-kommt-die-Angst-1024x1024.jpeg 1024w, https:\/\/bergers-schlagerparadies.de\/wp-content\/uploads\/2026\/02\/Christina-Betz-Woher-kommt-die-Angst-150x150.jpeg 150w, https:\/\/bergers-schlagerparadies.de\/wp-content\/uploads\/2026\/02\/Christina-Betz-Woher-kommt-die-Angst-768x768.jpeg 768w, https:\/\/bergers-schlagerparadies.de\/wp-content\/uploads\/2026\/02\/Christina-Betz-Woher-kommt-die-Angst-1200x1200.jpeg 1200w, https:\/\/bergers-schlagerparadies.de\/wp-content\/uploads\/2026\/02\/Christina-Betz-Woher-kommt-die-Angst-1188x1188.jpeg 1188w, https:\/\/bergers-schlagerparadies.de\/wp-content\/uploads\/2026\/02\/Christina-Betz-Woher-kommt-die-Angst-100x100.jpeg 100w, https:\/\/bergers-schlagerparadies.de\/wp-content\/uploads\/2026\/02\/Christina-Betz-Woher-kommt-die-Angst.jpeg 1500w\" sizes=\"auto, (max-width: 70px) 100vw, 70px\" \/>\u00a0 Christina Betz<\/span> &#8211; Woher kommt die Angst ? ( <span style=\"color: #800000;\">recordJet<\/span>\u00a0)<\/strong><\/li>\n<li><strong><span style=\"color: #800000;\"><img loading=\"lazy\" decoding=\"async\" class=\"alignnone wp-image-42260\" src=\"https:\/\/bergers-schlagerparadies.de\/wp-content\/uploads\/2026\/03\/Christian-Lais-Weil-wir-Traeumer-sind-300x300.jpeg\" alt=\"\" width=\"70\" height=\"70\" srcset=\"https:\/\/bergers-schlagerparadies.de\/wp-content\/uploads\/2026\/03\/Christian-Lais-Weil-wir-Traeumer-sind-300x300.jpeg 300w, https:\/\/bergers-schlagerparadies.de\/wp-content\/uploads\/2026\/03\/Christian-Lais-Weil-wir-Traeumer-sind-1024x1024.jpeg 1024w, https:\/\/bergers-schlagerparadies.de\/wp-content\/uploads\/2026\/03\/Christian-Lais-Weil-wir-Traeumer-sind-150x150.jpeg 150w, https:\/\/bergers-schlagerparadies.de\/wp-content\/uploads\/2026\/03\/Christian-Lais-Weil-wir-Traeumer-sind-768x768.jpeg 768w, https:\/\/bergers-schlagerparadies.de\/wp-content\/uploads\/2026\/03\/Christian-Lais-Weil-wir-Traeumer-sind-1200x1200.jpeg 1200w, https:\/\/bergers-schlagerparadies.de\/wp-content\/uploads\/2026\/03\/Christian-Lais-Weil-wir-Traeumer-sind-1188x1188.jpeg 1188w, https:\/\/bergers-schlagerparadies.de\/wp-content\/uploads\/2026\/03\/Christian-Lais-Weil-wir-Traeumer-sind-100x100.jpeg 100w, https:\/\/bergers-schlagerparadies.de\/wp-content\/uploads\/2026\/03\/Christian-Lais-Weil-wir-Traeumer-sind.jpeg 1500w\" sizes=\"auto, (max-width: 70px) 100vw, 70px\" \/>\u00a0 Christian Lais<\/span> &#8211; Weil wir Tr\u00e4umer sind ( <span style=\"color: #800000;\">Telamo<\/span>\u00a0) <\/strong><\/li>\n<li><strong><span style=\"color: #800000;\"><img loading=\"lazy\" decoding=\"async\" class=\"alignnone wp-image-42172\" src=\"https:\/\/bergers-schlagerparadies.de\/wp-content\/uploads\/2026\/03\/Christopher-Held-Himmel-aus-Gold-300x300.jpg\" alt=\"\" width=\"70\" height=\"70\" srcset=\"https:\/\/bergers-schlagerparadies.de\/wp-content\/uploads\/2026\/03\/Christopher-Held-Himmel-aus-Gold-300x300.jpg 300w, https:\/\/bergers-schlagerparadies.de\/wp-content\/uploads\/2026\/03\/Christopher-Held-Himmel-aus-Gold-1024x1024.jpg 1024w, https:\/\/bergers-schlagerparadies.de\/wp-content\/uploads\/2026\/03\/Christopher-Held-Himmel-aus-Gold-150x150.jpg 150w, https:\/\/bergers-schlagerparadies.de\/wp-content\/uploads\/2026\/03\/Christopher-Held-Himmel-aus-Gold-768x768.jpg 768w, https:\/\/bergers-schlagerparadies.de\/wp-content\/uploads\/2026\/03\/Christopher-Held-Himmel-aus-Gold-1536x1536.jpg 1536w, https:\/\/bergers-schlagerparadies.de\/wp-content\/uploads\/2026\/03\/Christopher-Held-Himmel-aus-Gold-2048x2048.jpg 2048w, https:\/\/bergers-schlagerparadies.de\/wp-content\/uploads\/2026\/03\/Christopher-Held-Himmel-aus-Gold-1200x1200.jpg 1200w, https:\/\/bergers-schlagerparadies.de\/wp-content\/uploads\/2026\/03\/Christopher-Held-Himmel-aus-Gold-1188x1188.jpg 1188w, https:\/\/bergers-schlagerparadies.de\/wp-content\/uploads\/2026\/03\/Christopher-Held-Himmel-aus-Gold-100x100.jpg 100w\" sizes=\"auto, (max-width: 70px) 100vw, 70px\" \/>\u00a0 Christopher Held<\/span> &#8211; Himmel aus Gold ( <span style=\"color: #800000;\">KLONDIKE Records &amp; Songs<\/span>\u00a0)<\/strong><\/li>\n<li><strong><span style=\"color: #800000;\"><img loading=\"lazy\" decoding=\"async\" class=\"alignnone wp-image-42178\" src=\"https:\/\/bergers-schlagerparadies.de\/wp-content\/uploads\/2026\/03\/Connor-Meister-Was-fuer-ein-Gefuehl-300x300.jpeg\" alt=\"\" width=\"70\" height=\"70\" srcset=\"https:\/\/bergers-schlagerparadies.de\/wp-content\/uploads\/2026\/03\/Connor-Meister-Was-fuer-ein-Gefuehl-300x300.jpeg 300w, https:\/\/bergers-schlagerparadies.de\/wp-content\/uploads\/2026\/03\/Connor-Meister-Was-fuer-ein-Gefuehl-1024x1024.jpeg 1024w, https:\/\/bergers-schlagerparadies.de\/wp-content\/uploads\/2026\/03\/Connor-Meister-Was-fuer-ein-Gefuehl-150x150.jpeg 150w, https:\/\/bergers-schlagerparadies.de\/wp-content\/uploads\/2026\/03\/Connor-Meister-Was-fuer-ein-Gefuehl-768x768.jpeg 768w, https:\/\/bergers-schlagerparadies.de\/wp-content\/uploads\/2026\/03\/Connor-Meister-Was-fuer-ein-Gefuehl-1536x1536.jpeg 1536w, https:\/\/bergers-schlagerparadies.de\/wp-content\/uploads\/2026\/03\/Connor-Meister-Was-fuer-ein-Gefuehl-2048x2048.jpeg 2048w, https:\/\/bergers-schlagerparadies.de\/wp-content\/uploads\/2026\/03\/Connor-Meister-Was-fuer-ein-Gefuehl-1200x1200.jpeg 1200w, https:\/\/bergers-schlagerparadies.de\/wp-content\/uploads\/2026\/03\/Connor-Meister-Was-fuer-ein-Gefuehl-1188x1188.jpeg 1188w, https:\/\/bergers-schlagerparadies.de\/wp-content\/uploads\/2026\/03\/Connor-Meister-Was-fuer-ein-Gefuehl-100x100.jpeg 100w\" sizes=\"auto, (max-width: 70px) 100vw, 70px\" \/>\u00a0 Connor Meister<\/span> &#8211; Was f\u00fcr ein Gef\u00fchl ( <span style=\"color: #800000;\">Eventline Media KG<\/span>\u00a0)<\/strong><\/li>\n<li><strong><span style=\"color: #800000;\"><img loading=\"lazy\" decoding=\"async\" class=\"alignnone wp-image-42240\" src=\"https:\/\/bergers-schlagerparadies.de\/wp-content\/uploads\/2026\/03\/Danny-Davis-Den-Himmel-erleben-REMAKE-2026-300x300.jpeg\" alt=\"\" width=\"70\" height=\"70\" srcset=\"https:\/\/bergers-schlagerparadies.de\/wp-content\/uploads\/2026\/03\/Danny-Davis-Den-Himmel-erleben-REMAKE-2026-300x300.jpeg 300w, https:\/\/bergers-schlagerparadies.de\/wp-content\/uploads\/2026\/03\/Danny-Davis-Den-Himmel-erleben-REMAKE-2026-1024x1024.jpeg 1024w, https:\/\/bergers-schlagerparadies.de\/wp-content\/uploads\/2026\/03\/Danny-Davis-Den-Himmel-erleben-REMAKE-2026-150x150.jpeg 150w, https:\/\/bergers-schlagerparadies.de\/wp-content\/uploads\/2026\/03\/Danny-Davis-Den-Himmel-erleben-REMAKE-2026-768x768.jpeg 768w, https:\/\/bergers-schlagerparadies.de\/wp-content\/uploads\/2026\/03\/Danny-Davis-Den-Himmel-erleben-REMAKE-2026-1200x1200.jpeg 1200w, https:\/\/bergers-schlagerparadies.de\/wp-content\/uploads\/2026\/03\/Danny-Davis-Den-Himmel-erleben-REMAKE-2026-1188x1188.jpeg 1188w, https:\/\/bergers-schlagerparadies.de\/wp-content\/uploads\/2026\/03\/Danny-Davis-Den-Himmel-erleben-REMAKE-2026-100x100.jpeg 100w, https:\/\/bergers-schlagerparadies.de\/wp-content\/uploads\/2026\/03\/Danny-Davis-Den-Himmel-erleben-REMAKE-2026.jpeg 1417w\" sizes=\"auto, (max-width: 70px) 100vw, 70px\" \/>\u00a0 Danny Davis<\/span> &#8211; Den Himmel erleben &#8211; REMAKE 2026 ( <span style=\"color: #800000;\">Modern Taste Records<\/span>\u00a0)<\/strong><\/li>\n<li><strong><img loading=\"lazy\" decoding=\"async\" class=\"alignnone wp-image-42099\" src=\"https:\/\/bergers-schlagerparadies.de\/wp-content\/uploads\/2026\/03\/Funcoustic-Drunken-Sailor-Radio-Edit-300x300.jpeg\" alt=\"\" width=\"70\" height=\"70\" srcset=\"https:\/\/bergers-schlagerparadies.de\/wp-content\/uploads\/2026\/03\/Funcoustic-Drunken-Sailor-Radio-Edit-300x300.jpeg 300w, https:\/\/bergers-schlagerparadies.de\/wp-content\/uploads\/2026\/03\/Funcoustic-Drunken-Sailor-Radio-Edit-1024x1024.jpeg 1024w, https:\/\/bergers-schlagerparadies.de\/wp-content\/uploads\/2026\/03\/Funcoustic-Drunken-Sailor-Radio-Edit-150x150.jpeg 150w, https:\/\/bergers-schlagerparadies.de\/wp-content\/uploads\/2026\/03\/Funcoustic-Drunken-Sailor-Radio-Edit-768x768.jpeg 768w, https:\/\/bergers-schlagerparadies.de\/wp-content\/uploads\/2026\/03\/Funcoustic-Drunken-Sailor-Radio-Edit-1200x1200.jpeg 1200w, https:\/\/bergers-schlagerparadies.de\/wp-content\/uploads\/2026\/03\/Funcoustic-Drunken-Sailor-Radio-Edit-1188x1188.jpeg 1188w, https:\/\/bergers-schlagerparadies.de\/wp-content\/uploads\/2026\/03\/Funcoustic-Drunken-Sailor-Radio-Edit-100x100.jpeg 100w, https:\/\/bergers-schlagerparadies.de\/wp-content\/uploads\/2026\/03\/Funcoustic-Drunken-Sailor-Radio-Edit.jpeg 1440w\" sizes=\"auto, (max-width: 70px) 100vw, 70px\" \/>\u00a0 <span style=\"color: #800000;\">Funcoustic<\/span> &#8211; Drunken Sailor (Radio Edit) ( <span style=\"color: #800000;\">Herz7<\/span>\u00a0)<\/strong><\/li>\n<li><strong><span style=\"color: #800000;\"><img loading=\"lazy\" decoding=\"async\" class=\"alignnone wp-image-42166\" src=\"https:\/\/bergers-schlagerparadies.de\/wp-content\/uploads\/2026\/03\/Gunvor-SUPERWOMAN-300x300.jpg\" alt=\"\" width=\"70\" height=\"70\" srcset=\"https:\/\/bergers-schlagerparadies.de\/wp-content\/uploads\/2026\/03\/Gunvor-SUPERWOMAN-300x300.jpg 300w, https:\/\/bergers-schlagerparadies.de\/wp-content\/uploads\/2026\/03\/Gunvor-SUPERWOMAN-1024x1024.jpg 1024w, https:\/\/bergers-schlagerparadies.de\/wp-content\/uploads\/2026\/03\/Gunvor-SUPERWOMAN-150x150.jpg 150w, https:\/\/bergers-schlagerparadies.de\/wp-content\/uploads\/2026\/03\/Gunvor-SUPERWOMAN-768x768.jpg 768w, https:\/\/bergers-schlagerparadies.de\/wp-content\/uploads\/2026\/03\/Gunvor-SUPERWOMAN-1200x1200.jpg 1200w, https:\/\/bergers-schlagerparadies.de\/wp-content\/uploads\/2026\/03\/Gunvor-SUPERWOMAN-1188x1188.jpg 1188w, https:\/\/bergers-schlagerparadies.de\/wp-content\/uploads\/2026\/03\/Gunvor-SUPERWOMAN-100x100.jpg 100w, https:\/\/bergers-schlagerparadies.de\/wp-content\/uploads\/2026\/03\/Gunvor-SUPERWOMAN.jpg 1400w\" sizes=\"auto, (max-width: 70px) 100vw, 70px\" \/>\u00a0 GUNVOR<\/span> &#8211; SUPERWOMAN ( <span style=\"color: #800000;\">RMGM Roland Meyer for Gunvor Music &amp; Books KLG<\/span><\/strong><strong>\u00a0)<\/strong><\/li>\n<li><strong><span style=\"color: #800000;\"><img loading=\"lazy\" decoding=\"async\" class=\"alignnone wp-image-42248\" src=\"https:\/\/bergers-schlagerparadies.de\/wp-content\/uploads\/2026\/03\/Isa-Jansen-Gib-mir-einen-guten-Grund-300x300.jpeg\" alt=\"\" width=\"70\" height=\"70\" srcset=\"https:\/\/bergers-schlagerparadies.de\/wp-content\/uploads\/2026\/03\/Isa-Jansen-Gib-mir-einen-guten-Grund-300x300.jpeg 300w, https:\/\/bergers-schlagerparadies.de\/wp-content\/uploads\/2026\/03\/Isa-Jansen-Gib-mir-einen-guten-Grund-1024x1024.jpeg 1024w, https:\/\/bergers-schlagerparadies.de\/wp-content\/uploads\/2026\/03\/Isa-Jansen-Gib-mir-einen-guten-Grund-150x150.jpeg 150w, https:\/\/bergers-schlagerparadies.de\/wp-content\/uploads\/2026\/03\/Isa-Jansen-Gib-mir-einen-guten-Grund-768x768.jpeg 768w, https:\/\/bergers-schlagerparadies.de\/wp-content\/uploads\/2026\/03\/Isa-Jansen-Gib-mir-einen-guten-Grund-1188x1188.jpeg 1188w, https:\/\/bergers-schlagerparadies.de\/wp-content\/uploads\/2026\/03\/Isa-Jansen-Gib-mir-einen-guten-Grund-100x100.jpeg 100w, https:\/\/bergers-schlagerparadies.de\/wp-content\/uploads\/2026\/03\/Isa-Jansen-Gib-mir-einen-guten-Grund.jpeg 1200w\" sizes=\"auto, (max-width: 70px) 100vw, 70px\" \/>\u00a0 Isa Jansen<\/span> &#8211; Gib mir einen guten Grund ( <span style=\"color: #800000;\">Lasso-Music \/ Vertrieb: Kontor New Media<\/span><span style=\"color: #800000;\">\u00a0<\/span>)<\/strong><\/li>\n<li><strong><span style=\"color: #800000;\"><img loading=\"lazy\" decoding=\"async\" class=\"alignnone wp-image-42183\" src=\"https:\/\/bergers-schlagerparadies.de\/wp-content\/uploads\/2026\/03\/Karl-Koenig-Die-Sonne-und-Du-300x300.jpeg\" alt=\"\" width=\"70\" height=\"70\" srcset=\"https:\/\/bergers-schlagerparadies.de\/wp-content\/uploads\/2026\/03\/Karl-Koenig-Die-Sonne-und-Du-300x300.jpeg 300w, https:\/\/bergers-schlagerparadies.de\/wp-content\/uploads\/2026\/03\/Karl-Koenig-Die-Sonne-und-Du-1024x1024.jpeg 1024w, https:\/\/bergers-schlagerparadies.de\/wp-content\/uploads\/2026\/03\/Karl-Koenig-Die-Sonne-und-Du-150x150.jpeg 150w, https:\/\/bergers-schlagerparadies.de\/wp-content\/uploads\/2026\/03\/Karl-Koenig-Die-Sonne-und-Du-768x768.jpeg 768w, https:\/\/bergers-schlagerparadies.de\/wp-content\/uploads\/2026\/03\/Karl-Koenig-Die-Sonne-und-Du-1536x1536.jpeg 1536w, https:\/\/bergers-schlagerparadies.de\/wp-content\/uploads\/2026\/03\/Karl-Koenig-Die-Sonne-und-Du-2048x2048.jpeg 2048w, https:\/\/bergers-schlagerparadies.de\/wp-content\/uploads\/2026\/03\/Karl-Koenig-Die-Sonne-und-Du-1200x1200.jpeg 1200w, https:\/\/bergers-schlagerparadies.de\/wp-content\/uploads\/2026\/03\/Karl-Koenig-Die-Sonne-und-Du-1188x1188.jpeg 1188w, https:\/\/bergers-schlagerparadies.de\/wp-content\/uploads\/2026\/03\/Karl-Koenig-Die-Sonne-und-Du-100x100.jpeg 100w\" sizes=\"auto, (max-width: 70px) 100vw, 70px\" \/>\u00a0 Karl K\u00f6nig<\/span> &#8211; Die Sonne und Du ( <span style=\"color: #800000;\">Hitmix Music\u00a0<\/span>)<\/strong><\/li>\n<li><strong><span style=\"color: #800000;\"><img loading=\"lazy\" decoding=\"async\" class=\"alignnone wp-image-42162\" src=\"https:\/\/bergers-schlagerparadies.de\/wp-content\/uploads\/2026\/03\/Leben-2.0-Feat.-Mikael-Veyr-Leben-2.0-300x300.jpeg\" alt=\"\" width=\"70\" height=\"70\" srcset=\"https:\/\/bergers-schlagerparadies.de\/wp-content\/uploads\/2026\/03\/Leben-2.0-Feat.-Mikael-Veyr-Leben-2.0-300x300.jpeg 300w, https:\/\/bergers-schlagerparadies.de\/wp-content\/uploads\/2026\/03\/Leben-2.0-Feat.-Mikael-Veyr-Leben-2.0-1024x1024.jpeg 1024w, https:\/\/bergers-schlagerparadies.de\/wp-content\/uploads\/2026\/03\/Leben-2.0-Feat.-Mikael-Veyr-Leben-2.0-150x150.jpeg 150w, https:\/\/bergers-schlagerparadies.de\/wp-content\/uploads\/2026\/03\/Leben-2.0-Feat.-Mikael-Veyr-Leben-2.0-768x768.jpeg 768w, https:\/\/bergers-schlagerparadies.de\/wp-content\/uploads\/2026\/03\/Leben-2.0-Feat.-Mikael-Veyr-Leben-2.0-1188x1188.jpeg 1188w, https:\/\/bergers-schlagerparadies.de\/wp-content\/uploads\/2026\/03\/Leben-2.0-Feat.-Mikael-Veyr-Leben-2.0-100x100.jpeg 100w, https:\/\/bergers-schlagerparadies.de\/wp-content\/uploads\/2026\/03\/Leben-2.0-Feat.-Mikael-Veyr-Leben-2.0.jpeg 1200w\" sizes=\"auto, (max-width: 70px) 100vw, 70px\" \/>\u00a0 Leben 2.0<\/span> Feat. <span style=\"color: #800000;\">Mikael Veyr<\/span> &#8211; Leben 2.0 ( <span style=\"color: #800000;\">AH Winterhood Records<\/span>\u00a0)<\/strong><\/li>\n<li><strong><img loading=\"lazy\" decoding=\"async\" class=\"alignnone wp-image-42103\" src=\"https:\/\/bergers-schlagerparadies.de\/wp-content\/uploads\/2026\/03\/Mario-Steffen-Sansibar-im-Februar-300x300.jpeg\" alt=\"\" width=\"70\" height=\"70\" srcset=\"https:\/\/bergers-schlagerparadies.de\/wp-content\/uploads\/2026\/03\/Mario-Steffen-Sansibar-im-Februar-300x300.jpeg 300w, https:\/\/bergers-schlagerparadies.de\/wp-content\/uploads\/2026\/03\/Mario-Steffen-Sansibar-im-Februar-1024x1024.jpeg 1024w, https:\/\/bergers-schlagerparadies.de\/wp-content\/uploads\/2026\/03\/Mario-Steffen-Sansibar-im-Februar-150x150.jpeg 150w, https:\/\/bergers-schlagerparadies.de\/wp-content\/uploads\/2026\/03\/Mario-Steffen-Sansibar-im-Februar-768x768.jpeg 768w, https:\/\/bergers-schlagerparadies.de\/wp-content\/uploads\/2026\/03\/Mario-Steffen-Sansibar-im-Februar-1536x1536.jpeg 1536w, https:\/\/bergers-schlagerparadies.de\/wp-content\/uploads\/2026\/03\/Mario-Steffen-Sansibar-im-Februar-2048x2048.jpeg 2048w, https:\/\/bergers-schlagerparadies.de\/wp-content\/uploads\/2026\/03\/Mario-Steffen-Sansibar-im-Februar-1200x1200.jpeg 1200w, https:\/\/bergers-schlagerparadies.de\/wp-content\/uploads\/2026\/03\/Mario-Steffen-Sansibar-im-Februar-1188x1188.jpeg 1188w, https:\/\/bergers-schlagerparadies.de\/wp-content\/uploads\/2026\/03\/Mario-Steffen-Sansibar-im-Februar-100x100.jpeg 100w\" sizes=\"auto, (max-width: 70px) 100vw, 70px\" \/>\u00a0 <span style=\"color: #800000;\">Mario Steffen<\/span> &#8211; Sansibar im Februar ( <span style=\"color: #800000;\">Fiesta Records<\/span> )<\/strong><\/li>\n<li><strong><span style=\"color: #800000;\"><img loading=\"lazy\" decoding=\"async\" class=\"alignnone wp-image-42158\" src=\"https:\/\/bergers-schlagerparadies.de\/wp-content\/uploads\/2026\/03\/Micha-Forever-fuer-immer-nur-wir-300x300.jpeg\" alt=\"\" width=\"70\" height=\"70\" srcset=\"https:\/\/bergers-schlagerparadies.de\/wp-content\/uploads\/2026\/03\/Micha-Forever-fuer-immer-nur-wir-300x300.jpeg 300w, https:\/\/bergers-schlagerparadies.de\/wp-content\/uploads\/2026\/03\/Micha-Forever-fuer-immer-nur-wir-1024x1024.jpeg 1024w, https:\/\/bergers-schlagerparadies.de\/wp-content\/uploads\/2026\/03\/Micha-Forever-fuer-immer-nur-wir-150x150.jpeg 150w, https:\/\/bergers-schlagerparadies.de\/wp-content\/uploads\/2026\/03\/Micha-Forever-fuer-immer-nur-wir-768x768.jpeg 768w, https:\/\/bergers-schlagerparadies.de\/wp-content\/uploads\/2026\/03\/Micha-Forever-fuer-immer-nur-wir-1200x1200.jpeg 1200w, https:\/\/bergers-schlagerparadies.de\/wp-content\/uploads\/2026\/03\/Micha-Forever-fuer-immer-nur-wir-1188x1188.jpeg 1188w, https:\/\/bergers-schlagerparadies.de\/wp-content\/uploads\/2026\/03\/Micha-Forever-fuer-immer-nur-wir-100x100.jpeg 100w, https:\/\/bergers-schlagerparadies.de\/wp-content\/uploads\/2026\/03\/Micha-Forever-fuer-immer-nur-wir.jpeg 1500w\" sizes=\"auto, (max-width: 70px) 100vw, 70px\" \/>\u00a0 Micha<\/span> &#8211; Forever (f\u00fcr immer nur wir) ( <span style=\"color: #800000;\">DEYX82291612<\/span>\u00a0)<\/strong><\/li>\n<li><strong><span style=\"color: #800000;\"><img loading=\"lazy\" decoding=\"async\" class=\"alignnone wp-image-42192\" src=\"https:\/\/bergers-schlagerparadies.de\/wp-content\/uploads\/2026\/03\/Mike-Leon-Grosch-Dein-Leben-300x300.jpeg\" alt=\"\" width=\"70\" height=\"70\" srcset=\"https:\/\/bergers-schlagerparadies.de\/wp-content\/uploads\/2026\/03\/Mike-Leon-Grosch-Dein-Leben-300x300.jpeg 300w, https:\/\/bergers-schlagerparadies.de\/wp-content\/uploads\/2026\/03\/Mike-Leon-Grosch-Dein-Leben-1024x1024.jpeg 1024w, https:\/\/bergers-schlagerparadies.de\/wp-content\/uploads\/2026\/03\/Mike-Leon-Grosch-Dein-Leben-150x150.jpeg 150w, https:\/\/bergers-schlagerparadies.de\/wp-content\/uploads\/2026\/03\/Mike-Leon-Grosch-Dein-Leben-768x768.jpeg 768w, https:\/\/bergers-schlagerparadies.de\/wp-content\/uploads\/2026\/03\/Mike-Leon-Grosch-Dein-Leben-1536x1536.jpeg 1536w, https:\/\/bergers-schlagerparadies.de\/wp-content\/uploads\/2026\/03\/Mike-Leon-Grosch-Dein-Leben-2048x2048.jpeg 2048w, https:\/\/bergers-schlagerparadies.de\/wp-content\/uploads\/2026\/03\/Mike-Leon-Grosch-Dein-Leben-1200x1200.jpeg 1200w, https:\/\/bergers-schlagerparadies.de\/wp-content\/uploads\/2026\/03\/Mike-Leon-Grosch-Dein-Leben-1188x1188.jpeg 1188w, https:\/\/bergers-schlagerparadies.de\/wp-content\/uploads\/2026\/03\/Mike-Leon-Grosch-Dein-Leben-100x100.jpeg 100w\" sizes=\"auto, (max-width: 70px) 100vw, 70px\" \/>\u00a0 Mike Leon Grosch<\/span> &#8211; Dein Leben ( <span style=\"color: #800000;\">Grosch Music<\/span>\u00a0)<\/strong><\/li>\n<li><strong><span style=\"color: #800000;\"><img loading=\"lazy\" decoding=\"async\" class=\"alignnone wp-image-41777\" src=\"https:\/\/bergers-schlagerparadies.de\/wp-content\/uploads\/2026\/02\/Miriam-Geissler-Unsichtbar-300x300.jpeg\" alt=\"\" width=\"70\" height=\"70\" srcset=\"https:\/\/bergers-schlagerparadies.de\/wp-content\/uploads\/2026\/02\/Miriam-Geissler-Unsichtbar-300x300.jpeg 300w, https:\/\/bergers-schlagerparadies.de\/wp-content\/uploads\/2026\/02\/Miriam-Geissler-Unsichtbar-1024x1024.jpeg 1024w, https:\/\/bergers-schlagerparadies.de\/wp-content\/uploads\/2026\/02\/Miriam-Geissler-Unsichtbar-150x150.jpeg 150w, https:\/\/bergers-schlagerparadies.de\/wp-content\/uploads\/2026\/02\/Miriam-Geissler-Unsichtbar-768x768.jpeg 768w, https:\/\/bergers-schlagerparadies.de\/wp-content\/uploads\/2026\/02\/Miriam-Geissler-Unsichtbar-1536x1536.jpeg 1536w, https:\/\/bergers-schlagerparadies.de\/wp-content\/uploads\/2026\/02\/Miriam-Geissler-Unsichtbar-2048x2048.jpeg 2048w, https:\/\/bergers-schlagerparadies.de\/wp-content\/uploads\/2026\/02\/Miriam-Geissler-Unsichtbar-1200x1200.jpeg 1200w, https:\/\/bergers-schlagerparadies.de\/wp-content\/uploads\/2026\/02\/Miriam-Geissler-Unsichtbar-1188x1188.jpeg 1188w, https:\/\/bergers-schlagerparadies.de\/wp-content\/uploads\/2026\/02\/Miriam-Geissler-Unsichtbar-100x100.jpeg 100w\" sizes=\"auto, (max-width: 70px) 100vw, 70px\" \/>\u00a0 Miriam Geissler<\/span> &#8211; Unsichtbar ( <span style=\"color: #800000;\">Raubkatzi Records<\/span>\u00a0)<\/strong><\/li>\n<li><strong><span style=\"color: #800000;\"><img loading=\"lazy\" decoding=\"async\" class=\"alignnone wp-image-42196\" src=\"https:\/\/bergers-schlagerparadies.de\/wp-content\/uploads\/2026\/03\/NIK-P.-BIENCHEN-300x300.jpeg\" alt=\"\" width=\"70\" height=\"70\" srcset=\"https:\/\/bergers-schlagerparadies.de\/wp-content\/uploads\/2026\/03\/NIK-P.-BIENCHEN-300x300.jpeg 300w, https:\/\/bergers-schlagerparadies.de\/wp-content\/uploads\/2026\/03\/NIK-P.-BIENCHEN-1024x1024.jpeg 1024w, https:\/\/bergers-schlagerparadies.de\/wp-content\/uploads\/2026\/03\/NIK-P.-BIENCHEN-150x150.jpeg 150w, https:\/\/bergers-schlagerparadies.de\/wp-content\/uploads\/2026\/03\/NIK-P.-BIENCHEN-768x768.jpeg 768w, https:\/\/bergers-schlagerparadies.de\/wp-content\/uploads\/2026\/03\/NIK-P.-BIENCHEN-1188x1188.jpeg 1188w, https:\/\/bergers-schlagerparadies.de\/wp-content\/uploads\/2026\/03\/NIK-P.-BIENCHEN-100x100.jpeg 100w, https:\/\/bergers-schlagerparadies.de\/wp-content\/uploads\/2026\/03\/NIK-P.-BIENCHEN.jpeg 1200w\" sizes=\"auto, (max-width: 70px) 100vw, 70px\" \/>\u00a0 NIK P.<\/span> &#8211; BIENCHEN ( <span style=\"color: #800000;\">BRANNINI MUSIC GmbH<\/span>\u00a0)<\/strong><\/li>\n<li><strong><img loading=\"lazy\" decoding=\"async\" class=\"alignnone wp-image-42107\" src=\"https:\/\/bergers-schlagerparadies.de\/wp-content\/uploads\/2026\/03\/Pascale-Romme-Nie-genug-300x300.jpeg\" alt=\"\" width=\"70\" height=\"70\" srcset=\"https:\/\/bergers-schlagerparadies.de\/wp-content\/uploads\/2026\/03\/Pascale-Romme-Nie-genug-300x300.jpeg 300w, https:\/\/bergers-schlagerparadies.de\/wp-content\/uploads\/2026\/03\/Pascale-Romme-Nie-genug-1024x1024.jpeg 1024w, https:\/\/bergers-schlagerparadies.de\/wp-content\/uploads\/2026\/03\/Pascale-Romme-Nie-genug-150x150.jpeg 150w, https:\/\/bergers-schlagerparadies.de\/wp-content\/uploads\/2026\/03\/Pascale-Romme-Nie-genug-768x768.jpeg 768w, https:\/\/bergers-schlagerparadies.de\/wp-content\/uploads\/2026\/03\/Pascale-Romme-Nie-genug-1536x1536.jpeg 1536w, https:\/\/bergers-schlagerparadies.de\/wp-content\/uploads\/2026\/03\/Pascale-Romme-Nie-genug-2048x2048.jpeg 2048w, https:\/\/bergers-schlagerparadies.de\/wp-content\/uploads\/2026\/03\/Pascale-Romme-Nie-genug-1200x1200.jpeg 1200w, https:\/\/bergers-schlagerparadies.de\/wp-content\/uploads\/2026\/03\/Pascale-Romme-Nie-genug-1188x1188.jpeg 1188w, https:\/\/bergers-schlagerparadies.de\/wp-content\/uploads\/2026\/03\/Pascale-Romme-Nie-genug-100x100.jpeg 100w\" sizes=\"auto, (max-width: 70px) 100vw, 70px\" \/>\u00a0 <span style=\"color: #800000;\">Pascale Romm\u00e9<\/span> &#8211; Nie genug ( <span style=\"color: #800000;\">Fiesta Records<\/span> )<\/strong><\/li>\n<li><strong><img loading=\"lazy\" decoding=\"async\" class=\"alignnone wp-image-41995\" src=\"https:\/\/bergers-schlagerparadies.de\/wp-content\/uploads\/2026\/03\/Ralf-Cerne-Ich-bin-stark-nur-mit-Dir-300x300.jpeg\" alt=\"\" width=\"70\" height=\"70\" srcset=\"https:\/\/bergers-schlagerparadies.de\/wp-content\/uploads\/2026\/03\/Ralf-Cerne-Ich-bin-stark-nur-mit-Dir-300x300.jpeg 300w, https:\/\/bergers-schlagerparadies.de\/wp-content\/uploads\/2026\/03\/Ralf-Cerne-Ich-bin-stark-nur-mit-Dir-1024x1024.jpeg 1024w, https:\/\/bergers-schlagerparadies.de\/wp-content\/uploads\/2026\/03\/Ralf-Cerne-Ich-bin-stark-nur-mit-Dir-150x150.jpeg 150w, https:\/\/bergers-schlagerparadies.de\/wp-content\/uploads\/2026\/03\/Ralf-Cerne-Ich-bin-stark-nur-mit-Dir-768x768.jpeg 768w, https:\/\/bergers-schlagerparadies.de\/wp-content\/uploads\/2026\/03\/Ralf-Cerne-Ich-bin-stark-nur-mit-Dir-1536x1536.jpeg 1536w, https:\/\/bergers-schlagerparadies.de\/wp-content\/uploads\/2026\/03\/Ralf-Cerne-Ich-bin-stark-nur-mit-Dir-1200x1200.jpeg 1200w, https:\/\/bergers-schlagerparadies.de\/wp-content\/uploads\/2026\/03\/Ralf-Cerne-Ich-bin-stark-nur-mit-Dir-1188x1188.jpeg 1188w, https:\/\/bergers-schlagerparadies.de\/wp-content\/uploads\/2026\/03\/Ralf-Cerne-Ich-bin-stark-nur-mit-Dir-100x100.jpeg 100w, https:\/\/bergers-schlagerparadies.de\/wp-content\/uploads\/2026\/03\/Ralf-Cerne-Ich-bin-stark-nur-mit-Dir.jpeg 2000w\" sizes=\"auto, (max-width: 70px) 100vw, 70px\" \/>\u00a0 <span style=\"color: #800000;\">Ralf Cerne<\/span> &#8211; Ich bin stark, nur mit Dir ( <span style=\"color: #800000;\">2Base Records<\/span>\u00a0)<\/strong><\/li>\n<li><strong><span style=\"color: #800000;\"><img loading=\"lazy\" decoding=\"async\" class=\"alignnone wp-image-42256\" src=\"https:\/\/bergers-schlagerparadies.de\/wp-content\/uploads\/2026\/03\/Siegi-Reiterer-Das-Feuer-in-dir-300x300.jpeg\" alt=\"\" width=\"70\" height=\"70\" srcset=\"https:\/\/bergers-schlagerparadies.de\/wp-content\/uploads\/2026\/03\/Siegi-Reiterer-Das-Feuer-in-dir-300x300.jpeg 300w, https:\/\/bergers-schlagerparadies.de\/wp-content\/uploads\/2026\/03\/Siegi-Reiterer-Das-Feuer-in-dir-1024x1024.jpeg 1024w, https:\/\/bergers-schlagerparadies.de\/wp-content\/uploads\/2026\/03\/Siegi-Reiterer-Das-Feuer-in-dir-150x150.jpeg 150w, https:\/\/bergers-schlagerparadies.de\/wp-content\/uploads\/2026\/03\/Siegi-Reiterer-Das-Feuer-in-dir-768x768.jpeg 768w, https:\/\/bergers-schlagerparadies.de\/wp-content\/uploads\/2026\/03\/Siegi-Reiterer-Das-Feuer-in-dir-1536x1536.jpeg 1536w, https:\/\/bergers-schlagerparadies.de\/wp-content\/uploads\/2026\/03\/Siegi-Reiterer-Das-Feuer-in-dir-1200x1200.jpeg 1200w, https:\/\/bergers-schlagerparadies.de\/wp-content\/uploads\/2026\/03\/Siegi-Reiterer-Das-Feuer-in-dir-1188x1188.jpeg 1188w, https:\/\/bergers-schlagerparadies.de\/wp-content\/uploads\/2026\/03\/Siegi-Reiterer-Das-Feuer-in-dir-100x100.jpeg 100w, https:\/\/bergers-schlagerparadies.de\/wp-content\/uploads\/2026\/03\/Siegi-Reiterer-Das-Feuer-in-dir.jpeg 2048w\" sizes=\"auto, (max-width: 70px) 100vw, 70px\" \/>\u00a0 Siegi Reiterer<\/span> &#8211; Das Feuer in dir ( <span style=\"color: #800000;\">PRODACTS<\/span>\u00a0)<\/strong><\/li>\n<li><strong><span style=\"color: #800000;\"><img loading=\"lazy\" decoding=\"async\" class=\"alignnone wp-image-42187\" src=\"https:\/\/bergers-schlagerparadies.de\/wp-content\/uploads\/2026\/03\/Svea-Stella-Tonight-300x300.jpeg\" alt=\"\" width=\"70\" height=\"70\" srcset=\"https:\/\/bergers-schlagerparadies.de\/wp-content\/uploads\/2026\/03\/Svea-Stella-Tonight-300x300.jpeg 300w, https:\/\/bergers-schlagerparadies.de\/wp-content\/uploads\/2026\/03\/Svea-Stella-Tonight-1024x1024.jpeg 1024w, https:\/\/bergers-schlagerparadies.de\/wp-content\/uploads\/2026\/03\/Svea-Stella-Tonight-150x150.jpeg 150w, https:\/\/bergers-schlagerparadies.de\/wp-content\/uploads\/2026\/03\/Svea-Stella-Tonight-768x768.jpeg 768w, https:\/\/bergers-schlagerparadies.de\/wp-content\/uploads\/2026\/03\/Svea-Stella-Tonight-1200x1200.jpeg 1200w, https:\/\/bergers-schlagerparadies.de\/wp-content\/uploads\/2026\/03\/Svea-Stella-Tonight-1188x1188.jpeg 1188w, https:\/\/bergers-schlagerparadies.de\/wp-content\/uploads\/2026\/03\/Svea-Stella-Tonight-100x100.jpeg 100w, https:\/\/bergers-schlagerparadies.de\/wp-content\/uploads\/2026\/03\/Svea-Stella-Tonight.jpeg 1400w\" sizes=\"auto, (max-width: 70px) 100vw, 70px\" \/>\u00a0 Svea<\/span> &amp; <span style=\"color: #800000;\">Stella<\/span> &#8211; Tonight ( <span style=\"color: #800000;\">Hitpalast<\/span>\u00a0)<\/strong><\/li>\n<li><strong><span style=\"color: #800000;\"><img loading=\"lazy\" decoding=\"async\" class=\"alignnone wp-image-42269\" src=\"https:\/\/bergers-schlagerparadies.de\/wp-content\/uploads\/2026\/03\/Sven-Busse-Lass-mich-dein-DJ-sein-300x300.jpg\" alt=\"\" width=\"70\" height=\"70\" srcset=\"https:\/\/bergers-schlagerparadies.de\/wp-content\/uploads\/2026\/03\/Sven-Busse-Lass-mich-dein-DJ-sein-300x300.jpg 300w, https:\/\/bergers-schlagerparadies.de\/wp-content\/uploads\/2026\/03\/Sven-Busse-Lass-mich-dein-DJ-sein-1019x1024.jpg 1019w, https:\/\/bergers-schlagerparadies.de\/wp-content\/uploads\/2026\/03\/Sven-Busse-Lass-mich-dein-DJ-sein-150x150.jpg 150w, https:\/\/bergers-schlagerparadies.de\/wp-content\/uploads\/2026\/03\/Sven-Busse-Lass-mich-dein-DJ-sein-768x772.jpg 768w, https:\/\/bergers-schlagerparadies.de\/wp-content\/uploads\/2026\/03\/Sven-Busse-Lass-mich-dein-DJ-sein-100x100.jpg 100w, https:\/\/bergers-schlagerparadies.de\/wp-content\/uploads\/2026\/03\/Sven-Busse-Lass-mich-dein-DJ-sein.jpg 1080w\" sizes=\"auto, (max-width: 70px) 100vw, 70px\" \/>\u00a0 Sven Busse<\/span> &#8211; Lass mich dein DJ sein ( <span style=\"color: #800000;\">Sternenklang Records<\/span>\u00a0)<\/strong><\/li>\n<li><strong><span style=\"color: #800000;\"><img loading=\"lazy\" decoding=\"async\" class=\"alignnone wp-image-42252\" src=\"https:\/\/bergers-schlagerparadies.de\/wp-content\/uploads\/2026\/03\/Thomas-Kleeblatt-Steven-Petersen-Wir-sind-das-jetzt-Pop-Version-und-Stadion-Stimmungs-Version-300x300.jpg\" alt=\"\" width=\"70\" height=\"70\" srcset=\"https:\/\/bergers-schlagerparadies.de\/wp-content\/uploads\/2026\/03\/Thomas-Kleeblatt-Steven-Petersen-Wir-sind-das-jetzt-Pop-Version-und-Stadion-Stimmungs-Version-300x300.jpg 300w, https:\/\/bergers-schlagerparadies.de\/wp-content\/uploads\/2026\/03\/Thomas-Kleeblatt-Steven-Petersen-Wir-sind-das-jetzt-Pop-Version-und-Stadion-Stimmungs-Version-150x150.jpg 150w, https:\/\/bergers-schlagerparadies.de\/wp-content\/uploads\/2026\/03\/Thomas-Kleeblatt-Steven-Petersen-Wir-sind-das-jetzt-Pop-Version-und-Stadion-Stimmungs-Version-768x768.jpg 768w, https:\/\/bergers-schlagerparadies.de\/wp-content\/uploads\/2026\/03\/Thomas-Kleeblatt-Steven-Petersen-Wir-sind-das-jetzt-Pop-Version-und-Stadion-Stimmungs-Version-100x100.jpg 100w, https:\/\/bergers-schlagerparadies.de\/wp-content\/uploads\/2026\/03\/Thomas-Kleeblatt-Steven-Petersen-Wir-sind-das-jetzt-Pop-Version-und-Stadion-Stimmungs-Version.jpg 1024w\" sizes=\"auto, (max-width: 70px) 100vw, 70px\" \/>\u00a0 Thomas Kleeblatt<\/span> &amp; <span style=\"color: #800000;\">Steven Petersen<\/span> &#8211; Wir sind das jetzt (Pop Version und Stadion\/Stimmungs Version) ( <span style=\"color: #800000;\">Kleeblatt-Music<\/span>\u00a0)<\/strong><\/li>\n<\/ul>\n<p><span style=\"font-size: 12pt;\"><strong><em><span style=\"color: #666699;\">Neuvorstellungen<\/span><\/em><em><span style=\"color: #666699;\"> in dieser Woche: mit V\u00d6: <\/span><span style=\"color: #666699;\"><span style=\"color: #800000;\">06<\/span><\/span><span style=\"color: #666699;\"><span style=\"color: #993366; font-size: 14pt;\">. M\u00e4rz 2026 <\/span>&#8211; 10<\/span><span style=\"color: #808080;\">KW<\/span><\/em><\/strong><\/span><\/p>\n<ul>\n<li><strong><img loading=\"lazy\" decoding=\"async\" class=\"alignnone wp-image-42127\" src=\"https:\/\/bergers-schlagerparadies.de\/wp-content\/uploads\/2026\/03\/Roland-Kaiser-MarathonAlbum-300x300.jpeg\" alt=\"\" width=\"70\" height=\"70\" srcset=\"https:\/\/bergers-schlagerparadies.de\/wp-content\/uploads\/2026\/03\/Roland-Kaiser-MarathonAlbum-300x300.jpeg 300w, https:\/\/bergers-schlagerparadies.de\/wp-content\/uploads\/2026\/03\/Roland-Kaiser-MarathonAlbum-1024x1024.jpeg 1024w, https:\/\/bergers-schlagerparadies.de\/wp-content\/uploads\/2026\/03\/Roland-Kaiser-MarathonAlbum-150x150.jpeg 150w, https:\/\/bergers-schlagerparadies.de\/wp-content\/uploads\/2026\/03\/Roland-Kaiser-MarathonAlbum-768x768.jpeg 768w, https:\/\/bergers-schlagerparadies.de\/wp-content\/uploads\/2026\/03\/Roland-Kaiser-MarathonAlbum-1188x1188.jpeg 1188w, https:\/\/bergers-schlagerparadies.de\/wp-content\/uploads\/2026\/03\/Roland-Kaiser-MarathonAlbum-100x100.jpeg 100w, https:\/\/bergers-schlagerparadies.de\/wp-content\/uploads\/2026\/03\/Roland-Kaiser-MarathonAlbum.jpeg 1200w\" sizes=\"auto, (max-width: 70px) 100vw, 70px\" \/>\u00a0 <span style=\"color: #800000;\">Roland Kaiser<\/span> &#8211; Marathon+ (<span style=\"color: #800000;\">Album<\/span>) ( <span style=\"color: #800000;\">SMA\/ Ariola<\/span>\u00a0)<\/strong><\/li>\n<li><strong><img loading=\"lazy\" decoding=\"async\" class=\"alignnone wp-image-42052\" src=\"https:\/\/bergers-schlagerparadies.de\/wp-content\/uploads\/2026\/03\/Tommy-Steiner-Meine-Lieder-mein-Leben-VOL.7-Ich-will-Dich-Album-300x300.jpg\" alt=\"\" width=\"70\" height=\"70\" srcset=\"https:\/\/bergers-schlagerparadies.de\/wp-content\/uploads\/2026\/03\/Tommy-Steiner-Meine-Lieder-mein-Leben-VOL.7-Ich-will-Dich-Album-300x300.jpg 300w, https:\/\/bergers-schlagerparadies.de\/wp-content\/uploads\/2026\/03\/Tommy-Steiner-Meine-Lieder-mein-Leben-VOL.7-Ich-will-Dich-Album-1024x1024.jpg 1024w, https:\/\/bergers-schlagerparadies.de\/wp-content\/uploads\/2026\/03\/Tommy-Steiner-Meine-Lieder-mein-Leben-VOL.7-Ich-will-Dich-Album-150x150.jpg 150w, https:\/\/bergers-schlagerparadies.de\/wp-content\/uploads\/2026\/03\/Tommy-Steiner-Meine-Lieder-mein-Leben-VOL.7-Ich-will-Dich-Album-768x768.jpg 768w, https:\/\/bergers-schlagerparadies.de\/wp-content\/uploads\/2026\/03\/Tommy-Steiner-Meine-Lieder-mein-Leben-VOL.7-Ich-will-Dich-Album-1536x1536.jpg 1536w, https:\/\/bergers-schlagerparadies.de\/wp-content\/uploads\/2026\/03\/Tommy-Steiner-Meine-Lieder-mein-Leben-VOL.7-Ich-will-Dich-Album-2048x2048.jpg 2048w, https:\/\/bergers-schlagerparadies.de\/wp-content\/uploads\/2026\/03\/Tommy-Steiner-Meine-Lieder-mein-Leben-VOL.7-Ich-will-Dich-Album-1200x1200.jpg 1200w, https:\/\/bergers-schlagerparadies.de\/wp-content\/uploads\/2026\/03\/Tommy-Steiner-Meine-Lieder-mein-Leben-VOL.7-Ich-will-Dich-Album-1188x1188.jpg 1188w, https:\/\/bergers-schlagerparadies.de\/wp-content\/uploads\/2026\/03\/Tommy-Steiner-Meine-Lieder-mein-Leben-VOL.7-Ich-will-Dich-Album-100x100.jpg 100w\" sizes=\"auto, (max-width: 70px) 100vw, 70px\" \/>\u00a0 <span style=\"color: #800000;\">Tommy Steiner<\/span> &#8211; Meine Lieder, mein Leben VOL.7 &#8211; Ich will Dich (<span style=\"color: #800000;\">Album<\/span>) ( <span style=\"color: #800000;\">KLONDIKE Records &amp; Songs<span style=\"color: #000000;\"> )<\/span><\/span><\/strong><\/li>\n<li><span style=\"color: #800000;\"><strong>&#8212;&#8212;&#8212;&#8212;&#8212;&#8212;&#8212;&#8212;&#8212;&#8212;&#8212;&#8212;&#8212;&#8212;&#8212;&#8212;&#8212;&#8212;&#8212;&#8212;&#8212;&#8212;&#8212;&#8212;&#8212;&#8212;&#8212;&#8212;&#8212;&#8212;&#8212;&#8212;&#8212;&#8212;&#8212;&#8212;&#8212;&#8211;<\/strong><\/span><\/li>\n<li><strong><span style=\"color: #800000;\"><img loading=\"lazy\" decoding=\"async\" class=\"alignnone wp-image-42056\" src=\"https:\/\/bergers-schlagerparadies.de\/wp-content\/uploads\/2026\/03\/Andreas-Zaron-WECK-MICH-ANFANG-MAI-300x300.jpg\" alt=\"\" width=\"70\" height=\"70\" srcset=\"https:\/\/bergers-schlagerparadies.de\/wp-content\/uploads\/2026\/03\/Andreas-Zaron-WECK-MICH-ANFANG-MAI-300x300.jpg 300w, https:\/\/bergers-schlagerparadies.de\/wp-content\/uploads\/2026\/03\/Andreas-Zaron-WECK-MICH-ANFANG-MAI-1024x1024.jpg 1024w, https:\/\/bergers-schlagerparadies.de\/wp-content\/uploads\/2026\/03\/Andreas-Zaron-WECK-MICH-ANFANG-MAI-150x150.jpg 150w, https:\/\/bergers-schlagerparadies.de\/wp-content\/uploads\/2026\/03\/Andreas-Zaron-WECK-MICH-ANFANG-MAI-768x768.jpg 768w, https:\/\/bergers-schlagerparadies.de\/wp-content\/uploads\/2026\/03\/Andreas-Zaron-WECK-MICH-ANFANG-MAI-1536x1536.jpg 1536w, https:\/\/bergers-schlagerparadies.de\/wp-content\/uploads\/2026\/03\/Andreas-Zaron-WECK-MICH-ANFANG-MAI-2048x2048.jpg 2048w, https:\/\/bergers-schlagerparadies.de\/wp-content\/uploads\/2026\/03\/Andreas-Zaron-WECK-MICH-ANFANG-MAI-1200x1200.jpg 1200w, https:\/\/bergers-schlagerparadies.de\/wp-content\/uploads\/2026\/03\/Andreas-Zaron-WECK-MICH-ANFANG-MAI-1188x1188.jpg 1188w, https:\/\/bergers-schlagerparadies.de\/wp-content\/uploads\/2026\/03\/Andreas-Zaron-WECK-MICH-ANFANG-MAI-100x100.jpg 100w\" sizes=\"auto, (max-width: 70px) 100vw, 70px\" \/>\u00a0 Andreas Zaron<\/span> &#8211; WECK MICH ANFANG MAI ( <span style=\"color: #800000;\">KLONDIKE Records &amp; Songs )<\/span><\/strong><\/li>\n<li><strong><img loading=\"lazy\" decoding=\"async\" class=\"alignnone wp-image-41894\" src=\"https:\/\/bergers-schlagerparadies.de\/wp-content\/uploads\/2026\/02\/Ariane-Perl-Das-ist-die-Liebe-300x300.jpeg\" alt=\"\" width=\"70\" height=\"70\" srcset=\"https:\/\/bergers-schlagerparadies.de\/wp-content\/uploads\/2026\/02\/Ariane-Perl-Das-ist-die-Liebe-300x300.jpeg 300w, https:\/\/bergers-schlagerparadies.de\/wp-content\/uploads\/2026\/02\/Ariane-Perl-Das-ist-die-Liebe-1024x1024.jpeg 1024w, https:\/\/bergers-schlagerparadies.de\/wp-content\/uploads\/2026\/02\/Ariane-Perl-Das-ist-die-Liebe-150x150.jpeg 150w, https:\/\/bergers-schlagerparadies.de\/wp-content\/uploads\/2026\/02\/Ariane-Perl-Das-ist-die-Liebe-768x768.jpeg 768w, https:\/\/bergers-schlagerparadies.de\/wp-content\/uploads\/2026\/02\/Ariane-Perl-Das-ist-die-Liebe-1536x1536.jpeg 1536w, https:\/\/bergers-schlagerparadies.de\/wp-content\/uploads\/2026\/02\/Ariane-Perl-Das-ist-die-Liebe-2048x2048.jpeg 2048w, https:\/\/bergers-schlagerparadies.de\/wp-content\/uploads\/2026\/02\/Ariane-Perl-Das-ist-die-Liebe-1200x1200.jpeg 1200w, https:\/\/bergers-schlagerparadies.de\/wp-content\/uploads\/2026\/02\/Ariane-Perl-Das-ist-die-Liebe-1188x1188.jpeg 1188w, https:\/\/bergers-schlagerparadies.de\/wp-content\/uploads\/2026\/02\/Ariane-Perl-Das-ist-die-Liebe-100x100.jpeg 100w\" sizes=\"auto, (max-width: 70px) 100vw, 70px\" \/>\u00a0 <span style=\"color: #800000;\">Ariane Perl<\/span> &#8211; Das ist die Liebe ( <span style=\"color: #800000;\">Fiesta Records<\/span> )<\/strong><\/li>\n<li><strong><span style=\"color: #800000;\"><img loading=\"lazy\" decoding=\"async\" class=\"alignnone wp-image-42135\" src=\"https:\/\/bergers-schlagerparadies.de\/wp-content\/uploads\/2026\/03\/Bebe-Rexha-New-Religion-300x300.jpeg\" alt=\"\" width=\"70\" height=\"70\" srcset=\"https:\/\/bergers-schlagerparadies.de\/wp-content\/uploads\/2026\/03\/Bebe-Rexha-New-Religion-300x300.jpeg 300w, https:\/\/bergers-schlagerparadies.de\/wp-content\/uploads\/2026\/03\/Bebe-Rexha-New-Religion-1024x1024.jpeg 1024w, https:\/\/bergers-schlagerparadies.de\/wp-content\/uploads\/2026\/03\/Bebe-Rexha-New-Religion-150x150.jpeg 150w, https:\/\/bergers-schlagerparadies.de\/wp-content\/uploads\/2026\/03\/Bebe-Rexha-New-Religion-768x768.jpeg 768w, https:\/\/bergers-schlagerparadies.de\/wp-content\/uploads\/2026\/03\/Bebe-Rexha-New-Religion-1188x1188.jpeg 1188w, https:\/\/bergers-schlagerparadies.de\/wp-content\/uploads\/2026\/03\/Bebe-Rexha-New-Religion-100x100.jpeg 100w, https:\/\/bergers-schlagerparadies.de\/wp-content\/uploads\/2026\/03\/Bebe-Rexha-New-Religion.jpeg 1200w\" sizes=\"auto, (max-width: 70px) 100vw, 70px\" \/>\u00a0 Bebe Rexha<\/span> &#8211; New Religion ( <span style=\"color: #800000;\">Bebe Rexha Music LLC \/ EMPIRE<\/span>\u00a0)<\/strong><\/li>\n<li><strong><img loading=\"lazy\" decoding=\"async\" class=\"alignnone wp-image-42111\" src=\"https:\/\/bergers-schlagerparadies.de\/wp-content\/uploads\/2026\/03\/Charlien-Kapitel-1-300x300.jpeg\" alt=\"\" width=\"70\" height=\"70\" srcset=\"https:\/\/bergers-schlagerparadies.de\/wp-content\/uploads\/2026\/03\/Charlien-Kapitel-1-300x300.jpeg 300w, https:\/\/bergers-schlagerparadies.de\/wp-content\/uploads\/2026\/03\/Charlien-Kapitel-1-1024x1024.jpeg 1024w, https:\/\/bergers-schlagerparadies.de\/wp-content\/uploads\/2026\/03\/Charlien-Kapitel-1-150x150.jpeg 150w, https:\/\/bergers-schlagerparadies.de\/wp-content\/uploads\/2026\/03\/Charlien-Kapitel-1-768x768.jpeg 768w, https:\/\/bergers-schlagerparadies.de\/wp-content\/uploads\/2026\/03\/Charlien-Kapitel-1-1200x1200.jpeg 1200w, https:\/\/bergers-schlagerparadies.de\/wp-content\/uploads\/2026\/03\/Charlien-Kapitel-1-1188x1188.jpeg 1188w, https:\/\/bergers-schlagerparadies.de\/wp-content\/uploads\/2026\/03\/Charlien-Kapitel-1-100x100.jpeg 100w, https:\/\/bergers-schlagerparadies.de\/wp-content\/uploads\/2026\/03\/Charlien-Kapitel-1.jpeg 1417w\" sizes=\"auto, (max-width: 70px) 100vw, 70px\" \/>\u00a0 Charlien &#8211; Kapitel 1 ( <span style=\"color: #800000;\">MOLAMIO<\/span>\u00a0)<\/strong><\/li>\n<li><strong><img loading=\"lazy\" decoding=\"async\" class=\"alignnone wp-image-41999\" src=\"https:\/\/bergers-schlagerparadies.de\/wp-content\/uploads\/2026\/03\/Calimeros-Das-hast-du-gut-gemacht-300x300.jpeg\" alt=\"\" width=\"70\" height=\"70\" srcset=\"https:\/\/bergers-schlagerparadies.de\/wp-content\/uploads\/2026\/03\/Calimeros-Das-hast-du-gut-gemacht-300x300.jpeg 300w, https:\/\/bergers-schlagerparadies.de\/wp-content\/uploads\/2026\/03\/Calimeros-Das-hast-du-gut-gemacht-1024x1024.jpeg 1024w, https:\/\/bergers-schlagerparadies.de\/wp-content\/uploads\/2026\/03\/Calimeros-Das-hast-du-gut-gemacht-150x150.jpeg 150w, https:\/\/bergers-schlagerparadies.de\/wp-content\/uploads\/2026\/03\/Calimeros-Das-hast-du-gut-gemacht-768x768.jpeg 768w, https:\/\/bergers-schlagerparadies.de\/wp-content\/uploads\/2026\/03\/Calimeros-Das-hast-du-gut-gemacht-1536x1536.jpeg 1536w, https:\/\/bergers-schlagerparadies.de\/wp-content\/uploads\/2026\/03\/Calimeros-Das-hast-du-gut-gemacht-1200x1200.jpeg 1200w, https:\/\/bergers-schlagerparadies.de\/wp-content\/uploads\/2026\/03\/Calimeros-Das-hast-du-gut-gemacht-1188x1188.jpeg 1188w, https:\/\/bergers-schlagerparadies.de\/wp-content\/uploads\/2026\/03\/Calimeros-Das-hast-du-gut-gemacht-100x100.jpeg 100w, https:\/\/bergers-schlagerparadies.de\/wp-content\/uploads\/2026\/03\/Calimeros-Das-hast-du-gut-gemacht.jpeg 1654w\" sizes=\"auto, (max-width: 70px) 100vw, 70px\" \/>\u00a0 <span style=\"color: #800000;\">Calimeros<\/span> &#8211; Das hast du gut gemacht ( <span style=\"color: #800000;\">Telamo<\/span> ) <span style=\"color: #800000;\">!!!<\/span><\/strong><\/li>\n<li><strong><span style=\"color: #800000;\"><img loading=\"lazy\" decoding=\"async\" class=\"alignnone wp-image-42115\" src=\"https:\/\/bergers-schlagerparadies.de\/wp-content\/uploads\/2026\/03\/Cora-Superfrau-No.1-300x300.jpeg\" alt=\"\" width=\"70\" height=\"70\" srcset=\"https:\/\/bergers-schlagerparadies.de\/wp-content\/uploads\/2026\/03\/Cora-Superfrau-No.1-300x300.jpeg 300w, https:\/\/bergers-schlagerparadies.de\/wp-content\/uploads\/2026\/03\/Cora-Superfrau-No.1-1024x1024.jpeg 1024w, https:\/\/bergers-schlagerparadies.de\/wp-content\/uploads\/2026\/03\/Cora-Superfrau-No.1-150x150.jpeg 150w, https:\/\/bergers-schlagerparadies.de\/wp-content\/uploads\/2026\/03\/Cora-Superfrau-No.1-768x768.jpeg 768w, https:\/\/bergers-schlagerparadies.de\/wp-content\/uploads\/2026\/03\/Cora-Superfrau-No.1-1200x1200.jpeg 1200w, https:\/\/bergers-schlagerparadies.de\/wp-content\/uploads\/2026\/03\/Cora-Superfrau-No.1-1188x1188.jpeg 1188w, https:\/\/bergers-schlagerparadies.de\/wp-content\/uploads\/2026\/03\/Cora-Superfrau-No.1-100x100.jpeg 100w, https:\/\/bergers-schlagerparadies.de\/wp-content\/uploads\/2026\/03\/Cora-Superfrau-No.1.jpeg 1417w\" sizes=\"auto, (max-width: 70px) 100vw, 70px\" \/>\u00a0 Cora<\/span> &#8211; Superfrau No.1 ( <span style=\"color: #800000;\">BM records<\/span>\u00a0)<\/strong><\/li>\n<li><strong><span style=\"color: #800000;\"><img loading=\"lazy\" decoding=\"async\" class=\"alignnone wp-image-42061\" src=\"https:\/\/bergers-schlagerparadies.de\/wp-content\/uploads\/2026\/03\/Carolina-Meer-Sinn-300x300.jpg\" alt=\"\" width=\"70\" height=\"70\" srcset=\"https:\/\/bergers-schlagerparadies.de\/wp-content\/uploads\/2026\/03\/Carolina-Meer-Sinn-300x300.jpg 300w, https:\/\/bergers-schlagerparadies.de\/wp-content\/uploads\/2026\/03\/Carolina-Meer-Sinn-150x150.jpg 150w, https:\/\/bergers-schlagerparadies.de\/wp-content\/uploads\/2026\/03\/Carolina-Meer-Sinn-768x768.jpg 768w, https:\/\/bergers-schlagerparadies.de\/wp-content\/uploads\/2026\/03\/Carolina-Meer-Sinn-100x100.jpg 100w, https:\/\/bergers-schlagerparadies.de\/wp-content\/uploads\/2026\/03\/Carolina-Meer-Sinn.jpg 1000w\" sizes=\"auto, (max-width: 70px) 100vw, 70px\" \/>\u00a0 Carolina<\/span> &#8211; Meer Sinn ( <span style=\"color: #800000;\">SA Promotion<\/span>\u00a0)<\/strong><\/li>\n<li><\/li>\n<li><strong><span style=\"color: #800000;\"><img loading=\"lazy\" decoding=\"async\" class=\"alignnone wp-image-42030\" src=\"https:\/\/bergers-schlagerparadies.de\/wp-content\/uploads\/2026\/03\/Dieter-Christian-Du-bist-Glueck-300x300.png\" alt=\"\" width=\"70\" height=\"70\" srcset=\"https:\/\/bergers-schlagerparadies.de\/wp-content\/uploads\/2026\/03\/Dieter-Christian-Du-bist-Glueck-300x300.png 300w, https:\/\/bergers-schlagerparadies.de\/wp-content\/uploads\/2026\/03\/Dieter-Christian-Du-bist-Glueck-150x150.png 150w, https:\/\/bergers-schlagerparadies.de\/wp-content\/uploads\/2026\/03\/Dieter-Christian-Du-bist-Glueck-768x768.png 768w, https:\/\/bergers-schlagerparadies.de\/wp-content\/uploads\/2026\/03\/Dieter-Christian-Du-bist-Glueck-100x100.png 100w, https:\/\/bergers-schlagerparadies.de\/wp-content\/uploads\/2026\/03\/Dieter-Christian-Du-bist-Glueck.png 1016w\" sizes=\"auto, (max-width: 70px) 100vw, 70px\" \/>\u00a0 Dieter Christian<\/span> &#8211; Du bist Gl\u00fcck 2026 ( <span style=\"color: #800000;\">Atara Music<\/span>\u00a0)<\/strong><\/li>\n<li><strong><span style=\"color: #800000;\"><img loading=\"lazy\" decoding=\"async\" class=\"alignnone wp-image-42022\" src=\"https:\/\/bergers-schlagerparadies.de\/wp-content\/uploads\/2026\/03\/Doris-Gruber-Die-Story-vom-Glueck-300x300.jpeg\" alt=\"\" width=\"69\" height=\"69\" srcset=\"https:\/\/bergers-schlagerparadies.de\/wp-content\/uploads\/2026\/03\/Doris-Gruber-Die-Story-vom-Glueck-300x300.jpeg 300w, https:\/\/bergers-schlagerparadies.de\/wp-content\/uploads\/2026\/03\/Doris-Gruber-Die-Story-vom-Glueck-1024x1024.jpeg 1024w, https:\/\/bergers-schlagerparadies.de\/wp-content\/uploads\/2026\/03\/Doris-Gruber-Die-Story-vom-Glueck-150x150.jpeg 150w, https:\/\/bergers-schlagerparadies.de\/wp-content\/uploads\/2026\/03\/Doris-Gruber-Die-Story-vom-Glueck-768x768.jpeg 768w, https:\/\/bergers-schlagerparadies.de\/wp-content\/uploads\/2026\/03\/Doris-Gruber-Die-Story-vom-Glueck-1200x1200.jpeg 1200w, https:\/\/bergers-schlagerparadies.de\/wp-content\/uploads\/2026\/03\/Doris-Gruber-Die-Story-vom-Glueck-1188x1188.jpeg 1188w, https:\/\/bergers-schlagerparadies.de\/wp-content\/uploads\/2026\/03\/Doris-Gruber-Die-Story-vom-Glueck-100x100.jpeg 100w, https:\/\/bergers-schlagerparadies.de\/wp-content\/uploads\/2026\/03\/Doris-Gruber-Die-Story-vom-Glueck.jpeg 1417w\" sizes=\"auto, (max-width: 69px) 100vw, 69px\" \/>\u00a0 Doris Gruber<\/span> &#8211; Die Story vom Gl\u00fcck ( <span style=\"color: #800000;\">Doris Gruber Music<\/span>\u00a0)<\/strong><\/li>\n<li><strong><img loading=\"lazy\" decoding=\"async\" class=\"alignnone wp-image-41898\" src=\"https:\/\/bergers-schlagerparadies.de\/wp-content\/uploads\/2026\/02\/Eli-Melinda-Lass-mich-in-deine-Traeume-rein-300x300.jpeg\" alt=\"\" width=\"70\" height=\"70\" srcset=\"https:\/\/bergers-schlagerparadies.de\/wp-content\/uploads\/2026\/02\/Eli-Melinda-Lass-mich-in-deine-Traeume-rein-300x300.jpeg 300w, https:\/\/bergers-schlagerparadies.de\/wp-content\/uploads\/2026\/02\/Eli-Melinda-Lass-mich-in-deine-Traeume-rein-1024x1024.jpeg 1024w, https:\/\/bergers-schlagerparadies.de\/wp-content\/uploads\/2026\/02\/Eli-Melinda-Lass-mich-in-deine-Traeume-rein-150x150.jpeg 150w, https:\/\/bergers-schlagerparadies.de\/wp-content\/uploads\/2026\/02\/Eli-Melinda-Lass-mich-in-deine-Traeume-rein-768x768.jpeg 768w, https:\/\/bergers-schlagerparadies.de\/wp-content\/uploads\/2026\/02\/Eli-Melinda-Lass-mich-in-deine-Traeume-rein-1536x1536.jpeg 1536w, https:\/\/bergers-schlagerparadies.de\/wp-content\/uploads\/2026\/02\/Eli-Melinda-Lass-mich-in-deine-Traeume-rein-2048x2048.jpeg 2048w, https:\/\/bergers-schlagerparadies.de\/wp-content\/uploads\/2026\/02\/Eli-Melinda-Lass-mich-in-deine-Traeume-rein-1200x1200.jpeg 1200w, https:\/\/bergers-schlagerparadies.de\/wp-content\/uploads\/2026\/02\/Eli-Melinda-Lass-mich-in-deine-Traeume-rein-1188x1188.jpeg 1188w, https:\/\/bergers-schlagerparadies.de\/wp-content\/uploads\/2026\/02\/Eli-Melinda-Lass-mich-in-deine-Traeume-rein-100x100.jpeg 100w\" sizes=\"auto, (max-width: 70px) 100vw, 70px\" \/>\u00a0 <span style=\"color: #800000;\">Eli Melinda<\/span> &#8211; Lass mich in deine Tr\u00e4ume rein ( <span style=\"color: #800000;\">Herz7<\/span>\u00a0)<\/strong><\/li>\n<li><strong><span style=\"color: #800000;\"><img loading=\"lazy\" decoding=\"async\" class=\"alignnone wp-image-42041\" src=\"https:\/\/bergers-schlagerparadies.de\/wp-content\/uploads\/2026\/03\/Heidi-Jahns-Weil-du-bei-mir-bist-OnceTwice-Remix-300x300.jpg\" alt=\"\" width=\"70\" height=\"70\" srcset=\"https:\/\/bergers-schlagerparadies.de\/wp-content\/uploads\/2026\/03\/Heidi-Jahns-Weil-du-bei-mir-bist-OnceTwice-Remix-300x300.jpg 300w, https:\/\/bergers-schlagerparadies.de\/wp-content\/uploads\/2026\/03\/Heidi-Jahns-Weil-du-bei-mir-bist-OnceTwice-Remix-1024x1024.jpg 1024w, https:\/\/bergers-schlagerparadies.de\/wp-content\/uploads\/2026\/03\/Heidi-Jahns-Weil-du-bei-mir-bist-OnceTwice-Remix-150x150.jpg 150w, https:\/\/bergers-schlagerparadies.de\/wp-content\/uploads\/2026\/03\/Heidi-Jahns-Weil-du-bei-mir-bist-OnceTwice-Remix-768x768.jpg 768w, https:\/\/bergers-schlagerparadies.de\/wp-content\/uploads\/2026\/03\/Heidi-Jahns-Weil-du-bei-mir-bist-OnceTwice-Remix-1536x1536.jpg 1536w, https:\/\/bergers-schlagerparadies.de\/wp-content\/uploads\/2026\/03\/Heidi-Jahns-Weil-du-bei-mir-bist-OnceTwice-Remix-2048x2048.jpg 2048w, https:\/\/bergers-schlagerparadies.de\/wp-content\/uploads\/2026\/03\/Heidi-Jahns-Weil-du-bei-mir-bist-OnceTwice-Remix-1200x1200.jpg 1200w, https:\/\/bergers-schlagerparadies.de\/wp-content\/uploads\/2026\/03\/Heidi-Jahns-Weil-du-bei-mir-bist-OnceTwice-Remix-1188x1188.jpg 1188w, https:\/\/bergers-schlagerparadies.de\/wp-content\/uploads\/2026\/03\/Heidi-Jahns-Weil-du-bei-mir-bist-OnceTwice-Remix-100x100.jpg 100w\" sizes=\"auto, (max-width: 70px) 100vw, 70px\" \/>\u00a0 Heidi Jahns<\/span> &#8211; Weil du bei mir bist (Once&amp;Twice! Remix) ( <span style=\"color: #800000;\">Fiesta Records<\/span> )<\/strong><\/li>\n<li><strong><span style=\"color: #800000;\"><img loading=\"lazy\" decoding=\"async\" class=\"alignnone wp-image-42047\" src=\"https:\/\/bergers-schlagerparadies.de\/wp-content\/uploads\/2026\/03\/Heidi-Jahns-Weil-du-bei-mir-bist-300x300.jpg\" alt=\"\" width=\"70\" height=\"70\" srcset=\"https:\/\/bergers-schlagerparadies.de\/wp-content\/uploads\/2026\/03\/Heidi-Jahns-Weil-du-bei-mir-bist-300x300.jpg 300w, https:\/\/bergers-schlagerparadies.de\/wp-content\/uploads\/2026\/03\/Heidi-Jahns-Weil-du-bei-mir-bist-1024x1024.jpg 1024w, https:\/\/bergers-schlagerparadies.de\/wp-content\/uploads\/2026\/03\/Heidi-Jahns-Weil-du-bei-mir-bist-150x150.jpg 150w, https:\/\/bergers-schlagerparadies.de\/wp-content\/uploads\/2026\/03\/Heidi-Jahns-Weil-du-bei-mir-bist-768x768.jpg 768w, https:\/\/bergers-schlagerparadies.de\/wp-content\/uploads\/2026\/03\/Heidi-Jahns-Weil-du-bei-mir-bist-1536x1536.jpg 1536w, https:\/\/bergers-schlagerparadies.de\/wp-content\/uploads\/2026\/03\/Heidi-Jahns-Weil-du-bei-mir-bist-2048x2048.jpg 2048w, https:\/\/bergers-schlagerparadies.de\/wp-content\/uploads\/2026\/03\/Heidi-Jahns-Weil-du-bei-mir-bist-1200x1200.jpg 1200w, https:\/\/bergers-schlagerparadies.de\/wp-content\/uploads\/2026\/03\/Heidi-Jahns-Weil-du-bei-mir-bist-1188x1188.jpg 1188w, https:\/\/bergers-schlagerparadies.de\/wp-content\/uploads\/2026\/03\/Heidi-Jahns-Weil-du-bei-mir-bist-100x100.jpg 100w\" sizes=\"auto, (max-width: 70px) 100vw, 70px\" \/>\u00a0 Heidi Jahns<\/span> &#8211; Weil du bei mir bist ( <span style=\"color: #800000;\">Fiesta Records<\/span> )<\/strong><\/li>\n<li><strong><span style=\"color: #800000;\"><img loading=\"lazy\" decoding=\"async\" class=\"alignnone wp-image-42119\" src=\"https:\/\/bergers-schlagerparadies.de\/wp-content\/uploads\/2026\/03\/Isabel-Varell-Einfach-Dankeschoen-300x300.jpeg\" alt=\"\" width=\"70\" height=\"70\" srcset=\"https:\/\/bergers-schlagerparadies.de\/wp-content\/uploads\/2026\/03\/Isabel-Varell-Einfach-Dankeschoen-300x300.jpeg 300w, https:\/\/bergers-schlagerparadies.de\/wp-content\/uploads\/2026\/03\/Isabel-Varell-Einfach-Dankeschoen-1024x1024.jpeg 1024w, https:\/\/bergers-schlagerparadies.de\/wp-content\/uploads\/2026\/03\/Isabel-Varell-Einfach-Dankeschoen-150x150.jpeg 150w, https:\/\/bergers-schlagerparadies.de\/wp-content\/uploads\/2026\/03\/Isabel-Varell-Einfach-Dankeschoen-768x768.jpeg 768w, https:\/\/bergers-schlagerparadies.de\/wp-content\/uploads\/2026\/03\/Isabel-Varell-Einfach-Dankeschoen-1188x1188.jpeg 1188w, https:\/\/bergers-schlagerparadies.de\/wp-content\/uploads\/2026\/03\/Isabel-Varell-Einfach-Dankeschoen-100x100.jpeg 100w, https:\/\/bergers-schlagerparadies.de\/wp-content\/uploads\/2026\/03\/Isabel-Varell-Einfach-Dankeschoen.jpeg 1200w\" sizes=\"auto, (max-width: 70px) 100vw, 70px\" \/>\u00a0 Isabel Varell<\/span> &#8211; Einfach Dankesch\u00f6n ( <span style=\"color: #800000;\">VIA Music Germany<\/span>\u00a0)<\/strong><\/li>\n<li><strong><span style=\"color: #800000;\"><img loading=\"lazy\" decoding=\"async\" class=\"alignnone wp-image-41884\" src=\"https:\/\/bergers-schlagerparadies.de\/wp-content\/uploads\/2026\/02\/Jens-Bockisch-Nur-mit-euch-allein-300x300.jpeg\" alt=\"\" width=\"70\" height=\"70\" srcset=\"https:\/\/bergers-schlagerparadies.de\/wp-content\/uploads\/2026\/02\/Jens-Bockisch-Nur-mit-euch-allein-300x300.jpeg 300w, https:\/\/bergers-schlagerparadies.de\/wp-content\/uploads\/2026\/02\/Jens-Bockisch-Nur-mit-euch-allein-1024x1024.jpeg 1024w, https:\/\/bergers-schlagerparadies.de\/wp-content\/uploads\/2026\/02\/Jens-Bockisch-Nur-mit-euch-allein-150x150.jpeg 150w, https:\/\/bergers-schlagerparadies.de\/wp-content\/uploads\/2026\/02\/Jens-Bockisch-Nur-mit-euch-allein-768x768.jpeg 768w, https:\/\/bergers-schlagerparadies.de\/wp-content\/uploads\/2026\/02\/Jens-Bockisch-Nur-mit-euch-allein-1536x1536.jpeg 1536w, https:\/\/bergers-schlagerparadies.de\/wp-content\/uploads\/2026\/02\/Jens-Bockisch-Nur-mit-euch-allein-2048x2048.jpeg 2048w, https:\/\/bergers-schlagerparadies.de\/wp-content\/uploads\/2026\/02\/Jens-Bockisch-Nur-mit-euch-allein-1200x1200.jpeg 1200w, https:\/\/bergers-schlagerparadies.de\/wp-content\/uploads\/2026\/02\/Jens-Bockisch-Nur-mit-euch-allein-1188x1188.jpeg 1188w, https:\/\/bergers-schlagerparadies.de\/wp-content\/uploads\/2026\/02\/Jens-Bockisch-Nur-mit-euch-allein-100x100.jpeg 100w\" sizes=\"auto, (max-width: 70px) 100vw, 70px\" \/>\u00a0 Jens Bockisch<\/span> &#8211; Nur mit euch allein ( <span style=\"color: #800000;\">recordJet<\/span>\u00a0)<\/strong><\/li>\n<li><strong><img loading=\"lazy\" decoding=\"async\" class=\"alignnone wp-image-41902\" src=\"https:\/\/bergers-schlagerparadies.de\/wp-content\/uploads\/2026\/02\/John-Michael-Flat-Fire-300x300.jpeg\" alt=\"\" width=\"70\" height=\"70\" srcset=\"https:\/\/bergers-schlagerparadies.de\/wp-content\/uploads\/2026\/02\/John-Michael-Flat-Fire-300x300.jpeg 300w, https:\/\/bergers-schlagerparadies.de\/wp-content\/uploads\/2026\/02\/John-Michael-Flat-Fire-1024x1024.jpeg 1024w, https:\/\/bergers-schlagerparadies.de\/wp-content\/uploads\/2026\/02\/John-Michael-Flat-Fire-150x150.jpeg 150w, https:\/\/bergers-schlagerparadies.de\/wp-content\/uploads\/2026\/02\/John-Michael-Flat-Fire-768x768.jpeg 768w, https:\/\/bergers-schlagerparadies.de\/wp-content\/uploads\/2026\/02\/John-Michael-Flat-Fire-1536x1536.jpeg 1536w, https:\/\/bergers-schlagerparadies.de\/wp-content\/uploads\/2026\/02\/John-Michael-Flat-Fire-2048x2048.jpeg 2048w, https:\/\/bergers-schlagerparadies.de\/wp-content\/uploads\/2026\/02\/John-Michael-Flat-Fire-1200x1200.jpeg 1200w, https:\/\/bergers-schlagerparadies.de\/wp-content\/uploads\/2026\/02\/John-Michael-Flat-Fire-1188x1188.jpeg 1188w, https:\/\/bergers-schlagerparadies.de\/wp-content\/uploads\/2026\/02\/John-Michael-Flat-Fire-100x100.jpeg 100w\" sizes=\"auto, (max-width: 70px) 100vw, 70px\" \/>\u00a0 <span style=\"color: #800000;\">John Michael Flat<\/span> &#8211; Fire ( <span style=\"color: #800000;\">Fiesta Records<\/span> )<\/strong><\/li>\n<li><strong><img loading=\"lazy\" decoding=\"async\" class=\"alignnone wp-image-41943\" src=\"https:\/\/bergers-schlagerparadies.de\/wp-content\/uploads\/2026\/02\/Joerg-Schulte-Auf-den-ersten-Blick-300x300.jpeg\" alt=\"\" width=\"70\" height=\"70\" srcset=\"https:\/\/bergers-schlagerparadies.de\/wp-content\/uploads\/2026\/02\/Joerg-Schulte-Auf-den-ersten-Blick-300x300.jpeg 300w, https:\/\/bergers-schlagerparadies.de\/wp-content\/uploads\/2026\/02\/Joerg-Schulte-Auf-den-ersten-Blick-1024x1024.jpeg 1024w, https:\/\/bergers-schlagerparadies.de\/wp-content\/uploads\/2026\/02\/Joerg-Schulte-Auf-den-ersten-Blick-150x150.jpeg 150w, https:\/\/bergers-schlagerparadies.de\/wp-content\/uploads\/2026\/02\/Joerg-Schulte-Auf-den-ersten-Blick-768x768.jpeg 768w, https:\/\/bergers-schlagerparadies.de\/wp-content\/uploads\/2026\/02\/Joerg-Schulte-Auf-den-ersten-Blick-1536x1536.jpeg 1536w, https:\/\/bergers-schlagerparadies.de\/wp-content\/uploads\/2026\/02\/Joerg-Schulte-Auf-den-ersten-Blick-2048x2048.jpeg 2048w, https:\/\/bergers-schlagerparadies.de\/wp-content\/uploads\/2026\/02\/Joerg-Schulte-Auf-den-ersten-Blick-1200x1200.jpeg 1200w, https:\/\/bergers-schlagerparadies.de\/wp-content\/uploads\/2026\/02\/Joerg-Schulte-Auf-den-ersten-Blick-1188x1188.jpeg 1188w, https:\/\/bergers-schlagerparadies.de\/wp-content\/uploads\/2026\/02\/Joerg-Schulte-Auf-den-ersten-Blick-100x100.jpeg 100w\" sizes=\"auto, (max-width: 70px) 100vw, 70px\" \/>\u00a0 J\u00f6rg Schulte &#8211; Auf den ersten Blick ( <span style=\"color: #800000;\">1982 Music Entertainment<\/span>\u00a0)<\/strong><\/li>\n<li><strong><span style=\"color: #800000;\"><img loading=\"lazy\" decoding=\"async\" class=\"alignnone wp-image-42010\" src=\"https:\/\/bergers-schlagerparadies.de\/wp-content\/uploads\/2026\/03\/Kapfer-Kapfer-Baby-Du-bist-ein-Engel-300x300.jpeg\" alt=\"\" width=\"71\" height=\"71\" srcset=\"https:\/\/bergers-schlagerparadies.de\/wp-content\/uploads\/2026\/03\/Kapfer-Kapfer-Baby-Du-bist-ein-Engel-300x300.jpeg 300w, https:\/\/bergers-schlagerparadies.de\/wp-content\/uploads\/2026\/03\/Kapfer-Kapfer-Baby-Du-bist-ein-Engel-1024x1024.jpeg 1024w, https:\/\/bergers-schlagerparadies.de\/wp-content\/uploads\/2026\/03\/Kapfer-Kapfer-Baby-Du-bist-ein-Engel-150x150.jpeg 150w, https:\/\/bergers-schlagerparadies.de\/wp-content\/uploads\/2026\/03\/Kapfer-Kapfer-Baby-Du-bist-ein-Engel-768x768.jpeg 768w, https:\/\/bergers-schlagerparadies.de\/wp-content\/uploads\/2026\/03\/Kapfer-Kapfer-Baby-Du-bist-ein-Engel-1200x1200.jpeg 1200w, https:\/\/bergers-schlagerparadies.de\/wp-content\/uploads\/2026\/03\/Kapfer-Kapfer-Baby-Du-bist-ein-Engel-1188x1188.jpeg 1188w, https:\/\/bergers-schlagerparadies.de\/wp-content\/uploads\/2026\/03\/Kapfer-Kapfer-Baby-Du-bist-ein-Engel-100x100.jpeg 100w, https:\/\/bergers-schlagerparadies.de\/wp-content\/uploads\/2026\/03\/Kapfer-Kapfer-Baby-Du-bist-ein-Engel.jpeg 1500w\" sizes=\"auto, (max-width: 71px) 100vw, 71px\" \/>\u00a0 Kapfer &amp; Kapfer<\/span> &#8211; Baby Du bist ein Engel ( <span style=\"color: #800000;\">KAPFER MUSIC<\/span>\u00a0)<\/strong><\/li>\n<li><strong><img loading=\"lazy\" decoding=\"async\" class=\"alignnone wp-image-41862\" src=\"https:\/\/bergers-schlagerparadies.de\/wp-content\/uploads\/2026\/02\/Kasey-Neumann-Du-bist-immer-noch-mein-Prinz-300x300.jpeg\" alt=\"\" width=\"70\" height=\"70\" srcset=\"https:\/\/bergers-schlagerparadies.de\/wp-content\/uploads\/2026\/02\/Kasey-Neumann-Du-bist-immer-noch-mein-Prinz-300x300.jpeg 300w, https:\/\/bergers-schlagerparadies.de\/wp-content\/uploads\/2026\/02\/Kasey-Neumann-Du-bist-immer-noch-mein-Prinz-1024x1024.jpeg 1024w, https:\/\/bergers-schlagerparadies.de\/wp-content\/uploads\/2026\/02\/Kasey-Neumann-Du-bist-immer-noch-mein-Prinz-150x150.jpeg 150w, https:\/\/bergers-schlagerparadies.de\/wp-content\/uploads\/2026\/02\/Kasey-Neumann-Du-bist-immer-noch-mein-Prinz-768x768.jpeg 768w, https:\/\/bergers-schlagerparadies.de\/wp-content\/uploads\/2026\/02\/Kasey-Neumann-Du-bist-immer-noch-mein-Prinz-1188x1188.jpeg 1188w, https:\/\/bergers-schlagerparadies.de\/wp-content\/uploads\/2026\/02\/Kasey-Neumann-Du-bist-immer-noch-mein-Prinz-100x100.jpeg 100w, https:\/\/bergers-schlagerparadies.de\/wp-content\/uploads\/2026\/02\/Kasey-Neumann-Du-bist-immer-noch-mein-Prinz.jpeg 1200w\" sizes=\"auto, (max-width: 70px) 100vw, 70px\" \/>\u00a0 Kasey Neumann &#8211; Du bist immer noch mein Prinz ( <span style=\"color: #800000;\">3H Fox Records<\/span>\u00a0)<\/strong><\/li>\n<li><strong><span style=\"color: #800000;\"><img loading=\"lazy\" decoding=\"async\" class=\"alignnone wp-image-41906\" src=\"https:\/\/bergers-schlagerparadies.de\/wp-content\/uploads\/2026\/02\/Laura-Mark-Ach-was-ich-wag-das-300x300.jpeg\" alt=\"\" width=\"70\" height=\"70\" srcset=\"https:\/\/bergers-schlagerparadies.de\/wp-content\/uploads\/2026\/02\/Laura-Mark-Ach-was-ich-wag-das-300x300.jpeg 300w, https:\/\/bergers-schlagerparadies.de\/wp-content\/uploads\/2026\/02\/Laura-Mark-Ach-was-ich-wag-das-1024x1024.jpeg 1024w, https:\/\/bergers-schlagerparadies.de\/wp-content\/uploads\/2026\/02\/Laura-Mark-Ach-was-ich-wag-das-150x150.jpeg 150w, https:\/\/bergers-schlagerparadies.de\/wp-content\/uploads\/2026\/02\/Laura-Mark-Ach-was-ich-wag-das-768x768.jpeg 768w, https:\/\/bergers-schlagerparadies.de\/wp-content\/uploads\/2026\/02\/Laura-Mark-Ach-was-ich-wag-das-1536x1536.jpeg 1536w, https:\/\/bergers-schlagerparadies.de\/wp-content\/uploads\/2026\/02\/Laura-Mark-Ach-was-ich-wag-das-2048x2048.jpeg 2048w, https:\/\/bergers-schlagerparadies.de\/wp-content\/uploads\/2026\/02\/Laura-Mark-Ach-was-ich-wag-das-1200x1200.jpeg 1200w, https:\/\/bergers-schlagerparadies.de\/wp-content\/uploads\/2026\/02\/Laura-Mark-Ach-was-ich-wag-das-1188x1188.jpeg 1188w, https:\/\/bergers-schlagerparadies.de\/wp-content\/uploads\/2026\/02\/Laura-Mark-Ach-was-ich-wag-das-100x100.jpeg 100w\" sizes=\"auto, (max-width: 70px) 100vw, 70px\" \/>\u00a0 Laura &amp; Mark<\/span> &#8211; Ach was, ich wag das?! ( <span style=\"color: #800000;\">ELPEMA<\/span>\u00a0)<\/strong><\/li>\n<li><strong><img loading=\"lazy\" decoding=\"async\" class=\"alignnone wp-image-41909\" src=\"https:\/\/bergers-schlagerparadies.de\/wp-content\/uploads\/2026\/02\/Lisa-Klein-Flammen-im-Wind-300x300.jpeg\" alt=\"\" width=\"70\" height=\"70\" srcset=\"https:\/\/bergers-schlagerparadies.de\/wp-content\/uploads\/2026\/02\/Lisa-Klein-Flammen-im-Wind-300x300.jpeg 300w, https:\/\/bergers-schlagerparadies.de\/wp-content\/uploads\/2026\/02\/Lisa-Klein-Flammen-im-Wind-1024x1024.jpeg 1024w, https:\/\/bergers-schlagerparadies.de\/wp-content\/uploads\/2026\/02\/Lisa-Klein-Flammen-im-Wind-150x150.jpeg 150w, https:\/\/bergers-schlagerparadies.de\/wp-content\/uploads\/2026\/02\/Lisa-Klein-Flammen-im-Wind-768x768.jpeg 768w, https:\/\/bergers-schlagerparadies.de\/wp-content\/uploads\/2026\/02\/Lisa-Klein-Flammen-im-Wind-1536x1536.jpeg 1536w, https:\/\/bergers-schlagerparadies.de\/wp-content\/uploads\/2026\/02\/Lisa-Klein-Flammen-im-Wind-2048x2048.jpeg 2048w, https:\/\/bergers-schlagerparadies.de\/wp-content\/uploads\/2026\/02\/Lisa-Klein-Flammen-im-Wind-1200x1200.jpeg 1200w, https:\/\/bergers-schlagerparadies.de\/wp-content\/uploads\/2026\/02\/Lisa-Klein-Flammen-im-Wind-1188x1188.jpeg 1188w, https:\/\/bergers-schlagerparadies.de\/wp-content\/uploads\/2026\/02\/Lisa-Klein-Flammen-im-Wind-100x100.jpeg 100w\" sizes=\"auto, (max-width: 70px) 100vw, 70px\" \/>\u00a0 <span style=\"color: #800000;\">Lisa Klein<\/span> &#8211; Flammen im Wind ( <span style=\"color: #800000;\">Fiesta Records<\/span> )<\/strong><\/li>\n<li><strong><img loading=\"lazy\" decoding=\"async\" class=\"alignnone wp-image-41730\" src=\"https:\/\/bergers-schlagerparadies.de\/wp-content\/uploads\/2026\/02\/Mauro-Martina-Komm-zurueck-300x300.jpg\" alt=\"\" width=\"70\" height=\"70\" srcset=\"https:\/\/bergers-schlagerparadies.de\/wp-content\/uploads\/2026\/02\/Mauro-Martina-Komm-zurueck-300x300.jpg 300w, https:\/\/bergers-schlagerparadies.de\/wp-content\/uploads\/2026\/02\/Mauro-Martina-Komm-zurueck-1024x1024.jpg 1024w, https:\/\/bergers-schlagerparadies.de\/wp-content\/uploads\/2026\/02\/Mauro-Martina-Komm-zurueck-150x150.jpg 150w, https:\/\/bergers-schlagerparadies.de\/wp-content\/uploads\/2026\/02\/Mauro-Martina-Komm-zurueck-768x768.jpg 768w, https:\/\/bergers-schlagerparadies.de\/wp-content\/uploads\/2026\/02\/Mauro-Martina-Komm-zurueck-1536x1536.jpg 1536w, https:\/\/bergers-schlagerparadies.de\/wp-content\/uploads\/2026\/02\/Mauro-Martina-Komm-zurueck-1200x1200.jpg 1200w, https:\/\/bergers-schlagerparadies.de\/wp-content\/uploads\/2026\/02\/Mauro-Martina-Komm-zurueck-1188x1188.jpg 1188w, https:\/\/bergers-schlagerparadies.de\/wp-content\/uploads\/2026\/02\/Mauro-Martina-Komm-zurueck-100x100.jpg 100w, https:\/\/bergers-schlagerparadies.de\/wp-content\/uploads\/2026\/02\/Mauro-Martina-Komm-zurueck.jpg 2048w\" sizes=\"auto, (max-width: 70px) 100vw, 70px\" \/>\u00a0 Mauro Martina &#8211; Komm zur\u00fcck ( <span style=\"color: #800000;\">2Base Records<\/span>\u00a0)<\/strong><\/li>\n<li><strong><img loading=\"lazy\" decoding=\"async\" class=\"alignnone wp-image-42002\" src=\"https:\/\/bergers-schlagerparadies.de\/wp-content\/uploads\/2026\/03\/Marc-Koch-Auf-Uns-300x300.jpeg\" alt=\"\" width=\"70\" height=\"70\" srcset=\"https:\/\/bergers-schlagerparadies.de\/wp-content\/uploads\/2026\/03\/Marc-Koch-Auf-Uns-300x300.jpeg 300w, https:\/\/bergers-schlagerparadies.de\/wp-content\/uploads\/2026\/03\/Marc-Koch-Auf-Uns-1024x1024.jpeg 1024w, https:\/\/bergers-schlagerparadies.de\/wp-content\/uploads\/2026\/03\/Marc-Koch-Auf-Uns-150x150.jpeg 150w, https:\/\/bergers-schlagerparadies.de\/wp-content\/uploads\/2026\/03\/Marc-Koch-Auf-Uns-768x768.jpeg 768w, https:\/\/bergers-schlagerparadies.de\/wp-content\/uploads\/2026\/03\/Marc-Koch-Auf-Uns-1200x1200.jpeg 1200w, https:\/\/bergers-schlagerparadies.de\/wp-content\/uploads\/2026\/03\/Marc-Koch-Auf-Uns-1188x1188.jpeg 1188w, https:\/\/bergers-schlagerparadies.de\/wp-content\/uploads\/2026\/03\/Marc-Koch-Auf-Uns-100x100.jpeg 100w, https:\/\/bergers-schlagerparadies.de\/wp-content\/uploads\/2026\/03\/Marc-Koch-Auf-Uns.jpeg 1400w\" sizes=\"auto, (max-width: 70px) 100vw, 70px\" \/>\u00a0 Marc Koch &#8211; Auf Uns ( <span style=\"color: #800000;\">Palm Records<\/span>) <span style=\"color: #800000;\">!!!<\/span><\/strong><\/li>\n<li><strong><span style=\"color: #800000;\"><img loading=\"lazy\" decoding=\"async\" class=\"alignnone wp-image-42037\" src=\"https:\/\/bergers-schlagerparadies.de\/wp-content\/uploads\/2026\/03\/Marko-Abend-Einzelkaempfer-300x300.jpg\" alt=\"\" width=\"70\" height=\"70\" srcset=\"https:\/\/bergers-schlagerparadies.de\/wp-content\/uploads\/2026\/03\/Marko-Abend-Einzelkaempfer-300x300.jpg 300w, https:\/\/bergers-schlagerparadies.de\/wp-content\/uploads\/2026\/03\/Marko-Abend-Einzelkaempfer-1024x1024.jpg 1024w, https:\/\/bergers-schlagerparadies.de\/wp-content\/uploads\/2026\/03\/Marko-Abend-Einzelkaempfer-150x150.jpg 150w, https:\/\/bergers-schlagerparadies.de\/wp-content\/uploads\/2026\/03\/Marko-Abend-Einzelkaempfer-768x768.jpg 768w, https:\/\/bergers-schlagerparadies.de\/wp-content\/uploads\/2026\/03\/Marko-Abend-Einzelkaempfer-1536x1536.jpg 1536w, https:\/\/bergers-schlagerparadies.de\/wp-content\/uploads\/2026\/03\/Marko-Abend-Einzelkaempfer-1200x1200.jpg 1200w, https:\/\/bergers-schlagerparadies.de\/wp-content\/uploads\/2026\/03\/Marko-Abend-Einzelkaempfer-1188x1188.jpg 1188w, https:\/\/bergers-schlagerparadies.de\/wp-content\/uploads\/2026\/03\/Marko-Abend-Einzelkaempfer-100x100.jpg 100w, https:\/\/bergers-schlagerparadies.de\/wp-content\/uploads\/2026\/03\/Marko-Abend-Einzelkaempfer.jpg 1600w\" sizes=\"auto, (max-width: 70px) 100vw, 70px\" \/>\u00a0 Marko Abend<\/span> &#8211; Einzelk\u00e4mpfer ( <span style=\"color: #800000;\">ONE4YOU RECORDS<\/span> )<\/strong><\/li>\n<li><strong><span style=\"color: #800000;\"><img loading=\"lazy\" decoding=\"async\" class=\"alignnone wp-image-42091\" src=\"https:\/\/bergers-schlagerparadies.de\/wp-content\/uploads\/2026\/03\/Michael-Korn-Grad-schee-wias-is-300x300.jpeg\" alt=\"\" width=\"70\" height=\"70\" srcset=\"https:\/\/bergers-schlagerparadies.de\/wp-content\/uploads\/2026\/03\/Michael-Korn-Grad-schee-wias-is-300x300.jpeg 300w, https:\/\/bergers-schlagerparadies.de\/wp-content\/uploads\/2026\/03\/Michael-Korn-Grad-schee-wias-is-1024x1024.jpeg 1024w, https:\/\/bergers-schlagerparadies.de\/wp-content\/uploads\/2026\/03\/Michael-Korn-Grad-schee-wias-is-150x150.jpeg 150w, https:\/\/bergers-schlagerparadies.de\/wp-content\/uploads\/2026\/03\/Michael-Korn-Grad-schee-wias-is-768x768.jpeg 768w, https:\/\/bergers-schlagerparadies.de\/wp-content\/uploads\/2026\/03\/Michael-Korn-Grad-schee-wias-is-1188x1188.jpeg 1188w, https:\/\/bergers-schlagerparadies.de\/wp-content\/uploads\/2026\/03\/Michael-Korn-Grad-schee-wias-is-100x100.jpeg 100w, https:\/\/bergers-schlagerparadies.de\/wp-content\/uploads\/2026\/03\/Michael-Korn-Grad-schee-wias-is.jpeg 1200w\" sizes=\"auto, (max-width: 70px) 100vw, 70px\" \/>\u00a0 Michael Korn<\/span> &#8211; Grad schee wias is ( <span style=\"color: #800000;\">KORNmusic<\/span>\u00a0)<\/strong><\/li>\n<li><strong><span style=\"color: #800000;\"><img loading=\"lazy\" decoding=\"async\" class=\"alignnone wp-image-42145\" src=\"https:\/\/bergers-schlagerparadies.de\/wp-content\/uploads\/2026\/03\/Michael-Wendler-Unzerstoerbar-300x298.jpg\" alt=\"\" width=\"70\" height=\"70\" \/>\u00a0 Michael Wendler<\/span> &#8211; Unzerst\u00f6rbar ( <span style=\"color: #800000;\">AP Music<\/span>\u00a0) <\/strong><\/li>\n<li><strong><span style=\"color: #800000;\"><img loading=\"lazy\" decoding=\"async\" class=\"alignnone wp-image-42026\" src=\"https:\/\/bergers-schlagerparadies.de\/wp-content\/uploads\/2026\/03\/Mirko-Peters-Willst-Du-mich-300x300.png\" alt=\"\" width=\"70\" height=\"70\" srcset=\"https:\/\/bergers-schlagerparadies.de\/wp-content\/uploads\/2026\/03\/Mirko-Peters-Willst-Du-mich-300x300.png 300w, https:\/\/bergers-schlagerparadies.de\/wp-content\/uploads\/2026\/03\/Mirko-Peters-Willst-Du-mich-1024x1024.png 1024w, https:\/\/bergers-schlagerparadies.de\/wp-content\/uploads\/2026\/03\/Mirko-Peters-Willst-Du-mich-150x150.png 150w, https:\/\/bergers-schlagerparadies.de\/wp-content\/uploads\/2026\/03\/Mirko-Peters-Willst-Du-mich-768x768.png 768w, https:\/\/bergers-schlagerparadies.de\/wp-content\/uploads\/2026\/03\/Mirko-Peters-Willst-Du-mich-100x100.png 100w, https:\/\/bergers-schlagerparadies.de\/wp-content\/uploads\/2026\/03\/Mirko-Peters-Willst-Du-mich.png 1080w\" sizes=\"auto, (max-width: 70px) 100vw, 70px\" \/>\u00a0 Mirko Peters<\/span> &#8211; Willst Du mich? ( <span style=\"color: #800000;\">Atara Music<\/span>\u00a0)<\/strong><\/li>\n<li><strong><span style=\"color: #800000;\"><img loading=\"lazy\" decoding=\"async\" class=\"alignnone wp-image-41913\" src=\"https:\/\/bergers-schlagerparadies.de\/wp-content\/uploads\/2026\/02\/Phil-Olavide-Abrakadabra-300x300.jpeg\" alt=\"\" width=\"70\" height=\"70\" srcset=\"https:\/\/bergers-schlagerparadies.de\/wp-content\/uploads\/2026\/02\/Phil-Olavide-Abrakadabra-300x300.jpeg 300w, https:\/\/bergers-schlagerparadies.de\/wp-content\/uploads\/2026\/02\/Phil-Olavide-Abrakadabra-1024x1024.jpeg 1024w, https:\/\/bergers-schlagerparadies.de\/wp-content\/uploads\/2026\/02\/Phil-Olavide-Abrakadabra-150x150.jpeg 150w, https:\/\/bergers-schlagerparadies.de\/wp-content\/uploads\/2026\/02\/Phil-Olavide-Abrakadabra-768x768.jpeg 768w, https:\/\/bergers-schlagerparadies.de\/wp-content\/uploads\/2026\/02\/Phil-Olavide-Abrakadabra-1536x1536.jpeg 1536w, https:\/\/bergers-schlagerparadies.de\/wp-content\/uploads\/2026\/02\/Phil-Olavide-Abrakadabra-2048x2048.jpeg 2048w, https:\/\/bergers-schlagerparadies.de\/wp-content\/uploads\/2026\/02\/Phil-Olavide-Abrakadabra-1200x1200.jpeg 1200w, https:\/\/bergers-schlagerparadies.de\/wp-content\/uploads\/2026\/02\/Phil-Olavide-Abrakadabra-1188x1188.jpeg 1188w, https:\/\/bergers-schlagerparadies.de\/wp-content\/uploads\/2026\/02\/Phil-Olavide-Abrakadabra-100x100.jpeg 100w\" sizes=\"auto, (max-width: 70px) 100vw, 70px\" \/>\u00a0 Phil Olavide<\/span> &#8211; Abrakadabra ( <span style=\"color: #800000;\">B-exstage Music<\/span>\u00a0)<\/strong><\/li>\n<li><strong><span style=\"color: #800000;\"><img loading=\"lazy\" decoding=\"async\" class=\"alignnone wp-image-41536\" src=\"https:\/\/bergers-schlagerparadies.de\/wp-content\/uploads\/2026\/02\/Philipp-Griessler-6er-gwuerfelt-300x300.jpeg\" alt=\"\" width=\"70\" height=\"70\" srcset=\"https:\/\/bergers-schlagerparadies.de\/wp-content\/uploads\/2026\/02\/Philipp-Griessler-6er-gwuerfelt-300x300.jpeg 300w, https:\/\/bergers-schlagerparadies.de\/wp-content\/uploads\/2026\/02\/Philipp-Griessler-6er-gwuerfelt-1024x1024.jpeg 1024w, https:\/\/bergers-schlagerparadies.de\/wp-content\/uploads\/2026\/02\/Philipp-Griessler-6er-gwuerfelt-150x150.jpeg 150w, https:\/\/bergers-schlagerparadies.de\/wp-content\/uploads\/2026\/02\/Philipp-Griessler-6er-gwuerfelt-768x768.jpeg 768w, https:\/\/bergers-schlagerparadies.de\/wp-content\/uploads\/2026\/02\/Philipp-Griessler-6er-gwuerfelt-1188x1188.jpeg 1188w, https:\/\/bergers-schlagerparadies.de\/wp-content\/uploads\/2026\/02\/Philipp-Griessler-6er-gwuerfelt-100x100.jpeg 100w, https:\/\/bergers-schlagerparadies.de\/wp-content\/uploads\/2026\/02\/Philipp-Griessler-6er-gwuerfelt.jpeg 1200w\" sizes=\"auto, (max-width: 70px) 100vw, 70px\" \/>\u00a0 Philipp Griessler<\/span> &#8211; 6er g&#8217;w\u00fcrfelt ( <span style=\"color: #800000;\">Stella Musica<\/span>\u00a0)<\/strong><\/li>\n<li><strong><img loading=\"lazy\" decoding=\"async\" class=\"alignnone wp-image-42123\" src=\"https:\/\/bergers-schlagerparadies.de\/wp-content\/uploads\/2026\/03\/Pia-Sophie-Besser-ohne-dich-300x300.jpeg\" alt=\"\" width=\"70\" height=\"70\" srcset=\"https:\/\/bergers-schlagerparadies.de\/wp-content\/uploads\/2026\/03\/Pia-Sophie-Besser-ohne-dich-300x300.jpeg 300w, https:\/\/bergers-schlagerparadies.de\/wp-content\/uploads\/2026\/03\/Pia-Sophie-Besser-ohne-dich-1024x1024.jpeg 1024w, https:\/\/bergers-schlagerparadies.de\/wp-content\/uploads\/2026\/03\/Pia-Sophie-Besser-ohne-dich-150x150.jpeg 150w, https:\/\/bergers-schlagerparadies.de\/wp-content\/uploads\/2026\/03\/Pia-Sophie-Besser-ohne-dich-768x768.jpeg 768w, https:\/\/bergers-schlagerparadies.de\/wp-content\/uploads\/2026\/03\/Pia-Sophie-Besser-ohne-dich-1188x1188.jpeg 1188w, https:\/\/bergers-schlagerparadies.de\/wp-content\/uploads\/2026\/03\/Pia-Sophie-Besser-ohne-dich-100x100.jpeg 100w, https:\/\/bergers-schlagerparadies.de\/wp-content\/uploads\/2026\/03\/Pia-Sophie-Besser-ohne-dich.jpeg 1200w\" sizes=\"auto, (max-width: 70px) 100vw, 70px\" \/>\u00a0 Pia-Sophie &#8211; Besser ohne dich ( <span style=\"color: #800000;\">SMA\/ Ariola<\/span>\u00a0)<\/strong><\/li>\n<li><strong><span style=\"color: #800000;\"><img loading=\"lazy\" decoding=\"async\" class=\"alignnone wp-image-42014\" src=\"https:\/\/bergers-schlagerparadies.de\/wp-content\/uploads\/2026\/03\/Rene-P.-Achterbahn-Alles-dreht-sich-300x300.jpg\" alt=\"\" width=\"70\" height=\"70\" srcset=\"https:\/\/bergers-schlagerparadies.de\/wp-content\/uploads\/2026\/03\/Rene-P.-Achterbahn-Alles-dreht-sich-300x300.jpg 300w, https:\/\/bergers-schlagerparadies.de\/wp-content\/uploads\/2026\/03\/Rene-P.-Achterbahn-Alles-dreht-sich-1024x1024.jpg 1024w, https:\/\/bergers-schlagerparadies.de\/wp-content\/uploads\/2026\/03\/Rene-P.-Achterbahn-Alles-dreht-sich-150x150.jpg 150w, https:\/\/bergers-schlagerparadies.de\/wp-content\/uploads\/2026\/03\/Rene-P.-Achterbahn-Alles-dreht-sich-768x768.jpg 768w, https:\/\/bergers-schlagerparadies.de\/wp-content\/uploads\/2026\/03\/Rene-P.-Achterbahn-Alles-dreht-sich-1536x1536.jpg 1536w, https:\/\/bergers-schlagerparadies.de\/wp-content\/uploads\/2026\/03\/Rene-P.-Achterbahn-Alles-dreht-sich-1200x1200.jpg 1200w, https:\/\/bergers-schlagerparadies.de\/wp-content\/uploads\/2026\/03\/Rene-P.-Achterbahn-Alles-dreht-sich-1188x1188.jpg 1188w, https:\/\/bergers-schlagerparadies.de\/wp-content\/uploads\/2026\/03\/Rene-P.-Achterbahn-Alles-dreht-sich-100x100.jpg 100w, https:\/\/bergers-schlagerparadies.de\/wp-content\/uploads\/2026\/03\/Rene-P.-Achterbahn-Alles-dreht-sich.jpg 1600w\" sizes=\"auto, (max-width: 70px) 100vw, 70px\" \/>\u00a0 Rene\u0301 P.<\/span> &#8211; Achterbahn (Alles dreht sich) ( <span style=\"color: #800000;\">SongDesign Musikverlag<\/span>)<\/strong><\/li>\n<li><strong><span style=\"color: #800000;\"><img loading=\"lazy\" decoding=\"async\" class=\"alignnone wp-image-42083\" src=\"https:\/\/bergers-schlagerparadies.de\/wp-content\/uploads\/2026\/03\/Rekatrednu-Doch-Auch-Wenn-Ich-Falle-2k26-Version-300x300.jpeg\" alt=\"\" width=\"70\" height=\"70\" srcset=\"https:\/\/bergers-schlagerparadies.de\/wp-content\/uploads\/2026\/03\/Rekatrednu-Doch-Auch-Wenn-Ich-Falle-2k26-Version-300x300.jpeg 300w, https:\/\/bergers-schlagerparadies.de\/wp-content\/uploads\/2026\/03\/Rekatrednu-Doch-Auch-Wenn-Ich-Falle-2k26-Version-1024x1024.jpeg 1024w, https:\/\/bergers-schlagerparadies.de\/wp-content\/uploads\/2026\/03\/Rekatrednu-Doch-Auch-Wenn-Ich-Falle-2k26-Version-150x150.jpeg 150w, https:\/\/bergers-schlagerparadies.de\/wp-content\/uploads\/2026\/03\/Rekatrednu-Doch-Auch-Wenn-Ich-Falle-2k26-Version-768x768.jpeg 768w, https:\/\/bergers-schlagerparadies.de\/wp-content\/uploads\/2026\/03\/Rekatrednu-Doch-Auch-Wenn-Ich-Falle-2k26-Version-1536x1536.jpeg 1536w, https:\/\/bergers-schlagerparadies.de\/wp-content\/uploads\/2026\/03\/Rekatrednu-Doch-Auch-Wenn-Ich-Falle-2k26-Version-1200x1200.jpeg 1200w, https:\/\/bergers-schlagerparadies.de\/wp-content\/uploads\/2026\/03\/Rekatrednu-Doch-Auch-Wenn-Ich-Falle-2k26-Version-1188x1188.jpeg 1188w, https:\/\/bergers-schlagerparadies.de\/wp-content\/uploads\/2026\/03\/Rekatrednu-Doch-Auch-Wenn-Ich-Falle-2k26-Version-100x100.jpeg 100w, https:\/\/bergers-schlagerparadies.de\/wp-content\/uploads\/2026\/03\/Rekatrednu-Doch-Auch-Wenn-Ich-Falle-2k26-Version.jpeg 2048w\" sizes=\"auto, (max-width: 70px) 100vw, 70px\" \/>\u00a0 Rekatrednu<\/span> &#8211; Doch Auch, Wenn Ich Falle (2k26 Version) ( <span style=\"color: #800000;\"> Independent <\/span>)<\/strong><\/li>\n<li><strong><img loading=\"lazy\" decoding=\"async\" class=\"alignnone wp-image-41920\" src=\"https:\/\/bergers-schlagerparadies.de\/wp-content\/uploads\/2026\/02\/Sabrina-Senger-Wenn-du-mich-wirklich-willst-300x300.jpeg\" alt=\"\" width=\"70\" height=\"70\" srcset=\"https:\/\/bergers-schlagerparadies.de\/wp-content\/uploads\/2026\/02\/Sabrina-Senger-Wenn-du-mich-wirklich-willst-300x300.jpeg 300w, https:\/\/bergers-schlagerparadies.de\/wp-content\/uploads\/2026\/02\/Sabrina-Senger-Wenn-du-mich-wirklich-willst-1024x1024.jpeg 1024w, https:\/\/bergers-schlagerparadies.de\/wp-content\/uploads\/2026\/02\/Sabrina-Senger-Wenn-du-mich-wirklich-willst-150x150.jpeg 150w, https:\/\/bergers-schlagerparadies.de\/wp-content\/uploads\/2026\/02\/Sabrina-Senger-Wenn-du-mich-wirklich-willst-768x768.jpeg 768w, https:\/\/bergers-schlagerparadies.de\/wp-content\/uploads\/2026\/02\/Sabrina-Senger-Wenn-du-mich-wirklich-willst-1536x1536.jpeg 1536w, https:\/\/bergers-schlagerparadies.de\/wp-content\/uploads\/2026\/02\/Sabrina-Senger-Wenn-du-mich-wirklich-willst-2048x2048.jpeg 2048w, https:\/\/bergers-schlagerparadies.de\/wp-content\/uploads\/2026\/02\/Sabrina-Senger-Wenn-du-mich-wirklich-willst-1200x1200.jpeg 1200w, https:\/\/bergers-schlagerparadies.de\/wp-content\/uploads\/2026\/02\/Sabrina-Senger-Wenn-du-mich-wirklich-willst-1188x1188.jpeg 1188w, https:\/\/bergers-schlagerparadies.de\/wp-content\/uploads\/2026\/02\/Sabrina-Senger-Wenn-du-mich-wirklich-willst-100x100.jpeg 100w\" sizes=\"auto, (max-width: 70px) 100vw, 70px\" \/>\u00a0 <span style=\"color: #800000;\">Sabrina Senger<\/span> &#8211; Wenn du mich wirklich willst ( <span style=\"color: #800000;\">Fiesta Records \/ finalmusic<\/span> )<\/strong><\/li>\n<li><strong><img loading=\"lazy\" decoding=\"async\" class=\"alignnone wp-image-42006\" src=\"https:\/\/bergers-schlagerparadies.de\/wp-content\/uploads\/2026\/03\/Sandy-van-Ry-Deine-Art-zu-lieben-300x300.jpeg\" alt=\"\" width=\"70\" height=\"70\" srcset=\"https:\/\/bergers-schlagerparadies.de\/wp-content\/uploads\/2026\/03\/Sandy-van-Ry-Deine-Art-zu-lieben-300x300.jpeg 300w, https:\/\/bergers-schlagerparadies.de\/wp-content\/uploads\/2026\/03\/Sandy-van-Ry-Deine-Art-zu-lieben-1024x1024.jpeg 1024w, https:\/\/bergers-schlagerparadies.de\/wp-content\/uploads\/2026\/03\/Sandy-van-Ry-Deine-Art-zu-lieben-150x150.jpeg 150w, https:\/\/bergers-schlagerparadies.de\/wp-content\/uploads\/2026\/03\/Sandy-van-Ry-Deine-Art-zu-lieben-768x768.jpeg 768w, https:\/\/bergers-schlagerparadies.de\/wp-content\/uploads\/2026\/03\/Sandy-van-Ry-Deine-Art-zu-lieben-1200x1200.jpeg 1200w, https:\/\/bergers-schlagerparadies.de\/wp-content\/uploads\/2026\/03\/Sandy-van-Ry-Deine-Art-zu-lieben-1188x1188.jpeg 1188w, https:\/\/bergers-schlagerparadies.de\/wp-content\/uploads\/2026\/03\/Sandy-van-Ry-Deine-Art-zu-lieben-100x100.jpeg 100w, https:\/\/bergers-schlagerparadies.de\/wp-content\/uploads\/2026\/03\/Sandy-van-Ry-Deine-Art-zu-lieben.jpeg 1400w\" sizes=\"auto, (max-width: 70px) 100vw, 70px\" \/>\u00a0 <span style=\"color: #800000;\">Sandy van Ry<\/span> &#8211; Deine Art zu lieben ( <span style=\"color: #800000;\">Palm Records<\/span>) <span style=\"color: #800000;\">!!!<\/span><\/strong><\/li>\n<li><strong><span style=\"color: #800000;\"><img loading=\"lazy\" decoding=\"async\" class=\"alignnone wp-image-42087\" src=\"https:\/\/bergers-schlagerparadies.de\/wp-content\/uploads\/2026\/03\/Starke-Freunde-Wenn-ich-nochmal-auf-die-Welt-komm-300x300.jpeg\" alt=\"\" width=\"70\" height=\"70\" srcset=\"https:\/\/bergers-schlagerparadies.de\/wp-content\/uploads\/2026\/03\/Starke-Freunde-Wenn-ich-nochmal-auf-die-Welt-komm-300x300.jpeg 300w, https:\/\/bergers-schlagerparadies.de\/wp-content\/uploads\/2026\/03\/Starke-Freunde-Wenn-ich-nochmal-auf-die-Welt-komm-1024x1024.jpeg 1024w, https:\/\/bergers-schlagerparadies.de\/wp-content\/uploads\/2026\/03\/Starke-Freunde-Wenn-ich-nochmal-auf-die-Welt-komm-150x150.jpeg 150w, https:\/\/bergers-schlagerparadies.de\/wp-content\/uploads\/2026\/03\/Starke-Freunde-Wenn-ich-nochmal-auf-die-Welt-komm-768x768.jpeg 768w, https:\/\/bergers-schlagerparadies.de\/wp-content\/uploads\/2026\/03\/Starke-Freunde-Wenn-ich-nochmal-auf-die-Welt-komm-1188x1188.jpeg 1188w, https:\/\/bergers-schlagerparadies.de\/wp-content\/uploads\/2026\/03\/Starke-Freunde-Wenn-ich-nochmal-auf-die-Welt-komm-100x100.jpeg 100w, https:\/\/bergers-schlagerparadies.de\/wp-content\/uploads\/2026\/03\/Starke-Freunde-Wenn-ich-nochmal-auf-die-Welt-komm.jpeg 1200w\" sizes=\"auto, (max-width: 70px) 100vw, 70px\" \/>\u00a0 Starke Freunde<\/span> &#8211; Wenn ich nochmal auf die Welt komm ( <span style=\"color: #800000;\">SASSA &#8211; RECORDS <\/span>) <\/strong><\/li>\n<li><strong><span style=\"color: #800000;\"><img loading=\"lazy\" decoding=\"async\" class=\"alignnone wp-image-42065\" src=\"https:\/\/bergers-schlagerparadies.de\/wp-content\/uploads\/2026\/03\/Sternenregen-Give-me-my-first-Kiss-Rosa-300x300.png\" alt=\"\" width=\"70\" height=\"70\" srcset=\"https:\/\/bergers-schlagerparadies.de\/wp-content\/uploads\/2026\/03\/Sternenregen-Give-me-my-first-Kiss-Rosa-300x300.png 300w, https:\/\/bergers-schlagerparadies.de\/wp-content\/uploads\/2026\/03\/Sternenregen-Give-me-my-first-Kiss-Rosa-1024x1024.png 1024w, https:\/\/bergers-schlagerparadies.de\/wp-content\/uploads\/2026\/03\/Sternenregen-Give-me-my-first-Kiss-Rosa-150x150.png 150w, https:\/\/bergers-schlagerparadies.de\/wp-content\/uploads\/2026\/03\/Sternenregen-Give-me-my-first-Kiss-Rosa-768x768.png 768w, https:\/\/bergers-schlagerparadies.de\/wp-content\/uploads\/2026\/03\/Sternenregen-Give-me-my-first-Kiss-Rosa-1200x1200.png 1200w, https:\/\/bergers-schlagerparadies.de\/wp-content\/uploads\/2026\/03\/Sternenregen-Give-me-my-first-Kiss-Rosa-1188x1188.png 1188w, https:\/\/bergers-schlagerparadies.de\/wp-content\/uploads\/2026\/03\/Sternenregen-Give-me-my-first-Kiss-Rosa-100x100.png 100w, https:\/\/bergers-schlagerparadies.de\/wp-content\/uploads\/2026\/03\/Sternenregen-Give-me-my-first-Kiss-Rosa.png 1418w\" sizes=\"auto, (max-width: 70px) 100vw, 70px\" \/>\u00a0 Sternenregen<\/span> &#8211; Give me my first Kiss Rosa ( <span style=\"color: #800000;\">DIWA Music<\/span>)<\/strong><\/li>\n<li><strong><img loading=\"lazy\" decoding=\"async\" class=\"alignnone wp-image-41926\" src=\"https:\/\/bergers-schlagerparadies.de\/wp-content\/uploads\/2026\/02\/Tobi-Lenz-Die-Lieder-der-Nacht-300x300.jpeg\" alt=\"\" width=\"70\" height=\"70\" srcset=\"https:\/\/bergers-schlagerparadies.de\/wp-content\/uploads\/2026\/02\/Tobi-Lenz-Die-Lieder-der-Nacht-300x300.jpeg 300w, https:\/\/bergers-schlagerparadies.de\/wp-content\/uploads\/2026\/02\/Tobi-Lenz-Die-Lieder-der-Nacht-1024x1024.jpeg 1024w, https:\/\/bergers-schlagerparadies.de\/wp-content\/uploads\/2026\/02\/Tobi-Lenz-Die-Lieder-der-Nacht-150x150.jpeg 150w, https:\/\/bergers-schlagerparadies.de\/wp-content\/uploads\/2026\/02\/Tobi-Lenz-Die-Lieder-der-Nacht-768x768.jpeg 768w, https:\/\/bergers-schlagerparadies.de\/wp-content\/uploads\/2026\/02\/Tobi-Lenz-Die-Lieder-der-Nacht-1536x1536.jpeg 1536w, https:\/\/bergers-schlagerparadies.de\/wp-content\/uploads\/2026\/02\/Tobi-Lenz-Die-Lieder-der-Nacht-2048x2048.jpeg 2048w, https:\/\/bergers-schlagerparadies.de\/wp-content\/uploads\/2026\/02\/Tobi-Lenz-Die-Lieder-der-Nacht-1200x1200.jpeg 1200w, https:\/\/bergers-schlagerparadies.de\/wp-content\/uploads\/2026\/02\/Tobi-Lenz-Die-Lieder-der-Nacht-1188x1188.jpeg 1188w, https:\/\/bergers-schlagerparadies.de\/wp-content\/uploads\/2026\/02\/Tobi-Lenz-Die-Lieder-der-Nacht-100x100.jpeg 100w\" sizes=\"auto, (max-width: 70px) 100vw, 70px\" \/>\u00a0 <span style=\"color: #800000;\">Tobi Lenz<\/span> &#8211; Die Lieder der Nacht ( <span style=\"color: #800000;\">Fiesta Records <\/span>)<\/strong><\/li>\n<li><strong><img loading=\"lazy\" decoding=\"async\" class=\"alignnone wp-image-41930\" src=\"https:\/\/bergers-schlagerparadies.de\/wp-content\/uploads\/2026\/02\/Unendlich-Einmal-zu-oft-300x300.jpeg\" alt=\"\" width=\"70\" height=\"70\" srcset=\"https:\/\/bergers-schlagerparadies.de\/wp-content\/uploads\/2026\/02\/Unendlich-Einmal-zu-oft-300x300.jpeg 300w, https:\/\/bergers-schlagerparadies.de\/wp-content\/uploads\/2026\/02\/Unendlich-Einmal-zu-oft-1024x1024.jpeg 1024w, https:\/\/bergers-schlagerparadies.de\/wp-content\/uploads\/2026\/02\/Unendlich-Einmal-zu-oft-150x150.jpeg 150w, https:\/\/bergers-schlagerparadies.de\/wp-content\/uploads\/2026\/02\/Unendlich-Einmal-zu-oft-768x768.jpeg 768w, https:\/\/bergers-schlagerparadies.de\/wp-content\/uploads\/2026\/02\/Unendlich-Einmal-zu-oft-1536x1536.jpeg 1536w, https:\/\/bergers-schlagerparadies.de\/wp-content\/uploads\/2026\/02\/Unendlich-Einmal-zu-oft-2048x2048.jpeg 2048w, https:\/\/bergers-schlagerparadies.de\/wp-content\/uploads\/2026\/02\/Unendlich-Einmal-zu-oft-1200x1200.jpeg 1200w, https:\/\/bergers-schlagerparadies.de\/wp-content\/uploads\/2026\/02\/Unendlich-Einmal-zu-oft-1188x1188.jpeg 1188w, https:\/\/bergers-schlagerparadies.de\/wp-content\/uploads\/2026\/02\/Unendlich-Einmal-zu-oft-100x100.jpeg 100w\" sizes=\"auto, (max-width: 70px) 100vw, 70px\" \/>\u00a0 <span style=\"color: #800000;\">Unendlich<\/span> &#8211; Einmal zu oft ( <span style=\"color: #800000;\">Fiesta Records <\/span>) <\/strong><\/li>\n<\/ul>\n<p><span style=\"font-size: 12pt;\"><strong><em><span style=\"color: #666699;\">Neuvorstellungen<\/span><\/em><em><span style=\"color: #666699;\"> in dieser Woche: mit V\u00d6: <\/span><span style=\"color: #666699;\"><span style=\"color: #800000;\">27<\/span><\/span><span style=\"color: #666699;\"><span style=\"color: #993366; font-size: 14pt;\">. Februar 2026 <\/span>&#8211; 09<\/span><span style=\"color: #808080;\">KW<\/span><\/em><\/strong><\/span><\/p>\n<ul>\n<li><strong><img loading=\"lazy\" decoding=\"async\" class=\"alignnone wp-image-41947\" src=\"https:\/\/bergers-schlagerparadies.de\/wp-content\/uploads\/2026\/02\/CAPTAIN-FREDDY-GABRIELA-MS-Sehnsucht-Album-300x270.jpeg\" alt=\"\" width=\"70\" height=\"63\" srcset=\"https:\/\/bergers-schlagerparadies.de\/wp-content\/uploads\/2026\/02\/CAPTAIN-FREDDY-GABRIELA-MS-Sehnsucht-Album-300x270.jpeg 300w, https:\/\/bergers-schlagerparadies.de\/wp-content\/uploads\/2026\/02\/CAPTAIN-FREDDY-GABRIELA-MS-Sehnsucht-Album-1024x923.jpeg 1024w, https:\/\/bergers-schlagerparadies.de\/wp-content\/uploads\/2026\/02\/CAPTAIN-FREDDY-GABRIELA-MS-Sehnsucht-Album-768x692.jpeg 768w, https:\/\/bergers-schlagerparadies.de\/wp-content\/uploads\/2026\/02\/CAPTAIN-FREDDY-GABRIELA-MS-Sehnsucht-Album-1200x1082.jpeg 1200w, https:\/\/bergers-schlagerparadies.de\/wp-content\/uploads\/2026\/02\/CAPTAIN-FREDDY-GABRIELA-MS-Sehnsucht-Album-1188x1071.jpeg 1188w, https:\/\/bergers-schlagerparadies.de\/wp-content\/uploads\/2026\/02\/CAPTAIN-FREDDY-GABRIELA-MS-Sehnsucht-Album.jpeg 1331w\" sizes=\"auto, (max-width: 70px) 100vw, 70px\" \/>\u00a0 <span style=\"color: #800000;\">CAPTAIN FREDDY<\/span> &amp; <span style=\"color: #800000;\">GABRIELA<\/span> &#8211; MS Sehnsucht (<span style=\"color: #800000;\">Album<\/span>)<\/strong><\/li>\n<li><span style=\"color: #800000;\"><strong>&#8212;&#8212;&#8212;&#8212;&#8212;&#8212;&#8212;&#8212;&#8212;&#8212;&#8212;&#8212;&#8212;&#8212;&#8212;&#8212;&#8212;&#8212;&#8212;&#8212;&#8212;&#8212;&#8212;&#8212;&#8212;&#8212;&#8212;&#8212;&#8212;&#8212;-<\/strong><\/span><\/li>\n<li><strong><span style=\"color: #800000;\"><img loading=\"lazy\" decoding=\"async\" class=\"alignnone wp-image-41934\" src=\"https:\/\/bergers-schlagerparadies.de\/wp-content\/uploads\/2026\/02\/Beatrice-Egli-Alibi-300x300.jpeg\" alt=\"\" width=\"70\" height=\"70\" srcset=\"https:\/\/bergers-schlagerparadies.de\/wp-content\/uploads\/2026\/02\/Beatrice-Egli-Alibi-300x300.jpeg 300w, https:\/\/bergers-schlagerparadies.de\/wp-content\/uploads\/2026\/02\/Beatrice-Egli-Alibi-1024x1024.jpeg 1024w, https:\/\/bergers-schlagerparadies.de\/wp-content\/uploads\/2026\/02\/Beatrice-Egli-Alibi-150x150.jpeg 150w, https:\/\/bergers-schlagerparadies.de\/wp-content\/uploads\/2026\/02\/Beatrice-Egli-Alibi-768x768.jpeg 768w, https:\/\/bergers-schlagerparadies.de\/wp-content\/uploads\/2026\/02\/Beatrice-Egli-Alibi-1188x1188.jpeg 1188w, https:\/\/bergers-schlagerparadies.de\/wp-content\/uploads\/2026\/02\/Beatrice-Egli-Alibi-100x100.jpeg 100w, https:\/\/bergers-schlagerparadies.de\/wp-content\/uploads\/2026\/02\/Beatrice-Egli-Alibi.jpeg 1200w\" sizes=\"auto, (max-width: 70px) 100vw, 70px\" \/>\u00a0 Beatrice Egli<\/span> &#8211; Alibi ( <span style=\"color: #800000;\">SMA\/ Ariola<\/span>\u00a0) <\/strong><\/li>\n<li><strong><span style=\"color: #800000;\"><img loading=\"lazy\" decoding=\"async\" class=\"alignnone wp-image-41694\" src=\"https:\/\/bergers-schlagerparadies.de\/wp-content\/uploads\/2026\/02\/Ben-Mueller-Ich-bin-nicht-mehr-dein-Koenig-300x300.jpeg\" alt=\"\" width=\"70\" height=\"70\" srcset=\"https:\/\/bergers-schlagerparadies.de\/wp-content\/uploads\/2026\/02\/Ben-Mueller-Ich-bin-nicht-mehr-dein-Koenig-300x300.jpeg 300w, https:\/\/bergers-schlagerparadies.de\/wp-content\/uploads\/2026\/02\/Ben-Mueller-Ich-bin-nicht-mehr-dein-Koenig-1024x1024.jpeg 1024w, https:\/\/bergers-schlagerparadies.de\/wp-content\/uploads\/2026\/02\/Ben-Mueller-Ich-bin-nicht-mehr-dein-Koenig-150x150.jpeg 150w, https:\/\/bergers-schlagerparadies.de\/wp-content\/uploads\/2026\/02\/Ben-Mueller-Ich-bin-nicht-mehr-dein-Koenig-768x768.jpeg 768w, https:\/\/bergers-schlagerparadies.de\/wp-content\/uploads\/2026\/02\/Ben-Mueller-Ich-bin-nicht-mehr-dein-Koenig-1200x1200.jpeg 1200w, https:\/\/bergers-schlagerparadies.de\/wp-content\/uploads\/2026\/02\/Ben-Mueller-Ich-bin-nicht-mehr-dein-Koenig-1188x1188.jpeg 1188w, https:\/\/bergers-schlagerparadies.de\/wp-content\/uploads\/2026\/02\/Ben-Mueller-Ich-bin-nicht-mehr-dein-Koenig-100x100.jpeg 100w, https:\/\/bergers-schlagerparadies.de\/wp-content\/uploads\/2026\/02\/Ben-Mueller-Ich-bin-nicht-mehr-dein-Koenig.jpeg 1400w\" sizes=\"auto, (max-width: 70px) 100vw, 70px\" \/>\u00a0 Ben M\u00fcller<\/span> &#8211; Ich bin nicht mehr dein K\u00f6nig ( <span style=\"color: #800000;\">CSI MUSIC<\/span> )<\/strong><\/li>\n<li><strong><span style=\"color: #800000;\"><img loading=\"lazy\" decoding=\"async\" class=\"alignnone wp-image-41840\" src=\"https:\/\/bergers-schlagerparadies.de\/wp-content\/uploads\/2026\/02\/Brian-Berger-Ewig-Im-Herzen-Rene-Und-Frank-Long-Version-300x300.jpg\" alt=\"\" width=\"70\" height=\"70\" srcset=\"https:\/\/bergers-schlagerparadies.de\/wp-content\/uploads\/2026\/02\/Brian-Berger-Ewig-Im-Herzen-Rene-Und-Frank-Long-Version-300x300.jpg 300w, https:\/\/bergers-schlagerparadies.de\/wp-content\/uploads\/2026\/02\/Brian-Berger-Ewig-Im-Herzen-Rene-Und-Frank-Long-Version-1024x1024.jpg 1024w, https:\/\/bergers-schlagerparadies.de\/wp-content\/uploads\/2026\/02\/Brian-Berger-Ewig-Im-Herzen-Rene-Und-Frank-Long-Version-150x150.jpg 150w, https:\/\/bergers-schlagerparadies.de\/wp-content\/uploads\/2026\/02\/Brian-Berger-Ewig-Im-Herzen-Rene-Und-Frank-Long-Version-768x768.jpg 768w, https:\/\/bergers-schlagerparadies.de\/wp-content\/uploads\/2026\/02\/Brian-Berger-Ewig-Im-Herzen-Rene-Und-Frank-Long-Version-1200x1200.jpg 1200w, https:\/\/bergers-schlagerparadies.de\/wp-content\/uploads\/2026\/02\/Brian-Berger-Ewig-Im-Herzen-Rene-Und-Frank-Long-Version-1188x1188.jpg 1188w, https:\/\/bergers-schlagerparadies.de\/wp-content\/uploads\/2026\/02\/Brian-Berger-Ewig-Im-Herzen-Rene-Und-Frank-Long-Version-100x100.jpg 100w, https:\/\/bergers-schlagerparadies.de\/wp-content\/uploads\/2026\/02\/Brian-Berger-Ewig-Im-Herzen-Rene-Und-Frank-Long-Version.jpg 1400w\" sizes=\"auto, (max-width: 70px) 100vw, 70px\" \/>\u00a0 Brian Berger<\/span> &#8211; Ewig Im Herzen (Rene Und Frank) (Long Version) ( <span style=\"color: #800000;\">B. Berger Records<\/span> )<\/strong><\/li>\n<li><strong><img loading=\"lazy\" decoding=\"async\" class=\"alignnone wp-image-41699\" src=\"https:\/\/bergers-schlagerparadies.de\/wp-content\/uploads\/2026\/02\/Conny-Mess-Hast-du-mich-jemals-geliebt-Radio-Edit-300x300.jpeg\" alt=\"\" width=\"70\" height=\"70\" srcset=\"https:\/\/bergers-schlagerparadies.de\/wp-content\/uploads\/2026\/02\/Conny-Mess-Hast-du-mich-jemals-geliebt-Radio-Edit-300x300.jpeg 300w, https:\/\/bergers-schlagerparadies.de\/wp-content\/uploads\/2026\/02\/Conny-Mess-Hast-du-mich-jemals-geliebt-Radio-Edit-1024x1024.jpeg 1024w, https:\/\/bergers-schlagerparadies.de\/wp-content\/uploads\/2026\/02\/Conny-Mess-Hast-du-mich-jemals-geliebt-Radio-Edit-150x150.jpeg 150w, https:\/\/bergers-schlagerparadies.de\/wp-content\/uploads\/2026\/02\/Conny-Mess-Hast-du-mich-jemals-geliebt-Radio-Edit-768x768.jpeg 768w, https:\/\/bergers-schlagerparadies.de\/wp-content\/uploads\/2026\/02\/Conny-Mess-Hast-du-mich-jemals-geliebt-Radio-Edit-1536x1536.jpeg 1536w, https:\/\/bergers-schlagerparadies.de\/wp-content\/uploads\/2026\/02\/Conny-Mess-Hast-du-mich-jemals-geliebt-Radio-Edit-2048x2048.jpeg 2048w, https:\/\/bergers-schlagerparadies.de\/wp-content\/uploads\/2026\/02\/Conny-Mess-Hast-du-mich-jemals-geliebt-Radio-Edit-1200x1200.jpeg 1200w, https:\/\/bergers-schlagerparadies.de\/wp-content\/uploads\/2026\/02\/Conny-Mess-Hast-du-mich-jemals-geliebt-Radio-Edit-1188x1188.jpeg 1188w, https:\/\/bergers-schlagerparadies.de\/wp-content\/uploads\/2026\/02\/Conny-Mess-Hast-du-mich-jemals-geliebt-Radio-Edit-100x100.jpeg 100w\" sizes=\"auto, (max-width: 70px) 100vw, 70px\" \/>\u00a0 <span style=\"color: #800000;\">Conny Mess<\/span> &#8211; Hast du mich jemals geliebt (Radio Edit) ( <span style=\"color: #800000;\">Fiesta Records<\/span> )<\/strong><\/li>\n<li><strong><span style=\"color: #800000;\">\u00a0 Fantasy<\/span> &#8211; Samstagnacht<\/strong><\/li>\n<li><strong><span style=\"color: #800000;\"><img loading=\"lazy\" decoding=\"async\" class=\"alignnone wp-image-41805\" src=\"https:\/\/bergers-schlagerparadies.de\/wp-content\/uploads\/2026\/02\/Chrissy-Gluecksbetrunken-300x300.jpeg\" alt=\"\" width=\"70\" height=\"70\" srcset=\"https:\/\/bergers-schlagerparadies.de\/wp-content\/uploads\/2026\/02\/Chrissy-Gluecksbetrunken-300x300.jpeg 300w, https:\/\/bergers-schlagerparadies.de\/wp-content\/uploads\/2026\/02\/Chrissy-Gluecksbetrunken-1024x1024.jpeg 1024w, https:\/\/bergers-schlagerparadies.de\/wp-content\/uploads\/2026\/02\/Chrissy-Gluecksbetrunken-150x150.jpeg 150w, https:\/\/bergers-schlagerparadies.de\/wp-content\/uploads\/2026\/02\/Chrissy-Gluecksbetrunken-768x768.jpeg 768w, https:\/\/bergers-schlagerparadies.de\/wp-content\/uploads\/2026\/02\/Chrissy-Gluecksbetrunken-1536x1536.jpeg 1536w, https:\/\/bergers-schlagerparadies.de\/wp-content\/uploads\/2026\/02\/Chrissy-Gluecksbetrunken-2048x2048.jpeg 2048w, https:\/\/bergers-schlagerparadies.de\/wp-content\/uploads\/2026\/02\/Chrissy-Gluecksbetrunken-1200x1200.jpeg 1200w, https:\/\/bergers-schlagerparadies.de\/wp-content\/uploads\/2026\/02\/Chrissy-Gluecksbetrunken-1188x1188.jpeg 1188w, https:\/\/bergers-schlagerparadies.de\/wp-content\/uploads\/2026\/02\/Chrissy-Gluecksbetrunken-100x100.jpeg 100w\" sizes=\"auto, (max-width: 70px) 100vw, 70px\" \/>\u00a0 Chrissy<\/span> &#8211; Gl\u00fccksbetrunken ( <span style=\"color: #800000;\">Hitmix Music<\/span>\u00a0)<\/strong><\/li>\n<li><strong><span style=\"color: #800000;\"><img loading=\"lazy\" decoding=\"async\" class=\"alignnone wp-image-41826\" src=\"https:\/\/bergers-schlagerparadies.de\/wp-content\/uploads\/2026\/02\/Chey-Wunderbar-dich-zu-lieben-300x300.jpeg\" alt=\"\" width=\"70\" height=\"70\" srcset=\"https:\/\/bergers-schlagerparadies.de\/wp-content\/uploads\/2026\/02\/Chey-Wunderbar-dich-zu-lieben-300x300.jpeg 300w, https:\/\/bergers-schlagerparadies.de\/wp-content\/uploads\/2026\/02\/Chey-Wunderbar-dich-zu-lieben-1024x1024.jpeg 1024w, https:\/\/bergers-schlagerparadies.de\/wp-content\/uploads\/2026\/02\/Chey-Wunderbar-dich-zu-lieben-150x150.jpeg 150w, https:\/\/bergers-schlagerparadies.de\/wp-content\/uploads\/2026\/02\/Chey-Wunderbar-dich-zu-lieben-768x768.jpeg 768w, https:\/\/bergers-schlagerparadies.de\/wp-content\/uploads\/2026\/02\/Chey-Wunderbar-dich-zu-lieben-1188x1188.jpeg 1188w, https:\/\/bergers-schlagerparadies.de\/wp-content\/uploads\/2026\/02\/Chey-Wunderbar-dich-zu-lieben-100x100.jpeg 100w, https:\/\/bergers-schlagerparadies.de\/wp-content\/uploads\/2026\/02\/Chey-Wunderbar-dich-zu-lieben.jpeg 1200w\" sizes=\"auto, (max-width: 70px) 100vw, 70px\" \/>\u00a0 Chey<\/span> &#8211; Wunderbar dich zu lieben ( <span style=\"color: #800000;\">FLACK<\/span>\u00a0)<\/strong><\/li>\n<li><strong><img loading=\"lazy\" decoding=\"async\" class=\"alignnone wp-image-41703\" src=\"https:\/\/bergers-schlagerparadies.de\/wp-content\/uploads\/2026\/02\/Franz-K.-Ich-hoff-auf-Dich-300x300.jpeg\" alt=\"\" width=\"70\" height=\"70\" srcset=\"https:\/\/bergers-schlagerparadies.de\/wp-content\/uploads\/2026\/02\/Franz-K.-Ich-hoff-auf-Dich-300x300.jpeg 300w, https:\/\/bergers-schlagerparadies.de\/wp-content\/uploads\/2026\/02\/Franz-K.-Ich-hoff-auf-Dich-1024x1024.jpeg 1024w, https:\/\/bergers-schlagerparadies.de\/wp-content\/uploads\/2026\/02\/Franz-K.-Ich-hoff-auf-Dich-150x150.jpeg 150w, https:\/\/bergers-schlagerparadies.de\/wp-content\/uploads\/2026\/02\/Franz-K.-Ich-hoff-auf-Dich-768x768.jpeg 768w, https:\/\/bergers-schlagerparadies.de\/wp-content\/uploads\/2026\/02\/Franz-K.-Ich-hoff-auf-Dich-1188x1188.jpeg 1188w, https:\/\/bergers-schlagerparadies.de\/wp-content\/uploads\/2026\/02\/Franz-K.-Ich-hoff-auf-Dich-100x100.jpeg 100w, https:\/\/bergers-schlagerparadies.de\/wp-content\/uploads\/2026\/02\/Franz-K.-Ich-hoff-auf-Dich.jpeg 1200w\" sizes=\"auto, (max-width: 70px) 100vw, 70px\" \/>\u00a0 <span style=\"color: #800000;\">Franz K.<\/span> &#8211; Ich hoff&#8216; auf Dich ( <span style=\"color: #800000;\">DA Records<\/span>\u00a0)<\/strong><\/li>\n<li><strong><span style=\"color: #800000;\"><img loading=\"lazy\" decoding=\"async\" class=\"alignnone wp-image-41847\" src=\"https:\/\/bergers-schlagerparadies.de\/wp-content\/uploads\/2026\/02\/George-La-Busch-Mit-Dir-ist-jeder-Tag-ein-Sonntag-300x300.jpeg\" alt=\"\" width=\"70\" height=\"70\" srcset=\"https:\/\/bergers-schlagerparadies.de\/wp-content\/uploads\/2026\/02\/George-La-Busch-Mit-Dir-ist-jeder-Tag-ein-Sonntag-300x300.jpeg 300w, https:\/\/bergers-schlagerparadies.de\/wp-content\/uploads\/2026\/02\/George-La-Busch-Mit-Dir-ist-jeder-Tag-ein-Sonntag-1024x1024.jpeg 1024w, https:\/\/bergers-schlagerparadies.de\/wp-content\/uploads\/2026\/02\/George-La-Busch-Mit-Dir-ist-jeder-Tag-ein-Sonntag-150x150.jpeg 150w, https:\/\/bergers-schlagerparadies.de\/wp-content\/uploads\/2026\/02\/George-La-Busch-Mit-Dir-ist-jeder-Tag-ein-Sonntag-768x768.jpeg 768w, https:\/\/bergers-schlagerparadies.de\/wp-content\/uploads\/2026\/02\/George-La-Busch-Mit-Dir-ist-jeder-Tag-ein-Sonntag-1536x1536.jpeg 1536w, https:\/\/bergers-schlagerparadies.de\/wp-content\/uploads\/2026\/02\/George-La-Busch-Mit-Dir-ist-jeder-Tag-ein-Sonntag-2048x2048.jpeg 2048w, https:\/\/bergers-schlagerparadies.de\/wp-content\/uploads\/2026\/02\/George-La-Busch-Mit-Dir-ist-jeder-Tag-ein-Sonntag-1200x1200.jpeg 1200w, https:\/\/bergers-schlagerparadies.de\/wp-content\/uploads\/2026\/02\/George-La-Busch-Mit-Dir-ist-jeder-Tag-ein-Sonntag-1188x1188.jpeg 1188w, https:\/\/bergers-schlagerparadies.de\/wp-content\/uploads\/2026\/02\/George-La-Busch-Mit-Dir-ist-jeder-Tag-ein-Sonntag-100x100.jpeg 100w\" sizes=\"auto, (max-width: 70px) 100vw, 70px\" \/>\u00a0 George La Busch<\/span> &#8211; Mit Dir ist jeder Tag ein Sonntag ( <span style=\"color: #800000;\">CHD Sound &amp; Music<\/span>\u00a0)<\/strong><\/li>\n<li><strong><img loading=\"lazy\" decoding=\"async\" class=\"alignnone wp-image-41795\" src=\"https:\/\/bergers-schlagerparadies.de\/wp-content\/uploads\/2026\/02\/Gerrit-Hericks-Wo-immer-du-bist-300x300.jpeg\" alt=\"\" width=\"70\" height=\"70\" srcset=\"https:\/\/bergers-schlagerparadies.de\/wp-content\/uploads\/2026\/02\/Gerrit-Hericks-Wo-immer-du-bist-300x300.jpeg 300w, https:\/\/bergers-schlagerparadies.de\/wp-content\/uploads\/2026\/02\/Gerrit-Hericks-Wo-immer-du-bist-1024x1024.jpeg 1024w, https:\/\/bergers-schlagerparadies.de\/wp-content\/uploads\/2026\/02\/Gerrit-Hericks-Wo-immer-du-bist-150x150.jpeg 150w, https:\/\/bergers-schlagerparadies.de\/wp-content\/uploads\/2026\/02\/Gerrit-Hericks-Wo-immer-du-bist-768x768.jpeg 768w, https:\/\/bergers-schlagerparadies.de\/wp-content\/uploads\/2026\/02\/Gerrit-Hericks-Wo-immer-du-bist-1536x1536.jpeg 1536w, https:\/\/bergers-schlagerparadies.de\/wp-content\/uploads\/2026\/02\/Gerrit-Hericks-Wo-immer-du-bist-2048x2048.jpeg 2048w, https:\/\/bergers-schlagerparadies.de\/wp-content\/uploads\/2026\/02\/Gerrit-Hericks-Wo-immer-du-bist-1200x1200.jpeg 1200w, https:\/\/bergers-schlagerparadies.de\/wp-content\/uploads\/2026\/02\/Gerrit-Hericks-Wo-immer-du-bist-1188x1188.jpeg 1188w, https:\/\/bergers-schlagerparadies.de\/wp-content\/uploads\/2026\/02\/Gerrit-Hericks-Wo-immer-du-bist-100x100.jpeg 100w\" sizes=\"auto, (max-width: 70px) 100vw, 70px\" \/>\u00a0 <span style=\"color: #800000;\">Gerrit Hericks<\/span> &#8211; Wo immer du bist ( <span style=\"color: #800000;\">Palm Records\u00a0<\/span>)<\/strong><\/li>\n<li><strong><span style=\"color: #800000;\"><img loading=\"lazy\" decoding=\"async\" class=\"alignnone wp-image-41951\" src=\"https:\/\/bergers-schlagerparadies.de\/wp-content\/uploads\/2026\/02\/Hansy-Vogt-Bis-ans-Ende-unserer-Traeume-300x300.jpeg\" alt=\"\" width=\"70\" height=\"70\" srcset=\"https:\/\/bergers-schlagerparadies.de\/wp-content\/uploads\/2026\/02\/Hansy-Vogt-Bis-ans-Ende-unserer-Traeume-300x300.jpeg 300w, https:\/\/bergers-schlagerparadies.de\/wp-content\/uploads\/2026\/02\/Hansy-Vogt-Bis-ans-Ende-unserer-Traeume-1024x1024.jpeg 1024w, https:\/\/bergers-schlagerparadies.de\/wp-content\/uploads\/2026\/02\/Hansy-Vogt-Bis-ans-Ende-unserer-Traeume-150x150.jpeg 150w, https:\/\/bergers-schlagerparadies.de\/wp-content\/uploads\/2026\/02\/Hansy-Vogt-Bis-ans-Ende-unserer-Traeume-768x768.jpeg 768w, https:\/\/bergers-schlagerparadies.de\/wp-content\/uploads\/2026\/02\/Hansy-Vogt-Bis-ans-Ende-unserer-Traeume-1188x1188.jpeg 1188w, https:\/\/bergers-schlagerparadies.de\/wp-content\/uploads\/2026\/02\/Hansy-Vogt-Bis-ans-Ende-unserer-Traeume-100x100.jpeg 100w, https:\/\/bergers-schlagerparadies.de\/wp-content\/uploads\/2026\/02\/Hansy-Vogt-Bis-ans-Ende-unserer-Traeume.jpeg 1200w\" sizes=\"auto, (max-width: 70px) 100vw, 70px\" \/>\u00a0 Hansy Vogt<\/span> &#8211; Bis ans Ende unserer Tr\u00e4ume ( <span style=\"color: #800000;\">VIA Music Germany<\/span>\u00a0)<\/strong><\/li>\n<li><strong><span style=\"color: #800000;\"><img loading=\"lazy\" decoding=\"async\" class=\"alignnone wp-image-41853\" src=\"https:\/\/bergers-schlagerparadies.de\/wp-content\/uploads\/2026\/02\/Jo-Josephine-Du-kannst-den-Wind-nicht-aendern-300x300.jpg\" alt=\"\" width=\"70\" height=\"70\" srcset=\"https:\/\/bergers-schlagerparadies.de\/wp-content\/uploads\/2026\/02\/Jo-Josephine-Du-kannst-den-Wind-nicht-aendern-300x300.jpg 300w, https:\/\/bergers-schlagerparadies.de\/wp-content\/uploads\/2026\/02\/Jo-Josephine-Du-kannst-den-Wind-nicht-aendern-1024x1024.jpg 1024w, https:\/\/bergers-schlagerparadies.de\/wp-content\/uploads\/2026\/02\/Jo-Josephine-Du-kannst-den-Wind-nicht-aendern-150x150.jpg 150w, https:\/\/bergers-schlagerparadies.de\/wp-content\/uploads\/2026\/02\/Jo-Josephine-Du-kannst-den-Wind-nicht-aendern-768x768.jpg 768w, https:\/\/bergers-schlagerparadies.de\/wp-content\/uploads\/2026\/02\/Jo-Josephine-Du-kannst-den-Wind-nicht-aendern-1536x1536.jpg 1536w, https:\/\/bergers-schlagerparadies.de\/wp-content\/uploads\/2026\/02\/Jo-Josephine-Du-kannst-den-Wind-nicht-aendern-2048x2048.jpg 2048w, https:\/\/bergers-schlagerparadies.de\/wp-content\/uploads\/2026\/02\/Jo-Josephine-Du-kannst-den-Wind-nicht-aendern-1200x1200.jpg 1200w, https:\/\/bergers-schlagerparadies.de\/wp-content\/uploads\/2026\/02\/Jo-Josephine-Du-kannst-den-Wind-nicht-aendern-1188x1188.jpg 1188w, https:\/\/bergers-schlagerparadies.de\/wp-content\/uploads\/2026\/02\/Jo-Josephine-Du-kannst-den-Wind-nicht-aendern-100x100.jpg 100w\" sizes=\"auto, (max-width: 70px) 100vw, 70px\" \/>\u00a0 Jo<\/span> &amp; <span style=\"color: #800000;\">Josephine<\/span> &#8211; Du kannst den Wind nicht \u00e4ndern ( <span style=\"color: #800000;\">Jo<\/span> &amp; <span style=\"color: #800000;\">Josephine<\/span>\u00a0)<\/strong><\/li>\n<li><strong><span style=\"color: #800000;\"><img loading=\"lazy\" decoding=\"async\" class=\"alignnone wp-image-41867\" src=\"https:\/\/bergers-schlagerparadies.de\/wp-content\/uploads\/2026\/02\/Joe-Santo-Ich-bin-dein-Freund-sagt-die-Musik-Radio-Version-300x300.jpeg\" alt=\"\" width=\"70\" height=\"70\" srcset=\"https:\/\/bergers-schlagerparadies.de\/wp-content\/uploads\/2026\/02\/Joe-Santo-Ich-bin-dein-Freund-sagt-die-Musik-Radio-Version-300x300.jpeg 300w, https:\/\/bergers-schlagerparadies.de\/wp-content\/uploads\/2026\/02\/Joe-Santo-Ich-bin-dein-Freund-sagt-die-Musik-Radio-Version-1024x1024.jpeg 1024w, https:\/\/bergers-schlagerparadies.de\/wp-content\/uploads\/2026\/02\/Joe-Santo-Ich-bin-dein-Freund-sagt-die-Musik-Radio-Version-150x150.jpeg 150w, https:\/\/bergers-schlagerparadies.de\/wp-content\/uploads\/2026\/02\/Joe-Santo-Ich-bin-dein-Freund-sagt-die-Musik-Radio-Version-768x768.jpeg 768w, https:\/\/bergers-schlagerparadies.de\/wp-content\/uploads\/2026\/02\/Joe-Santo-Ich-bin-dein-Freund-sagt-die-Musik-Radio-Version-1188x1188.jpeg 1188w, https:\/\/bergers-schlagerparadies.de\/wp-content\/uploads\/2026\/02\/Joe-Santo-Ich-bin-dein-Freund-sagt-die-Musik-Radio-Version-100x100.jpeg 100w, https:\/\/bergers-schlagerparadies.de\/wp-content\/uploads\/2026\/02\/Joe-Santo-Ich-bin-dein-Freund-sagt-die-Musik-Radio-Version.jpeg 1200w\" sizes=\"auto, (max-width: 70px) 100vw, 70px\" \/>\u00a0 Joe Santo<\/span> &#8211; Ich bin dein Freund sagt die Musik (Radio Version) ( <span style=\"color: #800000;\">RAISACH-RECORDS<\/span>\u00a0)<\/strong><\/li>\n<li><strong><img loading=\"lazy\" decoding=\"async\" class=\"alignnone wp-image-41707\" src=\"https:\/\/bergers-schlagerparadies.de\/wp-content\/uploads\/2026\/02\/KAJ-Wunder-gibts-nicht-300x300.jpeg\" alt=\"\" width=\"70\" height=\"70\" srcset=\"https:\/\/bergers-schlagerparadies.de\/wp-content\/uploads\/2026\/02\/KAJ-Wunder-gibts-nicht-300x300.jpeg 300w, https:\/\/bergers-schlagerparadies.de\/wp-content\/uploads\/2026\/02\/KAJ-Wunder-gibts-nicht-1024x1024.jpeg 1024w, https:\/\/bergers-schlagerparadies.de\/wp-content\/uploads\/2026\/02\/KAJ-Wunder-gibts-nicht-150x150.jpeg 150w, https:\/\/bergers-schlagerparadies.de\/wp-content\/uploads\/2026\/02\/KAJ-Wunder-gibts-nicht-768x768.jpeg 768w, https:\/\/bergers-schlagerparadies.de\/wp-content\/uploads\/2026\/02\/KAJ-Wunder-gibts-nicht-1536x1536.jpeg 1536w, https:\/\/bergers-schlagerparadies.de\/wp-content\/uploads\/2026\/02\/KAJ-Wunder-gibts-nicht-2048x2048.jpeg 2048w, https:\/\/bergers-schlagerparadies.de\/wp-content\/uploads\/2026\/02\/KAJ-Wunder-gibts-nicht-1200x1200.jpeg 1200w, https:\/\/bergers-schlagerparadies.de\/wp-content\/uploads\/2026\/02\/KAJ-Wunder-gibts-nicht-1188x1188.jpeg 1188w, https:\/\/bergers-schlagerparadies.de\/wp-content\/uploads\/2026\/02\/KAJ-Wunder-gibts-nicht-100x100.jpeg 100w\" sizes=\"auto, (max-width: 70px) 100vw, 70px\" \/><span style=\"color: #800000;\">\u00a0 KAJ<\/span> &#8211; Wunder gibt&#8217;s nicht ( <span style=\"color: #800000;\">Fiesta Records<\/span> )<\/strong><\/li>\n<li><strong><img loading=\"lazy\" decoding=\"async\" class=\"alignnone wp-image-41809\" src=\"https:\/\/bergers-schlagerparadies.de\/wp-content\/uploads\/2026\/02\/Katharina-Herz-Gedankentaxi-300x300.jpeg\" alt=\"\" width=\"70\" height=\"70\" srcset=\"https:\/\/bergers-schlagerparadies.de\/wp-content\/uploads\/2026\/02\/Katharina-Herz-Gedankentaxi-300x300.jpeg 300w, https:\/\/bergers-schlagerparadies.de\/wp-content\/uploads\/2026\/02\/Katharina-Herz-Gedankentaxi-1024x1024.jpeg 1024w, https:\/\/bergers-schlagerparadies.de\/wp-content\/uploads\/2026\/02\/Katharina-Herz-Gedankentaxi-150x150.jpeg 150w, https:\/\/bergers-schlagerparadies.de\/wp-content\/uploads\/2026\/02\/Katharina-Herz-Gedankentaxi-768x768.jpeg 768w, https:\/\/bergers-schlagerparadies.de\/wp-content\/uploads\/2026\/02\/Katharina-Herz-Gedankentaxi-1200x1200.jpeg 1200w, https:\/\/bergers-schlagerparadies.de\/wp-content\/uploads\/2026\/02\/Katharina-Herz-Gedankentaxi-1188x1188.jpeg 1188w, https:\/\/bergers-schlagerparadies.de\/wp-content\/uploads\/2026\/02\/Katharina-Herz-Gedankentaxi-100x100.jpeg 100w, https:\/\/bergers-schlagerparadies.de\/wp-content\/uploads\/2026\/02\/Katharina-Herz-Gedankentaxi.jpeg 1400w\" sizes=\"auto, (max-width: 70px) 100vw, 70px\" \/>\u00a0 Katharina Herz &#8211; Gedankentaxi ( <span style=\"color: #800000;\">laut &amp; leise<\/span>\u00a0)<\/strong><\/li>\n<li><strong><span style=\"color: #800000;\"><img loading=\"lazy\" decoding=\"async\" class=\"alignnone wp-image-41543\" src=\"https:\/\/bergers-schlagerparadies.de\/wp-content\/uploads\/2026\/02\/Katiuska-McLean-Do-Anything-300x300.jpeg\" alt=\"\" width=\"70\" height=\"70\" srcset=\"https:\/\/bergers-schlagerparadies.de\/wp-content\/uploads\/2026\/02\/Katiuska-McLean-Do-Anything-300x300.jpeg 300w, https:\/\/bergers-schlagerparadies.de\/wp-content\/uploads\/2026\/02\/Katiuska-McLean-Do-Anything-1024x1024.jpeg 1024w, https:\/\/bergers-schlagerparadies.de\/wp-content\/uploads\/2026\/02\/Katiuska-McLean-Do-Anything-150x150.jpeg 150w, https:\/\/bergers-schlagerparadies.de\/wp-content\/uploads\/2026\/02\/Katiuska-McLean-Do-Anything-768x768.jpeg 768w, https:\/\/bergers-schlagerparadies.de\/wp-content\/uploads\/2026\/02\/Katiuska-McLean-Do-Anything-1536x1536.jpeg 1536w, https:\/\/bergers-schlagerparadies.de\/wp-content\/uploads\/2026\/02\/Katiuska-McLean-Do-Anything-2048x2048.jpeg 2048w, https:\/\/bergers-schlagerparadies.de\/wp-content\/uploads\/2026\/02\/Katiuska-McLean-Do-Anything-1200x1200.jpeg 1200w, https:\/\/bergers-schlagerparadies.de\/wp-content\/uploads\/2026\/02\/Katiuska-McLean-Do-Anything-1188x1188.jpeg 1188w, https:\/\/bergers-schlagerparadies.de\/wp-content\/uploads\/2026\/02\/Katiuska-McLean-Do-Anything-100x100.jpeg 100w\" sizes=\"auto, (max-width: 70px) 100vw, 70px\" \/>\u00a0 Katiuska McLean<\/span> &#8211; Do Anything ( <span style=\"color: #800000;\">SUNNII Music<\/span>\u00a0)<\/strong><\/li>\n<li><strong><span style=\"color: #800000;\"><img loading=\"lazy\" decoding=\"async\" class=\"alignnone wp-image-41799\" src=\"https:\/\/bergers-schlagerparadies.de\/wp-content\/uploads\/2026\/02\/LARISSA-\u2013-Herz-ueber-Kopf-300x300.jpg\" alt=\"\" width=\"70\" height=\"70\" srcset=\"https:\/\/bergers-schlagerparadies.de\/wp-content\/uploads\/2026\/02\/LARISSA-\u2013-Herz-ueber-Kopf-300x300.jpg 300w, https:\/\/bergers-schlagerparadies.de\/wp-content\/uploads\/2026\/02\/LARISSA-\u2013-Herz-ueber-Kopf-1024x1024.jpg 1024w, https:\/\/bergers-schlagerparadies.de\/wp-content\/uploads\/2026\/02\/LARISSA-\u2013-Herz-ueber-Kopf-150x150.jpg 150w, https:\/\/bergers-schlagerparadies.de\/wp-content\/uploads\/2026\/02\/LARISSA-\u2013-Herz-ueber-Kopf-768x768.jpg 768w, https:\/\/bergers-schlagerparadies.de\/wp-content\/uploads\/2026\/02\/LARISSA-\u2013-Herz-ueber-Kopf-1536x1536.jpg 1536w, https:\/\/bergers-schlagerparadies.de\/wp-content\/uploads\/2026\/02\/LARISSA-\u2013-Herz-ueber-Kopf-2048x2048.jpg 2048w, https:\/\/bergers-schlagerparadies.de\/wp-content\/uploads\/2026\/02\/LARISSA-\u2013-Herz-ueber-Kopf-1200x1200.jpg 1200w, https:\/\/bergers-schlagerparadies.de\/wp-content\/uploads\/2026\/02\/LARISSA-\u2013-Herz-ueber-Kopf-1188x1188.jpg 1188w, https:\/\/bergers-schlagerparadies.de\/wp-content\/uploads\/2026\/02\/LARISSA-\u2013-Herz-ueber-Kopf-100x100.jpg 100w\" sizes=\"auto, (max-width: 70px) 100vw, 70px\" \/>\u00a0 LARISSA<\/span> \u2013 Herz \u00fcber Kopf ( <span style=\"color: #800000;\">Fiesta Records<\/span> )<\/strong><\/li>\n<li><strong><span style=\"color: #800000;\"><img loading=\"lazy\" decoding=\"async\" class=\"alignnone wp-image-41513\" src=\"https:\/\/bergers-schlagerparadies.de\/wp-content\/uploads\/2026\/02\/Lunara-Kickimattu-back-to-life-Kickimattu-Edition-300x300.jpeg\" alt=\"\" width=\"70\" height=\"70\" srcset=\"https:\/\/bergers-schlagerparadies.de\/wp-content\/uploads\/2026\/02\/Lunara-Kickimattu-back-to-life-Kickimattu-Edition-300x300.jpeg 300w, https:\/\/bergers-schlagerparadies.de\/wp-content\/uploads\/2026\/02\/Lunara-Kickimattu-back-to-life-Kickimattu-Edition-1024x1024.jpeg 1024w, https:\/\/bergers-schlagerparadies.de\/wp-content\/uploads\/2026\/02\/Lunara-Kickimattu-back-to-life-Kickimattu-Edition-150x150.jpeg 150w, https:\/\/bergers-schlagerparadies.de\/wp-content\/uploads\/2026\/02\/Lunara-Kickimattu-back-to-life-Kickimattu-Edition-768x768.jpeg 768w, https:\/\/bergers-schlagerparadies.de\/wp-content\/uploads\/2026\/02\/Lunara-Kickimattu-back-to-life-Kickimattu-Edition-1536x1536.jpeg 1536w, https:\/\/bergers-schlagerparadies.de\/wp-content\/uploads\/2026\/02\/Lunara-Kickimattu-back-to-life-Kickimattu-Edition-2048x2048.jpeg 2048w, https:\/\/bergers-schlagerparadies.de\/wp-content\/uploads\/2026\/02\/Lunara-Kickimattu-back-to-life-Kickimattu-Edition-1200x1200.jpeg 1200w, https:\/\/bergers-schlagerparadies.de\/wp-content\/uploads\/2026\/02\/Lunara-Kickimattu-back-to-life-Kickimattu-Edition-1188x1188.jpeg 1188w, https:\/\/bergers-schlagerparadies.de\/wp-content\/uploads\/2026\/02\/Lunara-Kickimattu-back-to-life-Kickimattu-Edition-100x100.jpeg 100w\" sizes=\"auto, (max-width: 70px) 100vw, 70px\" \/>\u00a0 Lunara<\/span>, Kickimattu &#8211; back to life ( <span style=\"color: #800000;\">Kickimattu Edition <\/span>)<\/strong><\/li>\n<li><strong><span style=\"color: #800000;\"><img loading=\"lazy\" decoding=\"async\" class=\"alignnone wp-image-41813\" src=\"https:\/\/bergers-schlagerparadies.de\/wp-content\/uploads\/2026\/02\/Mariella-Milana-Ich-tanz-im-Regen-300x300.jpeg\" alt=\"\" width=\"70\" height=\"70\" srcset=\"https:\/\/bergers-schlagerparadies.de\/wp-content\/uploads\/2026\/02\/Mariella-Milana-Ich-tanz-im-Regen-300x300.jpeg 300w, https:\/\/bergers-schlagerparadies.de\/wp-content\/uploads\/2026\/02\/Mariella-Milana-Ich-tanz-im-Regen-1024x1024.jpeg 1024w, https:\/\/bergers-schlagerparadies.de\/wp-content\/uploads\/2026\/02\/Mariella-Milana-Ich-tanz-im-Regen-150x150.jpeg 150w, https:\/\/bergers-schlagerparadies.de\/wp-content\/uploads\/2026\/02\/Mariella-Milana-Ich-tanz-im-Regen-768x768.jpeg 768w, https:\/\/bergers-schlagerparadies.de\/wp-content\/uploads\/2026\/02\/Mariella-Milana-Ich-tanz-im-Regen-1200x1200.jpeg 1200w, https:\/\/bergers-schlagerparadies.de\/wp-content\/uploads\/2026\/02\/Mariella-Milana-Ich-tanz-im-Regen-1188x1188.jpeg 1188w, https:\/\/bergers-schlagerparadies.de\/wp-content\/uploads\/2026\/02\/Mariella-Milana-Ich-tanz-im-Regen-100x100.jpeg 100w, https:\/\/bergers-schlagerparadies.de\/wp-content\/uploads\/2026\/02\/Mariella-Milana-Ich-tanz-im-Regen.jpeg 1500w\" sizes=\"auto, (max-width: 70px) 100vw, 70px\" \/>\u00a0 Mariella Milana<\/span> &#8211; Ich tanz im Regen ( <span style=\"color: #800000;\">Palm Records \/ Telamo <\/span>)<\/strong><\/li>\n<li><strong><span style=\"color: #800000;\"><img loading=\"lazy\" decoding=\"async\" class=\"alignnone wp-image-41880\" src=\"https:\/\/bergers-schlagerparadies.de\/wp-content\/uploads\/2026\/02\/Martin-Morgen-Rache-ist-suess-300x300.jpg\" alt=\"\" width=\"70\" height=\"70\" srcset=\"https:\/\/bergers-schlagerparadies.de\/wp-content\/uploads\/2026\/02\/Martin-Morgen-Rache-ist-suess-300x300.jpg 300w, https:\/\/bergers-schlagerparadies.de\/wp-content\/uploads\/2026\/02\/Martin-Morgen-Rache-ist-suess-1024x1024.jpg 1024w, https:\/\/bergers-schlagerparadies.de\/wp-content\/uploads\/2026\/02\/Martin-Morgen-Rache-ist-suess-150x150.jpg 150w, https:\/\/bergers-schlagerparadies.de\/wp-content\/uploads\/2026\/02\/Martin-Morgen-Rache-ist-suess-768x768.jpg 768w, https:\/\/bergers-schlagerparadies.de\/wp-content\/uploads\/2026\/02\/Martin-Morgen-Rache-ist-suess-1536x1536.jpg 1536w, https:\/\/bergers-schlagerparadies.de\/wp-content\/uploads\/2026\/02\/Martin-Morgen-Rache-ist-suess-2048x2048.jpg 2048w, https:\/\/bergers-schlagerparadies.de\/wp-content\/uploads\/2026\/02\/Martin-Morgen-Rache-ist-suess-1200x1200.jpg 1200w, https:\/\/bergers-schlagerparadies.de\/wp-content\/uploads\/2026\/02\/Martin-Morgen-Rache-ist-suess-1188x1188.jpg 1188w, https:\/\/bergers-schlagerparadies.de\/wp-content\/uploads\/2026\/02\/Martin-Morgen-Rache-ist-suess-100x100.jpg 100w\" sizes=\"auto, (max-width: 70px) 100vw, 70px\" \/>\u00a0 Martin Morgen<\/span> &#8211; Rache ist s\u00fcss ( <span style=\"color: #800000;\">Fiesta Records<\/span> )<\/strong><\/li>\n<li><strong><span style=\"color: #800000;\"><img loading=\"lazy\" decoding=\"async\" class=\"alignnone wp-image-41875\" src=\"https:\/\/bergers-schlagerparadies.de\/wp-content\/uploads\/2026\/02\/MARTINA-LIORA-Weil-das-Leben-fliegen-kann-300x300.jpeg\" alt=\"\" width=\"70\" height=\"70\" srcset=\"https:\/\/bergers-schlagerparadies.de\/wp-content\/uploads\/2026\/02\/MARTINA-LIORA-Weil-das-Leben-fliegen-kann-300x300.jpeg 300w, https:\/\/bergers-schlagerparadies.de\/wp-content\/uploads\/2026\/02\/MARTINA-LIORA-Weil-das-Leben-fliegen-kann-1024x1024.jpeg 1024w, https:\/\/bergers-schlagerparadies.de\/wp-content\/uploads\/2026\/02\/MARTINA-LIORA-Weil-das-Leben-fliegen-kann-150x150.jpeg 150w, https:\/\/bergers-schlagerparadies.de\/wp-content\/uploads\/2026\/02\/MARTINA-LIORA-Weil-das-Leben-fliegen-kann-768x768.jpeg 768w, https:\/\/bergers-schlagerparadies.de\/wp-content\/uploads\/2026\/02\/MARTINA-LIORA-Weil-das-Leben-fliegen-kann-1188x1188.jpeg 1188w, https:\/\/bergers-schlagerparadies.de\/wp-content\/uploads\/2026\/02\/MARTINA-LIORA-Weil-das-Leben-fliegen-kann-100x100.jpeg 100w, https:\/\/bergers-schlagerparadies.de\/wp-content\/uploads\/2026\/02\/MARTINA-LIORA-Weil-das-Leben-fliegen-kann.jpeg 1200w\" sizes=\"auto, (max-width: 70px) 100vw, 70px\" \/>\u00a0 MARTINA LIORA<\/span> &#8211; Weil das Leben fliegen kann ( <span style=\"color: #800000;\">W\u00f6rle Musicland<\/span><span style=\"color: #800000;\">\u00a0<\/span>)<\/strong><\/li>\n<li><strong><span style=\"color: #800000;\"><img loading=\"lazy\" decoding=\"async\" class=\"alignnone wp-image-41955\" src=\"https:\/\/bergers-schlagerparadies.de\/wp-content\/uploads\/2026\/02\/Martin-Mann-Mein-Weg-ist-noch-lang-300x300.jpeg\" alt=\"\" width=\"70\" height=\"70\" srcset=\"https:\/\/bergers-schlagerparadies.de\/wp-content\/uploads\/2026\/02\/Martin-Mann-Mein-Weg-ist-noch-lang-300x300.jpeg 300w, https:\/\/bergers-schlagerparadies.de\/wp-content\/uploads\/2026\/02\/Martin-Mann-Mein-Weg-ist-noch-lang-1024x1024.jpeg 1024w, https:\/\/bergers-schlagerparadies.de\/wp-content\/uploads\/2026\/02\/Martin-Mann-Mein-Weg-ist-noch-lang-150x150.jpeg 150w, https:\/\/bergers-schlagerparadies.de\/wp-content\/uploads\/2026\/02\/Martin-Mann-Mein-Weg-ist-noch-lang-768x768.jpeg 768w, https:\/\/bergers-schlagerparadies.de\/wp-content\/uploads\/2026\/02\/Martin-Mann-Mein-Weg-ist-noch-lang-1536x1536.jpeg 1536w, https:\/\/bergers-schlagerparadies.de\/wp-content\/uploads\/2026\/02\/Martin-Mann-Mein-Weg-ist-noch-lang-2048x2048.jpeg 2048w, https:\/\/bergers-schlagerparadies.de\/wp-content\/uploads\/2026\/02\/Martin-Mann-Mein-Weg-ist-noch-lang-1200x1200.jpeg 1200w, https:\/\/bergers-schlagerparadies.de\/wp-content\/uploads\/2026\/02\/Martin-Mann-Mein-Weg-ist-noch-lang-1188x1188.jpeg 1188w, https:\/\/bergers-schlagerparadies.de\/wp-content\/uploads\/2026\/02\/Martin-Mann-Mein-Weg-ist-noch-lang-100x100.jpeg 100w\" sizes=\"auto, (max-width: 70px) 100vw, 70px\" \/>\u00a0 Martin Mann<\/span> &#8211; Mein Weg ist noch lang ( <span style=\"color: #800000;\">JUNIRECORDS<\/span><span style=\"color: #800000;\">\u00a0<\/span>)<\/strong><\/li>\n<li><strong><img loading=\"lazy\" decoding=\"async\" class=\"alignnone wp-image-41715\" src=\"https:\/\/bergers-schlagerparadies.de\/wp-content\/uploads\/2026\/02\/Mirjana-Seelengefluester-300x300.jpeg\" alt=\"\" width=\"70\" height=\"70\" srcset=\"https:\/\/bergers-schlagerparadies.de\/wp-content\/uploads\/2026\/02\/Mirjana-Seelengefluester-300x300.jpeg 300w, https:\/\/bergers-schlagerparadies.de\/wp-content\/uploads\/2026\/02\/Mirjana-Seelengefluester-1024x1024.jpeg 1024w, https:\/\/bergers-schlagerparadies.de\/wp-content\/uploads\/2026\/02\/Mirjana-Seelengefluester-150x150.jpeg 150w, https:\/\/bergers-schlagerparadies.de\/wp-content\/uploads\/2026\/02\/Mirjana-Seelengefluester-768x768.jpeg 768w, https:\/\/bergers-schlagerparadies.de\/wp-content\/uploads\/2026\/02\/Mirjana-Seelengefluester-1200x1200.jpeg 1200w, https:\/\/bergers-schlagerparadies.de\/wp-content\/uploads\/2026\/02\/Mirjana-Seelengefluester-1188x1188.jpeg 1188w, https:\/\/bergers-schlagerparadies.de\/wp-content\/uploads\/2026\/02\/Mirjana-Seelengefluester-100x100.jpeg 100w, https:\/\/bergers-schlagerparadies.de\/wp-content\/uploads\/2026\/02\/Mirjana-Seelengefluester.jpeg 1440w\" sizes=\"auto, (max-width: 70px) 100vw, 70px\" \/>\u00a0 <span style=\"color: #800000;\">Mirjana<\/span> &#8211; Seelengefl\u00fcster ( <span style=\"color: #800000;\">Herz7<\/span> )<\/strong><\/li>\n<li><strong><img loading=\"lazy\" decoding=\"async\" class=\"alignnone wp-image-41719\" src=\"https:\/\/bergers-schlagerparadies.de\/wp-content\/uploads\/2026\/02\/Misha-Kovar-Alles-ist-Liebe-300x300.jpeg\" alt=\"\" width=\"70\" height=\"70\" srcset=\"https:\/\/bergers-schlagerparadies.de\/wp-content\/uploads\/2026\/02\/Misha-Kovar-Alles-ist-Liebe-300x300.jpeg 300w, https:\/\/bergers-schlagerparadies.de\/wp-content\/uploads\/2026\/02\/Misha-Kovar-Alles-ist-Liebe-1024x1024.jpeg 1024w, https:\/\/bergers-schlagerparadies.de\/wp-content\/uploads\/2026\/02\/Misha-Kovar-Alles-ist-Liebe-150x150.jpeg 150w, https:\/\/bergers-schlagerparadies.de\/wp-content\/uploads\/2026\/02\/Misha-Kovar-Alles-ist-Liebe-768x768.jpeg 768w, https:\/\/bergers-schlagerparadies.de\/wp-content\/uploads\/2026\/02\/Misha-Kovar-Alles-ist-Liebe-1536x1536.jpeg 1536w, https:\/\/bergers-schlagerparadies.de\/wp-content\/uploads\/2026\/02\/Misha-Kovar-Alles-ist-Liebe-2048x2048.jpeg 2048w, https:\/\/bergers-schlagerparadies.de\/wp-content\/uploads\/2026\/02\/Misha-Kovar-Alles-ist-Liebe-1200x1200.jpeg 1200w, https:\/\/bergers-schlagerparadies.de\/wp-content\/uploads\/2026\/02\/Misha-Kovar-Alles-ist-Liebe-1188x1188.jpeg 1188w, https:\/\/bergers-schlagerparadies.de\/wp-content\/uploads\/2026\/02\/Misha-Kovar-Alles-ist-Liebe-100x100.jpeg 100w\" sizes=\"auto, (max-width: 70px) 100vw, 70px\" \/>\u00a0 Misha Kovar &#8211; Alles ist Liebe ( <span style=\"color: #800000;\">MORE Music &amp; Media distr. by Telamo GmbH | A BMG Company <\/span>)<\/strong><\/li>\n<li><strong><span style=\"color: #800000;\"><img loading=\"lazy\" decoding=\"async\" class=\"alignnone wp-image-41431\" src=\"https:\/\/bergers-schlagerparadies.de\/wp-content\/uploads\/2026\/02\/musik.poet-Sarah-mein-kleiner-Stern-300x300.jpg\" alt=\"\" width=\"70\" height=\"70\" srcset=\"https:\/\/bergers-schlagerparadies.de\/wp-content\/uploads\/2026\/02\/musik.poet-Sarah-mein-kleiner-Stern-300x300.jpg 300w, https:\/\/bergers-schlagerparadies.de\/wp-content\/uploads\/2026\/02\/musik.poet-Sarah-mein-kleiner-Stern-1024x1024.jpg 1024w, https:\/\/bergers-schlagerparadies.de\/wp-content\/uploads\/2026\/02\/musik.poet-Sarah-mein-kleiner-Stern-150x150.jpg 150w, https:\/\/bergers-schlagerparadies.de\/wp-content\/uploads\/2026\/02\/musik.poet-Sarah-mein-kleiner-Stern-768x768.jpg 768w, https:\/\/bergers-schlagerparadies.de\/wp-content\/uploads\/2026\/02\/musik.poet-Sarah-mein-kleiner-Stern-1536x1536.jpg 1536w, https:\/\/bergers-schlagerparadies.de\/wp-content\/uploads\/2026\/02\/musik.poet-Sarah-mein-kleiner-Stern-2048x2048.jpg 2048w, https:\/\/bergers-schlagerparadies.de\/wp-content\/uploads\/2026\/02\/musik.poet-Sarah-mein-kleiner-Stern-1200x1200.jpg 1200w, https:\/\/bergers-schlagerparadies.de\/wp-content\/uploads\/2026\/02\/musik.poet-Sarah-mein-kleiner-Stern-1188x1188.jpg 1188w, https:\/\/bergers-schlagerparadies.de\/wp-content\/uploads\/2026\/02\/musik.poet-Sarah-mein-kleiner-Stern-100x100.jpg 100w\" sizes=\"auto, (max-width: 70px) 100vw, 70px\" \/>\u00a0 musik.poet<\/span> &#8211; Sarah, mein kleiner Stern<\/strong><\/li>\n<li><strong><span style=\"color: #800000;\"><img loading=\"lazy\" decoding=\"async\" class=\"alignnone wp-image-41833\" src=\"https:\/\/bergers-schlagerparadies.de\/wp-content\/uploads\/2026\/02\/Nia-Lane-Spotlight-300x300.jpg\" alt=\"\" width=\"70\" height=\"70\" srcset=\"https:\/\/bergers-schlagerparadies.de\/wp-content\/uploads\/2026\/02\/Nia-Lane-Spotlight-300x300.jpg 300w, https:\/\/bergers-schlagerparadies.de\/wp-content\/uploads\/2026\/02\/Nia-Lane-Spotlight-1024x1024.jpg 1024w, https:\/\/bergers-schlagerparadies.de\/wp-content\/uploads\/2026\/02\/Nia-Lane-Spotlight-150x150.jpg 150w, https:\/\/bergers-schlagerparadies.de\/wp-content\/uploads\/2026\/02\/Nia-Lane-Spotlight-768x768.jpg 768w, https:\/\/bergers-schlagerparadies.de\/wp-content\/uploads\/2026\/02\/Nia-Lane-Spotlight-1536x1536.jpg 1536w, https:\/\/bergers-schlagerparadies.de\/wp-content\/uploads\/2026\/02\/Nia-Lane-Spotlight-2048x2048.jpg 2048w, https:\/\/bergers-schlagerparadies.de\/wp-content\/uploads\/2026\/02\/Nia-Lane-Spotlight-1200x1200.jpg 1200w, https:\/\/bergers-schlagerparadies.de\/wp-content\/uploads\/2026\/02\/Nia-Lane-Spotlight-1188x1188.jpg 1188w, https:\/\/bergers-schlagerparadies.de\/wp-content\/uploads\/2026\/02\/Nia-Lane-Spotlight-100x100.jpg 100w\" sizes=\"auto, (max-width: 70px) 100vw, 70px\" \/>\u00a0 Nia Lane<\/span> &#8211; Spotlight ( <span style=\"color: #800000;\">Fiesta Records<\/span> )<\/strong><\/li>\n<li><strong><span style=\"color: #800000;\"><img loading=\"lazy\" decoding=\"async\" class=\"alignnone wp-image-41858\" src=\"https:\/\/bergers-schlagerparadies.de\/wp-content\/uploads\/2026\/02\/Nina-Tholl-Mein-Herz-schlaegt-nen-Salto-300x300.jpg\" alt=\"\" width=\"70\" height=\"70\" srcset=\"https:\/\/bergers-schlagerparadies.de\/wp-content\/uploads\/2026\/02\/Nina-Tholl-Mein-Herz-schlaegt-nen-Salto-300x300.jpg 300w, https:\/\/bergers-schlagerparadies.de\/wp-content\/uploads\/2026\/02\/Nina-Tholl-Mein-Herz-schlaegt-nen-Salto-1024x1024.jpg 1024w, https:\/\/bergers-schlagerparadies.de\/wp-content\/uploads\/2026\/02\/Nina-Tholl-Mein-Herz-schlaegt-nen-Salto-150x150.jpg 150w, https:\/\/bergers-schlagerparadies.de\/wp-content\/uploads\/2026\/02\/Nina-Tholl-Mein-Herz-schlaegt-nen-Salto-768x768.jpg 768w, https:\/\/bergers-schlagerparadies.de\/wp-content\/uploads\/2026\/02\/Nina-Tholl-Mein-Herz-schlaegt-nen-Salto-1536x1536.jpg 1536w, https:\/\/bergers-schlagerparadies.de\/wp-content\/uploads\/2026\/02\/Nina-Tholl-Mein-Herz-schlaegt-nen-Salto-2048x2048.jpg 2048w, https:\/\/bergers-schlagerparadies.de\/wp-content\/uploads\/2026\/02\/Nina-Tholl-Mein-Herz-schlaegt-nen-Salto-1200x1200.jpg 1200w, https:\/\/bergers-schlagerparadies.de\/wp-content\/uploads\/2026\/02\/Nina-Tholl-Mein-Herz-schlaegt-nen-Salto-1188x1188.jpg 1188w, https:\/\/bergers-schlagerparadies.de\/wp-content\/uploads\/2026\/02\/Nina-Tholl-Mein-Herz-schlaegt-nen-Salto-100x100.jpg 100w\" sizes=\"auto, (max-width: 70px) 100vw, 70px\" \/>\u00a0 Nina Tholl<\/span> &#8211; Mein Herz schl\u00e4gt nen Salto ( <span style=\"color: #800000;\">Fiesta Records<\/span> )<\/strong><\/li>\n<li><strong><img loading=\"lazy\" decoding=\"async\" class=\"alignnone wp-image-41818\" src=\"https:\/\/bergers-schlagerparadies.de\/wp-content\/uploads\/2026\/02\/NORBERT-KOeHLER-Senza-Confini-Grenzenlos-300x300.jpeg\" alt=\"\" width=\"70\" height=\"70\" srcset=\"https:\/\/bergers-schlagerparadies.de\/wp-content\/uploads\/2026\/02\/NORBERT-KOeHLER-Senza-Confini-Grenzenlos-300x300.jpeg 300w, https:\/\/bergers-schlagerparadies.de\/wp-content\/uploads\/2026\/02\/NORBERT-KOeHLER-Senza-Confini-Grenzenlos-1024x1024.jpeg 1024w, https:\/\/bergers-schlagerparadies.de\/wp-content\/uploads\/2026\/02\/NORBERT-KOeHLER-Senza-Confini-Grenzenlos-150x150.jpeg 150w, https:\/\/bergers-schlagerparadies.de\/wp-content\/uploads\/2026\/02\/NORBERT-KOeHLER-Senza-Confini-Grenzenlos-768x768.jpeg 768w, https:\/\/bergers-schlagerparadies.de\/wp-content\/uploads\/2026\/02\/NORBERT-KOeHLER-Senza-Confini-Grenzenlos-1188x1188.jpeg 1188w, https:\/\/bergers-schlagerparadies.de\/wp-content\/uploads\/2026\/02\/NORBERT-KOeHLER-Senza-Confini-Grenzenlos-100x100.jpeg 100w, https:\/\/bergers-schlagerparadies.de\/wp-content\/uploads\/2026\/02\/NORBERT-KOeHLER-Senza-Confini-Grenzenlos.jpeg 1200w\" sizes=\"auto, (max-width: 70px) 100vw, 70px\" \/>\u00a0 <span style=\"color: #800000;\">NORBERT K\u00d6HLER<\/span> &#8211; Senza Confini (Grenzenlos) ( <span style=\"color: #800000;\">Tyrolis<\/span>\u00a0)<\/strong><\/li>\n<li><strong><span style=\"color: #800000;\"><img loading=\"lazy\" decoding=\"async\" class=\"alignnone wp-image-41959\" src=\"https:\/\/bergers-schlagerparadies.de\/wp-content\/uploads\/2026\/02\/Nordwand-Wie-ein-Wolf-300x300.jpeg\" alt=\"\" width=\"70\" height=\"70\" srcset=\"https:\/\/bergers-schlagerparadies.de\/wp-content\/uploads\/2026\/02\/Nordwand-Wie-ein-Wolf-300x300.jpeg 300w, https:\/\/bergers-schlagerparadies.de\/wp-content\/uploads\/2026\/02\/Nordwand-Wie-ein-Wolf-1024x1024.jpeg 1024w, https:\/\/bergers-schlagerparadies.de\/wp-content\/uploads\/2026\/02\/Nordwand-Wie-ein-Wolf-150x150.jpeg 150w, https:\/\/bergers-schlagerparadies.de\/wp-content\/uploads\/2026\/02\/Nordwand-Wie-ein-Wolf-768x768.jpeg 768w, https:\/\/bergers-schlagerparadies.de\/wp-content\/uploads\/2026\/02\/Nordwand-Wie-ein-Wolf-1536x1536.jpeg 1536w, https:\/\/bergers-schlagerparadies.de\/wp-content\/uploads\/2026\/02\/Nordwand-Wie-ein-Wolf-2048x2048.jpeg 2048w, https:\/\/bergers-schlagerparadies.de\/wp-content\/uploads\/2026\/02\/Nordwand-Wie-ein-Wolf-1200x1200.jpeg 1200w, https:\/\/bergers-schlagerparadies.de\/wp-content\/uploads\/2026\/02\/Nordwand-Wie-ein-Wolf-1188x1188.jpeg 1188w, https:\/\/bergers-schlagerparadies.de\/wp-content\/uploads\/2026\/02\/Nordwand-Wie-ein-Wolf-100x100.jpeg 100w\" sizes=\"auto, (max-width: 70px) 100vw, 70px\" \/>\u00a0 Nordwand<\/span> &#8211; Wie ein Wolf ( <span style=\"color: #800000;\">Hannes Wallner Records<\/span>\u00a0)<\/strong><\/li>\n<li><strong><span style=\"color: #800000;\"><img loading=\"lazy\" decoding=\"async\" class=\"alignnone wp-image-41547\" src=\"https:\/\/bergers-schlagerparadies.de\/wp-content\/uploads\/2026\/02\/Patrick-Kronenberger-Und-vielleicht-inkl.-Dance-Mix-300x300.jpeg\" alt=\"\" width=\"70\" height=\"70\" srcset=\"https:\/\/bergers-schlagerparadies.de\/wp-content\/uploads\/2026\/02\/Patrick-Kronenberger-Und-vielleicht-inkl.-Dance-Mix-300x300.jpeg 300w, https:\/\/bergers-schlagerparadies.de\/wp-content\/uploads\/2026\/02\/Patrick-Kronenberger-Und-vielleicht-inkl.-Dance-Mix-1024x1024.jpeg 1024w, https:\/\/bergers-schlagerparadies.de\/wp-content\/uploads\/2026\/02\/Patrick-Kronenberger-Und-vielleicht-inkl.-Dance-Mix-150x150.jpeg 150w, https:\/\/bergers-schlagerparadies.de\/wp-content\/uploads\/2026\/02\/Patrick-Kronenberger-Und-vielleicht-inkl.-Dance-Mix-768x768.jpeg 768w, https:\/\/bergers-schlagerparadies.de\/wp-content\/uploads\/2026\/02\/Patrick-Kronenberger-Und-vielleicht-inkl.-Dance-Mix-1536x1536.jpeg 1536w, https:\/\/bergers-schlagerparadies.de\/wp-content\/uploads\/2026\/02\/Patrick-Kronenberger-Und-vielleicht-inkl.-Dance-Mix-2048x2048.jpeg 2048w, https:\/\/bergers-schlagerparadies.de\/wp-content\/uploads\/2026\/02\/Patrick-Kronenberger-Und-vielleicht-inkl.-Dance-Mix-1200x1200.jpeg 1200w, https:\/\/bergers-schlagerparadies.de\/wp-content\/uploads\/2026\/02\/Patrick-Kronenberger-Und-vielleicht-inkl.-Dance-Mix-1188x1188.jpeg 1188w, https:\/\/bergers-schlagerparadies.de\/wp-content\/uploads\/2026\/02\/Patrick-Kronenberger-Und-vielleicht-inkl.-Dance-Mix-100x100.jpeg 100w\" sizes=\"auto, (max-width: 70px) 100vw, 70px\" \/>\u00a0 Patrick Kronenberger<\/span> &#8211; Und vielleicht ( <span style=\"color: #800000;\">K&#8217;ENT Records<\/span>\u00a0)<\/strong><\/li>\n<li><strong><span style=\"color: #800000;\"><img loading=\"lazy\" decoding=\"async\" class=\"alignnone wp-image-41978\" src=\"https:\/\/bergers-schlagerparadies.de\/wp-content\/uploads\/2026\/02\/Projekt-Dorfliebe-Music-Warum-macht-ihr-das-300x300.jpg\" alt=\"\" width=\"70\" height=\"70\" srcset=\"https:\/\/bergers-schlagerparadies.de\/wp-content\/uploads\/2026\/02\/Projekt-Dorfliebe-Music-Warum-macht-ihr-das-300x300.jpg 300w, https:\/\/bergers-schlagerparadies.de\/wp-content\/uploads\/2026\/02\/Projekt-Dorfliebe-Music-Warum-macht-ihr-das-1024x1024.jpg 1024w, https:\/\/bergers-schlagerparadies.de\/wp-content\/uploads\/2026\/02\/Projekt-Dorfliebe-Music-Warum-macht-ihr-das-150x150.jpg 150w, https:\/\/bergers-schlagerparadies.de\/wp-content\/uploads\/2026\/02\/Projekt-Dorfliebe-Music-Warum-macht-ihr-das-768x768.jpg 768w, https:\/\/bergers-schlagerparadies.de\/wp-content\/uploads\/2026\/02\/Projekt-Dorfliebe-Music-Warum-macht-ihr-das-1536x1536.jpg 1536w, https:\/\/bergers-schlagerparadies.de\/wp-content\/uploads\/2026\/02\/Projekt-Dorfliebe-Music-Warum-macht-ihr-das-2048x2048.jpg 2048w, https:\/\/bergers-schlagerparadies.de\/wp-content\/uploads\/2026\/02\/Projekt-Dorfliebe-Music-Warum-macht-ihr-das-1200x1200.jpg 1200w, https:\/\/bergers-schlagerparadies.de\/wp-content\/uploads\/2026\/02\/Projekt-Dorfliebe-Music-Warum-macht-ihr-das-1188x1188.jpg 1188w, https:\/\/bergers-schlagerparadies.de\/wp-content\/uploads\/2026\/02\/Projekt-Dorfliebe-Music-Warum-macht-ihr-das-100x100.jpg 100w\" sizes=\"auto, (max-width: 70px) 100vw, 70px\" \/>\u00a0 Projekt Dorfliebe Music<\/span> &#8211; Warum macht ihr das ( <span style=\"color: #800000;\">Fiesta Records<\/span> )<\/strong><\/li>\n<li><strong><img loading=\"lazy\" decoding=\"async\" class=\"alignnone wp-image-41723\" src=\"https:\/\/bergers-schlagerparadies.de\/wp-content\/uploads\/2026\/02\/Raffael-Koenig-Fuer-dich-durchs-Feuer-300x300.jpeg\" alt=\"\" width=\"70\" height=\"70\" srcset=\"https:\/\/bergers-schlagerparadies.de\/wp-content\/uploads\/2026\/02\/Raffael-Koenig-Fuer-dich-durchs-Feuer-300x300.jpeg 300w, https:\/\/bergers-schlagerparadies.de\/wp-content\/uploads\/2026\/02\/Raffael-Koenig-Fuer-dich-durchs-Feuer-1024x1024.jpeg 1024w, https:\/\/bergers-schlagerparadies.de\/wp-content\/uploads\/2026\/02\/Raffael-Koenig-Fuer-dich-durchs-Feuer-150x150.jpeg 150w, https:\/\/bergers-schlagerparadies.de\/wp-content\/uploads\/2026\/02\/Raffael-Koenig-Fuer-dich-durchs-Feuer-768x768.jpeg 768w, https:\/\/bergers-schlagerparadies.de\/wp-content\/uploads\/2026\/02\/Raffael-Koenig-Fuer-dich-durchs-Feuer-1536x1536.jpeg 1536w, https:\/\/bergers-schlagerparadies.de\/wp-content\/uploads\/2026\/02\/Raffael-Koenig-Fuer-dich-durchs-Feuer-2048x2048.jpeg 2048w, https:\/\/bergers-schlagerparadies.de\/wp-content\/uploads\/2026\/02\/Raffael-Koenig-Fuer-dich-durchs-Feuer-1200x1200.jpeg 1200w, https:\/\/bergers-schlagerparadies.de\/wp-content\/uploads\/2026\/02\/Raffael-Koenig-Fuer-dich-durchs-Feuer-1188x1188.jpeg 1188w, https:\/\/bergers-schlagerparadies.de\/wp-content\/uploads\/2026\/02\/Raffael-Koenig-Fuer-dich-durchs-Feuer-100x100.jpeg 100w\" sizes=\"auto, (max-width: 70px) 100vw, 70px\" \/>\u00a0 <span style=\"color: #800000;\">Raffael K\u00f6nig<\/span> &#8211; F\u00fcr dich durchs Feuer ( <span style=\"color: #800000;\">Fiesta Records<\/span> )<\/strong><\/li>\n<li><strong><span style=\"color: #800000;\"><img loading=\"lazy\" decoding=\"async\" class=\"alignnone wp-image-41967\" src=\"https:\/\/bergers-schlagerparadies.de\/wp-content\/uploads\/2026\/02\/Relax-DJ-Bonzay-Weil-i-di-mog-Remix-2026-300x300.jpeg\" alt=\"\" width=\"70\" height=\"70\" srcset=\"https:\/\/bergers-schlagerparadies.de\/wp-content\/uploads\/2026\/02\/Relax-DJ-Bonzay-Weil-i-di-mog-Remix-2026-300x300.jpeg 300w, https:\/\/bergers-schlagerparadies.de\/wp-content\/uploads\/2026\/02\/Relax-DJ-Bonzay-Weil-i-di-mog-Remix-2026-1024x1024.jpeg 1024w, https:\/\/bergers-schlagerparadies.de\/wp-content\/uploads\/2026\/02\/Relax-DJ-Bonzay-Weil-i-di-mog-Remix-2026-150x150.jpeg 150w, https:\/\/bergers-schlagerparadies.de\/wp-content\/uploads\/2026\/02\/Relax-DJ-Bonzay-Weil-i-di-mog-Remix-2026-768x768.jpeg 768w, https:\/\/bergers-schlagerparadies.de\/wp-content\/uploads\/2026\/02\/Relax-DJ-Bonzay-Weil-i-di-mog-Remix-2026-1188x1188.jpeg 1188w, https:\/\/bergers-schlagerparadies.de\/wp-content\/uploads\/2026\/02\/Relax-DJ-Bonzay-Weil-i-di-mog-Remix-2026-100x100.jpeg 100w, https:\/\/bergers-schlagerparadies.de\/wp-content\/uploads\/2026\/02\/Relax-DJ-Bonzay-Weil-i-di-mog-Remix-2026.jpeg 1200w\" sizes=\"auto, (max-width: 70px) 100vw, 70px\" \/>\u00a0 Relax<\/span>, <span style=\"color: #800000;\">DJ Bonzay<\/span> &#8211; Weil i di mog (Remix 2026) ( <span style=\"color: #800000;\">VIA Music Entertainment<\/span>\u00a0)<\/strong><\/li>\n<li><strong><span style=\"color: #800000;\"><img loading=\"lazy\" decoding=\"async\" class=\"alignnone wp-image-41974\" src=\"https:\/\/bergers-schlagerparadies.de\/wp-content\/uploads\/2026\/02\/Rosa-Weiss-Letzte-Nacht-300x300.jpeg\" alt=\"\" width=\"70\" height=\"70\" srcset=\"https:\/\/bergers-schlagerparadies.de\/wp-content\/uploads\/2026\/02\/Rosa-Weiss-Letzte-Nacht-300x300.jpeg 300w, https:\/\/bergers-schlagerparadies.de\/wp-content\/uploads\/2026\/02\/Rosa-Weiss-Letzte-Nacht-1024x1024.jpeg 1024w, https:\/\/bergers-schlagerparadies.de\/wp-content\/uploads\/2026\/02\/Rosa-Weiss-Letzte-Nacht-150x150.jpeg 150w, https:\/\/bergers-schlagerparadies.de\/wp-content\/uploads\/2026\/02\/Rosa-Weiss-Letzte-Nacht-768x768.jpeg 768w, https:\/\/bergers-schlagerparadies.de\/wp-content\/uploads\/2026\/02\/Rosa-Weiss-Letzte-Nacht-1536x1536.jpeg 1536w, https:\/\/bergers-schlagerparadies.de\/wp-content\/uploads\/2026\/02\/Rosa-Weiss-Letzte-Nacht-2048x2048.jpeg 2048w, https:\/\/bergers-schlagerparadies.de\/wp-content\/uploads\/2026\/02\/Rosa-Weiss-Letzte-Nacht-1200x1200.jpeg 1200w, https:\/\/bergers-schlagerparadies.de\/wp-content\/uploads\/2026\/02\/Rosa-Weiss-Letzte-Nacht-1188x1188.jpeg 1188w, https:\/\/bergers-schlagerparadies.de\/wp-content\/uploads\/2026\/02\/Rosa-Weiss-Letzte-Nacht-100x100.jpeg 100w\" sizes=\"auto, (max-width: 70px) 100vw, 70px\" \/>\u00a0 Rosa Weiss<\/span> &#8211; Letzte Nacht ( <span style=\"color: #800000;\">Rosa Weiss<\/span>\u00a0)<\/strong><\/li>\n<li><strong><img loading=\"lazy\" decoding=\"async\" class=\"alignnone wp-image-41727\" src=\"https:\/\/bergers-schlagerparadies.de\/wp-content\/uploads\/2026\/02\/Silvia-Kaufmann-Schon-100-mal-gehoert-Hey-DJ-300x300.jpeg\" alt=\"\" width=\"70\" height=\"70\" srcset=\"https:\/\/bergers-schlagerparadies.de\/wp-content\/uploads\/2026\/02\/Silvia-Kaufmann-Schon-100-mal-gehoert-Hey-DJ-300x300.jpeg 300w, https:\/\/bergers-schlagerparadies.de\/wp-content\/uploads\/2026\/02\/Silvia-Kaufmann-Schon-100-mal-gehoert-Hey-DJ-1024x1024.jpeg 1024w, https:\/\/bergers-schlagerparadies.de\/wp-content\/uploads\/2026\/02\/Silvia-Kaufmann-Schon-100-mal-gehoert-Hey-DJ-150x150.jpeg 150w, https:\/\/bergers-schlagerparadies.de\/wp-content\/uploads\/2026\/02\/Silvia-Kaufmann-Schon-100-mal-gehoert-Hey-DJ-768x768.jpeg 768w, https:\/\/bergers-schlagerparadies.de\/wp-content\/uploads\/2026\/02\/Silvia-Kaufmann-Schon-100-mal-gehoert-Hey-DJ-1536x1536.jpeg 1536w, https:\/\/bergers-schlagerparadies.de\/wp-content\/uploads\/2026\/02\/Silvia-Kaufmann-Schon-100-mal-gehoert-Hey-DJ-2048x2048.jpeg 2048w, https:\/\/bergers-schlagerparadies.de\/wp-content\/uploads\/2026\/02\/Silvia-Kaufmann-Schon-100-mal-gehoert-Hey-DJ-1200x1200.jpeg 1200w, https:\/\/bergers-schlagerparadies.de\/wp-content\/uploads\/2026\/02\/Silvia-Kaufmann-Schon-100-mal-gehoert-Hey-DJ-1188x1188.jpeg 1188w, https:\/\/bergers-schlagerparadies.de\/wp-content\/uploads\/2026\/02\/Silvia-Kaufmann-Schon-100-mal-gehoert-Hey-DJ-100x100.jpeg 100w\" sizes=\"auto, (max-width: 70px) 100vw, 70px\" \/>\u00a0 <span style=\"color: #800000;\">Silvia Kaufmann<\/span> &#8211; Schon 100 mal geh\u00f6rt (Hey DJ) ( <span style=\"color: #800000;\">Sandburg Records<\/span>\u00a0)<\/strong><\/li>\n<li><strong><img loading=\"lazy\" decoding=\"async\" class=\"alignnone wp-image-41822\" src=\"https:\/\/bergers-schlagerparadies.de\/wp-content\/uploads\/2026\/02\/Spielberg-Ass-im-Aermel-300x300.jpeg\" alt=\"\" width=\"70\" height=\"70\" srcset=\"https:\/\/bergers-schlagerparadies.de\/wp-content\/uploads\/2026\/02\/Spielberg-Ass-im-Aermel-300x300.jpeg 300w, https:\/\/bergers-schlagerparadies.de\/wp-content\/uploads\/2026\/02\/Spielberg-Ass-im-Aermel-1024x1024.jpeg 1024w, https:\/\/bergers-schlagerparadies.de\/wp-content\/uploads\/2026\/02\/Spielberg-Ass-im-Aermel-150x150.jpeg 150w, https:\/\/bergers-schlagerparadies.de\/wp-content\/uploads\/2026\/02\/Spielberg-Ass-im-Aermel-768x768.jpeg 768w, https:\/\/bergers-schlagerparadies.de\/wp-content\/uploads\/2026\/02\/Spielberg-Ass-im-Aermel-1536x1536.jpeg 1536w, https:\/\/bergers-schlagerparadies.de\/wp-content\/uploads\/2026\/02\/Spielberg-Ass-im-Aermel-2048x2048.jpeg 2048w, https:\/\/bergers-schlagerparadies.de\/wp-content\/uploads\/2026\/02\/Spielberg-Ass-im-Aermel-1200x1200.jpeg 1200w, https:\/\/bergers-schlagerparadies.de\/wp-content\/uploads\/2026\/02\/Spielberg-Ass-im-Aermel-1188x1188.jpeg 1188w, https:\/\/bergers-schlagerparadies.de\/wp-content\/uploads\/2026\/02\/Spielberg-Ass-im-Aermel-100x100.jpeg 100w\" sizes=\"auto, (max-width: 70px) 100vw, 70px\" \/>\u00a0 Spielberg &#8211; Ass im \u00c4rmel ( <span style=\"color: #800000;\">Hellywood Music<\/span>\u00a0)<\/strong><\/li>\n<li><strong><img loading=\"lazy\" decoding=\"async\" class=\"alignnone wp-image-41734\" src=\"https:\/\/bergers-schlagerparadies.de\/wp-content\/uploads\/2026\/02\/Sunny-Hill-Nein-Du-nicht-300x300.jpeg\" alt=\"\" width=\"70\" height=\"70\" srcset=\"https:\/\/bergers-schlagerparadies.de\/wp-content\/uploads\/2026\/02\/Sunny-Hill-Nein-Du-nicht-300x300.jpeg 300w, https:\/\/bergers-schlagerparadies.de\/wp-content\/uploads\/2026\/02\/Sunny-Hill-Nein-Du-nicht-1024x1024.jpeg 1024w, https:\/\/bergers-schlagerparadies.de\/wp-content\/uploads\/2026\/02\/Sunny-Hill-Nein-Du-nicht-150x150.jpeg 150w, https:\/\/bergers-schlagerparadies.de\/wp-content\/uploads\/2026\/02\/Sunny-Hill-Nein-Du-nicht-768x768.jpeg 768w, https:\/\/bergers-schlagerparadies.de\/wp-content\/uploads\/2026\/02\/Sunny-Hill-Nein-Du-nicht-1536x1536.jpeg 1536w, https:\/\/bergers-schlagerparadies.de\/wp-content\/uploads\/2026\/02\/Sunny-Hill-Nein-Du-nicht-2048x2048.jpeg 2048w, https:\/\/bergers-schlagerparadies.de\/wp-content\/uploads\/2026\/02\/Sunny-Hill-Nein-Du-nicht-1200x1200.jpeg 1200w, https:\/\/bergers-schlagerparadies.de\/wp-content\/uploads\/2026\/02\/Sunny-Hill-Nein-Du-nicht-1188x1188.jpeg 1188w, https:\/\/bergers-schlagerparadies.de\/wp-content\/uploads\/2026\/02\/Sunny-Hill-Nein-Du-nicht-100x100.jpeg 100w\" sizes=\"auto, (max-width: 70px) 100vw, 70px\" \/>\u00a0 Sunny Hill &#8211; Nein! Du nicht! ( <span style=\"color: #800000;\">2Base Records<\/span>\u00a0)<\/strong><\/li>\n<\/ul>\n<p>&nbsp;<\/p>\n<p><span style=\"font-size: 12pt;\"><strong><em><span style=\"color: #666699;\">Neuvorstellungen<\/span><\/em><em><span style=\"color: #666699;\"> in dieser Woche: mit V\u00d6: <\/span><span style=\"color: #666699;\"><span style=\"color: #800000;\">20<\/span><\/span><span style=\"color: #666699;\"><span style=\"color: #993366; font-size: 14pt;\">. Februar 2026 <\/span>&#8211; 08<\/span><span style=\"color: #808080;\">KW<\/span><\/em><\/strong><\/span><\/p>\n<ul>\n<li><strong><span style=\"color: #800000;\"><img loading=\"lazy\" decoding=\"async\" class=\"alignnone wp-image-41497\" src=\"https:\/\/bergers-schlagerparadies.de\/wp-content\/uploads\/2026\/02\/Lunara-Erwachen-Album-300x300.jpeg\" alt=\"\" width=\"70\" height=\"70\" srcset=\"https:\/\/bergers-schlagerparadies.de\/wp-content\/uploads\/2026\/02\/Lunara-Erwachen-Album-300x300.jpeg 300w, https:\/\/bergers-schlagerparadies.de\/wp-content\/uploads\/2026\/02\/Lunara-Erwachen-Album-1024x1024.jpeg 1024w, https:\/\/bergers-schlagerparadies.de\/wp-content\/uploads\/2026\/02\/Lunara-Erwachen-Album-150x150.jpeg 150w, https:\/\/bergers-schlagerparadies.de\/wp-content\/uploads\/2026\/02\/Lunara-Erwachen-Album-768x768.jpeg 768w, https:\/\/bergers-schlagerparadies.de\/wp-content\/uploads\/2026\/02\/Lunara-Erwachen-Album-1536x1536.jpeg 1536w, https:\/\/bergers-schlagerparadies.de\/wp-content\/uploads\/2026\/02\/Lunara-Erwachen-Album-2048x2048.jpeg 2048w, https:\/\/bergers-schlagerparadies.de\/wp-content\/uploads\/2026\/02\/Lunara-Erwachen-Album-1200x1200.jpeg 1200w, https:\/\/bergers-schlagerparadies.de\/wp-content\/uploads\/2026\/02\/Lunara-Erwachen-Album-1188x1188.jpeg 1188w, https:\/\/bergers-schlagerparadies.de\/wp-content\/uploads\/2026\/02\/Lunara-Erwachen-Album-100x100.jpeg 100w\" sizes=\"auto, (max-width: 70px) 100vw, 70px\" \/>\u00a0 Lunara<\/span> &#8211; Erwachen (<span style=\"color: #800000;\">Album<\/span>) ( <span style=\"color: #800000;\">Monster Tapes<\/span>\u00a0)<\/strong><\/li>\n<li><strong><img loading=\"lazy\" decoding=\"async\" class=\"alignnone wp-image-41513\" src=\"https:\/\/bergers-schlagerparadies.de\/wp-content\/uploads\/2026\/02\/Lunara-Kickimattu-back-to-life-Kickimattu-Edition-300x300.jpeg\" alt=\"\" width=\"70\" height=\"70\" srcset=\"https:\/\/bergers-schlagerparadies.de\/wp-content\/uploads\/2026\/02\/Lunara-Kickimattu-back-to-life-Kickimattu-Edition-300x300.jpeg 300w, https:\/\/bergers-schlagerparadies.de\/wp-content\/uploads\/2026\/02\/Lunara-Kickimattu-back-to-life-Kickimattu-Edition-1024x1024.jpeg 1024w, https:\/\/bergers-schlagerparadies.de\/wp-content\/uploads\/2026\/02\/Lunara-Kickimattu-back-to-life-Kickimattu-Edition-150x150.jpeg 150w, https:\/\/bergers-schlagerparadies.de\/wp-content\/uploads\/2026\/02\/Lunara-Kickimattu-back-to-life-Kickimattu-Edition-768x768.jpeg 768w, https:\/\/bergers-schlagerparadies.de\/wp-content\/uploads\/2026\/02\/Lunara-Kickimattu-back-to-life-Kickimattu-Edition-1536x1536.jpeg 1536w, https:\/\/bergers-schlagerparadies.de\/wp-content\/uploads\/2026\/02\/Lunara-Kickimattu-back-to-life-Kickimattu-Edition-2048x2048.jpeg 2048w, https:\/\/bergers-schlagerparadies.de\/wp-content\/uploads\/2026\/02\/Lunara-Kickimattu-back-to-life-Kickimattu-Edition-1200x1200.jpeg 1200w, https:\/\/bergers-schlagerparadies.de\/wp-content\/uploads\/2026\/02\/Lunara-Kickimattu-back-to-life-Kickimattu-Edition-1188x1188.jpeg 1188w, https:\/\/bergers-schlagerparadies.de\/wp-content\/uploads\/2026\/02\/Lunara-Kickimattu-back-to-life-Kickimattu-Edition-100x100.jpeg 100w\" sizes=\"auto, (max-width: 70px) 100vw, 70px\" \/>\u00a0 <span style=\"color: #800000;\">Lunara<\/span>, Kickimattu &#8211; back to life (Kickimattu Edition) (<span style=\"color: #800000;\">EP<\/span>) ( <span style=\"color: #800000;\">Monster Tapes<\/span>\u00a0)<\/strong><\/li>\n<li><strong><span style=\"color: #800000;\">&#8212;&#8212;&#8212;&#8212;&#8212;&#8212;&#8212;&#8212;&#8212;&#8212;&#8212;&#8212;&#8212;&#8212;&#8212;&#8212;&#8212;&#8212;&#8212;&#8212;&#8212;&#8212;&#8212;&#8212;&#8212;&#8212;&#8212;&#8212;&#8212;&#8212;&#8212;&#8212;&#8212;&#8212;&#8212;&#8212;<\/span><\/strong><\/li>\n<li><strong><span style=\"color: #800000;\"><img loading=\"lazy\" decoding=\"async\" class=\"alignnone wp-image-41738\" src=\"https:\/\/bergers-schlagerparadies.de\/wp-content\/uploads\/2026\/02\/Anna-Carina-Woitschack-Dieses-Gefuehl-300x300.jpeg\" alt=\"\" width=\"70\" height=\"70\" srcset=\"https:\/\/bergers-schlagerparadies.de\/wp-content\/uploads\/2026\/02\/Anna-Carina-Woitschack-Dieses-Gefuehl-300x300.jpeg 300w, https:\/\/bergers-schlagerparadies.de\/wp-content\/uploads\/2026\/02\/Anna-Carina-Woitschack-Dieses-Gefuehl-1024x1024.jpeg 1024w, https:\/\/bergers-schlagerparadies.de\/wp-content\/uploads\/2026\/02\/Anna-Carina-Woitschack-Dieses-Gefuehl-150x150.jpeg 150w, https:\/\/bergers-schlagerparadies.de\/wp-content\/uploads\/2026\/02\/Anna-Carina-Woitschack-Dieses-Gefuehl-768x768.jpeg 768w, https:\/\/bergers-schlagerparadies.de\/wp-content\/uploads\/2026\/02\/Anna-Carina-Woitschack-Dieses-Gefuehl-1188x1188.jpeg 1188w, https:\/\/bergers-schlagerparadies.de\/wp-content\/uploads\/2026\/02\/Anna-Carina-Woitschack-Dieses-Gefuehl-100x100.jpeg 100w, https:\/\/bergers-schlagerparadies.de\/wp-content\/uploads\/2026\/02\/Anna-Carina-Woitschack-Dieses-Gefuehl.jpeg 1200w\" sizes=\"auto, (max-width: 70px) 100vw, 70px\" \/>\u00a0 Anna-Carina Woitschack<\/span> &#8211; Dieses Gef\u00fchl ( <span style=\"color: #800000;\">SMA \/ Ariola<\/span> )<\/strong><\/li>\n<li><strong><img loading=\"lazy\" decoding=\"async\" class=\"alignnone wp-image-41632\" src=\"https:\/\/bergers-schlagerparadies.de\/wp-content\/uploads\/2026\/02\/Andy-Heute-Nacht-will-ich-dich-laecheln-sehn-300x300.jpeg\" alt=\"\" width=\"70\" height=\"70\" srcset=\"https:\/\/bergers-schlagerparadies.de\/wp-content\/uploads\/2026\/02\/Andy-Heute-Nacht-will-ich-dich-laecheln-sehn-300x300.jpeg 300w, https:\/\/bergers-schlagerparadies.de\/wp-content\/uploads\/2026\/02\/Andy-Heute-Nacht-will-ich-dich-laecheln-sehn-1024x1024.jpeg 1024w, https:\/\/bergers-schlagerparadies.de\/wp-content\/uploads\/2026\/02\/Andy-Heute-Nacht-will-ich-dich-laecheln-sehn-150x150.jpeg 150w, https:\/\/bergers-schlagerparadies.de\/wp-content\/uploads\/2026\/02\/Andy-Heute-Nacht-will-ich-dich-laecheln-sehn-768x768.jpeg 768w, https:\/\/bergers-schlagerparadies.de\/wp-content\/uploads\/2026\/02\/Andy-Heute-Nacht-will-ich-dich-laecheln-sehn-1188x1188.jpeg 1188w, https:\/\/bergers-schlagerparadies.de\/wp-content\/uploads\/2026\/02\/Andy-Heute-Nacht-will-ich-dich-laecheln-sehn-100x100.jpeg 100w, https:\/\/bergers-schlagerparadies.de\/wp-content\/uploads\/2026\/02\/Andy-Heute-Nacht-will-ich-dich-laecheln-sehn.jpeg 1200w\" sizes=\"auto, (max-width: 70px) 100vw, 70px\" \/>\u00a0 <span style=\"color: #800000;\">Andy<\/span> &#8211; Heute Nacht will ich dich l\u00e4cheln seh&#8217;n ( <span style=\"color: #800000;\">Fiesta Records<\/span> )<\/strong><\/li>\n<li><strong><span style=\"color: #800000;\"><img loading=\"lazy\" decoding=\"async\" class=\"alignnone wp-image-41673\" src=\"https:\/\/bergers-schlagerparadies.de\/wp-content\/uploads\/2026\/02\/Andre-Busse-Alles-schick-alles-schoen-300x300.jpeg\" alt=\"\" width=\"70\" height=\"70\" srcset=\"https:\/\/bergers-schlagerparadies.de\/wp-content\/uploads\/2026\/02\/Andre-Busse-Alles-schick-alles-schoen-300x300.jpeg 300w, https:\/\/bergers-schlagerparadies.de\/wp-content\/uploads\/2026\/02\/Andre-Busse-Alles-schick-alles-schoen-1024x1024.jpeg 1024w, https:\/\/bergers-schlagerparadies.de\/wp-content\/uploads\/2026\/02\/Andre-Busse-Alles-schick-alles-schoen-150x150.jpeg 150w, https:\/\/bergers-schlagerparadies.de\/wp-content\/uploads\/2026\/02\/Andre-Busse-Alles-schick-alles-schoen-768x768.jpeg 768w, https:\/\/bergers-schlagerparadies.de\/wp-content\/uploads\/2026\/02\/Andre-Busse-Alles-schick-alles-schoen-1200x1200.jpeg 1200w, https:\/\/bergers-schlagerparadies.de\/wp-content\/uploads\/2026\/02\/Andre-Busse-Alles-schick-alles-schoen-1188x1188.jpeg 1188w, https:\/\/bergers-schlagerparadies.de\/wp-content\/uploads\/2026\/02\/Andre-Busse-Alles-schick-alles-schoen-100x100.jpeg 100w, https:\/\/bergers-schlagerparadies.de\/wp-content\/uploads\/2026\/02\/Andre-Busse-Alles-schick-alles-schoen.jpeg 1300w\" sizes=\"auto, (max-width: 70px) 100vw, 70px\" \/>\u00a0 Andre Busse<\/span> &#8211; Alles schick, alles sch\u00f6n ( <span style=\"color: #800000;\">Echtstark<\/span>\u00a0)<\/strong><\/li>\n<li><strong><img loading=\"lazy\" decoding=\"async\" class=\"alignnone wp-image-41628\" src=\"https:\/\/bergers-schlagerparadies.de\/wp-content\/uploads\/2026\/02\/Andrea-Belmonte-Am-Strand-von-Rio-300x300.jpeg\" alt=\"\" width=\"70\" height=\"70\" srcset=\"https:\/\/bergers-schlagerparadies.de\/wp-content\/uploads\/2026\/02\/Andrea-Belmonte-Am-Strand-von-Rio-300x300.jpeg 300w, https:\/\/bergers-schlagerparadies.de\/wp-content\/uploads\/2026\/02\/Andrea-Belmonte-Am-Strand-von-Rio-1024x1024.jpeg 1024w, https:\/\/bergers-schlagerparadies.de\/wp-content\/uploads\/2026\/02\/Andrea-Belmonte-Am-Strand-von-Rio-150x150.jpeg 150w, https:\/\/bergers-schlagerparadies.de\/wp-content\/uploads\/2026\/02\/Andrea-Belmonte-Am-Strand-von-Rio-768x768.jpeg 768w, https:\/\/bergers-schlagerparadies.de\/wp-content\/uploads\/2026\/02\/Andrea-Belmonte-Am-Strand-von-Rio-1536x1536.jpeg 1536w, https:\/\/bergers-schlagerparadies.de\/wp-content\/uploads\/2026\/02\/Andrea-Belmonte-Am-Strand-von-Rio-2048x2048.jpeg 2048w, https:\/\/bergers-schlagerparadies.de\/wp-content\/uploads\/2026\/02\/Andrea-Belmonte-Am-Strand-von-Rio-1200x1200.jpeg 1200w, https:\/\/bergers-schlagerparadies.de\/wp-content\/uploads\/2026\/02\/Andrea-Belmonte-Am-Strand-von-Rio-1188x1188.jpeg 1188w, https:\/\/bergers-schlagerparadies.de\/wp-content\/uploads\/2026\/02\/Andrea-Belmonte-Am-Strand-von-Rio-100x100.jpeg 100w\" sizes=\"auto, (max-width: 70px) 100vw, 70px\" \/>\u00a0 <span style=\"color: #800000;\">Andrea Belmonte<\/span> &#8211; Am Strand von Rio ( <span style=\"color: #800000;\">Fiesta Records<\/span> )<\/strong><\/li>\n<li><strong><span style=\"color: #800000;\"><img loading=\"lazy\" decoding=\"async\" class=\"alignnone wp-image-41660\" src=\"https:\/\/bergers-schlagerparadies.de\/wp-content\/uploads\/2026\/02\/Anni-Perka-Lass-mich-nie-mehr-los-300x300.jpg\" alt=\"\" width=\"70\" height=\"70\" srcset=\"https:\/\/bergers-schlagerparadies.de\/wp-content\/uploads\/2026\/02\/Anni-Perka-Lass-mich-nie-mehr-los-300x300.jpg 300w, https:\/\/bergers-schlagerparadies.de\/wp-content\/uploads\/2026\/02\/Anni-Perka-Lass-mich-nie-mehr-los-1024x1024.jpg 1024w, https:\/\/bergers-schlagerparadies.de\/wp-content\/uploads\/2026\/02\/Anni-Perka-Lass-mich-nie-mehr-los-150x150.jpg 150w, https:\/\/bergers-schlagerparadies.de\/wp-content\/uploads\/2026\/02\/Anni-Perka-Lass-mich-nie-mehr-los-768x768.jpg 768w, https:\/\/bergers-schlagerparadies.de\/wp-content\/uploads\/2026\/02\/Anni-Perka-Lass-mich-nie-mehr-los-1536x1536.jpg 1536w, https:\/\/bergers-schlagerparadies.de\/wp-content\/uploads\/2026\/02\/Anni-Perka-Lass-mich-nie-mehr-los-2048x2048.jpg 2048w, https:\/\/bergers-schlagerparadies.de\/wp-content\/uploads\/2026\/02\/Anni-Perka-Lass-mich-nie-mehr-los-1200x1200.jpg 1200w, https:\/\/bergers-schlagerparadies.de\/wp-content\/uploads\/2026\/02\/Anni-Perka-Lass-mich-nie-mehr-los-1188x1188.jpg 1188w, https:\/\/bergers-schlagerparadies.de\/wp-content\/uploads\/2026\/02\/Anni-Perka-Lass-mich-nie-mehr-los-100x100.jpg 100w\" sizes=\"auto, (max-width: 70px) 100vw, 70px\" \/>\u00a0 Anni Perka<\/span> -Lass mich nie mehr los ( <span style=\"color: #800000;\">KLONDIKE Records &amp; Songs<\/span> )<\/strong><\/li>\n<li><strong><img loading=\"lazy\" decoding=\"async\" class=\"alignnone wp-image-41636\" src=\"https:\/\/bergers-schlagerparadies.de\/wp-content\/uploads\/2026\/02\/Annemarie-Eilfeld-Neugeboren-300x300.jpeg\" alt=\"\" width=\"70\" height=\"70\" srcset=\"https:\/\/bergers-schlagerparadies.de\/wp-content\/uploads\/2026\/02\/Annemarie-Eilfeld-Neugeboren-300x300.jpeg 300w, https:\/\/bergers-schlagerparadies.de\/wp-content\/uploads\/2026\/02\/Annemarie-Eilfeld-Neugeboren-1024x1024.jpeg 1024w, https:\/\/bergers-schlagerparadies.de\/wp-content\/uploads\/2026\/02\/Annemarie-Eilfeld-Neugeboren-150x150.jpeg 150w, https:\/\/bergers-schlagerparadies.de\/wp-content\/uploads\/2026\/02\/Annemarie-Eilfeld-Neugeboren-768x768.jpeg 768w, https:\/\/bergers-schlagerparadies.de\/wp-content\/uploads\/2026\/02\/Annemarie-Eilfeld-Neugeboren-1200x1200.jpeg 1200w, https:\/\/bergers-schlagerparadies.de\/wp-content\/uploads\/2026\/02\/Annemarie-Eilfeld-Neugeboren-1188x1188.jpeg 1188w, https:\/\/bergers-schlagerparadies.de\/wp-content\/uploads\/2026\/02\/Annemarie-Eilfeld-Neugeboren-100x100.jpeg 100w, https:\/\/bergers-schlagerparadies.de\/wp-content\/uploads\/2026\/02\/Annemarie-Eilfeld-Neugeboren.jpeg 1400w\" sizes=\"auto, (max-width: 70px) 100vw, 70px\" \/>\u00a0 <span style=\"color: #800000;\">Annemarie Eilfeld<\/span> &#8211; Neugeboren ( <span style=\"color: #800000;\">Telamo<\/span>\u00a0)<\/strong><\/li>\n<li><strong><span style=\"color: #800000;\"><img loading=\"lazy\" decoding=\"async\" class=\"alignnone wp-image-41742\" src=\"https:\/\/bergers-schlagerparadies.de\/wp-content\/uploads\/2026\/02\/Annemarie-Eilfeld-Was-ist-schon-normal-VIA-Sounds-Remix-300x300.jpeg\" alt=\"\" width=\"70\" height=\"70\" srcset=\"https:\/\/bergers-schlagerparadies.de\/wp-content\/uploads\/2026\/02\/Annemarie-Eilfeld-Was-ist-schon-normal-VIA-Sounds-Remix-300x300.jpeg 300w, https:\/\/bergers-schlagerparadies.de\/wp-content\/uploads\/2026\/02\/Annemarie-Eilfeld-Was-ist-schon-normal-VIA-Sounds-Remix-1024x1024.jpeg 1024w, https:\/\/bergers-schlagerparadies.de\/wp-content\/uploads\/2026\/02\/Annemarie-Eilfeld-Was-ist-schon-normal-VIA-Sounds-Remix-150x150.jpeg 150w, https:\/\/bergers-schlagerparadies.de\/wp-content\/uploads\/2026\/02\/Annemarie-Eilfeld-Was-ist-schon-normal-VIA-Sounds-Remix-768x768.jpeg 768w, https:\/\/bergers-schlagerparadies.de\/wp-content\/uploads\/2026\/02\/Annemarie-Eilfeld-Was-ist-schon-normal-VIA-Sounds-Remix-1188x1188.jpeg 1188w, https:\/\/bergers-schlagerparadies.de\/wp-content\/uploads\/2026\/02\/Annemarie-Eilfeld-Was-ist-schon-normal-VIA-Sounds-Remix-100x100.jpeg 100w, https:\/\/bergers-schlagerparadies.de\/wp-content\/uploads\/2026\/02\/Annemarie-Eilfeld-Was-ist-schon-normal-VIA-Sounds-Remix.jpeg 1200w\" sizes=\"auto, (max-width: 70px) 100vw, 70px\" \/>\u00a0 Annemarie Eilfeld<\/span> &#8211; Was ist schon normal (VIA Sounds Remix) ( <span style=\"color: #800000;\">VIA Music Germany<\/span>\u00a0) <\/strong><\/li>\n<li><strong><span style=\"color: #800000;\"><img loading=\"lazy\" decoding=\"async\" class=\"alignnone wp-image-41652\" src=\"https:\/\/bergers-schlagerparadies.de\/wp-content\/uploads\/2026\/02\/Bailando-Beat-The-Hitmix-300x300.jpg\" alt=\"\" width=\"70\" height=\"70\" srcset=\"https:\/\/bergers-schlagerparadies.de\/wp-content\/uploads\/2026\/02\/Bailando-Beat-The-Hitmix-300x300.jpg 300w, https:\/\/bergers-schlagerparadies.de\/wp-content\/uploads\/2026\/02\/Bailando-Beat-The-Hitmix-1024x1024.jpg 1024w, https:\/\/bergers-schlagerparadies.de\/wp-content\/uploads\/2026\/02\/Bailando-Beat-The-Hitmix-150x150.jpg 150w, https:\/\/bergers-schlagerparadies.de\/wp-content\/uploads\/2026\/02\/Bailando-Beat-The-Hitmix-768x768.jpg 768w, https:\/\/bergers-schlagerparadies.de\/wp-content\/uploads\/2026\/02\/Bailando-Beat-The-Hitmix-1536x1536.jpg 1536w, https:\/\/bergers-schlagerparadies.de\/wp-content\/uploads\/2026\/02\/Bailando-Beat-The-Hitmix-2048x2048.jpg 2048w, https:\/\/bergers-schlagerparadies.de\/wp-content\/uploads\/2026\/02\/Bailando-Beat-The-Hitmix-1200x1200.jpg 1200w, https:\/\/bergers-schlagerparadies.de\/wp-content\/uploads\/2026\/02\/Bailando-Beat-The-Hitmix-1188x1188.jpg 1188w, https:\/\/bergers-schlagerparadies.de\/wp-content\/uploads\/2026\/02\/Bailando-Beat-The-Hitmix-100x100.jpg 100w\" sizes=\"auto, (max-width: 70px) 100vw, 70px\" \/>\u00a0 Bailando Beat<\/span> \u2013 The Hitmix ( <span style=\"color: #800000;\">Fiesta Records<\/span> )<\/strong><\/li>\n<li><strong><img loading=\"lazy\" decoding=\"async\" class=\"alignnone wp-image-41640\" src=\"https:\/\/bergers-schlagerparadies.de\/wp-content\/uploads\/2026\/02\/Berit-Finke-Herz-auf-Abenteuer-300x300.jpeg\" alt=\"\" width=\"70\" height=\"70\" srcset=\"https:\/\/bergers-schlagerparadies.de\/wp-content\/uploads\/2026\/02\/Berit-Finke-Herz-auf-Abenteuer-300x300.jpeg 300w, https:\/\/bergers-schlagerparadies.de\/wp-content\/uploads\/2026\/02\/Berit-Finke-Herz-auf-Abenteuer-1024x1024.jpeg 1024w, https:\/\/bergers-schlagerparadies.de\/wp-content\/uploads\/2026\/02\/Berit-Finke-Herz-auf-Abenteuer-150x150.jpeg 150w, https:\/\/bergers-schlagerparadies.de\/wp-content\/uploads\/2026\/02\/Berit-Finke-Herz-auf-Abenteuer-768x768.jpeg 768w, https:\/\/bergers-schlagerparadies.de\/wp-content\/uploads\/2026\/02\/Berit-Finke-Herz-auf-Abenteuer-1200x1200.jpeg 1200w, https:\/\/bergers-schlagerparadies.de\/wp-content\/uploads\/2026\/02\/Berit-Finke-Herz-auf-Abenteuer-1188x1188.jpeg 1188w, https:\/\/bergers-schlagerparadies.de\/wp-content\/uploads\/2026\/02\/Berit-Finke-Herz-auf-Abenteuer-100x100.jpeg 100w, https:\/\/bergers-schlagerparadies.de\/wp-content\/uploads\/2026\/02\/Berit-Finke-Herz-auf-Abenteuer.jpeg 1400w\" sizes=\"auto, (max-width: 70px) 100vw, 70px\" \/>\u00a0 <span style=\"color: #800000;\">Berit Finke<\/span> &#8211; Herz auf Abenteuer ( <span style=\"color: #800000;\">Palm RECORDS \/ <\/span><span style=\"color: #800000;\">Telamo<\/span>\u00a0)<\/strong><\/li>\n<li><strong><span style=\"color: #800000;\"><img loading=\"lazy\" decoding=\"async\" class=\"alignnone wp-image-41656\" src=\"https:\/\/bergers-schlagerparadies.de\/wp-content\/uploads\/2026\/02\/Brings-Eldorado-Eldorado-300x300.jpeg\" alt=\"\" width=\"70\" height=\"70\" srcset=\"https:\/\/bergers-schlagerparadies.de\/wp-content\/uploads\/2026\/02\/Brings-Eldorado-Eldorado-300x300.jpeg 300w, https:\/\/bergers-schlagerparadies.de\/wp-content\/uploads\/2026\/02\/Brings-Eldorado-Eldorado-1024x1024.jpeg 1024w, https:\/\/bergers-schlagerparadies.de\/wp-content\/uploads\/2026\/02\/Brings-Eldorado-Eldorado-150x150.jpeg 150w, https:\/\/bergers-schlagerparadies.de\/wp-content\/uploads\/2026\/02\/Brings-Eldorado-Eldorado-768x768.jpeg 768w, https:\/\/bergers-schlagerparadies.de\/wp-content\/uploads\/2026\/02\/Brings-Eldorado-Eldorado-1536x1536.jpeg 1536w, https:\/\/bergers-schlagerparadies.de\/wp-content\/uploads\/2026\/02\/Brings-Eldorado-Eldorado-2048x2048.jpeg 2048w, https:\/\/bergers-schlagerparadies.de\/wp-content\/uploads\/2026\/02\/Brings-Eldorado-Eldorado-1200x1200.jpeg 1200w, https:\/\/bergers-schlagerparadies.de\/wp-content\/uploads\/2026\/02\/Brings-Eldorado-Eldorado-1188x1188.jpeg 1188w, https:\/\/bergers-schlagerparadies.de\/wp-content\/uploads\/2026\/02\/Brings-Eldorado-Eldorado-100x100.jpeg 100w\" sizes=\"auto, (max-width: 70px) 100vw, 70px\" \/>\u00a0 Brings<\/span>, <span style=\"color: #800000;\">Eldorado<\/span> &#8211; Eldorado ( <span style=\"color: #800000;\">Madizin Music<\/span>\/<span style=\"color: #800000;\">Believe<\/span>\u00a0)<\/strong><\/li>\n<li><strong><img loading=\"lazy\" decoding=\"async\" class=\"alignnone wp-image-41551\" src=\"https:\/\/bergers-schlagerparadies.de\/wp-content\/uploads\/2026\/02\/Daniel-Johnson-Nie-mehr-ohne-Dich-300x300.jpeg\" alt=\"\" width=\"70\" height=\"70\" srcset=\"https:\/\/bergers-schlagerparadies.de\/wp-content\/uploads\/2026\/02\/Daniel-Johnson-Nie-mehr-ohne-Dich-300x300.jpeg 300w, https:\/\/bergers-schlagerparadies.de\/wp-content\/uploads\/2026\/02\/Daniel-Johnson-Nie-mehr-ohne-Dich-1024x1024.jpeg 1024w, https:\/\/bergers-schlagerparadies.de\/wp-content\/uploads\/2026\/02\/Daniel-Johnson-Nie-mehr-ohne-Dich-150x150.jpeg 150w, https:\/\/bergers-schlagerparadies.de\/wp-content\/uploads\/2026\/02\/Daniel-Johnson-Nie-mehr-ohne-Dich-768x768.jpeg 768w, https:\/\/bergers-schlagerparadies.de\/wp-content\/uploads\/2026\/02\/Daniel-Johnson-Nie-mehr-ohne-Dich-1188x1188.jpeg 1188w, https:\/\/bergers-schlagerparadies.de\/wp-content\/uploads\/2026\/02\/Daniel-Johnson-Nie-mehr-ohne-Dich-100x100.jpeg 100w, https:\/\/bergers-schlagerparadies.de\/wp-content\/uploads\/2026\/02\/Daniel-Johnson-Nie-mehr-ohne-Dich.jpeg 1200w\" sizes=\"auto, (max-width: 70px) 100vw, 70px\" \/>\u00a0 <span style=\"color: #800000;\">Daniel Johnson<\/span> &#8211; Nie mehr ohne Dich ( <span style=\"color: #800000;\">DA Records<\/span>\u00a0)<\/strong><\/li>\n<li><strong><span style=\"color: #800000;\"><img loading=\"lazy\" decoding=\"async\" class=\"alignnone wp-image-41667\" src=\"https:\/\/bergers-schlagerparadies.de\/wp-content\/uploads\/2026\/02\/Danilo-Murano-Solo-Noi-300x300.jpg\" alt=\"\" width=\"70\" height=\"70\" srcset=\"https:\/\/bergers-schlagerparadies.de\/wp-content\/uploads\/2026\/02\/Danilo-Murano-Solo-Noi-300x300.jpg 300w, https:\/\/bergers-schlagerparadies.de\/wp-content\/uploads\/2026\/02\/Danilo-Murano-Solo-Noi-1024x1024.jpg 1024w, https:\/\/bergers-schlagerparadies.de\/wp-content\/uploads\/2026\/02\/Danilo-Murano-Solo-Noi-150x150.jpg 150w, https:\/\/bergers-schlagerparadies.de\/wp-content\/uploads\/2026\/02\/Danilo-Murano-Solo-Noi-768x768.jpg 768w, https:\/\/bergers-schlagerparadies.de\/wp-content\/uploads\/2026\/02\/Danilo-Murano-Solo-Noi-1536x1536.jpg 1536w, https:\/\/bergers-schlagerparadies.de\/wp-content\/uploads\/2026\/02\/Danilo-Murano-Solo-Noi-2048x2048.jpg 2048w, https:\/\/bergers-schlagerparadies.de\/wp-content\/uploads\/2026\/02\/Danilo-Murano-Solo-Noi-1200x1200.jpg 1200w, https:\/\/bergers-schlagerparadies.de\/wp-content\/uploads\/2026\/02\/Danilo-Murano-Solo-Noi-1188x1188.jpg 1188w, https:\/\/bergers-schlagerparadies.de\/wp-content\/uploads\/2026\/02\/Danilo-Murano-Solo-Noi-100x100.jpg 100w\" sizes=\"auto, (max-width: 70px) 100vw, 70px\" \/>\u00a0 Danilo Murano<\/span> &#8211; Solo Noi ( <span style=\"color: #800000;\">Fiesta Records<\/span> )<\/strong><\/li>\n<li><strong><span style=\"color: #800000;\"><img loading=\"lazy\" decoding=\"async\" class=\"alignnone wp-image-41686\" src=\"https:\/\/bergers-schlagerparadies.de\/wp-content\/uploads\/2026\/02\/Dirndlpunk-Party-Hitmix-300x300.jpg\" alt=\"\" width=\"70\" height=\"70\" srcset=\"https:\/\/bergers-schlagerparadies.de\/wp-content\/uploads\/2026\/02\/Dirndlpunk-Party-Hitmix-300x300.jpg 300w, https:\/\/bergers-schlagerparadies.de\/wp-content\/uploads\/2026\/02\/Dirndlpunk-Party-Hitmix-1024x1024.jpg 1024w, https:\/\/bergers-schlagerparadies.de\/wp-content\/uploads\/2026\/02\/Dirndlpunk-Party-Hitmix-150x150.jpg 150w, https:\/\/bergers-schlagerparadies.de\/wp-content\/uploads\/2026\/02\/Dirndlpunk-Party-Hitmix-768x768.jpg 768w, https:\/\/bergers-schlagerparadies.de\/wp-content\/uploads\/2026\/02\/Dirndlpunk-Party-Hitmix-1536x1536.jpg 1536w, https:\/\/bergers-schlagerparadies.de\/wp-content\/uploads\/2026\/02\/Dirndlpunk-Party-Hitmix-2048x2048.jpg 2048w, https:\/\/bergers-schlagerparadies.de\/wp-content\/uploads\/2026\/02\/Dirndlpunk-Party-Hitmix-1200x1200.jpg 1200w, https:\/\/bergers-schlagerparadies.de\/wp-content\/uploads\/2026\/02\/Dirndlpunk-Party-Hitmix-1188x1188.jpg 1188w, https:\/\/bergers-schlagerparadies.de\/wp-content\/uploads\/2026\/02\/Dirndlpunk-Party-Hitmix-100x100.jpg 100w\" sizes=\"auto, (max-width: 70px) 100vw, 70px\" \/>\u00a0 Dirndlpunk<\/span> &#8211; Party Hitmix ( <span style=\"color: #800000;\">Fiesta Records<\/span> )<\/strong><\/li>\n<li><strong><span style=\"color: #800000;\"><img loading=\"lazy\" decoding=\"async\" class=\"alignnone wp-image-41493\" src=\"https:\/\/bergers-schlagerparadies.de\/wp-content\/uploads\/2026\/02\/Dirk-Leandro-Der-Mann-der-nie-mit-dir-schlaeft-300x300.jpeg\" alt=\"\" width=\"70\" height=\"70\" srcset=\"https:\/\/bergers-schlagerparadies.de\/wp-content\/uploads\/2026\/02\/Dirk-Leandro-Der-Mann-der-nie-mit-dir-schlaeft-300x300.jpeg 300w, https:\/\/bergers-schlagerparadies.de\/wp-content\/uploads\/2026\/02\/Dirk-Leandro-Der-Mann-der-nie-mit-dir-schlaeft-1024x1024.jpeg 1024w, https:\/\/bergers-schlagerparadies.de\/wp-content\/uploads\/2026\/02\/Dirk-Leandro-Der-Mann-der-nie-mit-dir-schlaeft-150x150.jpeg 150w, https:\/\/bergers-schlagerparadies.de\/wp-content\/uploads\/2026\/02\/Dirk-Leandro-Der-Mann-der-nie-mit-dir-schlaeft-768x768.jpeg 768w, https:\/\/bergers-schlagerparadies.de\/wp-content\/uploads\/2026\/02\/Dirk-Leandro-Der-Mann-der-nie-mit-dir-schlaeft-1536x1536.jpeg 1536w, https:\/\/bergers-schlagerparadies.de\/wp-content\/uploads\/2026\/02\/Dirk-Leandro-Der-Mann-der-nie-mit-dir-schlaeft-2048x2048.jpeg 2048w, https:\/\/bergers-schlagerparadies.de\/wp-content\/uploads\/2026\/02\/Dirk-Leandro-Der-Mann-der-nie-mit-dir-schlaeft-1200x1200.jpeg 1200w, https:\/\/bergers-schlagerparadies.de\/wp-content\/uploads\/2026\/02\/Dirk-Leandro-Der-Mann-der-nie-mit-dir-schlaeft-1188x1188.jpeg 1188w, https:\/\/bergers-schlagerparadies.de\/wp-content\/uploads\/2026\/02\/Dirk-Leandro-Der-Mann-der-nie-mit-dir-schlaeft-100x100.jpeg 100w\" sizes=\"auto, (max-width: 70px) 100vw, 70px\" \/>\u00a0 Dirk Leandro<\/span> &#8211; Der Mann der nie mit dir schl\u00e4ft ( <span style=\"color: #800000;\">POLYROLA<\/span>\u00a0)<\/strong><\/li>\n<li><strong><span style=\"color: #800000;\"><img loading=\"lazy\" decoding=\"async\" class=\"alignnone wp-image-41314\" src=\"https:\/\/bergers-schlagerparadies.de\/wp-content\/uploads\/2026\/02\/DJ-Ostkurve-feat-Pia-Vanelly-Wir-hoeren-was-wir-wollen-300x300.jpeg\" alt=\"\" width=\"69\" height=\"69\" srcset=\"https:\/\/bergers-schlagerparadies.de\/wp-content\/uploads\/2026\/02\/DJ-Ostkurve-feat-Pia-Vanelly-Wir-hoeren-was-wir-wollen-300x300.jpeg 300w, https:\/\/bergers-schlagerparadies.de\/wp-content\/uploads\/2026\/02\/DJ-Ostkurve-feat-Pia-Vanelly-Wir-hoeren-was-wir-wollen-1024x1024.jpeg 1024w, https:\/\/bergers-schlagerparadies.de\/wp-content\/uploads\/2026\/02\/DJ-Ostkurve-feat-Pia-Vanelly-Wir-hoeren-was-wir-wollen-150x150.jpeg 150w, https:\/\/bergers-schlagerparadies.de\/wp-content\/uploads\/2026\/02\/DJ-Ostkurve-feat-Pia-Vanelly-Wir-hoeren-was-wir-wollen-768x768.jpeg 768w, https:\/\/bergers-schlagerparadies.de\/wp-content\/uploads\/2026\/02\/DJ-Ostkurve-feat-Pia-Vanelly-Wir-hoeren-was-wir-wollen-1536x1536.jpeg 1536w, https:\/\/bergers-schlagerparadies.de\/wp-content\/uploads\/2026\/02\/DJ-Ostkurve-feat-Pia-Vanelly-Wir-hoeren-was-wir-wollen-2048x2048.jpeg 2048w, https:\/\/bergers-schlagerparadies.de\/wp-content\/uploads\/2026\/02\/DJ-Ostkurve-feat-Pia-Vanelly-Wir-hoeren-was-wir-wollen-1200x1200.jpeg 1200w, https:\/\/bergers-schlagerparadies.de\/wp-content\/uploads\/2026\/02\/DJ-Ostkurve-feat-Pia-Vanelly-Wir-hoeren-was-wir-wollen-1188x1188.jpeg 1188w, https:\/\/bergers-schlagerparadies.de\/wp-content\/uploads\/2026\/02\/DJ-Ostkurve-feat-Pia-Vanelly-Wir-hoeren-was-wir-wollen-100x100.jpeg 100w\" sizes=\"auto, (max-width: 69px) 100vw, 69px\" \/>\u00a0 DJ Ostkurve<\/span> feat <span style=\"color: #800000;\">Pia Vanelly<\/span> &#8211; Wir h\u00f6ren was wir wollen ( <span style=\"color: #800000;\">B46 Records<\/span>\u00a0)<\/strong><\/li>\n<li><strong><span style=\"color: #800000;\"><img loading=\"lazy\" decoding=\"async\" class=\"alignnone wp-image-41678\" src=\"https:\/\/bergers-schlagerparadies.de\/wp-content\/uploads\/2026\/02\/FALCEAS-feat.-Carmen-Happy-Birthday-Falco-300x300.jpeg\" alt=\"\" width=\"70\" height=\"70\" srcset=\"https:\/\/bergers-schlagerparadies.de\/wp-content\/uploads\/2026\/02\/FALCEAS-feat.-Carmen-Happy-Birthday-Falco-300x300.jpeg 300w, https:\/\/bergers-schlagerparadies.de\/wp-content\/uploads\/2026\/02\/FALCEAS-feat.-Carmen-Happy-Birthday-Falco-1024x1024.jpeg 1024w, https:\/\/bergers-schlagerparadies.de\/wp-content\/uploads\/2026\/02\/FALCEAS-feat.-Carmen-Happy-Birthday-Falco-150x150.jpeg 150w, https:\/\/bergers-schlagerparadies.de\/wp-content\/uploads\/2026\/02\/FALCEAS-feat.-Carmen-Happy-Birthday-Falco-768x768.jpeg 768w, https:\/\/bergers-schlagerparadies.de\/wp-content\/uploads\/2026\/02\/FALCEAS-feat.-Carmen-Happy-Birthday-Falco-1536x1536.jpeg 1536w, https:\/\/bergers-schlagerparadies.de\/wp-content\/uploads\/2026\/02\/FALCEAS-feat.-Carmen-Happy-Birthday-Falco-2048x2048.jpeg 2048w, https:\/\/bergers-schlagerparadies.de\/wp-content\/uploads\/2026\/02\/FALCEAS-feat.-Carmen-Happy-Birthday-Falco-1200x1200.jpeg 1200w, https:\/\/bergers-schlagerparadies.de\/wp-content\/uploads\/2026\/02\/FALCEAS-feat.-Carmen-Happy-Birthday-Falco-1188x1188.jpeg 1188w, https:\/\/bergers-schlagerparadies.de\/wp-content\/uploads\/2026\/02\/FALCEAS-feat.-Carmen-Happy-Birthday-Falco-100x100.jpeg 100w\" sizes=\"auto, (max-width: 70px) 100vw, 70px\" \/>\u00a0 FALCEAS<\/span> feat. <span style=\"color: #800000;\">Carmen<\/span> &#8211; Happy Birthday, Falco ( <span style=\"color: #800000;\">Kosmata<\/span>\u00a0)<\/strong><\/li>\n<li><strong><span style=\"color: #800000;\"><img loading=\"lazy\" decoding=\"async\" class=\"alignnone wp-image-41746\" src=\"https:\/\/bergers-schlagerparadies.de\/wp-content\/uploads\/2026\/02\/Frank-Lukas-Vollidiot-300x300.jpeg\" alt=\"\" width=\"70\" height=\"70\" srcset=\"https:\/\/bergers-schlagerparadies.de\/wp-content\/uploads\/2026\/02\/Frank-Lukas-Vollidiot-300x300.jpeg 300w, https:\/\/bergers-schlagerparadies.de\/wp-content\/uploads\/2026\/02\/Frank-Lukas-Vollidiot-1024x1024.jpeg 1024w, https:\/\/bergers-schlagerparadies.de\/wp-content\/uploads\/2026\/02\/Frank-Lukas-Vollidiot-150x150.jpeg 150w, https:\/\/bergers-schlagerparadies.de\/wp-content\/uploads\/2026\/02\/Frank-Lukas-Vollidiot-768x768.jpeg 768w, https:\/\/bergers-schlagerparadies.de\/wp-content\/uploads\/2026\/02\/Frank-Lukas-Vollidiot-1188x1188.jpeg 1188w, https:\/\/bergers-schlagerparadies.de\/wp-content\/uploads\/2026\/02\/Frank-Lukas-Vollidiot-100x100.jpeg 100w, https:\/\/bergers-schlagerparadies.de\/wp-content\/uploads\/2026\/02\/Frank-Lukas-Vollidiot.jpeg 1200w\" sizes=\"auto, (max-width: 70px) 100vw, 70px\" \/>\u00a0 Frank Lukas<\/span> &#8211; Vollidiot ( <span style=\"color: #800000;\">Meisel Music<\/span>\u00a0)<\/strong><\/li>\n<li><strong><span style=\"color: #800000;\"><img loading=\"lazy\" decoding=\"async\" class=\"alignnone wp-image-41762\" src=\"https:\/\/bergers-schlagerparadies.de\/wp-content\/uploads\/2026\/02\/Janina-Beck-Jede-Nacht-werden-Traeume-geboren-300x300.jpeg\" alt=\"\" width=\"70\" height=\"70\" srcset=\"https:\/\/bergers-schlagerparadies.de\/wp-content\/uploads\/2026\/02\/Janina-Beck-Jede-Nacht-werden-Traeume-geboren-300x300.jpeg 300w, https:\/\/bergers-schlagerparadies.de\/wp-content\/uploads\/2026\/02\/Janina-Beck-Jede-Nacht-werden-Traeume-geboren-1024x1024.jpeg 1024w, https:\/\/bergers-schlagerparadies.de\/wp-content\/uploads\/2026\/02\/Janina-Beck-Jede-Nacht-werden-Traeume-geboren-150x150.jpeg 150w, https:\/\/bergers-schlagerparadies.de\/wp-content\/uploads\/2026\/02\/Janina-Beck-Jede-Nacht-werden-Traeume-geboren-768x768.jpeg 768w, https:\/\/bergers-schlagerparadies.de\/wp-content\/uploads\/2026\/02\/Janina-Beck-Jede-Nacht-werden-Traeume-geboren-1200x1200.jpeg 1200w, https:\/\/bergers-schlagerparadies.de\/wp-content\/uploads\/2026\/02\/Janina-Beck-Jede-Nacht-werden-Traeume-geboren-1188x1188.jpeg 1188w, https:\/\/bergers-schlagerparadies.de\/wp-content\/uploads\/2026\/02\/Janina-Beck-Jede-Nacht-werden-Traeume-geboren-100x100.jpeg 100w, https:\/\/bergers-schlagerparadies.de\/wp-content\/uploads\/2026\/02\/Janina-Beck-Jede-Nacht-werden-Traeume-geboren.jpeg 1440w\" sizes=\"auto, (max-width: 70px) 100vw, 70px\" \/>\u00a0 Janina Beck<\/span> &#8211; Jede Nacht werden Tr\u00e4ume geboren ( <span style=\"color: #800000;\">NIGHTPULSE RECORDS<\/span>\u00a0)<\/strong><\/li>\n<li><strong><img loading=\"lazy\" decoding=\"async\" class=\"alignnone wp-image-41555\" src=\"https:\/\/bergers-schlagerparadies.de\/wp-content\/uploads\/2026\/02\/Julia-Meinzer-Los-geht\u00b4s-300x300.jpeg\" alt=\"\" width=\"70\" height=\"70\" srcset=\"https:\/\/bergers-schlagerparadies.de\/wp-content\/uploads\/2026\/02\/Julia-Meinzer-Los-geht\u00b4s-300x300.jpeg 300w, https:\/\/bergers-schlagerparadies.de\/wp-content\/uploads\/2026\/02\/Julia-Meinzer-Los-geht\u00b4s-1024x1024.jpeg 1024w, https:\/\/bergers-schlagerparadies.de\/wp-content\/uploads\/2026\/02\/Julia-Meinzer-Los-geht\u00b4s-150x150.jpeg 150w, https:\/\/bergers-schlagerparadies.de\/wp-content\/uploads\/2026\/02\/Julia-Meinzer-Los-geht\u00b4s-768x768.jpeg 768w, https:\/\/bergers-schlagerparadies.de\/wp-content\/uploads\/2026\/02\/Julia-Meinzer-Los-geht\u00b4s-1536x1536.jpeg 1536w, https:\/\/bergers-schlagerparadies.de\/wp-content\/uploads\/2026\/02\/Julia-Meinzer-Los-geht\u00b4s-2048x2048.jpeg 2048w, https:\/\/bergers-schlagerparadies.de\/wp-content\/uploads\/2026\/02\/Julia-Meinzer-Los-geht\u00b4s-1200x1200.jpeg 1200w, https:\/\/bergers-schlagerparadies.de\/wp-content\/uploads\/2026\/02\/Julia-Meinzer-Los-geht\u00b4s-1188x1188.jpeg 1188w, https:\/\/bergers-schlagerparadies.de\/wp-content\/uploads\/2026\/02\/Julia-Meinzer-Los-geht\u00b4s-100x100.jpeg 100w\" sizes=\"auto, (max-width: 70px) 100vw, 70px\" \/>\u00a0 <span style=\"color: #800000;\">Julia Meinzer<\/span> &#8211; Los geht\u00b4s ( <span style=\"color: #800000;\">Herz7<\/span> )<\/strong><\/li>\n<li><strong><img loading=\"lazy\" decoding=\"async\" class=\"alignnone wp-image-41559\" src=\"https:\/\/bergers-schlagerparadies.de\/wp-content\/uploads\/2026\/02\/Kerstin-Colien-Warum-300x300.jpeg\" alt=\"\" width=\"70\" height=\"70\" srcset=\"https:\/\/bergers-schlagerparadies.de\/wp-content\/uploads\/2026\/02\/Kerstin-Colien-Warum-300x300.jpeg 300w, https:\/\/bergers-schlagerparadies.de\/wp-content\/uploads\/2026\/02\/Kerstin-Colien-Warum-1024x1024.jpeg 1024w, https:\/\/bergers-schlagerparadies.de\/wp-content\/uploads\/2026\/02\/Kerstin-Colien-Warum-150x150.jpeg 150w, https:\/\/bergers-schlagerparadies.de\/wp-content\/uploads\/2026\/02\/Kerstin-Colien-Warum-768x768.jpeg 768w, https:\/\/bergers-schlagerparadies.de\/wp-content\/uploads\/2026\/02\/Kerstin-Colien-Warum-1536x1536.jpeg 1536w, https:\/\/bergers-schlagerparadies.de\/wp-content\/uploads\/2026\/02\/Kerstin-Colien-Warum-2048x2048.jpeg 2048w, https:\/\/bergers-schlagerparadies.de\/wp-content\/uploads\/2026\/02\/Kerstin-Colien-Warum-1200x1200.jpeg 1200w, https:\/\/bergers-schlagerparadies.de\/wp-content\/uploads\/2026\/02\/Kerstin-Colien-Warum-1188x1188.jpeg 1188w, https:\/\/bergers-schlagerparadies.de\/wp-content\/uploads\/2026\/02\/Kerstin-Colien-Warum-100x100.jpeg 100w\" sizes=\"auto, (max-width: 70px) 100vw, 70px\" \/>\u00a0 <span style=\"color: #800000;\">Kerstin Colien<\/span> &#8211; Warum ( <span style=\"color: #800000;\">Fiesta Records<\/span> )<\/strong><\/li>\n<li><strong><img loading=\"lazy\" decoding=\"async\" class=\"alignnone wp-image-41711\" src=\"https:\/\/bergers-schlagerparadies.de\/wp-content\/uploads\/2026\/02\/Manuel-Mascha-Meine-wilden-Jahre-300x300.jpeg\" alt=\"\" width=\"70\" height=\"70\" srcset=\"https:\/\/bergers-schlagerparadies.de\/wp-content\/uploads\/2026\/02\/Manuel-Mascha-Meine-wilden-Jahre-300x300.jpeg 300w, https:\/\/bergers-schlagerparadies.de\/wp-content\/uploads\/2026\/02\/Manuel-Mascha-Meine-wilden-Jahre-1024x1024.jpeg 1024w, https:\/\/bergers-schlagerparadies.de\/wp-content\/uploads\/2026\/02\/Manuel-Mascha-Meine-wilden-Jahre-150x150.jpeg 150w, https:\/\/bergers-schlagerparadies.de\/wp-content\/uploads\/2026\/02\/Manuel-Mascha-Meine-wilden-Jahre-768x768.jpeg 768w, https:\/\/bergers-schlagerparadies.de\/wp-content\/uploads\/2026\/02\/Manuel-Mascha-Meine-wilden-Jahre-1536x1536.jpeg 1536w, https:\/\/bergers-schlagerparadies.de\/wp-content\/uploads\/2026\/02\/Manuel-Mascha-Meine-wilden-Jahre-2048x2048.jpeg 2048w, https:\/\/bergers-schlagerparadies.de\/wp-content\/uploads\/2026\/02\/Manuel-Mascha-Meine-wilden-Jahre-1200x1200.jpeg 1200w, https:\/\/bergers-schlagerparadies.de\/wp-content\/uploads\/2026\/02\/Manuel-Mascha-Meine-wilden-Jahre-1188x1188.jpeg 1188w, https:\/\/bergers-schlagerparadies.de\/wp-content\/uploads\/2026\/02\/Manuel-Mascha-Meine-wilden-Jahre-100x100.jpeg 100w\" sizes=\"auto, (max-width: 70px) 100vw, 70px\" \/>\u00a0 <span style=\"color: #800000;\">Manuel Mascha<\/span> &#8211; Meine wilden Jahre (<span style=\"color: #800000;\"> MOLAMIO <\/span>)<\/strong><\/li>\n<li><strong><span style=\"color: #800000;\"><img loading=\"lazy\" decoding=\"async\" class=\"alignnone wp-image-41690\" src=\"https:\/\/bergers-schlagerparadies.de\/wp-content\/uploads\/2026\/02\/Mario-Maxim-Ich-weine-keine-Traene-Murano-Dance-Mix-300x300.jpg\" alt=\"\" width=\"70\" height=\"70\" srcset=\"https:\/\/bergers-schlagerparadies.de\/wp-content\/uploads\/2026\/02\/Mario-Maxim-Ich-weine-keine-Traene-Murano-Dance-Mix-300x300.jpg 300w, https:\/\/bergers-schlagerparadies.de\/wp-content\/uploads\/2026\/02\/Mario-Maxim-Ich-weine-keine-Traene-Murano-Dance-Mix-1024x1024.jpg 1024w, https:\/\/bergers-schlagerparadies.de\/wp-content\/uploads\/2026\/02\/Mario-Maxim-Ich-weine-keine-Traene-Murano-Dance-Mix-150x150.jpg 150w, https:\/\/bergers-schlagerparadies.de\/wp-content\/uploads\/2026\/02\/Mario-Maxim-Ich-weine-keine-Traene-Murano-Dance-Mix-768x768.jpg 768w, https:\/\/bergers-schlagerparadies.de\/wp-content\/uploads\/2026\/02\/Mario-Maxim-Ich-weine-keine-Traene-Murano-Dance-Mix-1536x1536.jpg 1536w, https:\/\/bergers-schlagerparadies.de\/wp-content\/uploads\/2026\/02\/Mario-Maxim-Ich-weine-keine-Traene-Murano-Dance-Mix-2048x2048.jpg 2048w, https:\/\/bergers-schlagerparadies.de\/wp-content\/uploads\/2026\/02\/Mario-Maxim-Ich-weine-keine-Traene-Murano-Dance-Mix-1200x1200.jpg 1200w, https:\/\/bergers-schlagerparadies.de\/wp-content\/uploads\/2026\/02\/Mario-Maxim-Ich-weine-keine-Traene-Murano-Dance-Mix-1188x1188.jpg 1188w, https:\/\/bergers-schlagerparadies.de\/wp-content\/uploads\/2026\/02\/Mario-Maxim-Ich-weine-keine-Traene-Murano-Dance-Mix-100x100.jpg 100w\" sizes=\"auto, (max-width: 70px) 100vw, 70px\" \/>\u00a0 Mario Maxim<\/span> \u2013 Ich weine keine Tr\u00e4ne (Murano Dance Mix) ( <span style=\"color: #800000;\">Fiesta Records<\/span> )<\/strong><\/li>\n<li><strong><span style=\"color: #800000;\"><img loading=\"lazy\" decoding=\"async\" class=\"alignnone wp-image-41751\" src=\"https:\/\/bergers-schlagerparadies.de\/wp-content\/uploads\/2026\/02\/Matthias-Reim-Willkommen-in-meiner-Zukunft-300x300.jpeg\" alt=\"\" width=\"70\" height=\"70\" srcset=\"https:\/\/bergers-schlagerparadies.de\/wp-content\/uploads\/2026\/02\/Matthias-Reim-Willkommen-in-meiner-Zukunft-300x300.jpeg 300w, https:\/\/bergers-schlagerparadies.de\/wp-content\/uploads\/2026\/02\/Matthias-Reim-Willkommen-in-meiner-Zukunft-1024x1024.jpeg 1024w, https:\/\/bergers-schlagerparadies.de\/wp-content\/uploads\/2026\/02\/Matthias-Reim-Willkommen-in-meiner-Zukunft-150x150.jpeg 150w, https:\/\/bergers-schlagerparadies.de\/wp-content\/uploads\/2026\/02\/Matthias-Reim-Willkommen-in-meiner-Zukunft-768x768.jpeg 768w, https:\/\/bergers-schlagerparadies.de\/wp-content\/uploads\/2026\/02\/Matthias-Reim-Willkommen-in-meiner-Zukunft-1188x1188.jpeg 1188w, https:\/\/bergers-schlagerparadies.de\/wp-content\/uploads\/2026\/02\/Matthias-Reim-Willkommen-in-meiner-Zukunft-100x100.jpeg 100w, https:\/\/bergers-schlagerparadies.de\/wp-content\/uploads\/2026\/02\/Matthias-Reim-Willkommen-in-meiner-Zukunft.jpeg 1200w\" sizes=\"auto, (max-width: 70px) 100vw, 70px\" \/>\u00a0 Matthias Reim<\/span> &#8211; Willkommen in meiner Zukunft ( <span style=\"color: #800000;\">SMD\/ Hansa Local<\/span>\u00a0)<\/strong><\/li>\n<li><strong><img loading=\"lazy\" decoding=\"async\" class=\"alignnone wp-image-41563\" src=\"https:\/\/bergers-schlagerparadies.de\/wp-content\/uploads\/2026\/02\/Michael-Egerer-Du-nimmst-mich-wie-ich-bin-300x300.jpeg\" alt=\"\" width=\"70\" height=\"70\" srcset=\"https:\/\/bergers-schlagerparadies.de\/wp-content\/uploads\/2026\/02\/Michael-Egerer-Du-nimmst-mich-wie-ich-bin-300x300.jpeg 300w, https:\/\/bergers-schlagerparadies.de\/wp-content\/uploads\/2026\/02\/Michael-Egerer-Du-nimmst-mich-wie-ich-bin-1024x1024.jpeg 1024w, https:\/\/bergers-schlagerparadies.de\/wp-content\/uploads\/2026\/02\/Michael-Egerer-Du-nimmst-mich-wie-ich-bin-150x150.jpeg 150w, https:\/\/bergers-schlagerparadies.de\/wp-content\/uploads\/2026\/02\/Michael-Egerer-Du-nimmst-mich-wie-ich-bin-768x768.jpeg 768w, https:\/\/bergers-schlagerparadies.de\/wp-content\/uploads\/2026\/02\/Michael-Egerer-Du-nimmst-mich-wie-ich-bin-1536x1536.jpeg 1536w, https:\/\/bergers-schlagerparadies.de\/wp-content\/uploads\/2026\/02\/Michael-Egerer-Du-nimmst-mich-wie-ich-bin-2048x2048.jpeg 2048w, https:\/\/bergers-schlagerparadies.de\/wp-content\/uploads\/2026\/02\/Michael-Egerer-Du-nimmst-mich-wie-ich-bin-1200x1200.jpeg 1200w, https:\/\/bergers-schlagerparadies.de\/wp-content\/uploads\/2026\/02\/Michael-Egerer-Du-nimmst-mich-wie-ich-bin-1188x1188.jpeg 1188w, https:\/\/bergers-schlagerparadies.de\/wp-content\/uploads\/2026\/02\/Michael-Egerer-Du-nimmst-mich-wie-ich-bin-100x100.jpeg 100w\" sizes=\"auto, (max-width: 70px) 100vw, 70px\" \/>\u00a0 <span style=\"color: #800000;\">Michael Egerer<\/span> &#8211; Du nimmst mich wie ich bin ( <span style=\"color: #800000;\">Fiesta Records<\/span> )<\/strong><\/li>\n<li><strong><img loading=\"lazy\" decoding=\"async\" class=\"alignnone wp-image-41567\" src=\"https:\/\/bergers-schlagerparadies.de\/wp-content\/uploads\/2026\/02\/Mike-Bauhaus-Immer-noch-Joleen-300x300.jpeg\" alt=\"\" width=\"70\" height=\"70\" srcset=\"https:\/\/bergers-schlagerparadies.de\/wp-content\/uploads\/2026\/02\/Mike-Bauhaus-Immer-noch-Joleen-300x300.jpeg 300w, https:\/\/bergers-schlagerparadies.de\/wp-content\/uploads\/2026\/02\/Mike-Bauhaus-Immer-noch-Joleen-1024x1024.jpeg 1024w, https:\/\/bergers-schlagerparadies.de\/wp-content\/uploads\/2026\/02\/Mike-Bauhaus-Immer-noch-Joleen-150x150.jpeg 150w, https:\/\/bergers-schlagerparadies.de\/wp-content\/uploads\/2026\/02\/Mike-Bauhaus-Immer-noch-Joleen-768x768.jpeg 768w, https:\/\/bergers-schlagerparadies.de\/wp-content\/uploads\/2026\/02\/Mike-Bauhaus-Immer-noch-Joleen-1536x1536.jpeg 1536w, https:\/\/bergers-schlagerparadies.de\/wp-content\/uploads\/2026\/02\/Mike-Bauhaus-Immer-noch-Joleen-2048x2048.jpeg 2048w, https:\/\/bergers-schlagerparadies.de\/wp-content\/uploads\/2026\/02\/Mike-Bauhaus-Immer-noch-Joleen-1200x1200.jpeg 1200w, https:\/\/bergers-schlagerparadies.de\/wp-content\/uploads\/2026\/02\/Mike-Bauhaus-Immer-noch-Joleen-1188x1188.jpeg 1188w, https:\/\/bergers-schlagerparadies.de\/wp-content\/uploads\/2026\/02\/Mike-Bauhaus-Immer-noch-Joleen-100x100.jpeg 100w\" sizes=\"auto, (max-width: 70px) 100vw, 70px\" \/>\u00a0 <span style=\"color: #800000;\">Mike Bauhaus<\/span> &#8211; Immer noch Joleen ( <span style=\"color: #800000;\">FoxStars Records \/ Fiesta Records<\/span>\u00a0)<\/strong><\/li>\n<li><strong><img loading=\"lazy\" decoding=\"async\" class=\"alignnone wp-image-41571\" src=\"https:\/\/bergers-schlagerparadies.de\/wp-content\/uploads\/2026\/02\/Nino-di-Capri-Mille-Grazie-300x300.jpeg\" alt=\"\" width=\"70\" height=\"70\" srcset=\"https:\/\/bergers-schlagerparadies.de\/wp-content\/uploads\/2026\/02\/Nino-di-Capri-Mille-Grazie-300x300.jpeg 300w, https:\/\/bergers-schlagerparadies.de\/wp-content\/uploads\/2026\/02\/Nino-di-Capri-Mille-Grazie-1024x1024.jpeg 1024w, https:\/\/bergers-schlagerparadies.de\/wp-content\/uploads\/2026\/02\/Nino-di-Capri-Mille-Grazie-150x150.jpeg 150w, https:\/\/bergers-schlagerparadies.de\/wp-content\/uploads\/2026\/02\/Nino-di-Capri-Mille-Grazie-768x768.jpeg 768w, https:\/\/bergers-schlagerparadies.de\/wp-content\/uploads\/2026\/02\/Nino-di-Capri-Mille-Grazie-1536x1536.jpeg 1536w, https:\/\/bergers-schlagerparadies.de\/wp-content\/uploads\/2026\/02\/Nino-di-Capri-Mille-Grazie-2048x2048.jpeg 2048w, https:\/\/bergers-schlagerparadies.de\/wp-content\/uploads\/2026\/02\/Nino-di-Capri-Mille-Grazie-1200x1200.jpeg 1200w, https:\/\/bergers-schlagerparadies.de\/wp-content\/uploads\/2026\/02\/Nino-di-Capri-Mille-Grazie-1188x1188.jpeg 1188w, https:\/\/bergers-schlagerparadies.de\/wp-content\/uploads\/2026\/02\/Nino-di-Capri-Mille-Grazie-100x100.jpeg 100w\" sizes=\"auto, (max-width: 70px) 100vw, 70px\" \/>\u00a0 <span style=\"color: #800000;\">Nino di Capri<\/span> &#8211; Mille Grazie ( <span style=\"color: #800000;\">Fiesta Records<\/span> )<\/strong><\/li>\n<li><strong><span style=\"color: #800000;\"><img loading=\"lazy\" decoding=\"async\" class=\"alignnone wp-image-41755\" src=\"https:\/\/bergers-schlagerparadies.de\/wp-content\/uploads\/2026\/02\/Oliver-Fischer-Dich-zu-lieben-300x300.jpeg\" alt=\"\" width=\"70\" height=\"70\" srcset=\"https:\/\/bergers-schlagerparadies.de\/wp-content\/uploads\/2026\/02\/Oliver-Fischer-Dich-zu-lieben-300x300.jpeg 300w, https:\/\/bergers-schlagerparadies.de\/wp-content\/uploads\/2026\/02\/Oliver-Fischer-Dich-zu-lieben-1024x1024.jpeg 1024w, https:\/\/bergers-schlagerparadies.de\/wp-content\/uploads\/2026\/02\/Oliver-Fischer-Dich-zu-lieben-150x150.jpeg 150w, https:\/\/bergers-schlagerparadies.de\/wp-content\/uploads\/2026\/02\/Oliver-Fischer-Dich-zu-lieben-768x768.jpeg 768w, https:\/\/bergers-schlagerparadies.de\/wp-content\/uploads\/2026\/02\/Oliver-Fischer-Dich-zu-lieben-1188x1188.jpeg 1188w, https:\/\/bergers-schlagerparadies.de\/wp-content\/uploads\/2026\/02\/Oliver-Fischer-Dich-zu-lieben-100x100.jpeg 100w, https:\/\/bergers-schlagerparadies.de\/wp-content\/uploads\/2026\/02\/Oliver-Fischer-Dich-zu-lieben.jpeg 1200w\" sizes=\"auto, (max-width: 70px) 100vw, 70px\" \/>\u00a0 Oliver Fischer<\/span> &#8211; Dich zu lieben<\/strong><\/li>\n<li><strong><span style=\"color: #800000;\"><img loading=\"lazy\" decoding=\"async\" class=\"alignnone wp-image-41648\" src=\"https:\/\/bergers-schlagerparadies.de\/wp-content\/uploads\/2026\/02\/Philipp-Kaiser-Leben-Lieben-Lachen-300x300.jpg\" alt=\"\" width=\"70\" height=\"70\" srcset=\"https:\/\/bergers-schlagerparadies.de\/wp-content\/uploads\/2026\/02\/Philipp-Kaiser-Leben-Lieben-Lachen-300x300.jpg 300w, https:\/\/bergers-schlagerparadies.de\/wp-content\/uploads\/2026\/02\/Philipp-Kaiser-Leben-Lieben-Lachen-1024x1024.jpg 1024w, https:\/\/bergers-schlagerparadies.de\/wp-content\/uploads\/2026\/02\/Philipp-Kaiser-Leben-Lieben-Lachen-150x150.jpg 150w, https:\/\/bergers-schlagerparadies.de\/wp-content\/uploads\/2026\/02\/Philipp-Kaiser-Leben-Lieben-Lachen-768x768.jpg 768w, https:\/\/bergers-schlagerparadies.de\/wp-content\/uploads\/2026\/02\/Philipp-Kaiser-Leben-Lieben-Lachen-1536x1536.jpg 1536w, https:\/\/bergers-schlagerparadies.de\/wp-content\/uploads\/2026\/02\/Philipp-Kaiser-Leben-Lieben-Lachen-2048x2048.jpg 2048w, https:\/\/bergers-schlagerparadies.de\/wp-content\/uploads\/2026\/02\/Philipp-Kaiser-Leben-Lieben-Lachen-1200x1200.jpg 1200w, https:\/\/bergers-schlagerparadies.de\/wp-content\/uploads\/2026\/02\/Philipp-Kaiser-Leben-Lieben-Lachen-1188x1188.jpg 1188w, https:\/\/bergers-schlagerparadies.de\/wp-content\/uploads\/2026\/02\/Philipp-Kaiser-Leben-Lieben-Lachen-100x100.jpg 100w\" sizes=\"auto, (max-width: 70px) 100vw, 70px\" \/>\u00a0 Philipp Kaiser<\/span> &#8211; Leben Lieben Lachen ( <span style=\"color: #800000;\">Fiesta Records<\/span> )<\/strong><\/li>\n<li><strong><span style=\"color: #800000;\"><img loading=\"lazy\" decoding=\"async\" class=\"alignnone wp-image-41366\" src=\"https:\/\/bergers-schlagerparadies.de\/wp-content\/uploads\/2026\/02\/Seelenverwandt-Herz-zeigt-Richtung-300x300.jpeg\" alt=\"\" width=\"70\" height=\"70\" srcset=\"https:\/\/bergers-schlagerparadies.de\/wp-content\/uploads\/2026\/02\/Seelenverwandt-Herz-zeigt-Richtung-300x300.jpeg 300w, https:\/\/bergers-schlagerparadies.de\/wp-content\/uploads\/2026\/02\/Seelenverwandt-Herz-zeigt-Richtung-1024x1024.jpeg 1024w, https:\/\/bergers-schlagerparadies.de\/wp-content\/uploads\/2026\/02\/Seelenverwandt-Herz-zeigt-Richtung-150x150.jpeg 150w, https:\/\/bergers-schlagerparadies.de\/wp-content\/uploads\/2026\/02\/Seelenverwandt-Herz-zeigt-Richtung-768x768.jpeg 768w, https:\/\/bergers-schlagerparadies.de\/wp-content\/uploads\/2026\/02\/Seelenverwandt-Herz-zeigt-Richtung-1188x1188.jpeg 1188w, https:\/\/bergers-schlagerparadies.de\/wp-content\/uploads\/2026\/02\/Seelenverwandt-Herz-zeigt-Richtung-100x100.jpeg 100w, https:\/\/bergers-schlagerparadies.de\/wp-content\/uploads\/2026\/02\/Seelenverwandt-Herz-zeigt-Richtung.jpeg 1200w\" sizes=\"auto, (max-width: 70px) 100vw, 70px\" \/>\u00a0 Seelenverwandt<\/span> &#8211; Herz zeigt Richtung ( <span style=\"color: #800000;\">Stella Musica<\/span>\u00a0)<\/strong><strong>\u00a0<\/strong><\/li>\n<li><strong><span style=\"color: #800000;\"><img loading=\"lazy\" decoding=\"async\" class=\"alignnone wp-image-41758\" src=\"https:\/\/bergers-schlagerparadies.de\/wp-content\/uploads\/2026\/02\/Silvanas-Wie-kannst-du-mich-verlassen-300x300.jpeg\" alt=\"\" width=\"70\" height=\"70\" srcset=\"https:\/\/bergers-schlagerparadies.de\/wp-content\/uploads\/2026\/02\/Silvanas-Wie-kannst-du-mich-verlassen-300x300.jpeg 300w, https:\/\/bergers-schlagerparadies.de\/wp-content\/uploads\/2026\/02\/Silvanas-Wie-kannst-du-mich-verlassen-1024x1024.jpeg 1024w, https:\/\/bergers-schlagerparadies.de\/wp-content\/uploads\/2026\/02\/Silvanas-Wie-kannst-du-mich-verlassen-150x150.jpeg 150w, https:\/\/bergers-schlagerparadies.de\/wp-content\/uploads\/2026\/02\/Silvanas-Wie-kannst-du-mich-verlassen-768x768.jpeg 768w, https:\/\/bergers-schlagerparadies.de\/wp-content\/uploads\/2026\/02\/Silvanas-Wie-kannst-du-mich-verlassen-1536x1536.jpeg 1536w, https:\/\/bergers-schlagerparadies.de\/wp-content\/uploads\/2026\/02\/Silvanas-Wie-kannst-du-mich-verlassen-2048x2048.jpeg 2048w, https:\/\/bergers-schlagerparadies.de\/wp-content\/uploads\/2026\/02\/Silvanas-Wie-kannst-du-mich-verlassen-1200x1200.jpeg 1200w, https:\/\/bergers-schlagerparadies.de\/wp-content\/uploads\/2026\/02\/Silvanas-Wie-kannst-du-mich-verlassen-1188x1188.jpeg 1188w, https:\/\/bergers-schlagerparadies.de\/wp-content\/uploads\/2026\/02\/Silvanas-Wie-kannst-du-mich-verlassen-100x100.jpeg 100w\" sizes=\"auto, (max-width: 70px) 100vw, 70px\" \/>\u00a0 Silvanas<\/span> &#8211; Wie kannst du mich verlassen ( <span style=\"color: #800000;\">B-exstage Music<\/span>\u00a0)<\/strong><\/li>\n<li><strong><img loading=\"lazy\" decoding=\"async\" class=\"alignnone wp-image-41575\" src=\"https:\/\/bergers-schlagerparadies.de\/wp-content\/uploads\/2026\/02\/Sylvana-Ich-lass-es-zu-300x300.jpeg\" alt=\"\" width=\"70\" height=\"70\" srcset=\"https:\/\/bergers-schlagerparadies.de\/wp-content\/uploads\/2026\/02\/Sylvana-Ich-lass-es-zu-300x300.jpeg 300w, https:\/\/bergers-schlagerparadies.de\/wp-content\/uploads\/2026\/02\/Sylvana-Ich-lass-es-zu-1024x1024.jpeg 1024w, https:\/\/bergers-schlagerparadies.de\/wp-content\/uploads\/2026\/02\/Sylvana-Ich-lass-es-zu-150x150.jpeg 150w, https:\/\/bergers-schlagerparadies.de\/wp-content\/uploads\/2026\/02\/Sylvana-Ich-lass-es-zu-768x768.jpeg 768w, https:\/\/bergers-schlagerparadies.de\/wp-content\/uploads\/2026\/02\/Sylvana-Ich-lass-es-zu-1536x1536.jpeg 1536w, https:\/\/bergers-schlagerparadies.de\/wp-content\/uploads\/2026\/02\/Sylvana-Ich-lass-es-zu-2048x2048.jpeg 2048w, https:\/\/bergers-schlagerparadies.de\/wp-content\/uploads\/2026\/02\/Sylvana-Ich-lass-es-zu-1200x1200.jpeg 1200w, https:\/\/bergers-schlagerparadies.de\/wp-content\/uploads\/2026\/02\/Sylvana-Ich-lass-es-zu-1188x1188.jpeg 1188w, https:\/\/bergers-schlagerparadies.de\/wp-content\/uploads\/2026\/02\/Sylvana-Ich-lass-es-zu-100x100.jpeg 100w\" sizes=\"auto, (max-width: 70px) 100vw, 70px\" \/>\u00a0 Sylvana &#8211; Ich lass es zu ( <span style=\"color: #800000;\">Fiesta Records<\/span> )<\/strong><\/li>\n<\/ul>\n<p><span style=\"font-size: 12pt;\"><strong><em><span style=\"color: #666699;\">Neuvorstellungen<\/span><\/em><em><span style=\"color: #666699;\"> in dieser Woche: mit V\u00d6: <\/span><span style=\"color: #666699;\"><span style=\"color: #800000;\">13<\/span><\/span><span style=\"color: #666699;\"><span style=\"color: #993366; font-size: 14pt;\">. Februar 2026 <\/span>&#8211; 07<\/span><span style=\"color: #808080;\">KW<\/span><\/em><\/strong><\/span><\/p>\n<ul>\n<li><strong><span style=\"color: #800000;\"><img loading=\"lazy\" decoding=\"async\" class=\"alignnone wp-image-41579\" src=\"https:\/\/bergers-schlagerparadies.de\/wp-content\/uploads\/2026\/02\/Alex-Blue-Roulette-of-Love-300x300.jpeg\" alt=\"\" width=\"70\" height=\"70\" srcset=\"https:\/\/bergers-schlagerparadies.de\/wp-content\/uploads\/2026\/02\/Alex-Blue-Roulette-of-Love-300x300.jpeg 300w, https:\/\/bergers-schlagerparadies.de\/wp-content\/uploads\/2026\/02\/Alex-Blue-Roulette-of-Love-1024x1024.jpeg 1024w, https:\/\/bergers-schlagerparadies.de\/wp-content\/uploads\/2026\/02\/Alex-Blue-Roulette-of-Love-150x150.jpeg 150w, https:\/\/bergers-schlagerparadies.de\/wp-content\/uploads\/2026\/02\/Alex-Blue-Roulette-of-Love-768x768.jpeg 768w, https:\/\/bergers-schlagerparadies.de\/wp-content\/uploads\/2026\/02\/Alex-Blue-Roulette-of-Love-1188x1188.jpeg 1188w, https:\/\/bergers-schlagerparadies.de\/wp-content\/uploads\/2026\/02\/Alex-Blue-Roulette-of-Love-100x100.jpeg 100w, https:\/\/bergers-schlagerparadies.de\/wp-content\/uploads\/2026\/02\/Alex-Blue-Roulette-of-Love.jpeg 1200w\" sizes=\"auto, (max-width: 70px) 100vw, 70px\" \/>\u00a0 Alex Blue<\/span> &#8211; Roulette of Love ( <span style=\"color: #800000;\">Team 33 Music S.L.<\/span>\u00a0)<\/strong><\/li>\n<li><strong><span style=\"color: #800000;\"><img loading=\"lazy\" decoding=\"async\" class=\"alignnone wp-image-41437\" src=\"https:\/\/bergers-schlagerparadies.de\/wp-content\/uploads\/2026\/02\/Angelika-Martin-Lovestory-300x300.jpeg\" alt=\"\" width=\"70\" height=\"70\" srcset=\"https:\/\/bergers-schlagerparadies.de\/wp-content\/uploads\/2026\/02\/Angelika-Martin-Lovestory-300x300.jpeg 300w, https:\/\/bergers-schlagerparadies.de\/wp-content\/uploads\/2026\/02\/Angelika-Martin-Lovestory-1024x1024.jpeg 1024w, https:\/\/bergers-schlagerparadies.de\/wp-content\/uploads\/2026\/02\/Angelika-Martin-Lovestory-150x150.jpeg 150w, https:\/\/bergers-schlagerparadies.de\/wp-content\/uploads\/2026\/02\/Angelika-Martin-Lovestory-768x768.jpeg 768w, https:\/\/bergers-schlagerparadies.de\/wp-content\/uploads\/2026\/02\/Angelika-Martin-Lovestory-1188x1188.jpeg 1188w, https:\/\/bergers-schlagerparadies.de\/wp-content\/uploads\/2026\/02\/Angelika-Martin-Lovestory-100x100.jpeg 100w, https:\/\/bergers-schlagerparadies.de\/wp-content\/uploads\/2026\/02\/Angelika-Martin-Lovestory.jpeg 1200w\" sizes=\"auto, (max-width: 70px) 100vw, 70px\" \/>\u00a0 Angelika Martin<\/span> &#8211; Lovestory ( <span style=\"color: #800000;\">Foxdog Music<\/span>\u00a0)<\/strong><\/li>\n<li><strong><img loading=\"lazy\" decoding=\"async\" class=\"alignnone wp-image-41370\" src=\"https:\/\/bergers-schlagerparadies.de\/wp-content\/uploads\/2026\/02\/Arno-Verano-Du-Plus-One-Suenden-der-Nacht-300x300.jpeg\" alt=\"\" width=\"70\" height=\"70\" srcset=\"https:\/\/bergers-schlagerparadies.de\/wp-content\/uploads\/2026\/02\/Arno-Verano-Du-Plus-One-Suenden-der-Nacht-300x300.jpeg 300w, https:\/\/bergers-schlagerparadies.de\/wp-content\/uploads\/2026\/02\/Arno-Verano-Du-Plus-One-Suenden-der-Nacht-1024x1024.jpeg 1024w, https:\/\/bergers-schlagerparadies.de\/wp-content\/uploads\/2026\/02\/Arno-Verano-Du-Plus-One-Suenden-der-Nacht-150x150.jpeg 150w, https:\/\/bergers-schlagerparadies.de\/wp-content\/uploads\/2026\/02\/Arno-Verano-Du-Plus-One-Suenden-der-Nacht-768x768.jpeg 768w, https:\/\/bergers-schlagerparadies.de\/wp-content\/uploads\/2026\/02\/Arno-Verano-Du-Plus-One-Suenden-der-Nacht-1536x1536.jpeg 1536w, https:\/\/bergers-schlagerparadies.de\/wp-content\/uploads\/2026\/02\/Arno-Verano-Du-Plus-One-Suenden-der-Nacht-2048x2048.jpeg 2048w, https:\/\/bergers-schlagerparadies.de\/wp-content\/uploads\/2026\/02\/Arno-Verano-Du-Plus-One-Suenden-der-Nacht-1200x1200.jpeg 1200w, https:\/\/bergers-schlagerparadies.de\/wp-content\/uploads\/2026\/02\/Arno-Verano-Du-Plus-One-Suenden-der-Nacht-1188x1188.jpeg 1188w, https:\/\/bergers-schlagerparadies.de\/wp-content\/uploads\/2026\/02\/Arno-Verano-Du-Plus-One-Suenden-der-Nacht-100x100.jpeg 100w\" sizes=\"auto, (max-width: 70px) 100vw, 70px\" \/>\u00a0 <span style=\"color: #800000;\">Arno Verano<\/span> &#8211; Du Plus One &#8211; S\u00fcnden der Nacht ( <span style=\"color: #800000;\">Fiesta Records<\/span> )<\/strong><\/li>\n<li><strong><span style=\"color: #800000;\"><img loading=\"lazy\" decoding=\"async\" class=\"alignnone wp-image-41609\" src=\"https:\/\/bergers-schlagerparadies.de\/wp-content\/uploads\/2026\/02\/Austria-Pur-Band-Mei-Frau-Die-Beste-auf-der-Welt-300x300.jpg\" alt=\"\" width=\"70\" height=\"70\" srcset=\"https:\/\/bergers-schlagerparadies.de\/wp-content\/uploads\/2026\/02\/Austria-Pur-Band-Mei-Frau-Die-Beste-auf-der-Welt-300x300.jpg 300w, https:\/\/bergers-schlagerparadies.de\/wp-content\/uploads\/2026\/02\/Austria-Pur-Band-Mei-Frau-Die-Beste-auf-der-Welt-1024x1024.jpg 1024w, https:\/\/bergers-schlagerparadies.de\/wp-content\/uploads\/2026\/02\/Austria-Pur-Band-Mei-Frau-Die-Beste-auf-der-Welt-150x150.jpg 150w, https:\/\/bergers-schlagerparadies.de\/wp-content\/uploads\/2026\/02\/Austria-Pur-Band-Mei-Frau-Die-Beste-auf-der-Welt-768x768.jpg 768w, https:\/\/bergers-schlagerparadies.de\/wp-content\/uploads\/2026\/02\/Austria-Pur-Band-Mei-Frau-Die-Beste-auf-der-Welt-1536x1536.jpg 1536w, https:\/\/bergers-schlagerparadies.de\/wp-content\/uploads\/2026\/02\/Austria-Pur-Band-Mei-Frau-Die-Beste-auf-der-Welt-2048x2048.jpg 2048w, https:\/\/bergers-schlagerparadies.de\/wp-content\/uploads\/2026\/02\/Austria-Pur-Band-Mei-Frau-Die-Beste-auf-der-Welt-1200x1200.jpg 1200w, https:\/\/bergers-schlagerparadies.de\/wp-content\/uploads\/2026\/02\/Austria-Pur-Band-Mei-Frau-Die-Beste-auf-der-Welt-1188x1188.jpg 1188w, https:\/\/bergers-schlagerparadies.de\/wp-content\/uploads\/2026\/02\/Austria-Pur-Band-Mei-Frau-Die-Beste-auf-der-Welt-100x100.jpg 100w\" sizes=\"auto, (max-width: 70px) 100vw, 70px\" \/>\u00a0 Austria Pur Band<\/span> &#8211; Mei Frau (Die Beste auf der Welt) ( <span style=\"color: #800000;\">Fiesta Records<\/span> )( <span style=\"color: #800000;\">Herzrausch Musik<\/span>\u00a0)<\/strong><\/li>\n<li><strong><span style=\"color: #800000;\"><img loading=\"lazy\" decoding=\"async\" class=\"alignnone wp-image-41616\" src=\"https:\/\/bergers-schlagerparadies.de\/wp-content\/uploads\/2026\/02\/Ca-Panna-Nur-fuer-Dich-300x300.jpg\" alt=\"\" width=\"70\" height=\"70\" srcset=\"https:\/\/bergers-schlagerparadies.de\/wp-content\/uploads\/2026\/02\/Ca-Panna-Nur-fuer-Dich-300x300.jpg 300w, https:\/\/bergers-schlagerparadies.de\/wp-content\/uploads\/2026\/02\/Ca-Panna-Nur-fuer-Dich-1024x1024.jpg 1024w, https:\/\/bergers-schlagerparadies.de\/wp-content\/uploads\/2026\/02\/Ca-Panna-Nur-fuer-Dich-150x150.jpg 150w, https:\/\/bergers-schlagerparadies.de\/wp-content\/uploads\/2026\/02\/Ca-Panna-Nur-fuer-Dich-768x768.jpg 768w, https:\/\/bergers-schlagerparadies.de\/wp-content\/uploads\/2026\/02\/Ca-Panna-Nur-fuer-Dich-1536x1536.jpg 1536w, https:\/\/bergers-schlagerparadies.de\/wp-content\/uploads\/2026\/02\/Ca-Panna-Nur-fuer-Dich-2048x2048.jpg 2048w, https:\/\/bergers-schlagerparadies.de\/wp-content\/uploads\/2026\/02\/Ca-Panna-Nur-fuer-Dich-1200x1200.jpg 1200w, https:\/\/bergers-schlagerparadies.de\/wp-content\/uploads\/2026\/02\/Ca-Panna-Nur-fuer-Dich-1188x1188.jpg 1188w, https:\/\/bergers-schlagerparadies.de\/wp-content\/uploads\/2026\/02\/Ca-Panna-Nur-fuer-Dich-100x100.jpg 100w\" sizes=\"auto, (max-width: 70px) 100vw, 70px\" \/>\u00a0 Ca Panna<\/span> &#8211; Nur f\u00fcr Dich ( <span style=\"color: #800000;\">Fiesta Records<\/span> )<\/strong><\/li>\n<li><strong><span style=\"color: #800000;\"><img loading=\"lazy\" decoding=\"async\" class=\"alignnone wp-image-41463\" src=\"https:\/\/bergers-schlagerparadies.de\/wp-content\/uploads\/2026\/02\/Damiano-Maiolini-Du-bist-toll-Akustikversion-300x300.jpg\" alt=\"\" width=\"70\" height=\"70\" srcset=\"https:\/\/bergers-schlagerparadies.de\/wp-content\/uploads\/2026\/02\/Damiano-Maiolini-Du-bist-toll-Akustikversion-300x300.jpg 300w, https:\/\/bergers-schlagerparadies.de\/wp-content\/uploads\/2026\/02\/Damiano-Maiolini-Du-bist-toll-Akustikversion-1024x1024.jpg 1024w, https:\/\/bergers-schlagerparadies.de\/wp-content\/uploads\/2026\/02\/Damiano-Maiolini-Du-bist-toll-Akustikversion-150x150.jpg 150w, https:\/\/bergers-schlagerparadies.de\/wp-content\/uploads\/2026\/02\/Damiano-Maiolini-Du-bist-toll-Akustikversion-768x768.jpg 768w, https:\/\/bergers-schlagerparadies.de\/wp-content\/uploads\/2026\/02\/Damiano-Maiolini-Du-bist-toll-Akustikversion-1536x1536.jpg 1536w, https:\/\/bergers-schlagerparadies.de\/wp-content\/uploads\/2026\/02\/Damiano-Maiolini-Du-bist-toll-Akustikversion-2048x2048.jpg 2048w, https:\/\/bergers-schlagerparadies.de\/wp-content\/uploads\/2026\/02\/Damiano-Maiolini-Du-bist-toll-Akustikversion-1200x1200.jpg 1200w, https:\/\/bergers-schlagerparadies.de\/wp-content\/uploads\/2026\/02\/Damiano-Maiolini-Du-bist-toll-Akustikversion-1188x1188.jpg 1188w, https:\/\/bergers-schlagerparadies.de\/wp-content\/uploads\/2026\/02\/Damiano-Maiolini-Du-bist-toll-Akustikversion-100x100.jpg 100w\" sizes=\"auto, (max-width: 70px) 100vw, 70px\" \/>\u00a0 Damiano Maiolini<\/span> &#8211; Du bist toll (Akustikversion) ( <span style=\"color: #800000;\">Fiesta Records<\/span> )<\/strong><\/li>\n<li><strong><span style=\"color: #800000;\"><img loading=\"lazy\" decoding=\"async\" class=\"alignnone wp-image-41479\" src=\"https:\/\/bergers-schlagerparadies.de\/wp-content\/uploads\/2026\/02\/Dark-Tenor-feat.-Patricia-Kelly-Angels-feat.-Patricia-Kelly-300x300.jpeg\" alt=\"\" width=\"70\" height=\"70\" srcset=\"https:\/\/bergers-schlagerparadies.de\/wp-content\/uploads\/2026\/02\/Dark-Tenor-feat.-Patricia-Kelly-Angels-feat.-Patricia-Kelly-300x300.jpeg 300w, https:\/\/bergers-schlagerparadies.de\/wp-content\/uploads\/2026\/02\/Dark-Tenor-feat.-Patricia-Kelly-Angels-feat.-Patricia-Kelly-1024x1024.jpeg 1024w, https:\/\/bergers-schlagerparadies.de\/wp-content\/uploads\/2026\/02\/Dark-Tenor-feat.-Patricia-Kelly-Angels-feat.-Patricia-Kelly-150x150.jpeg 150w, https:\/\/bergers-schlagerparadies.de\/wp-content\/uploads\/2026\/02\/Dark-Tenor-feat.-Patricia-Kelly-Angels-feat.-Patricia-Kelly-768x768.jpeg 768w, https:\/\/bergers-schlagerparadies.de\/wp-content\/uploads\/2026\/02\/Dark-Tenor-feat.-Patricia-Kelly-Angels-feat.-Patricia-Kelly-1536x1536.jpeg 1536w, https:\/\/bergers-schlagerparadies.de\/wp-content\/uploads\/2026\/02\/Dark-Tenor-feat.-Patricia-Kelly-Angels-feat.-Patricia-Kelly-2048x2048.jpeg 2048w, https:\/\/bergers-schlagerparadies.de\/wp-content\/uploads\/2026\/02\/Dark-Tenor-feat.-Patricia-Kelly-Angels-feat.-Patricia-Kelly-1200x1200.jpeg 1200w, https:\/\/bergers-schlagerparadies.de\/wp-content\/uploads\/2026\/02\/Dark-Tenor-feat.-Patricia-Kelly-Angels-feat.-Patricia-Kelly-1188x1188.jpeg 1188w, https:\/\/bergers-schlagerparadies.de\/wp-content\/uploads\/2026\/02\/Dark-Tenor-feat.-Patricia-Kelly-Angels-feat.-Patricia-Kelly-100x100.jpeg 100w\" sizes=\"auto, (max-width: 70px) 100vw, 70px\" \/>\u00a0 Dark Tenor<\/span> feat. <span style=\"color: #800000;\">Patricia Kelly<\/span> &#8211; Angels feat. Patricia Kelly ( <span style=\"color: #800000;\">Red Raven Music<\/span>\u00a0)<\/strong><\/li>\n<li><strong><img loading=\"lazy\" decoding=\"async\" class=\"alignnone wp-image-41482\" src=\"https:\/\/bergers-schlagerparadies.de\/wp-content\/uploads\/2026\/02\/Denise-Jolie-Liebesschwur-300x300.jpeg\" alt=\"\" width=\"70\" height=\"70\" srcset=\"https:\/\/bergers-schlagerparadies.de\/wp-content\/uploads\/2026\/02\/Denise-Jolie-Liebesschwur-300x300.jpeg 300w, https:\/\/bergers-schlagerparadies.de\/wp-content\/uploads\/2026\/02\/Denise-Jolie-Liebesschwur-1024x1024.jpeg 1024w, https:\/\/bergers-schlagerparadies.de\/wp-content\/uploads\/2026\/02\/Denise-Jolie-Liebesschwur-150x150.jpeg 150w, https:\/\/bergers-schlagerparadies.de\/wp-content\/uploads\/2026\/02\/Denise-Jolie-Liebesschwur-768x768.jpeg 768w, https:\/\/bergers-schlagerparadies.de\/wp-content\/uploads\/2026\/02\/Denise-Jolie-Liebesschwur-1188x1188.jpeg 1188w, https:\/\/bergers-schlagerparadies.de\/wp-content\/uploads\/2026\/02\/Denise-Jolie-Liebesschwur-100x100.jpeg 100w, https:\/\/bergers-schlagerparadies.de\/wp-content\/uploads\/2026\/02\/Denise-Jolie-Liebesschwur.jpeg 1200w\" sizes=\"auto, (max-width: 70px) 100vw, 70px\" \/>\u00a0 <span style=\"color: #800000;\">Denise Jolie<\/span> &#8211; Liebesschwur ( <span style=\"color: #800000;\">USP Media<\/span>\u00a0)<\/strong><\/li>\n<li><strong><span style=\"color: #800000;\"><img loading=\"lazy\" decoding=\"async\" class=\"alignnone wp-image-41505\" src=\"https:\/\/bergers-schlagerparadies.de\/wp-content\/uploads\/2026\/02\/Graziano-Ti-Voglio-Bene-ich-will-nur-dich-300x300.jpeg\" alt=\"\" width=\"70\" height=\"70\" srcset=\"https:\/\/bergers-schlagerparadies.de\/wp-content\/uploads\/2026\/02\/Graziano-Ti-Voglio-Bene-ich-will-nur-dich-300x300.jpeg 300w, https:\/\/bergers-schlagerparadies.de\/wp-content\/uploads\/2026\/02\/Graziano-Ti-Voglio-Bene-ich-will-nur-dich-1024x1024.jpeg 1024w, https:\/\/bergers-schlagerparadies.de\/wp-content\/uploads\/2026\/02\/Graziano-Ti-Voglio-Bene-ich-will-nur-dich-150x150.jpeg 150w, https:\/\/bergers-schlagerparadies.de\/wp-content\/uploads\/2026\/02\/Graziano-Ti-Voglio-Bene-ich-will-nur-dich-768x768.jpeg 768w, https:\/\/bergers-schlagerparadies.de\/wp-content\/uploads\/2026\/02\/Graziano-Ti-Voglio-Bene-ich-will-nur-dich-1200x1200.jpeg 1200w, https:\/\/bergers-schlagerparadies.de\/wp-content\/uploads\/2026\/02\/Graziano-Ti-Voglio-Bene-ich-will-nur-dich-1188x1188.jpeg 1188w, https:\/\/bergers-schlagerparadies.de\/wp-content\/uploads\/2026\/02\/Graziano-Ti-Voglio-Bene-ich-will-nur-dich-100x100.jpeg 100w, https:\/\/bergers-schlagerparadies.de\/wp-content\/uploads\/2026\/02\/Graziano-Ti-Voglio-Bene-ich-will-nur-dich.jpeg 1417w\" sizes=\"auto, (max-width: 70px) 100vw, 70px\" \/>\u00a0 Graziano<\/span> &#8211; Ti Voglio Bene &#8211; ich will nur dich ( <span style=\"color: #800000;\">Yoyo<\/span> )<\/strong><\/li>\n<li><strong><img loading=\"lazy\" decoding=\"async\" class=\"alignnone wp-image-41374\" src=\"https:\/\/bergers-schlagerparadies.de\/wp-content\/uploads\/2026\/02\/Jana-Sammer-Verraeter-300x300.jpeg\" alt=\"\" width=\"70\" height=\"70\" srcset=\"https:\/\/bergers-schlagerparadies.de\/wp-content\/uploads\/2026\/02\/Jana-Sammer-Verraeter-300x300.jpeg 300w, https:\/\/bergers-schlagerparadies.de\/wp-content\/uploads\/2026\/02\/Jana-Sammer-Verraeter-1024x1024.jpeg 1024w, https:\/\/bergers-schlagerparadies.de\/wp-content\/uploads\/2026\/02\/Jana-Sammer-Verraeter-150x150.jpeg 150w, https:\/\/bergers-schlagerparadies.de\/wp-content\/uploads\/2026\/02\/Jana-Sammer-Verraeter-768x768.jpeg 768w, https:\/\/bergers-schlagerparadies.de\/wp-content\/uploads\/2026\/02\/Jana-Sammer-Verraeter-1536x1536.jpeg 1536w, https:\/\/bergers-schlagerparadies.de\/wp-content\/uploads\/2026\/02\/Jana-Sammer-Verraeter-2048x2048.jpeg 2048w, https:\/\/bergers-schlagerparadies.de\/wp-content\/uploads\/2026\/02\/Jana-Sammer-Verraeter-1200x1200.jpeg 1200w, https:\/\/bergers-schlagerparadies.de\/wp-content\/uploads\/2026\/02\/Jana-Sammer-Verraeter-1188x1188.jpeg 1188w, https:\/\/bergers-schlagerparadies.de\/wp-content\/uploads\/2026\/02\/Jana-Sammer-Verraeter-100x100.jpeg 100w\" sizes=\"auto, (max-width: 70px) 100vw, 70px\" \/>\u00a0 <span style=\"color: #800000;\">Jana Sammer<\/span> &#8211; Verr\u00e4ter ( <span style=\"color: #800000;\">Fiesta Records<\/span> )<\/strong><\/li>\n<li><strong><span style=\"color: #800000;\"><img loading=\"lazy\" decoding=\"async\" class=\"alignnone wp-image-41509\" src=\"https:\/\/bergers-schlagerparadies.de\/wp-content\/uploads\/2026\/02\/John-Riot-Superman-300x300.jpeg\" alt=\"\" width=\"70\" height=\"70\" srcset=\"https:\/\/bergers-schlagerparadies.de\/wp-content\/uploads\/2026\/02\/John-Riot-Superman-300x300.jpeg 300w, https:\/\/bergers-schlagerparadies.de\/wp-content\/uploads\/2026\/02\/John-Riot-Superman-1024x1024.jpeg 1024w, https:\/\/bergers-schlagerparadies.de\/wp-content\/uploads\/2026\/02\/John-Riot-Superman-150x150.jpeg 150w, https:\/\/bergers-schlagerparadies.de\/wp-content\/uploads\/2026\/02\/John-Riot-Superman-768x768.jpeg 768w, https:\/\/bergers-schlagerparadies.de\/wp-content\/uploads\/2026\/02\/John-Riot-Superman-1536x1536.jpeg 1536w, https:\/\/bergers-schlagerparadies.de\/wp-content\/uploads\/2026\/02\/John-Riot-Superman-2048x2048.jpeg 2048w, https:\/\/bergers-schlagerparadies.de\/wp-content\/uploads\/2026\/02\/John-Riot-Superman-1200x1200.jpeg 1200w, https:\/\/bergers-schlagerparadies.de\/wp-content\/uploads\/2026\/02\/John-Riot-Superman-1188x1188.jpeg 1188w, https:\/\/bergers-schlagerparadies.de\/wp-content\/uploads\/2026\/02\/John-Riot-Superman-100x100.jpeg 100w\" sizes=\"auto, (max-width: 70px) 100vw, 70px\" \/>\u00a0 John Riot<\/span> &#8211; Superman ( <span style=\"color: #800000;\">bluelion records<\/span>\u00a0)<\/strong><\/li>\n<li><strong><span style=\"color: #800000;\"><img loading=\"lazy\" decoding=\"async\" class=\"alignnone wp-image-41531\" src=\"https:\/\/bergers-schlagerparadies.de\/wp-content\/uploads\/2026\/02\/Jonathan-Sturm-Sag-ja-300x300.jpg\" alt=\"\" width=\"70\" height=\"70\" srcset=\"https:\/\/bergers-schlagerparadies.de\/wp-content\/uploads\/2026\/02\/Jonathan-Sturm-Sag-ja-300x300.jpg 300w, https:\/\/bergers-schlagerparadies.de\/wp-content\/uploads\/2026\/02\/Jonathan-Sturm-Sag-ja-1024x1024.jpg 1024w, https:\/\/bergers-schlagerparadies.de\/wp-content\/uploads\/2026\/02\/Jonathan-Sturm-Sag-ja-150x150.jpg 150w, https:\/\/bergers-schlagerparadies.de\/wp-content\/uploads\/2026\/02\/Jonathan-Sturm-Sag-ja-768x768.jpg 768w, https:\/\/bergers-schlagerparadies.de\/wp-content\/uploads\/2026\/02\/Jonathan-Sturm-Sag-ja-1536x1536.jpg 1536w, https:\/\/bergers-schlagerparadies.de\/wp-content\/uploads\/2026\/02\/Jonathan-Sturm-Sag-ja-2048x2048.jpg 2048w, https:\/\/bergers-schlagerparadies.de\/wp-content\/uploads\/2026\/02\/Jonathan-Sturm-Sag-ja-1200x1200.jpg 1200w, https:\/\/bergers-schlagerparadies.de\/wp-content\/uploads\/2026\/02\/Jonathan-Sturm-Sag-ja-1188x1188.jpg 1188w, https:\/\/bergers-schlagerparadies.de\/wp-content\/uploads\/2026\/02\/Jonathan-Sturm-Sag-ja-100x100.jpg 100w\" sizes=\"auto, (max-width: 70px) 100vw, 70px\" \/>\u00a0 Jonathan Sturm<\/span> &#8211; Sag ja ( <span style=\"color: #800000;\">Fiesta Records<\/span> )<\/strong><\/li>\n<li><strong><span style=\"color: #800000;\"><img loading=\"lazy\" decoding=\"async\" class=\"alignnone wp-image-41584\" src=\"https:\/\/bergers-schlagerparadies.de\/wp-content\/uploads\/2026\/02\/Joshville-Verboten-schoen-REMIX-300x300.jpeg\" alt=\"\" width=\"70\" height=\"70\" srcset=\"https:\/\/bergers-schlagerparadies.de\/wp-content\/uploads\/2026\/02\/Joshville-Verboten-schoen-REMIX-300x300.jpeg 300w, https:\/\/bergers-schlagerparadies.de\/wp-content\/uploads\/2026\/02\/Joshville-Verboten-schoen-REMIX-1024x1024.jpeg 1024w, https:\/\/bergers-schlagerparadies.de\/wp-content\/uploads\/2026\/02\/Joshville-Verboten-schoen-REMIX-150x150.jpeg 150w, https:\/\/bergers-schlagerparadies.de\/wp-content\/uploads\/2026\/02\/Joshville-Verboten-schoen-REMIX-768x768.jpeg 768w, https:\/\/bergers-schlagerparadies.de\/wp-content\/uploads\/2026\/02\/Joshville-Verboten-schoen-REMIX-1536x1536.jpeg 1536w, https:\/\/bergers-schlagerparadies.de\/wp-content\/uploads\/2026\/02\/Joshville-Verboten-schoen-REMIX-2048x2048.jpeg 2048w, https:\/\/bergers-schlagerparadies.de\/wp-content\/uploads\/2026\/02\/Joshville-Verboten-schoen-REMIX-1200x1200.jpeg 1200w, https:\/\/bergers-schlagerparadies.de\/wp-content\/uploads\/2026\/02\/Joshville-Verboten-schoen-REMIX-1188x1188.jpeg 1188w, https:\/\/bergers-schlagerparadies.de\/wp-content\/uploads\/2026\/02\/Joshville-Verboten-schoen-REMIX-100x100.jpeg 100w\" sizes=\"auto, (max-width: 70px) 100vw, 70px\" \/>\u00a0 Joshville<\/span> &#8211; Verboten sch\u00f6n (REMIX) ( <span style=\"color: #800000;\">Hartmann Blue Ink GmbH<\/span>\u00a0)<\/strong><\/li>\n<li><strong><span style=\"color: #800000;\"><img loading=\"lazy\" decoding=\"async\" class=\"alignnone wp-image-41234\" src=\"https:\/\/bergers-schlagerparadies.de\/wp-content\/uploads\/2026\/01\/Kevin-Brain-Smith-Ich-dein-Freund-von-nebenan-300x300.jpeg\" alt=\"\" width=\"70\" height=\"70\" srcset=\"https:\/\/bergers-schlagerparadies.de\/wp-content\/uploads\/2026\/01\/Kevin-Brain-Smith-Ich-dein-Freund-von-nebenan-300x300.jpeg 300w, https:\/\/bergers-schlagerparadies.de\/wp-content\/uploads\/2026\/01\/Kevin-Brain-Smith-Ich-dein-Freund-von-nebenan-1024x1024.jpeg 1024w, https:\/\/bergers-schlagerparadies.de\/wp-content\/uploads\/2026\/01\/Kevin-Brain-Smith-Ich-dein-Freund-von-nebenan-150x150.jpeg 150w, https:\/\/bergers-schlagerparadies.de\/wp-content\/uploads\/2026\/01\/Kevin-Brain-Smith-Ich-dein-Freund-von-nebenan-768x768.jpeg 768w, https:\/\/bergers-schlagerparadies.de\/wp-content\/uploads\/2026\/01\/Kevin-Brain-Smith-Ich-dein-Freund-von-nebenan-1536x1536.jpeg 1536w, https:\/\/bergers-schlagerparadies.de\/wp-content\/uploads\/2026\/01\/Kevin-Brain-Smith-Ich-dein-Freund-von-nebenan-2048x2048.jpeg 2048w, https:\/\/bergers-schlagerparadies.de\/wp-content\/uploads\/2026\/01\/Kevin-Brain-Smith-Ich-dein-Freund-von-nebenan-1200x1200.jpeg 1200w, https:\/\/bergers-schlagerparadies.de\/wp-content\/uploads\/2026\/01\/Kevin-Brain-Smith-Ich-dein-Freund-von-nebenan-1188x1188.jpeg 1188w, https:\/\/bergers-schlagerparadies.de\/wp-content\/uploads\/2026\/01\/Kevin-Brain-Smith-Ich-dein-Freund-von-nebenan-100x100.jpeg 100w\" sizes=\"auto, (max-width: 70px) 100vw, 70px\" \/>\u00a0 Kevin Brain Smith<\/span> &#8211; Ich, dein Freund von nebenan ( <span style=\"color: #800000;\">140 Records | Schlager<\/span>\u00a0)<\/strong><\/li>\n<li><strong><span style=\"color: #800000;\"><img loading=\"lazy\" decoding=\"async\" class=\"alignnone wp-image-41486\" src=\"https:\/\/bergers-schlagerparadies.de\/wp-content\/uploads\/2026\/02\/Klaus-Danner-Petra-Manuela-Wo-bist-du-300x300.jpg\" alt=\"\" width=\"70\" height=\"70\" srcset=\"https:\/\/bergers-schlagerparadies.de\/wp-content\/uploads\/2026\/02\/Klaus-Danner-Petra-Manuela-Wo-bist-du-300x300.jpg 300w, https:\/\/bergers-schlagerparadies.de\/wp-content\/uploads\/2026\/02\/Klaus-Danner-Petra-Manuela-Wo-bist-du-1024x1024.jpg 1024w, https:\/\/bergers-schlagerparadies.de\/wp-content\/uploads\/2026\/02\/Klaus-Danner-Petra-Manuela-Wo-bist-du-150x150.jpg 150w, https:\/\/bergers-schlagerparadies.de\/wp-content\/uploads\/2026\/02\/Klaus-Danner-Petra-Manuela-Wo-bist-du-768x768.jpg 768w, https:\/\/bergers-schlagerparadies.de\/wp-content\/uploads\/2026\/02\/Klaus-Danner-Petra-Manuela-Wo-bist-du-1536x1536.jpg 1536w, https:\/\/bergers-schlagerparadies.de\/wp-content\/uploads\/2026\/02\/Klaus-Danner-Petra-Manuela-Wo-bist-du-2048x2048.jpg 2048w, https:\/\/bergers-schlagerparadies.de\/wp-content\/uploads\/2026\/02\/Klaus-Danner-Petra-Manuela-Wo-bist-du-1200x1200.jpg 1200w, https:\/\/bergers-schlagerparadies.de\/wp-content\/uploads\/2026\/02\/Klaus-Danner-Petra-Manuela-Wo-bist-du-1188x1188.jpg 1188w, https:\/\/bergers-schlagerparadies.de\/wp-content\/uploads\/2026\/02\/Klaus-Danner-Petra-Manuela-Wo-bist-du-100x100.jpg 100w\" sizes=\"auto, (max-width: 70px) 100vw, 70px\" \/>\u00a0 Klaus Danner<\/span> &amp; <span style=\"color: #800000;\">Petra Manuela<\/span> &#8211; Wo bist Du ( <span style=\"color: #800000;\">KLONDIKE Records &amp; Songs<\/span>\u00a0)<\/strong><\/li>\n<li><strong><img loading=\"lazy\" decoding=\"async\" class=\"alignnone wp-image-41593\" src=\"https:\/\/bergers-schlagerparadies.de\/wp-content\/uploads\/2026\/02\/Kristina-Boehm-Denn-ich-werde-dich-immer-lieben-300x300.jpeg\" alt=\"\" width=\"70\" height=\"70\" srcset=\"https:\/\/bergers-schlagerparadies.de\/wp-content\/uploads\/2026\/02\/Kristina-Boehm-Denn-ich-werde-dich-immer-lieben-300x300.jpeg 300w, https:\/\/bergers-schlagerparadies.de\/wp-content\/uploads\/2026\/02\/Kristina-Boehm-Denn-ich-werde-dich-immer-lieben-1024x1024.jpeg 1024w, https:\/\/bergers-schlagerparadies.de\/wp-content\/uploads\/2026\/02\/Kristina-Boehm-Denn-ich-werde-dich-immer-lieben-150x150.jpeg 150w, https:\/\/bergers-schlagerparadies.de\/wp-content\/uploads\/2026\/02\/Kristina-Boehm-Denn-ich-werde-dich-immer-lieben-768x768.jpeg 768w, https:\/\/bergers-schlagerparadies.de\/wp-content\/uploads\/2026\/02\/Kristina-Boehm-Denn-ich-werde-dich-immer-lieben-1536x1536.jpeg 1536w, https:\/\/bergers-schlagerparadies.de\/wp-content\/uploads\/2026\/02\/Kristina-Boehm-Denn-ich-werde-dich-immer-lieben-2048x2048.jpeg 2048w, https:\/\/bergers-schlagerparadies.de\/wp-content\/uploads\/2026\/02\/Kristina-Boehm-Denn-ich-werde-dich-immer-lieben-1200x1200.jpeg 1200w, https:\/\/bergers-schlagerparadies.de\/wp-content\/uploads\/2026\/02\/Kristina-Boehm-Denn-ich-werde-dich-immer-lieben-1188x1188.jpeg 1188w, https:\/\/bergers-schlagerparadies.de\/wp-content\/uploads\/2026\/02\/Kristina-Boehm-Denn-ich-werde-dich-immer-lieben-100x100.jpeg 100w\" sizes=\"auto, (max-width: 70px) 100vw, 70px\" \/>\u00a0 <span style=\"color: #800000;\">Kristina B\u00f6hm<\/span> &#8211; Denn ich werde dich immer lieben ( <span style=\"color: #800000;\">Fiesta Records<\/span> )<\/strong><\/li>\n<li><strong><span style=\"color: #800000;\"><img loading=\"lazy\" decoding=\"async\" class=\"alignnone wp-image-41596\" src=\"https:\/\/bergers-schlagerparadies.de\/wp-content\/uploads\/2026\/02\/Marie-Reim-Vitamin-Du-300x300.jpeg\" alt=\"\" width=\"70\" height=\"70\" srcset=\"https:\/\/bergers-schlagerparadies.de\/wp-content\/uploads\/2026\/02\/Marie-Reim-Vitamin-Du-300x300.jpeg 300w, https:\/\/bergers-schlagerparadies.de\/wp-content\/uploads\/2026\/02\/Marie-Reim-Vitamin-Du-1024x1024.jpeg 1024w, https:\/\/bergers-schlagerparadies.de\/wp-content\/uploads\/2026\/02\/Marie-Reim-Vitamin-Du-150x150.jpeg 150w, https:\/\/bergers-schlagerparadies.de\/wp-content\/uploads\/2026\/02\/Marie-Reim-Vitamin-Du-768x768.jpeg 768w, https:\/\/bergers-schlagerparadies.de\/wp-content\/uploads\/2026\/02\/Marie-Reim-Vitamin-Du-1188x1188.jpeg 1188w, https:\/\/bergers-schlagerparadies.de\/wp-content\/uploads\/2026\/02\/Marie-Reim-Vitamin-Du-100x100.jpeg 100w, https:\/\/bergers-schlagerparadies.de\/wp-content\/uploads\/2026\/02\/Marie-Reim-Vitamin-Du.jpeg 1200w\" sizes=\"auto, (max-width: 70px) 100vw, 70px\" \/>\u00a0 Marie Reim<\/span> &#8211; Vitamin Du ( <span style=\"color: #800000;\">SMA\/ Ariola<\/span>\u00a0)<\/strong><\/li>\n<li><strong><span style=\"color: #800000;\"><img loading=\"lazy\" decoding=\"async\" class=\"alignnone wp-image-41441\" src=\"https:\/\/bergers-schlagerparadies.de\/wp-content\/uploads\/2026\/02\/Maria-Magdalena-Die-Ballade-Immmernoch-300x300.jpeg\" alt=\"\" width=\"70\" height=\"70\" srcset=\"https:\/\/bergers-schlagerparadies.de\/wp-content\/uploads\/2026\/02\/Maria-Magdalena-Die-Ballade-Immmernoch-300x300.jpeg 300w, https:\/\/bergers-schlagerparadies.de\/wp-content\/uploads\/2026\/02\/Maria-Magdalena-Die-Ballade-Immmernoch-1024x1024.jpeg 1024w, https:\/\/bergers-schlagerparadies.de\/wp-content\/uploads\/2026\/02\/Maria-Magdalena-Die-Ballade-Immmernoch-150x150.jpeg 150w, https:\/\/bergers-schlagerparadies.de\/wp-content\/uploads\/2026\/02\/Maria-Magdalena-Die-Ballade-Immmernoch-768x768.jpeg 768w, https:\/\/bergers-schlagerparadies.de\/wp-content\/uploads\/2026\/02\/Maria-Magdalena-Die-Ballade-Immmernoch-1188x1188.jpeg 1188w, https:\/\/bergers-schlagerparadies.de\/wp-content\/uploads\/2026\/02\/Maria-Magdalena-Die-Ballade-Immmernoch-100x100.jpeg 100w, https:\/\/bergers-schlagerparadies.de\/wp-content\/uploads\/2026\/02\/Maria-Magdalena-Die-Ballade-Immmernoch.jpeg 1200w\" sizes=\"auto, (max-width: 70px) 100vw, 70px\" \/>\u00a0 Maria Magdalena<\/span> &#8211; Die Ballade (Immmernoch) ( <span style=\"color: #800000;\">Foxdog Music<\/span>\u00a0)<\/strong><\/li>\n<li><strong><span style=\"color: #800000;\"><img loading=\"lazy\" decoding=\"async\" class=\"alignnone wp-image-41519\" src=\"https:\/\/bergers-schlagerparadies.de\/wp-content\/uploads\/2026\/02\/Markus-Simons-Herz-aus-Glas-300x300.jpg\" alt=\"\" width=\"70\" height=\"70\" srcset=\"https:\/\/bergers-schlagerparadies.de\/wp-content\/uploads\/2026\/02\/Markus-Simons-Herz-aus-Glas-300x300.jpg 300w, https:\/\/bergers-schlagerparadies.de\/wp-content\/uploads\/2026\/02\/Markus-Simons-Herz-aus-Glas-1024x1024.jpg 1024w, https:\/\/bergers-schlagerparadies.de\/wp-content\/uploads\/2026\/02\/Markus-Simons-Herz-aus-Glas-150x150.jpg 150w, https:\/\/bergers-schlagerparadies.de\/wp-content\/uploads\/2026\/02\/Markus-Simons-Herz-aus-Glas-768x768.jpg 768w, https:\/\/bergers-schlagerparadies.de\/wp-content\/uploads\/2026\/02\/Markus-Simons-Herz-aus-Glas-1536x1536.jpg 1536w, https:\/\/bergers-schlagerparadies.de\/wp-content\/uploads\/2026\/02\/Markus-Simons-Herz-aus-Glas-2048x2048.jpg 2048w, https:\/\/bergers-schlagerparadies.de\/wp-content\/uploads\/2026\/02\/Markus-Simons-Herz-aus-Glas-1200x1200.jpg 1200w, https:\/\/bergers-schlagerparadies.de\/wp-content\/uploads\/2026\/02\/Markus-Simons-Herz-aus-Glas-1188x1188.jpg 1188w, https:\/\/bergers-schlagerparadies.de\/wp-content\/uploads\/2026\/02\/Markus-Simons-Herz-aus-Glas-100x100.jpg 100w\" sizes=\"auto, (max-width: 70px) 100vw, 70px\" \/>\u00a0 Markus Simons<\/span> &#8211; Herz aus Glas ( <span style=\"color: #800000;\">Fiesta Records<\/span> )<\/strong><\/li>\n<li><strong><img loading=\"lazy\" decoding=\"async\" class=\"alignnone wp-image-41378\" src=\"https:\/\/bergers-schlagerparadies.de\/wp-content\/uploads\/2026\/02\/Matthias-Carras-Was-hinter-uns-liegt-OnceTwice-Radio-Version-300x300.jpeg\" alt=\"\" width=\"70\" height=\"70\" srcset=\"https:\/\/bergers-schlagerparadies.de\/wp-content\/uploads\/2026\/02\/Matthias-Carras-Was-hinter-uns-liegt-OnceTwice-Radio-Version-300x300.jpeg 300w, https:\/\/bergers-schlagerparadies.de\/wp-content\/uploads\/2026\/02\/Matthias-Carras-Was-hinter-uns-liegt-OnceTwice-Radio-Version-1024x1024.jpeg 1024w, https:\/\/bergers-schlagerparadies.de\/wp-content\/uploads\/2026\/02\/Matthias-Carras-Was-hinter-uns-liegt-OnceTwice-Radio-Version-150x150.jpeg 150w, https:\/\/bergers-schlagerparadies.de\/wp-content\/uploads\/2026\/02\/Matthias-Carras-Was-hinter-uns-liegt-OnceTwice-Radio-Version-768x768.jpeg 768w, https:\/\/bergers-schlagerparadies.de\/wp-content\/uploads\/2026\/02\/Matthias-Carras-Was-hinter-uns-liegt-OnceTwice-Radio-Version-1536x1536.jpeg 1536w, https:\/\/bergers-schlagerparadies.de\/wp-content\/uploads\/2026\/02\/Matthias-Carras-Was-hinter-uns-liegt-OnceTwice-Radio-Version-2048x2048.jpeg 2048w, https:\/\/bergers-schlagerparadies.de\/wp-content\/uploads\/2026\/02\/Matthias-Carras-Was-hinter-uns-liegt-OnceTwice-Radio-Version-1200x1200.jpeg 1200w, https:\/\/bergers-schlagerparadies.de\/wp-content\/uploads\/2026\/02\/Matthias-Carras-Was-hinter-uns-liegt-OnceTwice-Radio-Version-1188x1188.jpeg 1188w, https:\/\/bergers-schlagerparadies.de\/wp-content\/uploads\/2026\/02\/Matthias-Carras-Was-hinter-uns-liegt-OnceTwice-Radio-Version-100x100.jpeg 100w\" sizes=\"auto, (max-width: 70px) 100vw, 70px\" \/>\u00a0 <span style=\"color: #800000;\">Matthias Carras<\/span> &#8211; Was hinter uns liegt (Once&amp;Twice! Radio Version) ( <span style=\"color: #800000;\">Fiesta Records<\/span> )<\/strong><\/li>\n<li><strong><span style=\"color: #800000;\"><img loading=\"lazy\" decoding=\"async\" class=\"alignnone wp-image-41599\" src=\"https:\/\/bergers-schlagerparadies.de\/wp-content\/uploads\/2026\/02\/Mitch-Keller-Bitte-melde-Dich-bei-mir-300x300.jpeg\" alt=\"\" width=\"70\" height=\"70\" srcset=\"https:\/\/bergers-schlagerparadies.de\/wp-content\/uploads\/2026\/02\/Mitch-Keller-Bitte-melde-Dich-bei-mir-300x300.jpeg 300w, https:\/\/bergers-schlagerparadies.de\/wp-content\/uploads\/2026\/02\/Mitch-Keller-Bitte-melde-Dich-bei-mir-1024x1024.jpeg 1024w, https:\/\/bergers-schlagerparadies.de\/wp-content\/uploads\/2026\/02\/Mitch-Keller-Bitte-melde-Dich-bei-mir-150x150.jpeg 150w, https:\/\/bergers-schlagerparadies.de\/wp-content\/uploads\/2026\/02\/Mitch-Keller-Bitte-melde-Dich-bei-mir-768x768.jpeg 768w, https:\/\/bergers-schlagerparadies.de\/wp-content\/uploads\/2026\/02\/Mitch-Keller-Bitte-melde-Dich-bei-mir-1536x1536.jpeg 1536w, https:\/\/bergers-schlagerparadies.de\/wp-content\/uploads\/2026\/02\/Mitch-Keller-Bitte-melde-Dich-bei-mir-2048x2048.jpeg 2048w, https:\/\/bergers-schlagerparadies.de\/wp-content\/uploads\/2026\/02\/Mitch-Keller-Bitte-melde-Dich-bei-mir-1200x1200.jpeg 1200w, https:\/\/bergers-schlagerparadies.de\/wp-content\/uploads\/2026\/02\/Mitch-Keller-Bitte-melde-Dich-bei-mir-1188x1188.jpeg 1188w, https:\/\/bergers-schlagerparadies.de\/wp-content\/uploads\/2026\/02\/Mitch-Keller-Bitte-melde-Dich-bei-mir-100x100.jpeg 100w\" sizes=\"auto, (max-width: 70px) 100vw, 70px\" \/>\u00a0 Mitch Keller<\/span> &#8211; Bitte melde Dich bei mir ( <span style=\"color: #800000;\">Meisel Music<\/span>\u00a0)<\/strong><\/li>\n<li><strong><span style=\"color: #800000;\"><img loading=\"lazy\" decoding=\"async\" class=\"alignnone wp-image-41524\" src=\"https:\/\/bergers-schlagerparadies.de\/wp-content\/uploads\/2026\/02\/Nick-Vescovo-Freiheit-im-Herzen-300x300.jpg\" alt=\"\" width=\"70\" height=\"70\" srcset=\"https:\/\/bergers-schlagerparadies.de\/wp-content\/uploads\/2026\/02\/Nick-Vescovo-Freiheit-im-Herzen-300x300.jpg 300w, https:\/\/bergers-schlagerparadies.de\/wp-content\/uploads\/2026\/02\/Nick-Vescovo-Freiheit-im-Herzen-1024x1024.jpg 1024w, https:\/\/bergers-schlagerparadies.de\/wp-content\/uploads\/2026\/02\/Nick-Vescovo-Freiheit-im-Herzen-150x150.jpg 150w, https:\/\/bergers-schlagerparadies.de\/wp-content\/uploads\/2026\/02\/Nick-Vescovo-Freiheit-im-Herzen-768x768.jpg 768w, https:\/\/bergers-schlagerparadies.de\/wp-content\/uploads\/2026\/02\/Nick-Vescovo-Freiheit-im-Herzen-1536x1536.jpg 1536w, https:\/\/bergers-schlagerparadies.de\/wp-content\/uploads\/2026\/02\/Nick-Vescovo-Freiheit-im-Herzen-2048x2048.jpg 2048w, https:\/\/bergers-schlagerparadies.de\/wp-content\/uploads\/2026\/02\/Nick-Vescovo-Freiheit-im-Herzen-1200x1200.jpg 1200w, https:\/\/bergers-schlagerparadies.de\/wp-content\/uploads\/2026\/02\/Nick-Vescovo-Freiheit-im-Herzen-1188x1188.jpg 1188w, https:\/\/bergers-schlagerparadies.de\/wp-content\/uploads\/2026\/02\/Nick-Vescovo-Freiheit-im-Herzen-100x100.jpg 100w\" sizes=\"auto, (max-width: 70px) 100vw, 70px\" \/>\u00a0 Nick Vescovo<\/span> &#8211; Freiheit im Herzen ( <span style=\"color: #800000;\">Fiesta Records<\/span> )<\/strong><\/li>\n<li><strong><img loading=\"lazy\" decoding=\"async\" class=\"alignnone wp-image-41445\" src=\"https:\/\/bergers-schlagerparadies.de\/wp-content\/uploads\/2026\/02\/Nico-Alesi-Die-erste-grosse-Liebe-300x300.jpeg\" alt=\"\" width=\"70\" height=\"70\" srcset=\"https:\/\/bergers-schlagerparadies.de\/wp-content\/uploads\/2026\/02\/Nico-Alesi-Die-erste-grosse-Liebe-300x300.jpeg 300w, https:\/\/bergers-schlagerparadies.de\/wp-content\/uploads\/2026\/02\/Nico-Alesi-Die-erste-grosse-Liebe-1024x1024.jpeg 1024w, https:\/\/bergers-schlagerparadies.de\/wp-content\/uploads\/2026\/02\/Nico-Alesi-Die-erste-grosse-Liebe-150x150.jpeg 150w, https:\/\/bergers-schlagerparadies.de\/wp-content\/uploads\/2026\/02\/Nico-Alesi-Die-erste-grosse-Liebe-768x768.jpeg 768w, https:\/\/bergers-schlagerparadies.de\/wp-content\/uploads\/2026\/02\/Nico-Alesi-Die-erste-grosse-Liebe-1200x1200.jpeg 1200w, https:\/\/bergers-schlagerparadies.de\/wp-content\/uploads\/2026\/02\/Nico-Alesi-Die-erste-grosse-Liebe-1188x1188.jpeg 1188w, https:\/\/bergers-schlagerparadies.de\/wp-content\/uploads\/2026\/02\/Nico-Alesi-Die-erste-grosse-Liebe-100x100.jpeg 100w, https:\/\/bergers-schlagerparadies.de\/wp-content\/uploads\/2026\/02\/Nico-Alesi-Die-erste-grosse-Liebe.jpeg 1500w\" sizes=\"auto, (max-width: 70px) 100vw, 70px\" \/>\u00a0 <span style=\"color: #800000;\">Nico Alesi<\/span> &#8211; Die erste gro\u00dfe Liebe ( <span style=\"color: #800000;\">Telamo <\/span>)<\/strong><\/li>\n<li><strong><span style=\"color: #800000;\"><img loading=\"lazy\" decoding=\"async\" class=\"alignnone wp-image-41474\" src=\"https:\/\/bergers-schlagerparadies.de\/wp-content\/uploads\/2026\/02\/Noel-Terhorst-Jetzt-bist-du-wieder-hier-300x300.jpeg\" alt=\"\" width=\"70\" height=\"70\" srcset=\"https:\/\/bergers-schlagerparadies.de\/wp-content\/uploads\/2026\/02\/Noel-Terhorst-Jetzt-bist-du-wieder-hier-300x300.jpeg 300w, https:\/\/bergers-schlagerparadies.de\/wp-content\/uploads\/2026\/02\/Noel-Terhorst-Jetzt-bist-du-wieder-hier-1024x1024.jpeg 1024w, https:\/\/bergers-schlagerparadies.de\/wp-content\/uploads\/2026\/02\/Noel-Terhorst-Jetzt-bist-du-wieder-hier-150x150.jpeg 150w, https:\/\/bergers-schlagerparadies.de\/wp-content\/uploads\/2026\/02\/Noel-Terhorst-Jetzt-bist-du-wieder-hier-768x768.jpeg 768w, https:\/\/bergers-schlagerparadies.de\/wp-content\/uploads\/2026\/02\/Noel-Terhorst-Jetzt-bist-du-wieder-hier-1188x1188.jpeg 1188w, https:\/\/bergers-schlagerparadies.de\/wp-content\/uploads\/2026\/02\/Noel-Terhorst-Jetzt-bist-du-wieder-hier-100x100.jpeg 100w, https:\/\/bergers-schlagerparadies.de\/wp-content\/uploads\/2026\/02\/Noel-Terhorst-Jetzt-bist-du-wieder-hier.jpeg 1200w\" sizes=\"auto, (max-width: 70px) 100vw, 70px\" \/>\u00a0 Noel Terhorst<\/span> &#8211; Jetzt bist du wieder hier ( <span style=\"color: #800000;\">Dreambeat\u00a0<\/span>)<\/strong><\/li>\n<li><strong><img loading=\"lazy\" decoding=\"async\" class=\"alignnone wp-image-41288\" src=\"https:\/\/bergers-schlagerparadies.de\/wp-content\/uploads\/2026\/02\/Pascal-Silva-Dich-gebe-ich-nie-mehr-her-Radio-Mix-2026-300x300.jpeg\" alt=\"\" width=\"70\" height=\"70\" srcset=\"https:\/\/bergers-schlagerparadies.de\/wp-content\/uploads\/2026\/02\/Pascal-Silva-Dich-gebe-ich-nie-mehr-her-Radio-Mix-2026-300x300.jpeg 300w, https:\/\/bergers-schlagerparadies.de\/wp-content\/uploads\/2026\/02\/Pascal-Silva-Dich-gebe-ich-nie-mehr-her-Radio-Mix-2026-1024x1024.jpeg 1024w, https:\/\/bergers-schlagerparadies.de\/wp-content\/uploads\/2026\/02\/Pascal-Silva-Dich-gebe-ich-nie-mehr-her-Radio-Mix-2026-150x150.jpeg 150w, https:\/\/bergers-schlagerparadies.de\/wp-content\/uploads\/2026\/02\/Pascal-Silva-Dich-gebe-ich-nie-mehr-her-Radio-Mix-2026-768x768.jpeg 768w, https:\/\/bergers-schlagerparadies.de\/wp-content\/uploads\/2026\/02\/Pascal-Silva-Dich-gebe-ich-nie-mehr-her-Radio-Mix-2026-1536x1536.jpeg 1536w, https:\/\/bergers-schlagerparadies.de\/wp-content\/uploads\/2026\/02\/Pascal-Silva-Dich-gebe-ich-nie-mehr-her-Radio-Mix-2026-2048x2048.jpeg 2048w, https:\/\/bergers-schlagerparadies.de\/wp-content\/uploads\/2026\/02\/Pascal-Silva-Dich-gebe-ich-nie-mehr-her-Radio-Mix-2026-1200x1200.jpeg 1200w, https:\/\/bergers-schlagerparadies.de\/wp-content\/uploads\/2026\/02\/Pascal-Silva-Dich-gebe-ich-nie-mehr-her-Radio-Mix-2026-1188x1188.jpeg 1188w, https:\/\/bergers-schlagerparadies.de\/wp-content\/uploads\/2026\/02\/Pascal-Silva-Dich-gebe-ich-nie-mehr-her-Radio-Mix-2026-100x100.jpeg 100w\" sizes=\"auto, (max-width: 70px) 100vw, 70px\" \/>\u00a0 <span style=\"color: #800000;\">Pascal Silva<\/span> &#8211; Dich gebe ich nie mehr her (Radio Mix 2026) ( <span style=\"color: #800000;\">Wespo<\/span>\u00a0)<\/strong><\/li>\n<li><strong><img loading=\"lazy\" decoding=\"async\" class=\"alignnone wp-image-41450\" src=\"https:\/\/bergers-schlagerparadies.de\/wp-content\/uploads\/2026\/02\/Romy-Kirsch-Tabou-300x300.jpeg\" alt=\"\" width=\"70\" height=\"70\" srcset=\"https:\/\/bergers-schlagerparadies.de\/wp-content\/uploads\/2026\/02\/Romy-Kirsch-Tabou-300x300.jpeg 300w, https:\/\/bergers-schlagerparadies.de\/wp-content\/uploads\/2026\/02\/Romy-Kirsch-Tabou-1024x1024.jpeg 1024w, https:\/\/bergers-schlagerparadies.de\/wp-content\/uploads\/2026\/02\/Romy-Kirsch-Tabou-150x150.jpeg 150w, https:\/\/bergers-schlagerparadies.de\/wp-content\/uploads\/2026\/02\/Romy-Kirsch-Tabou-768x768.jpeg 768w, https:\/\/bergers-schlagerparadies.de\/wp-content\/uploads\/2026\/02\/Romy-Kirsch-Tabou-1200x1200.jpeg 1200w, https:\/\/bergers-schlagerparadies.de\/wp-content\/uploads\/2026\/02\/Romy-Kirsch-Tabou-1188x1188.jpeg 1188w, https:\/\/bergers-schlagerparadies.de\/wp-content\/uploads\/2026\/02\/Romy-Kirsch-Tabou-100x100.jpeg 100w, https:\/\/bergers-schlagerparadies.de\/wp-content\/uploads\/2026\/02\/Romy-Kirsch-Tabou.jpeg 1500w\" sizes=\"auto, (max-width: 70px) 100vw, 70px\" \/>\u00a0 <span style=\"color: #800000;\">Romy Kirsch<\/span> &#8211; Tabou ( <span style=\"color: #800000;\">Telamo <\/span>)<\/strong><\/li>\n<li><strong><span style=\"color: #800000;\"><img loading=\"lazy\" decoding=\"async\" class=\"alignnone wp-image-41501\" src=\"https:\/\/bergers-schlagerparadies.de\/wp-content\/uploads\/2026\/02\/Sanny-Sternenkoenig-300x300.jpeg\" alt=\"\" width=\"70\" height=\"70\" srcset=\"https:\/\/bergers-schlagerparadies.de\/wp-content\/uploads\/2026\/02\/Sanny-Sternenkoenig-300x300.jpeg 300w, https:\/\/bergers-schlagerparadies.de\/wp-content\/uploads\/2026\/02\/Sanny-Sternenkoenig-1024x1024.jpeg 1024w, https:\/\/bergers-schlagerparadies.de\/wp-content\/uploads\/2026\/02\/Sanny-Sternenkoenig-150x150.jpeg 150w, https:\/\/bergers-schlagerparadies.de\/wp-content\/uploads\/2026\/02\/Sanny-Sternenkoenig-768x768.jpeg 768w, https:\/\/bergers-schlagerparadies.de\/wp-content\/uploads\/2026\/02\/Sanny-Sternenkoenig-1536x1536.jpeg 1536w, https:\/\/bergers-schlagerparadies.de\/wp-content\/uploads\/2026\/02\/Sanny-Sternenkoenig-2048x2048.jpeg 2048w, https:\/\/bergers-schlagerparadies.de\/wp-content\/uploads\/2026\/02\/Sanny-Sternenkoenig-1200x1200.jpeg 1200w, https:\/\/bergers-schlagerparadies.de\/wp-content\/uploads\/2026\/02\/Sanny-Sternenkoenig-1188x1188.jpeg 1188w, https:\/\/bergers-schlagerparadies.de\/wp-content\/uploads\/2026\/02\/Sanny-Sternenkoenig-100x100.jpeg 100w\" sizes=\"auto, (max-width: 70px) 100vw, 70px\" \/>\u00a0 Sanny<\/span> &#8211; Sternenk\u00f6nig ( <span style=\"color: #800000;\">Yoyo<\/span> )<\/strong><\/li>\n<li><strong><img loading=\"lazy\" decoding=\"async\" class=\"alignnone wp-image-41382\" src=\"https:\/\/bergers-schlagerparadies.de\/wp-content\/uploads\/2026\/02\/Saverio-Incancellabile-300x300.jpeg\" alt=\"\" width=\"70\" height=\"70\" srcset=\"https:\/\/bergers-schlagerparadies.de\/wp-content\/uploads\/2026\/02\/Saverio-Incancellabile-300x300.jpeg 300w, https:\/\/bergers-schlagerparadies.de\/wp-content\/uploads\/2026\/02\/Saverio-Incancellabile-1024x1024.jpeg 1024w, https:\/\/bergers-schlagerparadies.de\/wp-content\/uploads\/2026\/02\/Saverio-Incancellabile-150x150.jpeg 150w, https:\/\/bergers-schlagerparadies.de\/wp-content\/uploads\/2026\/02\/Saverio-Incancellabile-768x768.jpeg 768w, https:\/\/bergers-schlagerparadies.de\/wp-content\/uploads\/2026\/02\/Saverio-Incancellabile-1536x1536.jpeg 1536w, https:\/\/bergers-schlagerparadies.de\/wp-content\/uploads\/2026\/02\/Saverio-Incancellabile-2048x2048.jpeg 2048w, https:\/\/bergers-schlagerparadies.de\/wp-content\/uploads\/2026\/02\/Saverio-Incancellabile-1200x1200.jpeg 1200w, https:\/\/bergers-schlagerparadies.de\/wp-content\/uploads\/2026\/02\/Saverio-Incancellabile-1188x1188.jpeg 1188w, https:\/\/bergers-schlagerparadies.de\/wp-content\/uploads\/2026\/02\/Saverio-Incancellabile-100x100.jpeg 100w\" sizes=\"auto, (max-width: 70px) 100vw, 70px\" \/>\u00a0 <span style=\"color: #800000;\">Saverio<\/span> &#8211; Incancellabile ( <span style=\"color: #800000;\">Fiesta Records<\/span> )<\/strong><\/li>\n<li><strong><span style=\"color: #800000;\"><img loading=\"lazy\" decoding=\"async\" class=\"alignnone wp-image-41604\" src=\"https:\/\/bergers-schlagerparadies.de\/wp-content\/uploads\/2026\/02\/Silvano-Giganti-Dein-Blick-1-300x300.jpeg\" alt=\"\" width=\"70\" height=\"70\" srcset=\"https:\/\/bergers-schlagerparadies.de\/wp-content\/uploads\/2026\/02\/Silvano-Giganti-Dein-Blick-1-300x300.jpeg 300w, https:\/\/bergers-schlagerparadies.de\/wp-content\/uploads\/2026\/02\/Silvano-Giganti-Dein-Blick-1-1024x1024.jpeg 1024w, https:\/\/bergers-schlagerparadies.de\/wp-content\/uploads\/2026\/02\/Silvano-Giganti-Dein-Blick-1-150x150.jpeg 150w, https:\/\/bergers-schlagerparadies.de\/wp-content\/uploads\/2026\/02\/Silvano-Giganti-Dein-Blick-1-768x768.jpeg 768w, https:\/\/bergers-schlagerparadies.de\/wp-content\/uploads\/2026\/02\/Silvano-Giganti-Dein-Blick-1-1536x1536.jpeg 1536w, https:\/\/bergers-schlagerparadies.de\/wp-content\/uploads\/2026\/02\/Silvano-Giganti-Dein-Blick-1-2048x2048.jpeg 2048w, https:\/\/bergers-schlagerparadies.de\/wp-content\/uploads\/2026\/02\/Silvano-Giganti-Dein-Blick-1-1200x1200.jpeg 1200w, https:\/\/bergers-schlagerparadies.de\/wp-content\/uploads\/2026\/02\/Silvano-Giganti-Dein-Blick-1-1188x1188.jpeg 1188w, https:\/\/bergers-schlagerparadies.de\/wp-content\/uploads\/2026\/02\/Silvano-Giganti-Dein-Blick-1-100x100.jpeg 100w\" sizes=\"auto, (max-width: 70px) 100vw, 70px\" \/>\u00a0 Silvano Giganti<\/span> &#8211; Dein Blick ( <span style=\"color: #800000;\">Nur So! Records<\/span>\u00a0)<\/strong><\/li>\n<li><strong><span style=\"color: #800000;\"><img loading=\"lazy\" decoding=\"async\" class=\"alignnone wp-image-41528\" src=\"https:\/\/bergers-schlagerparadies.de\/wp-content\/uploads\/2026\/02\/Susan-Ebrahimi-Weil-du-mein-Herz-beruehrst-300x300.jpg\" alt=\"\" width=\"70\" height=\"70\" srcset=\"https:\/\/bergers-schlagerparadies.de\/wp-content\/uploads\/2026\/02\/Susan-Ebrahimi-Weil-du-mein-Herz-beruehrst-300x300.jpg 300w, https:\/\/bergers-schlagerparadies.de\/wp-content\/uploads\/2026\/02\/Susan-Ebrahimi-Weil-du-mein-Herz-beruehrst-1024x1024.jpg 1024w, https:\/\/bergers-schlagerparadies.de\/wp-content\/uploads\/2026\/02\/Susan-Ebrahimi-Weil-du-mein-Herz-beruehrst-150x150.jpg 150w, https:\/\/bergers-schlagerparadies.de\/wp-content\/uploads\/2026\/02\/Susan-Ebrahimi-Weil-du-mein-Herz-beruehrst-768x768.jpg 768w, https:\/\/bergers-schlagerparadies.de\/wp-content\/uploads\/2026\/02\/Susan-Ebrahimi-Weil-du-mein-Herz-beruehrst-1536x1536.jpg 1536w, https:\/\/bergers-schlagerparadies.de\/wp-content\/uploads\/2026\/02\/Susan-Ebrahimi-Weil-du-mein-Herz-beruehrst-2048x2048.jpg 2048w, https:\/\/bergers-schlagerparadies.de\/wp-content\/uploads\/2026\/02\/Susan-Ebrahimi-Weil-du-mein-Herz-beruehrst-1200x1200.jpg 1200w, https:\/\/bergers-schlagerparadies.de\/wp-content\/uploads\/2026\/02\/Susan-Ebrahimi-Weil-du-mein-Herz-beruehrst-1188x1188.jpg 1188w, https:\/\/bergers-schlagerparadies.de\/wp-content\/uploads\/2026\/02\/Susan-Ebrahimi-Weil-du-mein-Herz-beruehrst-100x100.jpg 100w\" sizes=\"auto, (max-width: 70px) 100vw, 70px\" \/>\u00a0 Susan Ebrahimi<\/span>&#8211; Weil du mein Herz ber\u00fchrst ( <span style=\"color: #800000;\">KLONDIKE Records &amp; Songs<\/span>\u00a0)<\/strong><\/li>\n<li><strong><img loading=\"lazy\" decoding=\"async\" class=\"alignnone wp-image-41387\" src=\"https:\/\/bergers-schlagerparadies.de\/wp-content\/uploads\/2026\/02\/Steffen-Juergens-20-Jahre-spaeter-300x300.jpeg\" alt=\"\" width=\"70\" height=\"70\" srcset=\"https:\/\/bergers-schlagerparadies.de\/wp-content\/uploads\/2026\/02\/Steffen-Juergens-20-Jahre-spaeter-300x300.jpeg 300w, https:\/\/bergers-schlagerparadies.de\/wp-content\/uploads\/2026\/02\/Steffen-Juergens-20-Jahre-spaeter-1024x1024.jpeg 1024w, https:\/\/bergers-schlagerparadies.de\/wp-content\/uploads\/2026\/02\/Steffen-Juergens-20-Jahre-spaeter-150x150.jpeg 150w, https:\/\/bergers-schlagerparadies.de\/wp-content\/uploads\/2026\/02\/Steffen-Juergens-20-Jahre-spaeter-768x768.jpeg 768w, https:\/\/bergers-schlagerparadies.de\/wp-content\/uploads\/2026\/02\/Steffen-Juergens-20-Jahre-spaeter-1536x1536.jpeg 1536w, https:\/\/bergers-schlagerparadies.de\/wp-content\/uploads\/2026\/02\/Steffen-Juergens-20-Jahre-spaeter-2048x2048.jpeg 2048w, https:\/\/bergers-schlagerparadies.de\/wp-content\/uploads\/2026\/02\/Steffen-Juergens-20-Jahre-spaeter-1200x1200.jpeg 1200w, https:\/\/bergers-schlagerparadies.de\/wp-content\/uploads\/2026\/02\/Steffen-Juergens-20-Jahre-spaeter-1188x1188.jpeg 1188w, https:\/\/bergers-schlagerparadies.de\/wp-content\/uploads\/2026\/02\/Steffen-Juergens-20-Jahre-spaeter-100x100.jpeg 100w\" sizes=\"auto, (max-width: 70px) 100vw, 70px\" \/>\u00a0 <span style=\"color: #800000;\">Steffen J\u00fcrgens<\/span> &#8211; 20 Jahre sp\u00e4ter ( <span style=\"color: #800000;\">Fiesta Records<\/span> )<\/strong><\/li>\n<li><strong><span style=\"color: #800000;\"><img loading=\"lazy\" decoding=\"async\" class=\"alignnone wp-image-41456\" src=\"https:\/\/bergers-schlagerparadies.de\/wp-content\/uploads\/2026\/02\/Thierseer-Frueher-300x300.jpeg\" alt=\"\" width=\"70\" height=\"70\" srcset=\"https:\/\/bergers-schlagerparadies.de\/wp-content\/uploads\/2026\/02\/Thierseer-Frueher-300x300.jpeg 300w, https:\/\/bergers-schlagerparadies.de\/wp-content\/uploads\/2026\/02\/Thierseer-Frueher-1024x1024.jpeg 1024w, https:\/\/bergers-schlagerparadies.de\/wp-content\/uploads\/2026\/02\/Thierseer-Frueher-150x150.jpeg 150w, https:\/\/bergers-schlagerparadies.de\/wp-content\/uploads\/2026\/02\/Thierseer-Frueher-768x768.jpeg 768w, https:\/\/bergers-schlagerparadies.de\/wp-content\/uploads\/2026\/02\/Thierseer-Frueher-1188x1188.jpeg 1188w, https:\/\/bergers-schlagerparadies.de\/wp-content\/uploads\/2026\/02\/Thierseer-Frueher-100x100.jpeg 100w, https:\/\/bergers-schlagerparadies.de\/wp-content\/uploads\/2026\/02\/Thierseer-Frueher.jpeg 1200w\" sizes=\"auto, (max-width: 70px) 100vw, 70px\" \/>\u00a0 Thierseer<\/span> &#8211; Fr\u00fcher ( <span style=\"color: #800000;\">SXT Music<\/span>\u00a0)<\/strong><\/li>\n<\/ul>\n<p><span style=\"font-size: 12pt;\"><strong><em><span style=\"color: #666699;\">Neuvorstellungen<\/span><\/em><em><span style=\"color: #666699;\"> in dieser Woche: mit V\u00d6: <span style=\"color: #800000;\">06<\/span><\/span><span style=\"color: #666699;\"><span style=\"color: #993366; font-size: 14pt;\">.02.2026 <\/span>&#8211; 06<\/span><span style=\"color: #808080;\">KW<\/span><\/em><\/strong><\/span><\/p>\n<ul>\n<li><strong><span style=\"color: #800000;\"><img loading=\"lazy\" decoding=\"async\" class=\"alignnone wp-image-41391\" src=\"https:\/\/bergers-schlagerparadies.de\/wp-content\/uploads\/2026\/02\/Alex-Zind-Kaley-Chemicals-300x300.jpeg\" alt=\"\" width=\"70\" height=\"70\" srcset=\"https:\/\/bergers-schlagerparadies.de\/wp-content\/uploads\/2026\/02\/Alex-Zind-Kaley-Chemicals-300x300.jpeg 300w, https:\/\/bergers-schlagerparadies.de\/wp-content\/uploads\/2026\/02\/Alex-Zind-Kaley-Chemicals-1024x1024.jpeg 1024w, https:\/\/bergers-schlagerparadies.de\/wp-content\/uploads\/2026\/02\/Alex-Zind-Kaley-Chemicals-150x150.jpeg 150w, https:\/\/bergers-schlagerparadies.de\/wp-content\/uploads\/2026\/02\/Alex-Zind-Kaley-Chemicals-768x768.jpeg 768w, https:\/\/bergers-schlagerparadies.de\/wp-content\/uploads\/2026\/02\/Alex-Zind-Kaley-Chemicals-1188x1188.jpeg 1188w, https:\/\/bergers-schlagerparadies.de\/wp-content\/uploads\/2026\/02\/Alex-Zind-Kaley-Chemicals-100x100.jpeg 100w, https:\/\/bergers-schlagerparadies.de\/wp-content\/uploads\/2026\/02\/Alex-Zind-Kaley-Chemicals.jpeg 1200w\" sizes=\"auto, (max-width: 70px) 100vw, 70px\" \/>\u00a0 Alex Zind<\/span> &amp; <span style=\"color: #800000;\">Kaley<\/span> &#8211; Chemicals ( <span style=\"color: #800000;\">recordJet<\/span>\u00a0)<\/strong><\/li>\n<li><strong><img loading=\"lazy\" decoding=\"async\" class=\"alignnone wp-image-41294\" src=\"https:\/\/bergers-schlagerparadies.de\/wp-content\/uploads\/2026\/02\/Alina-Deine-Frau-300x300.jpeg\" alt=\"\" width=\"70\" height=\"70\" srcset=\"https:\/\/bergers-schlagerparadies.de\/wp-content\/uploads\/2026\/02\/Alina-Deine-Frau-300x300.jpeg 300w, https:\/\/bergers-schlagerparadies.de\/wp-content\/uploads\/2026\/02\/Alina-Deine-Frau-1024x1024.jpeg 1024w, https:\/\/bergers-schlagerparadies.de\/wp-content\/uploads\/2026\/02\/Alina-Deine-Frau-150x150.jpeg 150w, https:\/\/bergers-schlagerparadies.de\/wp-content\/uploads\/2026\/02\/Alina-Deine-Frau-768x768.jpeg 768w, https:\/\/bergers-schlagerparadies.de\/wp-content\/uploads\/2026\/02\/Alina-Deine-Frau-1200x1200.jpeg 1200w, https:\/\/bergers-schlagerparadies.de\/wp-content\/uploads\/2026\/02\/Alina-Deine-Frau-1188x1188.jpeg 1188w, https:\/\/bergers-schlagerparadies.de\/wp-content\/uploads\/2026\/02\/Alina-Deine-Frau-100x100.jpeg 100w, https:\/\/bergers-schlagerparadies.de\/wp-content\/uploads\/2026\/02\/Alina-Deine-Frau.jpeg 1400w\" sizes=\"auto, (max-width: 70px) 100vw, 70px\" \/>\u00a0 <span style=\"color: #800000;\">Alina<\/span> &#8211; Deine Frau ( <span style=\"color: #800000;\">Telamo<\/span>\u00a0)<\/strong><\/li>\n<li><strong><span style=\"color: #800000;\"><img loading=\"lazy\" decoding=\"async\" class=\"alignnone wp-image-41395\" src=\"https:\/\/bergers-schlagerparadies.de\/wp-content\/uploads\/2026\/02\/Andreas-Watzinger-Die-schweren-Meter-300x300.jpeg\" alt=\"\" width=\"70\" height=\"70\" srcset=\"https:\/\/bergers-schlagerparadies.de\/wp-content\/uploads\/2026\/02\/Andreas-Watzinger-Die-schweren-Meter-300x300.jpeg 300w, https:\/\/bergers-schlagerparadies.de\/wp-content\/uploads\/2026\/02\/Andreas-Watzinger-Die-schweren-Meter-1024x1024.jpeg 1024w, https:\/\/bergers-schlagerparadies.de\/wp-content\/uploads\/2026\/02\/Andreas-Watzinger-Die-schweren-Meter-150x150.jpeg 150w, https:\/\/bergers-schlagerparadies.de\/wp-content\/uploads\/2026\/02\/Andreas-Watzinger-Die-schweren-Meter-768x768.jpeg 768w, https:\/\/bergers-schlagerparadies.de\/wp-content\/uploads\/2026\/02\/Andreas-Watzinger-Die-schweren-Meter-1200x1200.jpeg 1200w, https:\/\/bergers-schlagerparadies.de\/wp-content\/uploads\/2026\/02\/Andreas-Watzinger-Die-schweren-Meter-1188x1188.jpeg 1188w, https:\/\/bergers-schlagerparadies.de\/wp-content\/uploads\/2026\/02\/Andreas-Watzinger-Die-schweren-Meter-100x100.jpeg 100w, https:\/\/bergers-schlagerparadies.de\/wp-content\/uploads\/2026\/02\/Andreas-Watzinger-Die-schweren-Meter.jpeg 1500w\" sizes=\"auto, (max-width: 70px) 100vw, 70px\" \/>\u00a0 Andreas Watzinger<\/span> &#8211; Die schweren Meter ( <span style=\"color: #800000;\">Schlager<\/span> )<\/strong><\/li>\n<li><strong><img loading=\"lazy\" decoding=\"async\" class=\"alignnone wp-image-41239\" src=\"https:\/\/bergers-schlagerparadies.de\/wp-content\/uploads\/2026\/01\/Andre-Makus-Der-Himmel-hat-es-gut-gemacht-300x300.jpeg\" alt=\"\" width=\"70\" height=\"70\" srcset=\"https:\/\/bergers-schlagerparadies.de\/wp-content\/uploads\/2026\/01\/Andre-Makus-Der-Himmel-hat-es-gut-gemacht-300x300.jpeg 300w, https:\/\/bergers-schlagerparadies.de\/wp-content\/uploads\/2026\/01\/Andre-Makus-Der-Himmel-hat-es-gut-gemacht-1024x1024.jpeg 1024w, https:\/\/bergers-schlagerparadies.de\/wp-content\/uploads\/2026\/01\/Andre-Makus-Der-Himmel-hat-es-gut-gemacht-150x150.jpeg 150w, https:\/\/bergers-schlagerparadies.de\/wp-content\/uploads\/2026\/01\/Andre-Makus-Der-Himmel-hat-es-gut-gemacht-768x768.jpeg 768w, https:\/\/bergers-schlagerparadies.de\/wp-content\/uploads\/2026\/01\/Andre-Makus-Der-Himmel-hat-es-gut-gemacht-1536x1536.jpeg 1536w, https:\/\/bergers-schlagerparadies.de\/wp-content\/uploads\/2026\/01\/Andre-Makus-Der-Himmel-hat-es-gut-gemacht-2048x2048.jpeg 2048w, https:\/\/bergers-schlagerparadies.de\/wp-content\/uploads\/2026\/01\/Andre-Makus-Der-Himmel-hat-es-gut-gemacht-1200x1200.jpeg 1200w, https:\/\/bergers-schlagerparadies.de\/wp-content\/uploads\/2026\/01\/Andre-Makus-Der-Himmel-hat-es-gut-gemacht-1188x1188.jpeg 1188w, https:\/\/bergers-schlagerparadies.de\/wp-content\/uploads\/2026\/01\/Andre-Makus-Der-Himmel-hat-es-gut-gemacht-100x100.jpeg 100w\" sizes=\"auto, (max-width: 70px) 100vw, 70px\" \/>\u00a0 <span style=\"color: #800000;\">Andre Makus<\/span> &#8211; Der Himmel hat es gut gemacht ( <span style=\"color: #800000;\">Fiesta Records<\/span> )<\/strong><\/li>\n<li><strong><span style=\"color: #800000;\"><img loading=\"lazy\" decoding=\"async\" class=\"alignnone wp-image-41400\" src=\"https:\/\/bergers-schlagerparadies.de\/wp-content\/uploads\/2026\/02\/Angela-Henn-Dennis-Klak-Egal-ob-miau-miau-oder-wau-wau-300x300.jpeg\" alt=\"\" width=\"70\" height=\"70\" srcset=\"https:\/\/bergers-schlagerparadies.de\/wp-content\/uploads\/2026\/02\/Angela-Henn-Dennis-Klak-Egal-ob-miau-miau-oder-wau-wau-300x300.jpeg 300w, https:\/\/bergers-schlagerparadies.de\/wp-content\/uploads\/2026\/02\/Angela-Henn-Dennis-Klak-Egal-ob-miau-miau-oder-wau-wau-1024x1024.jpeg 1024w, https:\/\/bergers-schlagerparadies.de\/wp-content\/uploads\/2026\/02\/Angela-Henn-Dennis-Klak-Egal-ob-miau-miau-oder-wau-wau-150x150.jpeg 150w, https:\/\/bergers-schlagerparadies.de\/wp-content\/uploads\/2026\/02\/Angela-Henn-Dennis-Klak-Egal-ob-miau-miau-oder-wau-wau-768x768.jpeg 768w, https:\/\/bergers-schlagerparadies.de\/wp-content\/uploads\/2026\/02\/Angela-Henn-Dennis-Klak-Egal-ob-miau-miau-oder-wau-wau-1188x1188.jpeg 1188w, https:\/\/bergers-schlagerparadies.de\/wp-content\/uploads\/2026\/02\/Angela-Henn-Dennis-Klak-Egal-ob-miau-miau-oder-wau-wau-100x100.jpeg 100w, https:\/\/bergers-schlagerparadies.de\/wp-content\/uploads\/2026\/02\/Angela-Henn-Dennis-Klak-Egal-ob-miau-miau-oder-wau-wau.jpeg 1200w\" sizes=\"auto, (max-width: 70px) 100vw, 70px\" \/>\u00a0 Angela Henn<\/span> &amp; <span style=\"color: #800000;\">Dennis Klak<\/span> &#8211; Egal ob miau miau oder wau wau ( <span style=\"color: #800000;\">Schlagerhotel\u00a0<\/span>)<\/strong><\/li>\n<li><strong><span style=\"color: #800000;\"><img loading=\"lazy\" decoding=\"async\" class=\"alignnone wp-image-41405\" src=\"https:\/\/bergers-schlagerparadies.de\/wp-content\/uploads\/2026\/02\/Berliner-Freundlichkeit-Isa-Jansen-Funken-spruehn-hBRID-MIX-300x300.jpeg\" alt=\"\" width=\"70\" height=\"70\" srcset=\"https:\/\/bergers-schlagerparadies.de\/wp-content\/uploads\/2026\/02\/Berliner-Freundlichkeit-Isa-Jansen-Funken-spruehn-hBRID-MIX-300x300.jpeg 300w, https:\/\/bergers-schlagerparadies.de\/wp-content\/uploads\/2026\/02\/Berliner-Freundlichkeit-Isa-Jansen-Funken-spruehn-hBRID-MIX-1024x1024.jpeg 1024w, https:\/\/bergers-schlagerparadies.de\/wp-content\/uploads\/2026\/02\/Berliner-Freundlichkeit-Isa-Jansen-Funken-spruehn-hBRID-MIX-150x150.jpeg 150w, https:\/\/bergers-schlagerparadies.de\/wp-content\/uploads\/2026\/02\/Berliner-Freundlichkeit-Isa-Jansen-Funken-spruehn-hBRID-MIX-768x768.jpeg 768w, https:\/\/bergers-schlagerparadies.de\/wp-content\/uploads\/2026\/02\/Berliner-Freundlichkeit-Isa-Jansen-Funken-spruehn-hBRID-MIX-1188x1188.jpeg 1188w, https:\/\/bergers-schlagerparadies.de\/wp-content\/uploads\/2026\/02\/Berliner-Freundlichkeit-Isa-Jansen-Funken-spruehn-hBRID-MIX-100x100.jpeg 100w, https:\/\/bergers-schlagerparadies.de\/wp-content\/uploads\/2026\/02\/Berliner-Freundlichkeit-Isa-Jansen-Funken-spruehn-hBRID-MIX.jpeg 1200w\" sizes=\"auto, (max-width: 70px) 100vw, 70px\" \/>\u00a0 Berliner Freundlichkeit<\/span>, <span style=\"color: #800000;\">Isa Jansen<\/span> &#8211; Funken spr\u00fch&#8217;n (#hBRID MIX) ( <span style=\"color: #800000;\">Lasso-Music \/ Vertrieb: Kontor New Media<\/span>\u00a0)<\/strong><\/li>\n<li><strong><span style=\"color: #800000;\"><img loading=\"lazy\" decoding=\"async\" class=\"alignnone wp-image-41425\" src=\"https:\/\/bergers-schlagerparadies.de\/wp-content\/uploads\/2026\/02\/Diana-Marco-Ich-haett-so-gern-dein-Herz-beruehrt-300x300.jpg\" alt=\"\" width=\"70\" height=\"70\" srcset=\"https:\/\/bergers-schlagerparadies.de\/wp-content\/uploads\/2026\/02\/Diana-Marco-Ich-haett-so-gern-dein-Herz-beruehrt-300x300.jpg 300w, https:\/\/bergers-schlagerparadies.de\/wp-content\/uploads\/2026\/02\/Diana-Marco-Ich-haett-so-gern-dein-Herz-beruehrt-1024x1024.jpg 1024w, https:\/\/bergers-schlagerparadies.de\/wp-content\/uploads\/2026\/02\/Diana-Marco-Ich-haett-so-gern-dein-Herz-beruehrt-150x150.jpg 150w, https:\/\/bergers-schlagerparadies.de\/wp-content\/uploads\/2026\/02\/Diana-Marco-Ich-haett-so-gern-dein-Herz-beruehrt-768x768.jpg 768w, https:\/\/bergers-schlagerparadies.de\/wp-content\/uploads\/2026\/02\/Diana-Marco-Ich-haett-so-gern-dein-Herz-beruehrt-1536x1536.jpg 1536w, https:\/\/bergers-schlagerparadies.de\/wp-content\/uploads\/2026\/02\/Diana-Marco-Ich-haett-so-gern-dein-Herz-beruehrt-2048x2048.jpg 2048w, https:\/\/bergers-schlagerparadies.de\/wp-content\/uploads\/2026\/02\/Diana-Marco-Ich-haett-so-gern-dein-Herz-beruehrt-1200x1200.jpg 1200w, https:\/\/bergers-schlagerparadies.de\/wp-content\/uploads\/2026\/02\/Diana-Marco-Ich-haett-so-gern-dein-Herz-beruehrt-1188x1188.jpg 1188w, https:\/\/bergers-schlagerparadies.de\/wp-content\/uploads\/2026\/02\/Diana-Marco-Ich-haett-so-gern-dein-Herz-beruehrt-100x100.jpg 100w\" sizes=\"auto, (max-width: 70px) 100vw, 70px\" \/>\u00a0 Diana<\/span> &amp; <span style=\"color: #800000;\">Marco<\/span> &#8211; Ich h\u00e4tt so gern dein Herz ber\u00fchrt ( <span style=\"color: #800000;\">Fiesta Records<\/span> )<\/strong><\/li>\n<li><strong><span style=\"color: #800000;\"><img loading=\"lazy\" decoding=\"async\" class=\"alignnone wp-image-41303\" src=\"https:\/\/bergers-schlagerparadies.de\/wp-content\/uploads\/2026\/02\/Die-Tiger-Da-Winter-300x300.jpeg\" alt=\"\" width=\"70\" height=\"70\" srcset=\"https:\/\/bergers-schlagerparadies.de\/wp-content\/uploads\/2026\/02\/Die-Tiger-Da-Winter-300x300.jpeg 300w, https:\/\/bergers-schlagerparadies.de\/wp-content\/uploads\/2026\/02\/Die-Tiger-Da-Winter-1024x1024.jpeg 1024w, https:\/\/bergers-schlagerparadies.de\/wp-content\/uploads\/2026\/02\/Die-Tiger-Da-Winter-150x150.jpeg 150w, https:\/\/bergers-schlagerparadies.de\/wp-content\/uploads\/2026\/02\/Die-Tiger-Da-Winter-768x768.jpeg 768w, https:\/\/bergers-schlagerparadies.de\/wp-content\/uploads\/2026\/02\/Die-Tiger-Da-Winter-1188x1188.jpeg 1188w, https:\/\/bergers-schlagerparadies.de\/wp-content\/uploads\/2026\/02\/Die-Tiger-Da-Winter-100x100.jpeg 100w, https:\/\/bergers-schlagerparadies.de\/wp-content\/uploads\/2026\/02\/Die-Tiger-Da-Winter.jpeg 1200w\" sizes=\"auto, (max-width: 70px) 100vw, 70px\" \/>\u00a0 Die Tiger<\/span> &#8211; Da Winter ( <span style=\"color: #800000;\">Promus<\/span>\u00a0)<\/strong><\/li>\n<li><strong><span style=\"color: #800000;\"><img loading=\"lazy\" decoding=\"async\" class=\"alignnone wp-image-41409\" src=\"https:\/\/bergers-schlagerparadies.de\/wp-content\/uploads\/2026\/02\/Frank-Schoebel-Dich-hat-der-Himmel-geschickt-300x300.jpeg\" alt=\"\" width=\"70\" height=\"70\" srcset=\"https:\/\/bergers-schlagerparadies.de\/wp-content\/uploads\/2026\/02\/Frank-Schoebel-Dich-hat-der-Himmel-geschickt-300x300.jpeg 300w, https:\/\/bergers-schlagerparadies.de\/wp-content\/uploads\/2026\/02\/Frank-Schoebel-Dich-hat-der-Himmel-geschickt-1024x1024.jpeg 1024w, https:\/\/bergers-schlagerparadies.de\/wp-content\/uploads\/2026\/02\/Frank-Schoebel-Dich-hat-der-Himmel-geschickt-150x150.jpeg 150w, https:\/\/bergers-schlagerparadies.de\/wp-content\/uploads\/2026\/02\/Frank-Schoebel-Dich-hat-der-Himmel-geschickt-768x768.jpeg 768w, https:\/\/bergers-schlagerparadies.de\/wp-content\/uploads\/2026\/02\/Frank-Schoebel-Dich-hat-der-Himmel-geschickt-1536x1536.jpeg 1536w, https:\/\/bergers-schlagerparadies.de\/wp-content\/uploads\/2026\/02\/Frank-Schoebel-Dich-hat-der-Himmel-geschickt-2048x2048.jpeg 2048w, https:\/\/bergers-schlagerparadies.de\/wp-content\/uploads\/2026\/02\/Frank-Schoebel-Dich-hat-der-Himmel-geschickt-1200x1200.jpeg 1200w, https:\/\/bergers-schlagerparadies.de\/wp-content\/uploads\/2026\/02\/Frank-Schoebel-Dich-hat-der-Himmel-geschickt-1188x1188.jpeg 1188w, https:\/\/bergers-schlagerparadies.de\/wp-content\/uploads\/2026\/02\/Frank-Schoebel-Dich-hat-der-Himmel-geschickt-100x100.jpeg 100w\" sizes=\"auto, (max-width: 70px) 100vw, 70px\" \/>\u00a0 Frank Sch\u00f6bel<\/span> &#8211; Dich hat der Himmel geschickt ( <span style=\"color: #800000;\">Monopol Records<\/span>\u00a0)<\/strong><\/li>\n<li><strong><span style=\"color: #800000;\"><img loading=\"lazy\" decoding=\"async\" class=\"alignnone wp-image-41318\" src=\"https:\/\/bergers-schlagerparadies.de\/wp-content\/uploads\/2026\/02\/GILBERT-Soviel-Sinn-macht-das-Leben-als-wir-selber-ihm-geben-300x300.jpeg\" alt=\"\" width=\"70\" height=\"70\" srcset=\"https:\/\/bergers-schlagerparadies.de\/wp-content\/uploads\/2026\/02\/GILBERT-Soviel-Sinn-macht-das-Leben-als-wir-selber-ihm-geben-300x300.jpeg 300w, https:\/\/bergers-schlagerparadies.de\/wp-content\/uploads\/2026\/02\/GILBERT-Soviel-Sinn-macht-das-Leben-als-wir-selber-ihm-geben-1024x1024.jpeg 1024w, https:\/\/bergers-schlagerparadies.de\/wp-content\/uploads\/2026\/02\/GILBERT-Soviel-Sinn-macht-das-Leben-als-wir-selber-ihm-geben-150x150.jpeg 150w, https:\/\/bergers-schlagerparadies.de\/wp-content\/uploads\/2026\/02\/GILBERT-Soviel-Sinn-macht-das-Leben-als-wir-selber-ihm-geben-768x768.jpeg 768w, https:\/\/bergers-schlagerparadies.de\/wp-content\/uploads\/2026\/02\/GILBERT-Soviel-Sinn-macht-das-Leben-als-wir-selber-ihm-geben-1200x1200.jpeg 1200w, https:\/\/bergers-schlagerparadies.de\/wp-content\/uploads\/2026\/02\/GILBERT-Soviel-Sinn-macht-das-Leben-als-wir-selber-ihm-geben-1188x1188.jpeg 1188w, https:\/\/bergers-schlagerparadies.de\/wp-content\/uploads\/2026\/02\/GILBERT-Soviel-Sinn-macht-das-Leben-als-wir-selber-ihm-geben-100x100.jpeg 100w, https:\/\/bergers-schlagerparadies.de\/wp-content\/uploads\/2026\/02\/GILBERT-Soviel-Sinn-macht-das-Leben-als-wir-selber-ihm-geben.jpeg 1500w\" sizes=\"auto, (max-width: 70px) 100vw, 70px\" \/>\u00a0 GILBERT<\/span> &#8211; Soviel Sinn macht das Leben als wir selber ihm geben ( <span style=\"color: #800000;\">GIL Records<\/span>\u00a0)<\/strong><\/li>\n<li><strong><span style=\"color: #800000;\"><img loading=\"lazy\" decoding=\"async\" class=\"alignnone wp-image-41413\" src=\"https:\/\/bergers-schlagerparadies.de\/wp-content\/uploads\/2026\/02\/Gluexkinder-Karma-300x300.jpeg\" alt=\"\" width=\"70\" height=\"70\" srcset=\"https:\/\/bergers-schlagerparadies.de\/wp-content\/uploads\/2026\/02\/Gluexkinder-Karma-300x300.jpeg 300w, https:\/\/bergers-schlagerparadies.de\/wp-content\/uploads\/2026\/02\/Gluexkinder-Karma-1024x1024.jpeg 1024w, https:\/\/bergers-schlagerparadies.de\/wp-content\/uploads\/2026\/02\/Gluexkinder-Karma-150x150.jpeg 150w, https:\/\/bergers-schlagerparadies.de\/wp-content\/uploads\/2026\/02\/Gluexkinder-Karma-768x768.jpeg 768w, https:\/\/bergers-schlagerparadies.de\/wp-content\/uploads\/2026\/02\/Gluexkinder-Karma-1188x1188.jpeg 1188w, https:\/\/bergers-schlagerparadies.de\/wp-content\/uploads\/2026\/02\/Gluexkinder-Karma-100x100.jpeg 100w, https:\/\/bergers-schlagerparadies.de\/wp-content\/uploads\/2026\/02\/Gluexkinder-Karma.jpeg 1200w\" sizes=\"auto, (max-width: 70px) 100vw, 70px\" \/>\u00a0 Gl\u00fcxkinder<\/span> &#8211; Karma ( <span style=\"color: #800000;\">Lasso-Music \/ Vertrieb: Kontor New Media<\/span>\u00a0)<\/strong><\/li>\n<li><strong><span style=\"color: #800000;\"><img loading=\"lazy\" decoding=\"async\" class=\"alignnone wp-image-41346\" src=\"https:\/\/bergers-schlagerparadies.de\/wp-content\/uploads\/2026\/02\/Jazzmin-Niemand-war-wie-du-300x300.jpg\" alt=\"\" width=\"70\" height=\"70\" srcset=\"https:\/\/bergers-schlagerparadies.de\/wp-content\/uploads\/2026\/02\/Jazzmin-Niemand-war-wie-du-300x300.jpg 300w, https:\/\/bergers-schlagerparadies.de\/wp-content\/uploads\/2026\/02\/Jazzmin-Niemand-war-wie-du-1024x1024.jpg 1024w, https:\/\/bergers-schlagerparadies.de\/wp-content\/uploads\/2026\/02\/Jazzmin-Niemand-war-wie-du-150x150.jpg 150w, https:\/\/bergers-schlagerparadies.de\/wp-content\/uploads\/2026\/02\/Jazzmin-Niemand-war-wie-du-768x768.jpg 768w, https:\/\/bergers-schlagerparadies.de\/wp-content\/uploads\/2026\/02\/Jazzmin-Niemand-war-wie-du-1536x1536.jpg 1536w, https:\/\/bergers-schlagerparadies.de\/wp-content\/uploads\/2026\/02\/Jazzmin-Niemand-war-wie-du-2048x2048.jpg 2048w, https:\/\/bergers-schlagerparadies.de\/wp-content\/uploads\/2026\/02\/Jazzmin-Niemand-war-wie-du-1200x1200.jpg 1200w, https:\/\/bergers-schlagerparadies.de\/wp-content\/uploads\/2026\/02\/Jazzmin-Niemand-war-wie-du-1188x1188.jpg 1188w, https:\/\/bergers-schlagerparadies.de\/wp-content\/uploads\/2026\/02\/Jazzmin-Niemand-war-wie-du-100x100.jpg 100w\" sizes=\"auto, (max-width: 70px) 100vw, 70px\" \/>\u00a0 Jazzmin<\/span> &#8211; Niemand war wie du ( <span style=\"color: #800000;\">Fiesta Records<\/span> )<\/strong><\/li>\n<li><strong><span style=\"color: #800000;\"><img loading=\"lazy\" decoding=\"async\" class=\"alignnone wp-image-41338\" src=\"https:\/\/bergers-schlagerparadies.de\/wp-content\/uploads\/2026\/02\/JENS-WAGNER-Ich-will-dich-lebenslaenglich-300x300.jpg\" alt=\"\" width=\"70\" height=\"70\" srcset=\"https:\/\/bergers-schlagerparadies.de\/wp-content\/uploads\/2026\/02\/JENS-WAGNER-Ich-will-dich-lebenslaenglich-300x300.jpg 300w, https:\/\/bergers-schlagerparadies.de\/wp-content\/uploads\/2026\/02\/JENS-WAGNER-Ich-will-dich-lebenslaenglich-1024x1024.jpg 1024w, https:\/\/bergers-schlagerparadies.de\/wp-content\/uploads\/2026\/02\/JENS-WAGNER-Ich-will-dich-lebenslaenglich-150x150.jpg 150w, https:\/\/bergers-schlagerparadies.de\/wp-content\/uploads\/2026\/02\/JENS-WAGNER-Ich-will-dich-lebenslaenglich-768x768.jpg 768w, https:\/\/bergers-schlagerparadies.de\/wp-content\/uploads\/2026\/02\/JENS-WAGNER-Ich-will-dich-lebenslaenglich-1536x1536.jpg 1536w, https:\/\/bergers-schlagerparadies.de\/wp-content\/uploads\/2026\/02\/JENS-WAGNER-Ich-will-dich-lebenslaenglich-2048x2048.jpg 2048w, https:\/\/bergers-schlagerparadies.de\/wp-content\/uploads\/2026\/02\/JENS-WAGNER-Ich-will-dich-lebenslaenglich-1200x1200.jpg 1200w, https:\/\/bergers-schlagerparadies.de\/wp-content\/uploads\/2026\/02\/JENS-WAGNER-Ich-will-dich-lebenslaenglich-1188x1188.jpg 1188w, https:\/\/bergers-schlagerparadies.de\/wp-content\/uploads\/2026\/02\/JENS-WAGNER-Ich-will-dich-lebenslaenglich-100x100.jpg 100w\" sizes=\"auto, (max-width: 70px) 100vw, 70px\" \/>\u00a0 JENS WAGNER<\/span> &#8211; Ich will dich lebensl\u00e4nglich ( <span style=\"color: #800000;\">KLONDIKE Records &amp; Songs<\/span>\u00a0)<\/strong><\/li>\n<li><strong><span style=\"color: #800000;\"><img loading=\"lazy\" decoding=\"async\" class=\"alignnone wp-image-41326\" src=\"https:\/\/bergers-schlagerparadies.de\/wp-content\/uploads\/2026\/02\/Joe-Santo-Mein-Herz-schlaegt-fuer-dich-300x300.jpeg\" alt=\"\" width=\"70\" height=\"70\" srcset=\"https:\/\/bergers-schlagerparadies.de\/wp-content\/uploads\/2026\/02\/Joe-Santo-Mein-Herz-schlaegt-fuer-dich-300x300.jpeg 300w, https:\/\/bergers-schlagerparadies.de\/wp-content\/uploads\/2026\/02\/Joe-Santo-Mein-Herz-schlaegt-fuer-dich-1024x1024.jpeg 1024w, https:\/\/bergers-schlagerparadies.de\/wp-content\/uploads\/2026\/02\/Joe-Santo-Mein-Herz-schlaegt-fuer-dich-150x150.jpeg 150w, https:\/\/bergers-schlagerparadies.de\/wp-content\/uploads\/2026\/02\/Joe-Santo-Mein-Herz-schlaegt-fuer-dich-768x768.jpeg 768w, https:\/\/bergers-schlagerparadies.de\/wp-content\/uploads\/2026\/02\/Joe-Santo-Mein-Herz-schlaegt-fuer-dich-1188x1188.jpeg 1188w, https:\/\/bergers-schlagerparadies.de\/wp-content\/uploads\/2026\/02\/Joe-Santo-Mein-Herz-schlaegt-fuer-dich-100x100.jpeg 100w, https:\/\/bergers-schlagerparadies.de\/wp-content\/uploads\/2026\/02\/Joe-Santo-Mein-Herz-schlaegt-fuer-dich.jpeg 1200w\" sizes=\"auto, (max-width: 70px) 100vw, 70px\" \/>\u00a0 Joe Santo<\/span> &#8211; Mein Herz schl\u00e4gt f\u00fcr dich ( <span style=\"color: #800000;\">RAISACH-RECORDS<\/span>\u00a0)<\/strong><\/li>\n<li><strong><img loading=\"lazy\" decoding=\"async\" class=\"alignnone wp-image-41248\" src=\"https:\/\/bergers-schlagerparadies.de\/wp-content\/uploads\/2026\/01\/Lea-Lieblich-Du-bist-meine-Passion-300x300.jpeg\" alt=\"\" width=\"69\" height=\"69\" srcset=\"https:\/\/bergers-schlagerparadies.de\/wp-content\/uploads\/2026\/01\/Lea-Lieblich-Du-bist-meine-Passion-300x300.jpeg 300w, https:\/\/bergers-schlagerparadies.de\/wp-content\/uploads\/2026\/01\/Lea-Lieblich-Du-bist-meine-Passion-1024x1024.jpeg 1024w, https:\/\/bergers-schlagerparadies.de\/wp-content\/uploads\/2026\/01\/Lea-Lieblich-Du-bist-meine-Passion-150x150.jpeg 150w, https:\/\/bergers-schlagerparadies.de\/wp-content\/uploads\/2026\/01\/Lea-Lieblich-Du-bist-meine-Passion-768x768.jpeg 768w, https:\/\/bergers-schlagerparadies.de\/wp-content\/uploads\/2026\/01\/Lea-Lieblich-Du-bist-meine-Passion-1536x1536.jpeg 1536w, https:\/\/bergers-schlagerparadies.de\/wp-content\/uploads\/2026\/01\/Lea-Lieblich-Du-bist-meine-Passion-2048x2048.jpeg 2048w, https:\/\/bergers-schlagerparadies.de\/wp-content\/uploads\/2026\/01\/Lea-Lieblich-Du-bist-meine-Passion-1200x1200.jpeg 1200w, https:\/\/bergers-schlagerparadies.de\/wp-content\/uploads\/2026\/01\/Lea-Lieblich-Du-bist-meine-Passion-1188x1188.jpeg 1188w, https:\/\/bergers-schlagerparadies.de\/wp-content\/uploads\/2026\/01\/Lea-Lieblich-Du-bist-meine-Passion-100x100.jpeg 100w\" sizes=\"auto, (max-width: 69px) 100vw, 69px\" \/>\u00a0 <span style=\"color: #800000;\">Lea Lieblich<\/span> &#8211; Du bist meine Passion ( <span style=\"color: #800000;\">Fiesta Records<\/span> )<\/strong><\/li>\n<li><strong><span style=\"color: #800000;\"><img loading=\"lazy\" decoding=\"async\" class=\"alignnone wp-image-41357\" src=\"https:\/\/bergers-schlagerparadies.de\/wp-content\/uploads\/2026\/02\/Luca-Maurice-Mein-letzter-Brief-300x300.jpg\" alt=\"\" width=\"70\" height=\"70\" srcset=\"https:\/\/bergers-schlagerparadies.de\/wp-content\/uploads\/2026\/02\/Luca-Maurice-Mein-letzter-Brief-300x300.jpg 300w, https:\/\/bergers-schlagerparadies.de\/wp-content\/uploads\/2026\/02\/Luca-Maurice-Mein-letzter-Brief-150x150.jpg 150w, https:\/\/bergers-schlagerparadies.de\/wp-content\/uploads\/2026\/02\/Luca-Maurice-Mein-letzter-Brief-100x100.jpg 100w, https:\/\/bergers-schlagerparadies.de\/wp-content\/uploads\/2026\/02\/Luca-Maurice-Mein-letzter-Brief.jpg 640w\" sizes=\"auto, (max-width: 70px) 100vw, 70px\" \/>\u00a0 Luca Maurice<\/span> &#8211; Mein letzter Brief ( <span style=\"color: #800000;\">ATARA Music<\/span>\u00a0)<\/strong><\/li>\n<li><strong><span style=\"color: #800000;\"><img loading=\"lazy\" decoding=\"async\" class=\"alignnone wp-image-41321\" src=\"https:\/\/bergers-schlagerparadies.de\/wp-content\/uploads\/2026\/02\/Mina-Phil-Bis-zum-letzten-Atemzug-300x300.jpeg\" alt=\"\" width=\"70\" height=\"70\" srcset=\"https:\/\/bergers-schlagerparadies.de\/wp-content\/uploads\/2026\/02\/Mina-Phil-Bis-zum-letzten-Atemzug-300x300.jpeg 300w, https:\/\/bergers-schlagerparadies.de\/wp-content\/uploads\/2026\/02\/Mina-Phil-Bis-zum-letzten-Atemzug-1024x1024.jpeg 1024w, https:\/\/bergers-schlagerparadies.de\/wp-content\/uploads\/2026\/02\/Mina-Phil-Bis-zum-letzten-Atemzug-150x150.jpeg 150w, https:\/\/bergers-schlagerparadies.de\/wp-content\/uploads\/2026\/02\/Mina-Phil-Bis-zum-letzten-Atemzug-768x768.jpeg 768w, https:\/\/bergers-schlagerparadies.de\/wp-content\/uploads\/2026\/02\/Mina-Phil-Bis-zum-letzten-Atemzug-1200x1200.jpeg 1200w, https:\/\/bergers-schlagerparadies.de\/wp-content\/uploads\/2026\/02\/Mina-Phil-Bis-zum-letzten-Atemzug-1188x1188.jpeg 1188w, https:\/\/bergers-schlagerparadies.de\/wp-content\/uploads\/2026\/02\/Mina-Phil-Bis-zum-letzten-Atemzug-100x100.jpeg 100w, https:\/\/bergers-schlagerparadies.de\/wp-content\/uploads\/2026\/02\/Mina-Phil-Bis-zum-letzten-Atemzug.jpeg 1300w\" sizes=\"auto, (max-width: 70px) 100vw, 70px\" \/>\u00a0 Mina &amp; Phil<\/span> &#8211; Bis zum letzten Atemzug ( <span style=\"color: #800000;\">MinaPhil Records<\/span> )<\/strong><\/li>\n<li><strong><span style=\"color: #800000;\"><img loading=\"lazy\" decoding=\"async\" class=\"alignnone wp-image-41417\" src=\"https:\/\/bergers-schlagerparadies.de\/wp-content\/uploads\/2026\/02\/MusikPiraten-Ich-bin-da-300x300.jpeg\" alt=\"\" width=\"70\" height=\"70\" srcset=\"https:\/\/bergers-schlagerparadies.de\/wp-content\/uploads\/2026\/02\/MusikPiraten-Ich-bin-da-300x300.jpeg 300w, https:\/\/bergers-schlagerparadies.de\/wp-content\/uploads\/2026\/02\/MusikPiraten-Ich-bin-da-1024x1024.jpeg 1024w, https:\/\/bergers-schlagerparadies.de\/wp-content\/uploads\/2026\/02\/MusikPiraten-Ich-bin-da-150x150.jpeg 150w, https:\/\/bergers-schlagerparadies.de\/wp-content\/uploads\/2026\/02\/MusikPiraten-Ich-bin-da-768x768.jpeg 768w, https:\/\/bergers-schlagerparadies.de\/wp-content\/uploads\/2026\/02\/MusikPiraten-Ich-bin-da-1536x1536.jpeg 1536w, https:\/\/bergers-schlagerparadies.de\/wp-content\/uploads\/2026\/02\/MusikPiraten-Ich-bin-da-1200x1200.jpeg 1200w, https:\/\/bergers-schlagerparadies.de\/wp-content\/uploads\/2026\/02\/MusikPiraten-Ich-bin-da-1188x1188.jpeg 1188w, https:\/\/bergers-schlagerparadies.de\/wp-content\/uploads\/2026\/02\/MusikPiraten-Ich-bin-da-100x100.jpeg 100w, https:\/\/bergers-schlagerparadies.de\/wp-content\/uploads\/2026\/02\/MusikPiraten-Ich-bin-da.jpeg 2048w\" sizes=\"auto, (max-width: 70px) 100vw, 70px\" \/>\u00a0 MusikPiraten<\/span> &#8211; Ich bin da ( <span style=\"color: #800000;\">PRODACTS<\/span>\u00a0)<\/strong><\/li>\n<li><strong><span style=\"color: #800000;\"><img loading=\"lazy\" decoding=\"async\" class=\"alignnone wp-image-41334\" src=\"https:\/\/bergers-schlagerparadies.de\/wp-content\/uploads\/2026\/02\/Nadin-Meypo-Irgendwann-sehn-wir-uns-wieder-300x300.jpg\" alt=\"\" width=\"70\" height=\"70\" srcset=\"https:\/\/bergers-schlagerparadies.de\/wp-content\/uploads\/2026\/02\/Nadin-Meypo-Irgendwann-sehn-wir-uns-wieder-300x300.jpg 300w, https:\/\/bergers-schlagerparadies.de\/wp-content\/uploads\/2026\/02\/Nadin-Meypo-Irgendwann-sehn-wir-uns-wieder-1024x1024.jpg 1024w, https:\/\/bergers-schlagerparadies.de\/wp-content\/uploads\/2026\/02\/Nadin-Meypo-Irgendwann-sehn-wir-uns-wieder-150x150.jpg 150w, https:\/\/bergers-schlagerparadies.de\/wp-content\/uploads\/2026\/02\/Nadin-Meypo-Irgendwann-sehn-wir-uns-wieder-768x768.jpg 768w, https:\/\/bergers-schlagerparadies.de\/wp-content\/uploads\/2026\/02\/Nadin-Meypo-Irgendwann-sehn-wir-uns-wieder-1536x1536.jpg 1536w, https:\/\/bergers-schlagerparadies.de\/wp-content\/uploads\/2026\/02\/Nadin-Meypo-Irgendwann-sehn-wir-uns-wieder-2048x2048.jpg 2048w, https:\/\/bergers-schlagerparadies.de\/wp-content\/uploads\/2026\/02\/Nadin-Meypo-Irgendwann-sehn-wir-uns-wieder-1200x1200.jpg 1200w, https:\/\/bergers-schlagerparadies.de\/wp-content\/uploads\/2026\/02\/Nadin-Meypo-Irgendwann-sehn-wir-uns-wieder-1188x1188.jpg 1188w, https:\/\/bergers-schlagerparadies.de\/wp-content\/uploads\/2026\/02\/Nadin-Meypo-Irgendwann-sehn-wir-uns-wieder-100x100.jpg 100w\" sizes=\"auto, (max-width: 70px) 100vw, 70px\" \/>\u00a0 Nadin Meypo<\/span> &#8211; Irgendwann sehn wir uns wieder ( <span style=\"color: #800000;\">KLONDIKE Records &amp; Songs<\/span>\u00a0)<\/strong><\/li>\n<li><strong><span style=\"color: #800000;\"><img loading=\"lazy\" decoding=\"async\" class=\"alignnone wp-image-41421\" src=\"https:\/\/bergers-schlagerparadies.de\/wp-content\/uploads\/2026\/02\/Peter-Grimberg-Dir-zu-Ehren-300x300.jpeg\" alt=\"\" width=\"70\" height=\"70\" srcset=\"https:\/\/bergers-schlagerparadies.de\/wp-content\/uploads\/2026\/02\/Peter-Grimberg-Dir-zu-Ehren-300x300.jpeg 300w, https:\/\/bergers-schlagerparadies.de\/wp-content\/uploads\/2026\/02\/Peter-Grimberg-Dir-zu-Ehren-1024x1024.jpeg 1024w, https:\/\/bergers-schlagerparadies.de\/wp-content\/uploads\/2026\/02\/Peter-Grimberg-Dir-zu-Ehren-150x150.jpeg 150w, https:\/\/bergers-schlagerparadies.de\/wp-content\/uploads\/2026\/02\/Peter-Grimberg-Dir-zu-Ehren-768x768.jpeg 768w, https:\/\/bergers-schlagerparadies.de\/wp-content\/uploads\/2026\/02\/Peter-Grimberg-Dir-zu-Ehren-1188x1188.jpeg 1188w, https:\/\/bergers-schlagerparadies.de\/wp-content\/uploads\/2026\/02\/Peter-Grimberg-Dir-zu-Ehren-100x100.jpeg 100w, https:\/\/bergers-schlagerparadies.de\/wp-content\/uploads\/2026\/02\/Peter-Grimberg-Dir-zu-Ehren.jpeg 1200w\" sizes=\"auto, (max-width: 70px) 100vw, 70px\" \/>\u00a0 Peter Grimberg<\/span> &#8211; Dir zu Ehren ( <span style=\"color: #800000;\">Artists &amp; Acts<\/span>\u00a0)<\/strong><\/li>\n<li><strong><span style=\"color: #800000;\"><img loading=\"lazy\" decoding=\"async\" class=\"alignnone wp-image-41307\" src=\"https:\/\/bergers-schlagerparadies.de\/wp-content\/uploads\/2026\/02\/Ralph-Bogard-Ein-Augenblick-300x300.jpeg\" alt=\"\" width=\"70\" height=\"70\" srcset=\"https:\/\/bergers-schlagerparadies.de\/wp-content\/uploads\/2026\/02\/Ralph-Bogard-Ein-Augenblick-300x300.jpeg 300w, https:\/\/bergers-schlagerparadies.de\/wp-content\/uploads\/2026\/02\/Ralph-Bogard-Ein-Augenblick-1024x1024.jpeg 1024w, https:\/\/bergers-schlagerparadies.de\/wp-content\/uploads\/2026\/02\/Ralph-Bogard-Ein-Augenblick-150x150.jpeg 150w, https:\/\/bergers-schlagerparadies.de\/wp-content\/uploads\/2026\/02\/Ralph-Bogard-Ein-Augenblick-768x768.jpeg 768w, https:\/\/bergers-schlagerparadies.de\/wp-content\/uploads\/2026\/02\/Ralph-Bogard-Ein-Augenblick-1188x1188.jpeg 1188w, https:\/\/bergers-schlagerparadies.de\/wp-content\/uploads\/2026\/02\/Ralph-Bogard-Ein-Augenblick-100x100.jpeg 100w, https:\/\/bergers-schlagerparadies.de\/wp-content\/uploads\/2026\/02\/Ralph-Bogard-Ein-Augenblick.jpeg 1200w\" sizes=\"auto, (max-width: 70px) 100vw, 70px\" \/>\u00a0 Ralph Bogard<\/span> &#8211; Ein Augenblick ( <span style=\"color: #800000;\">XENIA Records<\/span>\u00a0)<\/strong><\/li>\n<li><strong><span style=\"color: #800000;\"><img loading=\"lazy\" decoding=\"async\" class=\"alignnone wp-image-41362\" src=\"https:\/\/bergers-schlagerparadies.de\/wp-content\/uploads\/2026\/02\/Relax-x-DJ-Bonzay-Weil-I-di-Mog-2026-300x300.jpg\" alt=\"\" width=\"70\" height=\"70\" srcset=\"https:\/\/bergers-schlagerparadies.de\/wp-content\/uploads\/2026\/02\/Relax-x-DJ-Bonzay-Weil-I-di-Mog-2026-300x300.jpg 300w, https:\/\/bergers-schlagerparadies.de\/wp-content\/uploads\/2026\/02\/Relax-x-DJ-Bonzay-Weil-I-di-Mog-2026-1024x1024.jpg 1024w, https:\/\/bergers-schlagerparadies.de\/wp-content\/uploads\/2026\/02\/Relax-x-DJ-Bonzay-Weil-I-di-Mog-2026-150x150.jpg 150w, https:\/\/bergers-schlagerparadies.de\/wp-content\/uploads\/2026\/02\/Relax-x-DJ-Bonzay-Weil-I-di-Mog-2026-768x768.jpg 768w, https:\/\/bergers-schlagerparadies.de\/wp-content\/uploads\/2026\/02\/Relax-x-DJ-Bonzay-Weil-I-di-Mog-2026-1536x1536.jpg 1536w, https:\/\/bergers-schlagerparadies.de\/wp-content\/uploads\/2026\/02\/Relax-x-DJ-Bonzay-Weil-I-di-Mog-2026-2048x2048.jpg 2048w, https:\/\/bergers-schlagerparadies.de\/wp-content\/uploads\/2026\/02\/Relax-x-DJ-Bonzay-Weil-I-di-Mog-2026-1200x1200.jpg 1200w, https:\/\/bergers-schlagerparadies.de\/wp-content\/uploads\/2026\/02\/Relax-x-DJ-Bonzay-Weil-I-di-Mog-2026-1188x1188.jpg 1188w, https:\/\/bergers-schlagerparadies.de\/wp-content\/uploads\/2026\/02\/Relax-x-DJ-Bonzay-Weil-I-di-Mog-2026-100x100.jpg 100w\" sizes=\"auto, (max-width: 70px) 100vw, 70px\" \/>\u00a0 Relax<\/span> x <span style=\"color: #800000;\">DJ Bonzay<\/span> &#8211; Weil I di Mog 2026 ( <span style=\"color: #800000;\">VIA Music<\/span>\u00a0)<\/strong><\/li>\n<li><strong><span style=\"color: #800000;\"><img loading=\"lazy\" decoding=\"async\" class=\"alignnone wp-image-41151\" src=\"https:\/\/bergers-schlagerparadies.de\/wp-content\/uploads\/2026\/01\/Sarah-Carina-Goodbye-300x300.jpeg\" alt=\"\" width=\"70\" height=\"70\" srcset=\"https:\/\/bergers-schlagerparadies.de\/wp-content\/uploads\/2026\/01\/Sarah-Carina-Goodbye-300x300.jpeg 300w, https:\/\/bergers-schlagerparadies.de\/wp-content\/uploads\/2026\/01\/Sarah-Carina-Goodbye-1024x1024.jpeg 1024w, https:\/\/bergers-schlagerparadies.de\/wp-content\/uploads\/2026\/01\/Sarah-Carina-Goodbye-150x150.jpeg 150w, https:\/\/bergers-schlagerparadies.de\/wp-content\/uploads\/2026\/01\/Sarah-Carina-Goodbye-768x768.jpeg 768w, https:\/\/bergers-schlagerparadies.de\/wp-content\/uploads\/2026\/01\/Sarah-Carina-Goodbye-1536x1536.jpeg 1536w, https:\/\/bergers-schlagerparadies.de\/wp-content\/uploads\/2026\/01\/Sarah-Carina-Goodbye-1200x1200.jpeg 1200w, https:\/\/bergers-schlagerparadies.de\/wp-content\/uploads\/2026\/01\/Sarah-Carina-Goodbye-1188x1188.jpeg 1188w, https:\/\/bergers-schlagerparadies.de\/wp-content\/uploads\/2026\/01\/Sarah-Carina-Goodbye-100x100.jpeg 100w, https:\/\/bergers-schlagerparadies.de\/wp-content\/uploads\/2026\/01\/Sarah-Carina-Goodbye.jpeg 1600w\" sizes=\"auto, (max-width: 70px) 100vw, 70px\" \/>\u00a0 Sarah Carina<\/span> &#8211; Goodbye ( <span style=\"color: #800000;\">CeeM Records<\/span>\u00a0)<\/strong><\/li>\n<li><strong><span style=\"color: #800000;\"><img loading=\"lazy\" decoding=\"async\" class=\"alignnone wp-image-41350\" src=\"https:\/\/bergers-schlagerparadies.de\/wp-content\/uploads\/2026\/02\/Sven-Polenz-Nachts-wenn-alles-schlaeft-300x300.jpg\" alt=\"\" width=\"70\" height=\"70\" srcset=\"https:\/\/bergers-schlagerparadies.de\/wp-content\/uploads\/2026\/02\/Sven-Polenz-Nachts-wenn-alles-schlaeft-300x300.jpg 300w, https:\/\/bergers-schlagerparadies.de\/wp-content\/uploads\/2026\/02\/Sven-Polenz-Nachts-wenn-alles-schlaeft-1024x1024.jpg 1024w, https:\/\/bergers-schlagerparadies.de\/wp-content\/uploads\/2026\/02\/Sven-Polenz-Nachts-wenn-alles-schlaeft-150x150.jpg 150w, https:\/\/bergers-schlagerparadies.de\/wp-content\/uploads\/2026\/02\/Sven-Polenz-Nachts-wenn-alles-schlaeft-768x768.jpg 768w, https:\/\/bergers-schlagerparadies.de\/wp-content\/uploads\/2026\/02\/Sven-Polenz-Nachts-wenn-alles-schlaeft-1536x1536.jpg 1536w, https:\/\/bergers-schlagerparadies.de\/wp-content\/uploads\/2026\/02\/Sven-Polenz-Nachts-wenn-alles-schlaeft-2048x2048.jpg 2048w, https:\/\/bergers-schlagerparadies.de\/wp-content\/uploads\/2026\/02\/Sven-Polenz-Nachts-wenn-alles-schlaeft-1200x1200.jpg 1200w, https:\/\/bergers-schlagerparadies.de\/wp-content\/uploads\/2026\/02\/Sven-Polenz-Nachts-wenn-alles-schlaeft-1188x1188.jpg 1188w, https:\/\/bergers-schlagerparadies.de\/wp-content\/uploads\/2026\/02\/Sven-Polenz-Nachts-wenn-alles-schlaeft-100x100.jpg 100w\" sizes=\"auto, (max-width: 70px) 100vw, 70px\" \/>\u00a0 Sven Polenz<\/span> &#8211; Nachts wenn alles schl\u00e4ft ( <span style=\"color: #800000;\">Fiesta Records<\/span> )<\/strong><\/li>\n<li><strong><span style=\"color: #800000;\"><img loading=\"lazy\" decoding=\"async\" class=\"alignnone wp-image-41354\" src=\"https:\/\/bergers-schlagerparadies.de\/wp-content\/uploads\/2026\/02\/Uwe-Hoell-Wahnsinnsgefuehl-300x300.jpeg\" alt=\"\" width=\"70\" height=\"70\" srcset=\"https:\/\/bergers-schlagerparadies.de\/wp-content\/uploads\/2026\/02\/Uwe-Hoell-Wahnsinnsgefuehl-300x300.jpeg 300w, https:\/\/bergers-schlagerparadies.de\/wp-content\/uploads\/2026\/02\/Uwe-Hoell-Wahnsinnsgefuehl-1024x1024.jpeg 1024w, https:\/\/bergers-schlagerparadies.de\/wp-content\/uploads\/2026\/02\/Uwe-Hoell-Wahnsinnsgefuehl-150x150.jpeg 150w, https:\/\/bergers-schlagerparadies.de\/wp-content\/uploads\/2026\/02\/Uwe-Hoell-Wahnsinnsgefuehl-768x768.jpeg 768w, https:\/\/bergers-schlagerparadies.de\/wp-content\/uploads\/2026\/02\/Uwe-Hoell-Wahnsinnsgefuehl-1536x1536.jpeg 1536w, https:\/\/bergers-schlagerparadies.de\/wp-content\/uploads\/2026\/02\/Uwe-Hoell-Wahnsinnsgefuehl-2048x2048.jpeg 2048w, https:\/\/bergers-schlagerparadies.de\/wp-content\/uploads\/2026\/02\/Uwe-Hoell-Wahnsinnsgefuehl-1200x1200.jpeg 1200w, https:\/\/bergers-schlagerparadies.de\/wp-content\/uploads\/2026\/02\/Uwe-Hoell-Wahnsinnsgefuehl-1188x1188.jpeg 1188w, https:\/\/bergers-schlagerparadies.de\/wp-content\/uploads\/2026\/02\/Uwe-Hoell-Wahnsinnsgefuehl-100x100.jpeg 100w\" sizes=\"auto, (max-width: 70px) 100vw, 70px\" \/>\u00a0 Uwe H\u00f6ll<\/span> &#8211; Wahnsinnsgef\u00fchl ( <span style=\"color: #800000;\">Fiesta Records<\/span> )<\/strong><\/li>\n<\/ul>\n<p><span style=\"font-size: 12pt;\"><strong><em><span style=\"color: #666699;\">Neuvorstellungen<\/span><\/em><em><span style=\"color: #666699;\"> in dieser Woche: mit V\u00d6: <\/span><span style=\"color: #666699;\"><span style=\"color: #800000;\">30<\/span><\/span><span style=\"color: #666699;\"><span style=\"color: #993366; font-size: 14pt;\">.01.2026 <\/span>&#8211; 05<\/span><span style=\"color: #808080;\">KW<\/span><\/em><\/strong><\/span><\/p>\n<ul>\n<li><img loading=\"lazy\" decoding=\"async\" class=\"alignnone wp-image-41078\" src=\"https:\/\/bergers-schlagerparadies.de\/wp-content\/uploads\/2026\/01\/Bunch-of-Ace-Tanz-im-Wasser-EP-analog-300x300.jpeg\" alt=\"\" width=\"70\" height=\"70\" srcset=\"https:\/\/bergers-schlagerparadies.de\/wp-content\/uploads\/2026\/01\/Bunch-of-Ace-Tanz-im-Wasser-EP-analog-300x300.jpeg 300w, https:\/\/bergers-schlagerparadies.de\/wp-content\/uploads\/2026\/01\/Bunch-of-Ace-Tanz-im-Wasser-EP-analog-1024x1024.jpeg 1024w, https:\/\/bergers-schlagerparadies.de\/wp-content\/uploads\/2026\/01\/Bunch-of-Ace-Tanz-im-Wasser-EP-analog-150x150.jpeg 150w, https:\/\/bergers-schlagerparadies.de\/wp-content\/uploads\/2026\/01\/Bunch-of-Ace-Tanz-im-Wasser-EP-analog-768x768.jpeg 768w, https:\/\/bergers-schlagerparadies.de\/wp-content\/uploads\/2026\/01\/Bunch-of-Ace-Tanz-im-Wasser-EP-analog-1188x1188.jpeg 1188w, https:\/\/bergers-schlagerparadies.de\/wp-content\/uploads\/2026\/01\/Bunch-of-Ace-Tanz-im-Wasser-EP-analog-100x100.jpeg 100w, https:\/\/bergers-schlagerparadies.de\/wp-content\/uploads\/2026\/01\/Bunch-of-Ace-Tanz-im-Wasser-EP-analog.jpeg 1200w\" sizes=\"auto, (max-width: 70px) 100vw, 70px\" \/>\u00a0 <strong><span style=\"color: #800000;\">Bunch of Ace<\/span> &#8211; Tanz im Wasser (<span style=\"color: #800000;\">EP (analog<\/span>) ( <span style=\"color: #800000;\">Heyband<\/span>\u00a0)<\/strong><\/li>\n<li><strong><img loading=\"lazy\" decoding=\"async\" class=\"alignnone wp-image-40883\" src=\"https:\/\/bergers-schlagerparadies.de\/wp-content\/uploads\/2026\/01\/CAPE-CARNEVAL-Lift-Off-Vol.-1.jpeg\" alt=\"\" width=\"70\" height=\"70\" srcset=\"https:\/\/bergers-schlagerparadies.de\/wp-content\/uploads\/2026\/01\/CAPE-CARNEVAL-Lift-Off-Vol.-1.jpeg 200w, https:\/\/bergers-schlagerparadies.de\/wp-content\/uploads\/2026\/01\/CAPE-CARNEVAL-Lift-Off-Vol.-1-150x150.jpeg 150w, https:\/\/bergers-schlagerparadies.de\/wp-content\/uploads\/2026\/01\/CAPE-CARNEVAL-Lift-Off-Vol.-1-100x100.jpeg 100w\" sizes=\"auto, (max-width: 70px) 100vw, 70px\" \/>\u00a0 CAPE CARNEVAL &#8211; Lift-Off Vol. 1 <span style=\"color: #800000;\">CAPE CARNEVAL<\/span> &#8211; Die Stimmungsraketen (<span style=\"color: #800000;\">Album<\/span>)<\/strong><\/li>\n<li><strong><span style=\"color: #800000;\"><img loading=\"lazy\" decoding=\"async\" class=\"alignnone wp-image-41189\" src=\"https:\/\/bergers-schlagerparadies.de\/wp-content\/uploads\/2026\/01\/Ferdinand-Rennie-ALLES-WIRD-GUT-Album-295x300.jpeg\" alt=\"\" width=\"70\" height=\"71\" srcset=\"https:\/\/bergers-schlagerparadies.de\/wp-content\/uploads\/2026\/01\/Ferdinand-Rennie-ALLES-WIRD-GUT-Album-295x300.jpeg 295w, https:\/\/bergers-schlagerparadies.de\/wp-content\/uploads\/2026\/01\/Ferdinand-Rennie-ALLES-WIRD-GUT-Album-1006x1024.jpeg 1006w, https:\/\/bergers-schlagerparadies.de\/wp-content\/uploads\/2026\/01\/Ferdinand-Rennie-ALLES-WIRD-GUT-Album-150x150.jpeg 150w, https:\/\/bergers-schlagerparadies.de\/wp-content\/uploads\/2026\/01\/Ferdinand-Rennie-ALLES-WIRD-GUT-Album-768x782.jpeg 768w, https:\/\/bergers-schlagerparadies.de\/wp-content\/uploads\/2026\/01\/Ferdinand-Rennie-ALLES-WIRD-GUT-Album-1178x1200.jpeg 1178w, https:\/\/bergers-schlagerparadies.de\/wp-content\/uploads\/2026\/01\/Ferdinand-Rennie-ALLES-WIRD-GUT-Album-1188x1210.jpeg 1188w, https:\/\/bergers-schlagerparadies.de\/wp-content\/uploads\/2026\/01\/Ferdinand-Rennie-ALLES-WIRD-GUT-Album-100x100.jpeg 100w, https:\/\/bergers-schlagerparadies.de\/wp-content\/uploads\/2026\/01\/Ferdinand-Rennie-ALLES-WIRD-GUT-Album.jpeg 1200w\" sizes=\"auto, (max-width: 70px) 100vw, 70px\" \/>\u00a0 Ferdinand Rennie<\/span> &#8211; ALLES WIRD GUT ! (<span style=\"color: #800000;\">Album<\/span>) ( <span style=\"color: #800000;\">FABSCOTS Music<\/span>\u00a0)<\/strong><\/li>\n<li><strong><img loading=\"lazy\" decoding=\"async\" class=\"alignnone wp-image-41092\" src=\"https:\/\/bergers-schlagerparadies.de\/wp-content\/uploads\/2026\/01\/HELMUT-HUSSLER-Warum-nicht-ich.-Album-300x300.jpeg\" alt=\"\" width=\"70\" height=\"70\" srcset=\"https:\/\/bergers-schlagerparadies.de\/wp-content\/uploads\/2026\/01\/HELMUT-HUSSLER-Warum-nicht-ich.-Album-300x300.jpeg 300w, https:\/\/bergers-schlagerparadies.de\/wp-content\/uploads\/2026\/01\/HELMUT-HUSSLER-Warum-nicht-ich.-Album-1024x1024.jpeg 1024w, https:\/\/bergers-schlagerparadies.de\/wp-content\/uploads\/2026\/01\/HELMUT-HUSSLER-Warum-nicht-ich.-Album-150x150.jpeg 150w, https:\/\/bergers-schlagerparadies.de\/wp-content\/uploads\/2026\/01\/HELMUT-HUSSLER-Warum-nicht-ich.-Album-768x768.jpeg 768w, https:\/\/bergers-schlagerparadies.de\/wp-content\/uploads\/2026\/01\/HELMUT-HUSSLER-Warum-nicht-ich.-Album-1536x1536.jpeg 1536w, https:\/\/bergers-schlagerparadies.de\/wp-content\/uploads\/2026\/01\/HELMUT-HUSSLER-Warum-nicht-ich.-Album-2048x2048.jpeg 2048w, https:\/\/bergers-schlagerparadies.de\/wp-content\/uploads\/2026\/01\/HELMUT-HUSSLER-Warum-nicht-ich.-Album-1200x1200.jpeg 1200w, https:\/\/bergers-schlagerparadies.de\/wp-content\/uploads\/2026\/01\/HELMUT-HUSSLER-Warum-nicht-ich.-Album-1188x1188.jpeg 1188w, https:\/\/bergers-schlagerparadies.de\/wp-content\/uploads\/2026\/01\/HELMUT-HUSSLER-Warum-nicht-ich.-Album-100x100.jpeg 100w\" sizes=\"auto, (max-width: 70px) 100vw, 70px\" \/>\u00a0 HELMUT HUSSLER &#8211; Warum nicht ich&#8230; (<span style=\"color: #800000;\">Album<\/span>)<\/strong><\/li>\n<li><span style=\"color: #800000;\"><strong>&#8212;&#8212;&#8212;&#8212;&#8212;&#8212;&#8212;&#8212;&#8212;&#8212;&#8212;&#8212;&#8212;&#8212;&#8212;&#8212;&#8212;&#8212;&#8212;&#8212;&#8212;&#8212;&#8212;&#8212;&#8212;&#8212;&#8212;&#8212;&#8212;&#8212;&#8212;&#8212;&#8212;&#8212;&#8212;<\/strong><\/span><\/li>\n<li><strong><span style=\"color: #800000;\"><img loading=\"lazy\" decoding=\"async\" class=\"alignnone wp-image-41230\" src=\"https:\/\/bergers-schlagerparadies.de\/wp-content\/uploads\/2026\/01\/Alexander-Ferro-\u2013-Ich-mach-das-alles-nur-fuer-Dich-300x300.jpg\" alt=\"\" width=\"70\" height=\"70\" srcset=\"https:\/\/bergers-schlagerparadies.de\/wp-content\/uploads\/2026\/01\/Alexander-Ferro-\u2013-Ich-mach-das-alles-nur-fuer-Dich-300x300.jpg 300w, https:\/\/bergers-schlagerparadies.de\/wp-content\/uploads\/2026\/01\/Alexander-Ferro-\u2013-Ich-mach-das-alles-nur-fuer-Dich-1024x1024.jpg 1024w, https:\/\/bergers-schlagerparadies.de\/wp-content\/uploads\/2026\/01\/Alexander-Ferro-\u2013-Ich-mach-das-alles-nur-fuer-Dich-150x150.jpg 150w, https:\/\/bergers-schlagerparadies.de\/wp-content\/uploads\/2026\/01\/Alexander-Ferro-\u2013-Ich-mach-das-alles-nur-fuer-Dich-768x768.jpg 768w, https:\/\/bergers-schlagerparadies.de\/wp-content\/uploads\/2026\/01\/Alexander-Ferro-\u2013-Ich-mach-das-alles-nur-fuer-Dich-1200x1200.jpg 1200w, https:\/\/bergers-schlagerparadies.de\/wp-content\/uploads\/2026\/01\/Alexander-Ferro-\u2013-Ich-mach-das-alles-nur-fuer-Dich-1188x1188.jpg 1188w, https:\/\/bergers-schlagerparadies.de\/wp-content\/uploads\/2026\/01\/Alexander-Ferro-\u2013-Ich-mach-das-alles-nur-fuer-Dich-100x100.jpg 100w, https:\/\/bergers-schlagerparadies.de\/wp-content\/uploads\/2026\/01\/Alexander-Ferro-\u2013-Ich-mach-das-alles-nur-fuer-Dich.jpg 1400w\" sizes=\"auto, (max-width: 70px) 100vw, 70px\" \/>\u00a0 Alexander Ferro<\/span> \u2013 Ich mach das alles nur f\u00fcr Dich ( <span style=\"color: #800000;\"><strong class=\"font-size-18 m-font-size-14\">GREJO Records<\/strong><\/span>\u00a0)<\/strong><\/li>\n<li><strong><img loading=\"lazy\" decoding=\"async\" class=\"alignnone wp-image-41070\" src=\"https:\/\/bergers-schlagerparadies.de\/wp-content\/uploads\/2026\/01\/Anita-Hofmann-Teilzeit-Diva-300x300.jpeg\" alt=\"\" width=\"70\" height=\"70\" srcset=\"https:\/\/bergers-schlagerparadies.de\/wp-content\/uploads\/2026\/01\/Anita-Hofmann-Teilzeit-Diva-300x300.jpeg 300w, https:\/\/bergers-schlagerparadies.de\/wp-content\/uploads\/2026\/01\/Anita-Hofmann-Teilzeit-Diva-1024x1024.jpeg 1024w, https:\/\/bergers-schlagerparadies.de\/wp-content\/uploads\/2026\/01\/Anita-Hofmann-Teilzeit-Diva-150x150.jpeg 150w, https:\/\/bergers-schlagerparadies.de\/wp-content\/uploads\/2026\/01\/Anita-Hofmann-Teilzeit-Diva-768x768.jpeg 768w, https:\/\/bergers-schlagerparadies.de\/wp-content\/uploads\/2026\/01\/Anita-Hofmann-Teilzeit-Diva-1536x1536.jpeg 1536w, https:\/\/bergers-schlagerparadies.de\/wp-content\/uploads\/2026\/01\/Anita-Hofmann-Teilzeit-Diva-2048x2048.jpeg 2048w, https:\/\/bergers-schlagerparadies.de\/wp-content\/uploads\/2026\/01\/Anita-Hofmann-Teilzeit-Diva-1200x1200.jpeg 1200w, https:\/\/bergers-schlagerparadies.de\/wp-content\/uploads\/2026\/01\/Anita-Hofmann-Teilzeit-Diva-1188x1188.jpeg 1188w, https:\/\/bergers-schlagerparadies.de\/wp-content\/uploads\/2026\/01\/Anita-Hofmann-Teilzeit-Diva-100x100.jpeg 100w\" sizes=\"auto, (max-width: 70px) 100vw, 70px\" \/>\u00a0 <span style=\"color: #800000;\">Anita Hofmann<\/span> &#8211; Teilzeit-Diva ( <span style=\"color: #800000;\">Tonita Records<\/span> \/ <span style=\"color: #800000;\">Artists &amp; Acts\u00a0<\/span>)<\/strong><\/li>\n<li><strong><span style=\"color: #800000;\"><img loading=\"lazy\" decoding=\"async\" class=\"alignnone wp-image-41226\" src=\"https:\/\/bergers-schlagerparadies.de\/wp-content\/uploads\/2026\/01\/Angelo-Venucci-Diva-300x300.jpg\" alt=\"\" width=\"70\" height=\"70\" srcset=\"https:\/\/bergers-schlagerparadies.de\/wp-content\/uploads\/2026\/01\/Angelo-Venucci-Diva-300x300.jpg 300w, https:\/\/bergers-schlagerparadies.de\/wp-content\/uploads\/2026\/01\/Angelo-Venucci-Diva-1024x1024.jpg 1024w, https:\/\/bergers-schlagerparadies.de\/wp-content\/uploads\/2026\/01\/Angelo-Venucci-Diva-150x150.jpg 150w, https:\/\/bergers-schlagerparadies.de\/wp-content\/uploads\/2026\/01\/Angelo-Venucci-Diva-768x768.jpg 768w, https:\/\/bergers-schlagerparadies.de\/wp-content\/uploads\/2026\/01\/Angelo-Venucci-Diva-1536x1536.jpg 1536w, https:\/\/bergers-schlagerparadies.de\/wp-content\/uploads\/2026\/01\/Angelo-Venucci-Diva-2048x2048.jpg 2048w, https:\/\/bergers-schlagerparadies.de\/wp-content\/uploads\/2026\/01\/Angelo-Venucci-Diva-1200x1200.jpg 1200w, https:\/\/bergers-schlagerparadies.de\/wp-content\/uploads\/2026\/01\/Angelo-Venucci-Diva-1188x1188.jpg 1188w, https:\/\/bergers-schlagerparadies.de\/wp-content\/uploads\/2026\/01\/Angelo-Venucci-Diva-100x100.jpg 100w\" sizes=\"auto, (max-width: 70px) 100vw, 70px\" \/>\u00a0 Angelo Venucci<\/span> &#8211; Diva ( <span style=\"color: #800000;\">Fiesta Records<\/span> )<\/strong><\/li>\n<li><strong><img loading=\"lazy\" decoding=\"async\" class=\"alignnone wp-image-41046\" src=\"https:\/\/bergers-schlagerparadies.de\/wp-content\/uploads\/2026\/01\/Anna-Karina-Henke-Liebeselixier-300x300.jpeg\" alt=\"\" width=\"70\" height=\"70\" srcset=\"https:\/\/bergers-schlagerparadies.de\/wp-content\/uploads\/2026\/01\/Anna-Karina-Henke-Liebeselixier-300x300.jpeg 300w, https:\/\/bergers-schlagerparadies.de\/wp-content\/uploads\/2026\/01\/Anna-Karina-Henke-Liebeselixier-1024x1024.jpeg 1024w, https:\/\/bergers-schlagerparadies.de\/wp-content\/uploads\/2026\/01\/Anna-Karina-Henke-Liebeselixier-150x150.jpeg 150w, https:\/\/bergers-schlagerparadies.de\/wp-content\/uploads\/2026\/01\/Anna-Karina-Henke-Liebeselixier-768x768.jpeg 768w, https:\/\/bergers-schlagerparadies.de\/wp-content\/uploads\/2026\/01\/Anna-Karina-Henke-Liebeselixier-1536x1536.jpeg 1536w, https:\/\/bergers-schlagerparadies.de\/wp-content\/uploads\/2026\/01\/Anna-Karina-Henke-Liebeselixier-2048x2048.jpeg 2048w, https:\/\/bergers-schlagerparadies.de\/wp-content\/uploads\/2026\/01\/Anna-Karina-Henke-Liebeselixier-1200x1200.jpeg 1200w, https:\/\/bergers-schlagerparadies.de\/wp-content\/uploads\/2026\/01\/Anna-Karina-Henke-Liebeselixier-1188x1188.jpeg 1188w, https:\/\/bergers-schlagerparadies.de\/wp-content\/uploads\/2026\/01\/Anna-Karina-Henke-Liebeselixier-100x100.jpeg 100w\" sizes=\"auto, (max-width: 70px) 100vw, 70px\" \/>\u00a0 <span style=\"color: #800000;\">Anna Karina Henke<\/span> &#8211; Liebeselixier ( <span style=\"color: #800000;\">Fiesta Records<\/span> )<\/strong><\/li>\n<li><strong><span style=\"color: #800000;\"><img loading=\"lazy\" decoding=\"async\" class=\"alignnone wp-image-41269\" src=\"https:\/\/bergers-schlagerparadies.de\/wp-content\/uploads\/2026\/01\/Aylin-Vega-Im-Herzen-bleibt-nur-die-Liebe-300x300.jpg\" alt=\"\" width=\"70\" height=\"70\" srcset=\"https:\/\/bergers-schlagerparadies.de\/wp-content\/uploads\/2026\/01\/Aylin-Vega-Im-Herzen-bleibt-nur-die-Liebe-300x300.jpg 300w, https:\/\/bergers-schlagerparadies.de\/wp-content\/uploads\/2026\/01\/Aylin-Vega-Im-Herzen-bleibt-nur-die-Liebe-1024x1024.jpg 1024w, https:\/\/bergers-schlagerparadies.de\/wp-content\/uploads\/2026\/01\/Aylin-Vega-Im-Herzen-bleibt-nur-die-Liebe-150x150.jpg 150w, https:\/\/bergers-schlagerparadies.de\/wp-content\/uploads\/2026\/01\/Aylin-Vega-Im-Herzen-bleibt-nur-die-Liebe-768x768.jpg 768w, https:\/\/bergers-schlagerparadies.de\/wp-content\/uploads\/2026\/01\/Aylin-Vega-Im-Herzen-bleibt-nur-die-Liebe-1536x1536.jpg 1536w, https:\/\/bergers-schlagerparadies.de\/wp-content\/uploads\/2026\/01\/Aylin-Vega-Im-Herzen-bleibt-nur-die-Liebe-2048x2048.jpg 2048w, https:\/\/bergers-schlagerparadies.de\/wp-content\/uploads\/2026\/01\/Aylin-Vega-Im-Herzen-bleibt-nur-die-Liebe-1200x1200.jpg 1200w, https:\/\/bergers-schlagerparadies.de\/wp-content\/uploads\/2026\/01\/Aylin-Vega-Im-Herzen-bleibt-nur-die-Liebe-1188x1188.jpg 1188w, https:\/\/bergers-schlagerparadies.de\/wp-content\/uploads\/2026\/01\/Aylin-Vega-Im-Herzen-bleibt-nur-die-Liebe-100x100.jpg 100w\" sizes=\"auto, (max-width: 70px) 100vw, 70px\" \/>\u00a0 Aylin Vega<\/span> &#8211; Im Herzen bleibt nur die Liebe ( <span style=\"color: #800000;\">Fiesta Records<\/span> )<\/strong><\/li>\n<li><strong><img loading=\"lazy\" decoding=\"async\" class=\"alignnone wp-image-41062\" src=\"https:\/\/bergers-schlagerparadies.de\/wp-content\/uploads\/2026\/01\/Bernd-Havixbeck-Chris-Elbers-Autoscooter-Liebe-300x300.jpeg\" alt=\"\" width=\"70\" height=\"70\" srcset=\"https:\/\/bergers-schlagerparadies.de\/wp-content\/uploads\/2026\/01\/Bernd-Havixbeck-Chris-Elbers-Autoscooter-Liebe-300x300.jpeg 300w, https:\/\/bergers-schlagerparadies.de\/wp-content\/uploads\/2026\/01\/Bernd-Havixbeck-Chris-Elbers-Autoscooter-Liebe-1024x1024.jpeg 1024w, https:\/\/bergers-schlagerparadies.de\/wp-content\/uploads\/2026\/01\/Bernd-Havixbeck-Chris-Elbers-Autoscooter-Liebe-150x150.jpeg 150w, https:\/\/bergers-schlagerparadies.de\/wp-content\/uploads\/2026\/01\/Bernd-Havixbeck-Chris-Elbers-Autoscooter-Liebe-768x768.jpeg 768w, https:\/\/bergers-schlagerparadies.de\/wp-content\/uploads\/2026\/01\/Bernd-Havixbeck-Chris-Elbers-Autoscooter-Liebe-1536x1536.jpeg 1536w, https:\/\/bergers-schlagerparadies.de\/wp-content\/uploads\/2026\/01\/Bernd-Havixbeck-Chris-Elbers-Autoscooter-Liebe-2048x2048.jpeg 2048w, https:\/\/bergers-schlagerparadies.de\/wp-content\/uploads\/2026\/01\/Bernd-Havixbeck-Chris-Elbers-Autoscooter-Liebe-1200x1200.jpeg 1200w, https:\/\/bergers-schlagerparadies.de\/wp-content\/uploads\/2026\/01\/Bernd-Havixbeck-Chris-Elbers-Autoscooter-Liebe-1188x1188.jpeg 1188w, https:\/\/bergers-schlagerparadies.de\/wp-content\/uploads\/2026\/01\/Bernd-Havixbeck-Chris-Elbers-Autoscooter-Liebe-100x100.jpeg 100w\" sizes=\"auto, (max-width: 70px) 100vw, 70px\" \/>\u00a0 <span style=\"color: #800000;\">Bernd Havixbeck<\/span> &amp; <span style=\"color: #800000;\">Chris Elbers<\/span> &#8211; Autoscooter Liebe ( <span style=\"color: #800000;\">Fiesta Records<\/span> )<\/strong><\/li>\n<li><strong><img loading=\"lazy\" decoding=\"async\" class=\"alignnone wp-image-40942\" src=\"https:\/\/bergers-schlagerparadies.de\/wp-content\/uploads\/2026\/01\/Denise-Blum-Fahnen-auf-dem-Mond-300x300.jpeg\" alt=\"\" width=\"70\" height=\"70\" srcset=\"https:\/\/bergers-schlagerparadies.de\/wp-content\/uploads\/2026\/01\/Denise-Blum-Fahnen-auf-dem-Mond-300x300.jpeg 300w, https:\/\/bergers-schlagerparadies.de\/wp-content\/uploads\/2026\/01\/Denise-Blum-Fahnen-auf-dem-Mond-1024x1024.jpeg 1024w, https:\/\/bergers-schlagerparadies.de\/wp-content\/uploads\/2026\/01\/Denise-Blum-Fahnen-auf-dem-Mond-150x150.jpeg 150w, https:\/\/bergers-schlagerparadies.de\/wp-content\/uploads\/2026\/01\/Denise-Blum-Fahnen-auf-dem-Mond-768x768.jpeg 768w, https:\/\/bergers-schlagerparadies.de\/wp-content\/uploads\/2026\/01\/Denise-Blum-Fahnen-auf-dem-Mond-1188x1188.jpeg 1188w, https:\/\/bergers-schlagerparadies.de\/wp-content\/uploads\/2026\/01\/Denise-Blum-Fahnen-auf-dem-Mond-100x100.jpeg 100w, https:\/\/bergers-schlagerparadies.de\/wp-content\/uploads\/2026\/01\/Denise-Blum-Fahnen-auf-dem-Mond.jpeg 1200w\" sizes=\"auto, (max-width: 70px) 100vw, 70px\" \/>\u00a0 <span style=\"color: #800000;\">Denise Blum<\/span> &#8211; Fahnen auf dem Mond ( <span style=\"color: #800000;\">Schlagerhimmel<\/span>\u00a0)<\/strong><\/li>\n<li><strong><span style=\"color: #800000;\"><img loading=\"lazy\" decoding=\"async\" class=\"alignnone wp-image-41243\" src=\"https:\/\/bergers-schlagerparadies.de\/wp-content\/uploads\/2026\/01\/Danny-Buller-Rene-Bisang-An-der-Nordseekueste-300x300.jpeg\" alt=\"\" width=\"70\" height=\"70\" srcset=\"https:\/\/bergers-schlagerparadies.de\/wp-content\/uploads\/2026\/01\/Danny-Buller-Rene-Bisang-An-der-Nordseekueste-300x300.jpeg 300w, https:\/\/bergers-schlagerparadies.de\/wp-content\/uploads\/2026\/01\/Danny-Buller-Rene-Bisang-An-der-Nordseekueste-1024x1024.jpeg 1024w, https:\/\/bergers-schlagerparadies.de\/wp-content\/uploads\/2026\/01\/Danny-Buller-Rene-Bisang-An-der-Nordseekueste-150x150.jpeg 150w, https:\/\/bergers-schlagerparadies.de\/wp-content\/uploads\/2026\/01\/Danny-Buller-Rene-Bisang-An-der-Nordseekueste-768x768.jpeg 768w, https:\/\/bergers-schlagerparadies.de\/wp-content\/uploads\/2026\/01\/Danny-Buller-Rene-Bisang-An-der-Nordseekueste-1536x1536.jpeg 1536w, https:\/\/bergers-schlagerparadies.de\/wp-content\/uploads\/2026\/01\/Danny-Buller-Rene-Bisang-An-der-Nordseekueste-2048x2048.jpeg 2048w, https:\/\/bergers-schlagerparadies.de\/wp-content\/uploads\/2026\/01\/Danny-Buller-Rene-Bisang-An-der-Nordseekueste-1200x1200.jpeg 1200w, https:\/\/bergers-schlagerparadies.de\/wp-content\/uploads\/2026\/01\/Danny-Buller-Rene-Bisang-An-der-Nordseekueste-1188x1188.jpeg 1188w, https:\/\/bergers-schlagerparadies.de\/wp-content\/uploads\/2026\/01\/Danny-Buller-Rene-Bisang-An-der-Nordseekueste-100x100.jpeg 100w\" sizes=\"auto, (max-width: 70px) 100vw, 70px\" \/>\u00a0 Danny Buller<\/span> &amp; <span style=\"color: #800000;\">Ren\u00e9 Bisang<\/span> &#8211; An der Nordseeku\u0308ste ( <span style=\"color: #800000;\">B-exstage Music<\/span>\u00a0)<\/strong><\/li>\n<li><strong><span style=\"color: #800000;\"><img loading=\"lazy\" decoding=\"async\" class=\"alignnone wp-image-41220\" src=\"https:\/\/bergers-schlagerparadies.de\/wp-content\/uploads\/2026\/01\/Frank-Marin-Ich-hab-es-wirklich-kapiert-300x300.jpg\" alt=\"\" width=\"70\" height=\"70\" srcset=\"https:\/\/bergers-schlagerparadies.de\/wp-content\/uploads\/2026\/01\/Frank-Marin-Ich-hab-es-wirklich-kapiert-300x300.jpg 300w, https:\/\/bergers-schlagerparadies.de\/wp-content\/uploads\/2026\/01\/Frank-Marin-Ich-hab-es-wirklich-kapiert-1024x1024.jpg 1024w, https:\/\/bergers-schlagerparadies.de\/wp-content\/uploads\/2026\/01\/Frank-Marin-Ich-hab-es-wirklich-kapiert-150x150.jpg 150w, https:\/\/bergers-schlagerparadies.de\/wp-content\/uploads\/2026\/01\/Frank-Marin-Ich-hab-es-wirklich-kapiert-768x768.jpg 768w, https:\/\/bergers-schlagerparadies.de\/wp-content\/uploads\/2026\/01\/Frank-Marin-Ich-hab-es-wirklich-kapiert-1536x1536.jpg 1536w, https:\/\/bergers-schlagerparadies.de\/wp-content\/uploads\/2026\/01\/Frank-Marin-Ich-hab-es-wirklich-kapiert-2048x2048.jpg 2048w, https:\/\/bergers-schlagerparadies.de\/wp-content\/uploads\/2026\/01\/Frank-Marin-Ich-hab-es-wirklich-kapiert-1200x1200.jpg 1200w, https:\/\/bergers-schlagerparadies.de\/wp-content\/uploads\/2026\/01\/Frank-Marin-Ich-hab-es-wirklich-kapiert-1188x1188.jpg 1188w, https:\/\/bergers-schlagerparadies.de\/wp-content\/uploads\/2026\/01\/Frank-Marin-Ich-hab-es-wirklich-kapiert-100x100.jpg 100w\" sizes=\"auto, (max-width: 70px) 100vw, 70px\" \/>\u00a0 Frank Marin<\/span> &#8211; Ich hab es wirklich kapiert ( <span style=\"color: #800000;\">Fiesta Records<\/span> )<\/strong><\/li>\n<li><strong><img loading=\"lazy\" decoding=\"async\" class=\"alignnone wp-image-41175\" src=\"https:\/\/bergers-schlagerparadies.de\/wp-content\/uploads\/2026\/01\/Georg-Remmers-Grosse-Traeume-sterben-nie-300x300.jpeg\" alt=\"\" width=\"70\" height=\"70\" srcset=\"https:\/\/bergers-schlagerparadies.de\/wp-content\/uploads\/2026\/01\/Georg-Remmers-Grosse-Traeume-sterben-nie-300x300.jpeg 300w, https:\/\/bergers-schlagerparadies.de\/wp-content\/uploads\/2026\/01\/Georg-Remmers-Grosse-Traeume-sterben-nie-1024x1024.jpeg 1024w, https:\/\/bergers-schlagerparadies.de\/wp-content\/uploads\/2026\/01\/Georg-Remmers-Grosse-Traeume-sterben-nie-150x150.jpeg 150w, https:\/\/bergers-schlagerparadies.de\/wp-content\/uploads\/2026\/01\/Georg-Remmers-Grosse-Traeume-sterben-nie-768x768.jpeg 768w, https:\/\/bergers-schlagerparadies.de\/wp-content\/uploads\/2026\/01\/Georg-Remmers-Grosse-Traeume-sterben-nie-1188x1188.jpeg 1188w, https:\/\/bergers-schlagerparadies.de\/wp-content\/uploads\/2026\/01\/Georg-Remmers-Grosse-Traeume-sterben-nie-100x100.jpeg 100w, https:\/\/bergers-schlagerparadies.de\/wp-content\/uploads\/2026\/01\/Georg-Remmers-Grosse-Traeume-sterben-nie.jpeg 1200w\" sizes=\"auto, (max-width: 70px) 100vw, 70px\" \/>\u00a0 <span style=\"color: #800000;\">Georg Remmers<\/span> &#8211; Gro\u00dfe Tr\u00e4ume sterben nie ( <span style=\"color: #800000;\">MeySound<\/span>\u00a0)<\/strong><\/li>\n<li><strong><span style=\"color: #800000;\"><img loading=\"lazy\" decoding=\"async\" class=\"alignnone wp-image-41157\" src=\"https:\/\/bergers-schlagerparadies.de\/wp-content\/uploads\/2026\/01\/Hartl-Records-feat-Maurice-Oh-Baby-O-Baby-Dj-De-Santis-Fox-300x300.jpg\" alt=\"\" width=\"70\" height=\"70\" srcset=\"https:\/\/bergers-schlagerparadies.de\/wp-content\/uploads\/2026\/01\/Hartl-Records-feat-Maurice-Oh-Baby-O-Baby-Dj-De-Santis-Fox-300x300.jpg 300w, https:\/\/bergers-schlagerparadies.de\/wp-content\/uploads\/2026\/01\/Hartl-Records-feat-Maurice-Oh-Baby-O-Baby-Dj-De-Santis-Fox-1024x1024.jpg 1024w, https:\/\/bergers-schlagerparadies.de\/wp-content\/uploads\/2026\/01\/Hartl-Records-feat-Maurice-Oh-Baby-O-Baby-Dj-De-Santis-Fox-150x150.jpg 150w, https:\/\/bergers-schlagerparadies.de\/wp-content\/uploads\/2026\/01\/Hartl-Records-feat-Maurice-Oh-Baby-O-Baby-Dj-De-Santis-Fox-768x768.jpg 768w, https:\/\/bergers-schlagerparadies.de\/wp-content\/uploads\/2026\/01\/Hartl-Records-feat-Maurice-Oh-Baby-O-Baby-Dj-De-Santis-Fox-1536x1536.jpg 1536w, https:\/\/bergers-schlagerparadies.de\/wp-content\/uploads\/2026\/01\/Hartl-Records-feat-Maurice-Oh-Baby-O-Baby-Dj-De-Santis-Fox-2048x2048.jpg 2048w, https:\/\/bergers-schlagerparadies.de\/wp-content\/uploads\/2026\/01\/Hartl-Records-feat-Maurice-Oh-Baby-O-Baby-Dj-De-Santis-Fox-1200x1200.jpg 1200w, https:\/\/bergers-schlagerparadies.de\/wp-content\/uploads\/2026\/01\/Hartl-Records-feat-Maurice-Oh-Baby-O-Baby-Dj-De-Santis-Fox-1188x1188.jpg 1188w, https:\/\/bergers-schlagerparadies.de\/wp-content\/uploads\/2026\/01\/Hartl-Records-feat-Maurice-Oh-Baby-O-Baby-Dj-De-Santis-Fox-100x100.jpg 100w\" sizes=\"auto, (max-width: 70px) 100vw, 70px\" \/>\u00a0 Hartl Records<\/span> feat <span style=\"color: #800000;\">Maurice<\/span> &#8211; Oh Baby O Baby (Dj De Santis Fox) ( <span style=\"color: #800000;\">Hartl Records<\/span>\u00a0)<\/strong><\/li>\n<li><strong><span style=\"color: #800000;\"><img loading=\"lazy\" decoding=\"async\" class=\"alignnone wp-image-41161\" src=\"https:\/\/bergers-schlagerparadies.de\/wp-content\/uploads\/2026\/01\/Hartl-Records-feat-Del-Cocco-Ki-Silvermoon-Baby-Neo-Traxx-Remix-300x300.jpg\" alt=\"\" width=\"70\" height=\"70\" srcset=\"https:\/\/bergers-schlagerparadies.de\/wp-content\/uploads\/2026\/01\/Hartl-Records-feat-Del-Cocco-Ki-Silvermoon-Baby-Neo-Traxx-Remix-300x300.jpg 300w, https:\/\/bergers-schlagerparadies.de\/wp-content\/uploads\/2026\/01\/Hartl-Records-feat-Del-Cocco-Ki-Silvermoon-Baby-Neo-Traxx-Remix-1024x1024.jpg 1024w, https:\/\/bergers-schlagerparadies.de\/wp-content\/uploads\/2026\/01\/Hartl-Records-feat-Del-Cocco-Ki-Silvermoon-Baby-Neo-Traxx-Remix-150x150.jpg 150w, https:\/\/bergers-schlagerparadies.de\/wp-content\/uploads\/2026\/01\/Hartl-Records-feat-Del-Cocco-Ki-Silvermoon-Baby-Neo-Traxx-Remix-768x768.jpg 768w, https:\/\/bergers-schlagerparadies.de\/wp-content\/uploads\/2026\/01\/Hartl-Records-feat-Del-Cocco-Ki-Silvermoon-Baby-Neo-Traxx-Remix-1536x1536.jpg 1536w, https:\/\/bergers-schlagerparadies.de\/wp-content\/uploads\/2026\/01\/Hartl-Records-feat-Del-Cocco-Ki-Silvermoon-Baby-Neo-Traxx-Remix-2048x2048.jpg 2048w, https:\/\/bergers-schlagerparadies.de\/wp-content\/uploads\/2026\/01\/Hartl-Records-feat-Del-Cocco-Ki-Silvermoon-Baby-Neo-Traxx-Remix-1200x1200.jpg 1200w, https:\/\/bergers-schlagerparadies.de\/wp-content\/uploads\/2026\/01\/Hartl-Records-feat-Del-Cocco-Ki-Silvermoon-Baby-Neo-Traxx-Remix-1188x1188.jpg 1188w, https:\/\/bergers-schlagerparadies.de\/wp-content\/uploads\/2026\/01\/Hartl-Records-feat-Del-Cocco-Ki-Silvermoon-Baby-Neo-Traxx-Remix-100x100.jpg 100w\" sizes=\"auto, (max-width: 70px) 100vw, 70px\" \/>\u00a0 Hartl Records<\/span> feat <span style=\"color: #800000;\">Del Cocco Ki<\/span> &#8211; Silvermoon Baby (Neo Traxx Remix) ( <span style=\"color: #800000;\">Hartl Records<\/span>\u00a0)<\/strong><\/li>\n<li><strong><img loading=\"lazy\" decoding=\"async\" class=\"alignnone wp-image-41179\" src=\"https:\/\/bergers-schlagerparadies.de\/wp-content\/uploads\/2026\/01\/Judy-Weiss-No-Risk-no-Fun-300x300.jpeg\" alt=\"\" width=\"70\" height=\"70\" srcset=\"https:\/\/bergers-schlagerparadies.de\/wp-content\/uploads\/2026\/01\/Judy-Weiss-No-Risk-no-Fun-300x300.jpeg 300w, https:\/\/bergers-schlagerparadies.de\/wp-content\/uploads\/2026\/01\/Judy-Weiss-No-Risk-no-Fun-1024x1024.jpeg 1024w, https:\/\/bergers-schlagerparadies.de\/wp-content\/uploads\/2026\/01\/Judy-Weiss-No-Risk-no-Fun-150x150.jpeg 150w, https:\/\/bergers-schlagerparadies.de\/wp-content\/uploads\/2026\/01\/Judy-Weiss-No-Risk-no-Fun-768x768.jpeg 768w, https:\/\/bergers-schlagerparadies.de\/wp-content\/uploads\/2026\/01\/Judy-Weiss-No-Risk-no-Fun-1188x1188.jpeg 1188w, https:\/\/bergers-schlagerparadies.de\/wp-content\/uploads\/2026\/01\/Judy-Weiss-No-Risk-no-Fun-100x100.jpeg 100w, https:\/\/bergers-schlagerparadies.de\/wp-content\/uploads\/2026\/01\/Judy-Weiss-No-Risk-no-Fun.jpeg 1200w\" sizes=\"auto, (max-width: 70px) 100vw, 70px\" \/>\u00a0 Judy Weiss &#8211; No Risk, no Fun ( <span style=\"color: #800000;\">Lasso-Music \/ Vertrieb: Kontor New Media<\/span><span style=\"color: #800000;\">\u00a0<\/span>)<\/strong><\/li>\n<li><strong><span style=\"color: #800000;\"><img loading=\"lazy\" decoding=\"async\" class=\"alignnone wp-image-41211\" src=\"https:\/\/bergers-schlagerparadies.de\/wp-content\/uploads\/2026\/01\/Julia-Holz-Prinz-auf-dem-weissen-Pferd-300x300.jpeg\" alt=\"\" width=\"70\" height=\"70\" srcset=\"https:\/\/bergers-schlagerparadies.de\/wp-content\/uploads\/2026\/01\/Julia-Holz-Prinz-auf-dem-weissen-Pferd-300x300.jpeg 300w, https:\/\/bergers-schlagerparadies.de\/wp-content\/uploads\/2026\/01\/Julia-Holz-Prinz-auf-dem-weissen-Pferd-1024x1024.jpeg 1024w, https:\/\/bergers-schlagerparadies.de\/wp-content\/uploads\/2026\/01\/Julia-Holz-Prinz-auf-dem-weissen-Pferd-150x150.jpeg 150w, https:\/\/bergers-schlagerparadies.de\/wp-content\/uploads\/2026\/01\/Julia-Holz-Prinz-auf-dem-weissen-Pferd-768x768.jpeg 768w, https:\/\/bergers-schlagerparadies.de\/wp-content\/uploads\/2026\/01\/Julia-Holz-Prinz-auf-dem-weissen-Pferd-1536x1536.jpeg 1536w, https:\/\/bergers-schlagerparadies.de\/wp-content\/uploads\/2026\/01\/Julia-Holz-Prinz-auf-dem-weissen-Pferd-2048x2048.jpeg 2048w, https:\/\/bergers-schlagerparadies.de\/wp-content\/uploads\/2026\/01\/Julia-Holz-Prinz-auf-dem-weissen-Pferd-1200x1200.jpeg 1200w, https:\/\/bergers-schlagerparadies.de\/wp-content\/uploads\/2026\/01\/Julia-Holz-Prinz-auf-dem-weissen-Pferd-1188x1188.jpeg 1188w, https:\/\/bergers-schlagerparadies.de\/wp-content\/uploads\/2026\/01\/Julia-Holz-Prinz-auf-dem-weissen-Pferd-100x100.jpeg 100w\" sizes=\"auto, (max-width: 70px) 100vw, 70px\" \/>\u00a0 Julia Holz<\/span> &#8211; Prinz auf dem wei\u00dfen Pferd ( <span style=\"color: #800000;\">Hitmix Music<\/span><span style=\"color: #800000;\">\u00a0<\/span>)<\/strong><\/li>\n<li><strong><span style=\"color: #800000;\"><img loading=\"lazy\" decoding=\"async\" class=\"alignnone wp-image-41255\" src=\"https:\/\/bergers-schlagerparadies.de\/wp-content\/uploads\/2026\/01\/Kimberly-Gut-Besser-Schlager-300x300.jpeg\" alt=\"\" width=\"70\" height=\"70\" srcset=\"https:\/\/bergers-schlagerparadies.de\/wp-content\/uploads\/2026\/01\/Kimberly-Gut-Besser-Schlager-300x300.jpeg 300w, https:\/\/bergers-schlagerparadies.de\/wp-content\/uploads\/2026\/01\/Kimberly-Gut-Besser-Schlager-1024x1024.jpeg 1024w, https:\/\/bergers-schlagerparadies.de\/wp-content\/uploads\/2026\/01\/Kimberly-Gut-Besser-Schlager-150x150.jpeg 150w, https:\/\/bergers-schlagerparadies.de\/wp-content\/uploads\/2026\/01\/Kimberly-Gut-Besser-Schlager-768x768.jpeg 768w, https:\/\/bergers-schlagerparadies.de\/wp-content\/uploads\/2026\/01\/Kimberly-Gut-Besser-Schlager-1188x1188.jpeg 1188w, https:\/\/bergers-schlagerparadies.de\/wp-content\/uploads\/2026\/01\/Kimberly-Gut-Besser-Schlager-100x100.jpeg 100w, https:\/\/bergers-schlagerparadies.de\/wp-content\/uploads\/2026\/01\/Kimberly-Gut-Besser-Schlager.jpeg 1200w\" sizes=\"auto, (max-width: 70px) 100vw, 70px\" \/>\u00a0 Kimberly<\/span> &#8211; Gut, Besser, Schlager ( <span style=\"color: #800000;\">Kimberly music\u00a0<\/span>)<\/strong><\/li>\n<li><strong><span style=\"color: #800000;\"><img loading=\"lazy\" decoding=\"async\" class=\"alignnone wp-image-41330\" src=\"https:\/\/bergers-schlagerparadies.de\/wp-content\/uploads\/2026\/02\/Lissi-Herr-Timpe-Atemlos-durch-die-Nacht-300x300.jpeg\" alt=\"\" width=\"70\" height=\"70\" srcset=\"https:\/\/bergers-schlagerparadies.de\/wp-content\/uploads\/2026\/02\/Lissi-Herr-Timpe-Atemlos-durch-die-Nacht-300x300.jpeg 300w, https:\/\/bergers-schlagerparadies.de\/wp-content\/uploads\/2026\/02\/Lissi-Herr-Timpe-Atemlos-durch-die-Nacht-1024x1024.jpeg 1024w, https:\/\/bergers-schlagerparadies.de\/wp-content\/uploads\/2026\/02\/Lissi-Herr-Timpe-Atemlos-durch-die-Nacht-150x150.jpeg 150w, https:\/\/bergers-schlagerparadies.de\/wp-content\/uploads\/2026\/02\/Lissi-Herr-Timpe-Atemlos-durch-die-Nacht-768x768.jpeg 768w, https:\/\/bergers-schlagerparadies.de\/wp-content\/uploads\/2026\/02\/Lissi-Herr-Timpe-Atemlos-durch-die-Nacht-1200x1200.jpeg 1200w, https:\/\/bergers-schlagerparadies.de\/wp-content\/uploads\/2026\/02\/Lissi-Herr-Timpe-Atemlos-durch-die-Nacht-1188x1188.jpeg 1188w, https:\/\/bergers-schlagerparadies.de\/wp-content\/uploads\/2026\/02\/Lissi-Herr-Timpe-Atemlos-durch-die-Nacht-100x100.jpeg 100w, https:\/\/bergers-schlagerparadies.de\/wp-content\/uploads\/2026\/02\/Lissi-Herr-Timpe-Atemlos-durch-die-Nacht.jpeg 1485w\" sizes=\"auto, (max-width: 70px) 100vw, 70px\" \/>\u00a0 Lissi<\/span> &amp; <span style=\"color: #800000;\">Herr Timpe<\/span> &#8211; Atemlos durch die Nacht ( <span style=\"color: #800000;\">Knatterbox Records\u00a0<\/span>)<\/strong><\/li>\n<li><strong><span style=\"color: #800000;\"><img loading=\"lazy\" decoding=\"async\" class=\"alignnone wp-image-41199\" src=\"https:\/\/bergers-schlagerparadies.de\/wp-content\/uploads\/2026\/01\/Marc-Sommerfeld-Burning-Heart-Comeback-der-Liebe-Extended-Mix-300x300.jpg\" alt=\"\" width=\"70\" height=\"70\" srcset=\"https:\/\/bergers-schlagerparadies.de\/wp-content\/uploads\/2026\/01\/Marc-Sommerfeld-Burning-Heart-Comeback-der-Liebe-Extended-Mix-300x300.jpg 300w, https:\/\/bergers-schlagerparadies.de\/wp-content\/uploads\/2026\/01\/Marc-Sommerfeld-Burning-Heart-Comeback-der-Liebe-Extended-Mix-1024x1024.jpg 1024w, https:\/\/bergers-schlagerparadies.de\/wp-content\/uploads\/2026\/01\/Marc-Sommerfeld-Burning-Heart-Comeback-der-Liebe-Extended-Mix-150x150.jpg 150w, https:\/\/bergers-schlagerparadies.de\/wp-content\/uploads\/2026\/01\/Marc-Sommerfeld-Burning-Heart-Comeback-der-Liebe-Extended-Mix-768x768.jpg 768w, https:\/\/bergers-schlagerparadies.de\/wp-content\/uploads\/2026\/01\/Marc-Sommerfeld-Burning-Heart-Comeback-der-Liebe-Extended-Mix-1536x1536.jpg 1536w, https:\/\/bergers-schlagerparadies.de\/wp-content\/uploads\/2026\/01\/Marc-Sommerfeld-Burning-Heart-Comeback-der-Liebe-Extended-Mix-2048x2048.jpg 2048w, https:\/\/bergers-schlagerparadies.de\/wp-content\/uploads\/2026\/01\/Marc-Sommerfeld-Burning-Heart-Comeback-der-Liebe-Extended-Mix-1200x1200.jpg 1200w, https:\/\/bergers-schlagerparadies.de\/wp-content\/uploads\/2026\/01\/Marc-Sommerfeld-Burning-Heart-Comeback-der-Liebe-Extended-Mix-1188x1188.jpg 1188w, https:\/\/bergers-schlagerparadies.de\/wp-content\/uploads\/2026\/01\/Marc-Sommerfeld-Burning-Heart-Comeback-der-Liebe-Extended-Mix-100x100.jpg 100w\" sizes=\"auto, (max-width: 70px) 100vw, 70px\" \/>\u00a0 Marc Sommerfeld<\/span> &#8211; Burning Heart &#8211; Comeback der Liebe (Extended Mix) ( <span style=\"color: #800000;\">Fiesta Records<\/span> )<\/strong><\/li>\n<li><strong><img loading=\"lazy\" decoding=\"async\" class=\"alignnone wp-image-41009\" src=\"https:\/\/bergers-schlagerparadies.de\/wp-content\/uploads\/2026\/01\/Norbert-Klotz-MEGASTARK-300x300.jpeg\" alt=\"\" width=\"70\" height=\"70\" srcset=\"https:\/\/bergers-schlagerparadies.de\/wp-content\/uploads\/2026\/01\/Norbert-Klotz-MEGASTARK-300x300.jpeg 300w, https:\/\/bergers-schlagerparadies.de\/wp-content\/uploads\/2026\/01\/Norbert-Klotz-MEGASTARK-1024x1024.jpeg 1024w, https:\/\/bergers-schlagerparadies.de\/wp-content\/uploads\/2026\/01\/Norbert-Klotz-MEGASTARK-150x150.jpeg 150w, https:\/\/bergers-schlagerparadies.de\/wp-content\/uploads\/2026\/01\/Norbert-Klotz-MEGASTARK-768x768.jpeg 768w, https:\/\/bergers-schlagerparadies.de\/wp-content\/uploads\/2026\/01\/Norbert-Klotz-MEGASTARK-1188x1188.jpeg 1188w, https:\/\/bergers-schlagerparadies.de\/wp-content\/uploads\/2026\/01\/Norbert-Klotz-MEGASTARK-100x100.jpeg 100w, https:\/\/bergers-schlagerparadies.de\/wp-content\/uploads\/2026\/01\/Norbert-Klotz-MEGASTARK.jpeg 1200w\" sizes=\"auto, (max-width: 70px) 100vw, 70px\" \/>\u00a0 <span style=\"color: #800000;\">Norbert Klotz<\/span> &#8211; MEGASTARK ( <span style=\"color: #800000;\">Cosmo Kids <\/span>)<\/strong><\/li>\n<li><strong><span style=\"color: #800000;\"><img loading=\"lazy\" decoding=\"async\" class=\"alignnone wp-image-41216\" src=\"https:\/\/bergers-schlagerparadies.de\/wp-content\/uploads\/2026\/01\/Pascal-Bornkessel-Herz-voraus-300x300.jpg\" alt=\"\" width=\"70\" height=\"70\" srcset=\"https:\/\/bergers-schlagerparadies.de\/wp-content\/uploads\/2026\/01\/Pascal-Bornkessel-Herz-voraus-300x300.jpg 300w, https:\/\/bergers-schlagerparadies.de\/wp-content\/uploads\/2026\/01\/Pascal-Bornkessel-Herz-voraus-1024x1024.jpg 1024w, https:\/\/bergers-schlagerparadies.de\/wp-content\/uploads\/2026\/01\/Pascal-Bornkessel-Herz-voraus-150x150.jpg 150w, https:\/\/bergers-schlagerparadies.de\/wp-content\/uploads\/2026\/01\/Pascal-Bornkessel-Herz-voraus-768x768.jpg 768w, https:\/\/bergers-schlagerparadies.de\/wp-content\/uploads\/2026\/01\/Pascal-Bornkessel-Herz-voraus-1536x1536.jpg 1536w, https:\/\/bergers-schlagerparadies.de\/wp-content\/uploads\/2026\/01\/Pascal-Bornkessel-Herz-voraus-2048x2048.jpg 2048w, https:\/\/bergers-schlagerparadies.de\/wp-content\/uploads\/2026\/01\/Pascal-Bornkessel-Herz-voraus-1200x1200.jpg 1200w, https:\/\/bergers-schlagerparadies.de\/wp-content\/uploads\/2026\/01\/Pascal-Bornkessel-Herz-voraus-1188x1188.jpg 1188w, https:\/\/bergers-schlagerparadies.de\/wp-content\/uploads\/2026\/01\/Pascal-Bornkessel-Herz-voraus-100x100.jpg 100w\" sizes=\"auto, (max-width: 70px) 100vw, 70px\" \/>\u00a0 Pascal Bornkessel<\/span> &#8211; Herz voraus ( <span style=\"color: #800000;\">Fiesta Records<\/span> )<\/strong><\/li>\n<li><strong><img loading=\"lazy\" decoding=\"async\" class=\"alignnone wp-image-41050\" src=\"https:\/\/bergers-schlagerparadies.de\/wp-content\/uploads\/2026\/01\/Patrick-Heidenreich-Niemals-vergessen-300x300.jpeg\" alt=\"\" width=\"70\" height=\"70\" srcset=\"https:\/\/bergers-schlagerparadies.de\/wp-content\/uploads\/2026\/01\/Patrick-Heidenreich-Niemals-vergessen-300x300.jpeg 300w, https:\/\/bergers-schlagerparadies.de\/wp-content\/uploads\/2026\/01\/Patrick-Heidenreich-Niemals-vergessen-1024x1024.jpeg 1024w, https:\/\/bergers-schlagerparadies.de\/wp-content\/uploads\/2026\/01\/Patrick-Heidenreich-Niemals-vergessen-150x150.jpeg 150w, https:\/\/bergers-schlagerparadies.de\/wp-content\/uploads\/2026\/01\/Patrick-Heidenreich-Niemals-vergessen-768x768.jpeg 768w, https:\/\/bergers-schlagerparadies.de\/wp-content\/uploads\/2026\/01\/Patrick-Heidenreich-Niemals-vergessen-1536x1536.jpeg 1536w, https:\/\/bergers-schlagerparadies.de\/wp-content\/uploads\/2026\/01\/Patrick-Heidenreich-Niemals-vergessen-2048x2048.jpeg 2048w, https:\/\/bergers-schlagerparadies.de\/wp-content\/uploads\/2026\/01\/Patrick-Heidenreich-Niemals-vergessen-1200x1200.jpeg 1200w, https:\/\/bergers-schlagerparadies.de\/wp-content\/uploads\/2026\/01\/Patrick-Heidenreich-Niemals-vergessen-1188x1188.jpeg 1188w, https:\/\/bergers-schlagerparadies.de\/wp-content\/uploads\/2026\/01\/Patrick-Heidenreich-Niemals-vergessen-100x100.jpeg 100w\" sizes=\"auto, (max-width: 70px) 100vw, 70px\" \/>\u00a0 <span style=\"color: #800000;\">Patrick Heidenreich<\/span> &#8211; Niemals vergessen ( <span style=\"color: #800000;\">Fiesta Records<\/span> )<\/strong><\/li>\n<li><strong><span style=\"color: #800000;\"><img loading=\"lazy\" decoding=\"async\" class=\"alignnone wp-image-41169\" src=\"https:\/\/bergers-schlagerparadies.de\/wp-content\/uploads\/2026\/01\/Peter-Caldera-Mon-Cherie-du-bist-die-suesseste-Versuchung-300x300.jpg\" alt=\"\" width=\"70\" height=\"70\" srcset=\"https:\/\/bergers-schlagerparadies.de\/wp-content\/uploads\/2026\/01\/Peter-Caldera-Mon-Cherie-du-bist-die-suesseste-Versuchung-300x300.jpg 300w, https:\/\/bergers-schlagerparadies.de\/wp-content\/uploads\/2026\/01\/Peter-Caldera-Mon-Cherie-du-bist-die-suesseste-Versuchung-150x150.jpg 150w, https:\/\/bergers-schlagerparadies.de\/wp-content\/uploads\/2026\/01\/Peter-Caldera-Mon-Cherie-du-bist-die-suesseste-Versuchung-100x100.jpg 100w, https:\/\/bergers-schlagerparadies.de\/wp-content\/uploads\/2026\/01\/Peter-Caldera-Mon-Cherie-du-bist-die-suesseste-Versuchung.jpg 715w\" sizes=\"auto, (max-width: 70px) 100vw, 70px\" \/>\u00a0 Peter Caldera<\/span> &#8211; Mon Cherie, du bist die s\u00fc\u00dfeste Versuchung ( <span style=\"color: #800000;\">Records DK<\/span>\u00a0)<\/strong><\/li>\n<li><strong><span style=\"color: #800000;\"><img loading=\"lazy\" decoding=\"async\" class=\"alignnone wp-image-41193\" src=\"https:\/\/bergers-schlagerparadies.de\/wp-content\/uploads\/2026\/01\/Philip-Cole-Wunder-300x300.jpeg\" alt=\"\" width=\"70\" height=\"70\" srcset=\"https:\/\/bergers-schlagerparadies.de\/wp-content\/uploads\/2026\/01\/Philip-Cole-Wunder-300x300.jpeg 300w, https:\/\/bergers-schlagerparadies.de\/wp-content\/uploads\/2026\/01\/Philip-Cole-Wunder-1024x1024.jpeg 1024w, https:\/\/bergers-schlagerparadies.de\/wp-content\/uploads\/2026\/01\/Philip-Cole-Wunder-150x150.jpeg 150w, https:\/\/bergers-schlagerparadies.de\/wp-content\/uploads\/2026\/01\/Philip-Cole-Wunder-768x768.jpeg 768w, https:\/\/bergers-schlagerparadies.de\/wp-content\/uploads\/2026\/01\/Philip-Cole-Wunder-1200x1200.jpeg 1200w, https:\/\/bergers-schlagerparadies.de\/wp-content\/uploads\/2026\/01\/Philip-Cole-Wunder-1188x1188.jpeg 1188w, https:\/\/bergers-schlagerparadies.de\/wp-content\/uploads\/2026\/01\/Philip-Cole-Wunder-100x100.jpeg 100w, https:\/\/bergers-schlagerparadies.de\/wp-content\/uploads\/2026\/01\/Philip-Cole-Wunder.jpeg 1500w\" sizes=\"auto, (max-width: 70px) 100vw, 70px\" \/>\u00a0 Philip Cole<\/span> &#8211; Wunder ( <span style=\"color: #800000;\">ColeMusic<span style=\"color: #000000;\"> )<\/span><\/span><\/strong><\/li>\n<li><strong><span style=\"color: #800000;\"><img loading=\"lazy\" decoding=\"async\" class=\"alignnone wp-image-41259\" src=\"https:\/\/bergers-schlagerparadies.de\/wp-content\/uploads\/2026\/01\/Playa-Rouge-Dann-kommt-ein-Traum-300x300.jpeg\" alt=\"\" width=\"70\" height=\"70\" srcset=\"https:\/\/bergers-schlagerparadies.de\/wp-content\/uploads\/2026\/01\/Playa-Rouge-Dann-kommt-ein-Traum-300x300.jpeg 300w, https:\/\/bergers-schlagerparadies.de\/wp-content\/uploads\/2026\/01\/Playa-Rouge-Dann-kommt-ein-Traum-1024x1024.jpeg 1024w, https:\/\/bergers-schlagerparadies.de\/wp-content\/uploads\/2026\/01\/Playa-Rouge-Dann-kommt-ein-Traum-150x150.jpeg 150w, https:\/\/bergers-schlagerparadies.de\/wp-content\/uploads\/2026\/01\/Playa-Rouge-Dann-kommt-ein-Traum-768x768.jpeg 768w, https:\/\/bergers-schlagerparadies.de\/wp-content\/uploads\/2026\/01\/Playa-Rouge-Dann-kommt-ein-Traum-1536x1536.jpeg 1536w, https:\/\/bergers-schlagerparadies.de\/wp-content\/uploads\/2026\/01\/Playa-Rouge-Dann-kommt-ein-Traum-2048x2048.jpeg 2048w, https:\/\/bergers-schlagerparadies.de\/wp-content\/uploads\/2026\/01\/Playa-Rouge-Dann-kommt-ein-Traum-1200x1200.jpeg 1200w, https:\/\/bergers-schlagerparadies.de\/wp-content\/uploads\/2026\/01\/Playa-Rouge-Dann-kommt-ein-Traum-1188x1188.jpeg 1188w, https:\/\/bergers-schlagerparadies.de\/wp-content\/uploads\/2026\/01\/Playa-Rouge-Dann-kommt-ein-Traum-100x100.jpeg 100w\" sizes=\"auto, (max-width: 70px) 100vw, 70px\" \/>\u00a0 Playa Rouge<\/span> &#8211; Dann kommt ein Traum ( <span style=\"color: #800000;\">Hitschnitt music<\/span><span style=\"color: #800000;\">\u00a0<span style=\"color: #000000;\">)<\/span><\/span><\/strong><\/li>\n<li><strong><span style=\"color: #800000;\"><img loading=\"lazy\" decoding=\"async\" class=\"alignnone wp-image-41277\" src=\"https:\/\/bergers-schlagerparadies.de\/wp-content\/uploads\/2026\/01\/Ranja-Afrika-300x300.jpg\" alt=\"\" width=\"70\" height=\"70\" srcset=\"https:\/\/bergers-schlagerparadies.de\/wp-content\/uploads\/2026\/01\/Ranja-Afrika-300x300.jpg 300w, https:\/\/bergers-schlagerparadies.de\/wp-content\/uploads\/2026\/01\/Ranja-Afrika-1024x1024.jpg 1024w, https:\/\/bergers-schlagerparadies.de\/wp-content\/uploads\/2026\/01\/Ranja-Afrika-150x150.jpg 150w, https:\/\/bergers-schlagerparadies.de\/wp-content\/uploads\/2026\/01\/Ranja-Afrika-768x768.jpg 768w, https:\/\/bergers-schlagerparadies.de\/wp-content\/uploads\/2026\/01\/Ranja-Afrika-1536x1536.jpg 1536w, https:\/\/bergers-schlagerparadies.de\/wp-content\/uploads\/2026\/01\/Ranja-Afrika-2048x2048.jpg 2048w, https:\/\/bergers-schlagerparadies.de\/wp-content\/uploads\/2026\/01\/Ranja-Afrika-1200x1200.jpg 1200w, https:\/\/bergers-schlagerparadies.de\/wp-content\/uploads\/2026\/01\/Ranja-Afrika-1188x1188.jpg 1188w, https:\/\/bergers-schlagerparadies.de\/wp-content\/uploads\/2026\/01\/Ranja-Afrika-100x100.jpg 100w\" sizes=\"auto, (max-width: 70px) 100vw, 70px\" \/>\u00a0 Ranja<\/span> &#8211; Afrika (Clubhelden Remix) ( <span style=\"color: #800000;\">Fiesta Records<\/span> )<\/strong><\/li>\n<li><strong><span style=\"color: #800000;\"><img loading=\"lazy\" decoding=\"async\" class=\"alignnone wp-image-41281\" src=\"https:\/\/bergers-schlagerparadies.de\/wp-content\/uploads\/2026\/01\/SieWr-Grenzen-brechen-nicht-300x300.jpg\" alt=\"\" width=\"70\" height=\"70\" srcset=\"https:\/\/bergers-schlagerparadies.de\/wp-content\/uploads\/2026\/01\/SieWr-Grenzen-brechen-nicht-300x300.jpg 300w, https:\/\/bergers-schlagerparadies.de\/wp-content\/uploads\/2026\/01\/SieWr-Grenzen-brechen-nicht-1024x1024.jpg 1024w, https:\/\/bergers-schlagerparadies.de\/wp-content\/uploads\/2026\/01\/SieWr-Grenzen-brechen-nicht-150x150.jpg 150w, https:\/\/bergers-schlagerparadies.de\/wp-content\/uploads\/2026\/01\/SieWr-Grenzen-brechen-nicht-768x768.jpg 768w, https:\/\/bergers-schlagerparadies.de\/wp-content\/uploads\/2026\/01\/SieWr-Grenzen-brechen-nicht-1536x1536.jpg 1536w, https:\/\/bergers-schlagerparadies.de\/wp-content\/uploads\/2026\/01\/SieWr-Grenzen-brechen-nicht-2048x2048.jpg 2048w, https:\/\/bergers-schlagerparadies.de\/wp-content\/uploads\/2026\/01\/SieWr-Grenzen-brechen-nicht-1200x1200.jpg 1200w, https:\/\/bergers-schlagerparadies.de\/wp-content\/uploads\/2026\/01\/SieWr-Grenzen-brechen-nicht-1188x1188.jpg 1188w, https:\/\/bergers-schlagerparadies.de\/wp-content\/uploads\/2026\/01\/SieWr-Grenzen-brechen-nicht-100x100.jpg 100w\" sizes=\"auto, (max-width: 70px) 100vw, 70px\" \/>\u00a0 Sie&amp;W!r<\/span> &#8211; Grenzen brechen nicht ( <span style=\"color: #800000;\">Fiesta Records \/ Herzrausch Musik<\/span> )<\/strong><\/li>\n<li><strong><span style=\"color: #800000;\"><img loading=\"lazy\" decoding=\"async\" class=\"alignnone wp-image-41165\" src=\"https:\/\/bergers-schlagerparadies.de\/wp-content\/uploads\/2026\/01\/Stefan-Dietl-die-Aufdreher-In-der-U-Bahn-sitzt-ne-Kuh-300x300.jpeg\" alt=\"\" width=\"70\" height=\"70\" srcset=\"https:\/\/bergers-schlagerparadies.de\/wp-content\/uploads\/2026\/01\/Stefan-Dietl-die-Aufdreher-In-der-U-Bahn-sitzt-ne-Kuh-300x300.jpeg 300w, https:\/\/bergers-schlagerparadies.de\/wp-content\/uploads\/2026\/01\/Stefan-Dietl-die-Aufdreher-In-der-U-Bahn-sitzt-ne-Kuh-1024x1024.jpeg 1024w, https:\/\/bergers-schlagerparadies.de\/wp-content\/uploads\/2026\/01\/Stefan-Dietl-die-Aufdreher-In-der-U-Bahn-sitzt-ne-Kuh-150x150.jpeg 150w, https:\/\/bergers-schlagerparadies.de\/wp-content\/uploads\/2026\/01\/Stefan-Dietl-die-Aufdreher-In-der-U-Bahn-sitzt-ne-Kuh-768x768.jpeg 768w, https:\/\/bergers-schlagerparadies.de\/wp-content\/uploads\/2026\/01\/Stefan-Dietl-die-Aufdreher-In-der-U-Bahn-sitzt-ne-Kuh-1200x1200.jpeg 1200w, https:\/\/bergers-schlagerparadies.de\/wp-content\/uploads\/2026\/01\/Stefan-Dietl-die-Aufdreher-In-der-U-Bahn-sitzt-ne-Kuh-1188x1188.jpeg 1188w, https:\/\/bergers-schlagerparadies.de\/wp-content\/uploads\/2026\/01\/Stefan-Dietl-die-Aufdreher-In-der-U-Bahn-sitzt-ne-Kuh-100x100.jpeg 100w, https:\/\/bergers-schlagerparadies.de\/wp-content\/uploads\/2026\/01\/Stefan-Dietl-die-Aufdreher-In-der-U-Bahn-sitzt-ne-Kuh.jpeg 1417w\" sizes=\"auto, (max-width: 70px) 100vw, 70px\" \/>\u00a0 Stefan Dietl<\/span> &amp; <span style=\"color: #800000;\">die Aufdreher<\/span> &#8211; In der U-Bahn sitzt ne Kuh ( <span style=\"color: #800000;\">Melodietl<\/span>\u00a0)<\/strong><\/li>\n<li><strong><span style=\"color: #800000;\"><img loading=\"lazy\" decoding=\"async\" class=\"alignnone wp-image-41084\" src=\"https:\/\/bergers-schlagerparadies.de\/wp-content\/uploads\/2026\/01\/Stefan-Weger-Jede-Nacht-300x300.jpeg\" alt=\"\" width=\"70\" height=\"70\" srcset=\"https:\/\/bergers-schlagerparadies.de\/wp-content\/uploads\/2026\/01\/Stefan-Weger-Jede-Nacht-300x300.jpeg 300w, https:\/\/bergers-schlagerparadies.de\/wp-content\/uploads\/2026\/01\/Stefan-Weger-Jede-Nacht-1024x1024.jpeg 1024w, https:\/\/bergers-schlagerparadies.de\/wp-content\/uploads\/2026\/01\/Stefan-Weger-Jede-Nacht-150x150.jpeg 150w, https:\/\/bergers-schlagerparadies.de\/wp-content\/uploads\/2026\/01\/Stefan-Weger-Jede-Nacht-768x768.jpeg 768w, https:\/\/bergers-schlagerparadies.de\/wp-content\/uploads\/2026\/01\/Stefan-Weger-Jede-Nacht-1536x1536.jpeg 1536w, https:\/\/bergers-schlagerparadies.de\/wp-content\/uploads\/2026\/01\/Stefan-Weger-Jede-Nacht-2048x2048.jpeg 2048w, https:\/\/bergers-schlagerparadies.de\/wp-content\/uploads\/2026\/01\/Stefan-Weger-Jede-Nacht-1200x1200.jpeg 1200w, https:\/\/bergers-schlagerparadies.de\/wp-content\/uploads\/2026\/01\/Stefan-Weger-Jede-Nacht-1188x1188.jpeg 1188w, https:\/\/bergers-schlagerparadies.de\/wp-content\/uploads\/2026\/01\/Stefan-Weger-Jede-Nacht-100x100.jpeg 100w\" sizes=\"auto, (max-width: 70px) 100vw, 70px\" \/>\u00a0 Stefan Weger<\/span> &#8211; Jede Nacht ( <span style=\"color: #800000;\">ISM Music<\/span>\u00a0)<\/strong><\/li>\n<li><strong><img loading=\"lazy\" decoding=\"async\" class=\"alignnone wp-image-41054\" src=\"https:\/\/bergers-schlagerparadies.de\/wp-content\/uploads\/2026\/01\/Sylvia-Stern-Wer-ist-dieser-Mann-300x300.jpeg\" alt=\"\" width=\"70\" height=\"70\" srcset=\"https:\/\/bergers-schlagerparadies.de\/wp-content\/uploads\/2026\/01\/Sylvia-Stern-Wer-ist-dieser-Mann-300x300.jpeg 300w, https:\/\/bergers-schlagerparadies.de\/wp-content\/uploads\/2026\/01\/Sylvia-Stern-Wer-ist-dieser-Mann-1024x1024.jpeg 1024w, https:\/\/bergers-schlagerparadies.de\/wp-content\/uploads\/2026\/01\/Sylvia-Stern-Wer-ist-dieser-Mann-150x150.jpeg 150w, https:\/\/bergers-schlagerparadies.de\/wp-content\/uploads\/2026\/01\/Sylvia-Stern-Wer-ist-dieser-Mann-768x768.jpeg 768w, https:\/\/bergers-schlagerparadies.de\/wp-content\/uploads\/2026\/01\/Sylvia-Stern-Wer-ist-dieser-Mann-1536x1536.jpeg 1536w, https:\/\/bergers-schlagerparadies.de\/wp-content\/uploads\/2026\/01\/Sylvia-Stern-Wer-ist-dieser-Mann-2048x2048.jpeg 2048w, https:\/\/bergers-schlagerparadies.de\/wp-content\/uploads\/2026\/01\/Sylvia-Stern-Wer-ist-dieser-Mann-1200x1200.jpeg 1200w, https:\/\/bergers-schlagerparadies.de\/wp-content\/uploads\/2026\/01\/Sylvia-Stern-Wer-ist-dieser-Mann-1188x1188.jpeg 1188w, https:\/\/bergers-schlagerparadies.de\/wp-content\/uploads\/2026\/01\/Sylvia-Stern-Wer-ist-dieser-Mann-100x100.jpeg 100w\" sizes=\"auto, (max-width: 70px) 100vw, 70px\" \/>\u00a0 <span style=\"color: #800000;\">Sylvia Stern<\/span> &#8211; Wer ist dieser Mann ( <span style=\"color: #800000;\">Fiesta Records<\/span> )<\/strong><\/li>\n<li><strong><span style=\"color: #800000;\"><img loading=\"lazy\" decoding=\"async\" class=\"alignnone wp-image-41273\" src=\"https:\/\/bergers-schlagerparadies.de\/wp-content\/uploads\/2026\/01\/Tanja-Lasch-Unterm-Dach-300x300.jpg\" alt=\"\" width=\"70\" height=\"70\" srcset=\"https:\/\/bergers-schlagerparadies.de\/wp-content\/uploads\/2026\/01\/Tanja-Lasch-Unterm-Dach-300x300.jpg 300w, https:\/\/bergers-schlagerparadies.de\/wp-content\/uploads\/2026\/01\/Tanja-Lasch-Unterm-Dach-1024x1024.jpg 1024w, https:\/\/bergers-schlagerparadies.de\/wp-content\/uploads\/2026\/01\/Tanja-Lasch-Unterm-Dach-150x150.jpg 150w, https:\/\/bergers-schlagerparadies.de\/wp-content\/uploads\/2026\/01\/Tanja-Lasch-Unterm-Dach-768x768.jpg 768w, https:\/\/bergers-schlagerparadies.de\/wp-content\/uploads\/2026\/01\/Tanja-Lasch-Unterm-Dach-1536x1536.jpg 1536w, https:\/\/bergers-schlagerparadies.de\/wp-content\/uploads\/2026\/01\/Tanja-Lasch-Unterm-Dach-2048x2048.jpg 2048w, https:\/\/bergers-schlagerparadies.de\/wp-content\/uploads\/2026\/01\/Tanja-Lasch-Unterm-Dach-1200x1200.jpg 1200w, https:\/\/bergers-schlagerparadies.de\/wp-content\/uploads\/2026\/01\/Tanja-Lasch-Unterm-Dach-1188x1188.jpg 1188w, https:\/\/bergers-schlagerparadies.de\/wp-content\/uploads\/2026\/01\/Tanja-Lasch-Unterm-Dach-100x100.jpg 100w\" sizes=\"auto, (max-width: 70px) 100vw, 70px\" \/>\u00a0 Tanja Lasch<\/span> &#8211; Unter&#8217;m Dach ( <span style=\"color: #800000;\">Telamo<\/span>\u00a0)<\/strong><\/li>\n<li><strong><img loading=\"lazy\" decoding=\"async\" class=\"alignnone wp-image-41058\" src=\"https:\/\/bergers-schlagerparadies.de\/wp-content\/uploads\/2026\/01\/Ute-Freudenberg-Christian-Lais-Die-Augen-eines-Spielers-Reload-300x300.jpeg\" alt=\"\" width=\"70\" height=\"70\" srcset=\"https:\/\/bergers-schlagerparadies.de\/wp-content\/uploads\/2026\/01\/Ute-Freudenberg-Christian-Lais-Die-Augen-eines-Spielers-Reload-300x300.jpeg 300w, https:\/\/bergers-schlagerparadies.de\/wp-content\/uploads\/2026\/01\/Ute-Freudenberg-Christian-Lais-Die-Augen-eines-Spielers-Reload-1024x1024.jpeg 1024w, https:\/\/bergers-schlagerparadies.de\/wp-content\/uploads\/2026\/01\/Ute-Freudenberg-Christian-Lais-Die-Augen-eines-Spielers-Reload-150x150.jpeg 150w, https:\/\/bergers-schlagerparadies.de\/wp-content\/uploads\/2026\/01\/Ute-Freudenberg-Christian-Lais-Die-Augen-eines-Spielers-Reload-768x768.jpeg 768w, https:\/\/bergers-schlagerparadies.de\/wp-content\/uploads\/2026\/01\/Ute-Freudenberg-Christian-Lais-Die-Augen-eines-Spielers-Reload-1536x1536.jpeg 1536w, https:\/\/bergers-schlagerparadies.de\/wp-content\/uploads\/2026\/01\/Ute-Freudenberg-Christian-Lais-Die-Augen-eines-Spielers-Reload-2048x2048.jpeg 2048w, https:\/\/bergers-schlagerparadies.de\/wp-content\/uploads\/2026\/01\/Ute-Freudenberg-Christian-Lais-Die-Augen-eines-Spielers-Reload-1200x1200.jpeg 1200w, https:\/\/bergers-schlagerparadies.de\/wp-content\/uploads\/2026\/01\/Ute-Freudenberg-Christian-Lais-Die-Augen-eines-Spielers-Reload-1188x1188.jpeg 1188w, https:\/\/bergers-schlagerparadies.de\/wp-content\/uploads\/2026\/01\/Ute-Freudenberg-Christian-Lais-Die-Augen-eines-Spielers-Reload-100x100.jpeg 100w\" sizes=\"auto, (max-width: 70px) 100vw, 70px\" \/>\u00a0 <span style=\"color: #800000;\">Ute Freudenberg<\/span> &amp; <span style=\"color: #800000;\">Christian Lais<\/span> &#8211; Die Augen eines Spielers &#8211; Reload ( <span style=\"color: #800000;\">Bros Music<\/span>\u00a0)<\/strong><\/li>\n<li><strong><span style=\"color: #800000;\"><img loading=\"lazy\" decoding=\"async\" class=\"alignnone wp-image-41203\" src=\"https:\/\/bergers-schlagerparadies.de\/wp-content\/uploads\/2026\/01\/Waldemar-Leirich-Mein-Schatz-300x300.jpg\" alt=\"\" width=\"70\" height=\"70\" srcset=\"https:\/\/bergers-schlagerparadies.de\/wp-content\/uploads\/2026\/01\/Waldemar-Leirich-Mein-Schatz-300x300.jpg 300w, https:\/\/bergers-schlagerparadies.de\/wp-content\/uploads\/2026\/01\/Waldemar-Leirich-Mein-Schatz-1024x1024.jpg 1024w, https:\/\/bergers-schlagerparadies.de\/wp-content\/uploads\/2026\/01\/Waldemar-Leirich-Mein-Schatz-150x150.jpg 150w, https:\/\/bergers-schlagerparadies.de\/wp-content\/uploads\/2026\/01\/Waldemar-Leirich-Mein-Schatz-768x768.jpg 768w, https:\/\/bergers-schlagerparadies.de\/wp-content\/uploads\/2026\/01\/Waldemar-Leirich-Mein-Schatz-1536x1536.jpg 1536w, https:\/\/bergers-schlagerparadies.de\/wp-content\/uploads\/2026\/01\/Waldemar-Leirich-Mein-Schatz-2048x2048.jpg 2048w, https:\/\/bergers-schlagerparadies.de\/wp-content\/uploads\/2026\/01\/Waldemar-Leirich-Mein-Schatz-1200x1200.jpg 1200w, https:\/\/bergers-schlagerparadies.de\/wp-content\/uploads\/2026\/01\/Waldemar-Leirich-Mein-Schatz-1188x1188.jpg 1188w, https:\/\/bergers-schlagerparadies.de\/wp-content\/uploads\/2026\/01\/Waldemar-Leirich-Mein-Schatz-100x100.jpg 100w\" sizes=\"auto, (max-width: 70px) 100vw, 70px\" \/>\u00a0 Waldemar Leirich<\/span> &#8211; Mein Schatz ( <span style=\"color: #800000;\">Fiesta Records<\/span> )<\/strong><\/li>\n<\/ul>\n<p>&nbsp;<\/p>\n<p><span style=\"font-size: 12pt;\"><strong><em><span style=\"color: #666699;\">Neuvorstellungen<\/span><\/em><em><span style=\"color: #666699;\"> in dieser Woche: mit V\u00d6: <\/span><span style=\"color: #666699;\"><span style=\"color: #800000;\">23<\/span><\/span><span style=\"color: #666699;\"><span style=\"color: #993366; font-size: 14pt;\">.01.2026 <\/span>&#8211; 04<\/span><span style=\"color: #808080;\">KW<\/span><\/em><\/strong><\/span><\/p>\n<ul>\n<li><strong><img loading=\"lazy\" decoding=\"async\" class=\"alignnone wp-image-40866\" src=\"https:\/\/bergers-schlagerparadies.de\/wp-content\/uploads\/2026\/01\/ADIAMA-Liebe-300x300.jpeg\" alt=\"\" width=\"70\" height=\"70\" srcset=\"https:\/\/bergers-schlagerparadies.de\/wp-content\/uploads\/2026\/01\/ADIAMA-Liebe-300x300.jpeg 300w, https:\/\/bergers-schlagerparadies.de\/wp-content\/uploads\/2026\/01\/ADIAMA-Liebe-1024x1024.jpeg 1024w, https:\/\/bergers-schlagerparadies.de\/wp-content\/uploads\/2026\/01\/ADIAMA-Liebe-150x150.jpeg 150w, https:\/\/bergers-schlagerparadies.de\/wp-content\/uploads\/2026\/01\/ADIAMA-Liebe-768x768.jpeg 768w, https:\/\/bergers-schlagerparadies.de\/wp-content\/uploads\/2026\/01\/ADIAMA-Liebe-1536x1536.jpeg 1536w, https:\/\/bergers-schlagerparadies.de\/wp-content\/uploads\/2026\/01\/ADIAMA-Liebe-2048x2048.jpeg 2048w, https:\/\/bergers-schlagerparadies.de\/wp-content\/uploads\/2026\/01\/ADIAMA-Liebe-1200x1200.jpeg 1200w, https:\/\/bergers-schlagerparadies.de\/wp-content\/uploads\/2026\/01\/ADIAMA-Liebe-1188x1188.jpeg 1188w, https:\/\/bergers-schlagerparadies.de\/wp-content\/uploads\/2026\/01\/ADIAMA-Liebe-100x100.jpeg 100w\" sizes=\"auto, (max-width: 70px) 100vw, 70px\" \/>\u00a0 <span style=\"color: #800000;\">ADIAMA<\/span> &#8211; Liebe ( <span style=\"color: #800000;\">Fiesta Records<\/span> )<\/strong><\/li>\n<li><strong><img loading=\"lazy\" decoding=\"async\" class=\"alignnone wp-image-41066\" src=\"https:\/\/bergers-schlagerparadies.de\/wp-content\/uploads\/2026\/01\/Allessa-20.000-Meilen-300x300.jpeg\" alt=\"\" width=\"70\" height=\"70\" srcset=\"https:\/\/bergers-schlagerparadies.de\/wp-content\/uploads\/2026\/01\/Allessa-20.000-Meilen-300x300.jpeg 300w, https:\/\/bergers-schlagerparadies.de\/wp-content\/uploads\/2026\/01\/Allessa-20.000-Meilen-1024x1024.jpeg 1024w, https:\/\/bergers-schlagerparadies.de\/wp-content\/uploads\/2026\/01\/Allessa-20.000-Meilen-150x150.jpeg 150w, https:\/\/bergers-schlagerparadies.de\/wp-content\/uploads\/2026\/01\/Allessa-20.000-Meilen-768x768.jpeg 768w, https:\/\/bergers-schlagerparadies.de\/wp-content\/uploads\/2026\/01\/Allessa-20.000-Meilen-1188x1188.jpeg 1188w, https:\/\/bergers-schlagerparadies.de\/wp-content\/uploads\/2026\/01\/Allessa-20.000-Meilen-100x100.jpeg 100w, https:\/\/bergers-schlagerparadies.de\/wp-content\/uploads\/2026\/01\/Allessa-20.000-Meilen.jpeg 1200w\" sizes=\"auto, (max-width: 70px) 100vw, 70px\" \/>\u00a0 <span style=\"color: #800000;\">Allessa<\/span> &#8211; 20.000 Meilen ( <span style=\"color: #800000;\">Lasso-Music \/ Vertrieb: Kontor New Media<\/span>\u00a0)<\/strong><\/li>\n<li><strong><span style=\"color: #800000;\"><img loading=\"lazy\" decoding=\"async\" class=\"alignnone wp-image-41074\" src=\"https:\/\/bergers-schlagerparadies.de\/wp-content\/uploads\/2026\/01\/Bianca-Graf-Die-schoensten-Rosen-bluehn-in-Sangerhausen-300x300.jpeg\" alt=\"\" width=\"70\" height=\"70\" srcset=\"https:\/\/bergers-schlagerparadies.de\/wp-content\/uploads\/2026\/01\/Bianca-Graf-Die-schoensten-Rosen-bluehn-in-Sangerhausen-300x300.jpeg 300w, https:\/\/bergers-schlagerparadies.de\/wp-content\/uploads\/2026\/01\/Bianca-Graf-Die-schoensten-Rosen-bluehn-in-Sangerhausen-1024x1024.jpeg 1024w, https:\/\/bergers-schlagerparadies.de\/wp-content\/uploads\/2026\/01\/Bianca-Graf-Die-schoensten-Rosen-bluehn-in-Sangerhausen-150x150.jpeg 150w, https:\/\/bergers-schlagerparadies.de\/wp-content\/uploads\/2026\/01\/Bianca-Graf-Die-schoensten-Rosen-bluehn-in-Sangerhausen-768x768.jpeg 768w, https:\/\/bergers-schlagerparadies.de\/wp-content\/uploads\/2026\/01\/Bianca-Graf-Die-schoensten-Rosen-bluehn-in-Sangerhausen-1188x1188.jpeg 1188w, https:\/\/bergers-schlagerparadies.de\/wp-content\/uploads\/2026\/01\/Bianca-Graf-Die-schoensten-Rosen-bluehn-in-Sangerhausen-100x100.jpeg 100w, https:\/\/bergers-schlagerparadies.de\/wp-content\/uploads\/2026\/01\/Bianca-Graf-Die-schoensten-Rosen-bluehn-in-Sangerhausen.jpeg 1200w\" sizes=\"auto, (max-width: 70px) 100vw, 70px\" \/>\u00a0 Bianca Graf<\/span> &#8211; Die sch\u00f6nsten Rosen bl\u00fchn in Sangerhausen ( <span style=\"color: #800000;\">XENIA Records<\/span>\u00a0)<\/strong><\/li>\n<li><strong><img loading=\"lazy\" decoding=\"async\" class=\"alignnone wp-image-41088\" src=\"https:\/\/bergers-schlagerparadies.de\/wp-content\/uploads\/2026\/01\/Claudia-Jung-Bleib-wie-Du-bist-300x300.jpeg\" alt=\"\" width=\"70\" height=\"70\" srcset=\"https:\/\/bergers-schlagerparadies.de\/wp-content\/uploads\/2026\/01\/Claudia-Jung-Bleib-wie-Du-bist-300x300.jpeg 300w, https:\/\/bergers-schlagerparadies.de\/wp-content\/uploads\/2026\/01\/Claudia-Jung-Bleib-wie-Du-bist-1024x1024.jpeg 1024w, https:\/\/bergers-schlagerparadies.de\/wp-content\/uploads\/2026\/01\/Claudia-Jung-Bleib-wie-Du-bist-150x150.jpeg 150w, https:\/\/bergers-schlagerparadies.de\/wp-content\/uploads\/2026\/01\/Claudia-Jung-Bleib-wie-Du-bist-768x768.jpeg 768w, https:\/\/bergers-schlagerparadies.de\/wp-content\/uploads\/2026\/01\/Claudia-Jung-Bleib-wie-Du-bist-1200x1200.jpeg 1200w, https:\/\/bergers-schlagerparadies.de\/wp-content\/uploads\/2026\/01\/Claudia-Jung-Bleib-wie-Du-bist-1188x1188.jpeg 1188w, https:\/\/bergers-schlagerparadies.de\/wp-content\/uploads\/2026\/01\/Claudia-Jung-Bleib-wie-Du-bist-100x100.jpeg 100w, https:\/\/bergers-schlagerparadies.de\/wp-content\/uploads\/2026\/01\/Claudia-Jung-Bleib-wie-Du-bist.jpeg 1500w\" sizes=\"auto, (max-width: 70px) 100vw, 70px\" \/>\u00a0 Claudia Jung &#8211; Bleib wie Du bist ( <span style=\"color: #800000;\">platinmond<\/span> )<\/strong><\/li>\n<li><strong><span style=\"color: #800000;\"><img loading=\"lazy\" decoding=\"async\" class=\"alignnone wp-image-40954\" src=\"https:\/\/bergers-schlagerparadies.de\/wp-content\/uploads\/2026\/01\/Daniel-Lopes-Sag-Mir-300x300.jpeg\" alt=\"\" width=\"70\" height=\"70\" srcset=\"https:\/\/bergers-schlagerparadies.de\/wp-content\/uploads\/2026\/01\/Daniel-Lopes-Sag-Mir-300x300.jpeg 300w, https:\/\/bergers-schlagerparadies.de\/wp-content\/uploads\/2026\/01\/Daniel-Lopes-Sag-Mir-1024x1024.jpeg 1024w, https:\/\/bergers-schlagerparadies.de\/wp-content\/uploads\/2026\/01\/Daniel-Lopes-Sag-Mir-150x150.jpeg 150w, https:\/\/bergers-schlagerparadies.de\/wp-content\/uploads\/2026\/01\/Daniel-Lopes-Sag-Mir-768x768.jpeg 768w, https:\/\/bergers-schlagerparadies.de\/wp-content\/uploads\/2026\/01\/Daniel-Lopes-Sag-Mir-1200x1200.jpeg 1200w, https:\/\/bergers-schlagerparadies.de\/wp-content\/uploads\/2026\/01\/Daniel-Lopes-Sag-Mir-1188x1188.jpeg 1188w, https:\/\/bergers-schlagerparadies.de\/wp-content\/uploads\/2026\/01\/Daniel-Lopes-Sag-Mir-100x100.jpeg 100w, https:\/\/bergers-schlagerparadies.de\/wp-content\/uploads\/2026\/01\/Daniel-Lopes-Sag-Mir.jpeg 1400w\" sizes=\"auto, (max-width: 70px) 100vw, 70px\" \/>\u00a0 Daniel Lopes<\/span> &#8211; Sag Mir ( <span style=\"color: #800000;\">Prime Nation<\/span>\u00a0)<\/strong><\/li>\n<li><strong><span style=\"color: #800000;\"><img loading=\"lazy\" decoding=\"async\" class=\"alignnone wp-image-41016\" src=\"https:\/\/bergers-schlagerparadies.de\/wp-content\/uploads\/2026\/01\/Die-Pharos-Ich-Wein-Keine-Traenen-Allein-Ohne-Dich-300x300.jpeg\" alt=\"\" width=\"70\" height=\"70\" srcset=\"https:\/\/bergers-schlagerparadies.de\/wp-content\/uploads\/2026\/01\/Die-Pharos-Ich-Wein-Keine-Traenen-Allein-Ohne-Dich-300x300.jpeg 300w, https:\/\/bergers-schlagerparadies.de\/wp-content\/uploads\/2026\/01\/Die-Pharos-Ich-Wein-Keine-Traenen-Allein-Ohne-Dich-1024x1024.jpeg 1024w, https:\/\/bergers-schlagerparadies.de\/wp-content\/uploads\/2026\/01\/Die-Pharos-Ich-Wein-Keine-Traenen-Allein-Ohne-Dich-150x150.jpeg 150w, https:\/\/bergers-schlagerparadies.de\/wp-content\/uploads\/2026\/01\/Die-Pharos-Ich-Wein-Keine-Traenen-Allein-Ohne-Dich-768x768.jpeg 768w, https:\/\/bergers-schlagerparadies.de\/wp-content\/uploads\/2026\/01\/Die-Pharos-Ich-Wein-Keine-Traenen-Allein-Ohne-Dich-1188x1188.jpeg 1188w, https:\/\/bergers-schlagerparadies.de\/wp-content\/uploads\/2026\/01\/Die-Pharos-Ich-Wein-Keine-Traenen-Allein-Ohne-Dich-100x100.jpeg 100w, https:\/\/bergers-schlagerparadies.de\/wp-content\/uploads\/2026\/01\/Die-Pharos-Ich-Wein-Keine-Traenen-Allein-Ohne-Dich.jpeg 1200w\" sizes=\"auto, (max-width: 70px) 100vw, 70px\" \/>\u00a0 Die Pharos<\/span> &#8211; Ich Wein Keine Tr\u00e4nen Allein Ohne Dich ( <span style=\"color: #800000;\">KPMV &#8211; Mamisch Records<\/span>\u00a0)<\/strong><\/li>\n<li><strong><img loading=\"lazy\" decoding=\"async\" class=\"alignnone wp-image-40794\" src=\"https:\/\/bergers-schlagerparadies.de\/wp-content\/uploads\/2026\/01\/Dino-da-Brusi-Eine-neue-Welt-300x300.jpeg\" alt=\"\" width=\"70\" height=\"70\" srcset=\"https:\/\/bergers-schlagerparadies.de\/wp-content\/uploads\/2026\/01\/Dino-da-Brusi-Eine-neue-Welt-300x300.jpeg 300w, https:\/\/bergers-schlagerparadies.de\/wp-content\/uploads\/2026\/01\/Dino-da-Brusi-Eine-neue-Welt-1024x1024.jpeg 1024w, https:\/\/bergers-schlagerparadies.de\/wp-content\/uploads\/2026\/01\/Dino-da-Brusi-Eine-neue-Welt-150x150.jpeg 150w, https:\/\/bergers-schlagerparadies.de\/wp-content\/uploads\/2026\/01\/Dino-da-Brusi-Eine-neue-Welt-768x768.jpeg 768w, https:\/\/bergers-schlagerparadies.de\/wp-content\/uploads\/2026\/01\/Dino-da-Brusi-Eine-neue-Welt-1188x1188.jpeg 1188w, https:\/\/bergers-schlagerparadies.de\/wp-content\/uploads\/2026\/01\/Dino-da-Brusi-Eine-neue-Welt-100x100.jpeg 100w, https:\/\/bergers-schlagerparadies.de\/wp-content\/uploads\/2026\/01\/Dino-da-Brusi-Eine-neue-Welt.jpeg 1200w\" sizes=\"auto, (max-width: 70px) 100vw, 70px\" \/>\u00a0 <span style=\"color: #800000;\">Dino da Brusi<\/span> &#8211; Eine neue Welt<\/strong><\/li>\n<li><strong><span style=\"color: #800000;\"><img loading=\"lazy\" decoding=\"async\" class=\"alignnone wp-image-40973\" src=\"https:\/\/bergers-schlagerparadies.de\/wp-content\/uploads\/2026\/01\/DJ-Tom-Wunder-Voller-Energie-300x300.jpeg\" alt=\"\" width=\"70\" height=\"70\" srcset=\"https:\/\/bergers-schlagerparadies.de\/wp-content\/uploads\/2026\/01\/DJ-Tom-Wunder-Voller-Energie-300x300.jpeg 300w, https:\/\/bergers-schlagerparadies.de\/wp-content\/uploads\/2026\/01\/DJ-Tom-Wunder-Voller-Energie-1024x1024.jpeg 1024w, https:\/\/bergers-schlagerparadies.de\/wp-content\/uploads\/2026\/01\/DJ-Tom-Wunder-Voller-Energie-150x150.jpeg 150w, https:\/\/bergers-schlagerparadies.de\/wp-content\/uploads\/2026\/01\/DJ-Tom-Wunder-Voller-Energie-768x768.jpeg 768w, https:\/\/bergers-schlagerparadies.de\/wp-content\/uploads\/2026\/01\/DJ-Tom-Wunder-Voller-Energie-1188x1188.jpeg 1188w, https:\/\/bergers-schlagerparadies.de\/wp-content\/uploads\/2026\/01\/DJ-Tom-Wunder-Voller-Energie-100x100.jpeg 100w, https:\/\/bergers-schlagerparadies.de\/wp-content\/uploads\/2026\/01\/DJ-Tom-Wunder-Voller-Energie.jpeg 1200w\" sizes=\"auto, (max-width: 70px) 100vw, 70px\" \/>\u00a0 DJ Tom<\/span> <span style=\"color: #800000;\">Wunder<\/span> &#8211; Voller Energie ( <span style=\"color: #800000;\">ELF-a Musik<\/span>\u00a0)<\/strong><\/li>\n<li><strong><span style=\"color: #800000;\"><img loading=\"lazy\" decoding=\"async\" class=\"alignnone wp-image-40593\" src=\"https:\/\/bergers-schlagerparadies.de\/wp-content\/uploads\/2026\/01\/Dominik-Klein-Wir-sind-jetzt-300x300.jpeg\" alt=\"\" width=\"70\" height=\"70\" srcset=\"https:\/\/bergers-schlagerparadies.de\/wp-content\/uploads\/2026\/01\/Dominik-Klein-Wir-sind-jetzt-300x300.jpeg 300w, https:\/\/bergers-schlagerparadies.de\/wp-content\/uploads\/2026\/01\/Dominik-Klein-Wir-sind-jetzt-1024x1024.jpeg 1024w, https:\/\/bergers-schlagerparadies.de\/wp-content\/uploads\/2026\/01\/Dominik-Klein-Wir-sind-jetzt-150x150.jpeg 150w, https:\/\/bergers-schlagerparadies.de\/wp-content\/uploads\/2026\/01\/Dominik-Klein-Wir-sind-jetzt-768x768.jpeg 768w, https:\/\/bergers-schlagerparadies.de\/wp-content\/uploads\/2026\/01\/Dominik-Klein-Wir-sind-jetzt-1536x1536.jpeg 1536w, https:\/\/bergers-schlagerparadies.de\/wp-content\/uploads\/2026\/01\/Dominik-Klein-Wir-sind-jetzt-2048x2048.jpeg 2048w, https:\/\/bergers-schlagerparadies.de\/wp-content\/uploads\/2026\/01\/Dominik-Klein-Wir-sind-jetzt-1200x1200.jpeg 1200w, https:\/\/bergers-schlagerparadies.de\/wp-content\/uploads\/2026\/01\/Dominik-Klein-Wir-sind-jetzt-1188x1188.jpeg 1188w, https:\/\/bergers-schlagerparadies.de\/wp-content\/uploads\/2026\/01\/Dominik-Klein-Wir-sind-jetzt-100x100.jpeg 100w\" sizes=\"auto, (max-width: 70px) 100vw, 70px\" \/>\u00a0 Dominik Klein<\/span> &#8211; Wir sind jetzt ( <span style=\"color: #800000;\">neo rabbit<\/span>\u00a0)<\/strong><\/li>\n<li><strong><span style=\"color: #800000;\"><img loading=\"lazy\" decoding=\"async\" class=\"alignnone wp-image-40946\" src=\"https:\/\/bergers-schlagerparadies.de\/wp-content\/uploads\/2026\/01\/Engelherz-Otto-Wiesler-Schau-mir-in-die-Augen-300x300.jpeg\" alt=\"\" width=\"70\" height=\"70\" srcset=\"https:\/\/bergers-schlagerparadies.de\/wp-content\/uploads\/2026\/01\/Engelherz-Otto-Wiesler-Schau-mir-in-die-Augen-300x300.jpeg 300w, https:\/\/bergers-schlagerparadies.de\/wp-content\/uploads\/2026\/01\/Engelherz-Otto-Wiesler-Schau-mir-in-die-Augen-1024x1024.jpeg 1024w, https:\/\/bergers-schlagerparadies.de\/wp-content\/uploads\/2026\/01\/Engelherz-Otto-Wiesler-Schau-mir-in-die-Augen-150x150.jpeg 150w, https:\/\/bergers-schlagerparadies.de\/wp-content\/uploads\/2026\/01\/Engelherz-Otto-Wiesler-Schau-mir-in-die-Augen-768x768.jpeg 768w, https:\/\/bergers-schlagerparadies.de\/wp-content\/uploads\/2026\/01\/Engelherz-Otto-Wiesler-Schau-mir-in-die-Augen-1188x1188.jpeg 1188w, https:\/\/bergers-schlagerparadies.de\/wp-content\/uploads\/2026\/01\/Engelherz-Otto-Wiesler-Schau-mir-in-die-Augen-100x100.jpeg 100w, https:\/\/bergers-schlagerparadies.de\/wp-content\/uploads\/2026\/01\/Engelherz-Otto-Wiesler-Schau-mir-in-die-Augen.jpeg 1200w\" sizes=\"auto, (max-width: 70px) 100vw, 70px\" \/>\u00a0 Engelherz<\/span> &amp; <span style=\"color: #800000;\">Otto Wiesler<\/span> &#8211; Schau mir in die Augen ( <span style=\"color: #800000;\">Lumina Records<\/span>\u00a0)<\/strong><\/li>\n<li><strong><span style=\"color: #800000;\"><img loading=\"lazy\" decoding=\"async\" class=\"alignnone wp-image-40998\" src=\"https:\/\/bergers-schlagerparadies.de\/wp-content\/uploads\/2026\/01\/Jan-Rendels-\u2013-Liebe\u00b2-300x300.jpg\" alt=\"\" width=\"70\" height=\"70\" srcset=\"https:\/\/bergers-schlagerparadies.de\/wp-content\/uploads\/2026\/01\/Jan-Rendels-\u2013-Liebe\u00b2-300x300.jpg 300w, https:\/\/bergers-schlagerparadies.de\/wp-content\/uploads\/2026\/01\/Jan-Rendels-\u2013-Liebe\u00b2-1024x1024.jpg 1024w, https:\/\/bergers-schlagerparadies.de\/wp-content\/uploads\/2026\/01\/Jan-Rendels-\u2013-Liebe\u00b2-150x150.jpg 150w, https:\/\/bergers-schlagerparadies.de\/wp-content\/uploads\/2026\/01\/Jan-Rendels-\u2013-Liebe\u00b2-768x768.jpg 768w, https:\/\/bergers-schlagerparadies.de\/wp-content\/uploads\/2026\/01\/Jan-Rendels-\u2013-Liebe\u00b2-1536x1536.jpg 1536w, https:\/\/bergers-schlagerparadies.de\/wp-content\/uploads\/2026\/01\/Jan-Rendels-\u2013-Liebe\u00b2-2048x2048.jpg 2048w, https:\/\/bergers-schlagerparadies.de\/wp-content\/uploads\/2026\/01\/Jan-Rendels-\u2013-Liebe\u00b2-1200x1200.jpg 1200w, https:\/\/bergers-schlagerparadies.de\/wp-content\/uploads\/2026\/01\/Jan-Rendels-\u2013-Liebe\u00b2-1188x1188.jpg 1188w, https:\/\/bergers-schlagerparadies.de\/wp-content\/uploads\/2026\/01\/Jan-Rendels-\u2013-Liebe\u00b2-100x100.jpg 100w\" sizes=\"auto, (max-width: 70px) 100vw, 70px\" \/>\u00a0 Jan Rendels<\/span> \u2013 Liebe\u00b2 ( <span style=\"color: #800000;\">Fiesta Records<\/span> )<\/strong><\/li>\n<li><strong><span style=\"color: #800000;\"> <img loading=\"lazy\" decoding=\"async\" class=\"alignnone wp-image-41024\" src=\"https:\/\/bergers-schlagerparadies.de\/wp-content\/uploads\/2026\/01\/Jaqueline-Engel-Irgendwann-kommt-das-Licht-300x300.jpg\" alt=\"\" width=\"70\" height=\"70\" srcset=\"https:\/\/bergers-schlagerparadies.de\/wp-content\/uploads\/2026\/01\/Jaqueline-Engel-Irgendwann-kommt-das-Licht-300x300.jpg 300w, https:\/\/bergers-schlagerparadies.de\/wp-content\/uploads\/2026\/01\/Jaqueline-Engel-Irgendwann-kommt-das-Licht-1024x1024.jpg 1024w, https:\/\/bergers-schlagerparadies.de\/wp-content\/uploads\/2026\/01\/Jaqueline-Engel-Irgendwann-kommt-das-Licht-150x150.jpg 150w, https:\/\/bergers-schlagerparadies.de\/wp-content\/uploads\/2026\/01\/Jaqueline-Engel-Irgendwann-kommt-das-Licht-768x768.jpg 768w, https:\/\/bergers-schlagerparadies.de\/wp-content\/uploads\/2026\/01\/Jaqueline-Engel-Irgendwann-kommt-das-Licht-1536x1536.jpg 1536w, https:\/\/bergers-schlagerparadies.de\/wp-content\/uploads\/2026\/01\/Jaqueline-Engel-Irgendwann-kommt-das-Licht-2048x2048.jpg 2048w, https:\/\/bergers-schlagerparadies.de\/wp-content\/uploads\/2026\/01\/Jaqueline-Engel-Irgendwann-kommt-das-Licht-1200x1200.jpg 1200w, https:\/\/bergers-schlagerparadies.de\/wp-content\/uploads\/2026\/01\/Jaqueline-Engel-Irgendwann-kommt-das-Licht-1188x1188.jpg 1188w, https:\/\/bergers-schlagerparadies.de\/wp-content\/uploads\/2026\/01\/Jaqueline-Engel-Irgendwann-kommt-das-Licht-100x100.jpg 100w\" sizes=\"auto, (max-width: 70px) 100vw, 70px\" \/> \u00a0Jaqueline Engel<\/span> &#8211; Irgendwann kommt das Licht ( <span style=\"color: #800000;\">Fiesta Records<\/span> )<\/strong><\/li>\n<li><strong><img loading=\"lazy\" decoding=\"async\" class=\"alignnone wp-image-40988\" src=\"https:\/\/bergers-schlagerparadies.de\/wp-content\/uploads\/2026\/01\/Joerg-Bausch-Schleier-und-Zylinder-300x300.jpeg\" alt=\"\" width=\"70\" height=\"70\" srcset=\"https:\/\/bergers-schlagerparadies.de\/wp-content\/uploads\/2026\/01\/Joerg-Bausch-Schleier-und-Zylinder-300x300.jpeg 300w, https:\/\/bergers-schlagerparadies.de\/wp-content\/uploads\/2026\/01\/Joerg-Bausch-Schleier-und-Zylinder-1024x1024.jpeg 1024w, https:\/\/bergers-schlagerparadies.de\/wp-content\/uploads\/2026\/01\/Joerg-Bausch-Schleier-und-Zylinder-150x150.jpeg 150w, https:\/\/bergers-schlagerparadies.de\/wp-content\/uploads\/2026\/01\/Joerg-Bausch-Schleier-und-Zylinder-768x768.jpeg 768w, https:\/\/bergers-schlagerparadies.de\/wp-content\/uploads\/2026\/01\/Joerg-Bausch-Schleier-und-Zylinder-1188x1188.jpeg 1188w, https:\/\/bergers-schlagerparadies.de\/wp-content\/uploads\/2026\/01\/Joerg-Bausch-Schleier-und-Zylinder-100x100.jpeg 100w, https:\/\/bergers-schlagerparadies.de\/wp-content\/uploads\/2026\/01\/Joerg-Bausch-Schleier-und-Zylinder.jpeg 1200w\" sizes=\"auto, (max-width: 70px) 100vw, 70px\" \/>\u00a0 J\u00f6rg Bausch &#8211; Schleier und Zylinder ( <span style=\"color: #800000;\">Hit-Pop Music<\/span>\u00a0)<\/strong><\/li>\n<li><strong><span style=\"color: #800000;\"><img loading=\"lazy\" decoding=\"async\" class=\"alignnone wp-image-41096\" src=\"https:\/\/bergers-schlagerparadies.de\/wp-content\/uploads\/2026\/01\/Lara-Zoe-I-Love-Schlager-300x300.jpeg\" alt=\"\" width=\"70\" height=\"70\" srcset=\"https:\/\/bergers-schlagerparadies.de\/wp-content\/uploads\/2026\/01\/Lara-Zoe-I-Love-Schlager-300x300.jpeg 300w, https:\/\/bergers-schlagerparadies.de\/wp-content\/uploads\/2026\/01\/Lara-Zoe-I-Love-Schlager-1024x1024.jpeg 1024w, https:\/\/bergers-schlagerparadies.de\/wp-content\/uploads\/2026\/01\/Lara-Zoe-I-Love-Schlager-150x150.jpeg 150w, https:\/\/bergers-schlagerparadies.de\/wp-content\/uploads\/2026\/01\/Lara-Zoe-I-Love-Schlager-768x768.jpeg 768w, https:\/\/bergers-schlagerparadies.de\/wp-content\/uploads\/2026\/01\/Lara-Zoe-I-Love-Schlager-1536x1536.jpeg 1536w, https:\/\/bergers-schlagerparadies.de\/wp-content\/uploads\/2026\/01\/Lara-Zoe-I-Love-Schlager-2048x2048.jpeg 2048w, https:\/\/bergers-schlagerparadies.de\/wp-content\/uploads\/2026\/01\/Lara-Zoe-I-Love-Schlager-1200x1200.jpeg 1200w, https:\/\/bergers-schlagerparadies.de\/wp-content\/uploads\/2026\/01\/Lara-Zoe-I-Love-Schlager-1188x1188.jpeg 1188w, https:\/\/bergers-schlagerparadies.de\/wp-content\/uploads\/2026\/01\/Lara-Zoe-I-Love-Schlager-100x100.jpeg 100w\" sizes=\"auto, (max-width: 70px) 100vw, 70px\" \/>\u00a0 Lara Zoe<\/span> &#8211; I Love Schlager ( <span style=\"color: #800000;\">B-exstage Music<\/span>\u00a0)<\/strong><\/li>\n<li><strong><span style=\"color: #800000;\"><img loading=\"lazy\" decoding=\"async\" class=\"alignnone wp-image-41036\" src=\"https:\/\/bergers-schlagerparadies.de\/wp-content\/uploads\/2026\/01\/Marcel-Lichtermeer-300x300.jpeg\" alt=\"\" width=\"70\" height=\"70\" srcset=\"https:\/\/bergers-schlagerparadies.de\/wp-content\/uploads\/2026\/01\/Marcel-Lichtermeer-300x300.jpeg 300w, https:\/\/bergers-schlagerparadies.de\/wp-content\/uploads\/2026\/01\/Marcel-Lichtermeer-1024x1024.jpeg 1024w, https:\/\/bergers-schlagerparadies.de\/wp-content\/uploads\/2026\/01\/Marcel-Lichtermeer-150x150.jpeg 150w, https:\/\/bergers-schlagerparadies.de\/wp-content\/uploads\/2026\/01\/Marcel-Lichtermeer-768x768.jpeg 768w, https:\/\/bergers-schlagerparadies.de\/wp-content\/uploads\/2026\/01\/Marcel-Lichtermeer-1536x1536.jpeg 1536w, https:\/\/bergers-schlagerparadies.de\/wp-content\/uploads\/2026\/01\/Marcel-Lichtermeer-2048x2048.jpeg 2048w, https:\/\/bergers-schlagerparadies.de\/wp-content\/uploads\/2026\/01\/Marcel-Lichtermeer-1200x1200.jpeg 1200w, https:\/\/bergers-schlagerparadies.de\/wp-content\/uploads\/2026\/01\/Marcel-Lichtermeer-1188x1188.jpeg 1188w, https:\/\/bergers-schlagerparadies.de\/wp-content\/uploads\/2026\/01\/Marcel-Lichtermeer-100x100.jpeg 100w\" sizes=\"auto, (max-width: 70px) 100vw, 70px\" \/>\u00a0 Marc\u00ebl<\/span> &#8211; Lichtermeer ( <span style=\"color: #800000;\">recordJet<\/span>\u00a0)<\/strong><\/li>\n<li><strong><span style=\"color: #800000;\"><img loading=\"lazy\" decoding=\"async\" class=\"alignnone wp-image-41013\" src=\"https:\/\/bergers-schlagerparadies.de\/wp-content\/uploads\/2026\/01\/Mario-Christoph-Dann-kam-Paula-300x300.jpeg\" alt=\"\" width=\"70\" height=\"70\" srcset=\"https:\/\/bergers-schlagerparadies.de\/wp-content\/uploads\/2026\/01\/Mario-Christoph-Dann-kam-Paula-300x300.jpeg 300w, https:\/\/bergers-schlagerparadies.de\/wp-content\/uploads\/2026\/01\/Mario-Christoph-Dann-kam-Paula-1024x1024.jpeg 1024w, https:\/\/bergers-schlagerparadies.de\/wp-content\/uploads\/2026\/01\/Mario-Christoph-Dann-kam-Paula-150x150.jpeg 150w, https:\/\/bergers-schlagerparadies.de\/wp-content\/uploads\/2026\/01\/Mario-Christoph-Dann-kam-Paula-768x768.jpeg 768w, https:\/\/bergers-schlagerparadies.de\/wp-content\/uploads\/2026\/01\/Mario-Christoph-Dann-kam-Paula-1200x1200.jpeg 1200w, https:\/\/bergers-schlagerparadies.de\/wp-content\/uploads\/2026\/01\/Mario-Christoph-Dann-kam-Paula-1188x1188.jpeg 1188w, https:\/\/bergers-schlagerparadies.de\/wp-content\/uploads\/2026\/01\/Mario-Christoph-Dann-kam-Paula-100x100.jpeg 100w, https:\/\/bergers-schlagerparadies.de\/wp-content\/uploads\/2026\/01\/Mario-Christoph-Dann-kam-Paula.jpeg 1500w\" sizes=\"auto, (max-width: 70px) 100vw, 70px\" \/>\u00a0 Mario<\/span> &amp; <span style=\"color: #800000;\">Christoph<\/span> &#8211; Dann kam Paula ( <span style=\"color: #800000;\">chorus Pro.Media<\/span>\u00a0)<\/strong><\/li>\n<li><strong><span style=\"color: #800000;\"><img loading=\"lazy\" decoding=\"async\" class=\"alignnone wp-image-40684\" src=\"https:\/\/bergers-schlagerparadies.de\/wp-content\/uploads\/2026\/01\/Mark-Ed-Hey-Ciao-300x300.jpeg\" alt=\"\" width=\"70\" height=\"70\" srcset=\"https:\/\/bergers-schlagerparadies.de\/wp-content\/uploads\/2026\/01\/Mark-Ed-Hey-Ciao-300x300.jpeg 300w, https:\/\/bergers-schlagerparadies.de\/wp-content\/uploads\/2026\/01\/Mark-Ed-Hey-Ciao-1024x1024.jpeg 1024w, https:\/\/bergers-schlagerparadies.de\/wp-content\/uploads\/2026\/01\/Mark-Ed-Hey-Ciao-150x150.jpeg 150w, https:\/\/bergers-schlagerparadies.de\/wp-content\/uploads\/2026\/01\/Mark-Ed-Hey-Ciao-768x768.jpeg 768w, https:\/\/bergers-schlagerparadies.de\/wp-content\/uploads\/2026\/01\/Mark-Ed-Hey-Ciao-1536x1536.jpeg 1536w, https:\/\/bergers-schlagerparadies.de\/wp-content\/uploads\/2026\/01\/Mark-Ed-Hey-Ciao-2048x2048.jpeg 2048w, https:\/\/bergers-schlagerparadies.de\/wp-content\/uploads\/2026\/01\/Mark-Ed-Hey-Ciao-1200x1200.jpeg 1200w, https:\/\/bergers-schlagerparadies.de\/wp-content\/uploads\/2026\/01\/Mark-Ed-Hey-Ciao-1188x1188.jpeg 1188w, https:\/\/bergers-schlagerparadies.de\/wp-content\/uploads\/2026\/01\/Mark-Ed-Hey-Ciao-100x100.jpeg 100w\" sizes=\"auto, (max-width: 70px) 100vw, 70px\" \/>\u00a0 Mark Ed<\/span> &#8211; Hey Ciao ( <span style=\"color: #800000;\">100 % deutsch \/ mikes music<\/span>\u00a0)<\/strong><\/li>\n<li><strong><img loading=\"lazy\" decoding=\"async\" class=\"alignnone wp-image-41100\" src=\"https:\/\/bergers-schlagerparadies.de\/wp-content\/uploads\/2026\/01\/Martina-Westermann-Komm-halt-mich-fest-300x300.jpeg\" alt=\"\" width=\"70\" height=\"70\" srcset=\"https:\/\/bergers-schlagerparadies.de\/wp-content\/uploads\/2026\/01\/Martina-Westermann-Komm-halt-mich-fest-300x300.jpeg 300w, https:\/\/bergers-schlagerparadies.de\/wp-content\/uploads\/2026\/01\/Martina-Westermann-Komm-halt-mich-fest-1024x1024.jpeg 1024w, https:\/\/bergers-schlagerparadies.de\/wp-content\/uploads\/2026\/01\/Martina-Westermann-Komm-halt-mich-fest-150x150.jpeg 150w, https:\/\/bergers-schlagerparadies.de\/wp-content\/uploads\/2026\/01\/Martina-Westermann-Komm-halt-mich-fest-768x768.jpeg 768w, https:\/\/bergers-schlagerparadies.de\/wp-content\/uploads\/2026\/01\/Martina-Westermann-Komm-halt-mich-fest-1536x1536.jpeg 1536w, https:\/\/bergers-schlagerparadies.de\/wp-content\/uploads\/2026\/01\/Martina-Westermann-Komm-halt-mich-fest-2048x2048.jpeg 2048w, https:\/\/bergers-schlagerparadies.de\/wp-content\/uploads\/2026\/01\/Martina-Westermann-Komm-halt-mich-fest-1200x1200.jpeg 1200w, https:\/\/bergers-schlagerparadies.de\/wp-content\/uploads\/2026\/01\/Martina-Westermann-Komm-halt-mich-fest-1188x1188.jpeg 1188w, https:\/\/bergers-schlagerparadies.de\/wp-content\/uploads\/2026\/01\/Martina-Westermann-Komm-halt-mich-fest-100x100.jpeg 100w\" sizes=\"auto, (max-width: 70px) 100vw, 70px\" \/>\u00a0 <span style=\"color: #800000;\">Martina Westermann<\/span> &#8211; Komm halt mich fest ( <span style=\"color: #800000;\">Fiesta Records<\/span> )<\/strong><\/li>\n<li><strong><span style=\"color: #800000;\"><img loading=\"lazy\" decoding=\"async\" class=\"alignnone wp-image-41041\" src=\"https:\/\/bergers-schlagerparadies.de\/wp-content\/uploads\/2026\/01\/Mela-Rose-Mein-Herz-Es-Wird-Den-Teufel-Tun-300x300.jpg\" alt=\"\" width=\"70\" height=\"70\" srcset=\"https:\/\/bergers-schlagerparadies.de\/wp-content\/uploads\/2026\/01\/Mela-Rose-Mein-Herz-Es-Wird-Den-Teufel-Tun-300x300.jpg 300w, https:\/\/bergers-schlagerparadies.de\/wp-content\/uploads\/2026\/01\/Mela-Rose-Mein-Herz-Es-Wird-Den-Teufel-Tun-1024x1024.jpg 1024w, https:\/\/bergers-schlagerparadies.de\/wp-content\/uploads\/2026\/01\/Mela-Rose-Mein-Herz-Es-Wird-Den-Teufel-Tun-150x150.jpg 150w, https:\/\/bergers-schlagerparadies.de\/wp-content\/uploads\/2026\/01\/Mela-Rose-Mein-Herz-Es-Wird-Den-Teufel-Tun-768x768.jpg 768w, https:\/\/bergers-schlagerparadies.de\/wp-content\/uploads\/2026\/01\/Mela-Rose-Mein-Herz-Es-Wird-Den-Teufel-Tun-1200x1200.jpg 1200w, https:\/\/bergers-schlagerparadies.de\/wp-content\/uploads\/2026\/01\/Mela-Rose-Mein-Herz-Es-Wird-Den-Teufel-Tun-1188x1188.jpg 1188w, https:\/\/bergers-schlagerparadies.de\/wp-content\/uploads\/2026\/01\/Mela-Rose-Mein-Herz-Es-Wird-Den-Teufel-Tun-100x100.jpg 100w, https:\/\/bergers-schlagerparadies.de\/wp-content\/uploads\/2026\/01\/Mela-Rose-Mein-Herz-Es-Wird-Den-Teufel-Tun.jpg 1440w\" sizes=\"auto, (max-width: 70px) 100vw, 70px\" \/>\u00a0 Mela Rose<\/span> &#8211; Mein Herz Es Wird Den Teufel Tun ( <span style=\"color: #800000;\">Melma Records<\/span>\u00a0)<\/strong><\/li>\n<li><strong><span style=\"color: #800000;\"><img loading=\"lazy\" decoding=\"async\" class=\"alignnone wp-image-41104\" src=\"https:\/\/bergers-schlagerparadies.de\/wp-content\/uploads\/2026\/01\/Melia-Dann-flieg-300x300.jpeg\" alt=\"\" width=\"70\" height=\"70\" srcset=\"https:\/\/bergers-schlagerparadies.de\/wp-content\/uploads\/2026\/01\/Melia-Dann-flieg-300x300.jpeg 300w, https:\/\/bergers-schlagerparadies.de\/wp-content\/uploads\/2026\/01\/Melia-Dann-flieg-1024x1024.jpeg 1024w, https:\/\/bergers-schlagerparadies.de\/wp-content\/uploads\/2026\/01\/Melia-Dann-flieg-150x150.jpeg 150w, https:\/\/bergers-schlagerparadies.de\/wp-content\/uploads\/2026\/01\/Melia-Dann-flieg-768x768.jpeg 768w, https:\/\/bergers-schlagerparadies.de\/wp-content\/uploads\/2026\/01\/Melia-Dann-flieg-1536x1536.jpeg 1536w, https:\/\/bergers-schlagerparadies.de\/wp-content\/uploads\/2026\/01\/Melia-Dann-flieg-2048x2048.jpeg 2048w, https:\/\/bergers-schlagerparadies.de\/wp-content\/uploads\/2026\/01\/Melia-Dann-flieg-1200x1200.jpeg 1200w, https:\/\/bergers-schlagerparadies.de\/wp-content\/uploads\/2026\/01\/Melia-Dann-flieg-1188x1188.jpeg 1188w, https:\/\/bergers-schlagerparadies.de\/wp-content\/uploads\/2026\/01\/Melia-Dann-flieg-100x100.jpeg 100w\" sizes=\"auto, (max-width: 70px) 100vw, 70px\" \/>\u00a0 Melia<\/span> &#8211; Dann flieg ( <span style=\"color: #800000;\">ARTISTS &amp; ACTS<\/span>\u00a0)<\/strong><\/li>\n<li><strong><span style=\"color: #800000;\"><img loading=\"lazy\" decoding=\"async\" class=\"alignnone wp-image-40862\" src=\"https:\/\/bergers-schlagerparadies.de\/wp-content\/uploads\/2026\/01\/Melanie-Payer-Wehrlos-300x297.jpeg\" alt=\"\" width=\"70\" height=\"69\" srcset=\"https:\/\/bergers-schlagerparadies.de\/wp-content\/uploads\/2026\/01\/Melanie-Payer-Wehrlos-300x297.jpeg 300w, https:\/\/bergers-schlagerparadies.de\/wp-content\/uploads\/2026\/01\/Melanie-Payer-Wehrlos-1024x1015.jpeg 1024w, https:\/\/bergers-schlagerparadies.de\/wp-content\/uploads\/2026\/01\/Melanie-Payer-Wehrlos-150x150.jpeg 150w, https:\/\/bergers-schlagerparadies.de\/wp-content\/uploads\/2026\/01\/Melanie-Payer-Wehrlos-768x762.jpeg 768w, https:\/\/bergers-schlagerparadies.de\/wp-content\/uploads\/2026\/01\/Melanie-Payer-Wehrlos-1200x1190.jpeg 1200w, https:\/\/bergers-schlagerparadies.de\/wp-content\/uploads\/2026\/01\/Melanie-Payer-Wehrlos-1188x1178.jpeg 1188w, https:\/\/bergers-schlagerparadies.de\/wp-content\/uploads\/2026\/01\/Melanie-Payer-Wehrlos-100x100.jpeg 100w, https:\/\/bergers-schlagerparadies.de\/wp-content\/uploads\/2026\/01\/Melanie-Payer-Wehrlos.jpeg 1429w\" sizes=\"auto, (max-width: 70px) 100vw, 70px\" \/>\u00a0 Melanie Payer<\/span> &#8211; Wehrlos ( <span style=\"color: #800000;\">MeLiJo Music<\/span>\u00a0)<\/strong><\/li>\n<li><strong><span style=\"color: #800000;\"><img loading=\"lazy\" decoding=\"async\" class=\"alignnone wp-image-41133\" src=\"https:\/\/bergers-schlagerparadies.de\/wp-content\/uploads\/2026\/01\/Michael-Wendler-Keine-Rettung-in-Sicht.jpg\" alt=\"\" width=\"70\" height=\"70\" srcset=\"https:\/\/bergers-schlagerparadies.de\/wp-content\/uploads\/2026\/01\/Michael-Wendler-Keine-Rettung-in-Sicht.jpg 300w, https:\/\/bergers-schlagerparadies.de\/wp-content\/uploads\/2026\/01\/Michael-Wendler-Keine-Rettung-in-Sicht-150x150.jpg 150w, https:\/\/bergers-schlagerparadies.de\/wp-content\/uploads\/2026\/01\/Michael-Wendler-Keine-Rettung-in-Sicht-100x100.jpg 100w\" sizes=\"auto, (max-width: 70px) 100vw, 70px\" \/>\u00a0 Michael Wendler<\/span> &#8211; Keine Rettung in Sicht ( <span style=\"color: #800000;\"><span class=\"yt-core-attributed-string yt-core-attributed-string--white-space-pre-wrap\" dir=\"auto\" role=\"text\"><span class=\"yt-core-attributed-string--link-inherit-color\" dir=\"auto\">AP Music<\/span><\/span><\/span>\u00a0)<\/strong><\/li>\n<li><strong><span style=\"color: #800000;\"><img loading=\"lazy\" decoding=\"async\" class=\"alignnone wp-image-40993\" src=\"https:\/\/bergers-schlagerparadies.de\/wp-content\/uploads\/2026\/01\/Moritz-Bierbaum-Wir-feiern-300x300.jpg\" alt=\"\" width=\"70\" height=\"70\" srcset=\"https:\/\/bergers-schlagerparadies.de\/wp-content\/uploads\/2026\/01\/Moritz-Bierbaum-Wir-feiern-300x300.jpg 300w, https:\/\/bergers-schlagerparadies.de\/wp-content\/uploads\/2026\/01\/Moritz-Bierbaum-Wir-feiern-1024x1024.jpg 1024w, https:\/\/bergers-schlagerparadies.de\/wp-content\/uploads\/2026\/01\/Moritz-Bierbaum-Wir-feiern-150x150.jpg 150w, https:\/\/bergers-schlagerparadies.de\/wp-content\/uploads\/2026\/01\/Moritz-Bierbaum-Wir-feiern-768x768.jpg 768w, https:\/\/bergers-schlagerparadies.de\/wp-content\/uploads\/2026\/01\/Moritz-Bierbaum-Wir-feiern-1536x1536.jpg 1536w, https:\/\/bergers-schlagerparadies.de\/wp-content\/uploads\/2026\/01\/Moritz-Bierbaum-Wir-feiern-2048x2048.jpg 2048w, https:\/\/bergers-schlagerparadies.de\/wp-content\/uploads\/2026\/01\/Moritz-Bierbaum-Wir-feiern-1200x1200.jpg 1200w, https:\/\/bergers-schlagerparadies.de\/wp-content\/uploads\/2026\/01\/Moritz-Bierbaum-Wir-feiern-1188x1188.jpg 1188w, https:\/\/bergers-schlagerparadies.de\/wp-content\/uploads\/2026\/01\/Moritz-Bierbaum-Wir-feiern-100x100.jpg 100w\" sizes=\"auto, (max-width: 70px) 100vw, 70px\" \/>\u00a0 Moritz Bierbaum<\/span> &#8211; Wir feiern ( <span style=\"color: #800000;\">Fiesta Records<\/span> )<\/strong><\/li>\n<li><strong><span style=\"color: #800000;\"><img loading=\"lazy\" decoding=\"async\" class=\"alignnone wp-image-41109\" src=\"https:\/\/bergers-schlagerparadies.de\/wp-content\/uploads\/2026\/01\/Nancy-Damm-Ich-hoffe-du-verliebst-dich-nicht-300x300.jpeg\" alt=\"\" width=\"70\" height=\"70\" srcset=\"https:\/\/bergers-schlagerparadies.de\/wp-content\/uploads\/2026\/01\/Nancy-Damm-Ich-hoffe-du-verliebst-dich-nicht-300x300.jpeg 300w, https:\/\/bergers-schlagerparadies.de\/wp-content\/uploads\/2026\/01\/Nancy-Damm-Ich-hoffe-du-verliebst-dich-nicht-1024x1024.jpeg 1024w, https:\/\/bergers-schlagerparadies.de\/wp-content\/uploads\/2026\/01\/Nancy-Damm-Ich-hoffe-du-verliebst-dich-nicht-150x150.jpeg 150w, https:\/\/bergers-schlagerparadies.de\/wp-content\/uploads\/2026\/01\/Nancy-Damm-Ich-hoffe-du-verliebst-dich-nicht-768x768.jpeg 768w, https:\/\/bergers-schlagerparadies.de\/wp-content\/uploads\/2026\/01\/Nancy-Damm-Ich-hoffe-du-verliebst-dich-nicht-1536x1536.jpeg 1536w, https:\/\/bergers-schlagerparadies.de\/wp-content\/uploads\/2026\/01\/Nancy-Damm-Ich-hoffe-du-verliebst-dich-nicht-2048x2048.jpeg 2048w, https:\/\/bergers-schlagerparadies.de\/wp-content\/uploads\/2026\/01\/Nancy-Damm-Ich-hoffe-du-verliebst-dich-nicht-1200x1200.jpeg 1200w, https:\/\/bergers-schlagerparadies.de\/wp-content\/uploads\/2026\/01\/Nancy-Damm-Ich-hoffe-du-verliebst-dich-nicht-1188x1188.jpeg 1188w, https:\/\/bergers-schlagerparadies.de\/wp-content\/uploads\/2026\/01\/Nancy-Damm-Ich-hoffe-du-verliebst-dich-nicht-100x100.jpeg 100w\" sizes=\"auto, (max-width: 70px) 100vw, 70px\" \/>\u00a0 Nancy Damm<\/span> &#8211; Ich hoffe du verliebst dich nicht ( <span style=\"color: #800000;\">Fiesta Records<\/span> )<\/strong><\/li>\n<li><strong><span style=\"color: #800000;\"><img loading=\"lazy\" decoding=\"async\" class=\"alignnone wp-image-41004\" src=\"https:\/\/bergers-schlagerparadies.de\/wp-content\/uploads\/2026\/01\/Nancy-Su-Hit-Medley-2026-300x300.jpg\" alt=\"\" width=\"70\" height=\"70\" srcset=\"https:\/\/bergers-schlagerparadies.de\/wp-content\/uploads\/2026\/01\/Nancy-Su-Hit-Medley-2026-300x300.jpg 300w, https:\/\/bergers-schlagerparadies.de\/wp-content\/uploads\/2026\/01\/Nancy-Su-Hit-Medley-2026-1024x1024.jpg 1024w, https:\/\/bergers-schlagerparadies.de\/wp-content\/uploads\/2026\/01\/Nancy-Su-Hit-Medley-2026-150x150.jpg 150w, https:\/\/bergers-schlagerparadies.de\/wp-content\/uploads\/2026\/01\/Nancy-Su-Hit-Medley-2026-768x768.jpg 768w, https:\/\/bergers-schlagerparadies.de\/wp-content\/uploads\/2026\/01\/Nancy-Su-Hit-Medley-2026-1536x1536.jpg 1536w, https:\/\/bergers-schlagerparadies.de\/wp-content\/uploads\/2026\/01\/Nancy-Su-Hit-Medley-2026-2048x2048.jpg 2048w, https:\/\/bergers-schlagerparadies.de\/wp-content\/uploads\/2026\/01\/Nancy-Su-Hit-Medley-2026-1200x1200.jpg 1200w, https:\/\/bergers-schlagerparadies.de\/wp-content\/uploads\/2026\/01\/Nancy-Su-Hit-Medley-2026-1188x1188.jpg 1188w, https:\/\/bergers-schlagerparadies.de\/wp-content\/uploads\/2026\/01\/Nancy-Su-Hit-Medley-2026-100x100.jpg 100w\" sizes=\"auto, (max-width: 70px) 100vw, 70px\" \/>\u00a0 Nancy Su<\/span> &#8211; Hit Medley 2026 ( <span style=\"color: #800000;\">Lumina Records<\/span>\u00a0)<\/strong><\/li>\n<li><strong><span style=\"color: #800000;\"><img loading=\"lazy\" decoding=\"async\" class=\"alignnone wp-image-40984\" src=\"https:\/\/bergers-schlagerparadies.de\/wp-content\/uploads\/2026\/01\/Olaf-Berger-Es-brennt-wie-Feuer-300x300.jpeg\" alt=\"\" width=\"70\" height=\"70\" srcset=\"https:\/\/bergers-schlagerparadies.de\/wp-content\/uploads\/2026\/01\/Olaf-Berger-Es-brennt-wie-Feuer-300x300.jpeg 300w, https:\/\/bergers-schlagerparadies.de\/wp-content\/uploads\/2026\/01\/Olaf-Berger-Es-brennt-wie-Feuer-1024x1024.jpeg 1024w, https:\/\/bergers-schlagerparadies.de\/wp-content\/uploads\/2026\/01\/Olaf-Berger-Es-brennt-wie-Feuer-150x150.jpeg 150w, https:\/\/bergers-schlagerparadies.de\/wp-content\/uploads\/2026\/01\/Olaf-Berger-Es-brennt-wie-Feuer-768x768.jpeg 768w, https:\/\/bergers-schlagerparadies.de\/wp-content\/uploads\/2026\/01\/Olaf-Berger-Es-brennt-wie-Feuer-1536x1536.jpeg 1536w, https:\/\/bergers-schlagerparadies.de\/wp-content\/uploads\/2026\/01\/Olaf-Berger-Es-brennt-wie-Feuer-1200x1200.jpeg 1200w, https:\/\/bergers-schlagerparadies.de\/wp-content\/uploads\/2026\/01\/Olaf-Berger-Es-brennt-wie-Feuer-1188x1188.jpeg 1188w, https:\/\/bergers-schlagerparadies.de\/wp-content\/uploads\/2026\/01\/Olaf-Berger-Es-brennt-wie-Feuer-100x100.jpeg 100w, https:\/\/bergers-schlagerparadies.de\/wp-content\/uploads\/2026\/01\/Olaf-Berger-Es-brennt-wie-Feuer.jpeg 1750w\" sizes=\"auto, (max-width: 70px) 100vw, 70px\" \/>\u00a0 Olaf Berger<\/span> &#8211; Es brennt wie Feuer &#8211; Forever ( <span style=\"color: #800000;\">Bergerstark<\/span>\u00a0)<\/strong><\/li>\n<li><strong><span class=\"html-span xdj266r x14z9mp xat24cr x1lziwak xexx8yu xyri2b x18d9i69 x1c1uobl x1hl2dhg x16tdsg8 x1vvkbs\" style=\"color: #800000;\"><span class=\"xt0psk2\"><img loading=\"lazy\" decoding=\"async\" class=\"alignnone wp-image-41129\" src=\"https:\/\/bergers-schlagerparadies.de\/wp-content\/uploads\/2026\/01\/Oliver-Haidt-Einmal-musste-das-passieren-300x300.jpg\" alt=\"\" width=\"70\" height=\"70\" srcset=\"https:\/\/bergers-schlagerparadies.de\/wp-content\/uploads\/2026\/01\/Oliver-Haidt-Einmal-musste-das-passieren-300x300.jpg 300w, https:\/\/bergers-schlagerparadies.de\/wp-content\/uploads\/2026\/01\/Oliver-Haidt-Einmal-musste-das-passieren-1024x1024.jpg 1024w, https:\/\/bergers-schlagerparadies.de\/wp-content\/uploads\/2026\/01\/Oliver-Haidt-Einmal-musste-das-passieren-150x150.jpg 150w, https:\/\/bergers-schlagerparadies.de\/wp-content\/uploads\/2026\/01\/Oliver-Haidt-Einmal-musste-das-passieren-768x768.jpg 768w, https:\/\/bergers-schlagerparadies.de\/wp-content\/uploads\/2026\/01\/Oliver-Haidt-Einmal-musste-das-passieren-1188x1188.jpg 1188w, https:\/\/bergers-schlagerparadies.de\/wp-content\/uploads\/2026\/01\/Oliver-Haidt-Einmal-musste-das-passieren-100x100.jpg 100w, https:\/\/bergers-schlagerparadies.de\/wp-content\/uploads\/2026\/01\/Oliver-Haidt-Einmal-musste-das-passieren.jpg 1200w\" sizes=\"auto, (max-width: 70px) 100vw, 70px\" \/>\u00a0 Oliver Haidt<\/span><\/span> &#8211; Einmal musste das passieren ( <span style=\"color: #800000;\"><span class=\"yt-core-attributed-string yt-core-attributed-string--white-space-pre-wrap\" dir=\"auto\" role=\"text\"><span class=\"yt-core-attributed-string--link-inherit-color\" dir=\"auto\">Universal Music Group<\/span><\/span><\/span>\u00a0)<\/strong><\/li>\n<li><strong><span style=\"color: #800000;\"><img loading=\"lazy\" decoding=\"async\" class=\"alignnone wp-image-41113\" src=\"https:\/\/bergers-schlagerparadies.de\/wp-content\/uploads\/2026\/01\/Partycowboys-Du-bist-mein-Talisman-300x300.jpeg\" alt=\"\" width=\"70\" height=\"70\" \/>\u00a0 Partycowboys<\/span> &#8211; Du bist mein Talisman ( <span style=\"color: #800000;\">KLONDIKE Records &amp; Songs<\/span>\u00a0)<\/strong><\/li>\n<li><strong><span style=\"color: #800000;\"><img loading=\"lazy\" decoding=\"async\" class=\"alignnone wp-image-41116\" src=\"https:\/\/bergers-schlagerparadies.de\/wp-content\/uploads\/2026\/01\/Peter-Schilling-Antistar-300x300.jpeg\" alt=\"\" width=\"70\" height=\"70\" srcset=\"https:\/\/bergers-schlagerparadies.de\/wp-content\/uploads\/2026\/01\/Peter-Schilling-Antistar-300x300.jpeg 300w, https:\/\/bergers-schlagerparadies.de\/wp-content\/uploads\/2026\/01\/Peter-Schilling-Antistar-1024x1024.jpeg 1024w, https:\/\/bergers-schlagerparadies.de\/wp-content\/uploads\/2026\/01\/Peter-Schilling-Antistar-150x150.jpeg 150w, https:\/\/bergers-schlagerparadies.de\/wp-content\/uploads\/2026\/01\/Peter-Schilling-Antistar-768x768.jpeg 768w, https:\/\/bergers-schlagerparadies.de\/wp-content\/uploads\/2026\/01\/Peter-Schilling-Antistar-1200x1200.jpeg 1200w, https:\/\/bergers-schlagerparadies.de\/wp-content\/uploads\/2026\/01\/Peter-Schilling-Antistar-1188x1188.jpeg 1188w, https:\/\/bergers-schlagerparadies.de\/wp-content\/uploads\/2026\/01\/Peter-Schilling-Antistar-100x100.jpeg 100w, https:\/\/bergers-schlagerparadies.de\/wp-content\/uploads\/2026\/01\/Peter-Schilling-Antistar.jpeg 1400w\" sizes=\"auto, (max-width: 70px) 100vw, 70px\" \/>\u00a0 Peter Schilling<\/span> &#8211; Antistar ( <span style=\"color: #800000;\">Warner Music International<\/span>\u00a0)<\/strong><\/li>\n<li><strong><span style=\"color: #800000;\"><img loading=\"lazy\" decoding=\"async\" class=\"alignnone wp-image-41138\" src=\"https:\/\/bergers-schlagerparadies.de\/wp-content\/uploads\/2026\/01\/Philipp-Kaiser-Reit-auf-den-Wolken-300x300.jpg\" alt=\"\" width=\"70\" height=\"70\" srcset=\"https:\/\/bergers-schlagerparadies.de\/wp-content\/uploads\/2026\/01\/Philipp-Kaiser-Reit-auf-den-Wolken-300x300.jpg 300w, https:\/\/bergers-schlagerparadies.de\/wp-content\/uploads\/2026\/01\/Philipp-Kaiser-Reit-auf-den-Wolken-1024x1024.jpg 1024w, https:\/\/bergers-schlagerparadies.de\/wp-content\/uploads\/2026\/01\/Philipp-Kaiser-Reit-auf-den-Wolken-150x150.jpg 150w, https:\/\/bergers-schlagerparadies.de\/wp-content\/uploads\/2026\/01\/Philipp-Kaiser-Reit-auf-den-Wolken-768x768.jpg 768w, https:\/\/bergers-schlagerparadies.de\/wp-content\/uploads\/2026\/01\/Philipp-Kaiser-Reit-auf-den-Wolken-1536x1536.jpg 1536w, https:\/\/bergers-schlagerparadies.de\/wp-content\/uploads\/2026\/01\/Philipp-Kaiser-Reit-auf-den-Wolken-2048x2048.jpg 2048w, https:\/\/bergers-schlagerparadies.de\/wp-content\/uploads\/2026\/01\/Philipp-Kaiser-Reit-auf-den-Wolken-1200x1200.jpg 1200w, https:\/\/bergers-schlagerparadies.de\/wp-content\/uploads\/2026\/01\/Philipp-Kaiser-Reit-auf-den-Wolken-1188x1188.jpg 1188w, https:\/\/bergers-schlagerparadies.de\/wp-content\/uploads\/2026\/01\/Philipp-Kaiser-Reit-auf-den-Wolken-100x100.jpg 100w\" sizes=\"auto, (max-width: 70px) 100vw, 70px\" \/>\u00a0 Philipp Kaiser<\/span> &#8211; Reit auf den Wolken ( <span style=\"color: #800000;\">Fiesta Records<\/span> )<\/strong><\/li>\n<li><strong><span style=\"color: #800000;\"><img loading=\"lazy\" decoding=\"async\" class=\"alignnone wp-image-41120\" src=\"https:\/\/bergers-schlagerparadies.de\/wp-content\/uploads\/2026\/01\/Roly-und-Christian-Herz-gewonnen-300x300.jpeg\" alt=\"\" width=\"70\" height=\"70\" srcset=\"https:\/\/bergers-schlagerparadies.de\/wp-content\/uploads\/2026\/01\/Roly-und-Christian-Herz-gewonnen-300x300.jpeg 300w, https:\/\/bergers-schlagerparadies.de\/wp-content\/uploads\/2026\/01\/Roly-und-Christian-Herz-gewonnen-1024x1024.jpeg 1024w, https:\/\/bergers-schlagerparadies.de\/wp-content\/uploads\/2026\/01\/Roly-und-Christian-Herz-gewonnen-150x150.jpeg 150w, https:\/\/bergers-schlagerparadies.de\/wp-content\/uploads\/2026\/01\/Roly-und-Christian-Herz-gewonnen-768x768.jpeg 768w, https:\/\/bergers-schlagerparadies.de\/wp-content\/uploads\/2026\/01\/Roly-und-Christian-Herz-gewonnen-1536x1536.jpeg 1536w, https:\/\/bergers-schlagerparadies.de\/wp-content\/uploads\/2026\/01\/Roly-und-Christian-Herz-gewonnen-2048x2048.jpeg 2048w, https:\/\/bergers-schlagerparadies.de\/wp-content\/uploads\/2026\/01\/Roly-und-Christian-Herz-gewonnen-1200x1200.jpeg 1200w, https:\/\/bergers-schlagerparadies.de\/wp-content\/uploads\/2026\/01\/Roly-und-Christian-Herz-gewonnen-1188x1188.jpeg 1188w, https:\/\/bergers-schlagerparadies.de\/wp-content\/uploads\/2026\/01\/Roly-und-Christian-Herz-gewonnen-100x100.jpeg 100w\" sizes=\"auto, (max-width: 70px) 100vw, 70px\" \/>\u00a0 Roly und Christian<\/span> &#8211; Herz gewonnen ( <span style=\"color: #800000;\">B-exstage Music<\/span>\u00a0)<\/strong><\/li>\n<li><strong><span style=\"color: #800000;\"><img loading=\"lazy\" decoding=\"async\" class=\"alignnone wp-image-41143\" src=\"https:\/\/bergers-schlagerparadies.de\/wp-content\/uploads\/2026\/01\/Thomas-Felben-Alles-Was-Mir-Gefaellt-300x300.png\" alt=\"\" width=\"70\" height=\"70\" srcset=\"https:\/\/bergers-schlagerparadies.de\/wp-content\/uploads\/2026\/01\/Thomas-Felben-Alles-Was-Mir-Gefaellt-300x300.png 300w, https:\/\/bergers-schlagerparadies.de\/wp-content\/uploads\/2026\/01\/Thomas-Felben-Alles-Was-Mir-Gefaellt-1024x1024.png 1024w, https:\/\/bergers-schlagerparadies.de\/wp-content\/uploads\/2026\/01\/Thomas-Felben-Alles-Was-Mir-Gefaellt-150x150.png 150w, https:\/\/bergers-schlagerparadies.de\/wp-content\/uploads\/2026\/01\/Thomas-Felben-Alles-Was-Mir-Gefaellt-768x768.png 768w, https:\/\/bergers-schlagerparadies.de\/wp-content\/uploads\/2026\/01\/Thomas-Felben-Alles-Was-Mir-Gefaellt-1536x1536.png 1536w, https:\/\/bergers-schlagerparadies.de\/wp-content\/uploads\/2026\/01\/Thomas-Felben-Alles-Was-Mir-Gefaellt-2048x2048.png 2048w, https:\/\/bergers-schlagerparadies.de\/wp-content\/uploads\/2026\/01\/Thomas-Felben-Alles-Was-Mir-Gefaellt-1200x1200.png 1200w, https:\/\/bergers-schlagerparadies.de\/wp-content\/uploads\/2026\/01\/Thomas-Felben-Alles-Was-Mir-Gefaellt-1188x1188.png 1188w, https:\/\/bergers-schlagerparadies.de\/wp-content\/uploads\/2026\/01\/Thomas-Felben-Alles-Was-Mir-Gefaellt-100x100.png 100w\" sizes=\"auto, (max-width: 70px) 100vw, 70px\" \/>\u00a0 Thomas Felben<\/span> &#8211; Alles was mir gef\u00e4llt ( <span style=\"color: #800000;\">Atara Music<\/span>\u00a0)<\/strong><\/li>\n<li><strong><span style=\"color: #800000;\"><img loading=\"lazy\" decoding=\"async\" class=\"alignnone wp-image-40950\" src=\"https:\/\/bergers-schlagerparadies.de\/wp-content\/uploads\/2026\/01\/Tomaros-Dich-zu-sehen-300x300.jpeg\" alt=\"\" width=\"70\" height=\"70\" srcset=\"https:\/\/bergers-schlagerparadies.de\/wp-content\/uploads\/2026\/01\/Tomaros-Dich-zu-sehen-300x300.jpeg 300w, https:\/\/bergers-schlagerparadies.de\/wp-content\/uploads\/2026\/01\/Tomaros-Dich-zu-sehen-1024x1024.jpeg 1024w, https:\/\/bergers-schlagerparadies.de\/wp-content\/uploads\/2026\/01\/Tomaros-Dich-zu-sehen-150x150.jpeg 150w, https:\/\/bergers-schlagerparadies.de\/wp-content\/uploads\/2026\/01\/Tomaros-Dich-zu-sehen-768x768.jpeg 768w, https:\/\/bergers-schlagerparadies.de\/wp-content\/uploads\/2026\/01\/Tomaros-Dich-zu-sehen-1536x1536.jpeg 1536w, https:\/\/bergers-schlagerparadies.de\/wp-content\/uploads\/2026\/01\/Tomaros-Dich-zu-sehen-2048x2048.jpeg 2048w, https:\/\/bergers-schlagerparadies.de\/wp-content\/uploads\/2026\/01\/Tomaros-Dich-zu-sehen-1200x1200.jpeg 1200w, https:\/\/bergers-schlagerparadies.de\/wp-content\/uploads\/2026\/01\/Tomaros-Dich-zu-sehen-1188x1188.jpeg 1188w, https:\/\/bergers-schlagerparadies.de\/wp-content\/uploads\/2026\/01\/Tomaros-Dich-zu-sehen-100x100.jpeg 100w\" sizes=\"auto, (max-width: 70px) 100vw, 70px\" \/>\u00a0 Tomaros<\/span> &#8211; Dich zu sehen ( <span style=\"color: #800000;\">Zoom Music (DA Music)<\/span>\u00a0)<\/strong><\/li>\n<li><img loading=\"lazy\" decoding=\"async\" class=\"\" src=\"https:\/\/bergers-schlagerparadies.de\/wp-content\/uploads\/2026\/01\/Ulli-Bastian-Ich-bin-der-Prinz-von-Maspalomas-300x300.jpg\" width=\"70\" height=\"70\" \/> \u00a0<strong><span style=\"color: #800000;\">Ulli Bastian<\/span> &#8211; Ich bin der Prinz von Maspalomas ( <span style=\"color: #800000;\">Fiesta Records<\/span> )<\/strong><\/li>\n<li><strong><span style=\"color: #800000;\"><img loading=\"lazy\" decoding=\"async\" class=\"alignnone wp-image-40980\" src=\"https:\/\/bergers-schlagerparadies.de\/wp-content\/uploads\/2026\/01\/VOLXROCK-Was-bitte-was-300x300.jpeg\" alt=\"\" width=\"70\" height=\"70\" srcset=\"https:\/\/bergers-schlagerparadies.de\/wp-content\/uploads\/2026\/01\/VOLXROCK-Was-bitte-was-300x300.jpeg 300w, https:\/\/bergers-schlagerparadies.de\/wp-content\/uploads\/2026\/01\/VOLXROCK-Was-bitte-was-1024x1024.jpeg 1024w, https:\/\/bergers-schlagerparadies.de\/wp-content\/uploads\/2026\/01\/VOLXROCK-Was-bitte-was-150x150.jpeg 150w, https:\/\/bergers-schlagerparadies.de\/wp-content\/uploads\/2026\/01\/VOLXROCK-Was-bitte-was-768x768.jpeg 768w, https:\/\/bergers-schlagerparadies.de\/wp-content\/uploads\/2026\/01\/VOLXROCK-Was-bitte-was-1200x1200.jpeg 1200w, https:\/\/bergers-schlagerparadies.de\/wp-content\/uploads\/2026\/01\/VOLXROCK-Was-bitte-was-1188x1188.jpeg 1188w, https:\/\/bergers-schlagerparadies.de\/wp-content\/uploads\/2026\/01\/VOLXROCK-Was-bitte-was-100x100.jpeg 100w, https:\/\/bergers-schlagerparadies.de\/wp-content\/uploads\/2026\/01\/VOLXROCK-Was-bitte-was.jpeg 1500w\" sizes=\"auto, (max-width: 70px) 100vw, 70px\" \/>\u00a0 VOLXROCK<\/span> &#8211; Was bitte was ( <span style=\"color: #800000;\">one4you music e.K.<\/span>\u00a0)<\/strong><\/li>\n<li><strong><span style=\"color: #800000;\"><img loading=\"lazy\" decoding=\"async\" class=\"alignnone wp-image-41124\" src=\"https:\/\/bergers-schlagerparadies.de\/wp-content\/uploads\/2026\/01\/Wolfgang-Petry-Mr-bruche-keiner-300x300.jpeg\" alt=\"\" width=\"70\" height=\"70\" srcset=\"https:\/\/bergers-schlagerparadies.de\/wp-content\/uploads\/2026\/01\/Wolfgang-Petry-Mr-bruche-keiner-300x300.jpeg 300w, https:\/\/bergers-schlagerparadies.de\/wp-content\/uploads\/2026\/01\/Wolfgang-Petry-Mr-bruche-keiner-1024x1024.jpeg 1024w, https:\/\/bergers-schlagerparadies.de\/wp-content\/uploads\/2026\/01\/Wolfgang-Petry-Mr-bruche-keiner-150x150.jpeg 150w, https:\/\/bergers-schlagerparadies.de\/wp-content\/uploads\/2026\/01\/Wolfgang-Petry-Mr-bruche-keiner-768x768.jpeg 768w, https:\/\/bergers-schlagerparadies.de\/wp-content\/uploads\/2026\/01\/Wolfgang-Petry-Mr-bruche-keiner-1188x1188.jpeg 1188w, https:\/\/bergers-schlagerparadies.de\/wp-content\/uploads\/2026\/01\/Wolfgang-Petry-Mr-bruche-keiner-100x100.jpeg 100w, https:\/\/bergers-schlagerparadies.de\/wp-content\/uploads\/2026\/01\/Wolfgang-Petry-Mr-bruche-keiner.jpeg 1200w\" sizes=\"auto, (max-width: 70px) 100vw, 70px\" \/>\u00a0 Wolfgang Petry<\/span> &#8211; Mr bruche keiner ( <span style=\"color: #800000;\">SMD\/ Sony Music Catalog \/ NaKlar! Records<\/span><span style=\"color: #800000;\">\u00a0<\/span>)<\/strong><\/li>\n<\/ul>\n<p><span style=\"font-size: 12pt;\"><strong><em><span style=\"color: #666699;\">Neuvorstellungen<\/span><\/em><em><span style=\"color: #666699;\"> in dieser Woche: mit V\u00d6: <\/span><span style=\"color: #666699;\"><span style=\"color: #800000;\">16<\/span><\/span><span style=\"color: #666699;\"><span style=\"color: #993366; font-size: 14pt;\">.01.2026 <\/span>&#8211; 03<\/span><span style=\"color: #808080;\">KW<\/span><\/em><\/strong><\/span><\/p>\n<ul>\n<li><strong><span style=\"color: #800000;\"><img loading=\"lazy\" decoding=\"async\" class=\"alignnone wp-image-40874\" src=\"https:\/\/bergers-schlagerparadies.de\/wp-content\/uploads\/2026\/01\/Damiano-Maiolini-Du-bist-toll-Album-300x300.jpeg\" alt=\"\" width=\"70\" height=\"70\" srcset=\"https:\/\/bergers-schlagerparadies.de\/wp-content\/uploads\/2026\/01\/Damiano-Maiolini-Du-bist-toll-Album-300x300.jpeg 300w, https:\/\/bergers-schlagerparadies.de\/wp-content\/uploads\/2026\/01\/Damiano-Maiolini-Du-bist-toll-Album-1024x1024.jpeg 1024w, https:\/\/bergers-schlagerparadies.de\/wp-content\/uploads\/2026\/01\/Damiano-Maiolini-Du-bist-toll-Album-150x150.jpeg 150w, https:\/\/bergers-schlagerparadies.de\/wp-content\/uploads\/2026\/01\/Damiano-Maiolini-Du-bist-toll-Album-768x768.jpeg 768w, https:\/\/bergers-schlagerparadies.de\/wp-content\/uploads\/2026\/01\/Damiano-Maiolini-Du-bist-toll-Album-1536x1536.jpeg 1536w, https:\/\/bergers-schlagerparadies.de\/wp-content\/uploads\/2026\/01\/Damiano-Maiolini-Du-bist-toll-Album-2048x2048.jpeg 2048w, https:\/\/bergers-schlagerparadies.de\/wp-content\/uploads\/2026\/01\/Damiano-Maiolini-Du-bist-toll-Album-1200x1200.jpeg 1200w, https:\/\/bergers-schlagerparadies.de\/wp-content\/uploads\/2026\/01\/Damiano-Maiolini-Du-bist-toll-Album-1188x1188.jpeg 1188w, https:\/\/bergers-schlagerparadies.de\/wp-content\/uploads\/2026\/01\/Damiano-Maiolini-Du-bist-toll-Album-100x100.jpeg 100w\" sizes=\"auto, (max-width: 70px) 100vw, 70px\" \/>\u00a0 Damiano Maiolini<\/span> &#8211; Du bist toll (<span style=\"color: #800000;\">Album<\/span>)<\/strong><\/li>\n<li><strong><span style=\"color: #800000;\"><img loading=\"lazy\" decoding=\"async\" class=\"alignnone wp-image-40878\" src=\"https:\/\/bergers-schlagerparadies.de\/wp-content\/uploads\/2026\/01\/DJ-BoBo-The-Great-Adventure-Album-300x300.jpeg\" alt=\"\" width=\"70\" height=\"70\" srcset=\"https:\/\/bergers-schlagerparadies.de\/wp-content\/uploads\/2026\/01\/DJ-BoBo-The-Great-Adventure-Album-300x300.jpeg 300w, https:\/\/bergers-schlagerparadies.de\/wp-content\/uploads\/2026\/01\/DJ-BoBo-The-Great-Adventure-Album-1024x1024.jpeg 1024w, https:\/\/bergers-schlagerparadies.de\/wp-content\/uploads\/2026\/01\/DJ-BoBo-The-Great-Adventure-Album-150x150.jpeg 150w, https:\/\/bergers-schlagerparadies.de\/wp-content\/uploads\/2026\/01\/DJ-BoBo-The-Great-Adventure-Album-768x768.jpeg 768w, https:\/\/bergers-schlagerparadies.de\/wp-content\/uploads\/2026\/01\/DJ-BoBo-The-Great-Adventure-Album-1200x1200.jpeg 1200w, https:\/\/bergers-schlagerparadies.de\/wp-content\/uploads\/2026\/01\/DJ-BoBo-The-Great-Adventure-Album-1188x1188.jpeg 1188w, https:\/\/bergers-schlagerparadies.de\/wp-content\/uploads\/2026\/01\/DJ-BoBo-The-Great-Adventure-Album-100x100.jpeg 100w, https:\/\/bergers-schlagerparadies.de\/wp-content\/uploads\/2026\/01\/DJ-BoBo-The-Great-Adventure-Album.jpeg 1500w\" sizes=\"auto, (max-width: 70px) 100vw, 70px\" \/>\u00a0 DJ BoBo<\/span> &#8211; The Great Adventure (<span style=\"color: #800000;\">Album<\/span>) ( <span style=\"color: #800000;\">Yes Music <\/span>)<\/strong><\/li>\n<li><strong><img loading=\"lazy\" decoding=\"async\" class=\"alignnone wp-image-40894\" src=\"https:\/\/bergers-schlagerparadies.de\/wp-content\/uploads\/2026\/01\/Merkur-Kennenlernphase-Das-Album-Album-300x300.jpeg\" alt=\"\" width=\"70\" height=\"70\" srcset=\"https:\/\/bergers-schlagerparadies.de\/wp-content\/uploads\/2026\/01\/Merkur-Kennenlernphase-Das-Album-Album-300x300.jpeg 300w, https:\/\/bergers-schlagerparadies.de\/wp-content\/uploads\/2026\/01\/Merkur-Kennenlernphase-Das-Album-Album-1024x1024.jpeg 1024w, https:\/\/bergers-schlagerparadies.de\/wp-content\/uploads\/2026\/01\/Merkur-Kennenlernphase-Das-Album-Album-150x150.jpeg 150w, https:\/\/bergers-schlagerparadies.de\/wp-content\/uploads\/2026\/01\/Merkur-Kennenlernphase-Das-Album-Album-768x768.jpeg 768w, https:\/\/bergers-schlagerparadies.de\/wp-content\/uploads\/2026\/01\/Merkur-Kennenlernphase-Das-Album-Album-1200x1200.jpeg 1200w, https:\/\/bergers-schlagerparadies.de\/wp-content\/uploads\/2026\/01\/Merkur-Kennenlernphase-Das-Album-Album-1188x1188.jpeg 1188w, https:\/\/bergers-schlagerparadies.de\/wp-content\/uploads\/2026\/01\/Merkur-Kennenlernphase-Das-Album-Album-100x100.jpeg 100w, https:\/\/bergers-schlagerparadies.de\/wp-content\/uploads\/2026\/01\/Merkur-Kennenlernphase-Das-Album-Album.jpeg 1500w\" sizes=\"auto, (max-width: 70px) 100vw, 70px\" \/>\u00a0 <span style=\"color: #800000;\">Merkur<\/span> &#8211; Kennenlernphase &#8211; Das Album (<span style=\"color: #800000;\">Album<\/span>)<\/strong><\/li>\n<li><strong><span style=\"color: #800000;\"><img loading=\"lazy\" decoding=\"async\" class=\"alignnone wp-image-40901\" src=\"https:\/\/bergers-schlagerparadies.de\/wp-content\/uploads\/2026\/01\/Michelle-Flutlicht-Wahnsinnig-Edition-Album-300x300.jpeg\" alt=\"\" width=\"70\" height=\"70\" srcset=\"https:\/\/bergers-schlagerparadies.de\/wp-content\/uploads\/2026\/01\/Michelle-Flutlicht-Wahnsinnig-Edition-Album-300x300.jpeg 300w, https:\/\/bergers-schlagerparadies.de\/wp-content\/uploads\/2026\/01\/Michelle-Flutlicht-Wahnsinnig-Edition-Album-1024x1024.jpeg 1024w, https:\/\/bergers-schlagerparadies.de\/wp-content\/uploads\/2026\/01\/Michelle-Flutlicht-Wahnsinnig-Edition-Album-150x150.jpeg 150w, https:\/\/bergers-schlagerparadies.de\/wp-content\/uploads\/2026\/01\/Michelle-Flutlicht-Wahnsinnig-Edition-Album-768x768.jpeg 768w, https:\/\/bergers-schlagerparadies.de\/wp-content\/uploads\/2026\/01\/Michelle-Flutlicht-Wahnsinnig-Edition-Album-1188x1188.jpeg 1188w, https:\/\/bergers-schlagerparadies.de\/wp-content\/uploads\/2026\/01\/Michelle-Flutlicht-Wahnsinnig-Edition-Album-100x100.jpeg 100w, https:\/\/bergers-schlagerparadies.de\/wp-content\/uploads\/2026\/01\/Michelle-Flutlicht-Wahnsinnig-Edition-Album.jpeg 1200w\" sizes=\"auto, (max-width: 70px) 100vw, 70px\" \/>\u00a0 Michelle Flutlicht<\/span> &#8211; Wahnsinnig Edition (<span style=\"color: #800000;\">Album<\/span>)<\/strong><\/li>\n<li><strong><span style=\"color: #800000;\"><img loading=\"lazy\" decoding=\"async\" class=\"alignnone wp-image-40733\" src=\"https:\/\/bergers-schlagerparadies.de\/wp-content\/uploads\/2026\/01\/Nils-Thomas-Private-Dancer-Mein-Leben-als-Mietkoch-300x300.jpeg\" alt=\"\" width=\"70\" height=\"70\" srcset=\"https:\/\/bergers-schlagerparadies.de\/wp-content\/uploads\/2026\/01\/Nils-Thomas-Private-Dancer-Mein-Leben-als-Mietkoch-300x300.jpeg 300w, https:\/\/bergers-schlagerparadies.de\/wp-content\/uploads\/2026\/01\/Nils-Thomas-Private-Dancer-Mein-Leben-als-Mietkoch-1024x1024.jpeg 1024w, https:\/\/bergers-schlagerparadies.de\/wp-content\/uploads\/2026\/01\/Nils-Thomas-Private-Dancer-Mein-Leben-als-Mietkoch-150x150.jpeg 150w, https:\/\/bergers-schlagerparadies.de\/wp-content\/uploads\/2026\/01\/Nils-Thomas-Private-Dancer-Mein-Leben-als-Mietkoch-768x768.jpeg 768w, https:\/\/bergers-schlagerparadies.de\/wp-content\/uploads\/2026\/01\/Nils-Thomas-Private-Dancer-Mein-Leben-als-Mietkoch-1536x1536.jpeg 1536w, https:\/\/bergers-schlagerparadies.de\/wp-content\/uploads\/2026\/01\/Nils-Thomas-Private-Dancer-Mein-Leben-als-Mietkoch-2048x2048.jpeg 2048w, https:\/\/bergers-schlagerparadies.de\/wp-content\/uploads\/2026\/01\/Nils-Thomas-Private-Dancer-Mein-Leben-als-Mietkoch-1200x1200.jpeg 1200w, https:\/\/bergers-schlagerparadies.de\/wp-content\/uploads\/2026\/01\/Nils-Thomas-Private-Dancer-Mein-Leben-als-Mietkoch-1188x1188.jpeg 1188w, https:\/\/bergers-schlagerparadies.de\/wp-content\/uploads\/2026\/01\/Nils-Thomas-Private-Dancer-Mein-Leben-als-Mietkoch-100x100.jpeg 100w\" sizes=\"auto, (max-width: 70px) 100vw, 70px\" \/>\u00a0 Nils Thomas<\/span> &#8211; <span style=\"color: #800000;\">Private Dancer<\/span> &#8211; Mein Leben als Mietkoch (<span style=\"color: #800000;\">H\u00f6rbuch<\/span>)<\/strong><\/li>\n<li><strong><span style=\"color: #800000;\"><img loading=\"lazy\" decoding=\"async\" class=\"alignnone wp-image-40815\" src=\"https:\/\/bergers-schlagerparadies.de\/wp-content\/uploads\/2026\/01\/Tommy-Steiner-Meine-Lieder-mein-Leben-VOL.6-Ich-will-Party-Album-300x300.jpg\" alt=\"\" width=\"70\" height=\"70\" srcset=\"https:\/\/bergers-schlagerparadies.de\/wp-content\/uploads\/2026\/01\/Tommy-Steiner-Meine-Lieder-mein-Leben-VOL.6-Ich-will-Party-Album-300x300.jpg 300w, https:\/\/bergers-schlagerparadies.de\/wp-content\/uploads\/2026\/01\/Tommy-Steiner-Meine-Lieder-mein-Leben-VOL.6-Ich-will-Party-Album-1024x1024.jpg 1024w, https:\/\/bergers-schlagerparadies.de\/wp-content\/uploads\/2026\/01\/Tommy-Steiner-Meine-Lieder-mein-Leben-VOL.6-Ich-will-Party-Album-150x150.jpg 150w, https:\/\/bergers-schlagerparadies.de\/wp-content\/uploads\/2026\/01\/Tommy-Steiner-Meine-Lieder-mein-Leben-VOL.6-Ich-will-Party-Album-768x768.jpg 768w, https:\/\/bergers-schlagerparadies.de\/wp-content\/uploads\/2026\/01\/Tommy-Steiner-Meine-Lieder-mein-Leben-VOL.6-Ich-will-Party-Album-1536x1536.jpg 1536w, https:\/\/bergers-schlagerparadies.de\/wp-content\/uploads\/2026\/01\/Tommy-Steiner-Meine-Lieder-mein-Leben-VOL.6-Ich-will-Party-Album-2048x2048.jpg 2048w, https:\/\/bergers-schlagerparadies.de\/wp-content\/uploads\/2026\/01\/Tommy-Steiner-Meine-Lieder-mein-Leben-VOL.6-Ich-will-Party-Album-1200x1200.jpg 1200w, https:\/\/bergers-schlagerparadies.de\/wp-content\/uploads\/2026\/01\/Tommy-Steiner-Meine-Lieder-mein-Leben-VOL.6-Ich-will-Party-Album-1188x1188.jpg 1188w, https:\/\/bergers-schlagerparadies.de\/wp-content\/uploads\/2026\/01\/Tommy-Steiner-Meine-Lieder-mein-Leben-VOL.6-Ich-will-Party-Album-100x100.jpg 100w\" sizes=\"auto, (max-width: 70px) 100vw, 70px\" \/>\u00a0 Tommy Steiner<\/span> &#8211; Meine Lieder, mein Leben VOL.6 &#8211; Ich will Party (<span style=\"color: #800000;\">Album<\/span>) ( <span style=\"color: #800000;\">KLONDIKE Records &amp; Songs\u00a0<\/span>\u00a0)<\/strong><\/li>\n<li><span style=\"color: #800000;\"><strong>&#8212;&#8212;&#8212;&#8212;&#8212;&#8212;&#8212;&#8212;&#8212;&#8212;&#8212;&#8212;&#8212;&#8212;&#8212;&#8212;&#8212;&#8212;&#8212;&#8212;&#8212;&#8212;&#8212;&#8212;&#8212;&#8212;&#8212;&#8212;&#8212;&#8212;&#8212;&#8212;&#8212;&#8212;&#8212;&#8212;&#8212;&#8211;<\/strong><\/span><\/li>\n<li><strong><span style=\"color: #800000;\"><img loading=\"lazy\" decoding=\"async\" class=\"alignnone wp-image-40958\" src=\"https:\/\/bergers-schlagerparadies.de\/wp-content\/uploads\/2026\/01\/Alexandra-Hofmann-Rock-dein-Leben-300x300.jpeg\" alt=\"\" width=\"70\" height=\"70\" srcset=\"https:\/\/bergers-schlagerparadies.de\/wp-content\/uploads\/2026\/01\/Alexandra-Hofmann-Rock-dein-Leben-300x300.jpeg 300w, https:\/\/bergers-schlagerparadies.de\/wp-content\/uploads\/2026\/01\/Alexandra-Hofmann-Rock-dein-Leben-1024x1024.jpeg 1024w, https:\/\/bergers-schlagerparadies.de\/wp-content\/uploads\/2026\/01\/Alexandra-Hofmann-Rock-dein-Leben-150x150.jpeg 150w, https:\/\/bergers-schlagerparadies.de\/wp-content\/uploads\/2026\/01\/Alexandra-Hofmann-Rock-dein-Leben-768x768.jpeg 768w, https:\/\/bergers-schlagerparadies.de\/wp-content\/uploads\/2026\/01\/Alexandra-Hofmann-Rock-dein-Leben-1536x1536.jpeg 1536w, https:\/\/bergers-schlagerparadies.de\/wp-content\/uploads\/2026\/01\/Alexandra-Hofmann-Rock-dein-Leben-2048x2048.jpeg 2048w, https:\/\/bergers-schlagerparadies.de\/wp-content\/uploads\/2026\/01\/Alexandra-Hofmann-Rock-dein-Leben-1200x1200.jpeg 1200w, https:\/\/bergers-schlagerparadies.de\/wp-content\/uploads\/2026\/01\/Alexandra-Hofmann-Rock-dein-Leben-1188x1188.jpeg 1188w, https:\/\/bergers-schlagerparadies.de\/wp-content\/uploads\/2026\/01\/Alexandra-Hofmann-Rock-dein-Leben-100x100.jpeg 100w\" sizes=\"auto, (max-width: 70px) 100vw, 70px\" \/>\u00a0 Alexandra Hofmann<\/span> &#8211; Rock dein Leben\u00a0 ( <span style=\"color: #800000;\">ara music<\/span>\u00a0)<\/strong><\/li>\n<li><strong><img loading=\"lazy\" decoding=\"async\" class=\"alignnone wp-image-40825\" src=\"https:\/\/bergers-schlagerparadies.de\/wp-content\/uploads\/2026\/01\/Alexander-Martin-Einfach-machen-300x300.jpeg\" alt=\"\" width=\"70\" height=\"70\" srcset=\"https:\/\/bergers-schlagerparadies.de\/wp-content\/uploads\/2026\/01\/Alexander-Martin-Einfach-machen-300x300.jpeg 300w, https:\/\/bergers-schlagerparadies.de\/wp-content\/uploads\/2026\/01\/Alexander-Martin-Einfach-machen-1024x1024.jpeg 1024w, https:\/\/bergers-schlagerparadies.de\/wp-content\/uploads\/2026\/01\/Alexander-Martin-Einfach-machen-150x150.jpeg 150w, https:\/\/bergers-schlagerparadies.de\/wp-content\/uploads\/2026\/01\/Alexander-Martin-Einfach-machen-768x768.jpeg 768w, https:\/\/bergers-schlagerparadies.de\/wp-content\/uploads\/2026\/01\/Alexander-Martin-Einfach-machen-1200x1200.jpeg 1200w, https:\/\/bergers-schlagerparadies.de\/wp-content\/uploads\/2026\/01\/Alexander-Martin-Einfach-machen-1188x1188.jpeg 1188w, https:\/\/bergers-schlagerparadies.de\/wp-content\/uploads\/2026\/01\/Alexander-Martin-Einfach-machen-100x100.jpeg 100w, https:\/\/bergers-schlagerparadies.de\/wp-content\/uploads\/2026\/01\/Alexander-Martin-Einfach-machen.jpeg 1440w\" sizes=\"auto, (max-width: 70px) 100vw, 70px\" \/>\u00a0 Alexander Martin &#8211; Einfach machen ( <span style=\"color: #800000;\">Osnaton Records<\/span>\u00a0)<\/strong><\/li>\n<li><strong><span style=\"color: #800000;\"><img loading=\"lazy\" decoding=\"async\" class=\"alignnone wp-image-40932\" src=\"https:\/\/bergers-schlagerparadies.de\/wp-content\/uploads\/2026\/01\/Ansgar-Deters-Vielleicht-nicht-jetzt-doch-irgendwann-OnceTwice-Remix-300x300.jpeg\" alt=\"\" width=\"70\" height=\"70\" srcset=\"https:\/\/bergers-schlagerparadies.de\/wp-content\/uploads\/2026\/01\/Ansgar-Deters-Vielleicht-nicht-jetzt-doch-irgendwann-OnceTwice-Remix-300x300.jpeg 300w, https:\/\/bergers-schlagerparadies.de\/wp-content\/uploads\/2026\/01\/Ansgar-Deters-Vielleicht-nicht-jetzt-doch-irgendwann-OnceTwice-Remix-1024x1024.jpeg 1024w, https:\/\/bergers-schlagerparadies.de\/wp-content\/uploads\/2026\/01\/Ansgar-Deters-Vielleicht-nicht-jetzt-doch-irgendwann-OnceTwice-Remix-150x150.jpeg 150w, https:\/\/bergers-schlagerparadies.de\/wp-content\/uploads\/2026\/01\/Ansgar-Deters-Vielleicht-nicht-jetzt-doch-irgendwann-OnceTwice-Remix-768x768.jpeg 768w, https:\/\/bergers-schlagerparadies.de\/wp-content\/uploads\/2026\/01\/Ansgar-Deters-Vielleicht-nicht-jetzt-doch-irgendwann-OnceTwice-Remix-1536x1536.jpeg 1536w, https:\/\/bergers-schlagerparadies.de\/wp-content\/uploads\/2026\/01\/Ansgar-Deters-Vielleicht-nicht-jetzt-doch-irgendwann-OnceTwice-Remix-1200x1200.jpeg 1200w, https:\/\/bergers-schlagerparadies.de\/wp-content\/uploads\/2026\/01\/Ansgar-Deters-Vielleicht-nicht-jetzt-doch-irgendwann-OnceTwice-Remix-1188x1188.jpeg 1188w, https:\/\/bergers-schlagerparadies.de\/wp-content\/uploads\/2026\/01\/Ansgar-Deters-Vielleicht-nicht-jetzt-doch-irgendwann-OnceTwice-Remix-100x100.jpeg 100w, https:\/\/bergers-schlagerparadies.de\/wp-content\/uploads\/2026\/01\/Ansgar-Deters-Vielleicht-nicht-jetzt-doch-irgendwann-OnceTwice-Remix.jpeg 2048w\" sizes=\"auto, (max-width: 70px) 100vw, 70px\" \/>\u00a0 Ansgar Deters<\/span> &#8211; Vielleicht nicht jetzt doch irgendwann (Once&amp;Twice! Remix) (<span style=\"color: #800000;\"> Schlagerhimmel<\/span> )<\/strong><\/li>\n<li><strong><img loading=\"lazy\" decoding=\"async\" class=\"alignnone wp-image-40721\" src=\"https:\/\/bergers-schlagerparadies.de\/wp-content\/uploads\/2026\/01\/Aurel-Einmal-um-die-ganze-Welt-300x300.jpeg\" alt=\"\" width=\"70\" height=\"70\" srcset=\"https:\/\/bergers-schlagerparadies.de\/wp-content\/uploads\/2026\/01\/Aurel-Einmal-um-die-ganze-Welt-300x300.jpeg 300w, https:\/\/bergers-schlagerparadies.de\/wp-content\/uploads\/2026\/01\/Aurel-Einmal-um-die-ganze-Welt-1024x1024.jpeg 1024w, https:\/\/bergers-schlagerparadies.de\/wp-content\/uploads\/2026\/01\/Aurel-Einmal-um-die-ganze-Welt-150x150.jpeg 150w, https:\/\/bergers-schlagerparadies.de\/wp-content\/uploads\/2026\/01\/Aurel-Einmal-um-die-ganze-Welt-768x768.jpeg 768w, https:\/\/bergers-schlagerparadies.de\/wp-content\/uploads\/2026\/01\/Aurel-Einmal-um-die-ganze-Welt-1536x1536.jpeg 1536w, https:\/\/bergers-schlagerparadies.de\/wp-content\/uploads\/2026\/01\/Aurel-Einmal-um-die-ganze-Welt-2048x2048.jpeg 2048w, https:\/\/bergers-schlagerparadies.de\/wp-content\/uploads\/2026\/01\/Aurel-Einmal-um-die-ganze-Welt-1200x1200.jpeg 1200w, https:\/\/bergers-schlagerparadies.de\/wp-content\/uploads\/2026\/01\/Aurel-Einmal-um-die-ganze-Welt-1188x1188.jpeg 1188w, https:\/\/bergers-schlagerparadies.de\/wp-content\/uploads\/2026\/01\/Aurel-Einmal-um-die-ganze-Welt-100x100.jpeg 100w\" sizes=\"auto, (max-width: 70px) 100vw, 70px\" \/>\u00a0 <span style=\"color: #800000;\">Aurel<\/span> &#8211; Einmal um die ganze Welt ( <span style=\"color: #800000;\">Herz7<\/span> )<\/strong><\/li>\n<li><strong><img loading=\"lazy\" decoding=\"async\" class=\"alignnone wp-image-40373\" src=\"https:\/\/bergers-schlagerparadies.de\/wp-content\/uploads\/2026\/02\/Avivience-Tik-Tak-300x300.jpeg\" alt=\"\" width=\"70\" height=\"70\" srcset=\"https:\/\/bergers-schlagerparadies.de\/wp-content\/uploads\/2026\/02\/Avivience-Tik-Tak-300x300.jpeg 300w, https:\/\/bergers-schlagerparadies.de\/wp-content\/uploads\/2026\/02\/Avivience-Tik-Tak-1024x1024.jpeg 1024w, https:\/\/bergers-schlagerparadies.de\/wp-content\/uploads\/2026\/02\/Avivience-Tik-Tak-150x150.jpeg 150w, https:\/\/bergers-schlagerparadies.de\/wp-content\/uploads\/2026\/02\/Avivience-Tik-Tak-768x768.jpeg 768w, https:\/\/bergers-schlagerparadies.de\/wp-content\/uploads\/2026\/02\/Avivience-Tik-Tak-1536x1536.jpeg 1536w, https:\/\/bergers-schlagerparadies.de\/wp-content\/uploads\/2026\/02\/Avivience-Tik-Tak-2048x2048.jpeg 2048w, https:\/\/bergers-schlagerparadies.de\/wp-content\/uploads\/2026\/02\/Avivience-Tik-Tak-1200x1200.jpeg 1200w, https:\/\/bergers-schlagerparadies.de\/wp-content\/uploads\/2026\/02\/Avivience-Tik-Tak-1188x1188.jpeg 1188w, https:\/\/bergers-schlagerparadies.de\/wp-content\/uploads\/2026\/02\/Avivience-Tik-Tak-100x100.jpeg 100w\" sizes=\"auto, (max-width: 70px) 100vw, 70px\" \/>\u00a0 Avivience &#8211; Tik Tak<\/strong><\/li>\n<li><strong><img loading=\"lazy\" decoding=\"async\" class=\"alignnone wp-image-40294\" src=\"https:\/\/bergers-schlagerparadies.de\/wp-content\/uploads\/2026\/01\/Chantal-van-de-Biezen-Koenigin-der-Nacht-300x300.jpeg\" alt=\"\" width=\"70\" height=\"70\" srcset=\"https:\/\/bergers-schlagerparadies.de\/wp-content\/uploads\/2026\/01\/Chantal-van-de-Biezen-Koenigin-der-Nacht-300x300.jpeg 300w, https:\/\/bergers-schlagerparadies.de\/wp-content\/uploads\/2026\/01\/Chantal-van-de-Biezen-Koenigin-der-Nacht-1024x1024.jpeg 1024w, https:\/\/bergers-schlagerparadies.de\/wp-content\/uploads\/2026\/01\/Chantal-van-de-Biezen-Koenigin-der-Nacht-150x150.jpeg 150w, https:\/\/bergers-schlagerparadies.de\/wp-content\/uploads\/2026\/01\/Chantal-van-de-Biezen-Koenigin-der-Nacht-768x768.jpeg 768w, https:\/\/bergers-schlagerparadies.de\/wp-content\/uploads\/2026\/01\/Chantal-van-de-Biezen-Koenigin-der-Nacht-1200x1200.jpeg 1200w, https:\/\/bergers-schlagerparadies.de\/wp-content\/uploads\/2026\/01\/Chantal-van-de-Biezen-Koenigin-der-Nacht-1188x1188.jpeg 1188w, https:\/\/bergers-schlagerparadies.de\/wp-content\/uploads\/2026\/01\/Chantal-van-de-Biezen-Koenigin-der-Nacht-100x100.jpeg 100w, https:\/\/bergers-schlagerparadies.de\/wp-content\/uploads\/2026\/01\/Chantal-van-de-Biezen-Koenigin-der-Nacht.jpeg 1500w\" sizes=\"auto, (max-width: 70px) 100vw, 70px\" \/>\u00a0 Chantal van de Biezen &#8211; K\u00f6nigin der Nacht<\/strong><\/li>\n<li><strong><span style=\"color: #800000;\"><img loading=\"lazy\" decoding=\"async\" class=\"alignnone wp-image-40850\" src=\"https:\/\/bergers-schlagerparadies.de\/wp-content\/uploads\/2026\/01\/Danny-Buller-Ganz-in-weiss-300x300.jpeg\" alt=\"\" width=\"70\" height=\"70\" srcset=\"https:\/\/bergers-schlagerparadies.de\/wp-content\/uploads\/2026\/01\/Danny-Buller-Ganz-in-weiss-300x300.jpeg 300w, https:\/\/bergers-schlagerparadies.de\/wp-content\/uploads\/2026\/01\/Danny-Buller-Ganz-in-weiss-1024x1024.jpeg 1024w, https:\/\/bergers-schlagerparadies.de\/wp-content\/uploads\/2026\/01\/Danny-Buller-Ganz-in-weiss-150x150.jpeg 150w, https:\/\/bergers-schlagerparadies.de\/wp-content\/uploads\/2026\/01\/Danny-Buller-Ganz-in-weiss-768x768.jpeg 768w, https:\/\/bergers-schlagerparadies.de\/wp-content\/uploads\/2026\/01\/Danny-Buller-Ganz-in-weiss-1536x1536.jpeg 1536w, https:\/\/bergers-schlagerparadies.de\/wp-content\/uploads\/2026\/01\/Danny-Buller-Ganz-in-weiss-2048x2048.jpeg 2048w, https:\/\/bergers-schlagerparadies.de\/wp-content\/uploads\/2026\/01\/Danny-Buller-Ganz-in-weiss-1200x1200.jpeg 1200w, https:\/\/bergers-schlagerparadies.de\/wp-content\/uploads\/2026\/01\/Danny-Buller-Ganz-in-weiss-1188x1188.jpeg 1188w, https:\/\/bergers-schlagerparadies.de\/wp-content\/uploads\/2026\/01\/Danny-Buller-Ganz-in-weiss-100x100.jpeg 100w\" sizes=\"auto, (max-width: 70px) 100vw, 70px\" \/>\u00a0 Danny Buller<\/span> &#8211; Ganz in weiss ( <span style=\"color: #800000;\">B-exstage Music<\/span>\u00a0)<\/strong><\/li>\n<li><strong><span style=\"color: #800000;\"><img loading=\"lazy\" decoding=\"async\" class=\"alignnone wp-image-40925\" src=\"https:\/\/bergers-schlagerparadies.de\/wp-content\/uploads\/2026\/01\/Du-bist-toll-300x300.jpg\" alt=\"\" width=\"70\" height=\"70\" srcset=\"https:\/\/bergers-schlagerparadies.de\/wp-content\/uploads\/2026\/01\/Du-bist-toll-300x300.jpg 300w, https:\/\/bergers-schlagerparadies.de\/wp-content\/uploads\/2026\/01\/Du-bist-toll-150x150.jpg 150w, https:\/\/bergers-schlagerparadies.de\/wp-content\/uploads\/2026\/01\/Du-bist-toll-768x768.jpg 768w, https:\/\/bergers-schlagerparadies.de\/wp-content\/uploads\/2026\/01\/Du-bist-toll-100x100.jpg 100w, https:\/\/bergers-schlagerparadies.de\/wp-content\/uploads\/2026\/01\/Du-bist-toll.jpg 800w\" sizes=\"auto, (max-width: 70px) 100vw, 70px\" \/>\u00a0 Damiano Maiolini<\/span> &#8211; Du bist toll ( <span style=\"color: #800000;\">Fiesta Records<\/span> )<\/strong><\/li>\n<li><strong><span style=\"color: #800000;\"><img loading=\"lazy\" decoding=\"async\" class=\"alignnone wp-image-40854\" src=\"https:\/\/bergers-schlagerparadies.de\/wp-content\/uploads\/2026\/01\/Daria-Kaah-Seit-es-dich-gibt-300x300.jpeg\" alt=\"\" width=\"70\" height=\"70\" srcset=\"https:\/\/bergers-schlagerparadies.de\/wp-content\/uploads\/2026\/01\/Daria-Kaah-Seit-es-dich-gibt-300x300.jpeg 300w, https:\/\/bergers-schlagerparadies.de\/wp-content\/uploads\/2026\/01\/Daria-Kaah-Seit-es-dich-gibt-1024x1024.jpeg 1024w, https:\/\/bergers-schlagerparadies.de\/wp-content\/uploads\/2026\/01\/Daria-Kaah-Seit-es-dich-gibt-150x150.jpeg 150w, https:\/\/bergers-schlagerparadies.de\/wp-content\/uploads\/2026\/01\/Daria-Kaah-Seit-es-dich-gibt-768x768.jpeg 768w, https:\/\/bergers-schlagerparadies.de\/wp-content\/uploads\/2026\/01\/Daria-Kaah-Seit-es-dich-gibt-1536x1536.jpeg 1536w, https:\/\/bergers-schlagerparadies.de\/wp-content\/uploads\/2026\/01\/Daria-Kaah-Seit-es-dich-gibt-2048x2048.jpeg 2048w, https:\/\/bergers-schlagerparadies.de\/wp-content\/uploads\/2026\/01\/Daria-Kaah-Seit-es-dich-gibt-1200x1200.jpeg 1200w, https:\/\/bergers-schlagerparadies.de\/wp-content\/uploads\/2026\/01\/Daria-Kaah-Seit-es-dich-gibt-1188x1188.jpeg 1188w, https:\/\/bergers-schlagerparadies.de\/wp-content\/uploads\/2026\/01\/Daria-Kaah-Seit-es-dich-gibt-100x100.jpeg 100w\" sizes=\"auto, (max-width: 70px) 100vw, 70px\" \/>\u00a0 Daria Kaah<\/span> &#8211; Seit es dich gibt ( <span style=\"color: #800000;\">KLONDIKE Records &amp; Songs <span style=\"color: #000000;\">)<\/span><\/span><\/strong><\/li>\n<li><strong><img loading=\"lazy\" decoding=\"async\" class=\"alignnone wp-image-40514\" src=\"https:\/\/bergers-schlagerparadies.de\/wp-content\/uploads\/2025\/12\/Die-Domingos-Ich-wein-keine-Traenen-allein-ohne-Dich-300x300.jpeg\" alt=\"\" width=\"70\" height=\"70\" srcset=\"https:\/\/bergers-schlagerparadies.de\/wp-content\/uploads\/2025\/12\/Die-Domingos-Ich-wein-keine-Traenen-allein-ohne-Dich-300x300.jpeg 300w, https:\/\/bergers-schlagerparadies.de\/wp-content\/uploads\/2025\/12\/Die-Domingos-Ich-wein-keine-Traenen-allein-ohne-Dich-1024x1024.jpeg 1024w, https:\/\/bergers-schlagerparadies.de\/wp-content\/uploads\/2025\/12\/Die-Domingos-Ich-wein-keine-Traenen-allein-ohne-Dich-150x150.jpeg 150w, https:\/\/bergers-schlagerparadies.de\/wp-content\/uploads\/2025\/12\/Die-Domingos-Ich-wein-keine-Traenen-allein-ohne-Dich-768x768.jpeg 768w, https:\/\/bergers-schlagerparadies.de\/wp-content\/uploads\/2025\/12\/Die-Domingos-Ich-wein-keine-Traenen-allein-ohne-Dich-1200x1200.jpeg 1200w, https:\/\/bergers-schlagerparadies.de\/wp-content\/uploads\/2025\/12\/Die-Domingos-Ich-wein-keine-Traenen-allein-ohne-Dich-1188x1188.jpeg 1188w, https:\/\/bergers-schlagerparadies.de\/wp-content\/uploads\/2025\/12\/Die-Domingos-Ich-wein-keine-Traenen-allein-ohne-Dich-100x100.jpeg 100w, https:\/\/bergers-schlagerparadies.de\/wp-content\/uploads\/2025\/12\/Die-Domingos-Ich-wein-keine-Traenen-allein-ohne-Dich.jpeg 1400w\" sizes=\"auto, (max-width: 70px) 100vw, 70px\" \/>\u00a0 <span style=\"color: #800000;\">Die Domingos<\/span> &#8211; Ich wein keine Tr\u00e4nen allein ohne Dich ( <span style=\"color: #800000;\">2Base Records<\/span>\u00a0)<\/strong><\/li>\n<li><strong><span style=\"color: #800000;\"><img loading=\"lazy\" decoding=\"async\" class=\"alignnone wp-image-40844\" src=\"https:\/\/bergers-schlagerparadies.de\/wp-content\/uploads\/2026\/01\/Elisa-Koch-Ich-moecht-so-gern-300x300.jpg\" alt=\"\" width=\"70\" height=\"70\" srcset=\"https:\/\/bergers-schlagerparadies.de\/wp-content\/uploads\/2026\/01\/Elisa-Koch-Ich-moecht-so-gern-300x300.jpg 300w, https:\/\/bergers-schlagerparadies.de\/wp-content\/uploads\/2026\/01\/Elisa-Koch-Ich-moecht-so-gern-1024x1024.jpg 1024w, https:\/\/bergers-schlagerparadies.de\/wp-content\/uploads\/2026\/01\/Elisa-Koch-Ich-moecht-so-gern-150x150.jpg 150w, https:\/\/bergers-schlagerparadies.de\/wp-content\/uploads\/2026\/01\/Elisa-Koch-Ich-moecht-so-gern-768x768.jpg 768w, https:\/\/bergers-schlagerparadies.de\/wp-content\/uploads\/2026\/01\/Elisa-Koch-Ich-moecht-so-gern-1536x1536.jpg 1536w, https:\/\/bergers-schlagerparadies.de\/wp-content\/uploads\/2026\/01\/Elisa-Koch-Ich-moecht-so-gern-2048x2048.jpg 2048w, https:\/\/bergers-schlagerparadies.de\/wp-content\/uploads\/2026\/01\/Elisa-Koch-Ich-moecht-so-gern-1200x1200.jpg 1200w, https:\/\/bergers-schlagerparadies.de\/wp-content\/uploads\/2026\/01\/Elisa-Koch-Ich-moecht-so-gern-1188x1188.jpg 1188w, https:\/\/bergers-schlagerparadies.de\/wp-content\/uploads\/2026\/01\/Elisa-Koch-Ich-moecht-so-gern-100x100.jpg 100w\" sizes=\"auto, (max-width: 70px) 100vw, 70px\" \/>\u00a0 Elisa Koch<\/span> &#8211; Ich m\u00f6cht&#8216; so gern&#8230; ( <span style=\"color: #800000;\">Fiesta Records<\/span> )<\/strong><\/li>\n<li><strong><span style=\"color: #800000;\"><img loading=\"lazy\" decoding=\"async\" class=\"alignnone wp-image-41032\" src=\"https:\/\/bergers-schlagerparadies.de\/wp-content\/uploads\/2026\/01\/Franziska-Fink-Das-ist-das-Leben-300x300.jpeg\" alt=\"\" width=\"70\" height=\"70\" srcset=\"https:\/\/bergers-schlagerparadies.de\/wp-content\/uploads\/2026\/01\/Franziska-Fink-Das-ist-das-Leben-300x300.jpeg 300w, https:\/\/bergers-schlagerparadies.de\/wp-content\/uploads\/2026\/01\/Franziska-Fink-Das-ist-das-Leben-1024x1024.jpeg 1024w, https:\/\/bergers-schlagerparadies.de\/wp-content\/uploads\/2026\/01\/Franziska-Fink-Das-ist-das-Leben-150x150.jpeg 150w, https:\/\/bergers-schlagerparadies.de\/wp-content\/uploads\/2026\/01\/Franziska-Fink-Das-ist-das-Leben-768x768.jpeg 768w, https:\/\/bergers-schlagerparadies.de\/wp-content\/uploads\/2026\/01\/Franziska-Fink-Das-ist-das-Leben-1536x1536.jpeg 1536w, https:\/\/bergers-schlagerparadies.de\/wp-content\/uploads\/2026\/01\/Franziska-Fink-Das-ist-das-Leben-2048x2048.jpeg 2048w, https:\/\/bergers-schlagerparadies.de\/wp-content\/uploads\/2026\/01\/Franziska-Fink-Das-ist-das-Leben-1200x1200.jpeg 1200w, https:\/\/bergers-schlagerparadies.de\/wp-content\/uploads\/2026\/01\/Franziska-Fink-Das-ist-das-Leben-1188x1188.jpeg 1188w, https:\/\/bergers-schlagerparadies.de\/wp-content\/uploads\/2026\/01\/Franziska-Fink-Das-ist-das-Leben-100x100.jpeg 100w\" sizes=\"auto, (max-width: 70px) 100vw, 70px\" \/>\u00a0 Franziska Fink<\/span> &#8211; Das ist das Leben ( <span style=\"color: #800000;\">Hellywood Music<\/span>\u00a0)<\/strong><\/li>\n<li><strong><span style=\"color: #800000;\"><img loading=\"lazy\" decoding=\"async\" class=\"alignnone wp-image-40670\" src=\"https:\/\/bergers-schlagerparadies.de\/wp-content\/uploads\/2026\/01\/Jo-Josephine-Sag-ich-bin-300x300.jpg\" alt=\"\" width=\"70\" height=\"70\" srcset=\"https:\/\/bergers-schlagerparadies.de\/wp-content\/uploads\/2026\/01\/Jo-Josephine-Sag-ich-bin-300x300.jpg 300w, https:\/\/bergers-schlagerparadies.de\/wp-content\/uploads\/2026\/01\/Jo-Josephine-Sag-ich-bin-150x150.jpg 150w, https:\/\/bergers-schlagerparadies.de\/wp-content\/uploads\/2026\/01\/Jo-Josephine-Sag-ich-bin-768x768.jpg 768w, https:\/\/bergers-schlagerparadies.de\/wp-content\/uploads\/2026\/01\/Jo-Josephine-Sag-ich-bin-100x100.jpg 100w, https:\/\/bergers-schlagerparadies.de\/wp-content\/uploads\/2026\/01\/Jo-Josephine-Sag-ich-bin.jpg 774w\" sizes=\"auto, (max-width: 70px) 100vw, 70px\" \/>\u00a0 Jo &amp; Josephine<\/span> &#8211; Sag ich bin ( <span style=\"color: #800000;\">Label Joe &amp; Josephine <span style=\"color: #000000;\">)<\/span><\/span><\/strong><\/li>\n<li><strong><span style=\"color: #800000;\"><img loading=\"lazy\" decoding=\"async\" class=\"alignnone wp-image-40638\" src=\"https:\/\/bergers-schlagerparadies.de\/wp-content\/uploads\/2026\/01\/Kate-Delore-Ich-will-wieder-leben-300x300.jpeg\" alt=\"\" width=\"70\" height=\"70\" srcset=\"https:\/\/bergers-schlagerparadies.de\/wp-content\/uploads\/2026\/01\/Kate-Delore-Ich-will-wieder-leben-300x300.jpeg 300w, https:\/\/bergers-schlagerparadies.de\/wp-content\/uploads\/2026\/01\/Kate-Delore-Ich-will-wieder-leben-1024x1024.jpeg 1024w, https:\/\/bergers-schlagerparadies.de\/wp-content\/uploads\/2026\/01\/Kate-Delore-Ich-will-wieder-leben-150x150.jpeg 150w, https:\/\/bergers-schlagerparadies.de\/wp-content\/uploads\/2026\/01\/Kate-Delore-Ich-will-wieder-leben-768x768.jpeg 768w, https:\/\/bergers-schlagerparadies.de\/wp-content\/uploads\/2026\/01\/Kate-Delore-Ich-will-wieder-leben-1536x1536.jpeg 1536w, https:\/\/bergers-schlagerparadies.de\/wp-content\/uploads\/2026\/01\/Kate-Delore-Ich-will-wieder-leben-1200x1200.jpeg 1200w, https:\/\/bergers-schlagerparadies.de\/wp-content\/uploads\/2026\/01\/Kate-Delore-Ich-will-wieder-leben-1188x1188.jpeg 1188w, https:\/\/bergers-schlagerparadies.de\/wp-content\/uploads\/2026\/01\/Kate-Delore-Ich-will-wieder-leben-100x100.jpeg 100w, https:\/\/bergers-schlagerparadies.de\/wp-content\/uploads\/2026\/01\/Kate-Delore-Ich-will-wieder-leben.jpeg 1651w\" sizes=\"auto, (max-width: 70px) 100vw, 70px\" \/>\u00a0 Kate Delore<\/span> &#8211; Ich will wieder leben ( <span style=\"color: #800000;\">Recordjet<\/span>\u00a0)<\/strong><\/li>\n<li><strong><img loading=\"lazy\" decoding=\"async\" class=\"alignnone wp-image-40829\" src=\"https:\/\/bergers-schlagerparadies.de\/wp-content\/uploads\/2026\/01\/Laura-Wilde-Magic-Moments-300x300.jpeg\" alt=\"\" width=\"70\" height=\"70\" srcset=\"https:\/\/bergers-schlagerparadies.de\/wp-content\/uploads\/2026\/01\/Laura-Wilde-Magic-Moments-300x300.jpeg 300w, https:\/\/bergers-schlagerparadies.de\/wp-content\/uploads\/2026\/01\/Laura-Wilde-Magic-Moments-1024x1024.jpeg 1024w, https:\/\/bergers-schlagerparadies.de\/wp-content\/uploads\/2026\/01\/Laura-Wilde-Magic-Moments-150x150.jpeg 150w, https:\/\/bergers-schlagerparadies.de\/wp-content\/uploads\/2026\/01\/Laura-Wilde-Magic-Moments-768x768.jpeg 768w, https:\/\/bergers-schlagerparadies.de\/wp-content\/uploads\/2026\/01\/Laura-Wilde-Magic-Moments-1188x1188.jpeg 1188w, https:\/\/bergers-schlagerparadies.de\/wp-content\/uploads\/2026\/01\/Laura-Wilde-Magic-Moments-100x100.jpeg 100w, https:\/\/bergers-schlagerparadies.de\/wp-content\/uploads\/2026\/01\/Laura-Wilde-Magic-Moments.jpeg 1200w\" sizes=\"auto, (max-width: 70px) 100vw, 70px\" \/>\u00a0 <span style=\"color: #800000;\">Laura Wilde<\/span> &#8211; Magic Moments ( <span style=\"color: #800000;\">MORE Music &amp; Media \/ Vertrieb: Edel\/Kontor New Media<\/span><\/strong><strong>\u00a0)<\/strong><\/li>\n<li><strong><span style=\"color: #800000;\"><img loading=\"lazy\" decoding=\"async\" class=\"alignnone wp-image-40886\" src=\"https:\/\/bergers-schlagerparadies.de\/wp-content\/uploads\/2026\/01\/Lian-Ross-Night-And-Day-Bobby-To-Mix-300x300.jpeg\" alt=\"\" width=\"70\" height=\"70\" srcset=\"https:\/\/bergers-schlagerparadies.de\/wp-content\/uploads\/2026\/01\/Lian-Ross-Night-And-Day-Bobby-To-Mix-300x300.jpeg 300w, https:\/\/bergers-schlagerparadies.de\/wp-content\/uploads\/2026\/01\/Lian-Ross-Night-And-Day-Bobby-To-Mix-1024x1024.jpeg 1024w, https:\/\/bergers-schlagerparadies.de\/wp-content\/uploads\/2026\/01\/Lian-Ross-Night-And-Day-Bobby-To-Mix-150x150.jpeg 150w, https:\/\/bergers-schlagerparadies.de\/wp-content\/uploads\/2026\/01\/Lian-Ross-Night-And-Day-Bobby-To-Mix-768x768.jpeg 768w, https:\/\/bergers-schlagerparadies.de\/wp-content\/uploads\/2026\/01\/Lian-Ross-Night-And-Day-Bobby-To-Mix-1188x1188.jpeg 1188w, https:\/\/bergers-schlagerparadies.de\/wp-content\/uploads\/2026\/01\/Lian-Ross-Night-And-Day-Bobby-To-Mix-100x100.jpeg 100w, https:\/\/bergers-schlagerparadies.de\/wp-content\/uploads\/2026\/01\/Lian-Ross-Night-And-Day-Bobby-To-Mix.jpeg 1200w\" sizes=\"auto, (max-width: 70px) 100vw, 70px\" \/>\u00a0 Lian Ross<\/span> &#8211; Night And Day (Bobby To Mix) ( <span style=\"color: #800000;\">Team 33 Music S.L.<\/span>\u00a0)<\/strong><\/li>\n<li><strong><span style=\"color: #800000;\"><img loading=\"lazy\" decoding=\"async\" class=\"alignnone wp-image-40806\" src=\"https:\/\/bergers-schlagerparadies.de\/wp-content\/uploads\/2026\/01\/Manni-Britz-Auf-der-Suche-nach-Freiheit-300x300.jpg\" alt=\"\" width=\"70\" height=\"70\" srcset=\"https:\/\/bergers-schlagerparadies.de\/wp-content\/uploads\/2026\/01\/Manni-Britz-Auf-der-Suche-nach-Freiheit-300x300.jpg 300w, https:\/\/bergers-schlagerparadies.de\/wp-content\/uploads\/2026\/01\/Manni-Britz-Auf-der-Suche-nach-Freiheit-1024x1024.jpg 1024w, https:\/\/bergers-schlagerparadies.de\/wp-content\/uploads\/2026\/01\/Manni-Britz-Auf-der-Suche-nach-Freiheit-150x150.jpg 150w, https:\/\/bergers-schlagerparadies.de\/wp-content\/uploads\/2026\/01\/Manni-Britz-Auf-der-Suche-nach-Freiheit-768x768.jpg 768w, https:\/\/bergers-schlagerparadies.de\/wp-content\/uploads\/2026\/01\/Manni-Britz-Auf-der-Suche-nach-Freiheit-1536x1536.jpg 1536w, https:\/\/bergers-schlagerparadies.de\/wp-content\/uploads\/2026\/01\/Manni-Britz-Auf-der-Suche-nach-Freiheit-2048x2048.jpg 2048w, https:\/\/bergers-schlagerparadies.de\/wp-content\/uploads\/2026\/01\/Manni-Britz-Auf-der-Suche-nach-Freiheit-1200x1200.jpg 1200w, https:\/\/bergers-schlagerparadies.de\/wp-content\/uploads\/2026\/01\/Manni-Britz-Auf-der-Suche-nach-Freiheit-1188x1188.jpg 1188w, https:\/\/bergers-schlagerparadies.de\/wp-content\/uploads\/2026\/01\/Manni-Britz-Auf-der-Suche-nach-Freiheit-100x100.jpg 100w\" sizes=\"auto, (max-width: 70px) 100vw, 70px\" \/>\u00a0 Manni Britz<\/span> &#8211; Auf der Suche nach Freiheit ( <span style=\"color: #800000;\">Fiesta Records<\/span> )<\/strong><\/li>\n<li><strong><img loading=\"lazy\" decoding=\"async\" class=\"alignnone wp-image-40890\" src=\"https:\/\/bergers-schlagerparadies.de\/wp-content\/uploads\/2026\/01\/Marc-Pircher-Amore-mio-300x300.jpeg\" alt=\"\" width=\"70\" height=\"70\" srcset=\"https:\/\/bergers-schlagerparadies.de\/wp-content\/uploads\/2026\/01\/Marc-Pircher-Amore-mio-300x300.jpeg 300w, https:\/\/bergers-schlagerparadies.de\/wp-content\/uploads\/2026\/01\/Marc-Pircher-Amore-mio-1024x1024.jpeg 1024w, https:\/\/bergers-schlagerparadies.de\/wp-content\/uploads\/2026\/01\/Marc-Pircher-Amore-mio-150x150.jpeg 150w, https:\/\/bergers-schlagerparadies.de\/wp-content\/uploads\/2026\/01\/Marc-Pircher-Amore-mio-768x768.jpeg 768w, https:\/\/bergers-schlagerparadies.de\/wp-content\/uploads\/2026\/01\/Marc-Pircher-Amore-mio-1188x1188.jpeg 1188w, https:\/\/bergers-schlagerparadies.de\/wp-content\/uploads\/2026\/01\/Marc-Pircher-Amore-mio-100x100.jpeg 100w, https:\/\/bergers-schlagerparadies.de\/wp-content\/uploads\/2026\/01\/Marc-Pircher-Amore-mio.jpeg 1200w\" sizes=\"auto, (max-width: 70px) 100vw, 70px\" \/>\u00a0 Marc Pircher &#8211; Amore mio ( <span style=\"color: #800000;\">HERA music &amp; media GmbH<\/span>\u00a0)<\/strong><\/li>\n<li><strong><span style=\"color: #800000;\"><img loading=\"lazy\" decoding=\"async\" class=\"alignnone wp-image-40858\" src=\"https:\/\/bergers-schlagerparadies.de\/wp-content\/uploads\/2026\/01\/Marko-Abend-On-My-Way-300x300.jpg\" alt=\"\" width=\"70\" height=\"70\" srcset=\"https:\/\/bergers-schlagerparadies.de\/wp-content\/uploads\/2026\/01\/Marko-Abend-On-My-Way-300x300.jpg 300w, https:\/\/bergers-schlagerparadies.de\/wp-content\/uploads\/2026\/01\/Marko-Abend-On-My-Way-1024x1024.jpg 1024w, https:\/\/bergers-schlagerparadies.de\/wp-content\/uploads\/2026\/01\/Marko-Abend-On-My-Way-150x150.jpg 150w, https:\/\/bergers-schlagerparadies.de\/wp-content\/uploads\/2026\/01\/Marko-Abend-On-My-Way-768x768.jpg 768w, https:\/\/bergers-schlagerparadies.de\/wp-content\/uploads\/2026\/01\/Marko-Abend-On-My-Way-1536x1536.jpg 1536w, https:\/\/bergers-schlagerparadies.de\/wp-content\/uploads\/2026\/01\/Marko-Abend-On-My-Way-2048x2048.jpg 2048w, https:\/\/bergers-schlagerparadies.de\/wp-content\/uploads\/2026\/01\/Marko-Abend-On-My-Way-1200x1200.jpg 1200w, https:\/\/bergers-schlagerparadies.de\/wp-content\/uploads\/2026\/01\/Marko-Abend-On-My-Way-1188x1188.jpg 1188w, https:\/\/bergers-schlagerparadies.de\/wp-content\/uploads\/2026\/01\/Marko-Abend-On-My-Way-100x100.jpg 100w\" sizes=\"auto, (max-width: 70px) 100vw, 70px\" \/>\u00a0 Marko Abend<\/span> &#8211; On My Way\u00a0<\/strong><\/li>\n<li><strong><img loading=\"lazy\" decoding=\"async\" class=\"alignnone wp-image-40799\" src=\"https:\/\/bergers-schlagerparadies.de\/wp-content\/uploads\/2026\/01\/Merkur-Kennenlernphase-300x300.jpeg\" alt=\"\" width=\"70\" height=\"70\" srcset=\"https:\/\/bergers-schlagerparadies.de\/wp-content\/uploads\/2026\/01\/Merkur-Kennenlernphase-300x300.jpeg 300w, https:\/\/bergers-schlagerparadies.de\/wp-content\/uploads\/2026\/01\/Merkur-Kennenlernphase-1024x1024.jpeg 1024w, https:\/\/bergers-schlagerparadies.de\/wp-content\/uploads\/2026\/01\/Merkur-Kennenlernphase-150x150.jpeg 150w, https:\/\/bergers-schlagerparadies.de\/wp-content\/uploads\/2026\/01\/Merkur-Kennenlernphase-768x768.jpeg 768w, https:\/\/bergers-schlagerparadies.de\/wp-content\/uploads\/2026\/01\/Merkur-Kennenlernphase-1200x1200.jpeg 1200w, https:\/\/bergers-schlagerparadies.de\/wp-content\/uploads\/2026\/01\/Merkur-Kennenlernphase-1188x1188.jpeg 1188w, https:\/\/bergers-schlagerparadies.de\/wp-content\/uploads\/2026\/01\/Merkur-Kennenlernphase-100x100.jpeg 100w, https:\/\/bergers-schlagerparadies.de\/wp-content\/uploads\/2026\/01\/Merkur-Kennenlernphase.jpeg 1500w\" sizes=\"auto, (max-width: 70px) 100vw, 70px\" \/>\u00a0 Merkur &#8211; Kennenlernphase<\/strong><\/li>\n<li><strong><span style=\"color: #800000;\"><img loading=\"lazy\" decoding=\"async\" class=\"alignnone wp-image-40840\" src=\"https:\/\/bergers-schlagerparadies.de\/wp-content\/uploads\/2026\/01\/Nadine-Beiergroesslein-Was-ich-fuer-Dich-fuehl-300x300.jpg\" alt=\"\" width=\"70\" height=\"70\" srcset=\"https:\/\/bergers-schlagerparadies.de\/wp-content\/uploads\/2026\/01\/Nadine-Beiergroesslein-Was-ich-fuer-Dich-fuehl-300x300.jpg 300w, https:\/\/bergers-schlagerparadies.de\/wp-content\/uploads\/2026\/01\/Nadine-Beiergroesslein-Was-ich-fuer-Dich-fuehl-1024x1024.jpg 1024w, https:\/\/bergers-schlagerparadies.de\/wp-content\/uploads\/2026\/01\/Nadine-Beiergroesslein-Was-ich-fuer-Dich-fuehl-150x150.jpg 150w, https:\/\/bergers-schlagerparadies.de\/wp-content\/uploads\/2026\/01\/Nadine-Beiergroesslein-Was-ich-fuer-Dich-fuehl-768x768.jpg 768w, https:\/\/bergers-schlagerparadies.de\/wp-content\/uploads\/2026\/01\/Nadine-Beiergroesslein-Was-ich-fuer-Dich-fuehl-1536x1536.jpg 1536w, https:\/\/bergers-schlagerparadies.de\/wp-content\/uploads\/2026\/01\/Nadine-Beiergroesslein-Was-ich-fuer-Dich-fuehl-2048x2048.jpg 2048w, https:\/\/bergers-schlagerparadies.de\/wp-content\/uploads\/2026\/01\/Nadine-Beiergroesslein-Was-ich-fuer-Dich-fuehl-1200x1200.jpg 1200w, https:\/\/bergers-schlagerparadies.de\/wp-content\/uploads\/2026\/01\/Nadine-Beiergroesslein-Was-ich-fuer-Dich-fuehl-1188x1188.jpg 1188w, https:\/\/bergers-schlagerparadies.de\/wp-content\/uploads\/2026\/01\/Nadine-Beiergroesslein-Was-ich-fuer-Dich-fuehl-100x100.jpg 100w\" sizes=\"auto, (max-width: 70px) 100vw, 70px\" \/>\u00a0 Nadine Beiergr\u00f6\u00dflein<\/span> &#8211; Was ich f\u00fcr Dich f\u00fchl ( <span style=\"color: #800000;\">Fiesta Records<\/span> )<\/strong><\/li>\n<li><strong><img loading=\"lazy\" decoding=\"async\" class=\"alignnone wp-image-40906\" src=\"https:\/\/bergers-schlagerparadies.de\/wp-content\/uploads\/2026\/01\/Nicole-Conring-Mein-Herz-macht-mir-die-Hoelle-heiss-300x300.jpeg\" alt=\"\" width=\"70\" height=\"70\" srcset=\"https:\/\/bergers-schlagerparadies.de\/wp-content\/uploads\/2026\/01\/Nicole-Conring-Mein-Herz-macht-mir-die-Hoelle-heiss-300x300.jpeg 300w, https:\/\/bergers-schlagerparadies.de\/wp-content\/uploads\/2026\/01\/Nicole-Conring-Mein-Herz-macht-mir-die-Hoelle-heiss-1024x1024.jpeg 1024w, https:\/\/bergers-schlagerparadies.de\/wp-content\/uploads\/2026\/01\/Nicole-Conring-Mein-Herz-macht-mir-die-Hoelle-heiss-150x150.jpeg 150w, https:\/\/bergers-schlagerparadies.de\/wp-content\/uploads\/2026\/01\/Nicole-Conring-Mein-Herz-macht-mir-die-Hoelle-heiss-768x768.jpeg 768w, https:\/\/bergers-schlagerparadies.de\/wp-content\/uploads\/2026\/01\/Nicole-Conring-Mein-Herz-macht-mir-die-Hoelle-heiss-1188x1188.jpeg 1188w, https:\/\/bergers-schlagerparadies.de\/wp-content\/uploads\/2026\/01\/Nicole-Conring-Mein-Herz-macht-mir-die-Hoelle-heiss-100x100.jpeg 100w, https:\/\/bergers-schlagerparadies.de\/wp-content\/uploads\/2026\/01\/Nicole-Conring-Mein-Herz-macht-mir-die-Hoelle-heiss.jpeg 1200w\" sizes=\"auto, (max-width: 70px) 100vw, 70px\" \/>\u00a0 <span style=\"color: #800000;\">Nicole Conring<\/span> &#8211; Mein Herz macht mir die H\u00f6lle hei\u00df ( <span style=\"color: #800000;\">MainGlow Records<\/span><\/strong><strong><span style=\"color: #800000;\"><img loading=\"lazy\" decoding=\"async\" class=\"alignnone wp-image-40910\" src=\"https:\/\/bergers-schlagerparadies.de\/wp-content\/uploads\/2026\/01\/RELAX-Gfuehleachterbahn-300x300.jpeg\" alt=\"\" width=\"70\" height=\"70\" srcset=\"https:\/\/bergers-schlagerparadies.de\/wp-content\/uploads\/2026\/01\/RELAX-Gfuehleachterbahn-300x300.jpeg 300w, https:\/\/bergers-schlagerparadies.de\/wp-content\/uploads\/2026\/01\/RELAX-Gfuehleachterbahn-1024x1024.jpeg 1024w, https:\/\/bergers-schlagerparadies.de\/wp-content\/uploads\/2026\/01\/RELAX-Gfuehleachterbahn-150x150.jpeg 150w, https:\/\/bergers-schlagerparadies.de\/wp-content\/uploads\/2026\/01\/RELAX-Gfuehleachterbahn-768x768.jpeg 768w, https:\/\/bergers-schlagerparadies.de\/wp-content\/uploads\/2026\/01\/RELAX-Gfuehleachterbahn-1536x1536.jpeg 1536w, https:\/\/bergers-schlagerparadies.de\/wp-content\/uploads\/2026\/01\/RELAX-Gfuehleachterbahn-2048x2048.jpeg 2048w, https:\/\/bergers-schlagerparadies.de\/wp-content\/uploads\/2026\/01\/RELAX-Gfuehleachterbahn-1200x1200.jpeg 1200w, https:\/\/bergers-schlagerparadies.de\/wp-content\/uploads\/2026\/01\/RELAX-Gfuehleachterbahn-1188x1188.jpeg 1188w, https:\/\/bergers-schlagerparadies.de\/wp-content\/uploads\/2026\/01\/RELAX-Gfuehleachterbahn-100x100.jpeg 100w\" sizes=\"auto, (max-width: 70px) 100vw, 70px\" \/>\u00a0 RELAX<\/span> &#8211; G&#8217;f\u00fchleachterbahn ( <span style=\"color: #800000;\">3w. Records<\/span>\u00a0)<\/strong><\/li>\n<li><strong><span style=\"color: #800000;\"><img loading=\"lazy\" decoding=\"async\" class=\"alignnone wp-image-40914\" src=\"https:\/\/bergers-schlagerparadies.de\/wp-content\/uploads\/2026\/01\/Reto-Eigenmann-Die-Eine-300x300.jpeg\" alt=\"\" width=\"70\" height=\"70\" srcset=\"https:\/\/bergers-schlagerparadies.de\/wp-content\/uploads\/2026\/01\/Reto-Eigenmann-Die-Eine-300x300.jpeg 300w, https:\/\/bergers-schlagerparadies.de\/wp-content\/uploads\/2026\/01\/Reto-Eigenmann-Die-Eine-1024x1024.jpeg 1024w, https:\/\/bergers-schlagerparadies.de\/wp-content\/uploads\/2026\/01\/Reto-Eigenmann-Die-Eine-150x150.jpeg 150w, https:\/\/bergers-schlagerparadies.de\/wp-content\/uploads\/2026\/01\/Reto-Eigenmann-Die-Eine-768x768.jpeg 768w, https:\/\/bergers-schlagerparadies.de\/wp-content\/uploads\/2026\/01\/Reto-Eigenmann-Die-Eine-1536x1536.jpeg 1536w, https:\/\/bergers-schlagerparadies.de\/wp-content\/uploads\/2026\/01\/Reto-Eigenmann-Die-Eine-2048x2048.jpeg 2048w, https:\/\/bergers-schlagerparadies.de\/wp-content\/uploads\/2026\/01\/Reto-Eigenmann-Die-Eine-1200x1200.jpeg 1200w, https:\/\/bergers-schlagerparadies.de\/wp-content\/uploads\/2026\/01\/Reto-Eigenmann-Die-Eine-1188x1188.jpeg 1188w, https:\/\/bergers-schlagerparadies.de\/wp-content\/uploads\/2026\/01\/Reto-Eigenmann-Die-Eine-100x100.jpeg 100w\" sizes=\"auto, (max-width: 70px) 100vw, 70px\" \/>\u00a0 Reto Eigenmann<\/span> &#8211; Die Eine ( <span style=\"color: #800000;\">PRODACTS<\/span>\u00a0)<\/strong><\/li>\n<li><strong><img loading=\"lazy\" decoding=\"async\" class=\"alignnone wp-image-40725\" src=\"https:\/\/bergers-schlagerparadies.de\/wp-content\/uploads\/2026\/01\/Rosanna-Rocci-Mit-dir-zusammen-sein-300x300.jpeg\" alt=\"\" width=\"70\" height=\"70\" srcset=\"https:\/\/bergers-schlagerparadies.de\/wp-content\/uploads\/2026\/01\/Rosanna-Rocci-Mit-dir-zusammen-sein-300x300.jpeg 300w, https:\/\/bergers-schlagerparadies.de\/wp-content\/uploads\/2026\/01\/Rosanna-Rocci-Mit-dir-zusammen-sein-1024x1024.jpeg 1024w, https:\/\/bergers-schlagerparadies.de\/wp-content\/uploads\/2026\/01\/Rosanna-Rocci-Mit-dir-zusammen-sein-150x150.jpeg 150w, https:\/\/bergers-schlagerparadies.de\/wp-content\/uploads\/2026\/01\/Rosanna-Rocci-Mit-dir-zusammen-sein-768x768.jpeg 768w, https:\/\/bergers-schlagerparadies.de\/wp-content\/uploads\/2026\/01\/Rosanna-Rocci-Mit-dir-zusammen-sein-1536x1536.jpeg 1536w, https:\/\/bergers-schlagerparadies.de\/wp-content\/uploads\/2026\/01\/Rosanna-Rocci-Mit-dir-zusammen-sein-2048x2048.jpeg 2048w, https:\/\/bergers-schlagerparadies.de\/wp-content\/uploads\/2026\/01\/Rosanna-Rocci-Mit-dir-zusammen-sein-1200x1200.jpeg 1200w, https:\/\/bergers-schlagerparadies.de\/wp-content\/uploads\/2026\/01\/Rosanna-Rocci-Mit-dir-zusammen-sein-1188x1188.jpeg 1188w, https:\/\/bergers-schlagerparadies.de\/wp-content\/uploads\/2026\/01\/Rosanna-Rocci-Mit-dir-zusammen-sein-100x100.jpeg 100w\" sizes=\"auto, (max-width: 70px) 100vw, 70px\" \/>\u00a0 <span style=\"color: #800000;\">Rosanna Rocci<\/span> &#8211; Mit dir zusammen sein ( <span style=\"color: #800000;\">Fiesta Records<\/span> )<\/strong><\/li>\n<li><strong><span style=\"color: #800000;\"><img loading=\"lazy\" decoding=\"async\" class=\"alignnone wp-image-40929\" src=\"https:\/\/bergers-schlagerparadies.de\/wp-content\/uploads\/2026\/01\/Susi-Danke-300x300.jpg\" alt=\"\" width=\"70\" height=\"70\" srcset=\"https:\/\/bergers-schlagerparadies.de\/wp-content\/uploads\/2026\/01\/Susi-Danke-300x300.jpg 300w, https:\/\/bergers-schlagerparadies.de\/wp-content\/uploads\/2026\/01\/Susi-Danke-1024x1024.jpg 1024w, https:\/\/bergers-schlagerparadies.de\/wp-content\/uploads\/2026\/01\/Susi-Danke-150x150.jpg 150w, https:\/\/bergers-schlagerparadies.de\/wp-content\/uploads\/2026\/01\/Susi-Danke-768x768.jpg 768w, https:\/\/bergers-schlagerparadies.de\/wp-content\/uploads\/2026\/01\/Susi-Danke-1536x1536.jpg 1536w, https:\/\/bergers-schlagerparadies.de\/wp-content\/uploads\/2026\/01\/Susi-Danke-2048x2048.jpg 2048w, https:\/\/bergers-schlagerparadies.de\/wp-content\/uploads\/2026\/01\/Susi-Danke-1200x1200.jpg 1200w, https:\/\/bergers-schlagerparadies.de\/wp-content\/uploads\/2026\/01\/Susi-Danke-1188x1188.jpg 1188w, https:\/\/bergers-schlagerparadies.de\/wp-content\/uploads\/2026\/01\/Susi-Danke-100x100.jpg 100w\" sizes=\"auto, (max-width: 70px) 100vw, 70px\" \/>\u00a0 Susi<\/span> &#8211; Danke ( <span style=\"color: #800000;\">Fiesta Records<\/span> )<\/strong><\/li>\n<li><strong><span style=\"color: #800000;\"><img loading=\"lazy\" decoding=\"async\" class=\"alignnone wp-image-40812\" src=\"https:\/\/bergers-schlagerparadies.de\/wp-content\/uploads\/2026\/01\/Thomas-Erbrecht-Nichts-haut-mich-um-300x300.jpg\" alt=\"\" width=\"71\" height=\"71\" srcset=\"https:\/\/bergers-schlagerparadies.de\/wp-content\/uploads\/2026\/01\/Thomas-Erbrecht-Nichts-haut-mich-um-300x300.jpg 300w, https:\/\/bergers-schlagerparadies.de\/wp-content\/uploads\/2026\/01\/Thomas-Erbrecht-Nichts-haut-mich-um-1024x1024.jpg 1024w, https:\/\/bergers-schlagerparadies.de\/wp-content\/uploads\/2026\/01\/Thomas-Erbrecht-Nichts-haut-mich-um-150x150.jpg 150w, https:\/\/bergers-schlagerparadies.de\/wp-content\/uploads\/2026\/01\/Thomas-Erbrecht-Nichts-haut-mich-um-768x768.jpg 768w, https:\/\/bergers-schlagerparadies.de\/wp-content\/uploads\/2026\/01\/Thomas-Erbrecht-Nichts-haut-mich-um-1536x1536.jpg 1536w, https:\/\/bergers-schlagerparadies.de\/wp-content\/uploads\/2026\/01\/Thomas-Erbrecht-Nichts-haut-mich-um-2048x2048.jpg 2048w, https:\/\/bergers-schlagerparadies.de\/wp-content\/uploads\/2026\/01\/Thomas-Erbrecht-Nichts-haut-mich-um-1200x1200.jpg 1200w, https:\/\/bergers-schlagerparadies.de\/wp-content\/uploads\/2026\/01\/Thomas-Erbrecht-Nichts-haut-mich-um-1188x1188.jpg 1188w, https:\/\/bergers-schlagerparadies.de\/wp-content\/uploads\/2026\/01\/Thomas-Erbrecht-Nichts-haut-mich-um-100x100.jpg 100w\" sizes=\"auto, (max-width: 71px) 100vw, 71px\" \/>\u00a0 Thomas Erbrecht<\/span> &#8211; Nichts haut mich um ( <span style=\"color: #800000;\">Fiesta Records<\/span> )<\/strong><\/li>\n<li><strong><img loading=\"lazy\" decoding=\"async\" class=\"alignnone wp-image-40833\" src=\"https:\/\/bergers-schlagerparadies.de\/wp-content\/uploads\/2026\/01\/Tim-Fabian-Dafuer-liebe-ich-zu-sehr-300x300.jpeg\" alt=\"\" width=\"70\" height=\"70\" srcset=\"https:\/\/bergers-schlagerparadies.de\/wp-content\/uploads\/2026\/01\/Tim-Fabian-Dafuer-liebe-ich-zu-sehr-300x300.jpeg 300w, https:\/\/bergers-schlagerparadies.de\/wp-content\/uploads\/2026\/01\/Tim-Fabian-Dafuer-liebe-ich-zu-sehr-1024x1024.jpeg 1024w, https:\/\/bergers-schlagerparadies.de\/wp-content\/uploads\/2026\/01\/Tim-Fabian-Dafuer-liebe-ich-zu-sehr-150x150.jpeg 150w, https:\/\/bergers-schlagerparadies.de\/wp-content\/uploads\/2026\/01\/Tim-Fabian-Dafuer-liebe-ich-zu-sehr-768x768.jpeg 768w, https:\/\/bergers-schlagerparadies.de\/wp-content\/uploads\/2026\/01\/Tim-Fabian-Dafuer-liebe-ich-zu-sehr-1188x1188.jpeg 1188w, https:\/\/bergers-schlagerparadies.de\/wp-content\/uploads\/2026\/01\/Tim-Fabian-Dafuer-liebe-ich-zu-sehr-100x100.jpeg 100w, https:\/\/bergers-schlagerparadies.de\/wp-content\/uploads\/2026\/01\/Tim-Fabian-Dafuer-liebe-ich-zu-sehr.jpeg 1200w\" sizes=\"auto, (max-width: 70px) 100vw, 70px\" \/>\u00a0 Tim Fabian &#8211; Daf\u00fcr liebe ich zu sehr ( <span style=\"color: #800000;\">VIA Music Germany<\/span>\u00a0)<\/strong><\/li>\n<li><strong><img loading=\"lazy\" decoding=\"async\" class=\"alignnone wp-image-40729\" src=\"https:\/\/bergers-schlagerparadies.de\/wp-content\/uploads\/2026\/01\/TJ-Thomas-Wir-lieben-uns-noch-immer-300x300.jpeg\" alt=\"\" width=\"70\" height=\"70\" srcset=\"https:\/\/bergers-schlagerparadies.de\/wp-content\/uploads\/2026\/01\/TJ-Thomas-Wir-lieben-uns-noch-immer-300x300.jpeg 300w, https:\/\/bergers-schlagerparadies.de\/wp-content\/uploads\/2026\/01\/TJ-Thomas-Wir-lieben-uns-noch-immer-1024x1024.jpeg 1024w, https:\/\/bergers-schlagerparadies.de\/wp-content\/uploads\/2026\/01\/TJ-Thomas-Wir-lieben-uns-noch-immer-150x150.jpeg 150w, https:\/\/bergers-schlagerparadies.de\/wp-content\/uploads\/2026\/01\/TJ-Thomas-Wir-lieben-uns-noch-immer-768x768.jpeg 768w, https:\/\/bergers-schlagerparadies.de\/wp-content\/uploads\/2026\/01\/TJ-Thomas-Wir-lieben-uns-noch-immer-1536x1536.jpeg 1536w, https:\/\/bergers-schlagerparadies.de\/wp-content\/uploads\/2026\/01\/TJ-Thomas-Wir-lieben-uns-noch-immer-2048x2048.jpeg 2048w, https:\/\/bergers-schlagerparadies.de\/wp-content\/uploads\/2026\/01\/TJ-Thomas-Wir-lieben-uns-noch-immer-1200x1200.jpeg 1200w, https:\/\/bergers-schlagerparadies.de\/wp-content\/uploads\/2026\/01\/TJ-Thomas-Wir-lieben-uns-noch-immer-1188x1188.jpeg 1188w, https:\/\/bergers-schlagerparadies.de\/wp-content\/uploads\/2026\/01\/TJ-Thomas-Wir-lieben-uns-noch-immer-100x100.jpeg 100w\" sizes=\"auto, (max-width: 70px) 100vw, 70px\" \/>\u00a0 <span style=\"color: #800000;\">TJ-Thomas<\/span> &#8211; Wir lieben uns noch immer ( <span style=\"color: #800000;\">Fiesta Records<\/span> )<\/strong><\/li>\n<li><strong><span style=\"color: #800000;\"><img loading=\"lazy\" decoding=\"async\" class=\"alignnone wp-image-40917\" src=\"https:\/\/bergers-schlagerparadies.de\/wp-content\/uploads\/2026\/01\/Ulli-Schwinge-Ich-will-300x300.jpeg\" alt=\"\" width=\"70\" height=\"70\" srcset=\"https:\/\/bergers-schlagerparadies.de\/wp-content\/uploads\/2026\/01\/Ulli-Schwinge-Ich-will-300x300.jpeg 300w, https:\/\/bergers-schlagerparadies.de\/wp-content\/uploads\/2026\/01\/Ulli-Schwinge-Ich-will-1024x1024.jpeg 1024w, https:\/\/bergers-schlagerparadies.de\/wp-content\/uploads\/2026\/01\/Ulli-Schwinge-Ich-will-150x150.jpeg 150w, https:\/\/bergers-schlagerparadies.de\/wp-content\/uploads\/2026\/01\/Ulli-Schwinge-Ich-will-768x768.jpeg 768w, https:\/\/bergers-schlagerparadies.de\/wp-content\/uploads\/2026\/01\/Ulli-Schwinge-Ich-will-1188x1188.jpeg 1188w, https:\/\/bergers-schlagerparadies.de\/wp-content\/uploads\/2026\/01\/Ulli-Schwinge-Ich-will-100x100.jpeg 100w, https:\/\/bergers-schlagerparadies.de\/wp-content\/uploads\/2026\/01\/Ulli-Schwinge-Ich-will.jpeg 1200w\" sizes=\"auto, (max-width: 70px) 100vw, 70px\" \/>\u00a0 Ulli Schwinge<\/span> &#8211; Ich will ( <span style=\"color: #800000;\">XENIA Records<\/span>\u00a0)<\/strong><\/li>\n<\/ul>\n<p><span style=\"font-size: 12pt;\"><strong><em><span style=\"color: #666699;\">Neuvorstellungen<\/span><\/em><em><span style=\"color: #666699;\"> in dieser Woche: mit V\u00d6: <span style=\"color: #800000;\">09<\/span><\/span><span style=\"color: #666699;\"><span style=\"color: #993366; font-size: 14pt;\">.01.2026 <\/span>&#8211; 02<\/span><span style=\"color: #808080;\">KW<\/span><\/em><\/strong><\/span><\/p>\n<ul>\n<li><strong><span style=\"color: #800000;\"><img loading=\"lazy\" decoding=\"async\" class=\"alignnone wp-image-40758\" src=\"https:\/\/bergers-schlagerparadies.de\/wp-content\/uploads\/2026\/01\/Melissa-Naschenweng-Alpenbarbie-Rosa-Dynamit-Album-300x300.jpeg\" alt=\"\" width=\"70\" height=\"70\" srcset=\"https:\/\/bergers-schlagerparadies.de\/wp-content\/uploads\/2026\/01\/Melissa-Naschenweng-Alpenbarbie-Rosa-Dynamit-Album-300x300.jpeg 300w, https:\/\/bergers-schlagerparadies.de\/wp-content\/uploads\/2026\/01\/Melissa-Naschenweng-Alpenbarbie-Rosa-Dynamit-Album-1024x1024.jpeg 1024w, https:\/\/bergers-schlagerparadies.de\/wp-content\/uploads\/2026\/01\/Melissa-Naschenweng-Alpenbarbie-Rosa-Dynamit-Album-150x150.jpeg 150w, https:\/\/bergers-schlagerparadies.de\/wp-content\/uploads\/2026\/01\/Melissa-Naschenweng-Alpenbarbie-Rosa-Dynamit-Album-768x768.jpeg 768w, https:\/\/bergers-schlagerparadies.de\/wp-content\/uploads\/2026\/01\/Melissa-Naschenweng-Alpenbarbie-Rosa-Dynamit-Album-1188x1188.jpeg 1188w, https:\/\/bergers-schlagerparadies.de\/wp-content\/uploads\/2026\/01\/Melissa-Naschenweng-Alpenbarbie-Rosa-Dynamit-Album-100x100.jpeg 100w, https:\/\/bergers-schlagerparadies.de\/wp-content\/uploads\/2026\/01\/Melissa-Naschenweng-Alpenbarbie-Rosa-Dynamit-Album.jpeg 1200w\" sizes=\"auto, (max-width: 70px) 100vw, 70px\" \/>\u00a0 Melissa Naschenweng<\/span> Alpenbarbie <span style=\"color: #000000;\">(Rosa<\/span> Dynamit) <span style=\"color: #800000;\"><span style=\"color: #000000;\">(<\/span>Album<span style=\"color: #000000;\">) ( <span style=\"color: #800000;\">SMA\/ Ariola<\/span>\u00a0)<\/span><\/span><\/strong><\/li>\n<li><strong><span style=\"color: #800000;\">Ross Antony<\/span> &#8211; 100 Jahre Gute Laune (<span style=\"color: #800000;\">Album<\/span>) ( <span style=\"color: #800000;\">Telamo<\/span> )<\/strong><\/li>\n<li><strong><span style=\"color: #800000;\"><img loading=\"lazy\" decoding=\"async\" class=\"alignnone wp-image-40665\" src=\"https:\/\/bergers-schlagerparadies.de\/wp-content\/uploads\/2026\/01\/Tom-Westborn-Wir-sind-alle-alleine-Audio-Single-Maxi-300x300.jpeg\" alt=\"\" width=\"70\" height=\"70\" srcset=\"https:\/\/bergers-schlagerparadies.de\/wp-content\/uploads\/2026\/01\/Tom-Westborn-Wir-sind-alle-alleine-Audio-Single-Maxi-300x300.jpeg 300w, https:\/\/bergers-schlagerparadies.de\/wp-content\/uploads\/2026\/01\/Tom-Westborn-Wir-sind-alle-alleine-Audio-Single-Maxi-1024x1024.jpeg 1024w, https:\/\/bergers-schlagerparadies.de\/wp-content\/uploads\/2026\/01\/Tom-Westborn-Wir-sind-alle-alleine-Audio-Single-Maxi-150x150.jpeg 150w, https:\/\/bergers-schlagerparadies.de\/wp-content\/uploads\/2026\/01\/Tom-Westborn-Wir-sind-alle-alleine-Audio-Single-Maxi-768x768.jpeg 768w, https:\/\/bergers-schlagerparadies.de\/wp-content\/uploads\/2026\/01\/Tom-Westborn-Wir-sind-alle-alleine-Audio-Single-Maxi-1188x1188.jpeg 1188w, https:\/\/bergers-schlagerparadies.de\/wp-content\/uploads\/2026\/01\/Tom-Westborn-Wir-sind-alle-alleine-Audio-Single-Maxi-100x100.jpeg 100w, https:\/\/bergers-schlagerparadies.de\/wp-content\/uploads\/2026\/01\/Tom-Westborn-Wir-sind-alle-alleine-Audio-Single-Maxi.jpeg 1200w\" sizes=\"auto, (max-width: 70px) 100vw, 70px\" \/>\u00a0 Tom Westborn<\/span> &#8211; Wir sind alle alleine (<span style=\"color: #800000;\">Audio Single &#8211; Maxi<\/span>) ( <span style=\"color: #800000;\">Tom Westborn<\/span>\u00a0)<\/strong><\/li>\n<li><span style=\"color: #800000;\"><strong>&#8212;&#8212;&#8212;&#8212;&#8212;&#8212;&#8212;&#8212;&#8212;&#8212;&#8212;&#8212;&#8212;&#8212;&#8212;&#8212;&#8212;&#8212;&#8212;&#8212;&#8212;&#8212;&#8212;&#8212;&#8212;&#8212;&#8212;&#8212;&#8212;&#8212;&#8212;&#8212;&#8212;&#8212;<\/strong><\/span><\/li>\n<li><strong><span style=\"color: #800000;\"><img loading=\"lazy\" decoding=\"async\" class=\"alignnone wp-image-40642\" src=\"https:\/\/bergers-schlagerparadies.de\/wp-content\/uploads\/2026\/01\/Alisha-Femme-Fatale-300x300.jpeg\" alt=\"\" width=\"70\" height=\"70\" srcset=\"https:\/\/bergers-schlagerparadies.de\/wp-content\/uploads\/2026\/01\/Alisha-Femme-Fatale-300x300.jpeg 300w, https:\/\/bergers-schlagerparadies.de\/wp-content\/uploads\/2026\/01\/Alisha-Femme-Fatale-1024x1024.jpeg 1024w, https:\/\/bergers-schlagerparadies.de\/wp-content\/uploads\/2026\/01\/Alisha-Femme-Fatale-150x150.jpeg 150w, https:\/\/bergers-schlagerparadies.de\/wp-content\/uploads\/2026\/01\/Alisha-Femme-Fatale-768x768.jpeg 768w, https:\/\/bergers-schlagerparadies.de\/wp-content\/uploads\/2026\/01\/Alisha-Femme-Fatale-1188x1188.jpeg 1188w, https:\/\/bergers-schlagerparadies.de\/wp-content\/uploads\/2026\/01\/Alisha-Femme-Fatale-100x100.jpeg 100w, https:\/\/bergers-schlagerparadies.de\/wp-content\/uploads\/2026\/01\/Alisha-Femme-Fatale.jpeg 1200w\" sizes=\"auto, (max-width: 70px) 100vw, 70px\" \/>\u00a0 Alisha<\/span> &#8211; Femme Fatale ( <span style=\"color: #800000;\">Schlagerextase<\/span>\u00a0)<\/strong><\/li>\n<li><strong><span style=\"color: #800000;\"><img loading=\"lazy\" decoding=\"async\" class=\"alignnone wp-image-40737\" src=\"https:\/\/bergers-schlagerparadies.de\/wp-content\/uploads\/2026\/01\/Andrea-G.-X-NORAN-FUeR-UNS-300x300.jpeg\" alt=\"\" width=\"70\" height=\"70\" srcset=\"https:\/\/bergers-schlagerparadies.de\/wp-content\/uploads\/2026\/01\/Andrea-G.-X-NORAN-FUeR-UNS-300x300.jpeg 300w, https:\/\/bergers-schlagerparadies.de\/wp-content\/uploads\/2026\/01\/Andrea-G.-X-NORAN-FUeR-UNS-1024x1024.jpeg 1024w, https:\/\/bergers-schlagerparadies.de\/wp-content\/uploads\/2026\/01\/Andrea-G.-X-NORAN-FUeR-UNS-150x150.jpeg 150w, https:\/\/bergers-schlagerparadies.de\/wp-content\/uploads\/2026\/01\/Andrea-G.-X-NORAN-FUeR-UNS-768x768.jpeg 768w, https:\/\/bergers-schlagerparadies.de\/wp-content\/uploads\/2026\/01\/Andrea-G.-X-NORAN-FUeR-UNS-1536x1536.jpeg 1536w, https:\/\/bergers-schlagerparadies.de\/wp-content\/uploads\/2026\/01\/Andrea-G.-X-NORAN-FUeR-UNS-2048x2048.jpeg 2048w, https:\/\/bergers-schlagerparadies.de\/wp-content\/uploads\/2026\/01\/Andrea-G.-X-NORAN-FUeR-UNS-1200x1200.jpeg 1200w, https:\/\/bergers-schlagerparadies.de\/wp-content\/uploads\/2026\/01\/Andrea-G.-X-NORAN-FUeR-UNS-1188x1188.jpeg 1188w, https:\/\/bergers-schlagerparadies.de\/wp-content\/uploads\/2026\/01\/Andrea-G.-X-NORAN-FUeR-UNS-100x100.jpeg 100w\" sizes=\"auto, (max-width: 70px) 100vw, 70px\" \/>\u00a0 Andrea G.<\/span> X <span style=\"color: #800000;\">NOR!AN<\/span> &#8211; F\u00dcR UNS ( <span style=\"color: #800000;\">NOSTRUM<\/span>\u00a0)<\/strong><\/li>\n<li><strong><img loading=\"lazy\" decoding=\"async\" class=\"alignnone wp-image-40688\" src=\"https:\/\/bergers-schlagerparadies.de\/wp-content\/uploads\/2026\/01\/Andreas-Lawo-Eine-Nacht-die-nie-zu-Ende-geht-300x300.jpeg\" alt=\"\" width=\"70\" height=\"70\" srcset=\"https:\/\/bergers-schlagerparadies.de\/wp-content\/uploads\/2026\/01\/Andreas-Lawo-Eine-Nacht-die-nie-zu-Ende-geht-300x300.jpeg 300w, https:\/\/bergers-schlagerparadies.de\/wp-content\/uploads\/2026\/01\/Andreas-Lawo-Eine-Nacht-die-nie-zu-Ende-geht-1024x1024.jpeg 1024w, https:\/\/bergers-schlagerparadies.de\/wp-content\/uploads\/2026\/01\/Andreas-Lawo-Eine-Nacht-die-nie-zu-Ende-geht-150x150.jpeg 150w, https:\/\/bergers-schlagerparadies.de\/wp-content\/uploads\/2026\/01\/Andreas-Lawo-Eine-Nacht-die-nie-zu-Ende-geht-768x768.jpeg 768w, https:\/\/bergers-schlagerparadies.de\/wp-content\/uploads\/2026\/01\/Andreas-Lawo-Eine-Nacht-die-nie-zu-Ende-geht-1188x1188.jpeg 1188w, https:\/\/bergers-schlagerparadies.de\/wp-content\/uploads\/2026\/01\/Andreas-Lawo-Eine-Nacht-die-nie-zu-Ende-geht-100x100.jpeg 100w, https:\/\/bergers-schlagerparadies.de\/wp-content\/uploads\/2026\/01\/Andreas-Lawo-Eine-Nacht-die-nie-zu-Ende-geht.jpeg 1200w\" sizes=\"auto, (max-width: 70px) 100vw, 70px\" \/>\u00a0 <span style=\"color: #800000;\">Andreas Lawo<\/span> &#8211; Eine Nacht (die nie zu Ende geht) ( <span style=\"color: #800000;\"> Atara Music<\/span>\u00a0)<\/strong><\/li>\n<li><strong><span style=\"color: #800000;\"><img loading=\"lazy\" decoding=\"async\" class=\"alignnone wp-image-40742\" src=\"https:\/\/bergers-schlagerparadies.de\/wp-content\/uploads\/2026\/01\/Anke-Fuerst-Paralysiert-300x300.jpeg\" alt=\"\" width=\"70\" height=\"70\" srcset=\"https:\/\/bergers-schlagerparadies.de\/wp-content\/uploads\/2026\/01\/Anke-Fuerst-Paralysiert-300x300.jpeg 300w, https:\/\/bergers-schlagerparadies.de\/wp-content\/uploads\/2026\/01\/Anke-Fuerst-Paralysiert-1024x1024.jpeg 1024w, https:\/\/bergers-schlagerparadies.de\/wp-content\/uploads\/2026\/01\/Anke-Fuerst-Paralysiert-150x150.jpeg 150w, https:\/\/bergers-schlagerparadies.de\/wp-content\/uploads\/2026\/01\/Anke-Fuerst-Paralysiert-768x768.jpeg 768w, https:\/\/bergers-schlagerparadies.de\/wp-content\/uploads\/2026\/01\/Anke-Fuerst-Paralysiert-1536x1536.jpeg 1536w, https:\/\/bergers-schlagerparadies.de\/wp-content\/uploads\/2026\/01\/Anke-Fuerst-Paralysiert-2048x2048.jpeg 2048w, https:\/\/bergers-schlagerparadies.de\/wp-content\/uploads\/2026\/01\/Anke-Fuerst-Paralysiert-1200x1200.jpeg 1200w, https:\/\/bergers-schlagerparadies.de\/wp-content\/uploads\/2026\/01\/Anke-Fuerst-Paralysiert-1188x1188.jpeg 1188w, https:\/\/bergers-schlagerparadies.de\/wp-content\/uploads\/2026\/01\/Anke-Fuerst-Paralysiert-100x100.jpeg 100w\" sizes=\"auto, (max-width: 70px) 100vw, 70px\" \/>\u00a0 Anke F\u00fcrst<\/span> &#8211; Paralysiert ( <span style=\"color: #800000;\">Pulsschlag \/ DA Music<\/span>\u00a0)<\/strong><\/li>\n<li><strong><img loading=\"lazy\" decoding=\"async\" class=\"alignnone wp-image-40601\" src=\"https:\/\/bergers-schlagerparadies.de\/wp-content\/uploads\/2026\/01\/Antje-Klann-Ein-Tanz-mit-Dir-300x300.jpeg\" alt=\"\" width=\"70\" height=\"70\" srcset=\"https:\/\/bergers-schlagerparadies.de\/wp-content\/uploads\/2026\/01\/Antje-Klann-Ein-Tanz-mit-Dir-300x300.jpeg 300w, https:\/\/bergers-schlagerparadies.de\/wp-content\/uploads\/2026\/01\/Antje-Klann-Ein-Tanz-mit-Dir-1024x1024.jpeg 1024w, https:\/\/bergers-schlagerparadies.de\/wp-content\/uploads\/2026\/01\/Antje-Klann-Ein-Tanz-mit-Dir-150x150.jpeg 150w, https:\/\/bergers-schlagerparadies.de\/wp-content\/uploads\/2026\/01\/Antje-Klann-Ein-Tanz-mit-Dir-768x768.jpeg 768w, https:\/\/bergers-schlagerparadies.de\/wp-content\/uploads\/2026\/01\/Antje-Klann-Ein-Tanz-mit-Dir-1536x1536.jpeg 1536w, https:\/\/bergers-schlagerparadies.de\/wp-content\/uploads\/2026\/01\/Antje-Klann-Ein-Tanz-mit-Dir-2048x2048.jpeg 2048w, https:\/\/bergers-schlagerparadies.de\/wp-content\/uploads\/2026\/01\/Antje-Klann-Ein-Tanz-mit-Dir-1200x1200.jpeg 1200w, https:\/\/bergers-schlagerparadies.de\/wp-content\/uploads\/2026\/01\/Antje-Klann-Ein-Tanz-mit-Dir-1188x1188.jpeg 1188w, https:\/\/bergers-schlagerparadies.de\/wp-content\/uploads\/2026\/01\/Antje-Klann-Ein-Tanz-mit-Dir-100x100.jpeg 100w\" sizes=\"auto, (max-width: 70px) 100vw, 70px\" \/>\u00a0 <span style=\"color: #800000;\">Antje Klann<\/span> &#8211; Ein Tanz mit Dir ( <span style=\"color: #800000;\">Fiesta Records<\/span> )<\/strong><\/li>\n<li><strong><span style=\"color: #800000;\"><img loading=\"lazy\" decoding=\"async\" class=\"alignnone wp-image-40779\" src=\"https:\/\/bergers-schlagerparadies.de\/wp-content\/uploads\/2026\/01\/Ben-Luca-\u2013-Fuer-Immer-Jetzt-300x300.jpg\" alt=\"\" width=\"70\" height=\"70\" srcset=\"https:\/\/bergers-schlagerparadies.de\/wp-content\/uploads\/2026\/01\/Ben-Luca-\u2013-Fuer-Immer-Jetzt-300x300.jpg 300w, https:\/\/bergers-schlagerparadies.de\/wp-content\/uploads\/2026\/01\/Ben-Luca-\u2013-Fuer-Immer-Jetzt-150x150.jpg 150w, https:\/\/bergers-schlagerparadies.de\/wp-content\/uploads\/2026\/01\/Ben-Luca-\u2013-Fuer-Immer-Jetzt-768x768.jpg 768w, https:\/\/bergers-schlagerparadies.de\/wp-content\/uploads\/2026\/01\/Ben-Luca-\u2013-Fuer-Immer-Jetzt-100x100.jpg 100w, https:\/\/bergers-schlagerparadies.de\/wp-content\/uploads\/2026\/01\/Ben-Luca-\u2013-Fuer-Immer-Jetzt.jpg 800w\" sizes=\"auto, (max-width: 70px) 100vw, 70px\" \/>\u00a0 Ben Luca<\/span> \u2013 F\u00fcr Immer &amp; Jetzt ( <span style=\"color: #800000;\">Atara Music<\/span>\u00a0)<\/strong><\/li>\n<li><strong><span style=\"color: #800000;\"><img loading=\"lazy\" decoding=\"async\" class=\"alignnone wp-image-40746\" src=\"https:\/\/bergers-schlagerparadies.de\/wp-content\/uploads\/2026\/01\/Bernhard-Brink-Blondes-Wunder-Remix-26-300x300.jpeg\" alt=\"\" width=\"70\" height=\"70\" srcset=\"https:\/\/bergers-schlagerparadies.de\/wp-content\/uploads\/2026\/01\/Bernhard-Brink-Blondes-Wunder-Remix-26-300x300.jpeg 300w, https:\/\/bergers-schlagerparadies.de\/wp-content\/uploads\/2026\/01\/Bernhard-Brink-Blondes-Wunder-Remix-26-1024x1024.jpeg 1024w, https:\/\/bergers-schlagerparadies.de\/wp-content\/uploads\/2026\/01\/Bernhard-Brink-Blondes-Wunder-Remix-26-150x150.jpeg 150w, https:\/\/bergers-schlagerparadies.de\/wp-content\/uploads\/2026\/01\/Bernhard-Brink-Blondes-Wunder-Remix-26-768x768.jpeg 768w, https:\/\/bergers-schlagerparadies.de\/wp-content\/uploads\/2026\/01\/Bernhard-Brink-Blondes-Wunder-Remix-26-1536x1536.jpeg 1536w, https:\/\/bergers-schlagerparadies.de\/wp-content\/uploads\/2026\/01\/Bernhard-Brink-Blondes-Wunder-Remix-26-2048x2048.jpeg 2048w, https:\/\/bergers-schlagerparadies.de\/wp-content\/uploads\/2026\/01\/Bernhard-Brink-Blondes-Wunder-Remix-26-1200x1200.jpeg 1200w, https:\/\/bergers-schlagerparadies.de\/wp-content\/uploads\/2026\/01\/Bernhard-Brink-Blondes-Wunder-Remix-26-1188x1188.jpeg 1188w, https:\/\/bergers-schlagerparadies.de\/wp-content\/uploads\/2026\/01\/Bernhard-Brink-Blondes-Wunder-Remix-26-100x100.jpeg 100w\" sizes=\"auto, (max-width: 70px) 100vw, 70px\" \/>\u00a0 Bernhard Brink<\/span> &#8211; Blondes Wunder (Remix 26) ( <span style=\"color: #800000;\">Madizin Music\/Believe<\/span>\u00a0)<\/strong><\/li>\n<li><strong><span style=\"color: #800000;\"><img loading=\"lazy\" decoding=\"async\" class=\"alignnone wp-image-40750\" src=\"https:\/\/bergers-schlagerparadies.de\/wp-content\/uploads\/2026\/01\/Bonnamour-Hauptbahnhof-der-Liebe-300x300.jpeg\" alt=\"\" width=\"70\" height=\"70\" srcset=\"https:\/\/bergers-schlagerparadies.de\/wp-content\/uploads\/2026\/01\/Bonnamour-Hauptbahnhof-der-Liebe-300x300.jpeg 300w, https:\/\/bergers-schlagerparadies.de\/wp-content\/uploads\/2026\/01\/Bonnamour-Hauptbahnhof-der-Liebe-1024x1024.jpeg 1024w, https:\/\/bergers-schlagerparadies.de\/wp-content\/uploads\/2026\/01\/Bonnamour-Hauptbahnhof-der-Liebe-150x150.jpeg 150w, https:\/\/bergers-schlagerparadies.de\/wp-content\/uploads\/2026\/01\/Bonnamour-Hauptbahnhof-der-Liebe-768x768.jpeg 768w, https:\/\/bergers-schlagerparadies.de\/wp-content\/uploads\/2026\/01\/Bonnamour-Hauptbahnhof-der-Liebe-1188x1188.jpeg 1188w, https:\/\/bergers-schlagerparadies.de\/wp-content\/uploads\/2026\/01\/Bonnamour-Hauptbahnhof-der-Liebe-100x100.jpeg 100w, https:\/\/bergers-schlagerparadies.de\/wp-content\/uploads\/2026\/01\/Bonnamour-Hauptbahnhof-der-Liebe.jpeg 1200w\" sizes=\"auto, (max-width: 70px) 100vw, 70px\" \/>\u00a0 Bon(n)amour<\/span> &#8211; Hauptbahnhof der Liebe ( <span style=\"color: #800000;\">laccordia<\/span>\u00a0)<\/strong><\/li>\n<li><strong><span style=\"color: #800000;\"><img loading=\"lazy\" decoding=\"async\" class=\"alignnone wp-image-40616\" src=\"https:\/\/bergers-schlagerparadies.de\/wp-content\/uploads\/2026\/01\/Bruno-Ferrara-Jeden-Morgen-kuesst-uns-wieder-das-Leben-300x300.jpg\" alt=\"\" width=\"70\" height=\"70\" srcset=\"https:\/\/bergers-schlagerparadies.de\/wp-content\/uploads\/2026\/01\/Bruno-Ferrara-Jeden-Morgen-kuesst-uns-wieder-das-Leben-300x300.jpg 300w, https:\/\/bergers-schlagerparadies.de\/wp-content\/uploads\/2026\/01\/Bruno-Ferrara-Jeden-Morgen-kuesst-uns-wieder-das-Leben-1024x1024.jpg 1024w, https:\/\/bergers-schlagerparadies.de\/wp-content\/uploads\/2026\/01\/Bruno-Ferrara-Jeden-Morgen-kuesst-uns-wieder-das-Leben-150x150.jpg 150w, https:\/\/bergers-schlagerparadies.de\/wp-content\/uploads\/2026\/01\/Bruno-Ferrara-Jeden-Morgen-kuesst-uns-wieder-das-Leben-768x768.jpg 768w, https:\/\/bergers-schlagerparadies.de\/wp-content\/uploads\/2026\/01\/Bruno-Ferrara-Jeden-Morgen-kuesst-uns-wieder-das-Leben-1536x1536.jpg 1536w, https:\/\/bergers-schlagerparadies.de\/wp-content\/uploads\/2026\/01\/Bruno-Ferrara-Jeden-Morgen-kuesst-uns-wieder-das-Leben-2048x2048.jpg 2048w, https:\/\/bergers-schlagerparadies.de\/wp-content\/uploads\/2026\/01\/Bruno-Ferrara-Jeden-Morgen-kuesst-uns-wieder-das-Leben-1200x1200.jpg 1200w, https:\/\/bergers-schlagerparadies.de\/wp-content\/uploads\/2026\/01\/Bruno-Ferrara-Jeden-Morgen-kuesst-uns-wieder-das-Leben-1188x1188.jpg 1188w, https:\/\/bergers-schlagerparadies.de\/wp-content\/uploads\/2026\/01\/Bruno-Ferrara-Jeden-Morgen-kuesst-uns-wieder-das-Leben-100x100.jpg 100w\" sizes=\"auto, (max-width: 70px) 100vw, 70px\" \/>\u00a0 Bruno Ferrara<\/span> &#8211; Jeden Morgen k\u00fcsst uns wieder das Leben ( <span style=\"color: #800000;\">KLONDIKE Records &amp; Songs<\/span>\u00a0)<\/strong><\/li>\n<li><strong><span style=\"color: #800000;\"><img loading=\"lazy\" decoding=\"async\" class=\"alignnone wp-image-40711\" src=\"https:\/\/bergers-schlagerparadies.de\/wp-content\/uploads\/2026\/01\/Der-Kofler-Hab-ich-dir-schon-mal-gesagt-300x300.jpeg\" alt=\"\" width=\"70\" height=\"70\" srcset=\"https:\/\/bergers-schlagerparadies.de\/wp-content\/uploads\/2026\/01\/Der-Kofler-Hab-ich-dir-schon-mal-gesagt-300x300.jpeg 300w, https:\/\/bergers-schlagerparadies.de\/wp-content\/uploads\/2026\/01\/Der-Kofler-Hab-ich-dir-schon-mal-gesagt-1024x1024.jpeg 1024w, https:\/\/bergers-schlagerparadies.de\/wp-content\/uploads\/2026\/01\/Der-Kofler-Hab-ich-dir-schon-mal-gesagt-150x150.jpeg 150w, https:\/\/bergers-schlagerparadies.de\/wp-content\/uploads\/2026\/01\/Der-Kofler-Hab-ich-dir-schon-mal-gesagt-768x768.jpeg 768w, https:\/\/bergers-schlagerparadies.de\/wp-content\/uploads\/2026\/01\/Der-Kofler-Hab-ich-dir-schon-mal-gesagt-1536x1536.jpeg 1536w, https:\/\/bergers-schlagerparadies.de\/wp-content\/uploads\/2026\/01\/Der-Kofler-Hab-ich-dir-schon-mal-gesagt-2048x2048.jpeg 2048w, https:\/\/bergers-schlagerparadies.de\/wp-content\/uploads\/2026\/01\/Der-Kofler-Hab-ich-dir-schon-mal-gesagt-1200x1200.jpeg 1200w, https:\/\/bergers-schlagerparadies.de\/wp-content\/uploads\/2026\/01\/Der-Kofler-Hab-ich-dir-schon-mal-gesagt-1188x1188.jpeg 1188w, https:\/\/bergers-schlagerparadies.de\/wp-content\/uploads\/2026\/01\/Der-Kofler-Hab-ich-dir-schon-mal-gesagt-100x100.jpeg 100w\" sizes=\"auto, (max-width: 70px) 100vw, 70px\" \/>\u00a0 Der Kofler<\/span> &#8211; Hab ich dir schon mal gesagt ( <span style=\"color: #800000;\">B-exstage Music<\/span>\u00a0)<\/strong><\/li>\n<li><strong><span style=\"color: #800000;\"><img loading=\"lazy\" decoding=\"async\" class=\"alignnone wp-image-40693\" src=\"https:\/\/bergers-schlagerparadies.de\/wp-content\/uploads\/2026\/01\/Diana-Es-ist-noch-lange-nicht-vorbei-300x300.jpeg\" alt=\"\" width=\"70\" height=\"70\" srcset=\"https:\/\/bergers-schlagerparadies.de\/wp-content\/uploads\/2026\/01\/Diana-Es-ist-noch-lange-nicht-vorbei-300x300.jpeg 300w, https:\/\/bergers-schlagerparadies.de\/wp-content\/uploads\/2026\/01\/Diana-Es-ist-noch-lange-nicht-vorbei-1024x1024.jpeg 1024w, https:\/\/bergers-schlagerparadies.de\/wp-content\/uploads\/2026\/01\/Diana-Es-ist-noch-lange-nicht-vorbei-150x150.jpeg 150w, https:\/\/bergers-schlagerparadies.de\/wp-content\/uploads\/2026\/01\/Diana-Es-ist-noch-lange-nicht-vorbei-768x768.jpeg 768w, https:\/\/bergers-schlagerparadies.de\/wp-content\/uploads\/2026\/01\/Diana-Es-ist-noch-lange-nicht-vorbei-1188x1188.jpeg 1188w, https:\/\/bergers-schlagerparadies.de\/wp-content\/uploads\/2026\/01\/Diana-Es-ist-noch-lange-nicht-vorbei-100x100.jpeg 100w, https:\/\/bergers-schlagerparadies.de\/wp-content\/uploads\/2026\/01\/Diana-Es-ist-noch-lange-nicht-vorbei.jpeg 1200w\" sizes=\"auto, (max-width: 70px) 100vw, 70px\" \/>\u00a0 Diana<\/span> &#8211; Es ist noch lange nicht vorbei ( <span style=\"color: #800000;\">4me records<\/span>\u00a0)<\/strong><\/li>\n<li><strong><span style=\"color: #800000;\"><img loading=\"lazy\" decoding=\"async\" class=\"alignnone wp-image-40656\" src=\"https:\/\/bergers-schlagerparadies.de\/wp-content\/uploads\/2026\/01\/Sarah-Engel-Liebe-gibt-nie-auf--300x300.jpg\" alt=\"\" width=\"70\" height=\"70\" srcset=\"https:\/\/bergers-schlagerparadies.de\/wp-content\/uploads\/2026\/01\/Sarah-Engel-Liebe-gibt-nie-auf--300x300.jpg 300w, https:\/\/bergers-schlagerparadies.de\/wp-content\/uploads\/2026\/01\/Sarah-Engel-Liebe-gibt-nie-auf--150x150.jpg 150w, https:\/\/bergers-schlagerparadies.de\/wp-content\/uploads\/2026\/01\/Sarah-Engel-Liebe-gibt-nie-auf--100x100.jpg 100w, https:\/\/bergers-schlagerparadies.de\/wp-content\/uploads\/2026\/01\/Sarah-Engel-Liebe-gibt-nie-auf-.jpg 718w\" sizes=\"auto, (max-width: 70px) 100vw, 70px\" \/>\u00a0 DJ Herzbeat<\/span> &amp; <span style=\"color: #800000;\">Sarah Engels<\/span> &#8211; Liebe Gibt Nie Auf ( <span style=\"color: #800000;\">SA Promotion<\/span>\u00a0)<\/strong><\/li>\n<li><strong><span style=\"color: #800000;\"><img loading=\"lazy\" decoding=\"async\" class=\"alignnone wp-image-40707\" src=\"https:\/\/bergers-schlagerparadies.de\/wp-content\/uploads\/2026\/01\/dee-jay-RUFUS-feat.-Shirley-Brug-Words-300x300.jpeg\" alt=\"\" width=\"70\" height=\"70\" srcset=\"https:\/\/bergers-schlagerparadies.de\/wp-content\/uploads\/2026\/01\/dee-jay-RUFUS-feat.-Shirley-Brug-Words-300x300.jpeg 300w, https:\/\/bergers-schlagerparadies.de\/wp-content\/uploads\/2026\/01\/dee-jay-RUFUS-feat.-Shirley-Brug-Words-1024x1024.jpeg 1024w, https:\/\/bergers-schlagerparadies.de\/wp-content\/uploads\/2026\/01\/dee-jay-RUFUS-feat.-Shirley-Brug-Words-150x150.jpeg 150w, https:\/\/bergers-schlagerparadies.de\/wp-content\/uploads\/2026\/01\/dee-jay-RUFUS-feat.-Shirley-Brug-Words-768x768.jpeg 768w, https:\/\/bergers-schlagerparadies.de\/wp-content\/uploads\/2026\/01\/dee-jay-RUFUS-feat.-Shirley-Brug-Words-1188x1188.jpeg 1188w, https:\/\/bergers-schlagerparadies.de\/wp-content\/uploads\/2026\/01\/dee-jay-RUFUS-feat.-Shirley-Brug-Words-100x100.jpeg 100w, https:\/\/bergers-schlagerparadies.de\/wp-content\/uploads\/2026\/01\/dee-jay-RUFUS-feat.-Shirley-Brug-Words.jpeg 1200w\" sizes=\"auto, (max-width: 70px) 100vw, 70px\" \/>\u00a0 dee jay RUFUS<\/span> feat. <span style=\"color: #800000;\">Shirley Brug<\/span> &#8211; Words ( <span style=\"color: #800000;\">XENIA Records<\/span>\u00a0)<\/strong><\/li>\n<li><strong><span style=\"color: #800000;\"><img loading=\"lazy\" decoding=\"async\" class=\"alignnone wp-image-40754\" src=\"https:\/\/bergers-schlagerparadies.de\/wp-content\/uploads\/2026\/01\/DOUBLE-D-feat.-Viola-B-Deja-vu-250x300.jpeg\" alt=\"\" width=\"70\" height=\"84\" srcset=\"https:\/\/bergers-schlagerparadies.de\/wp-content\/uploads\/2026\/01\/DOUBLE-D-feat.-Viola-B-Deja-vu-250x300.jpeg 250w, https:\/\/bergers-schlagerparadies.de\/wp-content\/uploads\/2026\/01\/DOUBLE-D-feat.-Viola-B-Deja-vu-852x1024.jpeg 852w, https:\/\/bergers-schlagerparadies.de\/wp-content\/uploads\/2026\/01\/DOUBLE-D-feat.-Viola-B-Deja-vu-768x923.jpeg 768w, https:\/\/bergers-schlagerparadies.de\/wp-content\/uploads\/2026\/01\/DOUBLE-D-feat.-Viola-B-Deja-vu-1278x1536.jpeg 1278w, https:\/\/bergers-schlagerparadies.de\/wp-content\/uploads\/2026\/01\/DOUBLE-D-feat.-Viola-B-Deja-vu-998x1200.jpeg 998w, https:\/\/bergers-schlagerparadies.de\/wp-content\/uploads\/2026\/01\/DOUBLE-D-feat.-Viola-B-Deja-vu-1188x1428.jpeg 1188w, https:\/\/bergers-schlagerparadies.de\/wp-content\/uploads\/2026\/01\/DOUBLE-D-feat.-Viola-B-Deja-vu.jpeg 1500w\" sizes=\"auto, (max-width: 70px) 100vw, 70px\" \/>\u00a0 DOUBLE D<\/span> feat. <span style=\"color: #800000;\">Viola B<\/span> &#8211; D\u00e9j\u00e0 vu ( <span style=\"color: #800000;\">Double D Records<\/span>\u00a0)<\/strong><\/li>\n<li><strong><span style=\"color: #800000;\"><img loading=\"lazy\" decoding=\"async\" class=\"alignnone wp-image-40679\" src=\"https:\/\/bergers-schlagerparadies.de\/wp-content\/uploads\/2026\/01\/Ilka-Groenewold-Mit-dir-fuer-immer-siebzehn-300x300.jpg\" alt=\"\" width=\"70\" height=\"70\" srcset=\"https:\/\/bergers-schlagerparadies.de\/wp-content\/uploads\/2026\/01\/Ilka-Groenewold-Mit-dir-fuer-immer-siebzehn-300x300.jpg 300w, https:\/\/bergers-schlagerparadies.de\/wp-content\/uploads\/2026\/01\/Ilka-Groenewold-Mit-dir-fuer-immer-siebzehn-1024x1024.jpg 1024w, https:\/\/bergers-schlagerparadies.de\/wp-content\/uploads\/2026\/01\/Ilka-Groenewold-Mit-dir-fuer-immer-siebzehn-150x150.jpg 150w, https:\/\/bergers-schlagerparadies.de\/wp-content\/uploads\/2026\/01\/Ilka-Groenewold-Mit-dir-fuer-immer-siebzehn-768x768.jpg 768w, https:\/\/bergers-schlagerparadies.de\/wp-content\/uploads\/2026\/01\/Ilka-Groenewold-Mit-dir-fuer-immer-siebzehn-1536x1536.jpg 1536w, https:\/\/bergers-schlagerparadies.de\/wp-content\/uploads\/2026\/01\/Ilka-Groenewold-Mit-dir-fuer-immer-siebzehn-2048x2048.jpg 2048w, https:\/\/bergers-schlagerparadies.de\/wp-content\/uploads\/2026\/01\/Ilka-Groenewold-Mit-dir-fuer-immer-siebzehn-1200x1200.jpg 1200w, https:\/\/bergers-schlagerparadies.de\/wp-content\/uploads\/2026\/01\/Ilka-Groenewold-Mit-dir-fuer-immer-siebzehn-1188x1189.jpg 1188w, https:\/\/bergers-schlagerparadies.de\/wp-content\/uploads\/2026\/01\/Ilka-Groenewold-Mit-dir-fuer-immer-siebzehn-100x100.jpg 100w\" sizes=\"auto, (max-width: 70px) 100vw, 70px\" \/>\u00a0 Ilka Groenewold<\/span> &#8211; Mit dir f\u00fcr immer siebzehn ( <span style=\"color: #800000;\">Fiesta Records<\/span> )<\/strong><\/li>\n<li><strong><span style=\"color: #800000;\"><img loading=\"lazy\" decoding=\"async\" class=\"alignnone wp-image-40651\" src=\"https:\/\/bergers-schlagerparadies.de\/wp-content\/uploads\/2026\/01\/Jenny-van-Bree-Auf-brennendem-Eis-300x300.png\" alt=\"\" width=\"70\" height=\"70\" srcset=\"https:\/\/bergers-schlagerparadies.de\/wp-content\/uploads\/2026\/01\/Jenny-van-Bree-Auf-brennendem-Eis-300x300.png 300w, https:\/\/bergers-schlagerparadies.de\/wp-content\/uploads\/2026\/01\/Jenny-van-Bree-Auf-brennendem-Eis-150x150.png 150w, https:\/\/bergers-schlagerparadies.de\/wp-content\/uploads\/2026\/01\/Jenny-van-Bree-Auf-brennendem-Eis-768x768.png 768w, https:\/\/bergers-schlagerparadies.de\/wp-content\/uploads\/2026\/01\/Jenny-van-Bree-Auf-brennendem-Eis-100x100.png 100w, https:\/\/bergers-schlagerparadies.de\/wp-content\/uploads\/2026\/01\/Jenny-van-Bree-Auf-brennendem-Eis.png 800w\" sizes=\"auto, (max-width: 70px) 100vw, 70px\" \/>\u00a0 Jenny van Bree<\/span> &#8211; Auf brennendem Eis ( <span style=\"color: #800000;\">Poly Music Group<\/span>\u00a0)<\/strong><\/li>\n<li><strong><span style=\"color: #800000;\"><img loading=\"lazy\" decoding=\"async\" class=\"alignnone wp-image-40630\" src=\"https:\/\/bergers-schlagerparadies.de\/wp-content\/uploads\/2026\/01\/Leben-2.0-Als-ich-noch-klein-war-300x300.jpeg\" alt=\"\" width=\"70\" height=\"70\" srcset=\"https:\/\/bergers-schlagerparadies.de\/wp-content\/uploads\/2026\/01\/Leben-2.0-Als-ich-noch-klein-war-300x300.jpeg 300w, https:\/\/bergers-schlagerparadies.de\/wp-content\/uploads\/2026\/01\/Leben-2.0-Als-ich-noch-klein-war-1024x1024.jpeg 1024w, https:\/\/bergers-schlagerparadies.de\/wp-content\/uploads\/2026\/01\/Leben-2.0-Als-ich-noch-klein-war-150x150.jpeg 150w, https:\/\/bergers-schlagerparadies.de\/wp-content\/uploads\/2026\/01\/Leben-2.0-Als-ich-noch-klein-war-768x768.jpeg 768w, https:\/\/bergers-schlagerparadies.de\/wp-content\/uploads\/2026\/01\/Leben-2.0-Als-ich-noch-klein-war-1188x1188.jpeg 1188w, https:\/\/bergers-schlagerparadies.de\/wp-content\/uploads\/2026\/01\/Leben-2.0-Als-ich-noch-klein-war-100x100.jpeg 100w, https:\/\/bergers-schlagerparadies.de\/wp-content\/uploads\/2026\/01\/Leben-2.0-Als-ich-noch-klein-war.jpeg 1200w\" sizes=\"auto, (max-width: 70px) 100vw, 70px\" \/>\u00a0 Leben 2.0<\/span> &#8211; Als ich noch klein war ( <span style=\"color: #800000;\">AH Winterhood Records<span style=\"color: #000000;\"> )<\/span><\/span><\/strong><\/li>\n<li><strong><span style=\"color: #800000;\"><img loading=\"lazy\" decoding=\"async\" class=\"alignnone wp-image-40716\" src=\"https:\/\/bergers-schlagerparadies.de\/wp-content\/uploads\/2026\/01\/Lyane-Hegemann-Gluecksritter-300x300.jpeg\" alt=\"\" width=\"70\" height=\"70\" srcset=\"https:\/\/bergers-schlagerparadies.de\/wp-content\/uploads\/2026\/01\/Lyane-Hegemann-Gluecksritter-300x300.jpeg 300w, https:\/\/bergers-schlagerparadies.de\/wp-content\/uploads\/2026\/01\/Lyane-Hegemann-Gluecksritter-1024x1024.jpeg 1024w, https:\/\/bergers-schlagerparadies.de\/wp-content\/uploads\/2026\/01\/Lyane-Hegemann-Gluecksritter-150x150.jpeg 150w, https:\/\/bergers-schlagerparadies.de\/wp-content\/uploads\/2026\/01\/Lyane-Hegemann-Gluecksritter-768x768.jpeg 768w, https:\/\/bergers-schlagerparadies.de\/wp-content\/uploads\/2026\/01\/Lyane-Hegemann-Gluecksritter-1188x1188.jpeg 1188w, https:\/\/bergers-schlagerparadies.de\/wp-content\/uploads\/2026\/01\/Lyane-Hegemann-Gluecksritter-100x100.jpeg 100w, https:\/\/bergers-schlagerparadies.de\/wp-content\/uploads\/2026\/01\/Lyane-Hegemann-Gluecksritter.jpeg 1200w\" sizes=\"auto, (max-width: 70px) 100vw, 70px\" \/>\u00a0 Lyane Hegemann<\/span> &#8211; Gl\u00fccksritter ( <span style=\"color: #800000;\">3H Fox Records<\/span>\u00a0)<\/strong><\/li>\n<li><strong><img loading=\"lazy\" decoding=\"async\" class=\"alignnone wp-image-40493\" src=\"https:\/\/bergers-schlagerparadies.de\/wp-content\/uploads\/2025\/12\/NIC-Immer-schlimmer-300x300.jpeg\" alt=\"\" width=\"70\" height=\"70\" srcset=\"https:\/\/bergers-schlagerparadies.de\/wp-content\/uploads\/2025\/12\/NIC-Immer-schlimmer-300x300.jpeg 300w, https:\/\/bergers-schlagerparadies.de\/wp-content\/uploads\/2025\/12\/NIC-Immer-schlimmer-1024x1024.jpeg 1024w, https:\/\/bergers-schlagerparadies.de\/wp-content\/uploads\/2025\/12\/NIC-Immer-schlimmer-150x150.jpeg 150w, https:\/\/bergers-schlagerparadies.de\/wp-content\/uploads\/2025\/12\/NIC-Immer-schlimmer-768x768.jpeg 768w, https:\/\/bergers-schlagerparadies.de\/wp-content\/uploads\/2025\/12\/NIC-Immer-schlimmer-1536x1536.jpeg 1536w, https:\/\/bergers-schlagerparadies.de\/wp-content\/uploads\/2025\/12\/NIC-Immer-schlimmer-2048x2048.jpeg 2048w, https:\/\/bergers-schlagerparadies.de\/wp-content\/uploads\/2025\/12\/NIC-Immer-schlimmer-1200x1200.jpeg 1200w, https:\/\/bergers-schlagerparadies.de\/wp-content\/uploads\/2025\/12\/NIC-Immer-schlimmer-1188x1188.jpeg 1188w, https:\/\/bergers-schlagerparadies.de\/wp-content\/uploads\/2025\/12\/NIC-Immer-schlimmer-100x100.jpeg 100w\" sizes=\"auto, (max-width: 70px) 100vw, 70px\" \/>\u00a0 <span style=\"color: #800000;\">NIC<\/span> &#8211; Immer schlimmer ( <span style=\"color: #800000;\">Fiesta Records<\/span> )<\/strong><\/li>\n<li><strong><span style=\"color: #800000;\"><img loading=\"lazy\" decoding=\"async\" class=\"alignnone wp-image-40699\" src=\"https:\/\/bergers-schlagerparadies.de\/wp-content\/uploads\/2026\/01\/Peter-Sebastian-Deine-Liebe-tut-mir-weh-Thirty-Five-Radio-Mix-300x300.jpeg\" alt=\"\" width=\"70\" height=\"70\" srcset=\"https:\/\/bergers-schlagerparadies.de\/wp-content\/uploads\/2026\/01\/Peter-Sebastian-Deine-Liebe-tut-mir-weh-Thirty-Five-Radio-Mix-300x300.jpeg 300w, https:\/\/bergers-schlagerparadies.de\/wp-content\/uploads\/2026\/01\/Peter-Sebastian-Deine-Liebe-tut-mir-weh-Thirty-Five-Radio-Mix-1024x1024.jpeg 1024w, https:\/\/bergers-schlagerparadies.de\/wp-content\/uploads\/2026\/01\/Peter-Sebastian-Deine-Liebe-tut-mir-weh-Thirty-Five-Radio-Mix-150x150.jpeg 150w, https:\/\/bergers-schlagerparadies.de\/wp-content\/uploads\/2026\/01\/Peter-Sebastian-Deine-Liebe-tut-mir-weh-Thirty-Five-Radio-Mix-768x768.jpeg 768w, https:\/\/bergers-schlagerparadies.de\/wp-content\/uploads\/2026\/01\/Peter-Sebastian-Deine-Liebe-tut-mir-weh-Thirty-Five-Radio-Mix-1200x1200.jpeg 1200w, https:\/\/bergers-schlagerparadies.de\/wp-content\/uploads\/2026\/01\/Peter-Sebastian-Deine-Liebe-tut-mir-weh-Thirty-Five-Radio-Mix-1188x1188.jpeg 1188w, https:\/\/bergers-schlagerparadies.de\/wp-content\/uploads\/2026\/01\/Peter-Sebastian-Deine-Liebe-tut-mir-weh-Thirty-Five-Radio-Mix-100x100.jpeg 100w, https:\/\/bergers-schlagerparadies.de\/wp-content\/uploads\/2026\/01\/Peter-Sebastian-Deine-Liebe-tut-mir-weh-Thirty-Five-Radio-Mix.jpeg 1440w\" sizes=\"auto, (max-width: 70px) 100vw, 70px\" \/>\u00a0 Peter Sebastian<\/span> &#8211; Deine Liebe tut mir weh (Thirty-Five-Radio-Mix) ( <span style=\"color: #800000;\">TOI TOI TOI-RECORDS<\/span>\u00a0)<\/strong><\/li>\n<li><strong><span style=\"color: #800000;\"><img loading=\"lazy\" decoding=\"async\" class=\"alignnone wp-image-40662\" src=\"https:\/\/bergers-schlagerparadies.de\/wp-content\/uploads\/2026\/01\/PRICE-JONATHAN-Schokokuesschen-300x300.png\" alt=\"\" width=\"70\" height=\"70\" srcset=\"https:\/\/bergers-schlagerparadies.de\/wp-content\/uploads\/2026\/01\/PRICE-JONATHAN-Schokokuesschen-300x300.png 300w, https:\/\/bergers-schlagerparadies.de\/wp-content\/uploads\/2026\/01\/PRICE-JONATHAN-Schokokuesschen-150x150.png 150w, https:\/\/bergers-schlagerparadies.de\/wp-content\/uploads\/2026\/01\/PRICE-JONATHAN-Schokokuesschen-100x100.png 100w, https:\/\/bergers-schlagerparadies.de\/wp-content\/uploads\/2026\/01\/PRICE-JONATHAN-Schokokuesschen.png 400w\" sizes=\"auto, (max-width: 70px) 100vw, 70px\" \/>\u00a0 PRICE JONATHAN<\/span> &#8211; Schokok\u00fcsschen ( <span style=\"color: #800000;\">SA Promotion<\/span>\u00a0)<\/strong><\/li>\n<li><strong><span style=\"color: #800000;\"><img loading=\"lazy\" decoding=\"async\" class=\"alignnone wp-image-32652\" src=\"https:\/\/bergers-schlagerparadies.de\/wp-content\/uploads\/2025\/02\/Roland-Kaiser-Marathon-Album-300x300.jpg\" alt=\"\" width=\"70\" height=\"70\" srcset=\"https:\/\/bergers-schlagerparadies.de\/wp-content\/uploads\/2025\/02\/Roland-Kaiser-Marathon-Album-300x300.jpg 300w, https:\/\/bergers-schlagerparadies.de\/wp-content\/uploads\/2025\/02\/Roland-Kaiser-Marathon-Album-1024x1024.jpg 1024w, https:\/\/bergers-schlagerparadies.de\/wp-content\/uploads\/2025\/02\/Roland-Kaiser-Marathon-Album-150x150.jpg 150w, https:\/\/bergers-schlagerparadies.de\/wp-content\/uploads\/2025\/02\/Roland-Kaiser-Marathon-Album-768x768.jpg 768w, https:\/\/bergers-schlagerparadies.de\/wp-content\/uploads\/2025\/02\/Roland-Kaiser-Marathon-Album-1188x1188.jpg 1188w, https:\/\/bergers-schlagerparadies.de\/wp-content\/uploads\/2025\/02\/Roland-Kaiser-Marathon-Album-100x100.jpg 100w, https:\/\/bergers-schlagerparadies.de\/wp-content\/uploads\/2025\/02\/Roland-Kaiser-Marathon-Album.jpg 1200w\" sizes=\"auto, (max-width: 70px) 100vw, 70px\" \/>\u00a0 Roland Kaiser<\/span> &#8211; Mein Kompliment <span style=\"color: #800000;\"><span style=\"color: #000000;\">( <span style=\"color: #800000;\">SMA\/ Ariola<\/span>\u00a0)<\/span><\/span><\/strong><\/li>\n<li><strong><span style=\"color: #800000;\"><img loading=\"lazy\" decoding=\"async\" class=\"alignnone wp-image-40765\" src=\"https:\/\/bergers-schlagerparadies.de\/wp-content\/uploads\/2026\/01\/Rosa-Weiss-Unsere-Nacht-300x300.jpeg\" alt=\"\" width=\"70\" height=\"70\" srcset=\"https:\/\/bergers-schlagerparadies.de\/wp-content\/uploads\/2026\/01\/Rosa-Weiss-Unsere-Nacht-300x300.jpeg 300w, https:\/\/bergers-schlagerparadies.de\/wp-content\/uploads\/2026\/01\/Rosa-Weiss-Unsere-Nacht-1024x1024.jpeg 1024w, https:\/\/bergers-schlagerparadies.de\/wp-content\/uploads\/2026\/01\/Rosa-Weiss-Unsere-Nacht-150x150.jpeg 150w, https:\/\/bergers-schlagerparadies.de\/wp-content\/uploads\/2026\/01\/Rosa-Weiss-Unsere-Nacht-768x768.jpeg 768w, https:\/\/bergers-schlagerparadies.de\/wp-content\/uploads\/2026\/01\/Rosa-Weiss-Unsere-Nacht-1536x1536.jpeg 1536w, https:\/\/bergers-schlagerparadies.de\/wp-content\/uploads\/2026\/01\/Rosa-Weiss-Unsere-Nacht-2048x2048.jpeg 2048w, https:\/\/bergers-schlagerparadies.de\/wp-content\/uploads\/2026\/01\/Rosa-Weiss-Unsere-Nacht-1200x1200.jpeg 1200w, https:\/\/bergers-schlagerparadies.de\/wp-content\/uploads\/2026\/01\/Rosa-Weiss-Unsere-Nacht-1188x1188.jpeg 1188w, https:\/\/bergers-schlagerparadies.de\/wp-content\/uploads\/2026\/01\/Rosa-Weiss-Unsere-Nacht-100x100.jpeg 100w\" sizes=\"auto, (max-width: 70px) 100vw, 70px\" \/>\u00a0 Rosa Weiss<\/span> &#8211; Unsere Nacht <span style=\"color: #800000;\"><span style=\"color: #000000;\">( <span style=\"color: #800000;\">Rosa Weiss<\/span>\u00a0)<\/span><\/span><\/strong><\/li>\n<li><strong><span style=\"color: #800000;\"><img loading=\"lazy\" decoding=\"async\" class=\"alignnone wp-image-40674\" src=\"https:\/\/bergers-schlagerparadies.de\/wp-content\/uploads\/2026\/01\/Sabrina-Solair-Dazu-sag-ich-nicht-nein-300x300.jpg\" alt=\"\" width=\"70\" height=\"70\" srcset=\"https:\/\/bergers-schlagerparadies.de\/wp-content\/uploads\/2026\/01\/Sabrina-Solair-Dazu-sag-ich-nicht-nein-300x300.jpg 300w, https:\/\/bergers-schlagerparadies.de\/wp-content\/uploads\/2026\/01\/Sabrina-Solair-Dazu-sag-ich-nicht-nein-1024x1024.jpg 1024w, https:\/\/bergers-schlagerparadies.de\/wp-content\/uploads\/2026\/01\/Sabrina-Solair-Dazu-sag-ich-nicht-nein-150x150.jpg 150w, https:\/\/bergers-schlagerparadies.de\/wp-content\/uploads\/2026\/01\/Sabrina-Solair-Dazu-sag-ich-nicht-nein-768x768.jpg 768w, https:\/\/bergers-schlagerparadies.de\/wp-content\/uploads\/2026\/01\/Sabrina-Solair-Dazu-sag-ich-nicht-nein-1536x1536.jpg 1536w, https:\/\/bergers-schlagerparadies.de\/wp-content\/uploads\/2026\/01\/Sabrina-Solair-Dazu-sag-ich-nicht-nein-2048x2048.jpg 2048w, https:\/\/bergers-schlagerparadies.de\/wp-content\/uploads\/2026\/01\/Sabrina-Solair-Dazu-sag-ich-nicht-nein-1200x1200.jpg 1200w, https:\/\/bergers-schlagerparadies.de\/wp-content\/uploads\/2026\/01\/Sabrina-Solair-Dazu-sag-ich-nicht-nein-1188x1188.jpg 1188w, https:\/\/bergers-schlagerparadies.de\/wp-content\/uploads\/2026\/01\/Sabrina-Solair-Dazu-sag-ich-nicht-nein-100x100.jpg 100w\" sizes=\"auto, (max-width: 70px) 100vw, 70px\" \/>\u00a0 Sabrina Solair<\/span> &#8211; Dazu sag ich nicht nein ( <span style=\"color: #800000;\">Fiesta Records \/ Burning Love Records<\/span>\u00a0)<\/strong><\/li>\n<li><strong><span style=\"color: #800000;\"><img loading=\"lazy\" decoding=\"async\" class=\"alignnone wp-image-40648\" src=\"https:\/\/bergers-schlagerparadies.de\/wp-content\/uploads\/2026\/01\/Sarah-ANN-Suesser-Spinner-300x300.jpg\" alt=\"\" width=\"70\" height=\"70\" srcset=\"https:\/\/bergers-schlagerparadies.de\/wp-content\/uploads\/2026\/01\/Sarah-ANN-Suesser-Spinner-300x300.jpg 300w, https:\/\/bergers-schlagerparadies.de\/wp-content\/uploads\/2026\/01\/Sarah-ANN-Suesser-Spinner-1024x1024.jpg 1024w, https:\/\/bergers-schlagerparadies.de\/wp-content\/uploads\/2026\/01\/Sarah-ANN-Suesser-Spinner-150x150.jpg 150w, https:\/\/bergers-schlagerparadies.de\/wp-content\/uploads\/2026\/01\/Sarah-ANN-Suesser-Spinner-768x768.jpg 768w, https:\/\/bergers-schlagerparadies.de\/wp-content\/uploads\/2026\/01\/Sarah-ANN-Suesser-Spinner-1536x1536.jpg 1536w, https:\/\/bergers-schlagerparadies.de\/wp-content\/uploads\/2026\/01\/Sarah-ANN-Suesser-Spinner-2048x2048.jpg 2048w, https:\/\/bergers-schlagerparadies.de\/wp-content\/uploads\/2026\/01\/Sarah-ANN-Suesser-Spinner-1200x1200.jpg 1200w, https:\/\/bergers-schlagerparadies.de\/wp-content\/uploads\/2026\/01\/Sarah-ANN-Suesser-Spinner-1188x1188.jpg 1188w, https:\/\/bergers-schlagerparadies.de\/wp-content\/uploads\/2026\/01\/Sarah-ANN-Suesser-Spinner-100x100.jpg 100w\" sizes=\"auto, (max-width: 70px) 100vw, 70px\" \/>\u00a0 Sarah-ANN<\/span> &#8211; S\u00fc\u00dfer Spinner ( <span style=\"color: #800000;\">Fiesta Records<\/span> )<\/strong><\/li>\n<li><strong><span style=\"color: #800000;\"><img loading=\"lazy\" decoding=\"async\" class=\"alignnone wp-image-40702\" src=\"https:\/\/bergers-schlagerparadies.de\/wp-content\/uploads\/2026\/01\/Tina-Heeschen-Hey-Du-300x300.jpeg\" alt=\"\" width=\"70\" height=\"70\" srcset=\"https:\/\/bergers-schlagerparadies.de\/wp-content\/uploads\/2026\/01\/Tina-Heeschen-Hey-Du-300x300.jpeg 300w, https:\/\/bergers-schlagerparadies.de\/wp-content\/uploads\/2026\/01\/Tina-Heeschen-Hey-Du-1024x1024.jpeg 1024w, https:\/\/bergers-schlagerparadies.de\/wp-content\/uploads\/2026\/01\/Tina-Heeschen-Hey-Du-150x150.jpeg 150w, https:\/\/bergers-schlagerparadies.de\/wp-content\/uploads\/2026\/01\/Tina-Heeschen-Hey-Du-768x768.jpeg 768w, https:\/\/bergers-schlagerparadies.de\/wp-content\/uploads\/2026\/01\/Tina-Heeschen-Hey-Du-1200x1200.jpeg 1200w, https:\/\/bergers-schlagerparadies.de\/wp-content\/uploads\/2026\/01\/Tina-Heeschen-Hey-Du-1188x1188.jpeg 1188w, https:\/\/bergers-schlagerparadies.de\/wp-content\/uploads\/2026\/01\/Tina-Heeschen-Hey-Du-100x100.jpeg 100w, https:\/\/bergers-schlagerparadies.de\/wp-content\/uploads\/2026\/01\/Tina-Heeschen-Hey-Du.jpeg 1440w\" sizes=\"auto, (max-width: 70px) 100vw, 70px\" \/>\u00a0 Tina Heeschen<\/span> &#8211; Hey Du&#8230; ( <span style=\"color: #800000;\">TOI TOI TOI-RECORDS<\/span>\u00a0)<\/strong><\/li>\n<li><strong><span style=\"color: #800000;\"><img loading=\"lazy\" decoding=\"async\" class=\"alignnone wp-image-40634\" src=\"https:\/\/bergers-schlagerparadies.de\/wp-content\/uploads\/2026\/01\/Vivian-Lindt-Wenn-Liebe-dann-richtig-300x300.jpg\" alt=\"\" width=\"70\" height=\"70\" srcset=\"https:\/\/bergers-schlagerparadies.de\/wp-content\/uploads\/2026\/01\/Vivian-Lindt-Wenn-Liebe-dann-richtig-300x300.jpg 300w, https:\/\/bergers-schlagerparadies.de\/wp-content\/uploads\/2026\/01\/Vivian-Lindt-Wenn-Liebe-dann-richtig-1024x1024.jpg 1024w, https:\/\/bergers-schlagerparadies.de\/wp-content\/uploads\/2026\/01\/Vivian-Lindt-Wenn-Liebe-dann-richtig-150x150.jpg 150w, https:\/\/bergers-schlagerparadies.de\/wp-content\/uploads\/2026\/01\/Vivian-Lindt-Wenn-Liebe-dann-richtig-768x768.jpg 768w, https:\/\/bergers-schlagerparadies.de\/wp-content\/uploads\/2026\/01\/Vivian-Lindt-Wenn-Liebe-dann-richtig-1536x1536.jpg 1536w, https:\/\/bergers-schlagerparadies.de\/wp-content\/uploads\/2026\/01\/Vivian-Lindt-Wenn-Liebe-dann-richtig-2048x2048.jpg 2048w, https:\/\/bergers-schlagerparadies.de\/wp-content\/uploads\/2026\/01\/Vivian-Lindt-Wenn-Liebe-dann-richtig-1200x1200.jpg 1200w, https:\/\/bergers-schlagerparadies.de\/wp-content\/uploads\/2026\/01\/Vivian-Lindt-Wenn-Liebe-dann-richtig-1188x1188.jpg 1188w, https:\/\/bergers-schlagerparadies.de\/wp-content\/uploads\/2026\/01\/Vivian-Lindt-Wenn-Liebe-dann-richtig-100x100.jpg 100w\" sizes=\"auto, (max-width: 70px) 100vw, 70px\" \/>\u00a0 VIVIAN LINDT<\/span>&#8211; Wenn Liebe dann richtig ( <span style=\"color: #800000;\">KLONDIKE Records &amp; Songs<\/span>\u00a0)<\/strong><\/li>\n<li><strong><img loading=\"lazy\" decoding=\"async\" class=\"alignnone wp-image-40497\" src=\"https:\/\/bergers-schlagerparadies.de\/wp-content\/uploads\/2025\/12\/WIND-Mein-Kompliment-300x300.jpeg\" alt=\"\" width=\"70\" height=\"70\" srcset=\"https:\/\/bergers-schlagerparadies.de\/wp-content\/uploads\/2025\/12\/WIND-Mein-Kompliment-300x300.jpeg 300w, https:\/\/bergers-schlagerparadies.de\/wp-content\/uploads\/2025\/12\/WIND-Mein-Kompliment-1024x1024.jpeg 1024w, https:\/\/bergers-schlagerparadies.de\/wp-content\/uploads\/2025\/12\/WIND-Mein-Kompliment-150x150.jpeg 150w, https:\/\/bergers-schlagerparadies.de\/wp-content\/uploads\/2025\/12\/WIND-Mein-Kompliment-768x768.jpeg 768w, https:\/\/bergers-schlagerparadies.de\/wp-content\/uploads\/2025\/12\/WIND-Mein-Kompliment-1536x1536.jpeg 1536w, https:\/\/bergers-schlagerparadies.de\/wp-content\/uploads\/2025\/12\/WIND-Mein-Kompliment-2048x2048.jpeg 2048w, https:\/\/bergers-schlagerparadies.de\/wp-content\/uploads\/2025\/12\/WIND-Mein-Kompliment-1200x1200.jpeg 1200w, https:\/\/bergers-schlagerparadies.de\/wp-content\/uploads\/2025\/12\/WIND-Mein-Kompliment-1188x1188.jpeg 1188w, https:\/\/bergers-schlagerparadies.de\/wp-content\/uploads\/2025\/12\/WIND-Mein-Kompliment-100x100.jpeg 100w\" sizes=\"auto, (max-width: 70px) 100vw, 70px\" \/>\u00a0 <span style=\"color: #800000;\">WIND<\/span> &#8211; Mein Kompliment ( <span style=\"color: #800000;\">Artists &amp; Acts<\/span> )<\/strong><\/li>\n<li><strong><span style=\"color: #800000;\"><img loading=\"lazy\" decoding=\"async\" class=\"alignnone wp-image-40770\" src=\"https:\/\/bergers-schlagerparadies.de\/wp-content\/uploads\/2026\/01\/XANADOO-Liebe-ist-kein-Spiel-300x300.jpeg\" alt=\"\" width=\"70\" height=\"70\" srcset=\"https:\/\/bergers-schlagerparadies.de\/wp-content\/uploads\/2026\/01\/XANADOO-Liebe-ist-kein-Spiel-300x300.jpeg 300w, https:\/\/bergers-schlagerparadies.de\/wp-content\/uploads\/2026\/01\/XANADOO-Liebe-ist-kein-Spiel-1024x1024.jpeg 1024w, https:\/\/bergers-schlagerparadies.de\/wp-content\/uploads\/2026\/01\/XANADOO-Liebe-ist-kein-Spiel-150x150.jpeg 150w, https:\/\/bergers-schlagerparadies.de\/wp-content\/uploads\/2026\/01\/XANADOO-Liebe-ist-kein-Spiel-768x768.jpeg 768w, https:\/\/bergers-schlagerparadies.de\/wp-content\/uploads\/2026\/01\/XANADOO-Liebe-ist-kein-Spiel-1536x1536.jpeg 1536w, https:\/\/bergers-schlagerparadies.de\/wp-content\/uploads\/2026\/01\/XANADOO-Liebe-ist-kein-Spiel-2048x2048.jpeg 2048w, https:\/\/bergers-schlagerparadies.de\/wp-content\/uploads\/2026\/01\/XANADOO-Liebe-ist-kein-Spiel-1200x1200.jpeg 1200w, https:\/\/bergers-schlagerparadies.de\/wp-content\/uploads\/2026\/01\/XANADOO-Liebe-ist-kein-Spiel-1188x1188.jpeg 1188w, https:\/\/bergers-schlagerparadies.de\/wp-content\/uploads\/2026\/01\/XANADOO-Liebe-ist-kein-Spiel-100x100.jpeg 100w\" sizes=\"auto, (max-width: 70px) 100vw, 70px\" \/>\u00a0 XANADOO<\/span> &#8211; Liebe ist kein Spiel ( <span style=\"color: #800000;\">PRODACTS<\/span> )<\/strong><\/li>\n<\/ul>\n<p><span style=\"font-size: 12pt;\"><strong><em><span style=\"color: #666699;\">Neuvorstellungen<\/span><\/em><em><span style=\"color: #666699;\"> in dieser Woche: mit V\u00d6: <span style=\"color: #800000;\">02<\/span><\/span><span style=\"color: #666699;\"><span style=\"color: #993366; font-size: 14pt;\">.01.2026 <\/span>&#8211; 01<\/span><span style=\"color: #808080;\">KW<\/span><\/em><\/strong><\/span><\/p>\n<ul>\n<li><strong><span style=\"color: #800000;\"><img loading=\"lazy\" decoding=\"async\" class=\"alignnone wp-image-40605\" src=\"https:\/\/bergers-schlagerparadies.de\/wp-content\/uploads\/2026\/01\/Daniela-Alfinito-Wer-liebt-gewinnt-Album-300x300.jpeg\" alt=\"\" width=\"70\" height=\"70\" srcset=\"https:\/\/bergers-schlagerparadies.de\/wp-content\/uploads\/2026\/01\/Daniela-Alfinito-Wer-liebt-gewinnt-Album-300x300.jpeg 300w, https:\/\/bergers-schlagerparadies.de\/wp-content\/uploads\/2026\/01\/Daniela-Alfinito-Wer-liebt-gewinnt-Album-1021x1024.jpeg 1021w, https:\/\/bergers-schlagerparadies.de\/wp-content\/uploads\/2026\/01\/Daniela-Alfinito-Wer-liebt-gewinnt-Album-150x150.jpeg 150w, https:\/\/bergers-schlagerparadies.de\/wp-content\/uploads\/2026\/01\/Daniela-Alfinito-Wer-liebt-gewinnt-Album-768x770.jpeg 768w, https:\/\/bergers-schlagerparadies.de\/wp-content\/uploads\/2026\/01\/Daniela-Alfinito-Wer-liebt-gewinnt-Album-1197x1200.jpeg 1197w, https:\/\/bergers-schlagerparadies.de\/wp-content\/uploads\/2026\/01\/Daniela-Alfinito-Wer-liebt-gewinnt-Album-1188x1191.jpeg 1188w, https:\/\/bergers-schlagerparadies.de\/wp-content\/uploads\/2026\/01\/Daniela-Alfinito-Wer-liebt-gewinnt-Album-100x100.jpeg 100w, https:\/\/bergers-schlagerparadies.de\/wp-content\/uploads\/2026\/01\/Daniela-Alfinito-Wer-liebt-gewinnt-Album.jpeg 1200w\" sizes=\"auto, (max-width: 70px) 100vw, 70px\" \/>\u00a0 Daniela Alfinito<\/span> &#8211; Wer liebt gewinnt <span style=\"color: #800000;\"><span style=\"color: #000000;\">(<\/span>Album<span style=\"color: #000000;\">)<\/span> ( Telamo\u00a0)<\/span><\/strong><\/li>\n<li><strong><span style=\"color: #800000;\"><img loading=\"lazy\" decoding=\"async\" class=\"alignnone wp-image-40964\" src=\"https:\/\/bergers-schlagerparadies.de\/wp-content\/uploads\/2026\/01\/Die-Schornsteinfeger-Schlagerhaft-schoen-300x300.jpg\" alt=\"\" width=\"70\" height=\"70\" srcset=\"https:\/\/bergers-schlagerparadies.de\/wp-content\/uploads\/2026\/01\/Die-Schornsteinfeger-Schlagerhaft-schoen-300x300.jpg 300w, https:\/\/bergers-schlagerparadies.de\/wp-content\/uploads\/2026\/01\/Die-Schornsteinfeger-Schlagerhaft-schoen-150x150.jpg 150w, https:\/\/bergers-schlagerparadies.de\/wp-content\/uploads\/2026\/01\/Die-Schornsteinfeger-Schlagerhaft-schoen-100x100.jpg 100w, https:\/\/bergers-schlagerparadies.de\/wp-content\/uploads\/2026\/01\/Die-Schornsteinfeger-Schlagerhaft-schoen.jpg 480w\" sizes=\"auto, (max-width: 70px) 100vw, 70px\" \/>\u00a0 Die Schornsteinfeger<\/span> &#8211; Schlagerhaft sch\u00f6n (<span style=\"color: #800000;\">Album<\/span>) <span style=\"color: #800000;\">( Tyrolis )<\/span><\/strong><\/li>\n<li><strong><span style=\"color: #800000;\"><img loading=\"lazy\" decoding=\"async\" class=\"alignnone wp-image-40489\" src=\"https:\/\/bergers-schlagerparadies.de\/wp-content\/uploads\/2025\/12\/KRiSS-Alles-beginnt-mit-Dir-Album-300x300.jpeg\" alt=\"\" width=\"70\" height=\"70\" srcset=\"https:\/\/bergers-schlagerparadies.de\/wp-content\/uploads\/2025\/12\/KRiSS-Alles-beginnt-mit-Dir-Album-300x300.jpeg 300w, https:\/\/bergers-schlagerparadies.de\/wp-content\/uploads\/2025\/12\/KRiSS-Alles-beginnt-mit-Dir-Album-1024x1024.jpeg 1024w, https:\/\/bergers-schlagerparadies.de\/wp-content\/uploads\/2025\/12\/KRiSS-Alles-beginnt-mit-Dir-Album-150x150.jpeg 150w, https:\/\/bergers-schlagerparadies.de\/wp-content\/uploads\/2025\/12\/KRiSS-Alles-beginnt-mit-Dir-Album-768x768.jpeg 768w, https:\/\/bergers-schlagerparadies.de\/wp-content\/uploads\/2025\/12\/KRiSS-Alles-beginnt-mit-Dir-Album-1536x1536.jpeg 1536w, https:\/\/bergers-schlagerparadies.de\/wp-content\/uploads\/2025\/12\/KRiSS-Alles-beginnt-mit-Dir-Album-2048x2048.jpeg 2048w, https:\/\/bergers-schlagerparadies.de\/wp-content\/uploads\/2025\/12\/KRiSS-Alles-beginnt-mit-Dir-Album-1200x1200.jpeg 1200w, https:\/\/bergers-schlagerparadies.de\/wp-content\/uploads\/2025\/12\/KRiSS-Alles-beginnt-mit-Dir-Album-1188x1188.jpeg 1188w, https:\/\/bergers-schlagerparadies.de\/wp-content\/uploads\/2025\/12\/KRiSS-Alles-beginnt-mit-Dir-Album-100x100.jpeg 100w\" sizes=\"auto, (max-width: 70px) 100vw, 70px\" \/>\u00a0 KRiSS<\/span> &#8211; Alles beginnt mit Dir (<span style=\"color: #800000;\">Album<\/span>) ( <span style=\"color: #800000;\">Fiesta Records<\/span> )<\/strong><\/li>\n<li><span style=\"color: #800000;\"><strong>&#8212;&#8212;&#8212;&#8212;&#8212;&#8212;&#8212;&#8212;&#8212;&#8212;&#8212;&#8212;&#8212;&#8212;&#8212;&#8212;&#8212;&#8212;&#8212;&#8212;&#8212;&#8212;&#8212;&#8212;&#8212;&#8212;&#8212;&#8212;&#8212;-<\/strong><\/span><\/li>\n<li><strong><img loading=\"lazy\" decoding=\"async\" class=\"alignnone wp-image-40479\" src=\"https:\/\/bergers-schlagerparadies.de\/wp-content\/uploads\/2025\/12\/Anna-Maria-Zivkov-Heisse-Luft-300x300.jpeg\" alt=\"\" width=\"70\" height=\"70\" srcset=\"https:\/\/bergers-schlagerparadies.de\/wp-content\/uploads\/2025\/12\/Anna-Maria-Zivkov-Heisse-Luft-300x300.jpeg 300w, https:\/\/bergers-schlagerparadies.de\/wp-content\/uploads\/2025\/12\/Anna-Maria-Zivkov-Heisse-Luft-1024x1024.jpeg 1024w, https:\/\/bergers-schlagerparadies.de\/wp-content\/uploads\/2025\/12\/Anna-Maria-Zivkov-Heisse-Luft-150x150.jpeg 150w, https:\/\/bergers-schlagerparadies.de\/wp-content\/uploads\/2025\/12\/Anna-Maria-Zivkov-Heisse-Luft-768x768.jpeg 768w, https:\/\/bergers-schlagerparadies.de\/wp-content\/uploads\/2025\/12\/Anna-Maria-Zivkov-Heisse-Luft-1200x1200.jpeg 1200w, https:\/\/bergers-schlagerparadies.de\/wp-content\/uploads\/2025\/12\/Anna-Maria-Zivkov-Heisse-Luft-1188x1188.jpeg 1188w, https:\/\/bergers-schlagerparadies.de\/wp-content\/uploads\/2025\/12\/Anna-Maria-Zivkov-Heisse-Luft-100x100.jpeg 100w, https:\/\/bergers-schlagerparadies.de\/wp-content\/uploads\/2025\/12\/Anna-Maria-Zivkov-Heisse-Luft.jpeg 1400w\" sizes=\"auto, (max-width: 70px) 100vw, 70px\" \/>\u00a0 <span style=\"color: #800000;\">Anna-Maria Zivkov<\/span> &#8211; Hei\u00dfe Luft ( <span style=\"color: #800000;\">Telamo<\/span> )<\/strong><\/li>\n<li><strong><span style=\"color: #800000;\"><img loading=\"lazy\" decoding=\"async\" class=\"alignnone wp-image-40605\" src=\"https:\/\/bergers-schlagerparadies.de\/wp-content\/uploads\/2026\/01\/Daniela-Alfinito-Wer-liebt-gewinnt-Album-300x300.jpeg\" alt=\"\" width=\"70\" height=\"70\" srcset=\"https:\/\/bergers-schlagerparadies.de\/wp-content\/uploads\/2026\/01\/Daniela-Alfinito-Wer-liebt-gewinnt-Album-300x300.jpeg 300w, https:\/\/bergers-schlagerparadies.de\/wp-content\/uploads\/2026\/01\/Daniela-Alfinito-Wer-liebt-gewinnt-Album-1021x1024.jpeg 1021w, https:\/\/bergers-schlagerparadies.de\/wp-content\/uploads\/2026\/01\/Daniela-Alfinito-Wer-liebt-gewinnt-Album-150x150.jpeg 150w, https:\/\/bergers-schlagerparadies.de\/wp-content\/uploads\/2026\/01\/Daniela-Alfinito-Wer-liebt-gewinnt-Album-768x770.jpeg 768w, https:\/\/bergers-schlagerparadies.de\/wp-content\/uploads\/2026\/01\/Daniela-Alfinito-Wer-liebt-gewinnt-Album-1197x1200.jpeg 1197w, https:\/\/bergers-schlagerparadies.de\/wp-content\/uploads\/2026\/01\/Daniela-Alfinito-Wer-liebt-gewinnt-Album-1188x1191.jpeg 1188w, https:\/\/bergers-schlagerparadies.de\/wp-content\/uploads\/2026\/01\/Daniela-Alfinito-Wer-liebt-gewinnt-Album-100x100.jpeg 100w, https:\/\/bergers-schlagerparadies.de\/wp-content\/uploads\/2026\/01\/Daniela-Alfinito-Wer-liebt-gewinnt-Album.jpeg 1200w\" sizes=\"auto, (max-width: 70px) 100vw, 70px\" \/>\u00a0 Daniela Alfinito<\/span> &#8211; Wer liebt gewinnt<\/strong><\/li>\n<li><strong><span style=\"color: #800000;\"><img loading=\"lazy\" decoding=\"async\" class=\"alignnone wp-image-40589\" src=\"https:\/\/bergers-schlagerparadies.de\/wp-content\/uploads\/2026\/01\/DENNY-TIMMERS-\u2013-LEEF-VANDAAG-300x300.jpg\" alt=\"\" width=\"70\" height=\"70\" srcset=\"https:\/\/bergers-schlagerparadies.de\/wp-content\/uploads\/2026\/01\/DENNY-TIMMERS-\u2013-LEEF-VANDAAG-300x300.jpg 300w, https:\/\/bergers-schlagerparadies.de\/wp-content\/uploads\/2026\/01\/DENNY-TIMMERS-\u2013-LEEF-VANDAAG-1024x1024.jpg 1024w, https:\/\/bergers-schlagerparadies.de\/wp-content\/uploads\/2026\/01\/DENNY-TIMMERS-\u2013-LEEF-VANDAAG-150x150.jpg 150w, https:\/\/bergers-schlagerparadies.de\/wp-content\/uploads\/2026\/01\/DENNY-TIMMERS-\u2013-LEEF-VANDAAG-768x768.jpg 768w, https:\/\/bergers-schlagerparadies.de\/wp-content\/uploads\/2026\/01\/DENNY-TIMMERS-\u2013-LEEF-VANDAAG-1536x1536.jpg 1536w, https:\/\/bergers-schlagerparadies.de\/wp-content\/uploads\/2026\/01\/DENNY-TIMMERS-\u2013-LEEF-VANDAAG-1200x1200.jpg 1200w, https:\/\/bergers-schlagerparadies.de\/wp-content\/uploads\/2026\/01\/DENNY-TIMMERS-\u2013-LEEF-VANDAAG-1188x1188.jpg 1188w, https:\/\/bergers-schlagerparadies.de\/wp-content\/uploads\/2026\/01\/DENNY-TIMMERS-\u2013-LEEF-VANDAAG-100x100.jpg 100w, https:\/\/bergers-schlagerparadies.de\/wp-content\/uploads\/2026\/01\/DENNY-TIMMERS-\u2013-LEEF-VANDAAG.jpg 1600w\" sizes=\"auto, (max-width: 70px) 100vw, 70px\" \/>\u00a0 DENNY TIMMERS<\/span> \u2013 LEEF VANDAAG ( <span style=\"color: #800000;\">DE.A. Records<\/span>\u00a0)<\/strong><\/li>\n<li><strong><span style=\"color: #800000;\"><img loading=\"lazy\" decoding=\"async\" class=\"alignnone wp-image-40572\" src=\"https:\/\/bergers-schlagerparadies.de\/wp-content\/uploads\/2025\/12\/DJ-Oetzi-Stereoact-Country-Roads-300x300.jpeg\" alt=\"\" width=\"70\" height=\"70\" srcset=\"https:\/\/bergers-schlagerparadies.de\/wp-content\/uploads\/2025\/12\/DJ-Oetzi-Stereoact-Country-Roads-300x300.jpeg 300w, https:\/\/bergers-schlagerparadies.de\/wp-content\/uploads\/2025\/12\/DJ-Oetzi-Stereoact-Country-Roads-1024x1024.jpeg 1024w, https:\/\/bergers-schlagerparadies.de\/wp-content\/uploads\/2025\/12\/DJ-Oetzi-Stereoact-Country-Roads-150x150.jpeg 150w, https:\/\/bergers-schlagerparadies.de\/wp-content\/uploads\/2025\/12\/DJ-Oetzi-Stereoact-Country-Roads-768x768.jpeg 768w, https:\/\/bergers-schlagerparadies.de\/wp-content\/uploads\/2025\/12\/DJ-Oetzi-Stereoact-Country-Roads-1536x1536.jpeg 1536w, https:\/\/bergers-schlagerparadies.de\/wp-content\/uploads\/2025\/12\/DJ-Oetzi-Stereoact-Country-Roads-2048x2048.jpeg 2048w, https:\/\/bergers-schlagerparadies.de\/wp-content\/uploads\/2025\/12\/DJ-Oetzi-Stereoact-Country-Roads-1200x1200.jpeg 1200w, https:\/\/bergers-schlagerparadies.de\/wp-content\/uploads\/2025\/12\/DJ-Oetzi-Stereoact-Country-Roads-1188x1188.jpeg 1188w, https:\/\/bergers-schlagerparadies.de\/wp-content\/uploads\/2025\/12\/DJ-Oetzi-Stereoact-Country-Roads-100x100.jpeg 100w\" sizes=\"auto, (max-width: 70px) 100vw, 70px\" \/>\u00a0 DJ \u00d6tzi<\/span> &amp; <span style=\"color: #800000;\">Stereoact<\/span> &#8211; Country Roads ( <span style=\"color: #800000;\">Madizin Music\/Believe<\/span>\u00a0)<\/strong><\/li>\n<li><strong><img loading=\"lazy\" decoding=\"async\" class=\"alignnone wp-image-40558\" src=\"https:\/\/bergers-schlagerparadies.de\/wp-content\/uploads\/2025\/12\/Hansi-Suessenbach-Was-waere-wenn-300x300.jpeg\" alt=\"\" width=\"70\" height=\"70\" srcset=\"https:\/\/bergers-schlagerparadies.de\/wp-content\/uploads\/2025\/12\/Hansi-Suessenbach-Was-waere-wenn-300x300.jpeg 300w, https:\/\/bergers-schlagerparadies.de\/wp-content\/uploads\/2025\/12\/Hansi-Suessenbach-Was-waere-wenn-1024x1024.jpeg 1024w, https:\/\/bergers-schlagerparadies.de\/wp-content\/uploads\/2025\/12\/Hansi-Suessenbach-Was-waere-wenn-150x150.jpeg 150w, https:\/\/bergers-schlagerparadies.de\/wp-content\/uploads\/2025\/12\/Hansi-Suessenbach-Was-waere-wenn-768x768.jpeg 768w, https:\/\/bergers-schlagerparadies.de\/wp-content\/uploads\/2025\/12\/Hansi-Suessenbach-Was-waere-wenn-1200x1200.jpeg 1200w, https:\/\/bergers-schlagerparadies.de\/wp-content\/uploads\/2025\/12\/Hansi-Suessenbach-Was-waere-wenn-1188x1188.jpeg 1188w, https:\/\/bergers-schlagerparadies.de\/wp-content\/uploads\/2025\/12\/Hansi-Suessenbach-Was-waere-wenn-100x100.jpeg 100w, https:\/\/bergers-schlagerparadies.de\/wp-content\/uploads\/2025\/12\/Hansi-Suessenbach-Was-waere-wenn.jpeg 1417w\" sizes=\"auto, (max-width: 70px) 100vw, 70px\" \/>\u00a0 <span style=\"color: #800000;\">Hansi S\u00fcssenbach<\/span> &#8211; Was w\u00e4re wenn ( <span style=\"color: #800000;\">YOYORECORDS<\/span>\u00a0)<\/strong><\/li>\n<li><strong><span style=\"color: #800000;\"><img loading=\"lazy\" decoding=\"async\" class=\"alignnone wp-image-40561\" src=\"https:\/\/bergers-schlagerparadies.de\/wp-content\/uploads\/2025\/12\/Herzbube-Wolfgang-Herzilein-300x300.jpeg\" alt=\"\" width=\"70\" height=\"70\" srcset=\"https:\/\/bergers-schlagerparadies.de\/wp-content\/uploads\/2025\/12\/Herzbube-Wolfgang-Herzilein-300x300.jpeg 300w, https:\/\/bergers-schlagerparadies.de\/wp-content\/uploads\/2025\/12\/Herzbube-Wolfgang-Herzilein-1024x1024.jpeg 1024w, https:\/\/bergers-schlagerparadies.de\/wp-content\/uploads\/2025\/12\/Herzbube-Wolfgang-Herzilein-150x150.jpeg 150w, https:\/\/bergers-schlagerparadies.de\/wp-content\/uploads\/2025\/12\/Herzbube-Wolfgang-Herzilein-768x768.jpeg 768w, https:\/\/bergers-schlagerparadies.de\/wp-content\/uploads\/2025\/12\/Herzbube-Wolfgang-Herzilein-1200x1200.jpeg 1200w, https:\/\/bergers-schlagerparadies.de\/wp-content\/uploads\/2025\/12\/Herzbube-Wolfgang-Herzilein-1188x1188.jpeg 1188w, https:\/\/bergers-schlagerparadies.de\/wp-content\/uploads\/2025\/12\/Herzbube-Wolfgang-Herzilein-100x100.jpeg 100w, https:\/\/bergers-schlagerparadies.de\/wp-content\/uploads\/2025\/12\/Herzbube-Wolfgang-Herzilein.jpeg 1488w\" sizes=\"auto, (max-width: 70px) 100vw, 70px\" \/>\u00a0 Herzbube Wolfgang<\/span> &#8211; Herzilein\u00a0<\/strong><\/li>\n<li><strong><span style=\"color: #800000;\"><img loading=\"lazy\" decoding=\"async\" class=\"alignnone wp-image-40598\" src=\"https:\/\/bergers-schlagerparadies.de\/wp-content\/uploads\/2026\/01\/Gabriella-Massa-Sag-mal-traeumst-du-grad-von-ihr-300x300.jpeg\" alt=\"\" width=\"70\" height=\"70\" srcset=\"https:\/\/bergers-schlagerparadies.de\/wp-content\/uploads\/2026\/01\/Gabriella-Massa-Sag-mal-traeumst-du-grad-von-ihr-300x300.jpeg 300w, https:\/\/bergers-schlagerparadies.de\/wp-content\/uploads\/2026\/01\/Gabriella-Massa-Sag-mal-traeumst-du-grad-von-ihr-1024x1024.jpeg 1024w, https:\/\/bergers-schlagerparadies.de\/wp-content\/uploads\/2026\/01\/Gabriella-Massa-Sag-mal-traeumst-du-grad-von-ihr-150x150.jpeg 150w, https:\/\/bergers-schlagerparadies.de\/wp-content\/uploads\/2026\/01\/Gabriella-Massa-Sag-mal-traeumst-du-grad-von-ihr-768x769.jpeg 768w, https:\/\/bergers-schlagerparadies.de\/wp-content\/uploads\/2026\/01\/Gabriella-Massa-Sag-mal-traeumst-du-grad-von-ihr-1188x1189.jpeg 1188w, https:\/\/bergers-schlagerparadies.de\/wp-content\/uploads\/2026\/01\/Gabriella-Massa-Sag-mal-traeumst-du-grad-von-ihr-100x100.jpeg 100w, https:\/\/bergers-schlagerparadies.de\/wp-content\/uploads\/2026\/01\/Gabriella-Massa-Sag-mal-traeumst-du-grad-von-ihr.jpeg 1200w\" sizes=\"auto, (max-width: 70px) 100vw, 70px\" \/>\u00a0 Gabriella Massa<\/span> &#8211; Sag mal tr\u00e4umst du grad von ihr ( <span style=\"color: #800000;\">Massa Musica Records<\/span>\u00a0)<\/strong><\/li>\n<li><strong><span style=\"color: #800000;\"><img loading=\"lazy\" decoding=\"async\" class=\"alignnone wp-image-40581\" src=\"https:\/\/bergers-schlagerparadies.de\/wp-content\/uploads\/2026\/01\/Mel-en-Den-Trots-op-jou-300x300.jpg\" alt=\"\" width=\"70\" height=\"70\" srcset=\"https:\/\/bergers-schlagerparadies.de\/wp-content\/uploads\/2026\/01\/Mel-en-Den-Trots-op-jou-300x300.jpg 300w, https:\/\/bergers-schlagerparadies.de\/wp-content\/uploads\/2026\/01\/Mel-en-Den-Trots-op-jou-1024x1024.jpg 1024w, https:\/\/bergers-schlagerparadies.de\/wp-content\/uploads\/2026\/01\/Mel-en-Den-Trots-op-jou-150x150.jpg 150w, https:\/\/bergers-schlagerparadies.de\/wp-content\/uploads\/2026\/01\/Mel-en-Den-Trots-op-jou-768x768.jpg 768w, https:\/\/bergers-schlagerparadies.de\/wp-content\/uploads\/2026\/01\/Mel-en-Den-Trots-op-jou-1536x1536.jpg 1536w, https:\/\/bergers-schlagerparadies.de\/wp-content\/uploads\/2026\/01\/Mel-en-Den-Trots-op-jou-1200x1200.jpg 1200w, https:\/\/bergers-schlagerparadies.de\/wp-content\/uploads\/2026\/01\/Mel-en-Den-Trots-op-jou-1188x1188.jpg 1188w, https:\/\/bergers-schlagerparadies.de\/wp-content\/uploads\/2026\/01\/Mel-en-Den-Trots-op-jou-100x100.jpg 100w, https:\/\/bergers-schlagerparadies.de\/wp-content\/uploads\/2026\/01\/Mel-en-Den-Trots-op-jou.jpg 1600w\" sizes=\"auto, (max-width: 70px) 100vw, 70px\" \/>\u00a0 Mel en Den<\/span> &#8211; Trots op jou<\/strong><\/li>\n<li><strong><img loading=\"lazy\" decoding=\"async\" class=\"alignnone wp-image-40611\" src=\"https:\/\/bergers-schlagerparadies.de\/wp-content\/uploads\/2026\/01\/Norman-Langen-Satellit-300x300.jpeg\" alt=\"\" width=\"70\" height=\"70\" srcset=\"https:\/\/bergers-schlagerparadies.de\/wp-content\/uploads\/2026\/01\/Norman-Langen-Satellit-300x300.jpeg 300w, https:\/\/bergers-schlagerparadies.de\/wp-content\/uploads\/2026\/01\/Norman-Langen-Satellit-1024x1024.jpeg 1024w, https:\/\/bergers-schlagerparadies.de\/wp-content\/uploads\/2026\/01\/Norman-Langen-Satellit-150x150.jpeg 150w, https:\/\/bergers-schlagerparadies.de\/wp-content\/uploads\/2026\/01\/Norman-Langen-Satellit-768x768.jpeg 768w, https:\/\/bergers-schlagerparadies.de\/wp-content\/uploads\/2026\/01\/Norman-Langen-Satellit-1536x1536.jpeg 1536w, https:\/\/bergers-schlagerparadies.de\/wp-content\/uploads\/2026\/01\/Norman-Langen-Satellit-2048x2048.jpeg 2048w, https:\/\/bergers-schlagerparadies.de\/wp-content\/uploads\/2026\/01\/Norman-Langen-Satellit-1200x1200.jpeg 1200w, https:\/\/bergers-schlagerparadies.de\/wp-content\/uploads\/2026\/01\/Norman-Langen-Satellit-1188x1188.jpeg 1188w, https:\/\/bergers-schlagerparadies.de\/wp-content\/uploads\/2026\/01\/Norman-Langen-Satellit-100x100.jpeg 100w\" sizes=\"auto, (max-width: 70px) 100vw, 70px\" \/>\u00a0 <span style=\"color: #800000;\">Norman Langen<\/span> &#8211; Satellit ( <span style=\"color: #800000;\">Lucile Music Group<\/span>\u00a0)<\/strong><\/li>\n<li><strong><span style=\"color: #800000;\"><img loading=\"lazy\" decoding=\"async\" class=\"alignnone wp-image-40576\" src=\"https:\/\/bergers-schlagerparadies.de\/wp-content\/uploads\/2026\/01\/Noud-Noutze-Alles-In-Huis-300x300.jpg\" alt=\"\" width=\"70\" height=\"70\" srcset=\"https:\/\/bergers-schlagerparadies.de\/wp-content\/uploads\/2026\/01\/Noud-Noutze-Alles-In-Huis-300x300.jpg 300w, https:\/\/bergers-schlagerparadies.de\/wp-content\/uploads\/2026\/01\/Noud-Noutze-Alles-In-Huis-1024x1024.jpg 1024w, https:\/\/bergers-schlagerparadies.de\/wp-content\/uploads\/2026\/01\/Noud-Noutze-Alles-In-Huis-150x150.jpg 150w, https:\/\/bergers-schlagerparadies.de\/wp-content\/uploads\/2026\/01\/Noud-Noutze-Alles-In-Huis-768x768.jpg 768w, https:\/\/bergers-schlagerparadies.de\/wp-content\/uploads\/2026\/01\/Noud-Noutze-Alles-In-Huis-1536x1536.jpg 1536w, https:\/\/bergers-schlagerparadies.de\/wp-content\/uploads\/2026\/01\/Noud-Noutze-Alles-In-Huis-1200x1200.jpg 1200w, https:\/\/bergers-schlagerparadies.de\/wp-content\/uploads\/2026\/01\/Noud-Noutze-Alles-In-Huis-1188x1188.jpg 1188w, https:\/\/bergers-schlagerparadies.de\/wp-content\/uploads\/2026\/01\/Noud-Noutze-Alles-In-Huis-100x100.jpg 100w, https:\/\/bergers-schlagerparadies.de\/wp-content\/uploads\/2026\/01\/Noud-Noutze-Alles-In-Huis.jpg 2048w\" sizes=\"auto, (max-width: 70px) 100vw, 70px\" \/>\u00a0 Noud Noutze<\/span> &#8211; Alles In Huis ( <span style=\"color: #800000;\"><span class=\"html-span xdj266r x14z9mp xat24cr x1lziwak xexx8yu xyri2b x18d9i69 x1c1uobl x1hl2dhg x16tdsg8 x1vvkbs\"><span class=\"xt0psk2\"><span class=\"xjp7ctv\">NRGY Music<\/span><\/span><\/span><\/span>\u00a0)<\/strong><\/li>\n<li><strong><span style=\"color: #800000;\"><img loading=\"lazy\" decoding=\"async\" class=\"alignnone wp-image-40568\" src=\"https:\/\/bergers-schlagerparadies.de\/wp-content\/uploads\/2025\/12\/Schlagerplatte-Matthias-Koester-Ob-wir-zusammen-sind-oder-nicht-298x300.jpg\" alt=\"\" width=\"70\" height=\"70\" srcset=\"https:\/\/bergers-schlagerparadies.de\/wp-content\/uploads\/2025\/12\/Schlagerplatte-Matthias-Koester-Ob-wir-zusammen-sind-oder-nicht-298x300.jpg 298w, https:\/\/bergers-schlagerparadies.de\/wp-content\/uploads\/2025\/12\/Schlagerplatte-Matthias-Koester-Ob-wir-zusammen-sind-oder-nicht-150x150.jpg 150w, https:\/\/bergers-schlagerparadies.de\/wp-content\/uploads\/2025\/12\/Schlagerplatte-Matthias-Koester-Ob-wir-zusammen-sind-oder-nicht-100x100.jpg 100w, https:\/\/bergers-schlagerparadies.de\/wp-content\/uploads\/2025\/12\/Schlagerplatte-Matthias-Koester-Ob-wir-zusammen-sind-oder-nicht.jpg 715w\" sizes=\"auto, (max-width: 70px) 100vw, 70px\" \/>\u00a0 Schlagerplatte<\/span> (<span style=\"color: #800000;\">Matthias K\u00f6ster<\/span>) &#8211; Ob wir zusammen sind oder nicht <\/strong><strong>( <span style=\"color: #800000;\">Schlagerperle Records<\/span>\u00a0)<\/strong><\/li>\n<li><strong><span style=\"color: #800000;\"><img loading=\"lazy\" decoding=\"async\" class=\"alignnone wp-image-40585\" src=\"https:\/\/bergers-schlagerparadies.de\/wp-content\/uploads\/2026\/01\/William-Koren-\u2013-Als-je-mijn-hart-kon-voelen-300x300.jpg\" alt=\"\" width=\"70\" height=\"70\" srcset=\"https:\/\/bergers-schlagerparadies.de\/wp-content\/uploads\/2026\/01\/William-Koren-\u2013-Als-je-mijn-hart-kon-voelen-300x300.jpg 300w, https:\/\/bergers-schlagerparadies.de\/wp-content\/uploads\/2026\/01\/William-Koren-\u2013-Als-je-mijn-hart-kon-voelen-150x150.jpg 150w, https:\/\/bergers-schlagerparadies.de\/wp-content\/uploads\/2026\/01\/William-Koren-\u2013-Als-je-mijn-hart-kon-voelen-100x100.jpg 100w, https:\/\/bergers-schlagerparadies.de\/wp-content\/uploads\/2026\/01\/William-Koren-\u2013-Als-je-mijn-hart-kon-voelen.jpg 526w\" sizes=\"auto, (max-width: 70px) 100vw, 70px\" \/>\u00a0 William Koren<\/span> \u2013 Als je mijn hart kon voelen ( <span style=\"color: #800000;\">Sonic Solutions<\/span>\u00a0)<\/strong><\/li>\n<\/ul>\n","protected":false},"excerpt":{"rendered":"<p>Neuvorstellungen in dieser Woche: mit V\u00d6: 20. November 2026 &#8211; 47KW \u00a0 DJ GerreG \u2013 Weihnachtszeit, oh Weihnachtszeit ( G-MusiQ Records\u00a0) Neuvorstellungen in dieser Woche: mit V\u00d6: 19. Juni 2026 &#8211; 25KW \u00a0 DJ GerreG \u2013 Sundown in Paradise ( G-MusiQ Records\u00a0) Neuvorstellungen in dieser Woche: mit V\u00d6: 05. Juni 2026 &#8211; 23KW \u00a0 DJ GerreG \u2013 Stumblin\u2019 In (Summer Night Mix) ( G-MusiQ Records\u00a0) Neuvorstellungen in dieser Woche: mit V\u00d6: 22. Mai 2026 &#8211; 21KW \u00a0 BERNY &amp; Pablo Grande &#8211; Buenos dias Argentina ( Stella Musica\u00a0) Neuvorstellungen in dieser Woche: mit V\u00d6: 15. Mai 2026 &#8211; 20KW \u00a0 DJ GerreG \u2013 Dance, Baby,&#8230;<\/p>\n","protected":false},"author":1,"featured_media":0,"parent":0,"menu_order":0,"comment_status":"closed","ping_status":"closed","template":"","meta":{"footnotes":""},"class_list":["post-40245","page","type-page","status-publish","hentry"],"_links":{"self":[{"href":"https:\/\/bergers-schlagerparadies.de\/index.php?rest_route=\/wp\/v2\/pages\/40245","targetHints":{"allow":["GET"]}}],"collection":[{"href":"https:\/\/bergers-schlagerparadies.de\/index.php?rest_route=\/wp\/v2\/pages"}],"about":[{"href":"https:\/\/bergers-schlagerparadies.de\/index.php?rest_route=\/wp\/v2\/types\/page"}],"author":[{"embeddable":true,"href":"https:\/\/bergers-schlagerparadies.de\/index.php?rest_route=\/wp\/v2\/users\/1"}],"replies":[{"embeddable":true,"href":"https:\/\/bergers-schlagerparadies.de\/index.php?rest_route=%2Fwp%2Fv2%2Fcomments&post=40245"}],"version-history":[{"count":10,"href":"https:\/\/bergers-schlagerparadies.de\/index.php?rest_route=\/wp\/v2\/pages\/40245\/revisions"}],"predecessor-version":[{"id":43387,"href":"https:\/\/bergers-schlagerparadies.de\/index.php?rest_route=\/wp\/v2\/pages\/40245\/revisions\/43387"}],"wp:attachment":[{"href":"https:\/\/bergers-schlagerparadies.de\/index.php?rest_route=%2Fwp%2Fv2%2Fmedia&parent=40245"}],"curies":[{"name":"wp","href":"https:\/\/api.w.org\/{rel}","templated":true}]}}